{"id":6973,"date":"2024-01-17T03:01:18","date_gmt":"2024-01-17T02:01:18","guid":{"rendered":"https:\/\/avgs-gutschein.de\/nasze-biura-avgs\/lueneburg\/"},"modified":"2025-10-08T09:40:51","modified_gmt":"2025-10-08T07:40:51","slug":"lueneburg","status":"publish","type":"page","link":"https:\/\/avgs-gutschein.de\/pl\/nasze-biura-avgs\/lueneburg\/","title":{"rendered":"L\u00fcneburg"},"content":{"rendered":"<p>[et_pb_section fb_built=&#8221;1&#8243; _builder_version=&#8221;4.23.4&#8243; _module_preset=&#8221;default&#8221; use_background_color_gradient=&#8221;on&#8221; background_color_gradient_stops=&#8221;rgba(255,255,255,0) 0%|rgba(255,255,255,0.71) 50%&#8221; background_color_gradient_overlays_image=&#8221;on&#8221; background_image=&#8221;https:\/\/avgs-gutschein.de\/wp-content\/uploads\/2024\/01\/Header_lueneburg.webp&#8221; custom_padding=&#8221;18vw||13.5vw||false|false&#8221; global_colors_info=&#8221;{}&#8221; background__hover_enabled=&#8221;off|desktop&#8221;][et_pb_row _builder_version=&#8221;4.23.1&#8243; _module_preset=&#8221;default&#8221; global_colors_info=&#8221;{}&#8221;][et_pb_column type=&#8221;4_4&#8243; _builder_version=&#8221;4.23.1&#8243; _module_preset=&#8221;default&#8221; global_colors_info=&#8221;{}&#8221;][et_pb_text module_class=&#8221;avgs-font &#8221; _builder_version=&#8221;4.27.2&#8243; _module_preset=&#8221;default&#8221; text_font_size=&#8221;50px&#8221; header_font=&#8221;|800|||||||&#8221; header_text_align=&#8221;center&#8221; header_font_size=&#8221;45px&#8221; global_colors_info=&#8221;{}&#8221;]<\/p>\n<h1 class=\"gray-font\">Nasz zesp\u00f3\u0142 trenerski A<span class=\"red-font\">V<\/span>GS w <span class=\"red-font\"> L\u00fcneburg<br \/>\n<\/span><\/h1>\n<p>[\/et_pb_text][et_pb_button button_url=&#8221;\/unsere-coaches&#8221; button_text=&#8221; Finden Sie Ihren AVGS-Coach&#8221; button_alignment=&#8221;center&#8221; disabled_on=&#8221;on|on|on&#8221; _builder_version=&#8221;4.24.0&#8243; _module_preset=&#8221;default&#8221; custom_button=&#8221;on&#8221; button_text_color=&#8221;#FFFFFF&#8221; button_bg_color=&#8221;#cf222a&#8221; button_border_width=&#8221;0px&#8221; disabled=&#8221;on&#8221; global_colors_info=&#8221;{}&#8221;][\/et_pb_button][\/et_pb_column][\/et_pb_row][\/et_pb_section][et_pb_section fb_built=&#8221;1&#8243; _builder_version=&#8221;4.23.1&#8243; _module_preset=&#8221;default&#8221; global_colors_info=&#8221;{}&#8221;][et_pb_row _builder_version=&#8221;4.23.1&#8243; _module_preset=&#8221;default&#8221; global_colors_info=&#8221;{}&#8221;][et_pb_column type=&#8221;4_4&#8243; _builder_version=&#8221;4.23.1&#8243; _module_preset=&#8221;default&#8221; global_colors_info=&#8221;{}&#8221;][et_pb_text _builder_version=&#8221;4.27.2&#8243; _module_preset=&#8221;default&#8221; text_font_size=&#8221;30px&#8221; header_2_font=&#8221;|600|||||||&#8221; header_2_text_align=&#8221;center&#8221; header_2_text_color=&#8221;#555555&#8243; header_2_font_size=&#8221;30px&#8221; header_2_line_height=&#8221;1.54em&#8221; global_colors_info=&#8221;{}&#8221;]<\/p>\n<h2>Wykwalifikowany zesp\u00f3\u0142 na rzecz Twojej zmiany kariery lub za\u0142o\u017cenia firmy<\/h2>\n<p>[\/et_pb_text][et_pb_text module_class=&#8221;normal-p&#8221; _builder_version=&#8221;4.27.2&#8243; _module_preset=&#8221;default&#8221; global_colors_info=&#8221;{}&#8221;]W L\u00fcneburgu zesp\u00f3\u0142 AVGS Vouchery zaprasza do naszych biur przy Wichernstrasse 34b. W jasnych pomieszczeniach z widokiem na las nasi do\u015bwiadczeni trenerzy z L\u00fcneburga ch\u0119tnie udziel\u0105 Ci porad na temat Twoich kolejnych krok\u00f3w zawodowych.<\/p>\n<p>W L\u00fcneburgu oferujemy zar\u00f3wno nasze doradztwo zawodowe w zakresie reorientacji zawodowej (Job Challenge 5.0), jak i porady dotycz\u0105ce zak\u0142adania dzia\u0142alno\u015bci gospodarczej. We wszystkich sesjach coachingowych mo\u017cesz uczestniczy\u0107 osobi\u015bcie na Wichernstrasse, online lub w trybie hybrydowym.<\/p>\n<p>Wybierz odpowiedniego trenera do swojego projektu z naszego du\u017cego zespo\u0142u z L\u00fcneburga i um\u00f3w si\u0119 na bezp\u0142atn\u0105 wst\u0119pn\u0105 konsultacj\u0119.<\/p>\n<p>Od wielu lat \u015bci\u015ble wsp\u00f3\u0142pracujemy z agencj\u0105 pracy w L\u00fcneburgu i centrami pracy w L\u00fcneburgu i oferujemy naszym klientom z L\u00fcneburga i okolicznych powiat\u00f3w i gmin (w tym Uelzen, powiat Harburg, Heidekreis itp.) wszystkie coachingi s\u0105 w 100% finansowane przez AVGS.<\/p>\n<p>Zesp\u00f3\u0142 L\u00fcneburg AVGS Vouchery nie mo\u017ce si\u0119 doczeka\u0107, aby Ci\u0119 pozna\u0107.[\/et_pb_text][et_pb_code _builder_version=&#8221;4.27.4&#8243; _module_preset=&#8221;default&#8221; hover_enabled=&#8221;0&#8243; global_colors_info=&#8221;{}&#8221; sticky_enabled=&#8221;0&#8243;]<\/p>\n<div class=\"card-list-container two-columns-2\"><!-- [et_pb_line_break_holder] -->   <!-- Claudia Assmuth --><!-- [et_pb_line_break_holder] -->     <\/p>\n<div class=\"card-list produkt-jobcoaching<!-- [et_pb_line_break_holder] -->     produkt-gruendungsberatung<!-- [et_pb_line_break_holder] -->     sprache-deutsch<!-- [et_pb_line_break_holder] -->     standort-lueneburg<!-- [et_pb_line_break_holder] -->     standort-online <!-- [et_pb_line_break_holder] -->     themenschwerpunkte-bewerbungstraining<!-- [et_pb_line_break_holder] -->themenschwerpunkte-stellenrecherche<!-- [et_pb_line_break_holder] -->themenschwerpunkte-berufsorientierung<!-- [et_pb_line_break_holder] -->themenschwerpunkte-vorstellungsgespraeche<!-- [et_pb_line_break_holder] -->themenschwerpunkte-persoenliche-positionierung<!-- [et_pb_line_break_holder] -->themenschwerpunkte-businessplanerstellung<!-- [et_pb_line_break_holder] -->themenschwerpunkte-strategie<!-- [et_pb_line_break_holder] -->themenschwerpunkte-finanzplanung<!-- [et_pb_line_break_holder] -->themenschwerpunkte-digitales-marketing<!-- [et_pb_line_break_holder] -->branchenschwerpunkte-beratung<!-- [et_pb_line_break_holder] -->branchenschwerpunkte-dienstleistungen&#8221;><!-- [et_pb_line_break_holder] -->         <\/p>\n<div class=\"card-front\"><!-- [et_pb_line_break_holder] -->             <\/p>\n<div class=\"cntnt\"><!-- [et_pb_line_break_holder] -->                 <img decoding=\"async\" src=\"\/wp-content\/uploads\/2024\/01\/ClaudiaAssmuth-2-_Ausschnitt-2.webp\"><!-- [et_pb_line_break_holder] -->                 <\/p>\n<div class=\"coach-card\"><!-- [et_pb_line_break_holder] -->                     <\/p>\n<h2>Claudia Assmuth<\/h2>\n<p><!-- [et_pb_line_break_holder] -->                     <\/p>\n<div class=\"coach-desc\"><!-- [et_pb_line_break_holder] -->                         <\/p>\n<div class=\"standort\"><b>Biuro:<\/b> Obecno\u015b\u0107 w: L\u00fcneburgu, online w ca\u0142ych Niemczech<\/div>\n<p><!-- [et_pb_line_break_holder] -->                         <\/p>\n<hr>\n<p><!-- [et_pb_line_break_holder] -->                         <\/p>\n<div class=\"specialty\"><b>Produkt:<\/b> Coaching pracy, doradztwo na start<\/div>\n<p><!-- [et_pb_line_break_holder] -->                         <\/p>\n<hr>\n<p><!-- [et_pb_line_break_holder] -->                         <\/p>\n<div class=\"lang\"><b>J\u0119zyk(i) coachingu: <\/b><\/div>\n<p><!-- [et_pb_line_break_holder] -->                         <\/p>\n<hr>\n<p><!-- [et_pb_line_break_holder] -->                     <\/div>\n<p><!-- [et_pb_line_break_holder] -->                     <\/p>\n<div class=\"coach-btn\"><!-- [et_pb_line_break_holder] -->                         <\/p>\n<div class=\"link-btn\">Pozna\u0107<\/div>\n<p><!-- [et_pb_line_break_holder] -->                     <\/div>\n<p><!-- [et_pb_line_break_holder] -->                 <\/div>\n<p><!-- [et_pb_line_break_holder] -->             <\/div>\n<p><!-- [et_pb_line_break_holder] -->         <\/div>\n<p><!-- [et_pb_line_break_holder] -->         <\/p>\n<div class=\"card-back\" onclick=\"location.href='\/pl\/nasi-trenerzy\/claudia-assmuth\/'\"><!-- [et_pb_line_break_holder] -->             <\/p>\n<div class=\"cntnt\"><!-- [et_pb_line_break_holder] -->                 <\/p>\n<div><!-- [et_pb_line_break_holder] -->                 <\/div>\n<p><!-- [et_pb_line_break_holder] -->                 <\/p>\n<ol><!-- [et_pb_line_break_holder] -->                   <\/p>\n<li><span class=\"ques\"><pee>Co kwalifikuje Ci\u0119 jako coacha\/trenera?   <\/span><!\u2013- [et_pb_br_holder] -\u2013><pee>Jako coach systemowy (SG) od kilku lat towarzysz\u0119 ludziom na ich \u015bcie\u017ckach osobistych i zawodowych. Wykorzystuj\u0119 bogactwo r\u00f3\u017cnorodnych interwencji i metod, a tak\u017ce czerpi\u0119 z do\u015bwiadcze\u0144 w nauczaniu uwa\u017cno\u015bci i komunikacji bez przemocy. Spotykam ludzi na poziomie oczu i postrzegam siebie jako osob\u0119 wspieraj\u0105c\u0105, partnera do rozm\u00f3w, osob\u0119 podnosz\u0105c\u0105 \u015bwiadomo\u015b\u0107 i zach\u0119caj\u0105c\u0105 do \u017cycia i rozwijania w\u0142asnego potencja\u0142u. Wa\u017cna jest dla mnie perspektywa holistyczna, zorientowana na rozwi\u0105zania i zasoby.<!-- [et_pb_line_break_holder] -->                   <\/pee><pee>Dzi\u0119ki zajmowanym stanowiskom za\u0142o\u017cyciela, profesjonalnego trenera i ekonomisty biznesu wnosz\u0119 ze sob\u0105 tak\u017ce eksperck\u0105 wiedz\u0119 na temat pomys\u0142\u00f3w na start-upy oraz proces\u00f3w aplikacyjnych i rekrutacyjnych.<!-- [et_pb_line_break_holder] -->                <\/pee><!-- [et_pb_line_break_holder] -->                     <pee>Z opinii moich coach\u00f3w wynika, \u017ce \u200b\u200btym, co mnie szczeg\u00f3lnie wyr\u00f3\u017cnia, jest zorganizowane podej\u015bcie, wsp\u00f3lny \u015bmiech i zaanga\u017cowanie, kt\u00f3rych wymagam i kt\u00f3re wnosz\u0119 do wsp\u00f3lnej pracy.<\/pee><!-- [et_pb_line_break_holder] -->                     <\/li>\n<p><!-- [et_pb_line_break_holder] -->                   <\/p>\n<li><span class=\"ques\">Co daje Ci najwi\u0119ksz\u0105 satysfakcj\u0119 w Twojej pracy?&#8230;<\/span><!\u2013- [et_pb_br_holder] -\u2013><\/li>\n<p><!-- [et_pb_line_break_holder] --> <!-- [et_pb_line_break_holder] -->                 <\/ol>\n<p><!-- [et_pb_line_break_holder] -->                <!-- \n\n<div>Mehr erfahren<\/div>\n\n--><!-- [et_pb_line_break_holder] -->                 <\/p>\n<div class=\"primary-color\"><\/div>\n<p><!-- [et_pb_line_break_holder] -->                 <\/p>\n<div class=\"bottom-footer\"><!-- [et_pb_line_break_holder] -->                     <\/p>\n<div class=\"bottom-footer-container\"><!-- [et_pb_line_break_holder] -->                         <\/p>\n<div class=\"_col\"><!-- [et_pb_line_break_holder] -->                             <a href=\"https:\/\/avgs-gutschein.de\/pl\/nasi-trenerzy\/claudia-assmuth\/\"> <span class=\"button\">Do profilu<\/span><\/a><!-- [et_pb_line_break_holder] -->                         <\/div>\n<p><!-- [et_pb_line_break_holder] -->                     <\/div>\n<p><!-- [et_pb_line_break_holder] -->                 <\/div>\n<p><!-- [et_pb_line_break_holder] -->             <\/div>\n<p><!-- [et_pb_line_break_holder] -->         <\/div>\n<p><!-- [et_pb_line_break_holder] -->     <\/div>\n<p><!-- [et_pb_line_break_holder] -->   <!-- Brecht--><!-- [et_pb_line_break_holder] -->       <\/p>\n<div class=\"card-list item produkt-jobcoaching sprache-deutsch standort-online standort-lueneburg standort-hamburg<!-- [et_pb_line_break_holder] -->       themenschwerpunkte-bewerbungstraining<!-- [et_pb_line_break_holder] -->themenschwerpunkte-stellenrecherche<!-- [et_pb_line_break_holder] -->themenschwerpunkte-berufsorientierung<!-- [et_pb_line_break_holder] -->themenschwerpunkte-vorstellungsgespraeche<!-- [et_pb_line_break_holder] -->themenschwerpunkte-persoenliche-positionierung<!-- [et_pb_line_break_holder] -->branchenschwerpunkte-beratung<!-- [et_pb_line_break_holder] -->branchenschwerpunkte-dienstleistungen<!-- [et_pb_line_break_holder] -->branchenschwerpunkte-event<!-- [et_pb_line_break_holder] -->branchenschwerpunkte-pflege<!-- [et_pb_line_break_holder] -->branchenschwerpunkte-design<!-- [et_pb_line_break_holder] -->branchenschwerpunkte-kultur<!-- [et_pb_line_break_holder] -->branchenschwerpunkte-kommunikation<!-- [et_pb_line_break_holder] -->branchenschwerpunkte-ngos<!-- [et_pb_line_break_holder] -->branchenschwerpunkte-fitness&#8221;><!-- [et_pb_line_break_holder] -->        <\/p>\n<div class=\"card-front\"><!-- [et_pb_line_break_holder] -->            <\/p>\n<div class=\"cntnt\"><!-- [et_pb_line_break_holder] -->                <img decoding=\"async\" src=\"\/wp-content\/uploads\/2023\/12\/Alexandra_Brecht_profile_img.webp\"><!-- [et_pb_line_break_holder] -->                <\/p>\n<div class=\"coach-card\"><!-- [et_pb_line_break_holder] -->                    <\/p>\n<h2>Alexandra Brecht<\/h2>\n<p><!-- [et_pb_line_break_holder] -->                    <\/p>\n<div class=\"coach-desc\"><!-- [et_pb_line_break_holder] -->                        <\/p>\n<div class=\"standort\"><b>Biuro:<\/b> Obecno\u015b\u0107 w: L\u00fcneburgu i Hamburgu, online w ca\u0142ych Niemczech<\/div>\n<p><!-- [et_pb_line_break_holder] -->                        <\/p>\n<hr>\n<p><!-- [et_pb_line_break_holder] -->                        <\/p>\n<div class=\"specialty\"><b>Produkt:<\/b> Coaching pracy<\/div>\n<p><!-- [et_pb_line_break_holder] -->                        <\/p>\n<hr>\n<p><!-- [et_pb_line_break_holder] -->                        <\/p>\n<div class=\"lang\"><b>J\u0119zyk(i) coachingu: <\/b>niemiecki<\/div>\n<p><!-- [et_pb_line_break_holder] -->                        <\/p>\n<hr>\n<p><!-- [et_pb_line_break_holder] -->                    <\/div>\n<p><!-- [et_pb_line_break_holder] -->                    <\/p>\n<div class=\"coach-btn\"><!-- [et_pb_line_break_holder] -->                        <\/p>\n<div class=\"link-btn\">Pozna\u0107<\/div>\n<p><!-- [et_pb_line_break_holder] -->                    <\/div>\n<p><!-- [et_pb_line_break_holder] -->                <\/div>\n<p><!-- [et_pb_line_break_holder] -->            <\/div>\n<p><!-- [et_pb_line_break_holder] -->        <\/div>\n<p><!-- [et_pb_line_break_holder] -->        <\/p>\n<div class=\"card-back\" onclick=\"location.href='\/pl\/nasi-trenerzy\/alexandra-brecht\/'\"><!-- [et_pb_line_break_holder] -->            <\/p>\n<div class=\"cntnt\"><!-- [et_pb_line_break_holder] -->                <\/p>\n<div><!-- [et_pb_line_break_holder] -->                <\/div>\n<p><!-- [et_pb_line_break_holder] -->                <\/p>\n<ol><!-- [et_pb_line_break_holder] -->                  <\/p>\n<li><span class=\"ques\">Co kwalifikuje Ci\u0119 jako coacha\/trenera? <\/span><!\u2013- [et_pb_br_holder] -\u2013><pee>Wola\u0142abym powiedzie\u0107: moje do\u015bwiadczenie zawodowe i \u017cyciowe, du\u017ce zainteresowanie lud\u017ami i bardzo dobre wyczucie ich potrzeb i potencja\u0142u. Oczywi\u015bcie posiadam r\u00f3wnie\u017c solidne szkolenie coachingowe i r\u00f3\u017cne dodatkowe kwalifikacje, kt\u00f3re r\u00f3wnie\u017c okazuj\u0105 si\u0119 przydatne w coachingu pracy. Obejmuje to wiedz\u0119 na temat projektowania \u017cycia zawodowego i prywatnego, trening mentalny i poczucie w\u0142asnej warto\u015bci, a tak\u017ce umiej\u0119tno\u015bci psychoterapeutyczne. Od 2014 roku pracuj\u0119 jako coach we w\u0142asnej praktyce, mam do\u015bwiadczenie w Biurze Karier na Uniwersytecie Leuphana w L\u00fcneburgu, a tak\u017ce du\u017co pracowa\u0142am z m\u0142odymi lud\u017ami. Niezale\u017cnie od wieku moich klient\u00f3w, szybko potrafi\u0119 wyobrazi\u0107 sobie siebie w r\u00f3\u017cnorodnych scenariuszach i rozpozna\u0107, co wyr\u00f3\u017cnia moich coach\u00f3w, co jest potrzebne, w czym maj\u0105 pasj\u0119 \u2013 mam tu na my\u015bli zar\u00f3wno konkretne wyzwania, jak i ich pasje zawodowe. Jako kulturoznawca i ekonomista w\u0119druj\u0119 mi\u0119dzy \u015bwiatami i w zale\u017cno\u015bci od potrzeb mog\u0119 by\u0107 tw\u00f3rczym \u017ar\u00f3d\u0142em pomys\u0142\u00f3w lub kobiet\u0105 o bardzo jasnym spojrzeniu na fakty i strategie. Zawsze skupiamy si\u0119 na kliencie i jego wyj\u0105tkowo\u015bci.<\/pee><!-- [et_pb_line_break_holder] -->                    <\/li>\n<p><!-- [et_pb_line_break_holder] -->                  <\/p>\n<li><span class=\"ques\">Co m\u00f3wi\u0105 o Tobie Twoi klienci?&#8230;<\/span><!\u2013- [et_pb_br_holder] -\u2013><\/li>\n<p><!-- [et_pb_line_break_holder] -->                <\/ol>\n<p><!-- [et_pb_line_break_holder] -->               <!-- \n\n<div>Mehr erfahren<\/div>\n\n--><!-- [et_pb_line_break_holder] -->                <\/p>\n<div class=\"primary-color\"><\/div>\n<p><!-- [et_pb_line_break_holder] -->                <\/p>\n<div class=\"bottom-footer\"><!-- [et_pb_line_break_holder] -->                    <\/p>\n<div class=\"bottom-footer-container\"><!-- [et_pb_line_break_holder] -->                        <\/p>\n<div class=\"_col\"><!-- [et_pb_line_break_holder] -->                            <a href=\"https:\/\/avgs-gutschein.de\/pl\/nasi-trenerzy\/alexandra-brecht\/\"> <span class=\"button\">Do profilu<\/span><\/a><!-- [et_pb_line_break_holder] -->                        <\/div>\n<p><!-- [et_pb_line_break_holder] -->                    <\/div>\n<p><!-- [et_pb_line_break_holder] -->                <\/div>\n<p><!-- [et_pb_line_break_holder] -->            <\/div>\n<p><!-- [et_pb_line_break_holder] -->        <\/div>\n<p><!-- [et_pb_line_break_holder] -->    <\/div>\n<p><!-- [et_pb_line_break_holder] -->     <!-- Brodersen--><!-- [et_pb_line_break_holder] -->    <\/p>\n<div class=\"card-list item produkt-jobcoaching<!-- [et_pb_line_break_holder] -->    produkt-gruendungsberatung sprache-deutsch standort-online standort-lueneburg standort-koblenz themenschwerpunkte-bewerbungstraining<!-- [et_pb_line_break_holder] -->    themenschwerpunkte-berufsorientierung<!-- [et_pb_line_break_holder] -->    themenschwerpunkte-vorstellungsgespraeche<!-- [et_pb_line_break_holder] -->    themenschwerpunkte-businessplanerstellung<!-- [et_pb_line_break_holder] -->    branchenschwerpunkte-beratung<!-- [et_pb_line_break_holder] -->    branchenschwerpunkte-dienstleistungen<!-- [et_pb_line_break_holder] -->    branchenschwerpunkte-event<!-- [et_pb_line_break_holder] -->    branchenschwerpunkte-handel<!-- [et_pb_line_break_holder] -->    branchenschwerpunkte-ngos<!-- [et_pb_line_break_holder] -->    branchenschwerpunkte-fitness&#8221;><!-- [et_pb_line_break_holder] -->     <\/p>\n<div class=\"card-front\"><!-- [et_pb_line_break_holder] -->         <\/p>\n<div class=\"cntnt\"><!-- [et_pb_line_break_holder] -->             <img decoding=\"async\" src=\"\/wp-content\/uploads\/2024\/04\/Joerg_Brodersen_profile_img-1.webp\"><!-- [et_pb_line_break_holder] -->             <\/p>\n<div class=\"coach-card\"><!-- [et_pb_line_break_holder] -->                 <\/p>\n<h2>J\u00f6rg Brodersen<\/h2>\n<p><!-- [et_pb_line_break_holder] -->                 <\/p>\n<div class=\"coach-desc\"><!-- [et_pb_line_break_holder] -->                     <\/p>\n<div class=\"standort\"><b>Biuro:<\/b> Obecno\u015b\u0107 w: L\u00fcneburgu, online w ca\u0142ych Niemczech <\/div>\n<p><!-- [et_pb_line_break_holder] -->                     <\/p>\n<hr>\n<p><!-- [et_pb_line_break_holder] -->                     <\/p>\n<div class=\"specialty\"><b>Produkt:<\/b> Coaching pracy, doradztwo na start<\/div>\n<p><!-- [et_pb_line_break_holder] -->                     <\/p>\n<hr>\n<p><!-- [et_pb_line_break_holder] -->                     <\/p>\n<div class=\"lang\"><b>J\u0119zyk(i) coachingu:<\/b> niemiecki<\/div>\n<p><!-- [et_pb_line_break_holder] -->                     <\/p>\n<hr>\n<p><!-- [et_pb_line_break_holder] -->                 <\/div>\n<p><!-- [et_pb_line_break_holder] -->                 <\/p>\n<div class=\"coach-btn\"><!-- [et_pb_line_break_holder] -->                     <\/p>\n<div class=\"link-btn\">Pozna\u0107<\/div>\n<p><!-- [et_pb_line_break_holder] -->                 <\/div>\n<p><!-- [et_pb_line_break_holder] -->             <\/div>\n<p><!-- [et_pb_line_break_holder] -->         <\/div>\n<p><!-- [et_pb_line_break_holder] -->     <\/div>\n<p><!-- [et_pb_line_break_holder] -->     <\/p>\n<div class=\"card-back\" onclick=\"location.href='\/pl\/nasi-trenerzy\/joerg-brodersen\/'\"><!-- [et_pb_line_break_holder] -->         <\/p>\n<div class=\"cntnt\"><!-- [et_pb_line_break_holder] -->             <\/p>\n<div><!-- [et_pb_line_break_holder] -->             <\/div>\n<p><!-- [et_pb_line_break_holder] -->             <\/p>\n<ol><!-- [et_pb_line_break_holder] -->               <\/p>\n<li><span class=\"ques\">Co Ci\u0119 motywuje i jakie jest Twoje ulubione zadanie jako coacha\/trenera?<\/span><!\u2013- [et_pb_br_holder] -\u2013><pee>Z jednej strony uwielbiam odkrywa\u0107 cechy osobowo\u015bci, mocne strony i talenty moich uczestnik\u00f3w oraz dowiadywa\u0107 si\u0119, co ich motywuje i co robi\u0105 ze swoimi, chc\u0105 robi\u0107 w \u017cyciu. Bardzo lubi\u0119 \u201ewirowa\u0107\u201d wizjami, wypracowywa\u0107 z nich mo\u017cliwe do osi\u0105gni\u0119cia cele i szuka\u0107 sposob\u00f3w, w jaki mo\u017cna je osi\u0105gn\u0105\u0107.<\/pee><pee>Z drugiej strony uwielbiam temat rozwoju osobistego. Bo posiadanie celu to jedno. Mo\u017cliwo\u015b\u0107 podj\u0119cia niezb\u0119dnych krok\u00f3w to inna sprawa! Z tego powodu moi uczestnicy opr\u00f3cz coachingu ucz\u0105 si\u0119, jak aktywowa\u0107 umiej\u0119tno\u015bci potrzebne do osi\u0105gni\u0119cia swoich cel\u00f3w. Szczeg\u00f3lnie mi\u0142o jest m\u00f3c obserwowa\u0107 rozw\u00f3j nowej \u015bwiadomo\u015bci i obrazu siebie moich uczestnik\u00f3w.<\/pee><!-- [et_pb_line_break_holder] -->                 <\/li>\n<p><!-- [et_pb_line_break_holder] -->               <\/p>\n<li><span class=\"ques\">Co daje Ci najwi\u0119ksz\u0105 satysfakcj\u0119 w Twojej pracy?&#8230;<\/span><!\u2013- [et_pb_br_holder] -\u2013><\/li>\n<p><!-- [et_pb_line_break_holder] -->             <\/ol>\n<p><!-- [et_pb_line_break_holder] -->            <!-- \n\n<div>Mehr erfahren<\/div>\n\n--><!-- [et_pb_line_break_holder] -->             <\/p>\n<div class=\"primary-color\"><\/div>\n<p><!-- [et_pb_line_break_holder] -->             <\/p>\n<div class=\"bottom-footer\"><!-- [et_pb_line_break_holder] -->                 <\/p>\n<div class=\"bottom-footer-container\"><!-- [et_pb_line_break_holder] -->                     <\/p>\n<div class=\"_col\"><!-- [et_pb_line_break_holder] -->                         <a href=\"https:\/\/avgs-gutschein.de\/pl\/nasi-trenerzy\/joerg-brodersen\/\"> <span class=\"button\">Do profilu<\/span><\/a><!-- [et_pb_line_break_holder] -->                     <\/div>\n<p><!-- [et_pb_line_break_holder] -->                 <\/div>\n<p><!-- [et_pb_line_break_holder] -->             <\/div>\n<p><!-- [et_pb_line_break_holder] -->         <\/div>\n<p><!-- [et_pb_line_break_holder] -->     <\/div>\n<p><!-- [et_pb_line_break_holder] --> <\/div>\n<p><!-- [et_pb_line_break_holder] -->  <!-- [et_pb_line_break_holder] -->  <!-- Daniels--><!-- [et_pb_line_break_holder] --><\/p>\n<div class=\"card-list item <!-- [et_pb_line_break_holder] -->produkt-jobcoaching<!-- [et_pb_line_break_holder] -->produkt-gruendungsberatung<!-- [et_pb_line_break_holder] -->sprache-deutsch<!-- [et_pb_line_break_holder] -->standort-lueneburg<!-- [et_pb_line_break_holder] -->standort-online<!-- [et_pb_line_break_holder] -->themenschwerpunkte-bewerbungstraining<!-- [et_pb_line_break_holder] -->themenschwerpunkte-stellenrecherche<!-- [et_pb_line_break_holder] -->themenschwerpunkte-berufsorientierung<!-- [et_pb_line_break_holder] -->themenschwerpunkte-vorstellungsgespraeche<!-- [et_pb_line_break_holder] -->themenschwerpunkte-persoenliche-positionierung<!-- [et_pb_line_break_holder] -->themenschwerpunkte-businessplanerstellung<!-- [et_pb_line_break_holder] -->themenschwerpunkte-strategie<!-- [et_pb_line_break_holder] -->themenschwerpunkte-finanzplanung<!-- [et_pb_line_break_holder] -->branchenschwerpunkte-beratung<!-- [et_pb_line_break_holder] -->branchenschwerpunkte-dienstleistungen<!-- [et_pb_line_break_holder] -->branchenschwerpunkte-pflege<!-- [et_pb_line_break_holder] -->branchenschwerpunkte-handel<!-- [et_pb_line_break_holder] -->branchenschwerpunkte-design<!-- [et_pb_line_break_holder] -->branchenschwerpunkte-kultur<!-- [et_pb_line_break_holder] -->branchenschwerpunkte-fitness&#8221;><!-- [et_pb_line_break_holder] --> <\/p>\n<div class=\"card-front\"><!-- [et_pb_line_break_holder] -->     <\/p>\n<div class=\"cntnt\"><!-- [et_pb_line_break_holder] -->         <img decoding=\"async\" src=\"\/wp-content\/uploads\/2024\/01\/Bettina-Daniels_prof_pic.webp\"><!-- [et_pb_line_break_holder] -->         <\/p>\n<div class=\"coach-card\"><!-- [et_pb_line_break_holder] -->             <\/p>\n<h2> Bettina Daniels<\/h2>\n<p><!-- [et_pb_line_break_holder] -->             <\/p>\n<div class=\"coach-desc\"><!-- [et_pb_line_break_holder] -->                 <\/p>\n<div class=\"standort\"><b>Biuro:<\/b> Obecno\u015b\u0107 w: L\u00fcneburgu, online w ca\u0142ych Niemczech<\/div>\n<p><!-- [et_pb_line_break_holder] -->                 <\/p>\n<hr>\n<p><!-- [et_pb_line_break_holder] -->                 <\/p>\n<div class=\"specialty\"><b>Produkt:<\/b>  Coaching pracy, doradztwo na start<\/div>\n<p><!-- [et_pb_line_break_holder] -->                 <\/p>\n<hr>\n<p><!-- [et_pb_line_break_holder] -->                 <\/p>\n<div class=\"lang\"><b>J\u0119zyk(i) coachingu: <\/b>niemiecki<\/div>\n<p><!-- [et_pb_line_break_holder] -->                 <\/p>\n<hr>\n<p><!-- [et_pb_line_break_holder] -->             <\/div>\n<p><!-- [et_pb_line_break_holder] -->             <\/p>\n<div class=\"coach-btn\"><!-- [et_pb_line_break_holder] -->                 <\/p>\n<div class=\"link-btn\">Pozna\u0107<\/div>\n<p><!-- [et_pb_line_break_holder] -->             <\/div>\n<p><!-- [et_pb_line_break_holder] -->         <\/div>\n<p><!-- [et_pb_line_break_holder] -->     <\/div>\n<p><!-- [et_pb_line_break_holder] --> <\/div>\n<p><!-- [et_pb_line_break_holder] --> <\/p>\n<div class=\"card-back\" onclick=\"location.href='\/pl\/nasi-trenerzy\/bettina-daniels\/'\"><!-- [et_pb_line_break_holder] -->     <\/p>\n<div class=\"cntnt\"><!-- [et_pb_line_break_holder] -->         <\/p>\n<div><!-- [et_pb_line_break_holder] -->         <\/div>\n<p><!-- [et_pb_line_break_holder] -->         <\/p>\n<ol><!-- [et_pb_line_break_holder] -->           <\/p>\n<li><span class=\"ques\">Co kwalifikuje Ci\u0119 jako trenera\/coacha? <\/span><!\u2013- [et_pb_br_holder] -\u2013><pee>Jako coach posiadam szerokie, intensywne i wieloletnie do\u015bwiadczenie zawodowe z ponad 5000 godzinami coachingu. Dzi\u0119ki licznym szkoleniom i kursom dokszta\u0142caj\u0105cym mog\u0119 korzysta\u0107 z du\u017cego zasobu narz\u0119dzi coachingowych. Moje r\u00f3\u017cnorodne i wieloletnie do\u015bwiadczenie zawodowe jako trenera planowania \u017cycia\/pracy, po\u015brednika ds. zatrudnienia, konsultanta i praktyka rozwi\u0105za\u0144 alternatywnych przek\u0142ada si\u0119 r\u00f3wnie\u017c na moj\u0105 prac\u0119 jako coach.<\/pee><!-- [et_pb_line_break_holder] -->             <\/li>\n<p><!-- [et_pb_line_break_holder] -->           <\/p>\n<li><span class=\"ques\">Co Ci\u0119 motywuje i jakie jest Twoje ulubione zadanie jako trenera?&#8230;<\/span><!\u2013- [et_pb_br_holder] -\u2013><\/li>\n<p><!-- [et_pb_line_break_holder] -->         <\/ol>\n<p><!-- [et_pb_line_break_holder] -->        <!-- \n\n<div>Mehr erfahren<\/div>\n\n--><!-- [et_pb_line_break_holder] -->         <\/p>\n<div class=\"primary-color\"><\/div>\n<p><!-- [et_pb_line_break_holder] -->         <\/p>\n<div class=\"bottom-footer\"><!-- [et_pb_line_break_holder] -->             <\/p>\n<div class=\"bottom-footer-container\"><!-- [et_pb_line_break_holder] -->                 <\/p>\n<div class=\"_col\"><!-- [et_pb_line_break_holder] -->                     <a href=\"https:\/\/avgs-gutschein.de\/pl\/nasi-trenerzy\/bettina-daniels\/\"> <span class=\"button\">Do profilu<\/span><\/a><!-- [et_pb_line_break_holder] -->                 <\/div>\n<p><!-- [et_pb_line_break_holder] -->             <\/div>\n<p><!-- [et_pb_line_break_holder] -->         <\/div>\n<p><!-- [et_pb_line_break_holder] -->     <\/div>\n<p><!-- [et_pb_line_break_holder] --> <\/div>\n<p><!-- [et_pb_line_break_holder] --><\/div>\n<p><!-- [et_pb_line_break_holder] --><!-- Fellinger --><!-- [et_pb_line_break_holder] -->  <\/p>\n<div class=\"card-list item produkt-jobcoaching<!-- [et_pb_line_break_holder] -->  produkt-gruendungsberatung<!-- [et_pb_line_break_holder] -->  sprache-deutsch<!-- [et_pb_line_break_holder] -->  standort-online<!-- [et_pb_line_break_holder] -->  standort-lueneburg<!-- [et_pb_line_break_holder] -->  themenschwerpunkte-bewerbungstraining<!-- [et_pb_line_break_holder] -->  themenschwerpunkte-stellenrecherche<!-- [et_pb_line_break_holder] -->  themenschwerpunkte-berufsorientierung<!-- [et_pb_line_break_holder] -->  themenschwerpunkte-vorstellungsgespraeche<!-- [et_pb_line_break_holder] -->  themenschwerpunkte-persoenliche-positionierung<!-- [et_pb_line_break_holder] -->  themenschwerpunkte-strategie<!-- [et_pb_line_break_holder] -->  themenschwerpunkte-digitales-marketing<!-- [et_pb_line_break_holder] -->  themenschwerpunkte-lpp<!-- [et_pb_line_break_holder] -->  branchenschwerpunkte-beratung<!-- [et_pb_line_break_holder] -->  branchenschwerpunkte-dienstleistungen<!-- [et_pb_line_break_holder] -->  branchenschwerpunkte-kommunikation<!-- [et_pb_line_break_holder] -->  branchenschwerpunkte-event<!-- [et_pb_line_break_holder] -->  branchenschwerpunkte-handel<!-- [et_pb_line_break_holder] -->  branchenschwerpunkte-soziales<!-- [et_pb_line_break_holder] -->  branchenschwerpunkte-industrie&#8221;><!-- [et_pb_line_break_holder] -->  <\/p>\n<div class=\"card-front\"><!-- [et_pb_line_break_holder] -->     <\/p>\n<div class=\"cntnt\"><!-- [et_pb_line_break_holder] -->         <img decoding=\"async\" src=\"\/wp-content\/uploads\/2025\/04\/Martina_Fellinger_profile_pic.webp\"><!-- [et_pb_line_break_holder] -->         <\/p>\n<div class=\"coach-card\"><!-- [et_pb_line_break_holder] -->             <\/p>\n<h2>Martina Fellinger<\/h2>\n<p><!-- [et_pb_line_break_holder] -->             <\/p>\n<div class=\"coach-desc\"><!-- [et_pb_line_break_holder] -->                 <\/p>\n<div class=\"standort\"><b>Biuro:<\/b>Obecno\u015b\u0107 w: L\u00fcneburgu, online w ca\u0142ych Niemczech<\/div>\n<p><!-- [et_pb_line_break_holder] -->                 <\/p>\n<hr>\n<p><!-- [et_pb_line_break_holder] -->                 <\/p>\n<div class=\"specialty\"><b>Produkt:<\/b> Coaching zawodowy, porady dla start-up\u00f3w<\/div>\n<p><!-- [et_pb_line_break_holder] -->                 <\/p>\n<hr>\n<p><!-- [et_pb_line_break_holder] -->                 <\/p>\n<div class=\"lang\"><b>J\u0119zyk coachingowe: <\/b>niemiecki<\/div>\n<p><!-- [et_pb_line_break_holder] -->                 <\/p>\n<hr>\n<p><!-- [et_pb_line_break_holder] -->             <\/div>\n<p><!-- [et_pb_line_break_holder] -->             <\/p>\n<div class=\"coach-btn\"><!-- [et_pb_line_break_holder] -->                 <\/p>\n<div class=\"link-btn\">Pozna\u0107<\/div>\n<p><!-- [et_pb_line_break_holder] -->             <\/div>\n<p><!-- [et_pb_line_break_holder] -->         <\/div>\n<p><!-- [et_pb_line_break_holder] -->     <\/div>\n<p><!-- [et_pb_line_break_holder] -->  <\/div>\n<p><!-- [et_pb_line_break_holder] -->  <\/p>\n<div class=\"card-back\" onclick=\"location.href='\/unsere-coaches\/martina-fellinger\/'\"><!-- [et_pb_line_break_holder] -->     <\/p>\n<div class=\"cntnt\"><!-- [et_pb_line_break_holder] -->         <\/p>\n<div><!-- [et_pb_line_break_holder] -->         <\/div>\n<p><!-- [et_pb_line_break_holder] -->         <\/p>\n<ol><!-- [et_pb_line_break_holder] -->           <\/p>\n<li><span class=\"ques\">Jakie kwalifikacje czyni\u0105 Ci\u0119 trenerem\/coachem? <\/span><!\u2013- [et_pb_br_holder] -\u2013><pee>Posiadam ponad 50 lat do\u015bwiadczenia \u017cyciowego i zawodowego, dzi\u0119ki czemu rozumiem \u015bwiat pracy z wielu perspektyw. Przez wiele lat pracowa\u0142am jako pracownik etatowy, a od 2017 roku pracuj\u0119 jako samozatrudniony doradca zawodowy i coach, wspieraj\u0105c ludzi w osi\u0105ganiu ich cel\u00f3w zawodowych. Pracuj\u0119 r\u00f3wnie\u017c jako freelancer jako konsultant ds. zasob\u00f3w ludzkich. To r\u00f3\u017cnorodne do\u015bwiadczenie pozwala mi odpowiada\u0107 na potrzeby moich klient\u00f3w w zindywidualizowany i praktyczny spos\u00f3b.<\/pee><!-- [et_pb_line_break_holder] -->             <\/li>\n<p><!-- [et_pb_line_break_holder] -->           <\/p>\n<li><span class=\"ques\">Co daje Ci najwi\u0119ksz\u0105 satysfakcj\u0119 w Twojej pracy?&#8230;<\/span><!\u2013- [et_pb_br_holder] -\u2013><\/li>\n<p><!-- [et_pb_line_break_holder] -->         <\/ol>\n<p><!-- [et_pb_line_break_holder] -->        <!-- \n\n<div>Mehr erfahren<\/div>\n\n--><!-- [et_pb_line_break_holder] -->         <\/p>\n<div class=\"primary-color\"><\/div>\n<p><!-- [et_pb_line_break_holder] -->         <\/p>\n<div class=\"bottom-footer\"><!-- [et_pb_line_break_holder] -->             <\/p>\n<div class=\"bottom-footer-container\"><!-- [et_pb_line_break_holder] -->                 <\/p>\n<div class=\"_col\"><!-- [et_pb_line_break_holder] -->                     <a href=\"\/unsere-coaches\/martina-fellinger\/\"> <span class=\"button\">Do profilu<\/span><\/a><!-- [et_pb_line_break_holder] -->                 <\/div>\n<p><!-- [et_pb_line_break_holder] -->             <\/div>\n<p><!-- [et_pb_line_break_holder] -->         <\/div>\n<p><!-- [et_pb_line_break_holder] -->     <\/div>\n<p><!-- [et_pb_line_break_holder] -->  <\/div>\n<p><!-- [et_pb_line_break_holder] -->  <\/div>\n<p><!-- [et_pb_line_break_holder] -->  <!--Gieland Stefan--><!-- [et_pb_line_break_holder] --><\/p>\n<div class=\"card-list item <!-- [et_pb_line_break_holder] -->produkt-gruendungsberatung<!-- [et_pb_line_break_holder] -->sprache-deutsch<!-- [et_pb_line_break_holder] -->standort-lueneburg<!-- [et_pb_line_break_holder] -->standort-online<!-- [et_pb_line_break_holder] -->themenschwerpunkte-businessplanerstellung<!-- [et_pb_line_break_holder] -->themenschwerpunkte-strategie<!-- [et_pb_line_break_holder] -->themenschwerpunkte-finanzplanung<!-- [et_pb_line_break_holder] -->themenschwerpunkte-rechtsfragen<!-- [et_pb_line_break_holder] -->branchenschwerpunkte-beratung<!-- [et_pb_line_break_holder] -->branchenschwerpunkte-dienstleistungen<!-- [et_pb_line_break_holder] -->branchenschwerpunkte-handel<!-- [et_pb_line_break_holder] -->branchenschwerpunkte-handwerk&#8221;><!-- [et_pb_line_break_holder] --> <\/p>\n<div class=\"card-front\"><!-- [et_pb_line_break_holder] -->     <\/p>\n<div class=\"cntnt\"><!-- [et_pb_line_break_holder] -->         <img decoding=\"async\" src=\"\/wp-content\/uploads\/2024\/01\/Stefan-Gieland.webp\"><!-- [et_pb_line_break_holder] -->         <\/p>\n<div class=\"coach-card\"><!-- [et_pb_line_break_holder] -->             <\/p>\n<h2>Stefan Gieland<\/h2>\n<p><!-- [et_pb_line_break_holder] -->             <\/p>\n<div class=\"coach-desc\"><!-- [et_pb_line_break_holder] -->                 <\/p>\n<div class=\"standort\"><b>Biuro:<\/b> Obecno\u015b\u0107 w: L\u00fcneburgu, online w ca\u0142ych Niemczech<\/div>\n<p><!-- [et_pb_line_break_holder] -->                 <\/p>\n<hr>\n<p><!-- [et_pb_line_break_holder] -->                 <\/p>\n<div class=\"specialty\"><b>Produkt:<\/b> Porady na start<\/div>\n<p>    <!-- [et_pb_line_break_holder] -->                 <\/p>\n<hr>\n<p><!-- [et_pb_line_break_holder] -->                 <\/p>\n<div class=\"lang\"><b>J\u0119zyk(i) coachingu: <\/b>niemiecki<\/div>\n<p><!-- [et_pb_line_break_holder] -->                 <\/p>\n<hr>\n<p><!-- [et_pb_line_break_holder] -->             <\/div>\n<p><!-- [et_pb_line_break_holder] -->             <\/p>\n<div class=\"coach-btn\"><!-- [et_pb_line_break_holder] -->                 <\/p>\n<div class=\"link-btn\">Pozna\u0107<\/div>\n<p><!-- [et_pb_line_break_holder] -->             <\/div>\n<p><!-- [et_pb_line_break_holder] -->         <\/div>\n<p><!-- [et_pb_line_break_holder] -->     <\/div>\n<p><!-- [et_pb_line_break_holder] --> <\/div>\n<p><!-- [et_pb_line_break_holder] --> <\/p>\n<div class=\"card-back\" onclick=\"location.href='\/pl\/nasi-trenerzy\/gieland-stefan\/'\"><!-- [et_pb_line_break_holder] -->     <\/p>\n<div class=\"cntnt\"><!-- [et_pb_line_break_holder] -->         <\/p>\n<div><!-- [et_pb_line_break_holder] -->         <\/div>\n<p><!-- [et_pb_line_break_holder] -->         <\/p>\n<ol><!-- [et_pb_line_break_holder] -->           <\/p>\n<li><span class=\"ques\">Co kwalifikuje Ci\u0119 jako coacha\/trenera? <\/span><!\u2013- [et_pb_br_holder] -\u2013><pee>Opr\u00f3cz umiej\u0119tno\u015bci zawodowych, kt\u00f3re zdoby\u0142em dzi\u0119ki pomy\u015blnie uko\u0144czonym studiom, dalszemu szkoleniu, aby zosta\u0107 certyfikowanym specjalist\u0105 ds. biznesu w IHK, moim wieloletnim odpowiedzialnym stanowiskom w sektorze prywatnym i Jako przedsi\u0119biorca dzia\u0142aj\u0105cy od 2006 roku, moi klienci ceni\u0105 mnie za profesjonalne, indywidualne doradztwo. Charakteryzuje si\u0119 po\u0142\u0105czeniem empatii, ustrukturyzowanego podej\u015bcia i praktycznego znaczenia. Nigdy nie trac\u0119 z oczu indywidualnych potrzeb i cel\u00f3w moich klient\u00f3w.<\/pee><!-- [et_pb_line_break_holder] -->             <\/li>\n<p><!-- [et_pb_line_break_holder] -->           <\/p>\n<li><span class=\"ques\">Co daje Ci najwi\u0119ksz\u0105 satysfakcj\u0119 w Twojej pracy?&#8230;<\/span><!\u2013- [et_pb_br_holder] -\u2013><\/li>\n<p>   <!-- [et_pb_line_break_holder] -->         <\/ol>\n<p><!-- [et_pb_line_break_holder] -->        <!-- \n\n<div>Mehr erfahren<\/div>\n\n--><!-- [et_pb_line_break_holder] -->         <\/p>\n<div class=\"primary-color\"><\/div>\n<p><!-- [et_pb_line_break_holder] -->         <\/p>\n<div class=\"bottom-footer\"><!-- [et_pb_line_break_holder] -->             <\/p>\n<div class=\"bottom-footer-container\"><!-- [et_pb_line_break_holder] -->                 <\/p>\n<div class=\"_col\"><!-- [et_pb_line_break_holder] -->                     <a href=\"https:\/\/avgs-gutschein.de\/pl\/nasi-trenerzy\/gieland-stefan\/\"> <span class=\"button\">Do profilu<\/span><\/a><!-- [et_pb_line_break_holder] -->                 <\/div>\n<p><!-- [et_pb_line_break_holder] -->             <\/div>\n<p><!-- [et_pb_line_break_holder] -->         <\/div>\n<p><!-- [et_pb_line_break_holder] -->     <\/div>\n<p><!-- [et_pb_line_break_holder] --> <\/div>\n<p><!-- [et_pb_line_break_holder] --><\/div>\n<p><!-- [et_pb_line_break_holder] -->  <!-- Grossmann--><!-- [et_pb_line_break_holder] --><\/p>\n<div class=\"card-list item produkt-jobcoaching<!-- [et_pb_line_break_holder] -->produkt-gruendungsberatung<!-- [et_pb_line_break_holder] -->sprache-deutsch<!-- [et_pb_line_break_holder] -->sprache-englisch<!-- [et_pb_line_break_holder] -->sprache-spanisch<!-- [et_pb_line_break_holder] -->standort-online<!-- [et_pb_line_break_holder] -->standort-luebeck<!-- [et_pb_line_break_holder] -->standort-lueneburg<!-- [et_pb_line_break_holder] -->themenschwerpunkte-bewerbungstraining<!-- [et_pb_line_break_holder] -->themenschwerpunkte-stellenrecherche<!-- [et_pb_line_break_holder] -->themenschwerpunkte-berufsorientierung<!-- [et_pb_line_break_holder] -->themenschwerpunkte-vorstellungsgespraeche<!-- [et_pb_line_break_holder] -->themenschwerpunkte-persoenliche-positionierung<!-- [et_pb_line_break_holder] -->themenschwerpunkte-businessplanerstellung<!-- [et_pb_line_break_holder] -->themenschwerpunkte-strategie<!-- [et_pb_line_break_holder] -->themenschwerpunkte-finanzplanung<!-- [et_pb_line_break_holder] -->themenschwerpunkte-digitales-marketing<!-- [et_pb_line_break_holder] -->themenschwerpunkte-rechtsfragen<!-- [et_pb_line_break_holder] -->branchenschwerpunkte-beratung<!-- [et_pb_line_break_holder] -->branchenschwerpunkte-dienstleistungen<!-- [et_pb_line_break_holder] -->branchenschwerpunkte-event<!-- [et_pb_line_break_holder] -->branchenschwerpunkte-gastronomie<!-- [et_pb_line_break_holder] -->branchenschwerpunkte-pflege<!-- [et_pb_line_break_holder] -->branchenschwerpunkte-handel<!-- [et_pb_line_break_holder] -->branchenschwerpunkte-design<!-- [et_pb_line_break_holder] -->branchenschwerpunkte-kultur<!-- [et_pb_line_break_holder] -->branchenschwerpunkte-kommunikation<!-- [et_pb_line_break_holder] -->branchenschwerpunkte-ngos<!-- [et_pb_line_break_holder] -->branchenschwerpunkte-fitness&#8221;><!-- [et_pb_line_break_holder] --><\/p>\n<div class=\"card-front\"><!-- [et_pb_line_break_holder] -->    <\/p>\n<div class=\"cntnt\"><!-- [et_pb_line_break_holder] -->        <img decoding=\"async\" src=\"\/wp-content\/uploads\/2023\/12\/S.-Grossmann.webp\"><!-- [et_pb_line_break_holder] -->        <\/p>\n<div class=\"coach-card\"><!-- [et_pb_line_break_holder] -->            <\/p>\n<h2>Stefanie Grossmann<\/h2>\n<p><!-- [et_pb_line_break_holder] -->            <\/p>\n<div class=\"coach-desc\"><!-- [et_pb_line_break_holder] -->                <\/p>\n<div class=\"standort\"><b>Biuro:<\/b> Obecno\u015b\u0107 w: L\u00fcneburgu, Lubece, online na terenie ca\u0142ych Niemiec<\/div>\n<p><!-- [et_pb_line_break_holder] -->                <\/p>\n<hr>\n<p><!-- [et_pb_line_break_holder] -->                <\/p>\n<div class=\"specialty\"><b>Produkt:<\/b> Coaching pracy, doradztwo na start<\/div>\n<p><!-- [et_pb_line_break_holder] -->                <\/p>\n<hr>\n<p><!-- [et_pb_line_break_holder] -->                <\/p>\n<div class=\"lang\"><b>J\u0119zyk(i) coachingu: <\/b>Niemiecki, angielski, hiszpa\u0144ski<\/div>\n<p><!-- [et_pb_line_break_holder] -->                <\/p>\n<hr>\n<p><!-- [et_pb_line_break_holder] -->            <\/div>\n<p><!-- [et_pb_line_break_holder] -->            <\/p>\n<div class=\"coach-btn\"><!-- [et_pb_line_break_holder] -->                <\/p>\n<div class=\"link-btn\">Pozna\u0107<\/div>\n<p><!-- [et_pb_line_break_holder] -->            <\/div>\n<p><!-- [et_pb_line_break_holder] -->        <\/div>\n<p><!-- [et_pb_line_break_holder] -->    <\/div>\n<p><!-- [et_pb_line_break_holder] --><\/div>\n<p><!-- [et_pb_line_break_holder] --><\/p>\n<div class=\"card-back\" onclick=\"location.href='\/pl\/nasi-trenerzy\/stefanie-grossmann\/'\"><!-- [et_pb_line_break_holder] -->    <\/p>\n<div class=\"cntnt\"><!-- [et_pb_line_break_holder] -->        <\/p>\n<div><!-- [et_pb_line_break_holder] -->        <\/div>\n<p><!-- [et_pb_line_break_holder] -->        <\/p>\n<ol><!-- [et_pb_line_break_holder] -->          <\/p>\n<li><span class=\"ques\">Co m\u00f3wi\u0105 o Tobie Twoi klienci? <\/span><!\u2013- [et_pb_br_holder] -\u2013><pee>Ekscytuj\u0105ce pytanie! Czasami w og\u00f3le nie musz\u0105 wiele m\u00f3wi\u0107. Rado\u015b\u0107 i motywacja, jak\u0105 czerpi\u0105 z coachingu, cz\u0119sto odzwierciedlaj\u0105 si\u0119 w blasku ich oczu. Z energi\u0105 i humorem lubi\u0119 prze\u0142amywa\u0107 w g\u0142owie strefy komfortu i schematy my\u015blowe oraz dawa\u0107 nowe impulsy i perspektywy do w\u0142asnego rozwoju zawodowego. Wi\u0119c nigdy nie jest nudno. Klienci doceniaj\u0105 m\u00f3j wysoki poziom osobistego zaanga\u017cowania i ciesz\u0105 si\u0119 ze wzrostu motywacji, z jakim wracaj\u0105 do domu po spotkaniach coachingowych. Coaching cz\u0119sto ma wp\u0142yw i nadal z powodzeniem stosuj\u0105 opracowane przez siebie strategie w swoim \u017cyciu.<\/pee><!-- [et_pb_line_break_holder] -->            <\/li>\n<p><!-- [et_pb_line_break_holder] -->          <\/p>\n<li><span class=\"ques\">Jak cyfryzacja zmieni og\u00f3lny biznes coachingowy? I jak sobie z tym poradzi\u0107?&#8230;<\/span><!\u2013- [et_pb_br_holder] -\u2013><\/li>\n<p>   <!-- [et_pb_line_break_holder] -->        <\/ol>\n<p><!-- [et_pb_line_break_holder] -->       <!-- \n\n<div>Mehr erfahren<\/div>\n\n--><!-- [et_pb_line_break_holder] -->        <\/p>\n<div class=\"primary-color\"><\/div>\n<p><!-- [et_pb_line_break_holder] -->        <\/p>\n<div class=\"bottom-footer\"><!-- [et_pb_line_break_holder] -->            <\/p>\n<div class=\"bottom-footer-container\"><!-- [et_pb_line_break_holder] -->                <\/p>\n<div class=\"_col\"><!-- [et_pb_line_break_holder] -->                    <a href=\"https:\/\/avgs-gutschein.de\/pl\/nasi-trenerzy\/stefanie-grossmann\/\"> <span class=\"button\">Do profilu<\/span><\/a><!-- [et_pb_line_break_holder] -->                <\/div>\n<p><!-- [et_pb_line_break_holder] -->            <\/div>\n<p><!-- [et_pb_line_break_holder] -->        <\/div>\n<p><!-- [et_pb_line_break_holder] -->    <\/div>\n<p><!-- [et_pb_line_break_holder] --><\/div>\n<p><!-- [et_pb_line_break_holder] --><\/div>\n<p><!-- [et_pb_line_break_holder] --><!-- Helms--><!-- [et_pb_line_break_holder] --><\/p>\n<div class=\"card-list item produkt-jobcoaching<!-- [et_pb_line_break_holder] -->produkt-gruendungsberatung<!-- [et_pb_line_break_holder] -->sprache-deutsch<!-- [et_pb_line_break_holder] -->sprache-englisch<!-- [et_pb_line_break_holder] -->sprache-niederl\u00e4ndisch<!-- [et_pb_line_break_holder] -->standort-online<!-- [et_pb_line_break_holder] -->standort-hamburg<!-- [et_pb_line_break_holder] -->standort-lueneburg<!-- [et_pb_line_break_holder] -->standort-soltau<!-- [et_pb_line_break_holder] -->standort-winsen<!-- [et_pb_line_break_holder] -->themenschwerpunkte-stellenrecherche<!-- [et_pb_line_break_holder] -->themenschwerpunkte-berufsorientierung<!-- [et_pb_line_break_holder] -->themenschwerpunkte-persoenliche-positionierung<!-- [et_pb_line_break_holder] -->themenschwerpunkte-businessplanerstellung<!-- [et_pb_line_break_holder] -->themenschwerpunkte-strategie<!-- [et_pb_line_break_holder] -->themenschwerpunkte-digitales-marketing<!-- [et_pb_line_break_holder] -->branchenschwerpunkte-beratung<!-- [et_pb_line_break_holder] -->branchenschwerpunkte-dienstleistungen<!-- [et_pb_line_break_holder] -->branchenschwerpunkte-event<!-- [et_pb_line_break_holder] -->branchenschwerpunkte-handwerk<!-- [et_pb_line_break_holder] -->branchenschwerpunkte-kommunikation&#8221;><!-- [et_pb_line_break_holder] --> <\/p>\n<div class=\"card-front\"><!-- [et_pb_line_break_holder] -->     <\/p>\n<div class=\"cntnt\"><!-- [et_pb_line_break_holder] -->         <img decoding=\"async\" src=\"\/wp-content\/uploads\/2023\/12\/Sabrina-Helms.webp\"><!-- [et_pb_line_break_holder] -->         <\/p>\n<div class=\"coach-card\"><!-- [et_pb_line_break_holder] -->             <\/p>\n<h2>Sabrina Helms<\/h2>\n<p><!-- [et_pb_line_break_holder] -->             <\/p>\n<div class=\"coach-desc\"><!-- [et_pb_line_break_holder] -->                 <\/p>\n<div class=\"standort\"><b>Biuro:<\/b> Obecno\u015b\u0107 w: L\u00fcneburg, Hamburg, Winsen\/Luhe, Soltau, online na terenie ca\u0142ych Niemiec<\/div>\n<p><!-- [et_pb_line_break_holder] -->                 <\/p>\n<hr>\n<p><!-- [et_pb_line_break_holder] -->                 <\/p>\n<div class=\"specialty\"><b>Produkt:<\/b> Coaching pracy, doradztwo na start<\/div>\n<p><!-- [et_pb_line_break_holder] -->                 <\/p>\n<hr>\n<p><!-- [et_pb_line_break_holder] -->                 <\/p>\n<div class=\"lang\"><b>J\u0119zyk(i) coachingu: <\/b>Niemiecki, angielski, holenderski<\/div>\n<p><!-- [et_pb_line_break_holder] -->                 <\/p>\n<hr>\n<p><!-- [et_pb_line_break_holder] -->             <\/div>\n<p><!-- [et_pb_line_break_holder] -->             <\/p>\n<div class=\"coach-btn\"><!-- [et_pb_line_break_holder] -->                 <\/p>\n<div class=\"link-btn\">Pozna\u0107<\/div>\n<p><!-- [et_pb_line_break_holder] -->             <\/div>\n<p><!-- [et_pb_line_break_holder] -->         <\/div>\n<p><!-- [et_pb_line_break_holder] -->     <\/div>\n<p><!-- [et_pb_line_break_holder] --> <\/div>\n<p><!-- [et_pb_line_break_holder] --> <\/p>\n<div class=\"card-back\" onclick=\"location.href='\/pl\/nasi-trenerzy\/sabrina-helms\/'\"><!-- [et_pb_line_break_holder] -->     <\/p>\n<div class=\"cntnt\"><!-- [et_pb_line_break_holder] -->         <\/p>\n<div><!-- [et_pb_line_break_holder] -->         <\/div>\n<p><!-- [et_pb_line_break_holder] -->         <\/p>\n<ol><!-- [et_pb_line_break_holder] -->           <\/p>\n<li><span class=\"ques\">Co kwalifikuje Ci\u0119 jako coacha\/trenera? <\/span><!\u2013- [et_pb_br_holder] -\u2013><pee>Po moich pierwszych do\u015bwiadczeniach z coachingiem by\u0142am tak zafascynowana mo\u017cliwo\u015bciami i wynikami, \u017ce w 2012 roku zdecydowa\u0142am si\u0119 rozpocz\u0105\u0107 szkolenie coachingowe w niepe\u0142nym wymiarze godzin. Podczas dwuletniego szkolenia na trenera biznesu systemowego dowiedzia\u0142am si\u0119 wiele o sobie i oczywi\u015bcie o zasadach i metodach pracy w coachingu. Jedn\u0105 z najwa\u017cniejszych rzeczy, kt\u00f3rych nauczy\u0142em si\u0119 w tym czasie, by\u0142o to, \u017ce stopniowo mog\u0142em lepiej ocenia\u0107 i rozumie\u0107 ludzi oraz ich motywacje do dzia\u0142ania. Po pomy\u015blnym uko\u0144czeniu szkolenia w 2015 roku podj\u0105\u0142em samodzieln\u0105 prac\u0119 w niepe\u0142nym wymiarze godzin w obszarach coachingu i konsultingu (www.borneimkopf.de).<\/pee><!-- [et_pb_line_break_holder] -->           <pee> Od tego czasu pracuj\u0119 z wieloma r\u00f3\u017cnymi coachami i opracowuj\u0119 w g\u0142owie ukierunkowane rozwi\u0105zania maj\u0105ce na celu pokonanie moich w\u0142asnych ogranicze\u0144.<\/pee><!-- [et_pb_line_break_holder] -->             <\/li>\n<p><!-- [et_pb_line_break_holder] -->           <\/p>\n<li><span class=\"ques\">Jakie wymierne rezultaty osi\u0105gn\u0119li\u015bcie wsp\u00f3lnie ze swoimi klientami i co Was wyr\u00f3\u017cnia?&#8230;<\/span><!\u2013- [et_pb_br_holder] -\u2013><\/li>\n<p>   <!-- [et_pb_line_break_holder] -->         <\/ol>\n<p><!-- [et_pb_line_break_holder] -->        <!-- \n\n<div>Mehr erfahren<\/div>\n\n--><!-- [et_pb_line_break_holder] -->         <\/p>\n<div class=\"primary-color\"><\/div>\n<p><!-- [et_pb_line_break_holder] -->         <\/p>\n<div class=\"bottom-footer\"><!-- [et_pb_line_break_holder] -->             <\/p>\n<div class=\"bottom-footer-container\"><!-- [et_pb_line_break_holder] -->                 <\/p>\n<div class=\"_col\"><!-- [et_pb_line_break_holder] -->                     <a href=\"https:\/\/avgs-gutschein.de\/pl\/nasi-trenerzy\/sabrina-helms\/\"> <span class=\"button\">Do profilu<\/span><\/a><!-- [et_pb_line_break_holder] -->                 <\/div>\n<p><!-- [et_pb_line_break_holder] -->             <\/div>\n<p><!-- [et_pb_line_break_holder] -->         <\/div>\n<p><!-- [et_pb_line_break_holder] -->     <\/div>\n<p><!-- [et_pb_line_break_holder] --> <\/div>\n<p><!-- [et_pb_line_break_holder] --><\/div>\n<p><!-- [et_pb_line_break_holder] -->  <!-- H\u00f6lm--><!-- [et_pb_line_break_holder] --><\/p>\n<div class=\"card-list item produkt-jobcoaching<!-- [et_pb_line_break_holder] -->produkt-gruendungsberatung<!-- [et_pb_line_break_holder] -->sprache-deutsch<!-- [et_pb_line_break_holder] -->standort-online<!-- [et_pb_line_break_holder] -->standort-lueneburg<!-- [et_pb_line_break_holder] -->standort-soltau<!-- [et_pb_line_break_holder] -->standort-rotenburg<!-- [et_pb_line_break_holder] -->standort-buchholz<!-- [et_pb_line_break_holder] -->themenschwerpunkte-bewerbungstraining<!-- [et_pb_line_break_holder] -->themenschwerpunkte-stellenrecherche<!-- [et_pb_line_break_holder] -->themenschwerpunkte-berufsorientierung<!-- [et_pb_line_break_holder] -->themenschwerpunkte-vorstellungsgespraeche<!-- [et_pb_line_break_holder] -->themenschwerpunkte-persoenliche-positionierung<!-- [et_pb_line_break_holder] -->themenschwerpunkte-businessplanerstellung<!-- [et_pb_line_break_holder] -->themenschwerpunkte-strategie<!-- [et_pb_line_break_holder] -->themenschwerpunkte-finanzplanung<!-- [et_pb_line_break_holder] -->themenschwerpunkte-digitales-marketing<!-- [et_pb_line_break_holder] -->themenschwerpunkte-rechtsfragen<!-- [et_pb_line_break_holder] -->branchenschwerpunkte-beratung<!-- [et_pb_line_break_holder] -->branchenschwerpunkte-dienstleistungen<!-- [et_pb_line_break_holder] -->branchenschwerpunkte-energie<!-- [et_pb_line_break_holder] -->branchenschwerpunkte-event<!-- [et_pb_line_break_holder] -->branchenschwerpunkte-gastronomie <!-- [et_pb_line_break_holder] -->branchenschwerpunkte-pflege<!-- [et_pb_line_break_holder] -->branchenschwerpunkte-handel<!-- [et_pb_line_break_holder] -->branchenschwerpunkte-handwerk<!-- [et_pb_line_break_holder] -->branchenschwerpunkte-design<!-- [et_pb_line_break_holder] -->branchenschwerpunkte-kommunikation<!-- [et_pb_line_break_holder] -->branchenschwerpunkte-ngos<!-- [et_pb_line_break_holder] -->branchenschwerpunkte-fitness&#8221;><!-- [et_pb_line_break_holder] --><\/p>\n<div class=\"card-front\"><!-- [et_pb_line_break_holder] -->    <\/p>\n<div class=\"cntnt\"><!-- [et_pb_line_break_holder] -->        <img decoding=\"async\" src=\"\/wp-content\/uploads\/2024\/01\/Bjoern_Holm_profile_pic.webp\"><!-- [et_pb_line_break_holder] -->        <\/p>\n<div class=\"coach-card\"><!-- [et_pb_line_break_holder] -->            <\/p>\n<h2>Bj\u00f6rn Holm<\/h2>\n<p><!-- [et_pb_line_break_holder] -->            <\/p>\n<div class=\"coach-desc\"><!-- [et_pb_line_break_holder] -->                <\/p>\n<div class=\"standort\"><b>Biuro:<\/b> Obecno\u015b\u0107 w: L\u00fcneburgu, Rotenburgu, Soltau, Buchholz, online na terenie ca\u0142ych Niemiec<\/div>\n<p><!-- [et_pb_line_break_holder] -->                <\/p>\n<hr>\n<p><!-- [et_pb_line_break_holder] -->                <\/p>\n<div class=\"specialty\"><b>Produkt:<\/b> Coaching pracy, doradztwo na start<\/div>\n<p><!-- [et_pb_line_break_holder] -->                <\/p>\n<hr>\n<p><!-- [et_pb_line_break_holder] -->                <\/p>\n<div class=\"lang\"><b>J\u0119zyk(i) coachingu: <\/b>niemiecki<\/div>\n<p><!-- [et_pb_line_break_holder] -->                <\/p>\n<hr>\n<p><!-- [et_pb_line_break_holder] -->            <\/div>\n<p><!-- [et_pb_line_break_holder] -->            <\/p>\n<div class=\"coach-btn\"><!-- [et_pb_line_break_holder] -->                <\/p>\n<div class=\"link-btn\">Pozna\u0107<\/div>\n<p><!-- [et_pb_line_break_holder] -->            <\/div>\n<p><!-- [et_pb_line_break_holder] -->        <\/div>\n<p><!-- [et_pb_line_break_holder] -->    <\/div>\n<p><!-- [et_pb_line_break_holder] --><\/div>\n<p><!-- [et_pb_line_break_holder] --><\/p>\n<div class=\"card-back\" onclick=\"location.href='\/pl\/nasi-trenerzy\/bjoern-holm\/'\"><!-- [et_pb_line_break_holder] -->    <\/p>\n<div class=\"cntnt\"><!-- [et_pb_line_break_holder] -->        <\/p>\n<div><!-- [et_pb_line_break_holder] -->        <\/div>\n<p><!-- [et_pb_line_break_holder] -->        <\/p>\n<ol><!-- [et_pb_line_break_holder] -->          <\/p>\n<li><span class=\"ques\">Co kwalifikuje Ci\u0119 jako coacha\/trenera? <\/span><!\u2013- [et_pb_br_holder] -\u2013><pee>Co mnie kwalifikuje? M\u00f3j entuzjazm dla ludzi! Ten entuzjazm motywuje mnie do towarzyszenia i wspierania ludzi w ich rozwoju osobistym i zawodowym. Zawsze jestem ciekawy indywidualnych wyzwa\u0144 i potrzeb ka\u017cdej osoby i pracuj\u0119 z Tob\u0105, aby opracowa\u0107 rozwi\u0105zania szyte na miar\u0119, w oparciu o Tw\u00f3j potencja\u0142 i talenty, a tak\u017ce ostre kraw\u0119dzie.<\/pee><!-- [et_pb_line_break_holder] -->          <pee>Jako profesjonalny coach jestem coachem systemowym i coachem biznesu, certyfikowanym wed\u0142ug DVBC, IOBC &#038; FCG. Ponadto zawsze mog\u0119 wykorzysta\u0107 swoje do\u015bwiadczenie jako mened\u017cera i dyrektora w r\u00f3\u017cnych firmach, a tak\u017ce studia w zakresie technicznej administracji przedsi\u0119biorstwem.<\/pee><!-- [et_pb_line_break_holder] -->            <\/li>\n<p><!-- [et_pb_line_break_holder] -->          <\/p>\n<li><span class=\"ques\">Co daje Ci najwi\u0119ksz\u0105 satysfakcj\u0119 w Twojej pracy?&#8230;<\/span><!\u2013- [et_pb_br_holder] -\u2013><\/li>\n<p>   <!-- [et_pb_line_break_holder] -->        <\/ol>\n<p><!-- [et_pb_line_break_holder] -->       <!-- \n\n<div>Mehr erfahren<\/div>\n\n--><!-- [et_pb_line_break_holder] -->        <\/p>\n<div class=\"primary-color\"><\/div>\n<p><!-- [et_pb_line_break_holder] -->        <\/p>\n<div class=\"bottom-footer\"><!-- [et_pb_line_break_holder] -->            <\/p>\n<div class=\"bottom-footer-container\"><!-- [et_pb_line_break_holder] -->                <\/p>\n<div class=\"_col\"><!-- [et_pb_line_break_holder] -->                    <a href=\"https:\/\/avgs-gutschein.de\/pl\/nasi-trenerzy\/bjoern-holm\/\"> <span class=\"button\">Do profilu<\/span><\/a><!-- [et_pb_line_break_holder] -->                <\/div>\n<p><!-- [et_pb_line_break_holder] -->            <\/div>\n<p><!-- [et_pb_line_break_holder] -->        <\/div>\n<p><!-- [et_pb_line_break_holder] -->    <\/div>\n<p><!-- [et_pb_line_break_holder] --><\/div>\n<p><!-- [et_pb_line_break_holder] --><\/div>\n<p><!-- [et_pb_line_break_holder] -->  <!--L\u00f6wenstein --><!-- [et_pb_line_break_holder] --><\/p>\n<div class=\"card-list item produkt-jobcoaching<!-- [et_pb_line_break_holder] -->produkt-gruendungsberatung<!-- [et_pb_line_break_holder] -->sprache-deutsch<!-- [et_pb_line_break_holder] -->sprache-englisch<!-- [et_pb_line_break_holder] -->standort-online<!-- [et_pb_line_break_holder] -->standort-lueneburg<!-- [et_pb_line_break_holder] -->themenschwerpunkte-bewerbungstraining<!-- [et_pb_line_break_holder] -->themenschwerpunkte-stellenrecherche<!-- [et_pb_line_break_holder] -->themenschwerpunkte-berufsorientierung<!-- [et_pb_line_break_holder] -->themenschwerpunkte-vorstellungsgespraeche<!-- [et_pb_line_break_holder] -->themenschwerpunkte-persoenliche-positionierung<!-- [et_pb_line_break_holder] -->themenschwerpunkte-businessplanerstellung<!-- [et_pb_line_break_holder] -->themenschwerpunkte-strategie<!-- [et_pb_line_break_holder] -->themenschwerpunkte-finanzplanung<!-- [et_pb_line_break_holder] -->themenschwerpunkte-digitales-marketing<!-- [et_pb_line_break_holder] -->themenschwerpunkte-rechtsfragen<!-- [et_pb_line_break_holder] -->branchenschwerpunkte-beratung<!-- [et_pb_line_break_holder] -->branchenschwerpunkte-dienstleistungen<!-- [et_pb_line_break_holder] -->branchenschwerpunkte-handel<!-- [et_pb_line_break_holder] -->branchenschwerpunkte-kommunikation<!-- [et_pb_line_break_holder] -->branchenschwerpunkte-fitness&#8221;><!-- [et_pb_line_break_holder] --> <\/p>\n<div class=\"card-front\"><!-- [et_pb_line_break_holder] -->     <\/p>\n<div class=\"cntnt\"><!-- [et_pb_line_break_holder] -->         <img decoding=\"async\" src=\"\/wp-content\/uploads\/2023\/12\/Profilbild-Loewenstein.webp\"><!-- [et_pb_line_break_holder] -->         <\/p>\n<div class=\"coach-card\"><!-- [et_pb_line_break_holder] -->             <\/p>\n<h2>Caren L\u00f6wenstein<\/h2>\n<p><!-- [et_pb_line_break_holder] -->             <\/p>\n<div class=\"coach-desc\"><!-- [et_pb_line_break_holder] -->                 <\/p>\n<div class=\"standort\"><b>Biuro:<\/b> Obecno\u015b\u0107 w: L\u00fcneburgu, online w ca\u0142ych Niemczech<\/div>\n<p><!-- [et_pb_line_break_holder] -->                 <\/p>\n<hr>\n<p><!-- [et_pb_line_break_holder] -->                 <\/p>\n<div class=\"specialty\"><b>Produkt:<\/b> Coaching pracy, doradztwo na start<\/div>\n<p><!-- [et_pb_line_break_holder] -->                 <\/p>\n<hr>\n<p><!-- [et_pb_line_break_holder] -->                 <\/p>\n<div class=\"lang\"><b>J\u0119zyk(i) coachingu: <\/b>niemiecki, angielski <\/div>\n<p><!-- [et_pb_line_break_holder] -->                 <\/p>\n<hr>\n<p><!-- [et_pb_line_break_holder] -->             <\/div>\n<p><!-- [et_pb_line_break_holder] -->             <\/p>\n<div class=\"coach-btn\"><!-- [et_pb_line_break_holder] -->                 <\/p>\n<div class=\"link-btn\">Pozna\u0107<\/div>\n<p><!-- [et_pb_line_break_holder] -->             <\/div>\n<p><!-- [et_pb_line_break_holder] -->         <\/div>\n<p><!-- [et_pb_line_break_holder] -->     <\/div>\n<p><!-- [et_pb_line_break_holder] --> <\/div>\n<p><!-- [et_pb_line_break_holder] --> <\/p>\n<div class=\"card-back\" onclick=\"location.href='\/pl\/nasi-trenerzy\/caren-loewenstein\/'\"><!-- [et_pb_line_break_holder] -->     <\/p>\n<div class=\"cntnt\"><!-- [et_pb_line_break_holder] -->         <\/p>\n<div><!-- [et_pb_line_break_holder] -->         <\/div>\n<p><!-- [et_pb_line_break_holder] -->         <\/p>\n<ol><!-- [et_pb_line_break_holder] -->           <\/p>\n<li><span class=\"ques\">Co kwalifikuje Ci\u0119 jako coacha\/trenera? <\/span><!\u2013- [et_pb_br_holder] -\u2013><pee>Poprzez moj\u0105 karier\u0119 zawodow\u0105 jako specjalista handlowy w r\u00f3\u017cnych sp\u00f3\u0142kach handlowych zajmuj\u0105cych si\u0119 zakupami i sprzeda\u017c\u0105, a tak\u017ce moj\u0105 poprzedni\u0105 dzia\u0142alno\u015b\u0107 na w\u0142asny rachunek jako dekorator \u015blubny i jako dwukrotny za\u0142o\u017cyciel, przynosz\u0119 ze sob\u0105 barwne i wielowarstwowe bogactwo do\u015bwiadcze\u0144. Korzystam z po\u0142\u0105czenia systemowego trenera biznesu i trenera antystresowego, co daje moim klientom ogromn\u0105 warto\u015b\u0107 dodan\u0105.<\/pee><!-- [et_pb_line_break_holder] -->          <pee>Dzi\u0119ki du\u017cej dawce empatii po\u0142\u0105czonej z pasj\u0105, zaanga\u017cowaniem i nieskomplikowan\u0105, pe\u0142n\u0105 humoru natur\u0105, w kr\u00f3tkim czasie tworz\u0119 atmosfer\u0119 zaufania. Cechuje mnie tak\u017ce wieloletnie do\u015bwiadczenie \u017cyciowe, g\u0142\u00f3d wiedzy oraz ciekawo\u015b\u0107 ludzi i ich historii.<\/pee><!-- [et_pb_line_break_holder] -->             <\/li>\n<p><!-- [et_pb_line_break_holder] -->           <\/p>\n<li><span class=\"ques\">Co daje Ci najwi\u0119ksz\u0105 satysfakcj\u0119 w Twojej pracy?&#8230;<\/span><!\u2013- [et_pb_br_holder] -\u2013><\/li>\n<p>   <!-- [et_pb_line_break_holder] -->         <\/ol>\n<p><!-- [et_pb_line_break_holder] -->        <!-- \n\n<div>Mehr erfahren<\/div>\n\n-->    <!-- [et_pb_line_break_holder] -->         <\/p>\n<div class=\"primary-color\"><\/div>\n<p><!-- [et_pb_line_break_holder] -->         <\/p>\n<div class=\"bottom-footer\"><!-- [et_pb_line_break_holder] -->             <\/p>\n<div class=\"bottom-footer-container\"><!-- [et_pb_line_break_holder] -->                 <\/p>\n<div class=\"_col\"><!-- [et_pb_line_break_holder] -->                     <a href=\"https:\/\/avgs-gutschein.de\/pl\/nasi-trenerzy\/caren-loewenstein\/\"> <span class=\"button\">Do profilu<\/span><\/a><!-- [et_pb_line_break_holder] -->                 <\/div>\n<p><!-- [et_pb_line_break_holder] -->             <\/div>\n<p><!-- [et_pb_line_break_holder] -->         <\/div>\n<p><!-- [et_pb_line_break_holder] -->     <\/div>\n<p><!-- [et_pb_line_break_holder] --> <\/div>\n<p><!-- [et_pb_line_break_holder] --><\/div>\n<p> <!-- [et_pb_line_break_holder] -->  <!--Makaschutin --><!-- [et_pb_line_break_holder] --> <\/p>\n<div class=\"card-list item<!-- [et_pb_line_break_holder] --> produkt-jobcoaching<!-- [et_pb_line_break_holder] --> sprache-deutsch<!-- [et_pb_line_break_holder] --> sprache-russisch<!-- [et_pb_line_break_holder] --> standort-online<!-- [et_pb_line_break_holder] --> standort-buchholz<!-- [et_pb_line_break_holder] --> standort-lueneburg<!-- [et_pb_line_break_holder] --> themenschwerpunkte-bewerbungstraining<!-- [et_pb_line_break_holder] --> themenschwerpunkte-stellenrecherche<!-- [et_pb_line_break_holder] --> themenschwerpunkte-berufsorientierung<!-- [et_pb_line_break_holder] --> themenschwerpunkte-vorstellungsgespraeche<!-- [et_pb_line_break_holder] --> themenschwerpunkte-persoenliche-positionierung<!-- [et_pb_line_break_holder] --> branchenschwerpunkte-beratung<!-- [et_pb_line_break_holder] --> branchenschwerpunkte-handwerk<!-- [et_pb_line_break_holder] --> branchenschwerpunkte-soziales<!-- [et_pb_line_break_holder] --> &#8222;><!-- [et_pb_line_break_holder] --> <\/p>\n<div class=\"card-front\"><!-- [et_pb_line_break_holder] -->    <\/p>\n<div class=\"cntnt\"><!-- [et_pb_line_break_holder] -->        <img decoding=\"async\" src=\"\/wp-content\/uploads\/2025\/04\/vita_makaschutin_profile_pic.webp\"><!-- [et_pb_line_break_holder] -->        <\/p>\n<div class=\"coach-card\"><!-- [et_pb_line_break_holder] -->            <\/p>\n<h2>Vita Makaschutin<\/h2>\n<p><!-- [et_pb_line_break_holder] -->            <\/p>\n<div class=\"coach-desc\"><!-- [et_pb_line_break_holder] -->                <\/p>\n<div class=\"standort\"><b>Biuro:<\/b> Obecno\u015b\u0107 w: L\u00fcneburg, Buchholz, Niemcy \u2013 online<\/div>\n<p><!-- [et_pb_line_break_holder] -->                <\/p>\n<hr>\n<p><!-- [et_pb_line_break_holder] -->                <\/p>\n<div class=\"specialty\"><b>Produkt:<\/b> Coaching zawodowy<\/div>\n<p><!-- [et_pb_line_break_holder] -->                <\/p>\n<hr>\n<p><!-- [et_pb_line_break_holder] -->                <\/p>\n<div class=\"lang\"><b>J\u0119zyk coachingowe:<\/b> Niemiecki, rosyjski<\/div>\n<p><!-- [et_pb_line_break_holder] -->                <\/p>\n<hr>\n<p><!-- [et_pb_line_break_holder] -->            <\/div>\n<p><!-- [et_pb_line_break_holder] -->            <\/p>\n<div class=\"coach-btn\"><!-- [et_pb_line_break_holder] -->                <\/p>\n<div class=\"link-btn\">Pozna\u0107<\/div>\n<p><!-- [et_pb_line_break_holder] -->            <\/div>\n<p><!-- [et_pb_line_break_holder] -->        <\/div>\n<p><!-- [et_pb_line_break_holder] -->    <\/div>\n<p><!-- [et_pb_line_break_holder] --> <\/div>\n<p><!-- [et_pb_line_break_holder] --> <\/p>\n<div class=\"card-back\" onclick=\"location.href='\/unsere-coaches\/vita-makaschutin\/'\"><!-- [et_pb_line_break_holder] -->    <\/p>\n<div class=\"cntnt\"><!-- [et_pb_line_break_holder] -->        <\/p>\n<div><!-- [et_pb_line_break_holder] -->        <\/div>\n<p><!-- [et_pb_line_break_holder] -->        <\/p>\n<ol><!-- [et_pb_line_break_holder] -->          <\/p>\n<li><span class=\"ques\">Jakie kwalifikacje kwalifikuj\u0105 Ci\u0119 jako trenera\/trenera? <\/span><!\u2013- [et_pb_br_holder] -\u2013><pee>Wieloletnia praca w sektorze edukacji doros\u0142ych i sektorze socjalnym pozwoli\u0142a mi zdoby\u0107 dog\u0142\u0119bn\u0105 wiedz\u0119 na temat wspierania jednostek i grup na r\u00f3\u017cnych etapach \u017cycia i w r\u00f3\u017cnych sytuacjach.<\/pee><!-- [et_pb_line_break_holder] -->        <pee>Stosuj\u0105c podej\u015bcie interdyscyplinarne, wspieram ludzi w osi\u0105ganiu cel\u00f3w osobistych i zawodowych, rozwijaniu potencja\u0142u i osi\u0105ganiu trwa\u0142ych zmian. Koncentruj\u0119 si\u0119 na promowaniu autorefleksji, samodzielno\u015bci i praktycznych rozwi\u0105za\u0144. Wykorzystuj\u0119 sprawdzone metody z zakresu doradztwa systemowego, technik coachingowych oraz kreatywnych podej\u015b\u0107 pedagogicznych..<\/pee> <\/li>\n<p><!-- [et_pb_line_break_holder] -->          <\/p>\n<li><span class=\"ques\">Jakie mierzalne rezultaty uda\u0142o Ci si\u0119 osi\u0105gn\u0105\u0107 wsp\u00f3lnie z klientami i co Ci\u0119 wyr\u00f3\u017cnia?&#8230;<\/span><!\u2013- [et_pb_br_holder] -\u2013><\/li>\n<p><!-- [et_pb_line_break_holder] -->        <\/ol>\n<p><!-- [et_pb_line_break_holder] -->       <!-- \n\n<div>Mehr erfahren<\/div>\n\n--><!-- [et_pb_line_break_holder] -->        <\/p>\n<div class=\"primary-color\"><\/div>\n<p><!-- [et_pb_line_break_holder] -->        <\/p>\n<div class=\"bottom-footer\"><!-- [et_pb_line_break_holder] -->            <\/p>\n<div class=\"bottom-footer-container\"><!-- [et_pb_line_break_holder] -->                <\/p>\n<div class=\"_col\"><!-- [et_pb_line_break_holder] -->                    <a href=\"\/unsere-coaches\/vita-makaschutin\/\"> <span class=\"button\">Do profilu<\/span><\/a><!-- [et_pb_line_break_holder] -->                <\/div>\n<p><!-- [et_pb_line_break_holder] -->            <\/div>\n<p><!-- [et_pb_line_break_holder] -->        <\/div>\n<p><!-- [et_pb_line_break_holder] -->    <\/div>\n<p><!-- [et_pb_line_break_holder] --> <\/div>\n<p><!-- [et_pb_line_break_holder] --> <\/div>\n<p><!-- [et_pb_line_break_holder] -->  <!--Gabriela Pegel--><!-- [et_pb_line_break_holder] --> <\/p>\n<div class=\"card-list item produkt-jobcoaching<!-- [et_pb_line_break_holder] --> standort-online<!-- [et_pb_line_break_holder] --> standort-lueneburg<!-- [et_pb_line_break_holder] --> sprache-deutsch<!-- [et_pb_line_break_holder] --> sprache-englisch<!-- [et_pb_line_break_holder] -->themenschwerpunkte-bewerbungstraining<!-- [et_pb_line_break_holder] -->themenschwerpunkte-stellenrecherche<!-- [et_pb_line_break_holder] -->themenschwerpunkte-berufsorientierung<!-- [et_pb_line_break_holder] -->themenschwerpunkte-vorstellungsgespraeche<!-- [et_pb_line_break_holder] -->themenschwerpunkte-persoenliche-positionierung<!-- [et_pb_line_break_holder] --> branchenschwerpunkte-beratung<!-- [et_pb_line_break_holder] --> branchenschwerpunkte-dienstleistungen<!-- [et_pb_line_break_holder] --> branchenschwerpunkte-event<!-- [et_pb_line_break_holder] --> branchenschwerpunkte-gastronomie<!-- [et_pb_line_break_holder] --> branchenschwerpunkte-gesundheit<!-- [et_pb_line_break_holder] --> branchenschwerpunkte-handel<!-- [et_pb_line_break_holder] --> branchenschwerpunkte-handwerk<!-- [et_pb_line_break_holder] --> branchenschwerpunkte-kultur<!-- [et_pb_line_break_holder] --> branchenschwerpunkte-marketing<!-- [et_pb_line_break_holder] --> branchenschwerpunkte-NGOs<!-- [et_pb_line_break_holder] --> branchenschwerpunkte-soziales<!-- [et_pb_line_break_holder] --> branchenschwerpunkte-finanzen<!-- [et_pb_line_break_holder] --> branchenschwerpunkte-onlinemedien&#8221;><!-- [et_pb_line_break_holder] --> <\/p>\n<div class=\"card-front\"><!-- [et_pb_line_break_holder] -->    <\/p>\n<div class=\"cntnt\"><!-- [et_pb_line_break_holder] -->        <img decoding=\"async\" src=\"\/wp-content\/uploads\/2025\/10\/Gabriela_Pegel_profile_pic_cropped-e1759897767957.webp\"><!-- [et_pb_line_break_holder] -->        <\/p>\n<div class=\"coach-card\"><!-- [et_pb_line_break_holder] -->            <\/p>\n<h2>Gabriela Pegel<\/h2>\n<p><!-- [et_pb_line_break_holder] -->            <\/p>\n<div class=\"coach-desc\"><!-- [et_pb_line_break_holder] -->                <\/p>\n<div class=\"standort\"><b>Biuro:<\/b>Obecno\u015b\u0107 w: Adendorf &#8211; L\u00fcneburg, online w ca\u0142ych Niemczech<\/div>\n<p><!-- [et_pb_line_break_holder] -->                <\/p>\n<hr>\n<p><!-- [et_pb_line_break_holder] -->                <\/p>\n<div class=\"specialty\"><b>Produkt:<\/b> Coaching zawodowy <\/div>\n<p><!-- [et_pb_line_break_holder] -->                <\/p>\n<hr>\n<p><!-- [et_pb_line_break_holder] -->                <\/p>\n<div class=\"lang\"><b>J\u0119zyk(i) coachingowe:<\/b>Niemiecki, angielski<\/div>\n<p><!-- [et_pb_line_break_holder] -->                <\/p>\n<hr>\n<p><!-- [et_pb_line_break_holder] -->            <\/div>\n<p><!-- [et_pb_line_break_holder] -->            <\/p>\n<div class=\"coach-btn\"><!-- [et_pb_line_break_holder] -->                <\/p>\n<div class=\"link-btn\">Pozna\u0107<\/div>\n<p><!-- [et_pb_line_break_holder] -->            <\/div>\n<p><!-- [et_pb_line_break_holder] -->        <\/div>\n<p><!-- [et_pb_line_break_holder] -->    <\/div>\n<p><!-- [et_pb_line_break_holder] --> <\/div>\n<p><!-- [et_pb_line_break_holder] --> <\/p>\n<div class=\"card-back\" onclick=\"location.href='\/pl\/nasi-trenerzy\/gabriela-pegel\/'\"><!-- [et_pb_line_break_holder] -->    <\/p>\n<div class=\"cntnt\"><!-- [et_pb_line_break_holder] -->        <\/p>\n<div><!-- [et_pb_line_break_holder] -->        <\/div>\n<p><!-- [et_pb_line_break_holder] -->        <\/p>\n<ol><!-- [et_pb_line_break_holder] -->          <\/p>\n<li><span class=\"ques\">Jakie kwalifikacje kwalifikuj\u0105 Ci\u0119 jako trenera\/trenera?  <\/span><!\u2013- [et_pb_br_holder] -\u2013><pee>Podchodzenie do nowych zada\u0144 i wyzwa\u0144 z ciekawo\u015bci\u0105 zawsze by\u0142o moim mottem: robi\u0107 to, co wydaje mi si\u0119 logiczne, ca\u0142ym sercem i oddaniem. Dzi\u0119ki r\u00f3\u017cnym zawodom i bran\u017com zdoby\u0142em ogromne do\u015bwiadczenie i nigdy nie przestaj\u0119 si\u0119 uczy\u0107. Moje wykszta\u0142cenie jako naukowca sportowego i trenera\/trenera mentalnego, 20 lat do\u015bwiadczenia zawodowego w bran\u017cy filmowej i telewizyjnej, a tak\u017ce w nieruchomo\u015bciach i inwestycjach projektowych, a wreszcie, do\u015bwiadczenie \u017cyciowe w kontaktach z tak r\u00f3\u017cnorodnymi lud\u017ami i \u015brodowiskami, daj\u0105 mi pewno\u015b\u0107 siebie i przekonanie, \u017ce jestem na w\u0142a\u015bciwej drodze jako trener i trener mentalny. <\/pee><!-- [et_pb_line_break_holder] -->            <\/li>\n<p><!-- [et_pb_line_break_holder] -->          <\/p>\n<li><span class=\"ques\">Co jest dla Ciebie najbardziej satysfakcjonuj\u0105ce w Twojej pracy?&#8230;<\/span><!\u2013- [et_pb_br_holder] -\u2013><\/li>\n<p><!-- [et_pb_line_break_holder] -->        <\/ol>\n<p><!-- [et_pb_line_break_holder] -->       <!-- \n\n<div>Mehr erfahren<\/div>\n\n--><!-- [et_pb_line_break_holder] -->        <\/p>\n<div class=\"primary-color\"><\/div>\n<p><!-- [et_pb_line_break_holder] -->        <\/p>\n<div class=\"bottom-footer\"><!-- [et_pb_line_break_holder] -->            <\/p>\n<div class=\"bottom-footer-container\"><!-- [et_pb_line_break_holder] -->                <\/p>\n<div class=\"_col\"><!-- [et_pb_line_break_holder] -->                    <a href=\"\/pl\/nasi-trenerzy\/gabriela-pegel\/\"> <span class=\"button\">Przejd\u017a do profilu<\/span><\/a><!-- [et_pb_line_break_holder] -->                <\/div>\n<p><!-- [et_pb_line_break_holder] -->            <\/div>\n<p><!-- [et_pb_line_break_holder] -->        <\/div>\n<p><!-- [et_pb_line_break_holder] -->    <\/div>\n<p><!-- [et_pb_line_break_holder] --> <\/div>\n<p><!-- [et_pb_line_break_holder] --> <\/div>\n<p><!-- [et_pb_line_break_holder] -->  <!--Karin Witt--><!-- [et_pb_line_break_holder] --><\/p>\n<div class=\"card-list item produkt-jobcoaching<!-- [et_pb_line_break_holder] -->standort-online<!-- [et_pb_line_break_holder] -->standort-lueneburg<!-- [et_pb_line_break_holder] -->sprache-deutsch<!-- [et_pb_line_break_holder] -->themenschwerpunkte-businessplanerstellung<!-- [et_pb_line_break_holder] -->themenschwerpunkte-strategie<!-- [et_pb_line_break_holder] -->themenschwerpunkte-finanzplanung<!-- [et_pb_line_break_holder] -->themenschwerpunkte-digitales-marketing<!-- [et_pb_line_break_holder] -->themenschwerpunkte-rechtsfragen<!-- [et_pb_line_break_holder] -->branchenschwerpunkte-beratung<!-- [et_pb_line_break_holder] -->branchenschwerpunkte-dienstleistungen<!-- [et_pb_line_break_holder] -->branchenschwerpunkte-energie<!-- [et_pb_line_break_holder] -->branchenschwerpunkte-event<!-- [et_pb_line_break_holder] -->branchenschwerpunkte-gastronomie <!-- [et_pb_line_break_holder] -->branchenschwerpunkte-pflege<!-- [et_pb_line_break_holder] -->branchenschwerpunkte-handel<!-- [et_pb_line_break_holder] -->branchenschwerpunkte-handwerk<!-- [et_pb_line_break_holder] -->branchenschwerpunkte-design<!-- [et_pb_line_break_holder] -->branchenschwerpunkte-kultur<!-- [et_pb_line_break_holder] -->branchenschwerpunkte-kommunikation<!-- [et_pb_line_break_holder] -->branchenschwerpunkte-fitness&#8221;><!-- [et_pb_line_break_holder] --> <\/p>\n<div class=\"card-front\"><!-- [et_pb_line_break_holder] -->     <\/p>\n<div class=\"cntnt\"><!-- [et_pb_line_break_holder] -->         <img decoding=\"async\" src=\"\/wp-content\/uploads\/2025\/10\/Karin_Witt_updated_profile_image.webp\"><!-- [et_pb_line_break_holder] -->         <\/p>\n<div class=\"coach-card\"><!-- [et_pb_line_break_holder] -->             <\/p>\n<h2>Karin Witt<\/h2>\n<p><!-- [et_pb_line_break_holder] -->             <\/p>\n<div class=\"coach-desc\"><!-- [et_pb_line_break_holder] -->                 <\/p>\n<div class=\"standort\"><b>Biuro:<\/b> Obecno\u015b\u0107 w: L\u00fcneburgu, online w ca\u0142ych Niemczech<\/div>\n<p><!-- [et_pb_line_break_holder] -->                 <\/p>\n<hr>\n<p><!-- [et_pb_line_break_holder] -->                 <\/p>\n<div class=\"specialty\"><b>Produkt:<\/b> Porady na start <\/div>\n<p><!-- [et_pb_line_break_holder] -->                 <\/p>\n<hr>\n<p><!-- [et_pb_line_break_holder] -->                 <\/p>\n<div class=\"lang\"><b>J\u0119zyk(i) coachingu:<\/b> niemiecki<\/div>\n<p><!-- [et_pb_line_break_holder] -->                 <\/p>\n<hr>\n<p><!-- [et_pb_line_break_holder] -->             <\/div>\n<p><!-- [et_pb_line_break_holder] -->             <\/p>\n<div class=\"coach-btn\"><!-- [et_pb_line_break_holder] -->                 <\/p>\n<div class=\"link-btn\">Pozna\u0107<\/div>\n<p><!-- [et_pb_line_break_holder] -->             <\/div>\n<p><!-- [et_pb_line_break_holder] -->         <\/div>\n<p><!-- [et_pb_line_break_holder] -->     <\/div>\n<p><!-- [et_pb_line_break_holder] --> <\/div>\n<p><!-- [et_pb_line_break_holder] --> <\/p>\n<div class=\"card-back\" onclick=\"location.href='\/pl\/nasi-trenerzy\/karin-witt\/'\"><!-- [et_pb_line_break_holder] -->     <\/p>\n<div class=\"cntnt\"><!-- [et_pb_line_break_holder] -->         <\/p>\n<div><!-- [et_pb_line_break_holder] -->         <\/div>\n<p><!-- [et_pb_line_break_holder] -->         <\/p>\n<ol><!-- [et_pb_line_break_holder] -->           <\/p>\n<li><span class=\"ques\">Co kwalifikuje Ci\u0119 jako coacha\/trenera? <\/span><!\u2013- [et_pb_br_holder] -\u2013><pee>Sam przeszed\u0142em t\u0119 \u015bcie\u017ck\u0119. Jako prawnik od pocz\u0105tku pracowa\u0142em na w\u0142asny rachunek. Decyzja, aby nie zawsze mie\u0107 do czynienia z k\u0142\u00f3tniami, po kilku latach doprowadzi\u0142a mnie do szkolenia w zakresie mediacji. Po kolejnym szkoleniu coachingowym, po urlopie rodzicielskim, ponownie podj\u0119\u0142am prac\u0119 na w\u0142asny rachunek, korzystaj\u0105c ze wsparcia coachingu start-up. Od tego czasu jestem zdeklarowan\u0105 osob\u0105 pracuj\u0105c\u0105 na w\u0142asny rachunek i stale rozwijam swoj\u0105 ofert\u0119. W mi\u0119dzyczasie \u017cycie wielokrotnie stawia\u0142o mnie przed bardzo ekstremalnymi wyzwaniami, z kt\u00f3rymi zawsze radzi\u0142em sobie we w\u0142asnym tempie jako przedsi\u0119biorca i menad\u017cer rodziny. Wci\u0105\u017c staram si\u0119 wszystko pogodzi\u0107 najlepiej jak potrafi\u0119. Czasami ciesz\u0119 si\u0119 z nowych wyzwa\u0144, bo i tak zawsze pojawia si\u0119 co\u015b innego i nauczy\u0142am si\u0119, \u017ce wszystko idzie dalej, je\u015bli si\u0119 nie przestaniesz. Wspar\u0142em ju\u017c ponad 500 za\u0142o\u017cycieli i jestem ekspertem w temacie zak\u0142adania firm. Z niecierpliwo\u015bci\u0105 czekam na ka\u017cdy nowy projekt start-upowy. <\/pee><!-- [et_pb_line_break_holder] -->             <\/li>\n<p><!-- [et_pb_line_break_holder] -->           <\/p>\n<li><span class=\"ques\">Jakie wymierne rezultaty osi\u0105gn\u0119li\u015bcie wsp\u00f3lnie ze swoimi klientami i co Was wyr\u00f3\u017cnia?&#8230;<\/span><!\u2013- [et_pb_br_holder] -\u2013><\/li>\n<p>   <!-- [et_pb_line_break_holder] -->         <\/ol>\n<p><!-- [et_pb_line_break_holder] -->        <!-- \n\n<div>Mehr erfahren<\/div>\n\n-->    <!-- [et_pb_line_break_holder] -->         <\/p>\n<div class=\"primary-color\"><\/div>\n<p><!-- [et_pb_line_break_holder] -->         <\/p>\n<div class=\"bottom-footer\"><!-- [et_pb_line_break_holder] -->             <\/p>\n<div class=\"bottom-footer-container\"><!-- [et_pb_line_break_holder] -->                 <\/p>\n<div class=\"_col\"><!-- [et_pb_line_break_holder] -->                     <a href=\"https:\/\/avgs-gutschein.de\/pl\/nasi-trenerzy\/karin-witt\/\"> <span class=\"button\">Do profilu<\/span><\/a><!-- [et_pb_line_break_holder] -->                 <\/div>\n<p><!-- [et_pb_line_break_holder] -->             <\/div>\n<p><!-- [et_pb_line_break_holder] -->         <\/div>\n<p><!-- [et_pb_line_break_holder] -->     <\/div>\n<p><!-- [et_pb_line_break_holder] --> <\/div>\n<p><!-- [et_pb_line_break_holder] --><\/div>\n<p> <!-- [et_pb_line_break_holder] --><\/div>\n<p>[\/et_pb_code][et_pb_text _builder_version=&#8221;4.27.2&#8243; _module_preset=&#8221;default&#8221; text_font_size=&#8221;30px&#8221; header_2_font=&#8221;|600|||||||&#8221; header_2_text_align=&#8221;center&#8221; header_2_text_color=&#8221;#555555&#8243; header_2_font_size=&#8221;30px&#8221; header_2_line_height=&#8221;1.54em&#8221; global_colors_info=&#8221;{}&#8221;]<\/p>\n<h2>Je\u015bli nie znalaz\u0142e\u015b trenera, tutaj znajdziesz przegl\u0105d naszych trener\u00f3w online w ca\u0142ych Niemczech<\/h2>\n<p>[\/et_pb_text][et_pb_button button_url=&#8221;\/pl\/nasi-trenerzy\/&#8221; button_text=&#8221;Nasi trenerzy online AVGS&#8221; button_alignment=&#8221;center&#8221; _builder_version=&#8221;4.27.2&#8243; _module_preset=&#8221;default&#8221; custom_button=&#8221;on&#8221; button_text_color=&#8221;#FFFFFF&#8221; button_bg_color=&#8221;#cd222a&#8221; button_border_width=&#8221;0px&#8221; global_colors_info=&#8221;{}&#8221;][\/et_pb_button][\/et_pb_column][\/et_pb_row][\/et_pb_section][et_pb_section fb_built=&#8221;1&#8243; _builder_version=&#8221;4.23.4&#8243; _module_preset=&#8221;default&#8221; background_image=&#8221;https:\/\/avgs-gutschein.de\/wp-content\/uploads\/2024\/01\/Footer_Contact.webp&#8221; parallax=&#8221;on&#8221; parallax_method=&#8221;off&#8221; custom_padding=&#8221;100px||150px||false|false&#8221; global_colors_info=&#8221;{}&#8221;][et_pb_row _builder_version=&#8221;4.23.1&#8243; _module_preset=&#8221;default&#8221; background_color=&#8221;rgba(255,255,255,0.83)&#8221; transform_translate_linked=&#8221;off&#8221; z_index=&#8221;9&#8243; max_width=&#8221;800px&#8221; custom_padding=&#8221;||||false|false&#8221; border_radii=&#8221;on|5px|5px|5px|5px&#8221; global_colors_info=&#8221;{}&#8221;][et_pb_column type=&#8221;4_4&#8243; _builder_version=&#8221;4.23.1&#8243; _module_preset=&#8221;default&#8221; global_colors_info=&#8221;{}&#8221;][et_pb_blurb title=&#8221;Um\u00f3w si\u0119 na bezp\u0142atn\u0105 konsultacj\u0119 ju\u017c dzi\u015b&#8221; use_icon=&#8221;on&#8221; font_icon=&#8221;&#x77;||divi||400&#8243; icon_color=&#8221;#cd222a&#8221; content_max_width=&#8221;100%&#8221; module_class=&#8221;avgs-h2 gray-font&#8221; _builder_version=&#8221;4.27.2&#8243; _module_preset=&#8221;default&#8221; header_level=&#8221;h2&#8243; header_font=&#8221;||||||||&#8221; header_text_align=&#8221;center&#8221; global_colors_info=&#8221;{}&#8221;][\/et_pb_blurb][et_pb_button button_url=&#8221;@ET-DC@eyJkeW5hbWljIjp0cnVlLCJjb250ZW50IjoicG9zdF9saW5rX3VybF9wYWdlIiwic2V0dGluZ3MiOnsicG9zdF9pZCI6IjM1OCJ9fQ==@&#8221; button_text=&#8221;Tylko dwa klikni\u0119cia do nas&#8221; button_alignment=&#8221;center&#8221; _builder_version=&#8221;4.27.2&#8243; _dynamic_attributes=&#8221;button_url&#8221; _module_preset=&#8221;default&#8221; custom_button=&#8221;on&#8221; button_text_color=&#8221;#cd222a&#8221; button_border_width=&#8221;1px&#8221; button_use_icon=&#8221;off&#8221; global_colors_info=&#8221;{}&#8221;][\/et_pb_button][\/et_pb_column][\/et_pb_row][\/et_pb_section][et_pb_section fb_built=&#8221;1&#8243; _builder_version=&#8221;4.27.0&#8243; _module_preset=&#8221;default&#8221; border_width_bottom=&#8221;1px&#8221; border_color_bottom=&#8221;#cd222a&#8221; global_colors_info=&#8221;{}&#8221;][et_pb_row _builder_version=&#8221;4.23.1&#8243; _module_preset=&#8221;default&#8221; global_colors_info=&#8221;{}&#8221;][et_pb_column type=&#8221;4_4&#8243; _builder_version=&#8221;4.23.1&#8243; _module_preset=&#8221;default&#8221; global_colors_info=&#8221;{}&#8221;][et_pb_text _builder_version=&#8221;4.27.2&#8243; _module_preset=&#8221;default&#8221; text_font_size=&#8221;30px&#8221; header_2_font=&#8221;|600|||||||&#8221; header_2_text_align=&#8221;center&#8221; header_2_text_color=&#8221;#555555&#8243; header_2_font_size=&#8221;30px&#8221; header_2_line_height=&#8221;1.54em&#8221; global_colors_info=&#8221;{}&#8221;]<\/p>\n<h2>Zesp\u00f3\u0142 AVGS Vouchery jako partner Twojej zawodowej przysz\u0142o\u015bci<\/h2>\n<p>[\/et_pb_text][et_pb_text module_class=&#8221;normal-p&#8221; _builder_version=&#8221;4.27.2&#8243; _module_preset=&#8221;default&#8221; global_colors_info=&#8221;{}&#8221;]Opr\u00f3cz us\u0142ug wspieranych przez AVGS w zakresie reorientacji zawodowej i zak\u0142adania dzia\u0142alno\u015bci gospodarczej oferujemy r\u00f3wnie\u017c r\u00f3\u017cne inne us\u0142ugi coachingowe, takie jak szkolenia aplikacyjne, coaching dla os\u00f3b rozpoczynaj\u0105cych karier\u0119, coaching kariery lub porady na temat marketingu internetowego. Nasz\u0105 obietnic\u0105 jest zapewnienie Pa\u0144stwu wysokiej jako\u015bci us\u0142ug o bezpo\u015brednim praktycznym znaczeniu. Wi\u0119cej informacji o naszej firmie i naszym portfolio us\u0142ug mo\u017cna znale\u017a\u0107 na stronie <a href=\"https:\/\/www.beratungsgesellschaft-willkomm.de\/\" target=\"_blank\" rel=\"noopener\">https:\/\/www.beratungsgesellschaft-willkomm.de\/<\/a>[\/et_pb_text][\/et_pb_column][\/et_pb_row][\/et_pb_section][et_pb_section fb_built=&#8221;1&#8243; _builder_version=&#8221;4.25.1&#8243; _module_preset=&#8221;default&#8221; background_color=&#8221;#FFFFFF&#8221; saved_tabs=&#8221;all&#8221; global_colors_info=&#8221;{}&#8221;][et_pb_row _builder_version=&#8221;4.23.1&#8243; _module_preset=&#8221;default&#8221; max_width=&#8221;900px&#8221; custom_padding=&#8221;50px||||false|false&#8221; custom_css_main_element=&#8221;max-width:900px!important;&#8221; global_colors_info=&#8221;{}&#8221;][et_pb_column type=&#8221;4_4&#8243; _builder_version=&#8221;4.23.1&#8243; _module_preset=&#8221;default&#8221; global_colors_info=&#8221;{}&#8221;][et_pb_text module_class=&#8221;red-font avgs-h2&#8243; _builder_version=&#8221;4.27.2&#8243; _module_preset=&#8221;default&#8221; header_2_font=&#8221;|700|||||||&#8221; header_2_text_align=&#8221;center&#8221; header_2_text_color=&#8221;#cd222a&#8221; global_colors_info=&#8221;{}&#8221;]<\/p>\n<h2 class=\"gray-font\">Opinie\/referencje Google<\/h2>\n<p>[\/et_pb_text][et_pb_code _builder_version=&#8221;4.25.1&#8243; _module_preset=&#8221;default&#8221; global_colors_info=&#8221;{}&#8221;]<!-- Trustindex Script Placeholder --><!-- [et_pb_line_break_holder] --><script type=\"text\/plain\" data-usercentrics=\"Trustindex\" src=\"https:\/\/cdn.trustindex.io\/loader.js?729b4fa33bc890809846eb1ef5f\"><\/script>[\/et_pb_code][et_pb_text _builder_version=&#8221;4.27.2&#8243; _module_preset=&#8221;default&#8221; text_font_size=&#8221;20px&#8221; link_text_color=&#8221;#cd222a&#8221; link_font_size=&#8221;20px&#8221; text_orientation=&#8221;center&#8221; global_colors_info=&#8221;{}&#8221;]<span>Przeczytaj nasze recenzje na stronie\u00a0<\/span><a target=\"_blank\" class=\"c-link\" data-stringify-link=\"https:\/\/g.co\/kgs\/PTBt4uz\" delay=\"150\" data-sk=\"tooltip_parent\" href=\"https:\/\/g.co\/kgs\/PTBt4uz\" rel=\"noopener noreferrer\">https:\/\/g.co\/kgs\/PTBt4uz<\/a><span>.<\/span>[\/et_pb_text][et_pb_slider show_arrows=&#8221;off&#8221; dot_nav_custom_color=&#8221;#cd222a&#8221; disabled_on=&#8221;on|on|on&#8221; module_class=&#8221;testimonials&#8221; _builder_version=&#8221;4.23.1&#8243; _module_preset=&#8221;default&#8221; header_font_size=&#8221;20px&#8221; background_color=&#8221;#e0e0e0&#8243; auto=&#8221;on&#8221; custom_css_slide_image=&#8221;width:130px!important;&#8221; border_radii=&#8221;on|5px|5px|5px|5px&#8221; box_shadow_style=&#8221;preset1&#8243; box_shadow_vertical=&#8221;0px&#8221; box_shadow_blur=&#8221;3px&#8221; box_shadow_color=&#8221;rgba(205,34,42,0.5)&#8221; disabled=&#8221;on&#8221; global_colors_info=&#8221;{}&#8221;][et_pb_slide button_link=&#8221;https:\/\/g.co\/kgs\/fafa6G&#8221; url_new_window=&#8221;on&#8221; image=&#8221;https:\/\/avgs-gutschein.de\/wp-content\/uploads\/2023\/11\/testimonials_prof_pic_SV_1.webp&#8221; _builder_version=&#8221;4.23.1&#8243; _module_preset=&#8221;default&#8221; header_text_color=&#8221;#555555&#8243; body_text_color=&#8221;#555555&#8243; background_color=&#8221;#f5f5f5&#8243; background_enable_color=&#8221;on&#8221; link_option_url=&#8221;https:\/\/g.co\/kgs\/fafa6G&#8221; link_option_url_new_window=&#8221;on&#8221; global_colors_info=&#8221;{}&#8221; sticky_transition=&#8221;on&#8221;]<\/p>\n<p>Ich habe in der Gr\u00fcndungsberatung in L\u00fcneburg bei Frau Witt wahnsinnig viel gelernt und es hat sich f\u00fcr mich absolut gelohnt sie wahrzunehmen. Die Beratung hat neben den erwarteten Dingen auch viele kleine Details beinhaltet, auf die ich von alleine nie gekommen w\u00e4re und ganz nebenbei hat sie auch noch richtig Spa\u00df gemacht. Die Atmosph\u00e4re war angenehm entspannt. Durch Frau Witt f\u00fchle ich mich jetzt richtig gut aufgestellt f\u00fcr den Start in meine Selbst\u00e4ndigkeit.<\/p>\n<p class=\"test_name\">Sunny Vivi<\/p>\n<p>[\/et_pb_slide][et_pb_slide button_link=&#8221;https:\/\/g.co\/kgs\/fafa6G&#8221; url_new_window=&#8221;on&#8221; image=&#8221;https:\/\/avgs-gutschein.de\/wp-content\/uploads\/2023\/11\/testimonials_prof_pic_AP_1.webp&#8221; _builder_version=&#8221;4.23.1&#8243; _module_preset=&#8221;default&#8221; header_text_color=&#8221;#555555&#8243; body_text_color=&#8221;#555555&#8243; background_color=&#8221;#f5f5f5&#8243; background_enable_color=&#8221;on&#8221; link_option_url=&#8221;https:\/\/g.co\/kgs\/fafa6G&#8221; link_option_url_new_window=&#8221;on&#8221; custom_css_slide_image=&#8221;width:150px;&#8221; global_colors_info=&#8221;{}&#8221; sticky_transition=&#8221;on&#8221;]<\/p>\n<p>Das waren wirklich zielf\u00fchrende mich absolut weiterbringende Gespr\u00e4che, die ich mit Herrn Thomas f\u00fchren durfte. Kompetenz, Einf\u00fchlungsverm\u00f6gen und praxisnahe Ratschl\u00e4ge zeigten mir neue Wege und Perspektiven. Daf\u00fcr Danke, Respekt und uneingeschr\u00e4nkte Weiterempfehlung.<\/p>\n<p class=\"test_name\">achim preissler<\/p>\n<p>[\/et_pb_slide][et_pb_slide button_link=&#8221;https:\/\/g.co\/kgs\/fafa6G&#8221; url_new_window=&#8221;on&#8221; image=&#8221;https:\/\/avgs-gutschein.de\/wp-content\/uploads\/2023\/11\/testimonials_prof_pic_BW_1.webp&#8221; _builder_version=&#8221;4.23.1&#8243; _module_preset=&#8221;default&#8221; header_text_color=&#8221;#555555&#8243; body_text_color=&#8221;#555555&#8243; background_color=&#8221;#f5f5f5&#8243; background_enable_color=&#8221;on&#8221; link_option_url=&#8221;https:\/\/g.co\/kgs\/fafa6G&#8221; link_option_url_new_window=&#8221;on&#8221; custom_css_slide_image=&#8221;width:150px;&#8221; global_colors_info=&#8221;{}&#8221; sticky_transition=&#8221;on&#8221;]<\/p>\n<p>Das Gr\u00fcndungsberatung mit Frau Witt hat mich in Bezug auf meine bevorstehende Selbstst\u00e4ndigkeit in vielerlei Hinsicht sehr gut vorbereitet. Ich habe viele gute Hinweise f\u00fcr die Zeit vor, w\u00e4hrend und nach der Gr\u00fcndung erhalten. Kompetent, zielgerichtet und mental unglaublich flexibel &#8211; danke f\u00fcr diese Erfahrung!<\/p>\n<p class=\"test_name\">Britta Wagner<\/p>\n<p>[\/et_pb_slide][et_pb_slide button_link=&#8221;https:\/\/g.co\/kgs\/fafa6G&#8221; url_new_window=&#8221;on&#8221; image=&#8221;https:\/\/avgs-gutschein.de\/wp-content\/uploads\/2023\/11\/testimonials_prof_pic_TS_1.webp&#8221; _builder_version=&#8221;4.23.1&#8243; _module_preset=&#8221;default&#8221; header_text_color=&#8221;#555555&#8243; body_text_color=&#8221;#555555&#8243; background_color=&#8221;#f5f5f5&#8243; background_enable_color=&#8221;on&#8221; link_option_url=&#8221;https:\/\/g.co\/kgs\/fafa6G&#8221; link_option_url_new_window=&#8221;on&#8221; custom_css_slide_image=&#8221;width:150px;&#8221; global_colors_info=&#8221;{}&#8221; sticky_transition=&#8221;on&#8221;]<\/p>\n<p>Mit Frau Dr. Julia Harm sitzt genau die richtige Person an einer entscheidenden Stelle. Vielen Dank f\u00fcr die netten, pers\u00f6nlichen und informativen Gespr\u00e4che auf Augenh\u00f6he und dem gemeinsamen Entwickeln einer Idee, sowie einen passenden Fahrplan f\u00fcr dessen Umsetzung. Mit sehr guten fachlichen Ratschl\u00e4gen, n\u00fctzlichen Hinweisen und fundierten Antworten auf entstandene Fragen w\u00e4hrend des Gr\u00fcnder-Coachings, bin ich nun sehr gut f\u00fcr meine Gr\u00fcndung vorbereitet. Sehr empfehlenswert.<\/p>\n<p class=\"test_name\">Tobias Stenzel<\/p>\n<p>[\/et_pb_slide][et_pb_slide button_link=&#8221;https:\/\/g.co\/kgs\/fafa6G&#8221; url_new_window=&#8221;on&#8221; image=&#8221;https:\/\/avgs-gutschein.de\/wp-content\/uploads\/2023\/11\/testimonials_prof_pic_AF_1.webp&#8221; _builder_version=&#8221;4.23.1&#8243; _module_preset=&#8221;default&#8221; header_text_color=&#8221;#555555&#8243; body_text_color=&#8221;#555555&#8243; background_color=&#8221;#f5f5f5&#8243; background_enable_color=&#8221;on&#8221; link_option_url=&#8221;https:\/\/g.co\/kgs\/fafa6G&#8221; link_option_url_new_window=&#8221;on&#8221; custom_css_slide_image=&#8221;width:150px;&#8221; global_colors_info=&#8221;{}&#8221; sticky_transition=&#8221;on&#8221;]<\/p>\n<p>Ich befinde mich gerade in einer Zeit mit vielen Ver\u00e4nderungen. Das Coaching mit Frau Daniels hat mir sehr viel Mut und Selbstvertrauen gegeben. Genau das, was ich brauche. Ich durfte viel Neues lernen und f\u00fchle mich bereit, f\u00fcr alles was nun kommt! Ein riesengro\u00dfes Dankesch\u00f6n, Bettina Daniels \ud83d\ude0a<\/p>\n<p class=\"test_name\">Antje Finnern<\/p>\n<p>[\/et_pb_slide][\/et_pb_slider][\/et_pb_column][\/et_pb_row][\/et_pb_section]<\/p>\n","protected":false},"excerpt":{"rendered":"<p>Nasz zesp\u00f3\u0142 trenerski AVGS w L\u00fcneburg Wykwalifikowany zesp\u00f3\u0142 na rzecz Twojej zmiany kariery lub za\u0142o\u017cenia firmyW L\u00fcneburgu zesp\u00f3\u0142 AVGS Vouchery zaprasza do naszych biur przy Wichernstrasse 34b. W jasnych pomieszczeniach z widokiem na las nasi do\u015bwiadczeni trenerzy z L\u00fcneburga ch\u0119tnie udziel\u0105 Ci porad na temat Twoich kolejnych krok\u00f3w zawodowych. W L\u00fcneburgu oferujemy zar\u00f3wno nasze doradztwo [&hellip;]<\/p>\n","protected":false},"author":1,"featured_media":0,"parent":6671,"menu_order":0,"comment_status":"closed","ping_status":"closed","template":"","meta":{"_et_pb_use_builder":"on","_et_pb_old_content":"","_et_gb_content_width":"","footnotes":""},"class_list":["post-6973","page","type-page","status-publish","hentry"],"yoast_head":"<!-- This site is optimized with the Yoast SEO plugin v26.0 - https:\/\/yoast.com\/wordpress\/plugins\/seo\/ -->\n<title>AVGS Coaching L\u00fcneburg: Nasz zesp\u00f3\u0142 w L\u00fcneburg<\/title>\n<meta name=\"description\" content=\"Professional AVGS Coaching L\u00fcneburg - 100% funded. Our AVGS voucher team in L\u00fcneburg welcomes you in our offices at Wichernstra\u00dfe 34b.\" \/>\n<meta name=\"robots\" content=\"index, follow, max-snippet:-1, max-image-preview:large, max-video-preview:-1\" \/>\n<link rel=\"canonical\" href=\"https:\/\/avgs-gutschein.de\/pl\/nasze-biura-avgs\/lueneburg\/\" \/>\n<meta property=\"og:locale\" content=\"pl_PL\" \/>\n<meta property=\"og:type\" content=\"article\" \/>\n<meta property=\"og:title\" content=\"AVGS Coaching L\u00fcneburg: Nasz zesp\u00f3\u0142 w L\u00fcneburg\" \/>\n<meta property=\"og:description\" content=\"Professional AVGS Coaching L\u00fcneburg - 100% funded. Our AVGS voucher team in L\u00fcneburg welcomes you in our offices at Wichernstra\u00dfe 34b.\" \/>\n<meta property=\"og:url\" content=\"https:\/\/avgs-gutschein.de\/pl\/nasze-biura-avgs\/lueneburg\/\" \/>\n<meta property=\"og:site_name\" content=\"AVGS Gutschein\" \/>\n<meta property=\"article:modified_time\" content=\"2025-10-08T07:40:51+00:00\" \/>\n<meta name=\"twitter:card\" content=\"summary_large_image\" \/>\n<meta name=\"twitter:label1\" content=\"Szacowany czas czytania\" \/>\n\t<meta name=\"twitter:data1\" content=\"12 minut\" \/>\n<script type=\"application\/ld+json\" class=\"yoast-schema-graph\">{\"@context\":\"https:\/\/schema.org\",\"@graph\":[{\"@type\":\"WebPage\",\"@id\":\"https:\/\/avgs-gutschein.de\/pl\/nasze-biura-avgs\/lueneburg\/\",\"url\":\"https:\/\/avgs-gutschein.de\/pl\/nasze-biura-avgs\/lueneburg\/\",\"name\":\"AVGS Coaching L\u00fcneburg: Nasz zesp\u00f3\u0142 w L\u00fcneburg\",\"isPartOf\":{\"@id\":\"https:\/\/avgs-gutschein.de\/pl\/#website\"},\"datePublished\":\"2024-01-17T02:01:18+00:00\",\"dateModified\":\"2025-10-08T07:40:51+00:00\",\"description\":\"Professional AVGS Coaching L\u00fcneburg - 100% funded. Our AVGS voucher team in L\u00fcneburg welcomes you in our offices at Wichernstra\u00dfe 34b.\",\"breadcrumb\":{\"@id\":\"https:\/\/avgs-gutschein.de\/pl\/nasze-biura-avgs\/lueneburg\/#breadcrumb\"},\"inLanguage\":\"pl-PL\",\"potentialAction\":[{\"@type\":\"ReadAction\",\"target\":[\"https:\/\/avgs-gutschein.de\/pl\/nasze-biura-avgs\/lueneburg\/\"]}]},{\"@type\":\"BreadcrumbList\",\"@id\":\"https:\/\/avgs-gutschein.de\/pl\/nasze-biura-avgs\/lueneburg\/#breadcrumb\",\"itemListElement\":[{\"@type\":\"ListItem\",\"position\":1,\"name\":\"Startseite\",\"item\":\"https:\/\/avgs-gutschein.de\/pl\/\"},{\"@type\":\"ListItem\",\"position\":2,\"name\":\"Nasze biura AVGS\",\"item\":\"https:\/\/avgs-gutschein.de\/pl\/unsere-avgs-bueros\/\"},{\"@type\":\"ListItem\",\"position\":3,\"name\":\"L\u00fcneburg\"}]},{\"@type\":\"WebSite\",\"@id\":\"https:\/\/avgs-gutschein.de\/pl\/#website\",\"url\":\"https:\/\/avgs-gutschein.de\/pl\/\",\"name\":\"AVGS Gutschein\",\"description\":\"\",\"potentialAction\":[{\"@type\":\"SearchAction\",\"target\":{\"@type\":\"EntryPoint\",\"urlTemplate\":\"https:\/\/avgs-gutschein.de\/pl\/?s={search_term_string}\"},\"query-input\":{\"@type\":\"PropertyValueSpecification\",\"valueRequired\":true,\"valueName\":\"search_term_string\"}}],\"inLanguage\":\"pl-PL\"}]}<\/script>\n<!-- \/ Yoast SEO plugin. -->","yoast_head_json":{"title":"AVGS Coaching L\u00fcneburg: Nasz zesp\u00f3\u0142 w L\u00fcneburg","description":"Professional AVGS Coaching L\u00fcneburg - 100% funded. Our AVGS voucher team in L\u00fcneburg welcomes you in our offices at Wichernstra\u00dfe 34b.","robots":{"index":"index","follow":"follow","max-snippet":"max-snippet:-1","max-image-preview":"max-image-preview:large","max-video-preview":"max-video-preview:-1"},"canonical":"https:\/\/avgs-gutschein.de\/pl\/nasze-biura-avgs\/lueneburg\/","og_locale":"pl_PL","og_type":"article","og_title":"AVGS Coaching L\u00fcneburg: Nasz zesp\u00f3\u0142 w L\u00fcneburg","og_description":"Professional AVGS Coaching L\u00fcneburg - 100% funded. Our AVGS voucher team in L\u00fcneburg welcomes you in our offices at Wichernstra\u00dfe 34b.","og_url":"https:\/\/avgs-gutschein.de\/pl\/nasze-biura-avgs\/lueneburg\/","og_site_name":"AVGS Gutschein","article_modified_time":"2025-10-08T07:40:51+00:00","twitter_card":"summary_large_image","twitter_misc":{"Szacowany czas czytania":"12 minut"},"schema":{"@context":"https:\/\/schema.org","@graph":[{"@type":"WebPage","@id":"https:\/\/avgs-gutschein.de\/pl\/nasze-biura-avgs\/lueneburg\/","url":"https:\/\/avgs-gutschein.de\/pl\/nasze-biura-avgs\/lueneburg\/","name":"AVGS Coaching L\u00fcneburg: Nasz zesp\u00f3\u0142 w L\u00fcneburg","isPartOf":{"@id":"https:\/\/avgs-gutschein.de\/pl\/#website"},"datePublished":"2024-01-17T02:01:18+00:00","dateModified":"2025-10-08T07:40:51+00:00","description":"Professional AVGS Coaching L\u00fcneburg - 100% funded. Our AVGS voucher team in L\u00fcneburg welcomes you in our offices at Wichernstra\u00dfe 34b.","breadcrumb":{"@id":"https:\/\/avgs-gutschein.de\/pl\/nasze-biura-avgs\/lueneburg\/#breadcrumb"},"inLanguage":"pl-PL","potentialAction":[{"@type":"ReadAction","target":["https:\/\/avgs-gutschein.de\/pl\/nasze-biura-avgs\/lueneburg\/"]}]},{"@type":"BreadcrumbList","@id":"https:\/\/avgs-gutschein.de\/pl\/nasze-biura-avgs\/lueneburg\/#breadcrumb","itemListElement":[{"@type":"ListItem","position":1,"name":"Startseite","item":"https:\/\/avgs-gutschein.de\/pl\/"},{"@type":"ListItem","position":2,"name":"Nasze biura AVGS","item":"https:\/\/avgs-gutschein.de\/pl\/unsere-avgs-bueros\/"},{"@type":"ListItem","position":3,"name":"L\u00fcneburg"}]},{"@type":"WebSite","@id":"https:\/\/avgs-gutschein.de\/pl\/#website","url":"https:\/\/avgs-gutschein.de\/pl\/","name":"AVGS Gutschein","description":"","potentialAction":[{"@type":"SearchAction","target":{"@type":"EntryPoint","urlTemplate":"https:\/\/avgs-gutschein.de\/pl\/?s={search_term_string}"},"query-input":{"@type":"PropertyValueSpecification","valueRequired":true,"valueName":"search_term_string"}}],"inLanguage":"pl-PL"}]}},"_links":{"self":[{"href":"https:\/\/avgs-gutschein.de\/pl\/wp-json\/wp\/v2\/pages\/6973","targetHints":{"allow":["GET"]}}],"collection":[{"href":"https:\/\/avgs-gutschein.de\/pl\/wp-json\/wp\/v2\/pages"}],"about":[{"href":"https:\/\/avgs-gutschein.de\/pl\/wp-json\/wp\/v2\/types\/page"}],"author":[{"embeddable":true,"href":"https:\/\/avgs-gutschein.de\/pl\/wp-json\/wp\/v2\/users\/1"}],"replies":[{"embeddable":true,"href":"https:\/\/avgs-gutschein.de\/pl\/wp-json\/wp\/v2\/comments?post=6973"}],"version-history":[{"count":7,"href":"https:\/\/avgs-gutschein.de\/pl\/wp-json\/wp\/v2\/pages\/6973\/revisions"}],"predecessor-version":[{"id":11795,"href":"https:\/\/avgs-gutschein.de\/pl\/wp-json\/wp\/v2\/pages\/6973\/revisions\/11795"}],"up":[{"embeddable":true,"href":"https:\/\/avgs-gutschein.de\/pl\/wp-json\/wp\/v2\/pages\/6671"}],"wp:attachment":[{"href":"https:\/\/avgs-gutschein.de\/pl\/wp-json\/wp\/v2\/media?parent=6973"}],"curies":[{"name":"wp","href":"https:\/\/api.w.org\/{rel}","templated":true}]}}