{"id":6943,"date":"2024-01-17T03:42:11","date_gmt":"2024-01-17T02:42:11","guid":{"rendered":"https:\/\/avgs-gutschein.de\/nasze-biura-avgs\/stuttgart\/"},"modified":"2026-01-09T03:41:27","modified_gmt":"2026-01-09T02:41:27","slug":"stuttgart","status":"publish","type":"page","link":"https:\/\/avgs-gutschein.de\/pl\/nasze-biura-avgs\/stuttgart\/","title":{"rendered":"Stuttgart"},"content":{"rendered":"<p>[et_pb_section fb_built=&#8221;1&#8243; _builder_version=&#8221;4.23.4&#8243; _module_preset=&#8221;default&#8221; use_background_color_gradient=&#8221;on&#8221; background_color_gradient_stops=&#8221;rgba(255,255,255,0) 0%|rgba(255,255,255,0.71) 50%&#8221; background_color_gradient_overlays_image=&#8221;on&#8221; background_image=&#8221;https:\/\/avgs-gutschein.de\/wp-content\/uploads\/2024\/01\/Header_Stuttgart.webp&#8221; custom_padding=&#8221;18vw||13.5vw||false|false&#8221; global_colors_info=&#8221;{}&#8221; background__hover_enabled=&#8221;off|desktop&#8221;][et_pb_row _builder_version=&#8221;4.23.1&#8243; _module_preset=&#8221;default&#8221; global_colors_info=&#8221;{}&#8221;][et_pb_column type=&#8221;4_4&#8243; _builder_version=&#8221;4.23.1&#8243; _module_preset=&#8221;default&#8221; global_colors_info=&#8221;{}&#8221;][et_pb_text module_class=&#8221;avgs-font &#8221; _builder_version=&#8221;4.27.2&#8243; _module_preset=&#8221;default&#8221; text_font_size=&#8221;50px&#8221; header_font=&#8221;|800|||||||&#8221; header_text_align=&#8221;center&#8221; header_font_size=&#8221;45px&#8221; global_colors_info=&#8221;{}&#8221;]<\/p>\n<h1 class=\"gray-font\">Nasz zesp\u00f3\u0142 trener\u00f3w A<span class=\"red-font\">V<\/span>GS w <span class=\"red-font\"> Stuttgart<br \/>\n<\/span><\/h1>\n<p>[\/et_pb_text][et_pb_button button_url=&#8221;\/unsere-coaches&#8221; button_text=&#8221; Finden Sie Ihren AVGS-Coach&#8221; button_alignment=&#8221;center&#8221; disabled_on=&#8221;on|on|on&#8221; _builder_version=&#8221;4.24.0&#8243; _module_preset=&#8221;default&#8221; custom_button=&#8221;on&#8221; button_text_color=&#8221;#FFFFFF&#8221; button_bg_color=&#8221;#cf222a&#8221; button_border_width=&#8221;0px&#8221; disabled=&#8221;on&#8221; global_colors_info=&#8221;{}&#8221;][\/et_pb_button][\/et_pb_column][\/et_pb_row][\/et_pb_section][et_pb_section fb_built=&#8221;1&#8243; _builder_version=&#8221;4.23.1&#8243; _module_preset=&#8221;default&#8221; global_colors_info=&#8221;{}&#8221;][et_pb_row _builder_version=&#8221;4.23.1&#8243; _module_preset=&#8221;default&#8221; global_colors_info=&#8221;{}&#8221;][et_pb_column type=&#8221;4_4&#8243; _builder_version=&#8221;4.23.1&#8243; _module_preset=&#8221;default&#8221; global_colors_info=&#8221;{}&#8221;][et_pb_text _builder_version=&#8221;4.27.2&#8243; _module_preset=&#8221;default&#8221; text_font_size=&#8221;30px&#8221; header_2_font=&#8221;|600|||||||&#8221; header_2_text_align=&#8221;center&#8221; header_2_text_color=&#8221;#555555&#8243; header_2_font_size=&#8221;30px&#8221; header_2_line_height=&#8221;1.54em&#8221; global_colors_info=&#8221;{}&#8221;]<\/p>\n<h2>Wykwalifikowany zesp\u00f3\u0142 na rzecz Twojej zmiany kariery lub za\u0142o\u017cenia firmy<\/h2>\n<p>[\/et_pb_text][et_pb_text module_class=&#8221;normal-p&#8221; _builder_version=&#8221;4.27.2&#8243; _module_preset=&#8221;default&#8221; global_colors_info=&#8221;{}&#8221;]Nasz zesp\u00f3\u0142 trener\u00f3w AVGS w Stuttgarcie jest zarz\u0105dzany przez Annette Traub.<\/p>\n<p>Annette Traub i jej zesp\u00f3\u0142 oferuj\u0105 produkty Job Challenge (coaching w zakresie orientacji zawodowej) i porady dotycz\u0105ce zak\u0142adania dzia\u0142alno\u015bci gospodarczej w siedzibie w City Plaza przy Rotheb\u00fchlplatz 23 w 70178 Stuttgart. Mo\u017cesz wzi\u0105\u0107 udzia\u0142 we wszystkich sesjach coachingowych w Stuttgarcie na miejscu, online lub w formie hybrydowej.<\/p>\n<p>Od wielu lat \u015bci\u015ble wsp\u00f3\u0142pracujemy z agencj\u0105 zatrudnienia w Stuttgarcie i Stuttgart Job Center, dlatego mo\u017cemy zaoferowa\u0107 Ci nasze sesje coachingowe bezp\u0142atnie dzi\u0119ki dofinansowaniu AVGS.<\/p>\n<p>Pani Traub ch\u0119tnie odpowie na wszelkie dodatkowe pytania podczas bezp\u0142atnej i niezobowi\u0105zuj\u0105cej konsultacji wst\u0119pnej.[\/et_pb_text][et_pb_code _builder_version=&#8221;4.27.4&#8243; _module_preset=&#8221;default&#8221; hover_enabled=&#8221;0&#8243; global_colors_info=&#8221;{}&#8221; sticky_enabled=&#8221;0&#8243;]<\/p>\n<div class=\"card-list-container two-columns-2\"><!-- [et_pb_line_break_holder] --><!-- Traub Annette \u2013 PL PROFILE CARD HIDDEN<!-- [et_pb_line_break_holder] --><!-- [et_pb_line_break_holder] --><\/p>\n<div class=\"card-list item produkt-jobcoaching standort-online standort-stuttgart sprache-deutsch themenschwerpunkte-bewerbungstraining themenschwerpunkte-stellenrecherche themenschwerpunkte-berufsorientierung themenschwerpunkte-vorstellungsgespraeche themenschwerpunkte-persoenliche-positionierung themenschwerpunkte-businessplanerstellung branchenschwerpunkte-pflege 6\"><!-- [et_pb_line_break_holder] --><!-- [et_pb_line_break_holder] --> <\/p>\n<div class=\"card-front\"><!-- [et_pb_line_break_holder] -->    <\/p>\n<div class=\"cntnt\"><!-- [et_pb_line_break_holder] -->        <img decoding=\"async\" src=\"\/wp-content\/uploads\/2024\/01\/Annette-Traub_V2_profile.webp\"><!-- [et_pb_line_break_holder] -->        <\/p>\n<div class=\"coach-card\"><!-- [et_pb_line_break_holder] -->            <\/p>\n<h2>Annette Traub<\/h2>\n<p><!-- [et_pb_line_break_holder] -->            <\/p>\n<div class=\"coach-desc\"><!-- [et_pb_line_break_holder] -->                <\/p>\n<div class=\"standort\"><b>Biuro:<\/b> Obecno\u015b\u0107 w: Stuttgarcie, online w ca\u0142ych Niemczech<\/div>\n<p><!-- [et_pb_line_break_holder] -->                <\/p>\n<hr>\n<p><!-- [et_pb_line_break_holder] -->                <\/p>\n<div class=\"specialty\"><b>Produkt:<\/b> Coaching zawodowy<\/div>\n<p><!-- [et_pb_line_break_holder] -->                <\/p>\n<hr>\n<p><!-- [et_pb_line_break_holder] -->                <\/p>\n<div class=\"lang\"><b>J\u0119zyk(i) coachingu:<\/b> niemiecki<\/div>\n<p><!-- [et_pb_line_break_holder] -->                <\/p>\n<hr>\n<p><!-- [et_pb_line_break_holder] -->            <\/div>\n<p><!-- [et_pb_line_break_holder] -->            <\/p>\n<div class=\"coach-btn\"><!-- [et_pb_line_break_holder] -->                <\/p>\n<div class=\"link-btn\">Pozna\u0107<\/div>\n<p><!-- [et_pb_line_break_holder] -->            <\/div>\n<p><!-- [et_pb_line_break_holder] -->        <\/div>\n<p><!-- [et_pb_line_break_holder] -->    <\/div>\n<p><!-- [et_pb_line_break_holder] --> <\/div>\n<p><!-- [et_pb_line_break_holder] --><!-- [et_pb_line_break_holder] --> <\/p>\n<div class=\"card-back\" onclick=\"location.href='\/pl\/nasi-trenerzy\/annette-traub\/'\"><!-- [et_pb_line_break_holder] -->    <\/p>\n<div class=\"cntnt\"><!-- [et_pb_line_break_holder] -->        <\/p>\n<ol><!-- [et_pb_line_break_holder] -->          <\/p>\n<li><!-- [et_pb_line_break_holder] -->            <span class=\"ques\">Jakie s\u0105 Twoje kwalifikacje jako trenera\/trenerki?<\/span><!\u2013- [et_pb_br_holder] -\u2013><!-- [et_pb_line_break_holder] -->            <pee>Umiej\u0119tno\u015b\u0107 analitycznego wykorzystania wiedzy interdyscyplinarnej w indywidualnym podej\u015bciu do klienta.<\/pee><!-- [et_pb_line_break_holder] -->            <pee>Zdolno\u015b\u0107 do autorefleksji i ch\u0119\u0107 realistycznej i samokrytycznej oceny siebie.<\/pee><!-- [et_pb_line_break_holder] -->            <pee><!-- [et_pb_line_break_holder] -->              W mojej roli jako \u017ar\u00f3d\u0142a inspiracji zaczynamy podchodzi\u0107 do nieszablonowych pomys\u0142\u00f3w<!-- [et_pb_line_break_holder] -->              w bardziej realistyczny, ustrukturyzowany i praktyczny spos\u00f3b.<!-- [et_pb_line_break_holder] -->            <\/pee><!-- [et_pb_line_break_holder] -->          <\/li>\n<p><!-- [et_pb_line_break_holder] -->          <\/p>\n<li><!-- [et_pb_line_break_holder] -->            <span class=\"ques\">Jakie mierzalne wyniki uda\u0142o Ci si\u0119 osi\u0105gn\u0105\u0107 wsp\u00f3lnie z klientami i co Ci\u0119 wyr\u00f3\u017cnia?<\/span><!-- [et_pb_line_break_holder] -->          <\/li>\n<p><!-- [et_pb_line_break_holder] -->        <\/ol>\n<p><!-- [et_pb_line_break_holder] --><!-- [et_pb_line_break_holder] -->        <\/p>\n<div class=\"primary-color\"><\/div>\n<p><!-- [et_pb_line_break_holder] -->        <\/p>\n<div class=\"bottom-footer\"><!-- [et_pb_line_break_holder] -->            <\/p>\n<div class=\"bottom-footer-container\"><!-- [et_pb_line_break_holder] -->                <\/p>\n<div class=\"_col\"><!-- [et_pb_line_break_holder] -->                    <a href=\"https:\/\/avgs-gutschein.de\/pl\/nasi-trenerzy\/annette-traub\/\"><!-- [et_pb_line_break_holder] -->                        <span class=\"button\">Przejd\u017a do profilu<\/span><!-- [et_pb_line_break_holder] -->                    <\/a><!-- [et_pb_line_break_holder] -->                <\/div>\n<p><!-- [et_pb_line_break_holder] -->            <\/div>\n<p><!-- [et_pb_line_break_holder] -->        <\/div>\n<p><!-- [et_pb_line_break_holder] -->    <\/div>\n<p><!-- [et_pb_line_break_holder] --> <\/div>\n<p><!-- [et_pb_line_break_holder] --><!-- [et_pb_line_break_holder] --><\/div>\n<p><!-- [et_pb_line_break_holder] --><!-- [et_pb_line_break_holder] -->&#8211;><!-- [et_pb_line_break_holder] -->   <!--Ulbrich Pia--><!-- [et_pb_line_break_holder] --> <\/p>\n<div class=\"card-list item produkt-jobcoaching<!-- [et_pb_line_break_holder] --> standort-online<!-- [et_pb_line_break_holder] --> standort-stuttgart<!-- [et_pb_line_break_holder] --> sprache-deutsch<!-- [et_pb_line_break_holder] --> themenschwerpunkte-bewerbungstraining<!-- [et_pb_line_break_holder] --> themenschwerpunkte-stellenrecherche<!-- [et_pb_line_break_holder] --> themenschwerpunkte-berufsorientierung<!-- [et_pb_line_break_holder] --> themenschwerpunkte-vorstellungsgespraeche<!-- [et_pb_line_break_holder] --> themenschwerpunkte-persoenliche-positionierung<!-- [et_pb_line_break_holder] --> themenschwerpunkte-businessplanerstellung<!-- [et_pb_line_break_holder] --> themenschwerpunkte-strategie<!-- [et_pb_line_break_holder] --> themenschwerpunkte-digitales-marketing<!-- [et_pb_line_break_holder] -->branchenschwerpunkte-beratung<!-- [et_pb_line_break_holder] -->branchenschwerpunkte-dienstleistungen<!-- [et_pb_line_break_holder] -->branchenschwerpunkte-pflege<!-- [et_pb_line_break_holder] -->branchenschwerpunkte-kommunikation<!-- [et_pb_line_break_holder] -->branchenschwerpunkte-it<!-- [et_pb_line_break_holder] -->branchenschwerpunkte-soziales&#8221;><!-- [et_pb_line_break_holder] --> <\/p>\n<div class=\"card-front\"><!-- [et_pb_line_break_holder] -->    <\/p>\n<div class=\"cntnt\"><!-- [et_pb_line_break_holder] -->        <img decoding=\"async\" src=\"\/wp-content\/uploads\/2024\/06\/Pia-Ulbrich_seitlich.webp\"><!-- [et_pb_line_break_holder] -->        <\/p>\n<div class=\"coach-card\"><!-- [et_pb_line_break_holder] -->            <\/p>\n<h2>Pia Ulbrich<\/h2>\n<p><!-- [et_pb_line_break_holder] -->            <\/p>\n<div class=\"coach-desc\"><!-- [et_pb_line_break_holder] -->                <\/p>\n<div class=\"standort\"><b>Biuro:<\/b> Obecno\u015b\u0107 w: Stuttgarcie, online w ca\u0142ych Niemczech<\/div>\n<p><!-- [et_pb_line_break_holder] -->                <\/p>\n<hr>\n<p><!-- [et_pb_line_break_holder] -->                <\/p>\n<div class=\"specialty\"><b>Produkt:<\/b> Coaching pracy <\/div>\n<p><!-- [et_pb_line_break_holder] -->                <\/p>\n<hr>\n<p><!-- [et_pb_line_break_holder] -->                <\/p>\n<div class=\"lang\"><b>J\u0119zyki coachingowe:<\/b> niemiecki<\/div>\n<p><!-- [et_pb_line_break_holder] -->                <\/p>\n<hr>\n<p><!-- [et_pb_line_break_holder] -->            <\/div>\n<p><!-- [et_pb_line_break_holder] -->            <\/p>\n<div class=\"coach-btn\"><!-- [et_pb_line_break_holder] -->                <\/p>\n<div class=\"link-btn\">Pozna\u0107<\/div>\n<p><!-- [et_pb_line_break_holder] -->            <\/div>\n<p><!-- [et_pb_line_break_holder] -->        <\/div>\n<p><!-- [et_pb_line_break_holder] -->    <\/div>\n<p><!-- [et_pb_line_break_holder] --> <\/div>\n<p><!-- [et_pb_line_break_holder] --> <\/p>\n<div class=\"card-back\" onclick=\"location.href='\/pl\/nasi-trenerzy\/pia-ulbrich\/'\"><!-- [et_pb_line_break_holder] -->    <\/p>\n<div class=\"cntnt\"><!-- [et_pb_line_break_holder] -->        <\/p>\n<div><!-- [et_pb_line_break_holder] -->        <\/div>\n<p><!-- [et_pb_line_break_holder] -->        <\/p>\n<ol><!-- [et_pb_line_break_holder] -->          <\/p>\n<li><span class=\"ques\">Co kwalifikuje Ci\u0119 jako coacha\/trenera? <\/span><!\u2013- [et_pb_br_holder] -\u2013><pee>Od wielu lat zajmuj\u0119 si\u0119 edukacj\u0105 doros\u0142ych jako trener pracy, integracji i trener systemowy, wspieraj\u0105c osoby w procesie reorientacji zawodowej i ponownym wej\u015bciu na rynek pracy. Dzi\u0119ki swojej autentycznej i empatycznej naturze potrafi\u0119 szybko postawi\u0107 si\u0119 w sytuacji drugiego cz\u0142owieka i pozna\u0107 jego indywidualne potrzeby. Pocz\u0105tkowo studiowa\u0142am komunikacj\u0119, a tak\u017ce profilaktyk\u0119 i psychologi\u0119 zdrowia. To do\u015bwiadczenie uzupe\u0142nia m\u00f3j profil i nieustannie uczy mnie, \u017ce pierwszym krokiem do sukcesu jest \u017cyczliwa komunikacja i aktywne s\u0142uchanie. Poniewa\u017c skuteczny coaching odbywa si\u0119 w dialogu. Podej\u015bcie zorientowane na zasoby i postawa doceniania s\u0105 dla mnie szczeg\u00f3lnie wa\u017cne w procesie coachingowym.<\/pee><!-- [et_pb_line_break_holder] -->            <\/li>\n<p><!-- [et_pb_line_break_holder] -->          <\/p>\n<li><span class=\"ques\">Jakie wymierne rezultaty osi\u0105gn\u0119li\u015bcie wsp\u00f3lnie ze swoimi klientami i co Was wyr\u00f3\u017cnia?&#8230;<\/span><!\u2013- [et_pb_br_holder] -\u2013><\/li>\n<p>   <!-- [et_pb_line_break_holder] -->        <\/ol>\n<p><!-- [et_pb_line_break_holder] -->       <!-- \n\n<div>Mehr erfahren<\/div>\n\n-->    <!-- [et_pb_line_break_holder] -->        <\/p>\n<div class=\"primary-color\"><\/div>\n<p><!-- [et_pb_line_break_holder] -->        <\/p>\n<div class=\"bottom-footer\"><!-- [et_pb_line_break_holder] -->            <\/p>\n<div class=\"bottom-footer-container\"><!-- [et_pb_line_break_holder] -->                <\/p>\n<div class=\"_col\"><!-- [et_pb_line_break_holder] -->                    <a href=\"\/pl\/nasi-trenerzy\/pia-ulbrich\/\"> <span class=\"button\">Do profilu<\/span><\/a><!-- [et_pb_line_break_holder] -->                <\/div>\n<p><!-- [et_pb_line_break_holder] -->            <\/div>\n<p><!-- [et_pb_line_break_holder] -->        <\/div>\n<p><!-- [et_pb_line_break_holder] -->    <\/div>\n<p><!-- [et_pb_line_break_holder] --> <\/div>\n<p><!-- [et_pb_line_break_holder] --> <\/div>\n<p> <!-- [et_pb_line_break_holder] --><!-- Werner --><!-- [et_pb_line_break_holder] --> <\/p>\n<div class=\"card-list item produkt-jobcoaching<!-- [et_pb_line_break_holder] --> produkt-gruendungsberatung<!-- [et_pb_line_break_holder] --> standort-online<!-- [et_pb_line_break_holder] -->standort-stuttgart<!-- [et_pb_line_break_holder] --> themenschwerpunkte-bewerbungstraining<!-- [et_pb_line_break_holder] --> themenschwerpunkte-stellenrecherche<!-- [et_pb_line_break_holder] --> themenschwerpunkte-berufsorientierung<!-- [et_pb_line_break_holder] --> themenschwerpunkte-vorstellungsgespraeche<!-- [et_pb_line_break_holder] --> themenschwerpunkte-persoenliche-positionierung<!-- [et_pb_line_break_holder] --> themenschwerpunkte-businessplanerstellung<!-- [et_pb_line_break_holder] --> themenschwerpunkte-strategie<!-- [et_pb_line_break_holder] --> themenschwerpunkte-finanzplanung<!-- [et_pb_line_break_holder] --> themenschwerpunkte-digitales-marketing<!-- [et_pb_line_break_holder] --> themenschwerpunkte-rechtsfragen<!-- [et_pb_line_break_holder] --> branchenschwerpunkte-beratung<!-- [et_pb_line_break_holder] --> branchenschwerpunkte-dienstleistungen<!-- [et_pb_line_break_holder] --> branchenschwerpunkte-energie<!-- [et_pb_line_break_holder] --> branchenschwerpunkte-event<!-- [et_pb_line_break_holder] --> branchenschwerpunkte-gastronomie <!-- [et_pb_line_break_holder] --> branchenschwerpunkte-pflege<!-- [et_pb_line_break_holder] --> branchenschwerpunkte-handel<!-- [et_pb_line_break_holder] --> branchenschwerpunkte-handwerk<!-- [et_pb_line_break_holder] --> branchenschwerpunkte-design<!-- [et_pb_line_break_holder] --> branchenschwerpunkte-kultur<!-- [et_pb_line_break_holder] --> branchenschwerpunkte-kommunikation<!-- [et_pb_line_break_holder] --> branchenschwerpunkte-ngos<!-- [et_pb_line_break_holder] --> branchenschwerpunkte-fitness&#8221;><!-- [et_pb_line_break_holder] --> <\/p>\n<div class=\"card-front\"><!-- [et_pb_line_break_holder] -->    <\/p>\n<div class=\"cntnt\"><!-- [et_pb_line_break_holder] -->        <img decoding=\"async\" src=\"\/wp-content\/uploads\/2024\/01\/KarlWerner_profile_img.webp\"><!-- [et_pb_line_break_holder] -->        <\/p>\n<div class=\"coach-card\"><!-- [et_pb_line_break_holder] -->            <\/p>\n<h2>Karl Werner<\/h2>\n<p><!-- [et_pb_line_break_holder] -->            <\/p>\n<div class=\"coach-desc\"><!-- [et_pb_line_break_holder] -->                <\/p>\n<div class=\"standort\"><b>Biuro:<\/b> Obecno\u015b\u0107 w Stuttgarcie, online w ca\u0142ych Niemczech<\/div>\n<p><!-- [et_pb_line_break_holder] -->                <\/p>\n<hr>\n<p><!-- [et_pb_line_break_holder] -->                <\/p>\n<div class=\"specialty\"><b>Produkt:<\/b> Coaching pracy, doradztwo na start<\/div>\n<p><!-- [et_pb_line_break_holder] -->                <\/p>\n<hr>\n<p><!-- [et_pb_line_break_holder] -->                <\/p>\n<div class=\"lang\"><b>J\u0119zyki coachingowe: <\/b>    <\/div>\n<p><!-- [et_pb_line_break_holder] -->                <\/p>\n<hr>\n<p><!-- [et_pb_line_break_holder] -->            <\/div>\n<p><!-- [et_pb_line_break_holder] -->            <\/p>\n<div class=\"coach-btn\"><!-- [et_pb_line_break_holder] -->                <\/p>\n<div class=\"link-btn\">Pozna\u0107<\/div>\n<p><!-- [et_pb_line_break_holder] -->            <\/div>\n<p><!-- [et_pb_line_break_holder] -->        <\/div>\n<p><!-- [et_pb_line_break_holder] -->    <\/div>\n<p><!-- [et_pb_line_break_holder] --> <\/div>\n<p><!-- [et_pb_line_break_holder] --> <\/p>\n<div class=\"card-back\" onclick=\"location.href='\/pl\/nasi-trenerzy\/karl-werner\/'\"><!-- [et_pb_line_break_holder] -->    <\/p>\n<div class=\"cntnt\"><!-- [et_pb_line_break_holder] -->        <\/p>\n<div><!-- [et_pb_line_break_holder] -->        <\/div>\n<p><!-- [et_pb_line_break_holder] -->        <\/p>\n<ol><!-- [et_pb_line_break_holder] -->          <\/p>\n<li><span class=\"ques\">Co kwalifikuje Ci\u0119 jako coacha\/trenera? <\/span><!\u2013- [et_pb_br_holder] -\u2013><pee>Posiadam uko\u0144czone studia oraz wieloletnie do\u015bwiadczenie praktyczne w r\u00f3\u017cnych bran\u017cach, dzi\u0119ki czemu posiadam wszechstronne kwalifikacje jako konsultant i coach zarz\u0105dzania. Moje wykszta\u0142cenie akademickie stanowi podstaw\u0119 g\u0142\u0119bokiego zrozumienia kontekst\u00f3w biznesowych. Ponadto wyspecjalizowa\u0142em si\u0119 w ukierunkowanych szkoleniach dokszta\u0142caj\u0105cych z zakresu rozwoju organizacyjnego i rozwoju przyw\u00f3dztwa. Te po\u0142\u0105czone umiej\u0119tno\u015bci pozwalaj\u0105 mi opracowywa\u0107 rozwi\u0105zania \u201eszyte na miar\u0119\u201d i zapewnia\u0107 ukierunkowane wsparcie firmom stoj\u0105cym przed ich indywidualnymi wyzwaniami.<\/pee><!-- [et_pb_line_break_holder] -->            <\/li>\n<p><!-- [et_pb_line_break_holder] -->          <\/p>\n<li><span class=\"ques\">Jakie wymierne rezultaty osi\u0105gn\u0119li\u015bcie wsp\u00f3lnie ze swoimi klientami i co Was wyr\u00f3\u017cnia?&#8230;<\/span><!\u2013- [et_pb_br_holder] -\u2013><\/li>\n<p>   <!-- [et_pb_line_break_holder] -->        <\/ol>\n<p><!-- [et_pb_line_break_holder] -->       <!-- \n\n<div>Mehr erfahren<\/div>\n\n--><!-- [et_pb_line_break_holder] -->        <\/p>\n<div class=\"primary-color\"><\/div>\n<p><!-- [et_pb_line_break_holder] -->        <\/p>\n<div class=\"bottom-footer\"><!-- [et_pb_line_break_holder] -->            <\/p>\n<div class=\"bottom-footer-container\"><!-- [et_pb_line_break_holder] -->                <\/p>\n<div class=\"_col\"><!-- [et_pb_line_break_holder] -->                    <a href=\"\/pl\/nasi-trenerzy\/karl-werner\/\"> <span class=\"button\">Do profilu<\/span><\/a><!-- [et_pb_line_break_holder] -->                <\/div>\n<p><!-- [et_pb_line_break_holder] -->            <\/div>\n<p><!-- [et_pb_line_break_holder] -->        <\/div>\n<p><!-- [et_pb_line_break_holder] -->    <\/div>\n<p><!-- [et_pb_line_break_holder] --> <\/div>\n<p><!-- [et_pb_line_break_holder] --><\/div>\n<p>[\/et_pb_code][et_pb_text _builder_version=&#8221;4.27.2&#8243; _module_preset=&#8221;default&#8221; text_font_size=&#8221;30px&#8221; header_2_font=&#8221;|600|||||||&#8221; header_2_text_align=&#8221;center&#8221; header_2_text_color=&#8221;#555555&#8243; header_2_font_size=&#8221;30px&#8221; header_2_line_height=&#8221;1.54em&#8221; global_colors_info=&#8221;{}&#8221;]<\/p>\n<h2>Je\u015bli nie znalaz\u0142e\u015b trenera, tutaj znajdziesz przegl\u0105d naszych trener\u00f3w online w ca\u0142ych Niemczech<br \/>\n<\/h2>\n<p>[\/et_pb_text][et_pb_button button_url=&#8221;\/pl\/nasi-trenerzy\/&#8221; button_text=&#8221;Nasi trenerzy online AVGS&#8221; button_alignment=&#8221;center&#8221; _builder_version=&#8221;4.27.2&#8243; _module_preset=&#8221;default&#8221; custom_button=&#8221;on&#8221; button_text_color=&#8221;#FFFFFF&#8221; button_bg_color=&#8221;#cd222a&#8221; button_border_width=&#8221;0px&#8221; global_colors_info=&#8221;{}&#8221;][\/et_pb_button][\/et_pb_column][\/et_pb_row][\/et_pb_section][et_pb_section fb_built=&#8221;1&#8243; _builder_version=&#8221;4.23.4&#8243; _module_preset=&#8221;default&#8221; background_image=&#8221;https:\/\/avgs-gutschein.de\/wp-content\/uploads\/2024\/01\/Footer_Contact.webp&#8221; parallax=&#8221;on&#8221; parallax_method=&#8221;off&#8221; custom_padding=&#8221;100px||150px||false|false&#8221; global_colors_info=&#8221;{}&#8221;][et_pb_row _builder_version=&#8221;4.23.1&#8243; _module_preset=&#8221;default&#8221; background_color=&#8221;rgba(255,255,255,0.83)&#8221; transform_translate_linked=&#8221;off&#8221; z_index=&#8221;9&#8243; max_width=&#8221;800px&#8221; custom_padding=&#8221;||||false|false&#8221; border_radii=&#8221;on|5px|5px|5px|5px&#8221; global_colors_info=&#8221;{}&#8221;][et_pb_column type=&#8221;4_4&#8243; _builder_version=&#8221;4.23.1&#8243; _module_preset=&#8221;default&#8221; global_colors_info=&#8221;{}&#8221;][et_pb_blurb title=&#8221;Um\u00f3w si\u0119 na bezp\u0142atn\u0105 konsultacj\u0119 ju\u017c dzi\u015b&#8221; use_icon=&#8221;on&#8221; font_icon=&#8221;&#x77;||divi||400&#8243; icon_color=&#8221;#cd222a&#8221; content_max_width=&#8221;100%&#8221; module_class=&#8221;avgs-h2 gray-font&#8221; _builder_version=&#8221;4.27.2&#8243; _module_preset=&#8221;default&#8221; header_level=&#8221;h2&#8243; header_font=&#8221;||||||||&#8221; header_text_align=&#8221;center&#8221; global_colors_info=&#8221;{}&#8221;][\/et_pb_blurb][et_pb_button button_url=&#8221;@ET-DC@eyJkeW5hbWljIjp0cnVlLCJjb250ZW50IjoicG9zdF9saW5rX3VybF9wYWdlIiwic2V0dGluZ3MiOnsicG9zdF9pZCI6IjM1OCJ9fQ==@&#8221; button_text=&#8221;Tylko dwa klikni\u0119cia do nas&#8221; button_alignment=&#8221;center&#8221; _builder_version=&#8221;4.27.2&#8243; _dynamic_attributes=&#8221;button_url&#8221; _module_preset=&#8221;default&#8221; custom_button=&#8221;on&#8221; button_text_color=&#8221;#cd222a&#8221; button_border_width=&#8221;1px&#8221; button_use_icon=&#8221;off&#8221; global_colors_info=&#8221;{}&#8221;][\/et_pb_button][\/et_pb_column][\/et_pb_row][\/et_pb_section][et_pb_section fb_built=&#8221;1&#8243; _builder_version=&#8221;4.27.0&#8243; _module_preset=&#8221;default&#8221; border_width_bottom=&#8221;1px&#8221; border_color_bottom=&#8221;#cd222a&#8221; global_colors_info=&#8221;{}&#8221;][et_pb_row _builder_version=&#8221;4.23.1&#8243; _module_preset=&#8221;default&#8221; global_colors_info=&#8221;{}&#8221;][et_pb_column type=&#8221;4_4&#8243; _builder_version=&#8221;4.23.1&#8243; _module_preset=&#8221;default&#8221; global_colors_info=&#8221;{}&#8221;][et_pb_text _builder_version=&#8221;4.27.2&#8243; _module_preset=&#8221;default&#8221; text_font_size=&#8221;30px&#8221; header_2_font=&#8221;|600|||||||&#8221; header_2_text_align=&#8221;center&#8221; header_2_text_color=&#8221;#555555&#8243; header_2_font_size=&#8221;30px&#8221; header_2_line_height=&#8221;1.54em&#8221; global_colors_info=&#8221;{}&#8221;]<\/p>\n<h2> Zesp\u00f3\u0142 AVGS Vouchery jako partner Twojej zawodowej przysz\u0142o\u015bci<br \/>\n<\/h2>\n<p>[\/et_pb_text][et_pb_text module_class=&#8221;normal-p&#8221; _builder_version=&#8221;4.27.2&#8243; _module_preset=&#8221;default&#8221; global_colors_info=&#8221;{}&#8221;]<span style=\"font-size: 18px;\">Opr\u00f3cz us\u0142ug wspieranych przez AVGS w zakresie reorientacji zawodowej i zak\u0142adania dzia\u0142alno\u015bci gospodarczej oferujemy r\u00f3wnie\u017c r\u00f3\u017cne inne us\u0142ugi coachingowe, takie jak szkolenia aplikacyjne, coaching dla os\u00f3b rozpoczynaj\u0105cych karier\u0119, coaching kariery lub porady na temat marketingu internetowego. Nasz\u0105 obietnic\u0105 jest zapewnienie Pa\u0144stwu wysokiej jako\u015bci us\u0142ug o bezpo\u015brednim praktycznym znaczeniu. Wi\u0119cej informacji o naszej firmie i naszym portfolio us\u0142ug mo\u017cna znale\u017a\u0107 na stronie <\/span><a href=\"https:\/\/www.beratungsgesellschaft-willkomm.de\/\" target=\"_blank\" rel=\"noopener\" style=\"font-size: 18px;\">https:\/\/www.beratungsgesellschaft-willkomm.de\/<\/a>[\/et_pb_text][\/et_pb_column][\/et_pb_row][\/et_pb_section][et_pb_section fb_built=&#8221;1&#8243; _builder_version=&#8221;4.25.1&#8243; _module_preset=&#8221;default&#8221; background_color=&#8221;#FFFFFF&#8221; saved_tabs=&#8221;all&#8221; global_colors_info=&#8221;{}&#8221;][et_pb_row _builder_version=&#8221;4.23.1&#8243; _module_preset=&#8221;default&#8221; max_width=&#8221;900px&#8221; custom_padding=&#8221;50px||||false|false&#8221; custom_css_main_element=&#8221;max-width:900px!important;&#8221; global_colors_info=&#8221;{}&#8221;][et_pb_column type=&#8221;4_4&#8243; _builder_version=&#8221;4.23.1&#8243; _module_preset=&#8221;default&#8221; global_colors_info=&#8221;{}&#8221;][et_pb_text module_class=&#8221;red-font avgs-h2&#8243; _builder_version=&#8221;4.27.2&#8243; _module_preset=&#8221;default&#8221; header_2_font=&#8221;|700|||||||&#8221; header_2_text_align=&#8221;center&#8221; header_2_text_color=&#8221;#cd222a&#8221; global_colors_info=&#8221;{}&#8221;]<\/p>\n<h2 class=\"gray-font\">Opinie\/referencje Google<br \/>\n<\/h2>\n<p>[\/et_pb_text][et_pb_code _builder_version=&#8221;4.25.1&#8243; _module_preset=&#8221;default&#8221; global_colors_info=&#8221;{}&#8221;]<!-- Trustindex Script Placeholder --><!-- [et_pb_line_break_holder] --><script type=\"text\/plain\" data-usercentrics=\"Trustindex\" src=\"https:\/\/cdn.trustindex.io\/loader.js?729b4fa33bc890809846eb1ef5f\"><\/script>[\/et_pb_code][et_pb_text _builder_version=&#8221;4.27.2&#8243; _module_preset=&#8221;default&#8221; text_font_size=&#8221;20px&#8221; link_text_color=&#8221;#cd222a&#8221; link_font_size=&#8221;20px&#8221; text_orientation=&#8221;center&#8221; global_colors_info=&#8221;{}&#8221;]<span>Przeczytaj nasze recenzje na stronie\u00a0<\/span><a target=\"_blank\" class=\"c-link\" data-stringify-link=\"https:\/\/g.co\/kgs\/PTBt4uz\" delay=\"150\" data-sk=\"tooltip_parent\" href=\"https:\/\/g.co\/kgs\/PTBt4uz\" rel=\"noopener noreferrer\">https:\/\/g.co\/kgs\/PTBt4uz<\/a><span>.<\/span>[\/et_pb_text][et_pb_slider show_arrows=&#8221;off&#8221; dot_nav_custom_color=&#8221;#cd222a&#8221; disabled_on=&#8221;on|on|on&#8221; module_class=&#8221;testimonials&#8221; _builder_version=&#8221;4.23.1&#8243; _module_preset=&#8221;default&#8221; header_font_size=&#8221;20px&#8221; background_color=&#8221;#e0e0e0&#8243; auto=&#8221;on&#8221; custom_css_slide_image=&#8221;width:130px!important;&#8221; border_radii=&#8221;on|5px|5px|5px|5px&#8221; box_shadow_style=&#8221;preset1&#8243; box_shadow_vertical=&#8221;0px&#8221; box_shadow_blur=&#8221;3px&#8221; box_shadow_color=&#8221;rgba(205,34,42,0.5)&#8221; disabled=&#8221;on&#8221; global_colors_info=&#8221;{}&#8221;][et_pb_slide button_link=&#8221;https:\/\/g.co\/kgs\/fafa6G&#8221; url_new_window=&#8221;on&#8221; image=&#8221;https:\/\/avgs-gutschein.de\/wp-content\/uploads\/2023\/11\/testimonials_prof_pic_SV_1.webp&#8221; _builder_version=&#8221;4.23.1&#8243; _module_preset=&#8221;default&#8221; header_text_color=&#8221;#555555&#8243; body_text_color=&#8221;#555555&#8243; background_color=&#8221;#f5f5f5&#8243; background_enable_color=&#8221;on&#8221; link_option_url=&#8221;https:\/\/g.co\/kgs\/fafa6G&#8221; link_option_url_new_window=&#8221;on&#8221; global_colors_info=&#8221;{}&#8221; sticky_transition=&#8221;on&#8221;]<\/p>\n<p>Ich habe in der Gr\u00fcndungsberatung in L\u00fcneburg bei Frau Witt wahnsinnig viel gelernt und es hat sich f\u00fcr mich absolut gelohnt sie wahrzunehmen. Die Beratung hat neben den erwarteten Dingen auch viele kleine Details beinhaltet, auf die ich von alleine nie gekommen w\u00e4re und ganz nebenbei hat sie auch noch richtig Spa\u00df gemacht. Die Atmosph\u00e4re war angenehm entspannt. Durch Frau Witt f\u00fchle ich mich jetzt richtig gut aufgestellt f\u00fcr den Start in meine Selbst\u00e4ndigkeit.<\/p>\n<p class=\"test_name\">Sunny Vivi<\/p>\n<p>[\/et_pb_slide][et_pb_slide button_link=&#8221;https:\/\/g.co\/kgs\/fafa6G&#8221; url_new_window=&#8221;on&#8221; image=&#8221;https:\/\/avgs-gutschein.de\/wp-content\/uploads\/2023\/11\/testimonials_prof_pic_AP_1.webp&#8221; _builder_version=&#8221;4.23.1&#8243; _module_preset=&#8221;default&#8221; header_text_color=&#8221;#555555&#8243; body_text_color=&#8221;#555555&#8243; background_color=&#8221;#f5f5f5&#8243; background_enable_color=&#8221;on&#8221; link_option_url=&#8221;https:\/\/g.co\/kgs\/fafa6G&#8221; link_option_url_new_window=&#8221;on&#8221; custom_css_slide_image=&#8221;width:150px;&#8221; global_colors_info=&#8221;{}&#8221; sticky_transition=&#8221;on&#8221;]<\/p>\n<p>Das waren wirklich zielf\u00fchrende mich absolut weiterbringende Gespr\u00e4che, die ich mit Herrn Thomas f\u00fchren durfte. Kompetenz, Einf\u00fchlungsverm\u00f6gen und praxisnahe Ratschl\u00e4ge zeigten mir neue Wege und Perspektiven. Daf\u00fcr Danke, Respekt und uneingeschr\u00e4nkte Weiterempfehlung.<\/p>\n<p class=\"test_name\">achim preissler<\/p>\n<p>[\/et_pb_slide][et_pb_slide button_link=&#8221;https:\/\/g.co\/kgs\/fafa6G&#8221; url_new_window=&#8221;on&#8221; image=&#8221;https:\/\/avgs-gutschein.de\/wp-content\/uploads\/2023\/11\/testimonials_prof_pic_BW_1.webp&#8221; _builder_version=&#8221;4.23.1&#8243; _module_preset=&#8221;default&#8221; header_text_color=&#8221;#555555&#8243; body_text_color=&#8221;#555555&#8243; background_color=&#8221;#f5f5f5&#8243; background_enable_color=&#8221;on&#8221; link_option_url=&#8221;https:\/\/g.co\/kgs\/fafa6G&#8221; link_option_url_new_window=&#8221;on&#8221; custom_css_slide_image=&#8221;width:150px;&#8221; global_colors_info=&#8221;{}&#8221; sticky_transition=&#8221;on&#8221;]<\/p>\n<p>Das Gr\u00fcndungsberatung mit Frau Witt hat mich in Bezug auf meine bevorstehende Selbstst\u00e4ndigkeit in vielerlei Hinsicht sehr gut vorbereitet. Ich habe viele gute Hinweise f\u00fcr die Zeit vor, w\u00e4hrend und nach der Gr\u00fcndung erhalten. Kompetent, zielgerichtet und mental unglaublich flexibel &#8211; danke f\u00fcr diese Erfahrung!<\/p>\n<p class=\"test_name\">Britta Wagner<\/p>\n<p>[\/et_pb_slide][et_pb_slide button_link=&#8221;https:\/\/g.co\/kgs\/fafa6G&#8221; url_new_window=&#8221;on&#8221; image=&#8221;https:\/\/avgs-gutschein.de\/wp-content\/uploads\/2023\/11\/testimonials_prof_pic_TS_1.webp&#8221; _builder_version=&#8221;4.23.1&#8243; _module_preset=&#8221;default&#8221; header_text_color=&#8221;#555555&#8243; body_text_color=&#8221;#555555&#8243; background_color=&#8221;#f5f5f5&#8243; background_enable_color=&#8221;on&#8221; link_option_url=&#8221;https:\/\/g.co\/kgs\/fafa6G&#8221; link_option_url_new_window=&#8221;on&#8221; custom_css_slide_image=&#8221;width:150px;&#8221; global_colors_info=&#8221;{}&#8221; sticky_transition=&#8221;on&#8221;]<\/p>\n<p>Mit Frau Dr. Julia Harm sitzt genau die richtige Person an einer entscheidenden Stelle. Vielen Dank f\u00fcr die netten, pers\u00f6nlichen und informativen Gespr\u00e4che auf Augenh\u00f6he und dem gemeinsamen Entwickeln einer Idee, sowie einen passenden Fahrplan f\u00fcr dessen Umsetzung. Mit sehr guten fachlichen Ratschl\u00e4gen, n\u00fctzlichen Hinweisen und fundierten Antworten auf entstandene Fragen w\u00e4hrend des Gr\u00fcnder-Coachings, bin ich nun sehr gut f\u00fcr meine Gr\u00fcndung vorbereitet. Sehr empfehlenswert.<\/p>\n<p class=\"test_name\">Tobias Stenzel<\/p>\n<p>[\/et_pb_slide][et_pb_slide button_link=&#8221;https:\/\/g.co\/kgs\/fafa6G&#8221; url_new_window=&#8221;on&#8221; image=&#8221;https:\/\/avgs-gutschein.de\/wp-content\/uploads\/2023\/11\/testimonials_prof_pic_AF_1.webp&#8221; _builder_version=&#8221;4.23.1&#8243; _module_preset=&#8221;default&#8221; header_text_color=&#8221;#555555&#8243; body_text_color=&#8221;#555555&#8243; background_color=&#8221;#f5f5f5&#8243; background_enable_color=&#8221;on&#8221; link_option_url=&#8221;https:\/\/g.co\/kgs\/fafa6G&#8221; link_option_url_new_window=&#8221;on&#8221; custom_css_slide_image=&#8221;width:150px;&#8221; global_colors_info=&#8221;{}&#8221; sticky_transition=&#8221;on&#8221;]<\/p>\n<p>Ich befinde mich gerade in einer Zeit mit vielen Ver\u00e4nderungen. Das Coaching mit Frau Daniels hat mir sehr viel Mut und Selbstvertrauen gegeben. Genau das, was ich brauche. Ich durfte viel Neues lernen und f\u00fchle mich bereit, f\u00fcr alles was nun kommt! Ein riesengro\u00dfes Dankesch\u00f6n, Bettina Daniels \ud83d\ude0a<\/p>\n<p class=\"test_name\">Antje Finnern<\/p>\n<p>[\/et_pb_slide][\/et_pb_slider][\/et_pb_column][\/et_pb_row][\/et_pb_section]<\/p>\n","protected":false},"excerpt":{"rendered":"<p>Nasz zesp\u00f3\u0142 trener\u00f3w AVGS w Stuttgart Wykwalifikowany zesp\u00f3\u0142 na rzecz Twojej zmiany kariery lub za\u0142o\u017cenia firmyNasz zesp\u00f3\u0142 trener\u00f3w AVGS w Stuttgarcie jest zarz\u0105dzany przez Annette Traub. Annette Traub i jej zesp\u00f3\u0142 oferuj\u0105 produkty Job Challenge (coaching w zakresie orientacji zawodowej) i porady dotycz\u0105ce zak\u0142adania dzia\u0142alno\u015bci gospodarczej w siedzibie w City Plaza przy Rotheb\u00fchlplatz 23 w [&hellip;]<\/p>\n","protected":false},"author":1,"featured_media":0,"parent":6671,"menu_order":0,"comment_status":"closed","ping_status":"closed","template":"","meta":{"_et_pb_use_builder":"on","_et_pb_old_content":"","_et_gb_content_width":"","footnotes":""},"class_list":["post-6943","page","type-page","status-publish","hentry"],"yoast_head":"<!-- This site is optimized with the Yoast SEO plugin v26.0 - https:\/\/yoast.com\/wordpress\/plugins\/seo\/ -->\n<title>Coaching AVGS w Stuttgart do 100% finansowany przez AVGS<\/title>\n<meta name=\"description\" content=\"Nasz kompetentny i do\u015bwiadczony zesp\u00f3\u0142 trener\u00f3w AVGS przygotuje Ci\u0119 do Twojej zawodowej przysz\u0142o\u015bci i za\u0142o\u017cenia w\u0142asnej dzia\u0142alno\u015bci gospodarczej w Stuttgart.\" \/>\n<meta name=\"robots\" content=\"index, follow, max-snippet:-1, max-image-preview:large, max-video-preview:-1\" \/>\n<link rel=\"canonical\" href=\"https:\/\/avgs-gutschein.de\/pl\/nasze-biura-avgs\/stuttgart\/\" \/>\n<meta property=\"og:locale\" content=\"pl_PL\" \/>\n<meta property=\"og:type\" content=\"article\" \/>\n<meta property=\"og:title\" content=\"Coaching AVGS w Stuttgart do 100% finansowany przez AVGS\" \/>\n<meta property=\"og:description\" content=\"Nasz kompetentny i do\u015bwiadczony zesp\u00f3\u0142 trener\u00f3w AVGS przygotuje Ci\u0119 do Twojej zawodowej przysz\u0142o\u015bci i za\u0142o\u017cenia w\u0142asnej dzia\u0142alno\u015bci gospodarczej w Stuttgart.\" \/>\n<meta property=\"og:url\" content=\"https:\/\/avgs-gutschein.de\/pl\/nasze-biura-avgs\/stuttgart\/\" \/>\n<meta property=\"og:site_name\" content=\"AVGS Gutschein\" \/>\n<meta property=\"article:modified_time\" content=\"2026-01-09T02:41:27+00:00\" \/>\n<meta name=\"twitter:card\" content=\"summary_large_image\" \/>\n<meta name=\"twitter:label1\" content=\"Szacowany czas czytania\" \/>\n\t<meta name=\"twitter:data1\" content=\"8 minut\" \/>\n<script type=\"application\/ld+json\" class=\"yoast-schema-graph\">{\"@context\":\"https:\/\/schema.org\",\"@graph\":[{\"@type\":\"WebPage\",\"@id\":\"https:\/\/avgs-gutschein.de\/pl\/nasze-biura-avgs\/stuttgart\/\",\"url\":\"https:\/\/avgs-gutschein.de\/pl\/nasze-biura-avgs\/stuttgart\/\",\"name\":\"Coaching AVGS w Stuttgart do 100% finansowany przez AVGS\",\"isPartOf\":{\"@id\":\"https:\/\/avgs-gutschein.de\/pl\/#website\"},\"datePublished\":\"2024-01-17T02:42:11+00:00\",\"dateModified\":\"2026-01-09T02:41:27+00:00\",\"description\":\"Nasz kompetentny i do\u015bwiadczony zesp\u00f3\u0142 trener\u00f3w AVGS przygotuje Ci\u0119 do Twojej zawodowej przysz\u0142o\u015bci i za\u0142o\u017cenia w\u0142asnej dzia\u0142alno\u015bci gospodarczej w Stuttgart.\",\"breadcrumb\":{\"@id\":\"https:\/\/avgs-gutschein.de\/pl\/nasze-biura-avgs\/stuttgart\/#breadcrumb\"},\"inLanguage\":\"pl-PL\",\"potentialAction\":[{\"@type\":\"ReadAction\",\"target\":[\"https:\/\/avgs-gutschein.de\/pl\/nasze-biura-avgs\/stuttgart\/\"]}]},{\"@type\":\"BreadcrumbList\",\"@id\":\"https:\/\/avgs-gutschein.de\/pl\/nasze-biura-avgs\/stuttgart\/#breadcrumb\",\"itemListElement\":[{\"@type\":\"ListItem\",\"position\":1,\"name\":\"Startseite\",\"item\":\"https:\/\/avgs-gutschein.de\/pl\/\"},{\"@type\":\"ListItem\",\"position\":2,\"name\":\"Nasze biura AVGS\",\"item\":\"https:\/\/avgs-gutschein.de\/pl\/unsere-avgs-bueros\/\"},{\"@type\":\"ListItem\",\"position\":3,\"name\":\"Stuttgart\"}]},{\"@type\":\"WebSite\",\"@id\":\"https:\/\/avgs-gutschein.de\/pl\/#website\",\"url\":\"https:\/\/avgs-gutschein.de\/pl\/\",\"name\":\"AVGS Gutschein\",\"description\":\"\",\"potentialAction\":[{\"@type\":\"SearchAction\",\"target\":{\"@type\":\"EntryPoint\",\"urlTemplate\":\"https:\/\/avgs-gutschein.de\/pl\/?s={search_term_string}\"},\"query-input\":{\"@type\":\"PropertyValueSpecification\",\"valueRequired\":true,\"valueName\":\"search_term_string\"}}],\"inLanguage\":\"pl-PL\"}]}<\/script>\n<!-- \/ Yoast SEO plugin. -->","yoast_head_json":{"title":"Coaching AVGS w Stuttgart do 100% finansowany przez AVGS","description":"Nasz kompetentny i do\u015bwiadczony zesp\u00f3\u0142 trener\u00f3w AVGS przygotuje Ci\u0119 do Twojej zawodowej przysz\u0142o\u015bci i za\u0142o\u017cenia w\u0142asnej dzia\u0142alno\u015bci gospodarczej w Stuttgart.","robots":{"index":"index","follow":"follow","max-snippet":"max-snippet:-1","max-image-preview":"max-image-preview:large","max-video-preview":"max-video-preview:-1"},"canonical":"https:\/\/avgs-gutschein.de\/pl\/nasze-biura-avgs\/stuttgart\/","og_locale":"pl_PL","og_type":"article","og_title":"Coaching AVGS w Stuttgart do 100% finansowany przez AVGS","og_description":"Nasz kompetentny i do\u015bwiadczony zesp\u00f3\u0142 trener\u00f3w AVGS przygotuje Ci\u0119 do Twojej zawodowej przysz\u0142o\u015bci i za\u0142o\u017cenia w\u0142asnej dzia\u0142alno\u015bci gospodarczej w Stuttgart.","og_url":"https:\/\/avgs-gutschein.de\/pl\/nasze-biura-avgs\/stuttgart\/","og_site_name":"AVGS Gutschein","article_modified_time":"2026-01-09T02:41:27+00:00","twitter_card":"summary_large_image","twitter_misc":{"Szacowany czas czytania":"8 minut"},"schema":{"@context":"https:\/\/schema.org","@graph":[{"@type":"WebPage","@id":"https:\/\/avgs-gutschein.de\/pl\/nasze-biura-avgs\/stuttgart\/","url":"https:\/\/avgs-gutschein.de\/pl\/nasze-biura-avgs\/stuttgart\/","name":"Coaching AVGS w Stuttgart do 100% finansowany przez AVGS","isPartOf":{"@id":"https:\/\/avgs-gutschein.de\/pl\/#website"},"datePublished":"2024-01-17T02:42:11+00:00","dateModified":"2026-01-09T02:41:27+00:00","description":"Nasz kompetentny i do\u015bwiadczony zesp\u00f3\u0142 trener\u00f3w AVGS przygotuje Ci\u0119 do Twojej zawodowej przysz\u0142o\u015bci i za\u0142o\u017cenia w\u0142asnej dzia\u0142alno\u015bci gospodarczej w Stuttgart.","breadcrumb":{"@id":"https:\/\/avgs-gutschein.de\/pl\/nasze-biura-avgs\/stuttgart\/#breadcrumb"},"inLanguage":"pl-PL","potentialAction":[{"@type":"ReadAction","target":["https:\/\/avgs-gutschein.de\/pl\/nasze-biura-avgs\/stuttgart\/"]}]},{"@type":"BreadcrumbList","@id":"https:\/\/avgs-gutschein.de\/pl\/nasze-biura-avgs\/stuttgart\/#breadcrumb","itemListElement":[{"@type":"ListItem","position":1,"name":"Startseite","item":"https:\/\/avgs-gutschein.de\/pl\/"},{"@type":"ListItem","position":2,"name":"Nasze biura AVGS","item":"https:\/\/avgs-gutschein.de\/pl\/unsere-avgs-bueros\/"},{"@type":"ListItem","position":3,"name":"Stuttgart"}]},{"@type":"WebSite","@id":"https:\/\/avgs-gutschein.de\/pl\/#website","url":"https:\/\/avgs-gutschein.de\/pl\/","name":"AVGS Gutschein","description":"","potentialAction":[{"@type":"SearchAction","target":{"@type":"EntryPoint","urlTemplate":"https:\/\/avgs-gutschein.de\/pl\/?s={search_term_string}"},"query-input":{"@type":"PropertyValueSpecification","valueRequired":true,"valueName":"search_term_string"}}],"inLanguage":"pl-PL"}]}},"_links":{"self":[{"href":"https:\/\/avgs-gutschein.de\/pl\/wp-json\/wp\/v2\/pages\/6943","targetHints":{"allow":["GET"]}}],"collection":[{"href":"https:\/\/avgs-gutschein.de\/pl\/wp-json\/wp\/v2\/pages"}],"about":[{"href":"https:\/\/avgs-gutschein.de\/pl\/wp-json\/wp\/v2\/types\/page"}],"author":[{"embeddable":true,"href":"https:\/\/avgs-gutschein.de\/pl\/wp-json\/wp\/v2\/users\/1"}],"replies":[{"embeddable":true,"href":"https:\/\/avgs-gutschein.de\/pl\/wp-json\/wp\/v2\/comments?post=6943"}],"version-history":[{"count":9,"href":"https:\/\/avgs-gutschein.de\/pl\/wp-json\/wp\/v2\/pages\/6943\/revisions"}],"predecessor-version":[{"id":12753,"href":"https:\/\/avgs-gutschein.de\/pl\/wp-json\/wp\/v2\/pages\/6943\/revisions\/12753"}],"up":[{"embeddable":true,"href":"https:\/\/avgs-gutschein.de\/pl\/wp-json\/wp\/v2\/pages\/6671"}],"wp:attachment":[{"href":"https:\/\/avgs-gutschein.de\/pl\/wp-json\/wp\/v2\/media?parent=6943"}],"curies":[{"name":"wp","href":"https:\/\/api.w.org\/{rel}","templated":true}]}}