{"id":6812,"date":"2024-01-17T02:25:42","date_gmt":"2024-01-17T01:25:42","guid":{"rendered":"https:\/\/avgs-gutschein.de\/nasze-biura-avgs\/buchholz\/"},"modified":"2025-10-06T09:16:50","modified_gmt":"2025-10-06T07:16:50","slug":"buchholz","status":"publish","type":"page","link":"https:\/\/avgs-gutschein.de\/pl\/nasze-biura-avgs\/buchholz\/","title":{"rendered":"Buchholz"},"content":{"rendered":"<p>[et_pb_section fb_built=&#8221;1&#8243; _builder_version=&#8221;4.23.4&#8243; _module_preset=&#8221;default&#8221; use_background_color_gradient=&#8221;on&#8221; background_color_gradient_stops=&#8221;rgba(255,255,255,0) 0%|rgba(255,255,255,0.71) 50%&#8221; background_color_gradient_overlays_image=&#8221;on&#8221; background_image=&#8221;https:\/\/avgs-gutschein.de\/wp-content\/uploads\/2024\/01\/Header_Buchholz.webp&#8221; background_position=&#8221;bottom_center&#8221; custom_padding=&#8221;18vw||13.5vw||false|false&#8221; global_colors_info=&#8221;{}&#8221; background__hover_enabled=&#8221;off|desktop&#8221;][et_pb_row _builder_version=&#8221;4.23.1&#8243; _module_preset=&#8221;default&#8221; global_colors_info=&#8221;{}&#8221;][et_pb_column type=&#8221;4_4&#8243; _builder_version=&#8221;4.23.1&#8243; _module_preset=&#8221;default&#8221; global_colors_info=&#8221;{}&#8221;][et_pb_text module_class=&#8221;avgs-font &#8221; _builder_version=&#8221;4.27.2&#8243; _module_preset=&#8221;default&#8221; text_font_size=&#8221;50px&#8221; header_font=&#8221;|800|||||||&#8221; header_text_align=&#8221;center&#8221; header_font_size=&#8221;45px&#8221; global_colors_info=&#8221;{}&#8221;]<\/p>\n<h1 class=\"gray-font\">Nasz zesp\u00f3\u0142 trener\u00f3w A<span class=\"red-font\">V<\/span>GS w <span class=\"red-font\"> Buchholz<br \/>\n<\/span><\/h1>\n<p>[\/et_pb_text][et_pb_button button_url=&#8221;\/unsere-coaches&#8221; button_text=&#8221; Finden Sie Ihren AVGS-Coach&#8221; button_alignment=&#8221;center&#8221; disabled_on=&#8221;on|on|on&#8221; _builder_version=&#8221;4.24.0&#8243; _module_preset=&#8221;default&#8221; custom_button=&#8221;on&#8221; button_text_color=&#8221;#FFFFFF&#8221; button_bg_color=&#8221;#cf222a&#8221; button_border_width=&#8221;0px&#8221; disabled=&#8221;on&#8221; global_colors_info=&#8221;{}&#8221;][\/et_pb_button][\/et_pb_column][\/et_pb_row][\/et_pb_section][et_pb_section fb_built=&#8221;1&#8243; _builder_version=&#8221;4.23.1&#8243; _module_preset=&#8221;default&#8221; global_colors_info=&#8221;{}&#8221;][et_pb_row _builder_version=&#8221;4.23.1&#8243; _module_preset=&#8221;default&#8221; global_colors_info=&#8221;{}&#8221;][et_pb_column type=&#8221;4_4&#8243; _builder_version=&#8221;4.23.1&#8243; _module_preset=&#8221;default&#8221; global_colors_info=&#8221;{}&#8221;][et_pb_text _builder_version=&#8221;4.27.2&#8243; _module_preset=&#8221;default&#8221; text_font_size=&#8221;30px&#8221; header_2_font=&#8221;|600|||||||&#8221; header_2_text_align=&#8221;center&#8221; header_2_text_color=&#8221;#555555&#8243; header_2_font_size=&#8221;30px&#8221; header_2_line_height=&#8221;1.54em&#8221; global_colors_info=&#8221;{}&#8221;]<\/p>\n<h2>Wykwalifikowany zesp\u00f3\u0142 na rzecz Twojej zmiany kariery lub za\u0142o\u017cenia firmy<br \/>\n<\/h2>\n<p>[\/et_pb_text][et_pb_text module_class=&#8221;normal-p&#8221; _builder_version=&#8221;4.27.2&#8243; _module_preset=&#8221;default&#8221; global_colors_info=&#8221;{}&#8221;]Nasze biuro w Buchholz\/Nordheide znajduje si\u0119 bardzo blisko centrum miasta i jest dogodnie zlokalizowane przy Parkstrasse 1. Nasz zesp\u00f3\u0142 Buchholz czeka na Ciebie w jasnych, nowoczesnych pomieszczeniach i nie mo\u017ce si\u0119 doczeka\u0107, aby porozmawia\u0107 z Tob\u0105 o Twoich planach zawodowych przy fili\u017cance herbaty lub kawy. W Buchholz oferujemy zar\u00f3wno Job Challenge, jak i porady dotycz\u0105ce zak\u0142adania dzia\u0142alno\u015bci gospodarczej osobi\u015bcie, online lub hybrydowo. Jeste\u015bmy wieloletnim partnerem agencji zatrudnienia Buchholz i centrum pracy Buchholz i wsp\u00f3\u0142pracujemy w zaufany spos\u00f3b z lokalnymi agencjami zatrudnienia. Coaching jest dla Ciebie w 100% bezp\u0142atny dzi\u0119ki AVGS. Mo\u017cesz swobodnie wybra\u0107 preferowanego trenera z zespo\u0142u Buchholz i um\u00f3wi\u0107 si\u0119 na wst\u0119pne spotkanie wprowadzaj\u0105ce, aby om\u00f3wi\u0107 wszelkie dalsze pytania. Czekamy na Ciebie![\/et_pb_text][et_pb_code _builder_version=&#8221;4.27.4&#8243; _module_preset=&#8221;default&#8221; hover_enabled=&#8221;0&#8243; global_colors_info=&#8221;{}&#8221; sticky_enabled=&#8221;0&#8243;]<\/p>\n<div class=\"card-list-container two-columns-2\"><!-- [et_pb_line_break_holder] -->   <!-- Bodenhausen --><!-- [et_pb_line_break_holder] -->     <\/p>\n<div class=\"card-list item produkt-jobcoaching sprache-deutsch standort-buchholz standort-online<!-- [et_pb_line_break_holder] -->     themenschwerpunkte-bewerbungstraining<!-- [et_pb_line_break_holder] -->     themenschwerpunkte-stellenrecherche<!-- [et_pb_line_break_holder] -->     themenschwerpunkte-berufsorientierung<!-- [et_pb_line_break_holder] -->     themenschwerpunkte-vorstellungsgespraeche<!-- [et_pb_line_break_holder] -->     themenschwerpunkte-persoenliche-positionierung <!-- [et_pb_line_break_holder] -->     branchenschwerpunkte-beratung<!-- [et_pb_line_break_holder] -->     branchenschwerpunkte-dienstleistungen<!-- [et_pb_line_break_holder] -->     branchenschwerpunkte-energie<!-- [et_pb_line_break_holder] -->     branchenschwerpunkte-event<!-- [et_pb_line_break_holder] -->     branchenschwerpunkte-handel<!-- [et_pb_line_break_holder] -->     branchenschwerpunkte-kommunikation<!-- [et_pb_line_break_holder] -->     branchenschwerpunkte-ngos&#8221;><!-- [et_pb_line_break_holder] -->         <\/p>\n<div class=\"card-front\"><!-- [et_pb_line_break_holder] -->             <\/p>\n<div class=\"cntnt\"><!-- [et_pb_line_break_holder] -->                 <img decoding=\"async\" src=\"\/wp-content\/uploads\/2023\/12\/Barbara_Bodenhausen_profile_pic.webp\"><!-- [et_pb_line_break_holder] -->                 <\/p>\n<div class=\"coach-card\"><!-- [et_pb_line_break_holder] -->                     <\/p>\n<h2>Barbara Bodenhausen<\/h2>\n<p><!-- [et_pb_line_break_holder] -->                     <\/p>\n<div class=\"coach-desc\"><!-- [et_pb_line_break_holder] -->                         <\/p>\n<div class=\"standort\"><b>Biuro:<\/b> Obecno\u015b\u0107 w: Buchholz, online w ca\u0142ych Niemczech<\/div>\n<p><!-- [et_pb_line_break_holder] -->                         <\/p>\n<hr>\n<p><!-- [et_pb_line_break_holder] -->                         <\/p>\n<div class=\"specialty\"><b>Produkt:<\/b> Coaching pracy<\/div>\n<p><!-- [et_pb_line_break_holder] -->                         <\/p>\n<hr>\n<p><!-- [et_pb_line_break_holder] -->                         <\/p>\n<div class=\"lang\"><b>J\u0119zyki coachingowe: <\/b>niemiecki<\/div>\n<p><!-- [et_pb_line_break_holder] -->                         <\/p>\n<hr>\n<p><!-- [et_pb_line_break_holder] -->                     <\/div>\n<p><!-- [et_pb_line_break_holder] -->                     <\/p>\n<div class=\"coach-btn\"><!-- [et_pb_line_break_holder] -->                         <\/p>\n<div class=\"link-btn\">Pozna\u0107<\/div>\n<p><!-- [et_pb_line_break_holder] -->                     <\/div>\n<p><!-- [et_pb_line_break_holder] -->                 <\/div>\n<p><!-- [et_pb_line_break_holder] -->             <\/div>\n<p><!-- [et_pb_line_break_holder] -->         <\/div>\n<p><!-- [et_pb_line_break_holder] -->         <\/p>\n<div class=\"card-back\" onclick=\"location.href='\/pl\/nasi-trenerzy\/barbara-bodenhausen\/'\"><!-- [et_pb_line_break_holder] -->             <\/p>\n<div class=\"cntnt\"><!-- [et_pb_line_break_holder] -->                 <\/p>\n<div><!-- [et_pb_line_break_holder] -->                 <\/div>\n<p><!-- [et_pb_line_break_holder] -->                 <\/p>\n<ol><!-- [et_pb_line_break_holder] -->                   <\/p>\n<li><span class=\"ques\">Co kwalifikuje Ci\u0119 jako coacha\/trenera? <\/span><!\u2013- [et_pb_br_holder] -\u2013><pee>W kontek\u015bcie zawodowym prowadz\u0119 coaching wszystkich os\u00f3b, kt\u00f3re stoj\u0105 w obliczu zmian i szukaj\u0105 nowego spojrzenia na te wyzwania. W swojej pracy wnosz\u0119 ponad 20-letnie do\u015bwiadczenie zawodowe w doradztwie personalnym. Opr\u00f3cz odnajdywania wizji, rozwijania potencja\u0142u, aktywowania zasob\u00f3w, wzmacniania pewno\u015bci siebie i pewno\u015bci siebie, m\u00f3j coaching koncentruje si\u0119 przede wszystkim na optymalizacji dokument\u00f3w aplikacyjnych i profesjonalnym przygotowaniu do udanych rozm\u00f3w kwalifikacyjnych.<\/pee><!-- [et_pb_line_break_holder] -->                     <\/li>\n<p><!-- [et_pb_line_break_holder] -->                   <\/p>\n<li><span class=\"ques\">Co Ci\u0119 wyr\u00f3\u017cnia?&#8230;<\/span><!\u2013- [et_pb_br_holder] -\u2013><\/li>\n<p><!-- [et_pb_line_break_holder] -->                 <\/ol>\n<p><!-- [et_pb_line_break_holder] -->                <!-- \n\n<div>Mehr erfahren<\/div>\n\n--><!-- [et_pb_line_break_holder] -->                 <\/p>\n<div class=\"primary-color\"><\/div>\n<p><!-- [et_pb_line_break_holder] -->                 <\/p>\n<div class=\"bottom-footer\"><!-- [et_pb_line_break_holder] -->                     <\/p>\n<div class=\"bottom-footer-container\"><!-- [et_pb_line_break_holder] -->                         <\/p>\n<div class=\"_col\"><!-- [et_pb_line_break_holder] -->                             <a href=\"\/pl\/nasi-trenerzy\/barbara-bodenhausen\/\"> <span class=\"button\">Do profilu<\/span><\/a><!-- [et_pb_line_break_holder] -->                         <\/div>\n<p><!-- [et_pb_line_break_holder] -->                     <\/div>\n<p><!-- [et_pb_line_break_holder] -->                 <\/div>\n<p><!-- [et_pb_line_break_holder] -->             <\/div>\n<p><!-- [et_pb_line_break_holder] -->         <\/div>\n<p><!-- [et_pb_line_break_holder] -->     <\/div>\n<p><!-- [et_pb_line_break_holder] -->  <!-- Brandt--><!-- [et_pb_line_break_holder] -->      <\/p>\n<div class=\"card-list item produkt-jobcoaching sprache-deutsch standort-online standort-stade standort-buchholz<!-- [et_pb_line_break_holder] -->      themenschwerpunkte-businessplanerstellung<!-- [et_pb_line_break_holder] -->themenschwerpunkte-strategie<!-- [et_pb_line_break_holder] -->themenschwerpunkte-finanzplanung<!-- [et_pb_line_break_holder] -->themenschwerpunkte-digitales-marketing<!-- [et_pb_line_break_holder] -->themenschwerpunkte-rechtsfragen<!-- [et_pb_line_break_holder] -->branchenschwerpunkte-beratung<!-- [et_pb_line_break_holder] -->branchenschwerpunkte-dienstleistungen<!-- [et_pb_line_break_holder] -->branchenschwerpunkte-handel<!-- [et_pb_line_break_holder] -->branchenschwerpunkte-handwerk&#8221;><!-- [et_pb_line_break_holder] -->          <\/p>\n<div class=\"card-front\"><!-- [et_pb_line_break_holder] -->              <\/p>\n<div class=\"cntnt\"><!-- [et_pb_line_break_holder] -->                  <img decoding=\"async\" src=\"\/wp-content\/uploads\/2023\/12\/Reiner-Brandt_01_profile_pic.webp\"><!-- [et_pb_line_break_holder] -->                  <\/p>\n<div class=\"coach-card\"><!-- [et_pb_line_break_holder] -->                      <\/p>\n<h2>Reiner Brandt<\/h2>\n<p><!-- [et_pb_line_break_holder] -->                      <\/p>\n<div class=\"coach-desc\"><!-- [et_pb_line_break_holder] -->                          <\/p>\n<div class=\"standort\"><b>Biuro:<\/b> Obecno\u015b\u0107 w: Stade i Buchholz, online w ca\u0142ych Niemczech<\/div>\n<p><!-- [et_pb_line_break_holder] -->                          <\/p>\n<hr>\n<p><!-- [et_pb_line_break_holder] -->                          <\/p>\n<div class=\"specialty\"><b>Produkt:<\/b> Porady na start<\/div>\n<p><!-- [et_pb_line_break_holder] -->                          <\/p>\n<hr>\n<p><!-- [et_pb_line_break_holder] -->                          <\/p>\n<div class=\"lang\"><b>J\u0119zyki coachingowe: <\/b>niemiecki<\/div>\n<p><!-- [et_pb_line_break_holder] -->                          <\/p>\n<hr>\n<p><!-- [et_pb_line_break_holder] -->                      <\/div>\n<p><!-- [et_pb_line_break_holder] -->                      <\/p>\n<div class=\"coach-btn\"><!-- [et_pb_line_break_holder] -->                          <\/p>\n<div class=\"link-btn\">Pozna\u0107<\/div>\n<p><!-- [et_pb_line_break_holder] -->                      <\/div>\n<p><!-- [et_pb_line_break_holder] -->                  <\/div>\n<p><!-- [et_pb_line_break_holder] -->              <\/div>\n<p><!-- [et_pb_line_break_holder] -->          <\/div>\n<p><!-- [et_pb_line_break_holder] -->          <\/p>\n<div class=\"card-back\" onclick=\"location.href='\/pl\/nasi-trenerzy\/reiner-brandt\/'\"><!-- [et_pb_line_break_holder] -->              <\/p>\n<div class=\"cntnt\"><!-- [et_pb_line_break_holder] -->                  <\/p>\n<div><!-- [et_pb_line_break_holder] -->                  <\/div>\n<p><!-- [et_pb_line_break_holder] -->                  <\/p>\n<ol><!-- [et_pb_line_break_holder] -->                    <\/p>\n<li><span class=\"ques\">Co kwalifikuje Ci\u0119 jako coacha\/trenera? <\/span><!\u2013- [et_pb_br_holder] -\u2013><pee>Moje wykszta\u0142cenie jako bankier oraz studia z zakresu administracji biznesowej ze szczeg\u00f3lnym uwzgl\u0119dnieniem marketingu i kontrolingu stanowi\u0105 solidny fundament. Bazuj\u0119 na swoim do\u015bwiadczeniu zdobytym w r\u00f3\u017cnych firmach spoza \u015bwiata bankowo\u015bci. Moje otwarte i uczciwe kontakty z lud\u017ami dope\u0142niaj\u0105 te kwalifikacje.<\/pee><!-- [et_pb_line_break_holder] -->                      <\/li>\n<p><!-- [et_pb_line_break_holder] -->                    <\/p>\n<li><span class=\"ques\">Co daje Ci najwi\u0119ksz\u0105 satysfakcj\u0119 w Twojej pracy?&#8230;<\/span><!\u2013- [et_pb_br_holder] -\u2013><\/li>\n<p><!-- [et_pb_line_break_holder] -->                  <\/ol>\n<p><!-- [et_pb_line_break_holder] -->                 <!-- \n\n<div>Mehr erfahren<\/div>\n\n--><!-- [et_pb_line_break_holder] -->                  <\/p>\n<div class=\"primary-color\"><\/div>\n<p><!-- [et_pb_line_break_holder] -->                  <\/p>\n<div class=\"bottom-footer\"><!-- [et_pb_line_break_holder] -->                      <\/p>\n<div class=\"bottom-footer-container\"><!-- [et_pb_line_break_holder] -->                          <\/p>\n<div class=\"_col\"><!-- [et_pb_line_break_holder] -->                              <a href=\"\/pl\/nasi-trenerzy\/reiner-brandt\/\"> <span class=\"button\">Do profilu<\/span><\/a><!-- [et_pb_line_break_holder] -->                          <\/div>\n<p><!-- [et_pb_line_break_holder] -->                      <\/div>\n<p><!-- [et_pb_line_break_holder] -->                  <\/div>\n<p><!-- [et_pb_line_break_holder] -->              <\/div>\n<p><!-- [et_pb_line_break_holder] -->          <\/div>\n<p><!-- [et_pb_line_break_holder] -->      <\/div>\n<p><!-- [et_pb_line_break_holder] --><!--Christine Geiersbach--><!-- [et_pb_line_break_holder] --><\/p>\n<div class=\"card-list item produkt-jobcoaching<!-- [et_pb_line_break_holder] -->produkt-gruendungsberatung<!-- [et_pb_line_break_holder] -->sprache-deutsch<!-- [et_pb_line_break_holder] -->standort-online<!-- [et_pb_line_break_holder] -->standort-buchholz<!-- [et_pb_line_break_holder] -->standort-lueneburg<!-- [et_pb_line_break_holder] -->standort-stade<!-- [et_pb_line_break_holder] -->themenschwerpunkte-bewerbungstraining<!-- [et_pb_line_break_holder] -->themenschwerpunkte-berufsorientierung<!-- [et_pb_line_break_holder] -->themenschwerpunkte-vorstellungsgespraeche<!-- [et_pb_line_break_holder] -->themenschwerpunkte-persoenliche-positionierung<!-- [et_pb_line_break_holder] -->themenschwerpunkte-businessplanerstellung<!-- [et_pb_line_break_holder] -->themenschwerpunkte-strategie<!-- [et_pb_line_break_holder] -->themenschwerpunkte-finanzplanung<!-- [et_pb_line_break_holder] -->themenschwerpunkte-rechtsfragen<!-- [et_pb_line_break_holder] -->branchenschwerpunkte-beratung<!-- [et_pb_line_break_holder] -->branchenschwerpunkte-dienstleistungen&#8221;><!-- [et_pb_line_break_holder] --><\/p>\n<div class=\"card-front\"><!-- [et_pb_line_break_holder] -->    <\/p>\n<div class=\"cntnt\"><!-- [et_pb_line_break_holder] -->        <img decoding=\"async\" src=\"\/wp-content\/uploads\/2024\/01\/Christine_Geiersbach_prof_pic.webp\"><!-- [et_pb_line_break_holder] -->        <\/p>\n<div class=\"coach-card\"><!-- [et_pb_line_break_holder] -->            <\/p>\n<h2>Christine Geiersbach<\/h2>\n<p><!-- [et_pb_line_break_holder] -->            <\/p>\n<div class=\"coach-desc\"><!-- [et_pb_line_break_holder] -->                <\/p>\n<div class=\"standort\"><b>Biuro:<\/b> Obecno\u015b\u0107 w: Buchholz, L\u00fcneburg, Stade, online na terenie ca\u0142ych Niemiec<\/div>\n<p><!-- [et_pb_line_break_holder] -->                <\/p>\n<hr>\n<p><!-- [et_pb_line_break_holder] -->                <\/p>\n<div class=\"specialty\"><b>Produkt:<\/b> Coaching pracy, doradztwo na start<\/div>\n<p><!-- [et_pb_line_break_holder] -->                <\/p>\n<hr>\n<p><!-- [et_pb_line_break_holder] -->                <\/p>\n<div class=\"lang\"><b>J\u0119zyki coachingowe: <\/b>niemiecki<\/div>\n<p><!-- [et_pb_line_break_holder] -->                <\/p>\n<hr>\n<p><!-- [et_pb_line_break_holder] -->            <\/div>\n<p><!-- [et_pb_line_break_holder] -->            <\/p>\n<div class=\"coach-btn\"><!-- [et_pb_line_break_holder] -->                <\/p>\n<div class=\"link-btn\">Pozna\u0107<\/div>\n<p><!-- [et_pb_line_break_holder] -->            <\/div>\n<p><!-- [et_pb_line_break_holder] -->        <\/div>\n<p><!-- [et_pb_line_break_holder] -->    <\/div>\n<p><!-- [et_pb_line_break_holder] --><\/div>\n<p><!-- [et_pb_line_break_holder] --><\/p>\n<div class=\"card-back\" onclick=\"location.href='\/pl\/nasi-trenerzy\/christine-geiersbach\/'\"><!-- [et_pb_line_break_holder] -->    <\/p>\n<div class=\"cntnt\"><!-- [et_pb_line_break_holder] -->        <\/p>\n<div><!-- [et_pb_line_break_holder] -->        <\/div>\n<p><!-- [et_pb_line_break_holder] -->        <\/p>\n<ol><!-- [et_pb_line_break_holder] -->          <\/p>\n<li><span class=\"ques\">Co kwalifikuje Ci\u0119 jako coacha\/trenera?<\/span><!\u2013- [et_pb_br_holder] -\u2013><pee>M\u00f3j ciep\u0142y i empatyczny spos\u00f3b post\u0119powania z lud\u017ami! Ponadto moje studia z zakresu pedagogiki spo\u0142ecznej i organizacyjnej, zako\u0144czone uzyskaniem tytu\u0142u Master of Business Administration, dalsze kszta\u0142cenie w charakterze konsultanta i trenera systemowego oraz moje do\u015bwiadczenie zawodowe jako mened\u017cera tworz\u0105 wszechstronn\u0105 podstaw\u0119 do wspierania innych w realizacji ich projekt\u00f3w.<\/pee><!-- [et_pb_line_break_holder] -->            <\/li>\n<p><!-- [et_pb_line_break_holder] -->          <\/p>\n<li><span class=\"ques\">Co sprawia Ci najwi\u0119ksz\u0105 satysfakcj\u0119 w swojej pracy? &#8230;<\/span><!\u2013- [et_pb_br_holder] -\u2013><\/li>\n<p>   <!-- [et_pb_line_break_holder] -->        <\/ol>\n<p><!-- [et_pb_line_break_holder] -->       <!-- \n\n<div>Mehr erfahren<\/div>\n\n--><!-- [et_pb_line_break_holder] -->        <\/p>\n<div class=\"primary-color\"><\/div>\n<p><!-- [et_pb_line_break_holder] -->        <\/p>\n<div class=\"bottom-footer\"><!-- [et_pb_line_break_holder] -->            <\/p>\n<div class=\"bottom-footer-container\"><!-- [et_pb_line_break_holder] -->                <\/p>\n<div class=\"_col\"><!-- [et_pb_line_break_holder] -->                    <a href=\"\/pl\/nasi-trenerzy\/christine-geiersbach\/\"> <span class=\"button\">Do profilu<\/span><\/a><!-- [et_pb_line_break_holder] -->                <\/div>\n<p><!-- [et_pb_line_break_holder] -->            <\/div>\n<p><!-- [et_pb_line_break_holder] -->        <\/div>\n<p><!-- [et_pb_line_break_holder] -->    <\/div>\n<p><!-- [et_pb_line_break_holder] --><\/div>\n<p><!-- [et_pb_line_break_holder] --><\/div>\n<p><!-- [et_pb_line_break_holder] -->  <!--Makaschutin --><!-- [et_pb_line_break_holder] --> <\/p>\n<div class=\"card-list item<!-- [et_pb_line_break_holder] --> produkt-jobcoaching<!-- [et_pb_line_break_holder] --> sprache-deutsch<!-- [et_pb_line_break_holder] --> sprache-russisch<!-- [et_pb_line_break_holder] --> standort-online<!-- [et_pb_line_break_holder] --> standort-buchholz<!-- [et_pb_line_break_holder] --> standort-lueneburg<!-- [et_pb_line_break_holder] --> themenschwerpunkte-bewerbungstraining<!-- [et_pb_line_break_holder] --> themenschwerpunkte-stellenrecherche<!-- [et_pb_line_break_holder] --> themenschwerpunkte-berufsorientierung<!-- [et_pb_line_break_holder] --> themenschwerpunkte-vorstellungsgespraeche<!-- [et_pb_line_break_holder] --> themenschwerpunkte-persoenliche-positionierung<!-- [et_pb_line_break_holder] --> branchenschwerpunkte-beratung<!-- [et_pb_line_break_holder] --> branchenschwerpunkte-handwerk<!-- [et_pb_line_break_holder] --> branchenschwerpunkte-soziales<!-- [et_pb_line_break_holder] --> &#8222;><!-- [et_pb_line_break_holder] --> <\/p>\n<div class=\"card-front\"><!-- [et_pb_line_break_holder] -->    <\/p>\n<div class=\"cntnt\"><!-- [et_pb_line_break_holder] -->        <img decoding=\"async\" src=\"\/wp-content\/uploads\/2025\/04\/vita_makaschutin_profile_pic.webp\"><!-- [et_pb_line_break_holder] -->        <\/p>\n<div class=\"coach-card\"><!-- [et_pb_line_break_holder] -->            <\/p>\n<h2>Vita Makaschutin<\/h2>\n<p><!-- [et_pb_line_break_holder] -->            <\/p>\n<div class=\"coach-desc\"><!-- [et_pb_line_break_holder] -->                <\/p>\n<div class=\"standort\"><b>Biuro:<\/b> Obecno\u015b\u0107 w: L\u00fcneburg, Buchholz, Niemcy \u2013 online<\/div>\n<p><!-- [et_pb_line_break_holder] -->                <\/p>\n<hr>\n<p><!-- [et_pb_line_break_holder] -->                <\/p>\n<div class=\"specialty\"><b>Produkt:<\/b> Coaching zawodowy<\/div>\n<p><!-- [et_pb_line_break_holder] -->                <\/p>\n<hr>\n<p><!-- [et_pb_line_break_holder] -->                <\/p>\n<div class=\"lang\"><b>J\u0119zyk coachingowe:<\/b> Niemiecki, rosyjski<\/div>\n<p><!-- [et_pb_line_break_holder] -->                <\/p>\n<hr>\n<p><!-- [et_pb_line_break_holder] -->            <\/div>\n<p><!-- [et_pb_line_break_holder] -->            <\/p>\n<div class=\"coach-btn\"><!-- [et_pb_line_break_holder] -->                <\/p>\n<div class=\"link-btn\">Pozna\u0107<\/div>\n<p><!-- [et_pb_line_break_holder] -->            <\/div>\n<p><!-- [et_pb_line_break_holder] -->        <\/div>\n<p><!-- [et_pb_line_break_holder] -->    <\/div>\n<p><!-- [et_pb_line_break_holder] --> <\/div>\n<p><!-- [et_pb_line_break_holder] --> <\/p>\n<div class=\"card-back\" onclick=\"location.href='\/unsere-coaches\/vita-makaschutin\/'\"><!-- [et_pb_line_break_holder] -->    <\/p>\n<div class=\"cntnt\"><!-- [et_pb_line_break_holder] -->        <\/p>\n<div><!-- [et_pb_line_break_holder] -->        <\/div>\n<p><!-- [et_pb_line_break_holder] -->        <\/p>\n<ol><!-- [et_pb_line_break_holder] -->          <\/p>\n<li><span class=\"ques\">Jakie kwalifikacje kwalifikuj\u0105 Ci\u0119 jako trenera\/trenera? <\/span><!\u2013- [et_pb_br_holder] -\u2013><pee>Wieloletnia praca w edukacji doros\u0142ych i sektorze socjalnym pozwoli\u0142a mi zdoby\u0107 dog\u0142\u0119bn\u0105 wiedz\u0119 na temat wspierania jednostek i grup w r\u00f3\u017cnych fazach \u017cycia i sytuacjach.<\/pee><!-- [et_pb_line_break_holder] -->        <pee>Stosuj\u0105c podej\u015bcie interdyscyplinarne, wspieram ludzi w osi\u0105ganiu cel\u00f3w osobistych i zawodowych, rozwijaniu potencja\u0142u i osi\u0105ganiu trwa\u0142ych zmian. Koncentruj\u0119 si\u0119 na promowaniu autorefleksji, samodzielno\u015bci i praktycznych rozwi\u0105za\u0144. Wykorzystuj\u0119 sprawdzone metody z zakresu doradztwa systemowego, technik coachingowych oraz kreatywnych podej\u015b\u0107 pedagogicznych.<\/pee> <\/li>\n<p><!-- [et_pb_line_break_holder] -->          <\/p>\n<li><span class=\"ques\">Jakie mierzalne rezultaty uda\u0142o Ci si\u0119 osi\u0105gn\u0105\u0107 wsp\u00f3lnie z klientami i co Ci\u0119 wyr\u00f3\u017cnia?&#8230;<\/span><!\u2013- [et_pb_br_holder] -\u2013><\/li>\n<p><!-- [et_pb_line_break_holder] -->        <\/ol>\n<p><!-- [et_pb_line_break_holder] -->       <!-- \n\n<div>Mehr erfahren<\/div>\n\n--><!-- [et_pb_line_break_holder] -->        <\/p>\n<div class=\"primary-color\"><\/div>\n<p><!-- [et_pb_line_break_holder] -->        <\/p>\n<div class=\"bottom-footer\"><!-- [et_pb_line_break_holder] -->            <\/p>\n<div class=\"bottom-footer-container\"><!-- [et_pb_line_break_holder] -->                <\/p>\n<div class=\"_col\"><!-- [et_pb_line_break_holder] -->                    <a href=\"\/unsere-coaches\/vita-makaschutin\/\"> <span class=\"button\">Do profilu<\/span><\/a><!-- [et_pb_line_break_holder] -->                <\/div>\n<p><!-- [et_pb_line_break_holder] -->            <\/div>\n<p><!-- [et_pb_line_break_holder] -->        <\/div>\n<p><!-- [et_pb_line_break_holder] -->    <\/div>\n<p><!-- [et_pb_line_break_holder] --> <\/div>\n<p><!-- [et_pb_line_break_holder] --> <\/div>\n<p><!-- [et_pb_line_break_holder] -->  <!--Maschewski --><!-- [et_pb_line_break_holder] --> <\/p>\n<div class=\"card-list item produkt-jobcoaching produkt-gruendungsberatung sprache-deutsch sprache-englisch standort-online standort-berlin standort-muenchen standort-frankfurt standort-moenchengladbach standort-essen themenschwerpunkte-bewerbungstraining themenschwerpunkte-stellenrecherche themenschwerpunkte-berufsorientierung themenschwerpunkte-vorstellungsgespraeche themenschwerpunkte-persoenliche-positionierung themenschwerpunkte-businessplanerstellung themenschwerpunkte-strategie themenschwerpunkte-finanzplanung themenschwerpunkte-digitales-marketing themenschwerpunkte-rechtsfragen branchenschwerpunkte-beratung branchenschwerpunkte-dienstleistungen branchenschwerpunkte-energie branchenschwerpunkte-event branchenschwerpunkte-gastronomie branchenschwerpunkte-pflege branchenschwerpunkte-handel branchenschwerpunkte-handwerk branchenschwerpunkte-design branchenschwerpunkte-kultur branchenschwerpunkte-kommunikation branchenschwerpunkte-ngos branchenschwerpunkte-fitness clval-30\"><!-- [et_pb_line_break_holder] --> <\/p>\n<div class=\"card-front\"><!-- [et_pb_line_break_holder] -->    <\/p>\n<div class=\"cntnt\"><!-- [et_pb_line_break_holder] -->        <img decoding=\"async\" src=\"\/wp-content\/uploads\/2025\/07\/JoernM_profile_img.webp\"><!-- [et_pb_line_break_holder] -->        <\/p>\n<div class=\"coach-card\"><!-- [et_pb_line_break_holder] -->            <\/p>\n<h2>J\u00f6rn Maschewski<\/h2>\n<p><!-- [et_pb_line_break_holder] -->            <\/p>\n<div class=\"coach-desc\"><!-- [et_pb_line_break_holder] -->                <\/p>\n<div class=\"standort\"><b>Biuro:<\/b> Obecno\u015b\u0107 w: Buchholz, online w ca\u0142ych Niemczech<\/div>\n<p><!-- [et_pb_line_break_holder] -->                <\/p>\n<hr>\n<p><!-- [et_pb_line_break_holder] -->                <\/p>\n<div class=\"specialty\"><b>Produkt:<\/b> Coaching zawodowy<\/div>\n<p><!-- [et_pb_line_break_holder] -->                <\/p>\n<hr>\n<p><!-- [et_pb_line_break_holder] -->                <\/p>\n<div class=\"lang\"><b>J\u0119zyk coachingu:<\/b> niemiecki<\/div>\n<p><!-- [et_pb_line_break_holder] -->                <\/p>\n<hr>\n<p><!-- [et_pb_line_break_holder] -->            <\/div>\n<p><!-- [et_pb_line_break_holder] -->            <\/p>\n<div class=\"coach-btn\"><!-- [et_pb_line_break_holder] -->                <\/p>\n<div class=\"link-btn\">Pozna\u0107<\/div>\n<p><!-- [et_pb_line_break_holder] -->            <\/div>\n<p><!-- [et_pb_line_break_holder] -->        <\/div>\n<p><!-- [et_pb_line_break_holder] -->    <\/div>\n<p><!-- [et_pb_line_break_holder] --> <\/div>\n<p><!-- [et_pb_line_break_holder] --> <\/p>\n<div class=\"card-back\" onclick=\"location.href='\/pl\/nasi-trenerzy\/joern-maschewski\/'\" ><!-- [et_pb_line_break_holder] -->    <\/p>\n<div class=\"cntnt\" ><!-- [et_pb_line_break_holder] -->        <\/p>\n<div><!-- [et_pb_line_break_holder] -->        <\/div>\n<p><!-- [et_pb_line_break_holder] -->        <\/p>\n<ol><!-- [et_pb_line_break_holder] -->          <\/p>\n<li><span class=\"ques\">Jakie kwalifikacje kwalifikuj\u0105 Ci\u0119 jako trenera\/trenera?<\/span><!\u2013- [et_pb_br_holder] -\u2013><pee>Od ponad 10 lat pracuj\u0119 w bran\u017cy konsultingowej, wspieraj\u0105c ludzi w ich reorientacji zawodowej na rynku pracy. Moja praca koncentruje si\u0119 na doradzaniu za\u0142o\u017cycielom firm i startupom. Po uko\u0144czeniu szkolenia bankowego i studi\u00f3w z zakresu administracji biznesowej, przez wiele lat pracowa\u0142em w ma\u0142ych i \u015brednich firmach z r\u00f3\u017cnych bran\u017c. Pozwoli\u0142o mi to zdoby\u0107 do\u015bwiadczenie na stanowiskach kierowniczych i konsultingowych, a tak\u017ce w startupach. Postrzegam siebie jako partnera na r\u00f3wni z za\u0142o\u017cycielami, kt\u00f3rego wsp\u00f3lnym celem jest przekszta\u0142cenie dobrego pomys\u0142u w obiecuj\u0105c\u0105 \u015bcie\u017ck\u0119 kariery z solidnymi fundamentami. Moje zainteresowanie lud\u017ami i ich \u015brodowiskiem zawodowym sk\u0142oni\u0142o mnie do coachingu. Z niecierpliwo\u015bci\u0105 czekam na informacje o Twoich pomys\u0142ach na startup.<\/pee> <!-- [et_pb_line_break_holder] --><\/li>\n<li><span class=\"ques\">Co najbardziej lubisz w swojej pracy?<\/span><!\u2013- [et_pb_br_holder] -\u2013><\/li>\n<p><!-- [et_pb_line_break_holder] -->        <\/ol>\n<p><!-- [et_pb_line_break_holder] -->       <!-- \n\n<div>Mehr erfahren<\/div>\n\n--><!-- [et_pb_line_break_holder] -->        <\/p>\n<div class=\"primary-color\"><\/div>\n<p><!-- [et_pb_line_break_holder] -->        <\/p>\n<div class=\"bottom-footer\"><!-- [et_pb_line_break_holder] -->            <\/p>\n<div class=\"bottom-footer-container\"><!-- [et_pb_line_break_holder] -->                <\/p>\n<div class=\"_col\"><!-- [et_pb_line_break_holder] -->                    <a href=\"\/pl\/nasi-trenerzy\/joern-maschewski\/\" data-auto-event-observed=\"true\"> <span class=\"button\"> Do profilu<\/span><\/a><!-- [et_pb_line_break_holder] -->                <\/div>\n<p><!-- [et_pb_line_break_holder] -->            <\/div>\n<p><!-- [et_pb_line_break_holder] -->        <\/div>\n<p><!-- [et_pb_line_break_holder] -->    <\/div>\n<p><!-- [et_pb_line_break_holder] --> <\/div>\n<p><!-- [et_pb_line_break_holder] --> <\/div>\n<p><!-- [et_pb_line_break_holder] --><!--Pursche--><!-- [et_pb_line_break_holder] --><\/p>\n<div class=\"card-list item produkt-jobcoaching<!-- [et_pb_line_break_holder] -->produkt-gruendungsberatung<!-- [et_pb_line_break_holder] -->standort-buchholz<!-- [et_pb_line_break_holder] -->standort-winsen<!-- [et_pb_line_break_holder] -->standort-online<!-- [et_pb_line_break_holder] -->sprache-deutsch<!-- [et_pb_line_break_holder] -->themenschwerpunkte-bewerbungstraining<!-- [et_pb_line_break_holder] -->themenschwerpunkte-vorstellungsgespraeche<!-- [et_pb_line_break_holder] -->themenschwerpunkte-persoenliche-positionierung<!-- [et_pb_line_break_holder] -->themenschwerpunkte-strategie<!-- [et_pb_line_break_holder] -->themenschwerpunkte-digitales-marketing<!-- [et_pb_line_break_holder] -->branchenschwerpunkte-beratung<!-- [et_pb_line_break_holder] -->branchenschwerpunkte-dienstleistungen<!-- [et_pb_line_break_holder] -->branchenschwerpunkte-event<!-- [et_pb_line_break_holder] -->branchenschwerpunkte-handel<!-- [et_pb_line_break_holder] -->branchenschwerpunkte-handwerk<!-- [et_pb_line_break_holder] -->branchenschwerpunkte-kommunikation&#8221;><!-- [et_pb_line_break_holder] --> <\/p>\n<div class=\"card-front\"><!-- [et_pb_line_break_holder] -->     <\/p>\n<div class=\"cntnt\"><!-- [et_pb_line_break_holder] -->         <img decoding=\"async\" src=\"\/wp-content\/uploads\/2024\/01\/Mandy-Pursche_profile_img.webp\"><!-- [et_pb_line_break_holder] -->         <\/p>\n<div class=\"coach-card\"><!-- [et_pb_line_break_holder] -->             <\/p>\n<h2>Mandy Pursche<\/h2>\n<p><!-- [et_pb_line_break_holder] -->             <\/p>\n<div class=\"coach-desc\"><!-- [et_pb_line_break_holder] -->                 <\/p>\n<div class=\"standort\"><b>Biuro:<\/b> Obecno\u015b\u0107 w: Winsen (Luhe), Buchholz, online na terenie ca\u0142ych Niemiec<\/div>\n<p><!-- [et_pb_line_break_holder] -->                 <\/p>\n<hr>\n<p><!-- [et_pb_line_break_holder] -->                 <\/p>\n<div class=\"specialty\"><b>Produkt:<\/b> Coaching pracy, doradztwo na start<\/div>\n<p><!-- [et_pb_line_break_holder] -->                 <\/p>\n<hr>\n<p><!-- [et_pb_line_break_holder] -->                 <\/p>\n<div class=\"lang\"><b>J\u0119zyki coachingowe: <\/b>niemiecki <\/div>\n<p><!-- [et_pb_line_break_holder] -->                 <\/p>\n<hr>\n<p><!-- [et_pb_line_break_holder] -->             <\/div>\n<p><!-- [et_pb_line_break_holder] -->             <\/p>\n<div class=\"coach-btn\"><!-- [et_pb_line_break_holder] -->                 <\/p>\n<div class=\"link-btn\">Pozna\u0107<\/div>\n<p><!-- [et_pb_line_break_holder] -->             <\/div>\n<p><!-- [et_pb_line_break_holder] -->         <\/div>\n<p><!-- [et_pb_line_break_holder] -->     <\/div>\n<p><!-- [et_pb_line_break_holder] --> <\/div>\n<p><!-- [et_pb_line_break_holder] --> <\/p>\n<div class=\"card-back\" onclick=\"location.href='\/pl\/nasi-trenerzy\/mandy-pursche\/'\"><!-- [et_pb_line_break_holder] -->     <\/p>\n<div class=\"cntnt\"><!-- [et_pb_line_break_holder] -->         <\/p>\n<div><!-- [et_pb_line_break_holder] -->         <\/div>\n<p><!-- [et_pb_line_break_holder] -->         <\/p>\n<ol><!-- [et_pb_line_break_holder] -->           <\/p>\n<li><span class=\"ques\">Co m\u00f3wi\u0105 o Tobie Twoi klienci? <\/span><!\u2013- [et_pb_br_holder] -\u2013><pee>U Pani Pursche s\u0105 Pa\u0144stwo w bardzo dobrych r\u0119kach<\/pee><!-- [et_pb_line_break_holder] -->            <pee>Dzi\u0119ki jej super mi\u0142emu, przyjacielskiemu podej\u015bciu do mi\u0142ej, pi\u0119knej atmosfery, martwi si\u0119 o&#8230; Poszukiwanie pracy, listy aplikacyjne itp. to dos\u0142ownie moja odpowiedzialno\u015b\u0107.<\/pee><!-- [et_pb_line_break_holder] -->            <pee>Pani Pursche przyj\u0119\u0142a mnie bardzo dobrze dzi\u0119ki swojej wyj\u0105tkowej wiedzy zawodowej i empatii.<\/pee><!-- [et_pb_line_break_holder] -->            <pee>Jej spokojny, obiektywny, wyrozumia\u0142y i cudownie elastyczny spos\u00f3b pracy rozwia\u0142 moje obawy i w\u0105tpliwo\u015bci, je\u015bli chodzi o listy aplikacyjne i rozmowy kwalifikacyjne.<\/pee><!-- [et_pb_line_break_holder] -->            <pee>\u0106wiczenia i zadania domowe wyra\u017anie pokaza\u0142y mi moje mocne strony, a szereg blokad znikn\u0119\u0142o.<\/pee><!-- [et_pb_line_break_holder] -->            <pee>Pani Pursche jest dla mnie zawsze dost\u0119pna. Umo\u017cliwia tak\u017ce rozmowy telefoniczne p\u00f3\u017ano w nocy i umawianie spotka\u0144 kr\u00f3tkoterminowych.<\/pee><!-- [et_pb_line_break_holder] -->            <pee>U Pani Pursche sprawy uk\u0142adaj\u0105 si\u0119 dla mnie w absolutnie dobrym kierunku!<\/pee><!-- [et_pb_line_break_holder] -->             <\/li>\n<p><!-- [et_pb_line_break_holder] -->           <\/p>\n<li><span class=\"ques\">Co Ci\u0119 motywuje i jakie jest Twoje ulubione zadanie jako trenera?&#8230;<\/span><!\u2013- [et_pb_br_holder] -\u2013><\/li>\n<p>   <!-- [et_pb_line_break_holder] -->         <\/ol>\n<p><!-- [et_pb_line_break_holder] -->        <!-- \n\n<div>Mehr erfahren<\/div>\n\n-->    <!-- [et_pb_line_break_holder] -->         <\/p>\n<div class=\"primary-color\"><\/div>\n<p><!-- [et_pb_line_break_holder] -->         <\/p>\n<div class=\"bottom-footer\"><!-- [et_pb_line_break_holder] -->             <\/p>\n<div class=\"bottom-footer-container\"><!-- [et_pb_line_break_holder] -->                 <\/p>\n<div class=\"_col\"><!-- [et_pb_line_break_holder] -->                     <a href=\"\/pl\/nasi-trenerzy\/mandy-pursche\/\"> <span class=\"button\">Do profilu<\/span><\/a><!-- [et_pb_line_break_holder] -->                 <\/div>\n<p><!-- [et_pb_line_break_holder] -->             <\/div>\n<p><!-- [et_pb_line_break_holder] -->         <\/div>\n<p><!-- [et_pb_line_break_holder] -->     <\/div>\n<p><!-- [et_pb_line_break_holder] --> <\/div>\n<p><!-- [et_pb_line_break_holder] --><\/div>\n<p><!-- [et_pb_line_break_holder] --><!--Thomas--><!-- [et_pb_line_break_holder] --><\/p>\n<div class=\"card-list item produkt-jobcoaching<!-- [et_pb_line_break_holder] -->produkt-gruendungsberatung<!-- [et_pb_line_break_holder] -->standort-online<!-- [et_pb_line_break_holder] -->standort-stade<!-- [et_pb_line_break_holder] -->standort-buchholz<!-- [et_pb_line_break_holder] -->sprache-deutsch<!-- [et_pb_line_break_holder] -->themenschwerpunkte-bewerbungstraining<!-- [et_pb_line_break_holder] -->themenschwerpunkte-berufsorientierung<!-- [et_pb_line_break_holder] -->themenschwerpunkte-vorstellungsgespraeche<!-- [et_pb_line_break_holder] -->themenschwerpunkte-persoenliche-positionierung<!-- [et_pb_line_break_holder] -->themenschwerpunkte-strategie<!-- [et_pb_line_break_holder] -->themenschwerpunkte-finanzplanung<!-- [et_pb_line_break_holder] -->themenschwerpunkte-digitales-marketing<!-- [et_pb_line_break_holder] -->themenschwerpunkte-rechtsfragen<!-- [et_pb_line_break_holder] -->branchenschwerpunkte-beratung<!-- [et_pb_line_break_holder] -->branchenschwerpunkte-dienstleistungen<!-- [et_pb_line_break_holder] -->branchenschwerpunkte-event<!-- [et_pb_line_break_holder] -->branchenschwerpunkte-pflege<!-- [et_pb_line_break_holder] -->branchenschwerpunkte-handel<!-- [et_pb_line_break_holder] -->branchenschwerpunkte-handwerk<!-- [et_pb_line_break_holder] -->branchenschwerpunkte-kommunikation&#8221;><!-- [et_pb_line_break_holder] --><\/p>\n<div class=\"card-front\"><!-- [et_pb_line_break_holder] -->   <\/p>\n<div class=\"cntnt\"><!-- [et_pb_line_break_holder] -->       <img decoding=\"async\" src=\"\/wp-content\/uploads\/2024\/02\/Andre-thomas-profile-img.webp\"><!-- [et_pb_line_break_holder] -->       <\/p>\n<div class=\"coach-card\"><!-- [et_pb_line_break_holder] -->           <\/p>\n<h2>Andy Thomas<\/h2>\n<p><!-- [et_pb_line_break_holder] -->           <\/p>\n<div class=\"coach-desc\"><!-- [et_pb_line_break_holder] -->               <\/p>\n<div class=\"standort\"><b>Biuro:<\/b> Obecno\u015b\u0107 w: Buchholz, Stade, online na terenie ca\u0142ych Niemiec<\/div>\n<p><!-- [et_pb_line_break_holder] -->               <\/p>\n<hr>\n<p><!-- [et_pb_line_break_holder] -->               <\/p>\n<div class=\"specialty\"><b>Produkt:<\/b> Coaching pracy, doradztwo na start <\/div>\n<p><!-- [et_pb_line_break_holder] -->               <\/p>\n<hr>\n<p><!-- [et_pb_line_break_holder] -->               <\/p>\n<div class=\"lang\"><b>J\u0119zyki coachingowe:<\/b> niemiecki<\/div>\n<p><!-- [et_pb_line_break_holder] -->               <\/p>\n<hr>\n<p><!-- [et_pb_line_break_holder] -->           <\/div>\n<p><!-- [et_pb_line_break_holder] -->           <\/p>\n<div class=\"coach-btn\"><!-- [et_pb_line_break_holder] -->               <\/p>\n<div class=\"link-btn\">Pozna\u0107<\/div>\n<p><!-- [et_pb_line_break_holder] -->           <\/div>\n<p><!-- [et_pb_line_break_holder] -->       <\/div>\n<p><!-- [et_pb_line_break_holder] -->   <\/div>\n<p><!-- [et_pb_line_break_holder] --><\/div>\n<p><!-- [et_pb_line_break_holder] --><\/p>\n<div class=\"card-back\" onclick=\"location.href='\/pl\/nasi-trenerzy\/andy-thomas\/'\"><!-- [et_pb_line_break_holder] -->   <\/p>\n<div class=\"cntnt\"><!-- [et_pb_line_break_holder] -->       <\/p>\n<div><!-- [et_pb_line_break_holder] -->       <\/div>\n<p><!-- [et_pb_line_break_holder] -->        <\/p>\n<ol><!-- [et_pb_line_break_holder] -->         <\/p>\n<li><span class=\"ques\">Co kwalifikuje Ci\u0119 jako coacha\/trenera? <\/span><!\u2013- [et_pb_br_holder] -\u2013><pee>Ch\u0119tnie wespr\u0119 Ci\u0119 w szybszym przej\u015bciu wysokiej jako\u015bci \u015bcie\u017cki do samozatrudnienia, nawet zdalnie. <\/pee><!-- [et_pb_line_break_holder] -->         <pee>Jako ekonomista biznesu, psycholog biznesu, coach i sparing partner mam \u015brodki, aby towarzyszy\u0107 Ci lub przygotowa\u0107 Ci\u0119 teoretycznie i praktycznie w mo\u017cliwie najkr\u00f3tszym czasie.<\/pee><!-- [et_pb_line_break_holder] -->          <!-- [et_pb_line_break_holder] -->          <pee>Uwielbiam bezpo\u015bredni dialog z innymi lud\u017ami i prac\u0119 z m\u0142odymi zespo\u0142ami start-upowymi. Jestem mi\u0119dzy innymi jurorem renomowanej niemieckiej nagrody Startup dla student\u00f3w i jestem zaanga\u017cowany jako trener STEP.<\/pee><!-- [et_pb_line_break_holder] --><!-- [et_pb_line_break_holder] -->           <\/li>\n<p><!-- [et_pb_line_break_holder] -->         <\/p>\n<li><span class=\"ques\">Jakie wymierne rezultaty osi\u0105gn\u0119li\u015bcie wsp\u00f3lnie ze swoimi klientami i co Was wyr\u00f3\u017cnia?&#8230;<\/span><!\u2013- [et_pb_br_holder] -\u2013><\/li>\n<p>   <!-- [et_pb_line_break_holder] -->       <\/ol>\n<p><!-- [et_pb_line_break_holder] -->      <!-- \n\n<div>Mehr erfahren<\/div>\n\n-->    <!-- [et_pb_line_break_holder] -->       <\/p>\n<div class=\"primary-color\"><\/div>\n<p><!-- [et_pb_line_break_holder] -->       <\/p>\n<div class=\"bottom-footer\"><!-- [et_pb_line_break_holder] -->           <\/p>\n<div class=\"bottom-footer-container\"><!-- [et_pb_line_break_holder] -->               <\/p>\n<div class=\"_col\"><!-- [et_pb_line_break_holder] -->                   <a href=\"\/pl\/nasi-trenerzy\/andy-thomas\/\"> <span class=\"button\">Do profilu<\/span><\/a><!-- [et_pb_line_break_holder] -->               <\/div>\n<p><!-- [et_pb_line_break_holder] -->           <\/div>\n<p><!-- [et_pb_line_break_holder] -->       <\/div>\n<p><!-- [et_pb_line_break_holder] -->   <\/div>\n<p><!-- [et_pb_line_break_holder] --><\/div>\n<p><!-- [et_pb_line_break_holder] --><\/div>\n<p> <!-- [et_pb_line_break_holder] --><\/div>\n<p>[\/et_pb_code][et_pb_text _builder_version=&#8221;4.27.2&#8243; _module_preset=&#8221;default&#8221; text_font_size=&#8221;30px&#8221; header_2_font=&#8221;|600|||||||&#8221; header_2_text_align=&#8221;center&#8221; header_2_text_color=&#8221;#555555&#8243; header_2_font_size=&#8221;30px&#8221; header_2_line_height=&#8221;1.54em&#8221; global_colors_info=&#8221;{}&#8221;]<\/p>\n<h2>Je\u015bli nie znalaz\u0142e\u015b trenera, tutaj znajdziesz przegl\u0105d naszych trener\u00f3w online w ca\u0142ych Niemczech<br \/>\n<\/h2>\n<p>[\/et_pb_text][et_pb_button button_url=&#8221;\/pl\/nasi-trenerzy\/&#8221; button_text=&#8221;Nasi trenerzy online AVGS&#8221; button_alignment=&#8221;center&#8221; _builder_version=&#8221;4.27.2&#8243; _module_preset=&#8221;default&#8221; custom_button=&#8221;on&#8221; button_text_color=&#8221;#FFFFFF&#8221; button_bg_color=&#8221;#cd222a&#8221; button_border_width=&#8221;0px&#8221; global_colors_info=&#8221;{}&#8221;][\/et_pb_button][\/et_pb_column][\/et_pb_row][\/et_pb_section][et_pb_section fb_built=&#8221;1&#8243; _builder_version=&#8221;4.23.4&#8243; _module_preset=&#8221;default&#8221; background_image=&#8221;https:\/\/avgs-gutschein.de\/wp-content\/uploads\/2024\/01\/Footer_Contact.webp&#8221; parallax=&#8221;on&#8221; parallax_method=&#8221;off&#8221; custom_padding=&#8221;100px||150px||false|false&#8221; global_colors_info=&#8221;{}&#8221;][et_pb_row _builder_version=&#8221;4.23.1&#8243; _module_preset=&#8221;default&#8221; background_color=&#8221;rgba(255,255,255,0.83)&#8221; transform_translate_linked=&#8221;off&#8221; z_index=&#8221;9&#8243; max_width=&#8221;800px&#8221; custom_padding=&#8221;||||false|false&#8221; border_radii=&#8221;on|5px|5px|5px|5px&#8221; global_colors_info=&#8221;{}&#8221;][et_pb_column type=&#8221;4_4&#8243; _builder_version=&#8221;4.23.1&#8243; _module_preset=&#8221;default&#8221; global_colors_info=&#8221;{}&#8221;][et_pb_blurb title=&#8221;Um\u00f3w si\u0119 na bezp\u0142atn\u0105 konsultacj\u0119 ju\u017c dzi\u015b&#8221; use_icon=&#8221;on&#8221; font_icon=&#8221;&#x77;||divi||400&#8243; icon_color=&#8221;#cd222a&#8221; content_max_width=&#8221;100%&#8221; module_class=&#8221;avgs-h2 gray-font&#8221; _builder_version=&#8221;4.27.2&#8243; _module_preset=&#8221;default&#8221; header_level=&#8221;h2&#8243; header_font=&#8221;||||||||&#8221; header_text_align=&#8221;center&#8221; global_colors_info=&#8221;{}&#8221;][\/et_pb_blurb][et_pb_button button_url=&#8221;@ET-DC@eyJkeW5hbWljIjp0cnVlLCJjb250ZW50IjoicG9zdF9saW5rX3VybF9wYWdlIiwic2V0dGluZ3MiOnsicG9zdF9pZCI6IjM1OCJ9fQ==@&#8221; button_text=&#8221;Tylko dwa klikni\u0119cia do nas&#8221; button_alignment=&#8221;center&#8221; _builder_version=&#8221;4.27.2&#8243; _dynamic_attributes=&#8221;button_url&#8221; _module_preset=&#8221;default&#8221; custom_button=&#8221;on&#8221; button_text_color=&#8221;#cd222a&#8221; button_border_width=&#8221;1px&#8221; button_use_icon=&#8221;off&#8221; global_colors_info=&#8221;{}&#8221;][\/et_pb_button][\/et_pb_column][\/et_pb_row][\/et_pb_section][et_pb_section fb_built=&#8221;1&#8243; _builder_version=&#8221;4.27.0&#8243; _module_preset=&#8221;default&#8221; border_width_bottom=&#8221;1px&#8221; border_color_bottom=&#8221;#cd222a&#8221; global_colors_info=&#8221;{}&#8221;][et_pb_row _builder_version=&#8221;4.23.1&#8243; _module_preset=&#8221;default&#8221; global_colors_info=&#8221;{}&#8221;][et_pb_column type=&#8221;4_4&#8243; _builder_version=&#8221;4.23.1&#8243; _module_preset=&#8221;default&#8221; global_colors_info=&#8221;{}&#8221;][et_pb_text _builder_version=&#8221;4.27.2&#8243; _module_preset=&#8221;default&#8221; text_font_size=&#8221;30px&#8221; header_2_font=&#8221;|600|||||||&#8221; header_2_text_align=&#8221;center&#8221; header_2_text_color=&#8221;#555555&#8243; header_2_font_size=&#8221;30px&#8221; header_2_line_height=&#8221;1.54em&#8221; global_colors_info=&#8221;{}&#8221;]<\/p>\n<h2>Zesp\u00f3\u0142 AVGS Vouchery jako partner Twojej zawodowej przysz\u0142o\u015bci<\/h2>\n<p>[\/et_pb_text][et_pb_text module_class=&#8221;normal-p&#8221; _builder_version=&#8221;4.27.2&#8243; _module_preset=&#8221;default&#8221; global_colors_info=&#8221;{}&#8221;]<\/p>\n<p>Opr\u00f3cz us\u0142ug wspieranych przez AVGS w zakresie reorientacji zawodowej i zak\u0142adania dzia\u0142alno\u015bci gospodarczej oferujemy r\u00f3wnie\u017c r\u00f3\u017cne inne us\u0142ugi coachingowe, takie jak szkolenia aplikacyjne, coaching dla os\u00f3b rozpoczynaj\u0105cych karier\u0119, coaching kariery lub porady na temat marketingu internetowego. Nasz\u0105 obietnic\u0105 jest zapewnienie Pa\u0144stwu wysokiej jako\u015bci us\u0142ug o bezpo\u015brednim praktycznym znaczeniu. Wi\u0119cej informacji o naszej firmie i naszym portfolio us\u0142ug mo\u017cna znale\u017a\u0107 na stronie<br \/><span>\u00a0<\/span><a href=\"https:\/\/www.beratungsgesellschaft-willkomm.de\/\" target=\"_blank\" rel=\"noopener\">https:\/\/www.beratungsgesellschaft-willkomm.de\/<\/a><\/p>\n<p>[\/et_pb_text][\/et_pb_column][\/et_pb_row][\/et_pb_section][et_pb_section fb_built=&#8221;1&#8243; _builder_version=&#8221;4.25.1&#8243; _module_preset=&#8221;default&#8221; background_color=&#8221;#FFFFFF&#8221; saved_tabs=&#8221;all&#8221; global_colors_info=&#8221;{}&#8221;][et_pb_row _builder_version=&#8221;4.23.1&#8243; _module_preset=&#8221;default&#8221; max_width=&#8221;900px&#8221; custom_padding=&#8221;50px||||false|false&#8221; custom_css_main_element=&#8221;max-width:900px!important;&#8221; global_colors_info=&#8221;{}&#8221;][et_pb_column type=&#8221;4_4&#8243; _builder_version=&#8221;4.23.1&#8243; _module_preset=&#8221;default&#8221; global_colors_info=&#8221;{}&#8221;][et_pb_text module_class=&#8221;red-font avgs-h2&#8243; _builder_version=&#8221;4.27.2&#8243; _module_preset=&#8221;default&#8221; header_2_font=&#8221;|700|||||||&#8221; header_2_text_align=&#8221;center&#8221; header_2_text_color=&#8221;#cd222a&#8221; global_colors_info=&#8221;{}&#8221;]<\/p>\n<h2 class=\"gray-font\">Opinie\/referencje Google<br \/>\n<\/h2>\n<p>[\/et_pb_text][et_pb_code _builder_version=&#8221;4.25.1&#8243; _module_preset=&#8221;default&#8221; global_colors_info=&#8221;{}&#8221;]<!-- Trustindex Script Placeholder --><!-- [et_pb_line_break_holder] --><script type=\"text\/plain\" data-usercentrics=\"Trustindex\" src=\"https:\/\/cdn.trustindex.io\/loader.js?729b4fa33bc890809846eb1ef5f\"><\/script>[\/et_pb_code][et_pb_text _builder_version=&#8221;4.27.2&#8243; _module_preset=&#8221;default&#8221; text_font_size=&#8221;20px&#8221; link_text_color=&#8221;#cd222a&#8221; link_font_size=&#8221;20px&#8221; text_orientation=&#8221;center&#8221; global_colors_info=&#8221;{}&#8221;]<span>Przeczytaj nasze recenzje na stronie\u00a0<\/span><a target=\"_blank\" class=\"c-link\" data-stringify-link=\"https:\/\/g.co\/kgs\/PTBt4uz\" delay=\"150\" data-sk=\"tooltip_parent\" href=\"https:\/\/g.co\/kgs\/PTBt4uz\" rel=\"noopener noreferrer\">https:\/\/g.co\/kgs\/PTBt4uz<\/a><span>.<\/span>[\/et_pb_text][et_pb_slider show_arrows=&#8221;off&#8221; dot_nav_custom_color=&#8221;#cd222a&#8221; disabled_on=&#8221;on|on|on&#8221; module_class=&#8221;testimonials&#8221; _builder_version=&#8221;4.23.1&#8243; _module_preset=&#8221;default&#8221; header_font_size=&#8221;20px&#8221; background_color=&#8221;#e0e0e0&#8243; auto=&#8221;on&#8221; custom_css_slide_image=&#8221;width:130px!important;&#8221; border_radii=&#8221;on|5px|5px|5px|5px&#8221; box_shadow_style=&#8221;preset1&#8243; box_shadow_vertical=&#8221;0px&#8221; box_shadow_blur=&#8221;3px&#8221; box_shadow_color=&#8221;rgba(205,34,42,0.5)&#8221; disabled=&#8221;on&#8221; global_colors_info=&#8221;{}&#8221;][et_pb_slide button_link=&#8221;https:\/\/g.co\/kgs\/fafa6G&#8221; url_new_window=&#8221;on&#8221; image=&#8221;https:\/\/avgs-gutschein.de\/wp-content\/uploads\/2023\/11\/testimonials_prof_pic_SV_1.webp&#8221; _builder_version=&#8221;4.23.1&#8243; _module_preset=&#8221;default&#8221; header_text_color=&#8221;#555555&#8243; body_text_color=&#8221;#555555&#8243; background_color=&#8221;#f5f5f5&#8243; background_enable_color=&#8221;on&#8221; link_option_url=&#8221;https:\/\/g.co\/kgs\/fafa6G&#8221; link_option_url_new_window=&#8221;on&#8221; global_colors_info=&#8221;{}&#8221; sticky_transition=&#8221;on&#8221;]<\/p>\n<p>Ich habe in der Gr\u00fcndungsberatung in L\u00fcneburg bei Frau Witt wahnsinnig viel gelernt und es hat sich f\u00fcr mich absolut gelohnt sie wahrzunehmen. Die Beratung hat neben den erwarteten Dingen auch viele kleine Details beinhaltet, auf die ich von alleine nie gekommen w\u00e4re und ganz nebenbei hat sie auch noch richtig Spa\u00df gemacht. Die Atmosph\u00e4re war angenehm entspannt. Durch Frau Witt f\u00fchle ich mich jetzt richtig gut aufgestellt f\u00fcr den Start in meine Selbst\u00e4ndigkeit.<\/p>\n<p class=\"test_name\">Sunny Vivi<\/p>\n<p>[\/et_pb_slide][et_pb_slide button_link=&#8221;https:\/\/g.co\/kgs\/fafa6G&#8221; url_new_window=&#8221;on&#8221; image=&#8221;https:\/\/avgs-gutschein.de\/wp-content\/uploads\/2023\/11\/testimonials_prof_pic_AP_1.webp&#8221; _builder_version=&#8221;4.23.1&#8243; _module_preset=&#8221;default&#8221; header_text_color=&#8221;#555555&#8243; body_text_color=&#8221;#555555&#8243; background_color=&#8221;#f5f5f5&#8243; background_enable_color=&#8221;on&#8221; link_option_url=&#8221;https:\/\/g.co\/kgs\/fafa6G&#8221; link_option_url_new_window=&#8221;on&#8221; custom_css_slide_image=&#8221;width:150px;&#8221; global_colors_info=&#8221;{}&#8221; sticky_transition=&#8221;on&#8221;]<\/p>\n<p>Das waren wirklich zielf\u00fchrende mich absolut weiterbringende Gespr\u00e4che, die ich mit Herrn Thomas f\u00fchren durfte. Kompetenz, Einf\u00fchlungsverm\u00f6gen und praxisnahe Ratschl\u00e4ge zeigten mir neue Wege und Perspektiven. Daf\u00fcr Danke, Respekt und uneingeschr\u00e4nkte Weiterempfehlung.<\/p>\n<p class=\"test_name\">achim preissler<\/p>\n<p>[\/et_pb_slide][et_pb_slide button_link=&#8221;https:\/\/g.co\/kgs\/fafa6G&#8221; url_new_window=&#8221;on&#8221; image=&#8221;https:\/\/avgs-gutschein.de\/wp-content\/uploads\/2023\/11\/testimonials_prof_pic_BW_1.webp&#8221; _builder_version=&#8221;4.23.1&#8243; _module_preset=&#8221;default&#8221; header_text_color=&#8221;#555555&#8243; body_text_color=&#8221;#555555&#8243; background_color=&#8221;#f5f5f5&#8243; background_enable_color=&#8221;on&#8221; link_option_url=&#8221;https:\/\/g.co\/kgs\/fafa6G&#8221; link_option_url_new_window=&#8221;on&#8221; custom_css_slide_image=&#8221;width:150px;&#8221; global_colors_info=&#8221;{}&#8221; sticky_transition=&#8221;on&#8221;]<\/p>\n<p>Das Gr\u00fcndungsberatung mit Frau Witt hat mich in Bezug auf meine bevorstehende Selbstst\u00e4ndigkeit in vielerlei Hinsicht sehr gut vorbereitet. Ich habe viele gute Hinweise f\u00fcr die Zeit vor, w\u00e4hrend und nach der Gr\u00fcndung erhalten. Kompetent, zielgerichtet und mental unglaublich flexibel &#8211; danke f\u00fcr diese Erfahrung!<\/p>\n<p class=\"test_name\">Britta Wagner<\/p>\n<p>[\/et_pb_slide][et_pb_slide button_link=&#8221;https:\/\/g.co\/kgs\/fafa6G&#8221; url_new_window=&#8221;on&#8221; image=&#8221;https:\/\/avgs-gutschein.de\/wp-content\/uploads\/2023\/11\/testimonials_prof_pic_TS_1.webp&#8221; _builder_version=&#8221;4.23.1&#8243; _module_preset=&#8221;default&#8221; header_text_color=&#8221;#555555&#8243; body_text_color=&#8221;#555555&#8243; background_color=&#8221;#f5f5f5&#8243; background_enable_color=&#8221;on&#8221; link_option_url=&#8221;https:\/\/g.co\/kgs\/fafa6G&#8221; link_option_url_new_window=&#8221;on&#8221; custom_css_slide_image=&#8221;width:150px;&#8221; global_colors_info=&#8221;{}&#8221; sticky_transition=&#8221;on&#8221;]<\/p>\n<p>Mit Frau Dr. Julia Harm sitzt genau die richtige Person an einer entscheidenden Stelle. Vielen Dank f\u00fcr die netten, pers\u00f6nlichen und informativen Gespr\u00e4che auf Augenh\u00f6he und dem gemeinsamen Entwickeln einer Idee, sowie einen passenden Fahrplan f\u00fcr dessen Umsetzung. Mit sehr guten fachlichen Ratschl\u00e4gen, n\u00fctzlichen Hinweisen und fundierten Antworten auf entstandene Fragen w\u00e4hrend des Gr\u00fcnder-Coachings, bin ich nun sehr gut f\u00fcr meine Gr\u00fcndung vorbereitet. Sehr empfehlenswert.<\/p>\n<p class=\"test_name\">Tobias Stenzel<\/p>\n<p>[\/et_pb_slide][et_pb_slide button_link=&#8221;https:\/\/g.co\/kgs\/fafa6G&#8221; url_new_window=&#8221;on&#8221; image=&#8221;https:\/\/avgs-gutschein.de\/wp-content\/uploads\/2023\/11\/testimonials_prof_pic_AF_1.webp&#8221; _builder_version=&#8221;4.23.1&#8243; _module_preset=&#8221;default&#8221; header_text_color=&#8221;#555555&#8243; body_text_color=&#8221;#555555&#8243; background_color=&#8221;#f5f5f5&#8243; background_enable_color=&#8221;on&#8221; link_option_url=&#8221;https:\/\/g.co\/kgs\/fafa6G&#8221; link_option_url_new_window=&#8221;on&#8221; custom_css_slide_image=&#8221;width:150px;&#8221; global_colors_info=&#8221;{}&#8221; sticky_transition=&#8221;on&#8221;]<\/p>\n<p>Ich befinde mich gerade in einer Zeit mit vielen Ver\u00e4nderungen. Das Coaching mit Frau Daniels hat mir sehr viel Mut und Selbstvertrauen gegeben. Genau das, was ich brauche. Ich durfte viel Neues lernen und f\u00fchle mich bereit, f\u00fcr alles was nun kommt! Ein riesengro\u00dfes Dankesch\u00f6n, Bettina Daniels \ud83d\ude0a<\/p>\n<p class=\"test_name\">Antje Finnern<\/p>\n<p>[\/et_pb_slide][\/et_pb_slider][\/et_pb_column][\/et_pb_row][\/et_pb_section]<\/p>\n","protected":false},"excerpt":{"rendered":"<p>Nasz zesp\u00f3\u0142 trener\u00f3w AVGS w Buchholz Wykwalifikowany zesp\u00f3\u0142 na rzecz Twojej zmiany kariery lub za\u0142o\u017cenia firmy Nasze biuro w Buchholz\/Nordheide znajduje si\u0119 bardzo blisko centrum miasta i jest dogodnie zlokalizowane przy Parkstrasse 1. Nasz zesp\u00f3\u0142 Buchholz czeka na Ciebie w jasnych, nowoczesnych pomieszczeniach i nie mo\u017ce si\u0119 doczeka\u0107, aby porozmawia\u0107 z Tob\u0105 o Twoich planach [&hellip;]<\/p>\n","protected":false},"author":1,"featured_media":0,"parent":6671,"menu_order":0,"comment_status":"closed","ping_status":"closed","template":"","meta":{"_et_pb_use_builder":"on","_et_pb_old_content":"<!-- wp:divi\/placeholder \/-->","_et_gb_content_width":"","footnotes":""},"class_list":["post-6812","page","type-page","status-publish","hentry"],"yoast_head":"<!-- This site is optimized with the Yoast SEO plugin v26.0 - https:\/\/yoast.com\/wordpress\/plugins\/seo\/ -->\n<title>Buchholz - AVGS Gutschein<\/title>\n<meta name=\"robots\" content=\"index, follow, max-snippet:-1, max-image-preview:large, max-video-preview:-1\" \/>\n<link rel=\"canonical\" href=\"https:\/\/avgs-gutschein.de\/pl\/nasze-biura-avgs\/buchholz\/\" \/>\n<meta property=\"og:locale\" content=\"pl_PL\" \/>\n<meta property=\"og:type\" content=\"article\" \/>\n<meta property=\"og:title\" content=\"Buchholz - AVGS Gutschein\" \/>\n<meta property=\"og:description\" content=\"Nasz zesp\u00f3\u0142 trener\u00f3w AVGS w Buchholz Wykwalifikowany zesp\u00f3\u0142 na rzecz Twojej zmiany kariery lub za\u0142o\u017cenia firmy Nasze biuro w Buchholz\/Nordheide znajduje si\u0119 bardzo blisko centrum miasta i jest dogodnie zlokalizowane przy Parkstrasse 1. Nasz zesp\u00f3\u0142 Buchholz czeka na Ciebie w jasnych, nowoczesnych pomieszczeniach i nie mo\u017ce si\u0119 doczeka\u0107, aby porozmawia\u0107 z Tob\u0105 o Twoich planach [&hellip;]\" \/>\n<meta property=\"og:url\" content=\"https:\/\/avgs-gutschein.de\/pl\/nasze-biura-avgs\/buchholz\/\" \/>\n<meta property=\"og:site_name\" content=\"AVGS Gutschein\" \/>\n<meta property=\"article:modified_time\" content=\"2025-10-06T07:16:50+00:00\" \/>\n<meta name=\"twitter:card\" content=\"summary_large_image\" \/>\n<meta name=\"twitter:label1\" content=\"Szacowany czas czytania\" \/>\n\t<meta name=\"twitter:data1\" content=\"11 minut\" \/>\n<script type=\"application\/ld+json\" class=\"yoast-schema-graph\">{\"@context\":\"https:\/\/schema.org\",\"@graph\":[{\"@type\":\"WebPage\",\"@id\":\"https:\/\/avgs-gutschein.de\/pl\/nasze-biura-avgs\/buchholz\/\",\"url\":\"https:\/\/avgs-gutschein.de\/pl\/nasze-biura-avgs\/buchholz\/\",\"name\":\"Buchholz - AVGS Gutschein\",\"isPartOf\":{\"@id\":\"https:\/\/avgs-gutschein.de\/pl\/#website\"},\"datePublished\":\"2024-01-17T01:25:42+00:00\",\"dateModified\":\"2025-10-06T07:16:50+00:00\",\"breadcrumb\":{\"@id\":\"https:\/\/avgs-gutschein.de\/pl\/nasze-biura-avgs\/buchholz\/#breadcrumb\"},\"inLanguage\":\"pl-PL\",\"potentialAction\":[{\"@type\":\"ReadAction\",\"target\":[\"https:\/\/avgs-gutschein.de\/pl\/nasze-biura-avgs\/buchholz\/\"]}]},{\"@type\":\"BreadcrumbList\",\"@id\":\"https:\/\/avgs-gutschein.de\/pl\/nasze-biura-avgs\/buchholz\/#breadcrumb\",\"itemListElement\":[{\"@type\":\"ListItem\",\"position\":1,\"name\":\"Startseite\",\"item\":\"https:\/\/avgs-gutschein.de\/pl\/\"},{\"@type\":\"ListItem\",\"position\":2,\"name\":\"Nasze biura AVGS\",\"item\":\"https:\/\/avgs-gutschein.de\/pl\/unsere-avgs-bueros\/\"},{\"@type\":\"ListItem\",\"position\":3,\"name\":\"Buchholz\"}]},{\"@type\":\"WebSite\",\"@id\":\"https:\/\/avgs-gutschein.de\/pl\/#website\",\"url\":\"https:\/\/avgs-gutschein.de\/pl\/\",\"name\":\"AVGS Gutschein\",\"description\":\"\",\"potentialAction\":[{\"@type\":\"SearchAction\",\"target\":{\"@type\":\"EntryPoint\",\"urlTemplate\":\"https:\/\/avgs-gutschein.de\/pl\/?s={search_term_string}\"},\"query-input\":{\"@type\":\"PropertyValueSpecification\",\"valueRequired\":true,\"valueName\":\"search_term_string\"}}],\"inLanguage\":\"pl-PL\"}]}<\/script>\n<!-- \/ Yoast SEO plugin. -->","yoast_head_json":{"title":"Buchholz - AVGS Gutschein","robots":{"index":"index","follow":"follow","max-snippet":"max-snippet:-1","max-image-preview":"max-image-preview:large","max-video-preview":"max-video-preview:-1"},"canonical":"https:\/\/avgs-gutschein.de\/pl\/nasze-biura-avgs\/buchholz\/","og_locale":"pl_PL","og_type":"article","og_title":"Buchholz - AVGS Gutschein","og_description":"Nasz zesp\u00f3\u0142 trener\u00f3w AVGS w Buchholz Wykwalifikowany zesp\u00f3\u0142 na rzecz Twojej zmiany kariery lub za\u0142o\u017cenia firmy Nasze biuro w Buchholz\/Nordheide znajduje si\u0119 bardzo blisko centrum miasta i jest dogodnie zlokalizowane przy Parkstrasse 1. Nasz zesp\u00f3\u0142 Buchholz czeka na Ciebie w jasnych, nowoczesnych pomieszczeniach i nie mo\u017ce si\u0119 doczeka\u0107, aby porozmawia\u0107 z Tob\u0105 o Twoich planach [&hellip;]","og_url":"https:\/\/avgs-gutschein.de\/pl\/nasze-biura-avgs\/buchholz\/","og_site_name":"AVGS Gutschein","article_modified_time":"2025-10-06T07:16:50+00:00","twitter_card":"summary_large_image","twitter_misc":{"Szacowany czas czytania":"11 minut"},"schema":{"@context":"https:\/\/schema.org","@graph":[{"@type":"WebPage","@id":"https:\/\/avgs-gutschein.de\/pl\/nasze-biura-avgs\/buchholz\/","url":"https:\/\/avgs-gutschein.de\/pl\/nasze-biura-avgs\/buchholz\/","name":"Buchholz - AVGS Gutschein","isPartOf":{"@id":"https:\/\/avgs-gutschein.de\/pl\/#website"},"datePublished":"2024-01-17T01:25:42+00:00","dateModified":"2025-10-06T07:16:50+00:00","breadcrumb":{"@id":"https:\/\/avgs-gutschein.de\/pl\/nasze-biura-avgs\/buchholz\/#breadcrumb"},"inLanguage":"pl-PL","potentialAction":[{"@type":"ReadAction","target":["https:\/\/avgs-gutschein.de\/pl\/nasze-biura-avgs\/buchholz\/"]}]},{"@type":"BreadcrumbList","@id":"https:\/\/avgs-gutschein.de\/pl\/nasze-biura-avgs\/buchholz\/#breadcrumb","itemListElement":[{"@type":"ListItem","position":1,"name":"Startseite","item":"https:\/\/avgs-gutschein.de\/pl\/"},{"@type":"ListItem","position":2,"name":"Nasze biura AVGS","item":"https:\/\/avgs-gutschein.de\/pl\/unsere-avgs-bueros\/"},{"@type":"ListItem","position":3,"name":"Buchholz"}]},{"@type":"WebSite","@id":"https:\/\/avgs-gutschein.de\/pl\/#website","url":"https:\/\/avgs-gutschein.de\/pl\/","name":"AVGS Gutschein","description":"","potentialAction":[{"@type":"SearchAction","target":{"@type":"EntryPoint","urlTemplate":"https:\/\/avgs-gutschein.de\/pl\/?s={search_term_string}"},"query-input":{"@type":"PropertyValueSpecification","valueRequired":true,"valueName":"search_term_string"}}],"inLanguage":"pl-PL"}]}},"_links":{"self":[{"href":"https:\/\/avgs-gutschein.de\/pl\/wp-json\/wp\/v2\/pages\/6812","targetHints":{"allow":["GET"]}}],"collection":[{"href":"https:\/\/avgs-gutschein.de\/pl\/wp-json\/wp\/v2\/pages"}],"about":[{"href":"https:\/\/avgs-gutschein.de\/pl\/wp-json\/wp\/v2\/types\/page"}],"author":[{"embeddable":true,"href":"https:\/\/avgs-gutschein.de\/pl\/wp-json\/wp\/v2\/users\/1"}],"replies":[{"embeddable":true,"href":"https:\/\/avgs-gutschein.de\/pl\/wp-json\/wp\/v2\/comments?post=6812"}],"version-history":[{"count":11,"href":"https:\/\/avgs-gutschein.de\/pl\/wp-json\/wp\/v2\/pages\/6812\/revisions"}],"predecessor-version":[{"id":11479,"href":"https:\/\/avgs-gutschein.de\/pl\/wp-json\/wp\/v2\/pages\/6812\/revisions\/11479"}],"up":[{"embeddable":true,"href":"https:\/\/avgs-gutschein.de\/pl\/wp-json\/wp\/v2\/pages\/6671"}],"wp:attachment":[{"href":"https:\/\/avgs-gutschein.de\/pl\/wp-json\/wp\/v2\/media?parent=6812"}],"curies":[{"name":"wp","href":"https:\/\/api.w.org\/{rel}","templated":true}]}}