{"id":6777,"date":"2024-01-17T02:22:26","date_gmt":"2024-01-17T01:22:26","guid":{"rendered":"https:\/\/avgs-gutschein.de\/nasze-biura-avgs\/bremen\/"},"modified":"2024-10-18T07:44:42","modified_gmt":"2024-10-18T05:44:42","slug":"bremen","status":"publish","type":"page","link":"https:\/\/avgs-gutschein.de\/pl\/nasze-biura-avgs\/bremen\/","title":{"rendered":"Bremen"},"content":{"rendered":"<p>[et_pb_section fb_built=&#8221;1&#8243; _builder_version=&#8221;4.23.4&#8243; _module_preset=&#8221;default&#8221; use_background_color_gradient=&#8221;on&#8221; background_color_gradient_stops=&#8221;rgba(255,255,255,0) 0%|rgba(255,255,255,0.71) 50%&#8221; background_color_gradient_overlays_image=&#8221;on&#8221; background_image=&#8221;https:\/\/avgs-gutschein.de\/wp-content\/uploads\/2024\/01\/Header_Bremen.webp&#8221; background_position=&#8221;bottom_center&#8221; custom_padding=&#8221;18vw||13.5vw||false|false&#8221; global_colors_info=&#8221;{}&#8221; background__hover_enabled=&#8221;off|desktop&#8221;][et_pb_row _builder_version=&#8221;4.23.1&#8243; _module_preset=&#8221;default&#8221; global_colors_info=&#8221;{}&#8221;][et_pb_column type=&#8221;4_4&#8243; _builder_version=&#8221;4.23.1&#8243; _module_preset=&#8221;default&#8221; global_colors_info=&#8221;{}&#8221;][et_pb_text module_class=&#8221;avgs-font &#8221; _builder_version=&#8221;4.27.2&#8243; _module_preset=&#8221;default&#8221; text_font_size=&#8221;50px&#8221; header_font=&#8221;|800|||||||&#8221; header_text_align=&#8221;center&#8221; header_font_size=&#8221;45px&#8221; global_colors_info=&#8221;{}&#8221;]<\/p>\n<h1 class=\"gray-font\">Nasz zesp\u00f3\u0142 trener\u00f3w A<span class=\"red-font\">V<\/span>GS w<span class=\"red-font\"> Bremen<br \/>\n<\/span><\/h1>\n<p>[\/et_pb_text][et_pb_button button_url=&#8221;\/unsere-coaches&#8221; button_text=&#8221; Finden Sie Ihren AVGS-Coach&#8221; button_alignment=&#8221;center&#8221; disabled_on=&#8221;on|on|on&#8221; _builder_version=&#8221;4.24.0&#8243; _module_preset=&#8221;default&#8221; custom_button=&#8221;on&#8221; button_text_color=&#8221;#FFFFFF&#8221; button_bg_color=&#8221;#cf222a&#8221; button_border_width=&#8221;0px&#8221; disabled=&#8221;on&#8221; global_colors_info=&#8221;{}&#8221;][\/et_pb_button][\/et_pb_column][\/et_pb_row][\/et_pb_section][et_pb_section fb_built=&#8221;1&#8243; _builder_version=&#8221;4.23.1&#8243; _module_preset=&#8221;default&#8221; global_colors_info=&#8221;{}&#8221;][et_pb_row _builder_version=&#8221;4.23.1&#8243; _module_preset=&#8221;default&#8221; global_colors_info=&#8221;{}&#8221;][et_pb_column type=&#8221;4_4&#8243; _builder_version=&#8221;4.23.1&#8243; _module_preset=&#8221;default&#8221; global_colors_info=&#8221;{}&#8221;][et_pb_text _builder_version=&#8221;4.27.2&#8243; _module_preset=&#8221;default&#8221; text_font_size=&#8221;30px&#8221; header_2_font=&#8221;|600|||||||&#8221; header_2_text_align=&#8221;center&#8221; header_2_text_color=&#8221;#555555&#8243; header_2_font_size=&#8221;30px&#8221; header_2_line_height=&#8221;1.54em&#8221; global_colors_info=&#8221;{}&#8221;]<\/p>\n<h2>Wykwalifikowany zesp\u00f3\u0142 na rzecz Twojej zmiany kariery lub za\u0142o\u017cenia firmy<\/h2>\n<p>[\/et_pb_text][et_pb_text module_class=&#8221;normal-p&#8221; _builder_version=&#8221;4.27.2&#8243; _module_preset=&#8221;default&#8221; global_colors_info=&#8221;{}&#8221;]W hanzeatyckim mie\u015bcie Brema, Bettina Busch oferuje coaching zawodowy w ramach naszego Job Challenge. Jako partner Bremen Employment Agency i Bremen Job Center mo\u017cemy zaoferowa\u0107 Ci coaching w zakresie reorientacji zawodowej dzi\u0119ki finansowaniu AVGS ca\u0142kowicie bezp\u0142atnie. Coaching mo\u017ce odbywa\u0107 si\u0119 osobi\u015bcie w naszym biurze przy Eichenberger Str. 62 lub online lub hybrydowo. Zapraszamy do um\u00f3wienia si\u0119 na bezp\u0142atn\u0105 i niezobowi\u0105zuj\u0105c\u0105 wst\u0119pn\u0105 konsultacj\u0119 z pani\u0105 Busch lub jednym z naszych trener\u00f3w online, kt\u00f3rzy pracuj\u0105 w ca\u0142ych Niemczech, aby wyja\u015bni\u0107 wszystkie Twoje pytania.<\/p>\n<p>Obecnie oferujemy naszym klientom z Bremy i Bremerhaven oraz okolicznych powiat\u00f3w i gmin online wy\u0142\u0105cznie nasze finansowane przez AVGS porady dotycz\u0105ce zak\u0142adania dzia\u0142alno\u015bci gospodarczej. Zapoznaj si\u0119 z profilami naszych konsultant\u00f3w online ds. zak\u0142adania dzia\u0142alno\u015bci gospodarczej, kt\u00f3rzy pracuj\u0105 w ca\u0142ych Niemczech, na naszej stronie zespo\u0142u i um\u00f3w si\u0119 na niezobowi\u0105zuj\u0105ce spotkanie wprowadzaj\u0105ce z wybranym trenerem.<\/p>\n<p>Nasz zesp\u00f3\u0142 w Bremie z niecierpliwo\u015bci\u0105 czeka na spotkanie z Tob\u0105![\/et_pb_text][et_pb_code _builder_version=&#8221;4.27.2&#8243; _module_preset=&#8221;default&#8221; hover_enabled=&#8221;0&#8243; global_colors_info=&#8221;{}&#8221; sticky_enabled=&#8221;0&#8243;]<\/p>\n<div class=\"card-list-container two-columns-2\"><!-- [et_pb_line_break_holder] -->  <!-- Busch--><!-- [et_pb_line_break_holder] -->  <\/p>\n<div class=\"card-list item produkt-jobcoaching sprache-deutsch standort-online standort-bremen<!-- [et_pb_line_break_holder] -->     themenschwerpunkte-bewerbungstraining<!-- [et_pb_line_break_holder] -->     themenschwerpunkte-stellenrecherche<!-- [et_pb_line_break_holder] -->     themenschwerpunkte-berufsorientierung<!-- [et_pb_line_break_holder] -->     themenschwerpunkte-vorstellungsgespraeche<!-- [et_pb_line_break_holder] -->     themenschwerpunkte-persoenliche-positionierung<!-- [et_pb_line_break_holder] -->     branchenschwerpunkte-beratung<!-- [et_pb_line_break_holder] -->     branchenschwerpunkte-dienstleistungen&#8221;><!-- [et_pb_line_break_holder] -->      <\/p>\n<div class=\"card-front\"><!-- [et_pb_line_break_holder] -->          <\/p>\n<div class=\"cntnt\"><!-- [et_pb_line_break_holder] -->              <img decoding=\"async\" src=\"\/wp-content\/uploads\/2023\/12\/Bettina-Busch_profile_pic.webp\"><!-- [et_pb_line_break_holder] -->              <\/p>\n<div class=\"coach-card\"><!-- [et_pb_line_break_holder] -->                  <\/p>\n<h2>Bettina Busch<\/h2>\n<p><!-- [et_pb_line_break_holder] -->                  <\/p>\n<div class=\"coach-desc\"><!-- [et_pb_line_break_holder] -->                      <\/p>\n<div class=\"standort\"><b>Biuro:<\/b> Obecno\u015b\u0107 w: Bremie, online w ca\u0142ych Niemczech<\/div>\n<p><!-- [et_pb_line_break_holder] -->                      <\/p>\n<hr>\n<p><!-- [et_pb_line_break_holder] -->                      <\/p>\n<div class=\"specialty\"><b>Produkt:<\/b> Coaching pracy<\/div>\n<p><!-- [et_pb_line_break_holder] -->                      <\/p>\n<hr>\n<p><!-- [et_pb_line_break_holder] -->                      <\/p>\n<div class=\"lang\"><b>J\u0119zyki coachingowe: <\/b>niemiecki<\/div>\n<p><!-- [et_pb_line_break_holder] -->                      <\/p>\n<hr>\n<p><!-- [et_pb_line_break_holder] -->                  <\/div>\n<p><!-- [et_pb_line_break_holder] -->                  <\/p>\n<div class=\"coach-btn\"><!-- [et_pb_line_break_holder] -->                      <\/p>\n<div class=\"link-btn\">Pozna\u0107<\/div>\n<p><!-- [et_pb_line_break_holder] -->                  <\/div>\n<p><!-- [et_pb_line_break_holder] -->              <\/div>\n<p><!-- [et_pb_line_break_holder] -->          <\/div>\n<p><!-- [et_pb_line_break_holder] -->      <\/div>\n<p><!-- [et_pb_line_break_holder] -->      <\/p>\n<div class=\"card-back\" onclick=\"location.href='\/pl\/nasi-trenerzy\/bettina-busch\/'\"><!-- [et_pb_line_break_holder] -->          <\/p>\n<div class=\"cntnt\"><!-- [et_pb_line_break_holder] -->              <\/p>\n<div><!-- [et_pb_line_break_holder] -->              <\/div>\n<p><!-- [et_pb_line_break_holder] -->              <\/p>\n<ol><!-- [et_pb_line_break_holder] -->                <\/p>\n<li><span class=\"ques\">Co sprawia Ci najwi\u0119ksz\u0105 satysfakcj\u0119 w swojej pracy? <\/span><!\u2013- [et_pb_br_holder] -\u2013><pee>Jestem podekscytowany, gdy osoba coachowana odkrywa sw\u00f3j s\u0142aby punkt, formu\u0142uje nowy pogl\u0105d lub faktycznie wypr\u00f3bowuje nowe zachowanie. Albo masz jasno\u015b\u0107 co do tego, jaki kolejny krok zawodowy chcesz podj\u0105\u0107. Kr\u00f3tko m\u00f3wi\u0105c: zawsze, gdy ma miejsce rozw\u00f3j.<\/pee><!-- [et_pb_line_break_holder] -->                  <\/li>\n<p><!-- [et_pb_line_break_holder] -->                <\/p>\n<li><span class=\"ques\">Co m\u00f3wi\u0105 o Tobie Twoi klienci?&#8230;<\/span><!\u2013- [et_pb_br_holder] -\u2013><\/li>\n<p><!-- [et_pb_line_break_holder] -->              <\/ol>\n<p><!-- [et_pb_line_break_holder] -->             <!-- \n\n<div>Mehr erfahren<\/div>\n\n--><!-- [et_pb_line_break_holder] -->              <\/p>\n<div class=\"primary-color\"><\/div>\n<p><!-- [et_pb_line_break_holder] -->              <\/p>\n<div class=\"bottom-footer\"><!-- [et_pb_line_break_holder] -->                  <\/p>\n<div class=\"bottom-footer-container\"><!-- [et_pb_line_break_holder] -->                      <\/p>\n<div class=\"_col\"><!-- [et_pb_line_break_holder] -->                          <a href=\"https:\/\/avgs-gutschein.de\/pl\/nasi-trenerzy\/bettina-busch\/\"> <span class=\"button\">Do profilu<\/span><\/a><!-- [et_pb_line_break_holder] -->                      <\/div>\n<p><!-- [et_pb_line_break_holder] -->                  <\/div>\n<p><!-- [et_pb_line_break_holder] -->              <\/div>\n<p><!-- [et_pb_line_break_holder] -->          <\/div>\n<p><!-- [et_pb_line_break_holder] -->      <\/div>\n<p><!-- [et_pb_line_break_holder] -->  <\/div>\n<p><!-- [et_pb_line_break_holder] -->   <!--Rosik--><!-- [et_pb_line_break_holder] -->  <\/p>\n<div class=\"card-list item produkt-jobcoaching<!-- [et_pb_line_break_holder] -->  produkt-gruendungsberatung<!-- [et_pb_line_break_holder] -->  standort-online<!-- [et_pb_line_break_holder] -->  standort-bremen<!-- [et_pb_line_break_holder] -->  sprache-deutsch<!-- [et_pb_line_break_holder] -->  sprache-englisch<!-- [et_pb_line_break_holder] -->  themenschwerpunkte-bewerbungstraining<!-- [et_pb_line_break_holder] -->themenschwerpunkte-berufsorientierung<!-- [et_pb_line_break_holder] -->themenschwerpunkte-vorstellungsgespraeche<!-- [et_pb_line_break_holder] -->themenschwerpunkte-persoenliche-positionierung<!-- [et_pb_line_break_holder] -->themenschwerpunkte-businessplanerstellung<!-- [et_pb_line_break_holder] -->themenschwerpunkte-strategie<!-- [et_pb_line_break_holder] -->themenschwerpunkte-finanzplanung<!-- [et_pb_line_break_holder] -->themenschwerpunkte-digitales-marketing<!-- [et_pb_line_break_holder] -->branchenschwerpunkte-beratung<!-- [et_pb_line_break_holder] -->branchenschwerpunkte-dienstleistungen<!-- [et_pb_line_break_holder] -->branchenschwerpunkte-kommunikation<!-- [et_pb_line_break_holder] -->branchenschwerpunkte-soziales<!-- [et_pb_line_break_holder] -->branchenschwerpunkte-industrie<!-- [et_pb_line_break_holder] -->branchenschwerpunkte-start-up&#8221;><!-- [et_pb_line_break_holder] -->  <\/p>\n<div class=\"card-front\"><!-- [et_pb_line_break_holder] -->     <\/p>\n<div class=\"cntnt\"><!-- [et_pb_line_break_holder] -->         <img decoding=\"async\" src=\"\/wp-content\/uploads\/2024\/04\/MarcusRosik_Outdoor.webp\"><!-- [et_pb_line_break_holder] -->         <\/p>\n<div class=\"coach-card\"><!-- [et_pb_line_break_holder] -->             <\/p>\n<h2>Marcus Rosik<\/h2>\n<p><!-- [et_pb_line_break_holder] -->             <\/p>\n<div class=\"coach-desc\"><!-- [et_pb_line_break_holder] -->                 <\/p>\n<div class=\"standort\"><b>Biuro:<\/b> Obecno\u015b\u0107 w: Bremie, online w ca\u0142ych Niemczech<\/div>\n<p><!-- [et_pb_line_break_holder] -->                 <\/p>\n<hr>\n<p><!-- [et_pb_line_break_holder] -->                 <\/p>\n<div class=\"specialty\"><b>Produkt:<\/b> Coaching pracy, doradztwo na start<\/div>\n<p><!-- [et_pb_line_break_holder] -->                 <\/p>\n<hr>\n<p><!-- [et_pb_line_break_holder] -->                 <\/p>\n<div class=\"lang\"><b>J\u0119zyki coachingowe: <\/b>niemiecki angielski<\/div>\n<p><!-- [et_pb_line_break_holder] -->                 <\/p>\n<hr>\n<p><!-- [et_pb_line_break_holder] -->             <\/div>\n<p><!-- [et_pb_line_break_holder] -->             <\/p>\n<div class=\"coach-btn\"><!-- [et_pb_line_break_holder] -->                 <\/p>\n<div class=\"link-btn\">Pozna\u0107<\/div>\n<p><!-- [et_pb_line_break_holder] -->             <\/div>\n<p><!-- [et_pb_line_break_holder] -->         <\/div>\n<p><!-- [et_pb_line_break_holder] -->     <\/div>\n<p><!-- [et_pb_line_break_holder] -->  <\/div>\n<p><!-- [et_pb_line_break_holder] -->  <\/p>\n<div class=\"card-back\" onclick=\"location.href='\/pl\/nasi-trenerzy\/marcus-rosik\/'\"><!-- [et_pb_line_break_holder] -->     <\/p>\n<div class=\"cntnt\"><!-- [et_pb_line_break_holder] -->         <\/p>\n<div><!-- [et_pb_line_break_holder] -->         <\/div>\n<p><!-- [et_pb_line_break_holder] -->         <\/p>\n<ol><!-- [et_pb_line_break_holder] -->           <\/p>\n<li><span class=\"ques\">Co kwalifikuje Ci\u0119 jako coacha\/trenera? <\/span><!\u2013- [et_pb_br_holder] -\u2013><pee>Jako coach i trener posiadam kwalifikacje zdobyte na licznych szkoleniach w renomowanych instytutach\/instytucjach szkoleniowych. Wieloletnie do\u015bwiadczenie zawodowe w r\u00f3\u017cnych bran\u017cach cz\u0119sto pozwala mi \u0142atwo postawi\u0107 si\u0119 w sytuacji moich klient\u00f3w, aby s\u0142u\u017cy\u0107 jako pomocny towarzysz. <\/pee><!-- [et_pb_line_break_holder] -->             <\/li>\n<p><!-- [et_pb_line_break_holder] -->           <\/p>\n<li><span class=\"ques\">Co m\u00f3wi\u0105 o Tobie Twoi klienci?&#8230;<\/span><!\u2013- [et_pb_br_holder] -\u2013><\/li>\n<p>   <!-- [et_pb_line_break_holder] -->         <\/ol>\n<p><!-- [et_pb_line_break_holder] -->        <!-- \n\n<div>Mehr erfahren<\/div>\n\n-->    <!-- [et_pb_line_break_holder] -->         <\/p>\n<div class=\"primary-color\"><\/div>\n<p><!-- [et_pb_line_break_holder] -->         <\/p>\n<div class=\"bottom-footer\"><!-- [et_pb_line_break_holder] -->             <\/p>\n<div class=\"bottom-footer-container\"><!-- [et_pb_line_break_holder] -->                 <\/p>\n<div class=\"_col\"><!-- [et_pb_line_break_holder] -->                     <a href=\"https:\/\/avgs-gutschein.de\/pl\/nasi-trenerzy\/marcus-rosik\/\"> <span class=\"button\">Do profilu<\/span><\/a><!-- [et_pb_line_break_holder] -->                 <\/div>\n<p><!-- [et_pb_line_break_holder] -->             <\/div>\n<p><!-- [et_pb_line_break_holder] -->         <\/div>\n<p><!-- [et_pb_line_break_holder] -->     <\/div>\n<p><!-- [et_pb_line_break_holder] -->  <\/div>\n<p><!-- [et_pb_line_break_holder] -->  <\/div>\n<p> <!-- [et_pb_line_break_holder] --><\/div>\n<p>[\/et_pb_code][et_pb_text _builder_version=&#8221;4.27.2&#8243; _module_preset=&#8221;default&#8221; text_font_size=&#8221;30px&#8221; header_2_font=&#8221;|600|||||||&#8221; header_2_text_align=&#8221;center&#8221; header_2_text_color=&#8221;#555555&#8243; header_2_font_size=&#8221;30px&#8221; header_2_line_height=&#8221;1.54em&#8221; global_colors_info=&#8221;{}&#8221;]<\/p>\n<h2>Je\u015bli nie znalaz\u0142e\u015b trenera, tutaj znajdziesz przegl\u0105d naszych trener\u00f3w online w ca\u0142ych Niemczech<\/h2>\n<p>[\/et_pb_text][et_pb_button button_url=&#8221;\/pl\/nasi-trenerzy\/&#8221; button_text=&#8221;Nasi trenerzy online AVGS&#8221; button_alignment=&#8221;center&#8221; _builder_version=&#8221;4.27.2&#8243; _module_preset=&#8221;default&#8221; custom_button=&#8221;on&#8221; button_text_color=&#8221;#FFFFFF&#8221; button_bg_color=&#8221;#cd222a&#8221; button_border_width=&#8221;0px&#8221; hover_enabled=&#8221;0&#8243; global_colors_info=&#8221;{}&#8221; sticky_enabled=&#8221;0&#8243;][\/et_pb_button][\/et_pb_column][\/et_pb_row][\/et_pb_section][et_pb_section fb_built=&#8221;1&#8243; _builder_version=&#8221;4.23.4&#8243; _module_preset=&#8221;default&#8221; background_image=&#8221;https:\/\/avgs-gutschein.de\/wp-content\/uploads\/2024\/01\/Footer_Contact.webp&#8221; parallax=&#8221;on&#8221; parallax_method=&#8221;off&#8221; custom_padding=&#8221;100px||150px||false|false&#8221; global_colors_info=&#8221;{}&#8221;][et_pb_row _builder_version=&#8221;4.23.1&#8243; _module_preset=&#8221;default&#8221; background_color=&#8221;rgba(255,255,255,0.83)&#8221; transform_translate_linked=&#8221;off&#8221; z_index=&#8221;9&#8243; max_width=&#8221;800px&#8221; custom_padding=&#8221;||||false|false&#8221; border_radii=&#8221;on|5px|5px|5px|5px&#8221; global_colors_info=&#8221;{}&#8221;][et_pb_column type=&#8221;4_4&#8243; _builder_version=&#8221;4.23.1&#8243; _module_preset=&#8221;default&#8221; global_colors_info=&#8221;{}&#8221;][et_pb_blurb title=&#8221;Um\u00f3w si\u0119 na bezp\u0142atn\u0105 konsultacj\u0119 ju\u017c dzi\u015b&#8221; use_icon=&#8221;on&#8221; font_icon=&#8221;&#x77;||divi||400&#8243; icon_color=&#8221;#cd222a&#8221; content_max_width=&#8221;100%&#8221; module_class=&#8221;avgs-h2 gray-font&#8221; _builder_version=&#8221;4.27.2&#8243; _module_preset=&#8221;default&#8221; header_level=&#8221;h2&#8243; header_font=&#8221;||||||||&#8221; header_text_align=&#8221;center&#8221; global_colors_info=&#8221;{}&#8221;][\/et_pb_blurb][et_pb_button button_url=&#8221;@ET-DC@eyJkeW5hbWljIjp0cnVlLCJjb250ZW50IjoicG9zdF9saW5rX3VybF9wYWdlIiwic2V0dGluZ3MiOnsicG9zdF9pZCI6IjM1OCJ9fQ==@&#8221; button_text=&#8221;Tylko dwa klikni\u0119cia do nas&#8221; button_alignment=&#8221;center&#8221; _builder_version=&#8221;4.27.2&#8243; _dynamic_attributes=&#8221;button_url&#8221; _module_preset=&#8221;default&#8221; custom_button=&#8221;on&#8221; button_text_color=&#8221;#cd222a&#8221; button_border_width=&#8221;1px&#8221; button_use_icon=&#8221;off&#8221; global_colors_info=&#8221;{}&#8221;][\/et_pb_button][\/et_pb_column][\/et_pb_row][\/et_pb_section][et_pb_section fb_built=&#8221;1&#8243; _builder_version=&#8221;4.27.0&#8243; _module_preset=&#8221;default&#8221; border_width_bottom=&#8221;1px&#8221; border_color_bottom=&#8221;#cd222a&#8221; global_colors_info=&#8221;{}&#8221;][et_pb_row _builder_version=&#8221;4.23.1&#8243; _module_preset=&#8221;default&#8221; global_colors_info=&#8221;{}&#8221;][et_pb_column type=&#8221;4_4&#8243; _builder_version=&#8221;4.23.1&#8243; _module_preset=&#8221;default&#8221; global_colors_info=&#8221;{}&#8221;][et_pb_text _builder_version=&#8221;4.27.2&#8243; _module_preset=&#8221;default&#8221; text_font_size=&#8221;30px&#8221; header_2_font=&#8221;|600|||||||&#8221; header_2_text_align=&#8221;center&#8221; header_2_text_color=&#8221;#555555&#8243; header_2_font_size=&#8221;30px&#8221; header_2_line_height=&#8221;1.54em&#8221; global_colors_info=&#8221;{}&#8221;]<\/p>\n<h2>Zesp\u00f3\u0142 AVGS Vouchery jako partner Twojej zawodowej przysz\u0142o\u015bci<\/h2>\n<p>[\/et_pb_text][et_pb_text module_class=&#8221;normal-p&#8221; _builder_version=&#8221;4.27.2&#8243; _module_preset=&#8221;default&#8221; global_colors_info=&#8221;{}&#8221;]Opr\u00f3cz us\u0142ug wspieranych przez AVGS w zakresie reorientacji zawodowej i zak\u0142adania dzia\u0142alno\u015bci gospodarczej oferujemy r\u00f3wnie\u017c r\u00f3\u017cne inne us\u0142ugi coachingowe, takie jak szkolenia aplikacyjne, coaching dla os\u00f3b rozpoczynaj\u0105cych karier\u0119, coaching kariery lub porady na temat marketingu internetowego. Nasz\u0105 obietnic\u0105 jest zapewnienie Pa\u0144stwu wysokiej jako\u015bci us\u0142ug o bezpo\u015brednim praktycznym znaczeniu. Wi\u0119cej informacji o naszej firmie i naszym portfolio us\u0142ug mo\u017cna znale\u017a\u0107 na stronie <a href=\"https:\/\/www.beratungsgesellschaft-willkomm.de\/\" target=\"_blank\" rel=\"noopener\" style=\"font-size: 18px;\"> https:\/\/www.beratungsgesellschaft-willkomm.de\/<\/a>[\/et_pb_text][\/et_pb_column][\/et_pb_row][\/et_pb_section][et_pb_section fb_built=&#8221;1&#8243; _builder_version=&#8221;4.25.1&#8243; _module_preset=&#8221;default&#8221; background_color=&#8221;#FFFFFF&#8221; saved_tabs=&#8221;all&#8221; global_colors_info=&#8221;{}&#8221;][et_pb_row _builder_version=&#8221;4.23.1&#8243; _module_preset=&#8221;default&#8221; max_width=&#8221;900px&#8221; custom_padding=&#8221;50px||||false|false&#8221; custom_css_main_element=&#8221;max-width:900px!important;&#8221; global_colors_info=&#8221;{}&#8221;][et_pb_column type=&#8221;4_4&#8243; _builder_version=&#8221;4.23.1&#8243; _module_preset=&#8221;default&#8221; global_colors_info=&#8221;{}&#8221;][et_pb_text module_class=&#8221;red-font avgs-h2&#8243; _builder_version=&#8221;4.27.2&#8243; _module_preset=&#8221;default&#8221; header_2_font=&#8221;|700|||||||&#8221; header_2_text_align=&#8221;center&#8221; header_2_text_color=&#8221;#cd222a&#8221; global_colors_info=&#8221;{}&#8221;]<\/p>\n<h2 class=\"gray-font\">Opinie\/referencje Google<br \/>\n<\/h2>\n<p>[\/et_pb_text][et_pb_code _builder_version=&#8221;4.25.1&#8243; _module_preset=&#8221;default&#8221; global_colors_info=&#8221;{}&#8221;]<!-- Trustindex Script Placeholder --><!-- [et_pb_line_break_holder] --><script type=\"text\/plain\" data-usercentrics=\"Trustindex\" src=\"https:\/\/cdn.trustindex.io\/loader.js?729b4fa33bc890809846eb1ef5f\"><\/script>[\/et_pb_code][et_pb_text _builder_version=&#8221;4.27.2&#8243; _module_preset=&#8221;default&#8221; text_font_size=&#8221;20px&#8221; link_text_color=&#8221;#cd222a&#8221; link_font_size=&#8221;20px&#8221; text_orientation=&#8221;center&#8221; global_colors_info=&#8221;{}&#8221;]<span>Przeczytaj nasze recenzje na stronie\u00a0<\/span><a target=\"_blank\" class=\"c-link\" data-stringify-link=\"https:\/\/g.co\/kgs\/PTBt4uz\" delay=\"150\" data-sk=\"tooltip_parent\" href=\"https:\/\/g.co\/kgs\/PTBt4uz\" rel=\"noopener noreferrer\">https:\/\/g.co\/kgs\/PTBt4uz<\/a><span>.<\/span>[\/et_pb_text][et_pb_slider show_arrows=&#8221;off&#8221; dot_nav_custom_color=&#8221;#cd222a&#8221; disabled_on=&#8221;on|on|on&#8221; module_class=&#8221;testimonials&#8221; _builder_version=&#8221;4.23.1&#8243; _module_preset=&#8221;default&#8221; header_font_size=&#8221;20px&#8221; background_color=&#8221;#e0e0e0&#8243; auto=&#8221;on&#8221; custom_css_slide_image=&#8221;width:130px!important;&#8221; border_radii=&#8221;on|5px|5px|5px|5px&#8221; box_shadow_style=&#8221;preset1&#8243; box_shadow_vertical=&#8221;0px&#8221; box_shadow_blur=&#8221;3px&#8221; box_shadow_color=&#8221;rgba(205,34,42,0.5)&#8221; disabled=&#8221;on&#8221; global_colors_info=&#8221;{}&#8221;][et_pb_slide button_link=&#8221;https:\/\/g.co\/kgs\/fafa6G&#8221; url_new_window=&#8221;on&#8221; image=&#8221;https:\/\/avgs-gutschein.de\/wp-content\/uploads\/2023\/11\/testimonials_prof_pic_SV_1.webp&#8221; _builder_version=&#8221;4.23.1&#8243; _module_preset=&#8221;default&#8221; header_text_color=&#8221;#555555&#8243; body_text_color=&#8221;#555555&#8243; background_color=&#8221;#f5f5f5&#8243; background_enable_color=&#8221;on&#8221; link_option_url=&#8221;https:\/\/g.co\/kgs\/fafa6G&#8221; link_option_url_new_window=&#8221;on&#8221; global_colors_info=&#8221;{}&#8221; sticky_transition=&#8221;on&#8221;]<\/p>\n<p>Ich habe in der Gr\u00fcndungsberatung in L\u00fcneburg bei Frau Witt wahnsinnig viel gelernt und es hat sich f\u00fcr mich absolut gelohnt sie wahrzunehmen. Die Beratung hat neben den erwarteten Dingen auch viele kleine Details beinhaltet, auf die ich von alleine nie gekommen w\u00e4re und ganz nebenbei hat sie auch noch richtig Spa\u00df gemacht. Die Atmosph\u00e4re war angenehm entspannt. Durch Frau Witt f\u00fchle ich mich jetzt richtig gut aufgestellt f\u00fcr den Start in meine Selbst\u00e4ndigkeit.<\/p>\n<p class=\"test_name\">Sunny Vivi<\/p>\n<p>[\/et_pb_slide][et_pb_slide button_link=&#8221;https:\/\/g.co\/kgs\/fafa6G&#8221; url_new_window=&#8221;on&#8221; image=&#8221;https:\/\/avgs-gutschein.de\/wp-content\/uploads\/2023\/11\/testimonials_prof_pic_AP_1.webp&#8221; _builder_version=&#8221;4.23.1&#8243; _module_preset=&#8221;default&#8221; header_text_color=&#8221;#555555&#8243; body_text_color=&#8221;#555555&#8243; background_color=&#8221;#f5f5f5&#8243; background_enable_color=&#8221;on&#8221; link_option_url=&#8221;https:\/\/g.co\/kgs\/fafa6G&#8221; link_option_url_new_window=&#8221;on&#8221; custom_css_slide_image=&#8221;width:150px;&#8221; global_colors_info=&#8221;{}&#8221; sticky_transition=&#8221;on&#8221;]<\/p>\n<p>Das waren wirklich zielf\u00fchrende mich absolut weiterbringende Gespr\u00e4che, die ich mit Herrn Thomas f\u00fchren durfte. Kompetenz, Einf\u00fchlungsverm\u00f6gen und praxisnahe Ratschl\u00e4ge zeigten mir neue Wege und Perspektiven. Daf\u00fcr Danke, Respekt und uneingeschr\u00e4nkte Weiterempfehlung.<\/p>\n<p class=\"test_name\">achim preissler<\/p>\n<p>[\/et_pb_slide][et_pb_slide button_link=&#8221;https:\/\/g.co\/kgs\/fafa6G&#8221; url_new_window=&#8221;on&#8221; image=&#8221;https:\/\/avgs-gutschein.de\/wp-content\/uploads\/2023\/11\/testimonials_prof_pic_BW_1.webp&#8221; _builder_version=&#8221;4.23.1&#8243; _module_preset=&#8221;default&#8221; header_text_color=&#8221;#555555&#8243; body_text_color=&#8221;#555555&#8243; background_color=&#8221;#f5f5f5&#8243; background_enable_color=&#8221;on&#8221; link_option_url=&#8221;https:\/\/g.co\/kgs\/fafa6G&#8221; link_option_url_new_window=&#8221;on&#8221; custom_css_slide_image=&#8221;width:150px;&#8221; global_colors_info=&#8221;{}&#8221; sticky_transition=&#8221;on&#8221;]<\/p>\n<p>Das Gr\u00fcndungsberatung mit Frau Witt hat mich in Bezug auf meine bevorstehende Selbstst\u00e4ndigkeit in vielerlei Hinsicht sehr gut vorbereitet. Ich habe viele gute Hinweise f\u00fcr die Zeit vor, w\u00e4hrend und nach der Gr\u00fcndung erhalten. Kompetent, zielgerichtet und mental unglaublich flexibel &#8211; danke f\u00fcr diese Erfahrung!<\/p>\n<p class=\"test_name\">Britta Wagner<\/p>\n<p>[\/et_pb_slide][et_pb_slide button_link=&#8221;https:\/\/g.co\/kgs\/fafa6G&#8221; url_new_window=&#8221;on&#8221; image=&#8221;https:\/\/avgs-gutschein.de\/wp-content\/uploads\/2023\/11\/testimonials_prof_pic_TS_1.webp&#8221; _builder_version=&#8221;4.23.1&#8243; _module_preset=&#8221;default&#8221; header_text_color=&#8221;#555555&#8243; body_text_color=&#8221;#555555&#8243; background_color=&#8221;#f5f5f5&#8243; background_enable_color=&#8221;on&#8221; link_option_url=&#8221;https:\/\/g.co\/kgs\/fafa6G&#8221; link_option_url_new_window=&#8221;on&#8221; custom_css_slide_image=&#8221;width:150px;&#8221; global_colors_info=&#8221;{}&#8221; sticky_transition=&#8221;on&#8221;]<\/p>\n<p>Mit Frau Dr. Julia Harm sitzt genau die richtige Person an einer entscheidenden Stelle. Vielen Dank f\u00fcr die netten, pers\u00f6nlichen und informativen Gespr\u00e4che auf Augenh\u00f6he und dem gemeinsamen Entwickeln einer Idee, sowie einen passenden Fahrplan f\u00fcr dessen Umsetzung. Mit sehr guten fachlichen Ratschl\u00e4gen, n\u00fctzlichen Hinweisen und fundierten Antworten auf entstandene Fragen w\u00e4hrend des Gr\u00fcnder-Coachings, bin ich nun sehr gut f\u00fcr meine Gr\u00fcndung vorbereitet. Sehr empfehlenswert.<\/p>\n<p class=\"test_name\">Tobias Stenzel<\/p>\n<p>[\/et_pb_slide][et_pb_slide button_link=&#8221;https:\/\/g.co\/kgs\/fafa6G&#8221; url_new_window=&#8221;on&#8221; image=&#8221;https:\/\/avgs-gutschein.de\/wp-content\/uploads\/2023\/11\/testimonials_prof_pic_AF_1.webp&#8221; _builder_version=&#8221;4.23.1&#8243; _module_preset=&#8221;default&#8221; header_text_color=&#8221;#555555&#8243; body_text_color=&#8221;#555555&#8243; background_color=&#8221;#f5f5f5&#8243; background_enable_color=&#8221;on&#8221; link_option_url=&#8221;https:\/\/g.co\/kgs\/fafa6G&#8221; link_option_url_new_window=&#8221;on&#8221; custom_css_slide_image=&#8221;width:150px;&#8221; global_colors_info=&#8221;{}&#8221; sticky_transition=&#8221;on&#8221;]<\/p>\n<p>Ich befinde mich gerade in einer Zeit mit vielen Ver\u00e4nderungen. Das Coaching mit Frau Daniels hat mir sehr viel Mut und Selbstvertrauen gegeben. Genau das, was ich brauche. Ich durfte viel Neues lernen und f\u00fchle mich bereit, f\u00fcr alles was nun kommt! Ein riesengro\u00dfes Dankesch\u00f6n, Bettina Daniels \ud83d\ude0a<\/p>\n<p class=\"test_name\">Antje Finnern<\/p>\n<p>[\/et_pb_slide][\/et_pb_slider][\/et_pb_column][\/et_pb_row][\/et_pb_section]<\/p>\n","protected":false},"excerpt":{"rendered":"<p>Nasz zesp\u00f3\u0142 trener\u00f3w AVGS w Bremen Wykwalifikowany zesp\u00f3\u0142 na rzecz Twojej zmiany kariery lub za\u0142o\u017cenia firmyW hanzeatyckim mie\u015bcie Brema, Bettina Busch oferuje coaching zawodowy w ramach naszego Job Challenge. Jako partner Bremen Employment Agency i Bremen Job Center mo\u017cemy zaoferowa\u0107 Ci coaching w zakresie reorientacji zawodowej dzi\u0119ki finansowaniu AVGS ca\u0142kowicie bezp\u0142atnie. Coaching mo\u017ce odbywa\u0107 si\u0119 [&hellip;]<\/p>\n","protected":false},"author":1,"featured_media":0,"parent":6671,"menu_order":0,"comment_status":"closed","ping_status":"closed","template":"","meta":{"_et_pb_use_builder":"on","_et_pb_old_content":"<!-- wp:divi\/placeholder \/-->","_et_gb_content_width":"","footnotes":""},"class_list":["post-6777","page","type-page","status-publish","hentry"],"yoast_head":"<!-- This site is optimized with the Yoast SEO plugin v26.0 - https:\/\/yoast.com\/wordpress\/plugins\/seo\/ -->\n<title>Coaching AVGS w Bremen do 100% finansowany przez AVGS<\/title>\n<meta name=\"description\" content=\"Zesp\u00f3\u0142 AVGS Coaching Bremen oferuje Ci w 100% dotowane us\u0142ugi coachingowe i konsultingowe. Um\u00f3w si\u0119 na bezp\u0142atn\u0105 wst\u0119pn\u0105 konsultacj\u0119.\" \/>\n<meta name=\"robots\" content=\"index, follow, max-snippet:-1, max-image-preview:large, max-video-preview:-1\" \/>\n<link rel=\"canonical\" href=\"https:\/\/avgs-gutschein.de\/pl\/nasze-biura-avgs\/bremen\/\" \/>\n<meta property=\"og:locale\" content=\"pl_PL\" \/>\n<meta property=\"og:type\" content=\"article\" \/>\n<meta property=\"og:title\" content=\"Coaching AVGS w Bremen do 100% finansowany przez AVGS\" \/>\n<meta property=\"og:description\" content=\"Zesp\u00f3\u0142 AVGS Coaching Bremen oferuje Ci w 100% dotowane us\u0142ugi coachingowe i konsultingowe. Um\u00f3w si\u0119 na bezp\u0142atn\u0105 wst\u0119pn\u0105 konsultacj\u0119.\" \/>\n<meta property=\"og:url\" content=\"https:\/\/avgs-gutschein.de\/pl\/nasze-biura-avgs\/bremen\/\" \/>\n<meta property=\"og:site_name\" content=\"AVGS Gutschein\" \/>\n<meta property=\"article:modified_time\" content=\"2024-10-18T05:44:42+00:00\" \/>\n<meta name=\"twitter:card\" content=\"summary_large_image\" \/>\n<meta name=\"twitter:label1\" content=\"Szacowany czas czytania\" \/>\n\t<meta name=\"twitter:data1\" content=\"3 minuty\" \/>\n<script type=\"application\/ld+json\" class=\"yoast-schema-graph\">{\"@context\":\"https:\/\/schema.org\",\"@graph\":[{\"@type\":\"WebPage\",\"@id\":\"https:\/\/avgs-gutschein.de\/pl\/nasze-biura-avgs\/bremen\/\",\"url\":\"https:\/\/avgs-gutschein.de\/pl\/nasze-biura-avgs\/bremen\/\",\"name\":\"Coaching AVGS w Bremen do 100% finansowany przez AVGS\",\"isPartOf\":{\"@id\":\"https:\/\/avgs-gutschein.de\/pl\/#website\"},\"datePublished\":\"2024-01-17T01:22:26+00:00\",\"dateModified\":\"2024-10-18T05:44:42+00:00\",\"description\":\"Zesp\u00f3\u0142 AVGS Coaching Bremen oferuje Ci w 100% dotowane us\u0142ugi coachingowe i konsultingowe. Um\u00f3w si\u0119 na bezp\u0142atn\u0105 wst\u0119pn\u0105 konsultacj\u0119.\",\"breadcrumb\":{\"@id\":\"https:\/\/avgs-gutschein.de\/pl\/nasze-biura-avgs\/bremen\/#breadcrumb\"},\"inLanguage\":\"pl-PL\",\"potentialAction\":[{\"@type\":\"ReadAction\",\"target\":[\"https:\/\/avgs-gutschein.de\/pl\/nasze-biura-avgs\/bremen\/\"]}]},{\"@type\":\"BreadcrumbList\",\"@id\":\"https:\/\/avgs-gutschein.de\/pl\/nasze-biura-avgs\/bremen\/#breadcrumb\",\"itemListElement\":[{\"@type\":\"ListItem\",\"position\":1,\"name\":\"Startseite\",\"item\":\"https:\/\/avgs-gutschein.de\/pl\/\"},{\"@type\":\"ListItem\",\"position\":2,\"name\":\"Nasze biura AVGS\",\"item\":\"https:\/\/avgs-gutschein.de\/pl\/unsere-avgs-bueros\/\"},{\"@type\":\"ListItem\",\"position\":3,\"name\":\"Bremen\"}]},{\"@type\":\"WebSite\",\"@id\":\"https:\/\/avgs-gutschein.de\/pl\/#website\",\"url\":\"https:\/\/avgs-gutschein.de\/pl\/\",\"name\":\"AVGS Gutschein\",\"description\":\"\",\"potentialAction\":[{\"@type\":\"SearchAction\",\"target\":{\"@type\":\"EntryPoint\",\"urlTemplate\":\"https:\/\/avgs-gutschein.de\/pl\/?s={search_term_string}\"},\"query-input\":{\"@type\":\"PropertyValueSpecification\",\"valueRequired\":true,\"valueName\":\"search_term_string\"}}],\"inLanguage\":\"pl-PL\"}]}<\/script>\n<!-- \/ Yoast SEO plugin. -->","yoast_head_json":{"title":"Coaching AVGS w Bremen do 100% finansowany przez AVGS","description":"Zesp\u00f3\u0142 AVGS Coaching Bremen oferuje Ci w 100% dotowane us\u0142ugi coachingowe i konsultingowe. Um\u00f3w si\u0119 na bezp\u0142atn\u0105 wst\u0119pn\u0105 konsultacj\u0119.","robots":{"index":"index","follow":"follow","max-snippet":"max-snippet:-1","max-image-preview":"max-image-preview:large","max-video-preview":"max-video-preview:-1"},"canonical":"https:\/\/avgs-gutschein.de\/pl\/nasze-biura-avgs\/bremen\/","og_locale":"pl_PL","og_type":"article","og_title":"Coaching AVGS w Bremen do 100% finansowany przez AVGS","og_description":"Zesp\u00f3\u0142 AVGS Coaching Bremen oferuje Ci w 100% dotowane us\u0142ugi coachingowe i konsultingowe. Um\u00f3w si\u0119 na bezp\u0142atn\u0105 wst\u0119pn\u0105 konsultacj\u0119.","og_url":"https:\/\/avgs-gutschein.de\/pl\/nasze-biura-avgs\/bremen\/","og_site_name":"AVGS Gutschein","article_modified_time":"2024-10-18T05:44:42+00:00","twitter_card":"summary_large_image","twitter_misc":{"Szacowany czas czytania":"3 minuty"},"schema":{"@context":"https:\/\/schema.org","@graph":[{"@type":"WebPage","@id":"https:\/\/avgs-gutschein.de\/pl\/nasze-biura-avgs\/bremen\/","url":"https:\/\/avgs-gutschein.de\/pl\/nasze-biura-avgs\/bremen\/","name":"Coaching AVGS w Bremen do 100% finansowany przez AVGS","isPartOf":{"@id":"https:\/\/avgs-gutschein.de\/pl\/#website"},"datePublished":"2024-01-17T01:22:26+00:00","dateModified":"2024-10-18T05:44:42+00:00","description":"Zesp\u00f3\u0142 AVGS Coaching Bremen oferuje Ci w 100% dotowane us\u0142ugi coachingowe i konsultingowe. Um\u00f3w si\u0119 na bezp\u0142atn\u0105 wst\u0119pn\u0105 konsultacj\u0119.","breadcrumb":{"@id":"https:\/\/avgs-gutschein.de\/pl\/nasze-biura-avgs\/bremen\/#breadcrumb"},"inLanguage":"pl-PL","potentialAction":[{"@type":"ReadAction","target":["https:\/\/avgs-gutschein.de\/pl\/nasze-biura-avgs\/bremen\/"]}]},{"@type":"BreadcrumbList","@id":"https:\/\/avgs-gutschein.de\/pl\/nasze-biura-avgs\/bremen\/#breadcrumb","itemListElement":[{"@type":"ListItem","position":1,"name":"Startseite","item":"https:\/\/avgs-gutschein.de\/pl\/"},{"@type":"ListItem","position":2,"name":"Nasze biura AVGS","item":"https:\/\/avgs-gutschein.de\/pl\/unsere-avgs-bueros\/"},{"@type":"ListItem","position":3,"name":"Bremen"}]},{"@type":"WebSite","@id":"https:\/\/avgs-gutschein.de\/pl\/#website","url":"https:\/\/avgs-gutschein.de\/pl\/","name":"AVGS Gutschein","description":"","potentialAction":[{"@type":"SearchAction","target":{"@type":"EntryPoint","urlTemplate":"https:\/\/avgs-gutschein.de\/pl\/?s={search_term_string}"},"query-input":{"@type":"PropertyValueSpecification","valueRequired":true,"valueName":"search_term_string"}}],"inLanguage":"pl-PL"}]}},"_links":{"self":[{"href":"https:\/\/avgs-gutschein.de\/pl\/wp-json\/wp\/v2\/pages\/6777","targetHints":{"allow":["GET"]}}],"collection":[{"href":"https:\/\/avgs-gutschein.de\/pl\/wp-json\/wp\/v2\/pages"}],"about":[{"href":"https:\/\/avgs-gutschein.de\/pl\/wp-json\/wp\/v2\/types\/page"}],"author":[{"embeddable":true,"href":"https:\/\/avgs-gutschein.de\/pl\/wp-json\/wp\/v2\/users\/1"}],"replies":[{"embeddable":true,"href":"https:\/\/avgs-gutschein.de\/pl\/wp-json\/wp\/v2\/comments?post=6777"}],"version-history":[{"count":5,"href":"https:\/\/avgs-gutschein.de\/pl\/wp-json\/wp\/v2\/pages\/6777\/revisions"}],"predecessor-version":[{"id":7207,"href":"https:\/\/avgs-gutschein.de\/pl\/wp-json\/wp\/v2\/pages\/6777\/revisions\/7207"}],"up":[{"embeddable":true,"href":"https:\/\/avgs-gutschein.de\/pl\/wp-json\/wp\/v2\/pages\/6671"}],"wp:attachment":[{"href":"https:\/\/avgs-gutschein.de\/pl\/wp-json\/wp\/v2\/media?parent=6777"}],"curies":[{"name":"wp","href":"https:\/\/api.w.org\/{rel}","templated":true}]}}