{"id":6595,"date":"2023-11-23T14:04:39","date_gmt":"2023-11-23T13:04:39","guid":{"rendered":"https:\/\/avgs-gutschein.de\/unsere-coaches\/"},"modified":"2026-01-09T03:26:00","modified_gmt":"2026-01-09T02:26:00","slug":"nasi-trenerzy","status":"publish","type":"page","link":"https:\/\/avgs-gutschein.de\/pl\/nasi-trenerzy\/","title":{"rendered":"Wybierz trenera AVGS"},"content":{"rendered":"<p>[et_pb_section fb_built=&#8221;1&#8243; _builder_version=&#8221;4.23.4&#8243; _module_preset=&#8221;default&#8221; use_background_color_gradient=&#8221;on&#8221; background_color_gradient_stops=&#8221;rgba(255,255,255,0) 0%|rgba(255,255,255,0.71) 40%&#8221; background_color_gradient_overlays_image=&#8221;on&#8221; background_image=&#8221;https:\/\/avgs-gutschein.de\/wp-content\/uploads\/2024\/01\/Unsere-Coaches_header.webp&#8221; custom_padding=&#8221;18vw||10vw||false|false&#8221; background_last_edited=&#8221;on|tablet&#8221; background_size_tablet=&#8221;cover&#8221; global_colors_info=&#8221;{}&#8221;][et_pb_row _builder_version=&#8221;4.23.1&#8243; _module_preset=&#8221;default&#8221; global_colors_info=&#8221;{}&#8221;][et_pb_column type=&#8221;4_4&#8243; _builder_version=&#8221;4.23.1&#8243; _module_preset=&#8221;default&#8221; global_colors_info=&#8221;{}&#8221;][et_pb_text module_class=&#8221;avgs-font &#8221; _builder_version=&#8221;4.27.4&#8243; _module_preset=&#8221;default&#8221; text_font_size=&#8221;50px&#8221; header_font=&#8221;|800|||||||&#8221; header_text_align=&#8221;center&#8221; header_font_size=&#8221;45px&#8221; header_line_height=&#8221;1.3em&#8221; locked=&#8221;off&#8221; global_colors_info=&#8221;{}&#8221;]<\/p>\n<h1 class=\"red-font\" _msttexthash=\"9488661\" _msthash=\"694\"><span class=\"gray-font\" _istranslated=\"1\">Nasz<span>\u00a0<\/span><\/span><span class=\"gray-font\" _istranslated=\"1\"><b _istranslated=\"1\">zesp\u00f3\u0142 coachingowy<\/b><\/span><span class=\"gray-font\" _istranslated=\"1\"> <\/span><span class=\"gray-font\">A<span class=\"red-font\">V<\/span>GS<\/span><span class=\"gray-font\" _istranslated=\"1\" style=\"font-size: 45px;\"><b _istranslated=\"1\"> \u2013 <\/b><\/span><b _istranslated=\"1\">Znajd\u017a odpowiedniego trenera, kt\u00f3ry pomo\u017ce Ci osi\u0105gn\u0105\u0107 sukces<\/b><\/h1>\n<p>[\/et_pb_text][\/et_pb_column][\/et_pb_row][\/et_pb_section][et_pb_section fb_built=&#8221;1&#8243; _builder_version=&#8221;4.25.1&#8243; _module_preset=&#8221;default&#8221; box_shadow_style=&#8221;preset3&#8243; box_shadow_vertical=&#8221;0px&#8221; global_colors_info=&#8221;{}&#8221;][et_pb_row _builder_version=&#8221;4.23.1&#8243; _module_preset=&#8221;default&#8221; locked=&#8221;off&#8221; global_colors_info=&#8221;{}&#8221;][et_pb_column type=&#8221;4_4&#8243; _builder_version=&#8221;4.23.1&#8243; _module_preset=&#8221;default&#8221; global_colors_info=&#8221;{}&#8221;][et_pb_text ol_position=&#8221;outside&#8221; ol_item_indent=&#8221;23px&#8221; module_class=&#8221;gray-font normal-p&#8221; _builder_version=&#8221;4.27.4&#8243; _module_preset=&#8221;default&#8221; text_line_height=&#8221;1.8em&#8221; ol_line_height=&#8221;1.8em&#8221; header_2_text_color=&#8221;#cd222a&#8221; global_colors_info=&#8221;{}&#8221;]<\/p>\n<p><span _mstmutation=\"1\" _msttexthash=\"74954594\" _msthash=\"695\">Nasz\u00a0<b _mstmutation=\"1\" _istranslated=\"1\">zesp\u00f3\u0142 trenerski AVGS<\/b>\u00a0sk\u0142ada si\u0119 z do\u015bwiadczonych i certyfikowanych konsultant\u00f3w z szerokim zakresem do\u015bwiadcze\u0144 zawodowych. Niezale\u017cnie od tego, czy\u00a0<b _mstmutation=\"1\" _istranslated=\"1\">jeste\u015b coachem systemowym<\/b>,\u00a0<b _mstmutation=\"1\" _istranslated=\"1\">coachem biznesowym<\/b>\u00a0czy konsultantem ds. start-up\u00f3w \u2013 u nas znajdziesz dok\u0142adnie takie wsparcie, jakiego potrzebujesz.<\/span><\/p>\n<p _msttexthash=\"159714087\" _msthash=\"696\">Nasi<span _istranslated=\"1\">\u00a0<\/span><b _istranslated=\"1\">trenerzy<\/b><span _istranslated=\"1\">\u00a0<\/span>AVGS posiadaj\u0105 dog\u0142\u0119bne wykszta\u0142cenie i wieloletnie do\u015bwiadczenie w obszarach zarz\u0105dzania, zasob\u00f3w ludzkich, psychologii i doradztwa w zakresie zarz\u0105dzania. W sk\u0142ad naszego zespo\u0142u wchodz\u0105 bankowcy, absolwenci kierunk\u00f3w biznesowych, psychologowie biznesu i prawnicy. Ta r\u00f3\u017cnorodno\u015b\u0107 pozwala nam indywidualnie reagowa\u0107 na Twoje potrzeby \u2013 niezale\u017cnie od tego, czy zmieniasz swoj\u0105 orientacj\u0119 zawodow\u0105, czy planujesz rozpocz\u0105\u0107 samozatrudnienie.<\/p>\n<h2><b _msttexthash=\"5806021\" _msthash=\"697\">Znalezienie odpowiedniego trenera \u2013 tak to dzia\u0142a<\/b><\/h2>\n<p _msttexthash=\"16086031\" _msthash=\"698\">Szukasz do\u015bwiadczonego<span _istranslated=\"1\">\u00a0<\/span><b _istranslated=\"1\">coacha<\/b><span _istranslated=\"1\">\u00a0<\/span>AVGS lub<span _istranslated=\"1\">\u00a0<\/span><b _istranslated=\"1\">trenera<\/b><span _istranslated=\"1\">\u00a0<\/span>systemowego, kt\u00f3ry wesprze Ci\u0119 indywidualnie? W zaledwie kilku krokach mo\u017cesz znale\u017a\u0107 swojego idealnego trenera:<\/p>\n<ol>\n<li _msttexthash=\"10563150\" _msthash=\"699\"><b _istranslated=\"1\">Znajd\u017a trenera<\/b><span _istranslated=\"1\">\u00a0<\/span>\u2013 Przejrzyj profile naszych trener\u00f3w i poznaj pierwsze wra\u017cenie. (Doradztwo w zakresie wyboru trenera)<\/li>\n<li _msttexthash=\"5873959\" _msthash=\"700\"><b _istranslated=\"1\">Znajd\u017a trenera<\/b><span _istranslated=\"1\">\u00a0<\/span>\u2013 Wybierz trenera, kt\u00f3ry najlepiej odpowiada Twoim potrzebom.<\/li>\n<li _msttexthash=\"10019633\" _msthash=\"701\"><b _istranslated=\"1\">Niezobowi\u0105zuj\u0105ca konsultacja<\/b><span _istranslated=\"1\">\u00a0<\/span>wst\u0119pna \u2013 Poznaj osobi\u015bcie wybranego trenera i om\u00f3w swoje cele.<\/li>\n<li _msttexthash=\"11586887\" _msthash=\"702\">Rozpocznij szkolenie<span>\u00a0<\/span><span _istranslated=\"1\"><\/span><b _istranslated=\"1\">online AVGS<\/b><span>\u00a0<\/span>\u2014 uzyskaj wsparcie dostosowane do Twoich potrzeb, zar\u00f3wno online, jak i na miejscu.<\/li>\n<\/ol>\n<h2><b _msttexthash=\"898989\" _msthash=\"703\">Dlaczego nasz zesp\u00f3\u0142 trenerski?<\/b><\/h2>\n<p _msttexthash=\"305057909\" _msthash=\"704\"><span class=\"red-font\" _istranslated=\"1\">\u2714<\/span><span _istranslated=\"1\">\u00a0<\/span><b _istranslated=\"1\">Indywidualne doradztwo<\/b><span _istranslated=\"1\">\u00a0<\/span>\u2013 Pomo\u017cemy Ci znale\u017a\u0107 odpowiedniego<span _istranslated=\"1\">\u00a0<\/span><b _istranslated=\"1\">konsultanta<\/b><span _istranslated=\"1\">\u00a0<\/span>AVGS lub<span _istranslated=\"1\">\u00a0<\/span><b _istranslated=\"1\">trenera biznesu<\/b>.<br _istranslated=\"1\" \/><span class=\"red-font\" _istranslated=\"1\">\u2714<\/span><span _istranslated=\"1\">\u00a0<\/span><b _istranslated=\"1\">Certyfikowana wiedza specjalistyczna<\/b><span _istranslated=\"1\">\u00a0<\/span>\u2013 nasi trenerzy s\u0105 wysoko wykwalifikowani i posiadaj\u0105 bogate do\u015bwiadczenie zawodowe.<br _istranslated=\"1\" \/><span class=\"red-font\" _istranslated=\"1\">\u2714<\/span><span _istranslated=\"1\">\u00a0<\/span><b _istranslated=\"1\">Elastyczny coaching<\/b><span _istranslated=\"1\">\u00a0<\/span>\u2013 Niezale\u017cnie od tego, czy jest<span _istranslated=\"1\">\u00a0<\/span><b _istranslated=\"1\">to coaching<\/b><span _istranslated=\"1\">\u00a0<\/span>online AVGS, czy osobista rozmowa \u2013 oferujemy rozwi\u0105zania szyte na miar\u0119.<br _istranslated=\"1\" \/><span class=\"red-font\" _istranslated=\"1\">\u2714<\/span><span _istranslated=\"1\">\u00a0<\/span><b _istranslated=\"1\">Bezp\u0142atnie z voucherem AVGS<\/b><span _istranslated=\"1\">\u00a0<\/span>\u2013 Skorzystaj z szansy na profesjonalny coaching bez \u017cadnych koszt\u00f3w.<\/p>\n<h2><b _msttexthash=\"3820063\" _msthash=\"705\">Szukam trenera \u2013 Gdzie znajd\u0119 najlepsze wsparcie?<\/b><\/h2>\n<p _msttexthash=\"52524563\" _msthash=\"706\">Je\u015bli zastanawiasz si\u0119:<span _istranslated=\"1\">\u00a0<\/span><i _istranslated=\"1\">&#8222;Jak znale\u017a\u0107 odpowiedniego trenera?&#8221;,<\/i><span _istranslated=\"1\">\u00a0<\/span>to trafi\u0142e\u015b we w\u0142a\u015bciwe miejsce. Niezale\u017cnie od tego, czy chodzi o doradztwo zawodowe, szkolenia aplikacyjne czy coaching dla start-up\u00f3w \u2013 wspieramy Ci\u0119 profesjonalnie i celowo.<\/p>\n<p><b _msttexthash=\"7671586\" _msthash=\"707\">Zacznij ju\u017c teraz \u2013 znajd\u017a odpowiedniego trenera AVGS i um\u00f3w si\u0119 na wst\u0119pn\u0105 konsultacj\u0119!<\/b><\/p>\n<p>[\/et_pb_text][\/et_pb_column][\/et_pb_row][et_pb_row disabled_on=&#8221;on|on|on&#8221; _builder_version=&#8221;4.23.1&#8243; _module_preset=&#8221;default&#8221; disabled=&#8221;on&#8221; global_colors_info=&#8221;{}&#8221;][et_pb_column type=&#8221;4_4&#8243; _builder_version=&#8221;4.23.1&#8243; _module_preset=&#8221;default&#8221; global_colors_info=&#8221;{}&#8221;][et_pb_text module_class=&#8221;gray-font normal-p&#8221; _builder_version=&#8221;4.27.2&#8243; _module_preset=&#8221;default&#8221; global_colors_info=&#8221;{}&#8221;]<\/p>\n<p><span style=\"font-weight: 400;\">Nasi konsultanci maj\u0105 bardzo r\u00f3\u017cne do\u015bwiadczenia osobiste i zawodowe. Wszyscy maj\u0105 doskona\u0142e przeszkolenie i wieloletnie do\u015bwiadczenie zawodowe. Nasi trenerzy pracy i konsultanci start-up\u00f3w to bankierzy, absolwenci biznesu, psychologowie biznesu i prawnicy. Nasi konsultanci s\u0105 certyfikowani jako trenerzy i maj\u0105 du\u017ce do\u015bwiadczenie w coachingu i pracy zawodowej, na przyk\u0142ad w obszarach zarz\u0105dzania, zasob\u00f3w ludzkich lub psychologii.<\/span><\/p>\n<p><span style=\"font-weight: 400;\">U nas ka\u017cdy mo\u017ce znale\u017a\u0107 odpowiedniego trenera. Kr\u00f3tkie profile maj\u0105 na celu wyrobienie sobie pierwszego wra\u017cenia na temat naszego zespo\u0142u. Podczas niezobowi\u0105zuj\u0105cej wst\u0119pnej konsultacji mo\u017cesz osobi\u015bcie pozna\u0107 swojego wybranego trenera i wyja\u015bni\u0107 wszelkie dalsze pytania w osobistej rozmowie.<\/span><\/p>\n<p>[\/et_pb_text][\/et_pb_column][\/et_pb_row][et_pb_row _builder_version=&#8221;4.23.1&#8243; _module_preset=&#8221;default&#8221; global_colors_info=&#8221;{}&#8221;][et_pb_column type=&#8221;4_4&#8243; _builder_version=&#8221;4.23.1&#8243; _module_preset=&#8221;default&#8221; global_colors_info=&#8221;{}&#8221;][et_pb_code _builder_version=&#8221;4.27.4&#8243; _module_preset=&#8221;default&#8221; global_colors_info=&#8221;{}&#8221;]<\/p>\n<table class=\"tb-container\" style=\"border: 0px; margin: 0 0 0px;\"><!-- [et_pb_line_break_holder] --><!-- [et_pb_line_break_holder] -->    <\/p>\n<tr><!-- [et_pb_line_break_holder] --><!-- [et_pb_line_break_holder] -->        <\/p>\n<th><!-- [et_pb_line_break_holder] -->            <select id=\"produkt\" class=\"criteriaSelector\"><!-- [et_pb_line_break_holder] --><!-- [et_pb_line_break_holder] --><option value=\"all\" selected=\"selected\">Produkty<\/option><!-- [et_pb_line_break_holder] --><!-- [et_pb_line_break_holder] --><option value=\"jobcoaching\">Coaching pracy<\/option><!-- [et_pb_line_break_holder] --><!-- [et_pb_line_break_holder] --><option value=\"gruendungsberatung\">Porady dla pocz\u0105tkuj\u0105cych?<\/option><!-- [et_pb_line_break_holder] --><!-- [et_pb_line_break_holder] -->            <\/select><!-- [et_pb_line_break_holder] -->        <\/th>\n<p><!-- [et_pb_line_break_holder] --><!-- [et_pb_line_break_holder] --><!-- [et_pb_line_break_holder] -->        <\/p>\n<th style=\"padding-left:0px;\"><!-- [et_pb_line_break_holder] -->            <select id=\"sprache\" class=\"criteriaSelector\"><!-- [et_pb_line_break_holder] --><!-- [et_pb_line_break_holder] --><option value=\"all\" selected=\"selected\">J\u0119zyk(i) coachingu<\/option><!-- [et_pb_line_break_holder] --><!-- [et_pb_line_break_holder] --><option value=\"deutsch\">Niemiecki<\/option><!-- [et_pb_line_break_holder] --><!-- [et_pb_line_break_holder] --><option value=\"englisch\">Angielski<\/option><!-- [et_pb_line_break_holder] --><!-- [et_pb_line_break_holder] --><option value=\"niederl\u00e4ndisch\">Holenderski<\/option><!-- [et_pb_line_break_holder] --><!-- [et_pb_line_break_holder] --><option value=\"polnisch\">Polski<\/option><!-- [et_pb_line_break_holder] --><!-- [et_pb_line_break_holder] --><option value=\"russisch\">Rosyjski<\/option><!-- [et_pb_line_break_holder] --><!-- [et_pb_line_break_holder] --><option value=\"spanisch\">Hiszpa\u0144ski<\/option><!-- [et_pb_line_break_holder] --><!-- [et_pb_line_break_holder] --><option value=\"ukrainisch\">Ukrai\u0144ski<\/option><!-- [et_pb_line_break_holder] --><!-- [et_pb_line_break_holder] --><!-- [et_pb_line_break_holder] -->            <\/select><!-- [et_pb_line_break_holder] -->        <\/th>\n<p><!-- [et_pb_line_break_holder] --><!-- [et_pb_line_break_holder] --><!-- [et_pb_line_break_holder] --><!-- [et_pb_line_break_holder] -->        <\/p>\n<th style=\"padding-left:0px;\"><!-- [et_pb_line_break_holder] -->            <select id=\"standort\" class=\"criteriaSelector\"><!-- [et_pb_line_break_holder] --><!-- [et_pb_line_break_holder] --><option value=\"all\" selected=\"selected\">Lokalizacja<\/option><!-- [et_pb_line_break_holder] --><!-- [et_pb_line_break_holder] --><option value=\"aachen\">Akwizgran<\/option><!-- [et_pb_line_break_holder] -->            <!-- [et_pb_line_break_holder] --><option value=\"badbevensen\">Bad Bevensen<\/option><!-- [et_pb_line_break_holder] --><!-- [et_pb_line_break_holder] --><option value=\"berlin\">Berlin<\/option><!-- [et_pb_line_break_holder] --><!-- [et_pb_line_break_holder] --><option value=\"bremen\">Brema<\/option><!-- [et_pb_line_break_holder] --><!-- [et_pb_line_break_holder] --><option value=\"buchholz\">Buchholza<\/option><!-- [et_pb_line_break_holder] --><!-- [et_pb_line_break_holder] --><option value=\"buxtehude\">Buxtehude<\/option><!-- [et_pb_line_break_holder] --><!-- [et_pb_line_break_holder] --><option value=\"duesseldorf\">D\u00fcsseldorf<\/option><!-- [et_pb_line_break_holder] --><!-- [et_pb_line_break_holder] --><option value=\"erfurt\">Erfurcie<\/option><!-- [et_pb_line_break_holder] --><!-- [et_pb_line_break_holder] --><option value=\"essen\">Essen<\/option><!-- [et_pb_line_break_holder] --><!-- [et_pb_line_break_holder] --><option value=\"hamburg\">Hamburg<\/option><!-- [et_pb_line_break_holder] --><!-- [et_pb_line_break_holder] --><option value=\"koblenz\">Koblencja<\/option><!-- [et_pb_line_break_holder] --><!-- [et_pb_line_break_holder] --><option value=\"luebeck\">Lubeka<\/option><!-- [et_pb_line_break_holder] --><!-- [et_pb_line_break_holder] --><option value=\"lueneburg\">L\u00fcneburg<\/option><!-- [et_pb_line_break_holder] --><!-- [et_pb_line_break_holder] --><option value=\"oldenburg\">Oldenburga<\/option><!-- [et_pb_line_break_holder] --><!-- [et_pb_line_break_holder] --><option value=\"online\">W Internecie<\/option><!-- [et_pb_line_break_holder] --><!-- [et_pb_line_break_holder] --><option value=\"rotenburg\">Rotenburga<\/option><!-- [et_pb_line_break_holder] --><!-- [et_pb_line_break_holder] --><option value=\"soltau\">Soltau<\/option><!-- [et_pb_line_break_holder] --><!-- [et_pb_line_break_holder] --><option value=\"stade\">Stadion<\/option><!-- [et_pb_line_break_holder] --><!-- [et_pb_line_break_holder] --><option value=\"stuttgart\">Stuttgart<\/option><!-- [et_pb_line_break_holder] -->              <!-- [et_pb_line_break_holder] --><option value=\"weimar\">Weimar<\/option><!-- [et_pb_line_break_holder] --><!-- [et_pb_line_break_holder] --><option value=\"winsen\">Winsen (Luhe)<\/option><!-- [et_pb_line_break_holder] --><!-- [et_pb_line_break_holder] --><!-- [et_pb_line_break_holder] --><!-- [et_pb_line_break_holder] --><!-- [et_pb_line_break_holder] -->            <\/select><!-- [et_pb_line_break_holder] -->        <\/th>\n<p><!-- [et_pb_line_break_holder] --><!-- [et_pb_line_break_holder] --><!-- [et_pb_line_break_holder] -->        <\/p>\n<th style=\"padding-left:0px;\"><!-- [et_pb_line_break_holder] -->            <select id=\"themenschwerpunkte\" class=\"criteriaSelector\"><!-- [et_pb_line_break_holder] --><!-- [et_pb_line_break_holder] --><option value=\"all\" selected=\"selected\">G\u0142\u00f3wne tematy<\/option><!-- [et_pb_line_break_holder] --><!-- [et_pb_line_break_holder] --><option value=\"bewerbungstraining\"> Coaching zawodowy: szkolenie aplikacyjne<\/option><!-- [et_pb_line_break_holder] --><!-- [et_pb_line_break_holder] --><option value=\"stellenrecherche\">Coaching zawodowy: badanie pracy<\/option><!-- [et_pb_line_break_holder] --><!-- [et_pb_line_break_holder] --><option value=\"berufsorientierung\"> Coaching zawodowy: orientacja zawodowa<\/option><!-- [et_pb_line_break_holder] --><!-- [et_pb_line_break_holder] --><option value=\"vorstellungsgespraeche\"> Coaching zawodowy: rozmowy kwalifikacyjne<\/option><!-- [et_pb_line_break_holder] --><!-- [et_pb_line_break_holder] --><option value=\"persoenliche-positionierung\"> Coaching zawodowy: pozycjonowanie osobiste<\/option><!-- [et_pb_line_break_holder] --><!-- [et_pb_line_break_holder] --><option value=\"businessplanerstellung\"> Porady dla startup\u00f3w: tworzenie planu biznesowego<\/option><!-- [et_pb_line_break_holder] --><!-- [et_pb_line_break_holder] --><option value=\"strategie\">Porady dla startup\u00f3w: pozycjonowanie\/strategia<\/option><!-- [et_pb_line_break_holder] --><!-- [et_pb_line_break_holder] --><option value=\"finanzplanung\">Porady dla startup\u00f3w: planowanie finansowe<\/option><!-- [et_pb_line_break_holder] --><!-- [et_pb_line_break_holder] --><option value=\"digitales-marketing\">Porady dla startup\u00f3w: marketing (cyfrowy)<\/option><!-- [et_pb_line_break_holder] --><!-- [et_pb_line_break_holder] --><option value=\"rechtsfragen\">Porady dla startup\u00f3w: kwestie prawne<\/option><!-- [et_pb_line_break_holder] -->              <!-- [et_pb_line_break_holder] --><option value=\"lpp\">Trener LPP (certyfikowany)<\/option><!-- [et_pb_line_break_holder] --><!-- [et_pb_line_break_holder] --><!-- [et_pb_line_break_holder] -->            <\/select><!-- [et_pb_line_break_holder] -->        <\/th>\n<p><!-- [et_pb_line_break_holder] --><!-- [et_pb_line_break_holder] --><!-- [et_pb_line_break_holder] -->        <\/p>\n<th style=\"padding-left:0px;\"><!-- [et_pb_line_break_holder] -->            <select id=\"branchenschwerpunkte\" class=\"criteriaSelector\"><!-- [et_pb_line_break_holder] --><!-- [et_pb_line_break_holder] --><option value=\"all\" selected=\"selected\">Bran\u017ce<\/option><!-- [et_pb_line_break_holder] --><!-- [et_pb_line_break_holder] --><option value=\"beratung\">Konsulting\/Coaching<\/option><!-- [et_pb_line_break_holder] --><!-- [et_pb_line_break_holder] --><option value=\"dienstleistungen\">Us\u0142ugi<\/option><!-- [et_pb_line_break_holder] --><!-- [et_pb_line_break_holder] --><option value=\"energie\">Energia<\/option><!-- [et_pb_line_break_holder] --><!-- [et_pb_line_break_holder] --><option value=\"event\">Wydarzenia\/Rozrywka<\/option><!-- [et_pb_line_break_holder] --><!-- [et_pb_line_break_holder] --><option value=\"gastronomie\">Catering\/Hotel<\/option><!-- [et_pb_line_break_holder] --><!-- [et_pb_line_break_holder] --><option value=\"pflege\">Zdrowie\/Opieka<\/option><!-- [et_pb_line_break_holder] --><!-- [et_pb_line_break_holder] --><option value=\"handel\">Handel\/Sprzeda\u017c<\/option><!-- [et_pb_line_break_holder] --><!-- [et_pb_line_break_holder] --><option value=\"handwerk\"> Rzemios\u0142o<\/option><!-- [et_pb_line_break_holder] --><!-- [et_pb_line_break_holder] --><option value=\"industrie\">Bran\u017ca<\/option><!-- [et_pb_line_break_holder] --><!-- [et_pb_line_break_holder] --><option value=\"it\">IT\/Oprogramowanie<\/option><!-- [et_pb_line_break_holder] --><!-- [et_pb_line_break_holder] --><option value=\"design\">Sztuka\/Projektowanie<\/option><!-- [et_pb_line_break_holder] --><!-- [et_pb_line_break_holder] --><option value=\"kultur\">Kultura\/Nauki humanistyczne<\/option><!-- [et_pb_line_break_holder] --><!-- [et_pb_line_break_holder] --><option value=\"kommunikation\">Marketing\/Komunikacja<\/option><!-- [et_pb_line_break_holder] --><!-- [et_pb_line_break_holder] --><option value=\"ngos\">NGOs<\/option><!-- [et_pb_line_break_holder] --><!-- [et_pb_line_break_holder] --><option value=\"soziales\">Spo\u0142eczno\u015b\u0107\/Edukacja<\/option><!-- [et_pb_line_break_holder] --><!-- [et_pb_line_break_holder] --><option value=\"start-up\">Start-up<\/option><!-- [et_pb_line_break_holder] --><!-- [et_pb_line_break_holder] --><option value=\"fitness\">Wellness\/Fitness<\/option><!-- [et_pb_line_break_holder] --><!-- [et_pb_line_break_holder] -->            <\/select><!-- [et_pb_line_break_holder] -->        <\/th>\n<p><!-- [et_pb_line_break_holder] --><!-- [et_pb_line_break_holder] --><!-- [et_pb_line_break_holder] -->        <\/p>\n<th style=\"padding-left:0px;\"><!-- [et_pb_line_break_holder] --><!-- [et_pb_line_break_holder] -->            <\/p>\n<div id=\"reset\" class=\"btn-reset\">Zresetuj filtr<\/div>\n<p><!-- [et_pb_line_break_holder] --><!-- [et_pb_line_break_holder] -->        <\/th>\n<p><!-- [et_pb_line_break_holder] --><!-- [et_pb_line_break_holder] -->    <\/tr>\n<p><!-- [et_pb_line_break_holder] --><!-- [et_pb_line_break_holder] --><\/table>\n<p>[\/et_pb_code][\/et_pb_column][\/et_pb_row][et_pb_row _builder_version=&#8221;4.23.1&#8243; _module_preset=&#8221;default&#8221; global_colors_info=&#8221;{}&#8221;][et_pb_column type=&#8221;4_4&#8243; _builder_version=&#8221;4.23.1&#8243; _module_preset=&#8221;default&#8221; global_colors_info=&#8221;{}&#8221;][et_pb_code _builder_version=&#8221;4.27.4&#8243; _module_preset=&#8221;default&#8221; hover_enabled=&#8221;0&#8243; global_colors_info=&#8221;{}&#8221; sticky_enabled=&#8221;0&#8243;]<\/p>\n<div class=\"card-list-container two-columns-2\"><!-- [et_pb_line_break_holder] -->    <!-- Claudia Assmuth --><!-- [et_pb_line_break_holder] -->    <\/p>\n<div class=\"card-list item produkt-jobcoaching produkt-gruendungsberatung sprache-deutsch standort-lueneburg standort-online themenschwerpunkte-bewerbungstraining themenschwerpunkte-stellenrecherche themenschwerpunkte-berufsorientierung themenschwerpunkte-vorstellungsgespraeche themenschwerpunkte-persoenliche-positionierung themenschwerpunkte-businessplanerstellung themenschwerpunkte-strategie themenschwerpunkte-finanzplanung themenschwerpunkte-digitales-marketing branchenschwerpunkte-beratung branchenschwerpunkte-dienstleistungen \"><!-- [et_pb_line_break_holder] -->        <\/p>\n<div class=\"card-front\" ><!-- [et_pb_line_break_holder] -->            <\/p>\n<div class=\"cntnt\"><!-- [et_pb_line_break_holder] -->                <img decoding=\"async\" src=\"\/wp-content\/uploads\/2024\/01\/ClaudiaAssmuth-2-_Ausschnitt-2.webp\"><!-- [et_pb_line_break_holder] -->                <\/p>\n<div class=\"coach-card\"><!-- [et_pb_line_break_holder] -->                    <\/p>\n<h2>Claudia Assmuth<\/h2>\n<p><!-- [et_pb_line_break_holder] -->                    <\/p>\n<div class=\"coach-desc\"><!-- [et_pb_line_break_holder] -->                        <\/p>\n<div class=\"standort\"><b>Biuro:<\/b> Obecno\u015b\u0107 w: L\u00fcneburg, online w ca\u0142ych Niemczech<\/div>\n<p><!-- [et_pb_line_break_holder] -->                        <\/p>\n<hr>\n<p><!-- [et_pb_line_break_holder] -->                        <\/p>\n<div class=\"specialty\"><b>Produkt:<\/b> Coaching zawodowy, Porady dla os\u00f3b rozpoczynaj\u0105cych dzia\u0142alno\u015b\u0107 gospodarcz\u0105<\/div>\n<p><!-- [et_pb_line_break_holder] -->                        <\/p>\n<hr>\n<p><!-- [et_pb_line_break_holder] -->                        <\/p>\n<div class=\"lang\"><b>J\u0119zyk(i) coachingu:<\/b> niemiecki<\/div>\n<p><!-- [et_pb_line_break_holder] -->                        <\/p>\n<hr>\n<p><!-- [et_pb_line_break_holder] -->                    <\/div>\n<p><!-- [et_pb_line_break_holder] -->                    <\/p>\n<div class=\"coach-btn\"><!-- [et_pb_line_break_holder] -->                        <\/p>\n<div class=\"link-btn\">Pozna\u0107<\/div>\n<p><!-- [et_pb_line_break_holder] -->                    <\/div>\n<p><!-- [et_pb_line_break_holder] -->                <\/div>\n<p><!-- [et_pb_line_break_holder] -->            <\/div>\n<p><!-- [et_pb_line_break_holder] -->        <\/div>\n<p><!-- [et_pb_line_break_holder] -->        <\/p>\n<div class=\"card-back\" onclick=\"location.href='\/pl\/nasi-trenerzy\/claudia-assmuth\/'\" ><!-- [et_pb_line_break_holder] -->            <\/p>\n<div class=\"cntnt\" ><!-- [et_pb_line_break_holder] -->                <\/p>\n<div><!-- [et_pb_line_break_holder] -->                <\/div>\n<p><!-- [et_pb_line_break_holder] -->                <\/p>\n<ol><!-- [et_pb_line_break_holder] -->                  <\/p>\n<li><span class=\"ques\"><pee>Jakie s\u0105 Twoje kwalifikacje jako trenera\/trenerki?   <!\u2013- [et_pb_br_holder] -\u2013><\/pee><pee>Jako systemowy coach (SG) od kilku lat towarzysz\u0119 ludziom na ich osobistej i zawodowej \u015bcie\u017cce. Stosuj\u0119 bogactwo r\u00f3\u017cnorodnych interwencji i metod, a tak\u017ce czerpi\u0119 z do\u015bwiadcze\u0144 z nauczania uwa\u017cno\u015bci i komunikacji bez przemocy. Spotykam si\u0119 z lud\u017ami na r\u00f3wni i postrzegam siebie jako osob\u0119 wspieraj\u0105c\u0105, partnera do rozm\u00f3w, osob\u0119 u\u015bwiadamiaj\u0105c\u0105 i zach\u0119caj\u0105c\u0105, aby \u017cy\u0107 i rozwija\u0107 sw\u00f3j w\u0142asny potencja\u0142. Holistyczna, zorientowana na rozwi\u0105zania i zasoby perspektywa jest dla mnie wa\u017cna.<\/pee> <pee>Dzi\u0119ki moim zawodowym pozycjom za\u0142o\u017cyciela, trenera zawodowego i ekonomisty biznesu, dysponuj\u0119 r\u00f3wnie\u017c eksperck\u0105 wiedz\u0105 na temat pomys\u0142\u00f3w na start-upy, a tak\u017ce proces\u00f3w aplikacyjnych i rekrutacyjnych.<!-- [et_pb_line_break_holder] -->                <\/pee><!-- [et_pb_line_break_holder] -->                    <\/span><\/li>\n<p><!-- [et_pb_line_break_holder] -->                  <\/p>\n<li><span class=\"ques\">Co daje Ci najwi\u0119ksz\u0105 satysfakcj\u0119 w Twojej pracy?<\/span><!\u2013- [et_pb_br_holder] -\u2013><\/li>\n<p><!-- [et_pb_line_break_holder] --><!-- [et_pb_line_break_holder] -->                <\/ol>\n<p><!-- [et_pb_line_break_holder] -->               <!-- \n\n<div>Mehr erfahren<\/div>\n\n--><!-- [et_pb_line_break_holder] -->                <\/p>\n<div class=\"primary-color\"><\/div>\n<p><!-- [et_pb_line_break_holder] -->                <\/p>\n<div class=\"bottom-footer\"><!-- [et_pb_line_break_holder] -->                    <\/p>\n<div class=\"bottom-footer-container\"><!-- [et_pb_line_break_holder] -->                        <\/p>\n<div class=\"_col\"><!-- [et_pb_line_break_holder] -->                            <a href=\"https:\/\/avgs-gutschein.de\/pl\/nasi-trenerzy\/claudia-assmuth\/\"> <span class=\"button\">Przejd\u017a do profilu<\/span><\/a><!-- [et_pb_line_break_holder] -->                        <\/div>\n<p><!-- [et_pb_line_break_holder] -->                    <\/div>\n<p><!-- [et_pb_line_break_holder] -->                <\/div>\n<p><!-- [et_pb_line_break_holder] -->            <\/div>\n<p><!-- [et_pb_line_break_holder] -->        <\/div>\n<p><!-- [et_pb_line_break_holder] -->    <\/div>\n<p><!-- [et_pb_line_break_holder] -->   <!-- Heike Bartsch --><!-- [et_pb_line_break_holder] -->   <\/p>\n<div class=\"card-list item produkt-jobcoaching produkt-gruendungsberatung sprache-deutsch standort-online standort-essen standort-duesseldorf themenschwerpunkte-bewerbungstraining themenschwerpunkte-stellenrecherche themenschwerpunkte-berufsorientierung themenschwerpunkte-vorstellungsgespraeche themenschwerpunkte-persoenliche-positionierung themenschwerpunkte-businessplanerstellung themenschwerpunkte-strategie themenschwerpunkte-finanzplanung themenschwerpunkte-lpp branchenschwerpunkte-beratung branchenschwerpunkte-dienstleistungen branchenschwerpunkte-energie branchenschwerpunkte-event branchenschwerpunkte-gastronomie branchenschwerpunkte-pflege branchenschwerpunkte-handel branchenschwerpunkte-handwerk branchenschwerpunkte-design branchenschwerpunkte-kultur branchenschwerpunkte-kommunikation branchenschwerpunkte-ngos branchenschwerpunkte-fitness \"><!-- [et_pb_line_break_holder] -->       <\/p>\n<div class=\"card-front\" ><!-- [et_pb_line_break_holder] -->           <\/p>\n<div class=\"cntnt\"><!-- [et_pb_line_break_holder] -->               <img decoding=\"async\" src=\"\/wp-content\/uploads\/2025\/04\/Heike_Bartsch_profile_pic.webp\"><!-- [et_pb_line_break_holder] -->               <\/p>\n<div class=\"coach-card\"><!-- [et_pb_line_break_holder] -->                   <\/p>\n<h2>Heike Bartsch<\/h2>\n<p><!-- [et_pb_line_break_holder] -->                   <\/p>\n<div class=\"coach-desc\"><!-- [et_pb_line_break_holder] -->                       <\/p>\n<div class=\"standort\"><b>Biuro:<\/b> Essen, D\u00fcsseldorf, online na terenie ca\u0142ych Niemiec<\/div>\n<p><!-- [et_pb_line_break_holder] -->                       <\/p>\n<hr>\n<p><!-- [et_pb_line_break_holder] -->                       <\/p>\n<div class=\"specialty\"><b>Produkt:<\/b> Coaching zawodowy, Porady dla os\u00f3b rozpoczynaj\u0105cych dzia\u0142alno\u015b\u0107 gospodarcz\u0105<\/div>\n<p><!-- [et_pb_line_break_holder] -->                       <\/p>\n<hr>\n<p><!-- [et_pb_line_break_holder] -->                       <\/p>\n<div class=\"lang\"><b>J\u0119zyk(i) coachingu:<\/b> niemiecki<\/div>\n<p><!-- [et_pb_line_break_holder] -->                       <\/p>\n<hr>\n<p><!-- [et_pb_line_break_holder] -->                   <\/div>\n<p><!-- [et_pb_line_break_holder] -->                   <\/p>\n<div class=\"coach-btn\"><!-- [et_pb_line_break_holder] -->                       <\/p>\n<div class=\"link-btn\">Pozna\u0107<\/div>\n<p><!-- [et_pb_line_break_holder] -->                   <\/div>\n<p><!-- [et_pb_line_break_holder] -->               <\/div>\n<p><!-- [et_pb_line_break_holder] -->           <\/div>\n<p><!-- [et_pb_line_break_holder] -->       <\/div>\n<p><!-- [et_pb_line_break_holder] -->       <\/p>\n<div class=\"card-back\" onclick=\"location.href='\/pl\/nasi-trenerzy\/heike-bartsch\/'\" ><!-- [et_pb_line_break_holder] -->           <\/p>\n<div class=\"cntnt\" ><!-- [et_pb_line_break_holder] -->               <\/p>\n<div><!-- [et_pb_line_break_holder] -->               <\/div>\n<p><!-- [et_pb_line_break_holder] -->               <\/p>\n<ol><!-- [et_pb_line_break_holder] -->                 <\/p>\n<li><span class=\"ques\"><pee>Jakie mierzalne rezultaty osi\u0105gn\u0119li\u015bcie wsp\u00f3lnie ze swoimi klientami i co was wyr\u00f3\u017cnia? <!\u2013- [et_pb_br_holder] -\u2013>Opr\u00f3cz licznych reorientacji zawodowych, kt\u00f3re zosta\u0142y wdro\u017cone z rado\u015bci\u0105 i oparte na solidnych analizach kompetencji, s\u0105 start-upy, kt\u00f3re zosta\u0142y zrealizowane &#8211; gdy nowi przedsi\u0119biorcy odnosz\u0105 sukcesy na rynku ze swoimi produktami lub us\u0142ugami i otrzymuj\u0105 na nie finansowanie.<\/pee><!-- [et_pb_line_break_holder] -->                   <pee>Wed\u0142ug opinii moich klient\u00f3w, tym, co mnie szczeg\u00f3lnie wyr\u00f3\u017cnia, jest ustrukturyzowane podej\u015bcie, wsp\u00f3lny \u015bmiech i zaanga\u017cowanie, kt\u00f3rego wymagam we wsp\u00f3lnej pracy i kt\u00f3re sama wnosz\u0119.<\/pee><!-- [et_pb_line_break_holder] -->                   <\/span><\/li>\n<p><!-- [et_pb_line_break_holder] -->                 <\/p>\n<li><span class=\"ques\">Co daje Ci najwi\u0119ksz\u0105 satysfakcj\u0119 w Twojej pracy?<\/span><!\u2013- [et_pb_br_holder] -\u2013><\/li>\n<p><!-- [et_pb_line_break_holder] --><!-- [et_pb_line_break_holder] -->               <\/ol>\n<p><!-- [et_pb_line_break_holder] -->              <!-- \n\n<div>Mehr erfahren<\/div>\n\n--><!-- [et_pb_line_break_holder] -->               <\/p>\n<div class=\"primary-color\"><\/div>\n<p><!-- [et_pb_line_break_holder] -->               <\/p>\n<div class=\"bottom-footer\"><!-- [et_pb_line_break_holder] -->                   <\/p>\n<div class=\"bottom-footer-container\"><!-- [et_pb_line_break_holder] -->                       <\/p>\n<div class=\"_col\"><!-- [et_pb_line_break_holder] -->                           <a href=\"https:\/\/avgs-gutschein.de\/pl\/nasi-trenerzy\/heike-bartsch\/\"> <span class=\"button\">Przejd\u017a do profilu<\/span><\/a><!-- [et_pb_line_break_holder] -->                       <\/div>\n<p><!-- [et_pb_line_break_holder] -->                   <\/div>\n<p><!-- [et_pb_line_break_holder] -->               <\/div>\n<p><!-- [et_pb_line_break_holder] -->           <\/div>\n<p><!-- [et_pb_line_break_holder] -->       <\/div>\n<p><!-- [et_pb_line_break_holder] -->   <\/div>\n<p><!-- [et_pb_line_break_holder] -->    <!-- Bodenhausen --><!-- [et_pb_line_break_holder] -->    <\/p>\n<div class=\"card-list item produkt-jobcoaching sprache-deutsch standort-buchholz standort-online themenschwerpunkte-bewerbungstraining themenschwerpunkte-stellenrecherche themenschwerpunkte-berufsorientierung themenschwerpunkte-vorstellungsgespraeche themenschwerpunkte-persoenliche-positionierung branchenschwerpunkte-beratung branchenschwerpunkte-dienstleistungen branchenschwerpunkte-energie branchenschwerpunkte-event branchenschwerpunkte-handel branchenschwerpunkte-kommunikation branchenschwerpunkte-ngos \"><!-- [et_pb_line_break_holder] -->        <\/p>\n<div class=\"card-front\" ><!-- [et_pb_line_break_holder] -->            <\/p>\n<div class=\"cntnt\"><!-- [et_pb_line_break_holder] -->                <img decoding=\"async\" src=\"\/wp-content\/uploads\/2023\/12\/Barbara_Bodenhausen_profile_pic.webp\"><!-- [et_pb_line_break_holder] -->                <\/p>\n<div class=\"coach-card\"><!-- [et_pb_line_break_holder] -->                    <\/p>\n<h2>Barbara Bodenhausen<\/h2>\n<p><!-- [et_pb_line_break_holder] -->                    <\/p>\n<div class=\"coach-desc\"><!-- [et_pb_line_break_holder] -->                        <\/p>\n<div class=\"standort\"><b>Biuro:<\/b> Obecno\u015b\u0107 w: Buchholz, online w ca\u0142ych Niemczech<\/div>\n<p><!-- [et_pb_line_break_holder] -->                        <\/p>\n<hr>\n<p><!-- [et_pb_line_break_holder] -->                        <\/p>\n<div class=\"specialty\"><b>Produkt:<\/b> Coaching zawodowy<\/div>\n<p><!-- [et_pb_line_break_holder] -->                        <\/p>\n<hr>\n<p><!-- [et_pb_line_break_holder] -->                        <\/p>\n<div class=\"lang\"><b>J\u0119zyk(i) coachingu:<\/b> niemiecki<\/div>\n<p><!-- [et_pb_line_break_holder] -->                        <\/p>\n<hr>\n<p><!-- [et_pb_line_break_holder] -->                    <\/div>\n<p><!-- [et_pb_line_break_holder] -->                    <\/p>\n<div class=\"coach-btn\"><!-- [et_pb_line_break_holder] -->                        <\/p>\n<div class=\"link-btn\">Pozna\u0107<\/div>\n<p><!-- [et_pb_line_break_holder] -->                    <\/div>\n<p><!-- [et_pb_line_break_holder] -->                <\/div>\n<p><!-- [et_pb_line_break_holder] -->            <\/div>\n<p><!-- [et_pb_line_break_holder] -->        <\/div>\n<p><!-- [et_pb_line_break_holder] -->        <\/p>\n<div class=\"card-back\" onclick=\"location.href='\/pl\/nasi-trenerzy\/barbara-bodenhausen\/'\" ><!-- [et_pb_line_break_holder] -->            <\/p>\n<div class=\"cntnt\" ><!-- [et_pb_line_break_holder] -->                <\/p>\n<div><!-- [et_pb_line_break_holder] -->                <\/div>\n<p><!-- [et_pb_line_break_holder] -->                <\/p>\n<ol><!-- [et_pb_line_break_holder] -->                  <\/p>\n<li><span class=\"ques\">Jakie s\u0105 Twoje kwalifikacje jako trenera\/trenerki?<\/span><!\u2013- [et_pb_br_holder] -\u2013><pee>W kontek\u015bcie zawodowym prowadz\u0119 coaching dla wszystkich os\u00f3b, kt\u00f3re staj\u0105 w obliczu zmian i szukaj\u0105 nowych perspektyw na te wyzwania. W swojej pracy wnosz\u0119 ze sob\u0105 ponad 20 lat do\u015bwiadczenia zawodowego w doradztwie personalnym. Opr\u00f3cz znalezienia wizji, rozwijania potencja\u0142u, aktywowania zasob\u00f3w, wzmacniania pewno\u015bci siebie i poczucia w\u0142asnej warto\u015bci, g\u0142\u00f3wny nacisk mojego coachingu po\u0142o\u017cony jest na optymalizacj\u0119 dokument\u00f3w aplikacyjnych i profesjonalne przygotowanie do udanych rozm\u00f3w kwalifikacyjnych.<\/pee><!-- [et_pb_line_break_holder] -->                    <\/li>\n<p><!-- [et_pb_line_break_holder] -->                  <\/p>\n<li><span class=\"ques\">Co Ci\u0119 wyr\u00f3\u017cnia?<\/span><!\u2013- [et_pb_br_holder] -\u2013><\/li>\n<p><!-- [et_pb_line_break_holder] -->                <\/ol>\n<p><!-- [et_pb_line_break_holder] -->               <!-- \n\n<div>Mehr erfahren<\/div>\n\n--><!-- [et_pb_line_break_holder] -->                <\/p>\n<div class=\"primary-color\"><\/div>\n<p><!-- [et_pb_line_break_holder] -->                <\/p>\n<div class=\"bottom-footer\"><!-- [et_pb_line_break_holder] -->                    <\/p>\n<div class=\"bottom-footer-container\"><!-- [et_pb_line_break_holder] -->                        <\/p>\n<div class=\"_col\"><!-- [et_pb_line_break_holder] -->                            <a href=\"https:\/\/avgs-gutschein.de\/pl\/nasi-trenerzy\/barbara-bodenhausen\/\"> <span class=\"button\">Przejd\u017a do profilu<\/span><\/a><!-- [et_pb_line_break_holder] -->                        <\/div>\n<p><!-- [et_pb_line_break_holder] -->                    <\/div>\n<p><!-- [et_pb_line_break_holder] -->                <\/div>\n<p><!-- [et_pb_line_break_holder] -->            <\/div>\n<p><!-- [et_pb_line_break_holder] -->        <\/div>\n<p><!-- [et_pb_line_break_holder] -->    <\/div>\n<p><!-- [et_pb_line_break_holder] -->     <!-- Bramer <!-- [et_pb_line_break_holder] -->     <\/p>\n<div class=\"card-list item produkt-jobcoaching sprache-deutsch standort-online standort-muenchen standort-frankfurt standort-moenchengladbach standort-essen standort-berlin themenschwerpunkte-stellenrecherche themenschwerpunkte-berufsorientierung themenschwerpunkte-vorstellungsgespraeche themenschwerpunkte-persoenliche-positionierung branchenschwerpunkte-beratung branchenschwerpunkte-dienstleistungen branchenschwerpunkte-kultur branchenschwerpunkte-kommunikation branchenschwerpunkte-ngos \"><!-- [et_pb_line_break_holder] -->         <\/p>\n<div class=\"card-front\" ><!-- [et_pb_line_break_holder] -->             <\/p>\n<div class=\"cntnt\"><!-- [et_pb_line_break_holder] -->                 <img decoding=\"async\" src=\"\/wp-content\/uploads\/2023\/12\/Bramer_profile.webp\"><!-- [et_pb_line_break_holder] -->                 <\/p>\n<div class=\"coach-card\"><!-- [et_pb_line_break_holder] -->                     <\/p>\n<h2>Maria Bramer<\/h2>\n<p><!-- [et_pb_line_break_holder] -->                     <\/p>\n<div class=\"coach-desc\"><!-- [et_pb_line_break_holder] -->                         <\/p>\n<div class=\"standort\"><b>Biuro:<\/b> w ca\u0142ych Niemczech online<\/div>\n<p><!-- [et_pb_line_break_holder] -->                         <\/p>\n<hr>\n<p><!-- [et_pb_line_break_holder] -->                         <\/p>\n<div class=\"specialty\"><b>Produkt:<\/b> Coaching zawodowy<\/div>\n<p><!-- [et_pb_line_break_holder] -->                         <\/p>\n<hr>\n<p><!-- [et_pb_line_break_holder] -->                         <\/p>\n<div class=\"lang\"><b>J\u0119zyk(i) coachingu:<\/b> niemiecki<\/div>\n<p><!-- [et_pb_line_break_holder] -->                         <\/p>\n<hr>\n<p><!-- [et_pb_line_break_holder] -->                     <\/div>\n<p><!-- [et_pb_line_break_holder] -->                     <\/p>\n<div class=\"coach-btn\"><!-- [et_pb_line_break_holder] -->                         <\/p>\n<div class=\"link-btn\">Pozna\u0107<\/div>\n<p><!-- [et_pb_line_break_holder] -->                     <\/div>\n<p><!-- [et_pb_line_break_holder] -->                 <\/div>\n<p><!-- [et_pb_line_break_holder] -->             <\/div>\n<p><!-- [et_pb_line_break_holder] -->         <\/div>\n<p><!-- [et_pb_line_break_holder] -->         <\/p>\n<div class=\"card-back\" onclick=\"location.href='\/pl\/nasi-trenerzy\/maria-bramer\/'\" ><!-- [et_pb_line_break_holder] -->             <\/p>\n<div class=\"cntnt\" ><!-- [et_pb_line_break_holder] -->                 <\/p>\n<div><!-- [et_pb_line_break_holder] -->                 <\/div>\n<p><!-- [et_pb_line_break_holder] -->                 <\/p>\n<ol><!-- [et_pb_line_break_holder] -->                   <\/p>\n<li><span class=\"ques\">Jakie s\u0105 Twoje kwalifikacje jako trenera\/trenerki?<!-- [et_pb_line_break_holder] -->                <\/span><!\u2013- [et_pb_br_holder] -\u2013><pee>Tym, co kwalifikuje mnie jako coacha, s\u0105 z jednej strony moje szkolenia i certyfikaty jako systemowego coacha i mediatora, kt\u00f3re wyposa\u017cy\u0142y &#038;ZeroWidthSpace;&#038;ZeroWidthSpace;mnie w niezb\u0119dne metody i specjalistyczn\u0105 wiedz\u0119.<\/pee><!-- [et_pb_line_break_holder] -->                     <pee>Z drugiej strony, opr\u00f3cz mojego wykszta\u0142cenia akademickiego (licencjat z zakresu administracji biznesu mi\u0119dzynarodowego i magister z zakresu studi\u00f3w europejskich), posiadam szeroki zakres do\u015bwiadczenia zawodowego, kt\u00f3ry obejmuje r\u00f3\u017cne bran\u017ce i sektory, zar\u00f3wno w kraju, jak i za granic\u0105. R\u00f3\u017cnorodno\u015b\u0107 moich do\u015bwiadcze\u0144 zawodowych pozwala mi dobrze wczuwa\u0107 si\u0119 w r\u00f3\u017cne konteksty i elastycznie reagowa\u0107 na potrzeby moich klient\u00f3w.<\/pee><!-- [et_pb_line_break_holder] -->                    <pee>Og\u00f3lnie rzecz bior\u0105c, wyr\u00f3\u017cnia mnie nie tylko moje formalne szkolenie, ale przede wszystkim moja pasja do indywidualnego rozwoju ludzi i moje zaanga\u017cowanie w pomaganie im w osi\u0105ganiu cel\u00f3w. W mojej pracy szczeg\u00f3lnie wa\u017cne s\u0105 dla mnie takie warto\u015bci jak empatia, otwarto\u015b\u0107 i bezstronno\u015b\u0107, ale zabawa i kreatywno\u015b\u0107 podczas procesu coachingowego s\u0105 dla mnie r\u00f3wnie\u017c wa\u017cne. Moje podej\u015bcie coachingowe jest zorientowane na rozwi\u0105zania i lubi\u0119 stosowa\u0107 \u0107wiczenia uwa\u017cno\u015bci, aby towarzyszy\u0107 moim podopiecznym w ich procesie.<\/pee>  <\/li>\n<p><!-- [et_pb_line_break_holder] -->                   <\/p>\n<li><span class=\"ques\">Jaki jest najlepszy spos\u00f3b na wy\u0142\u0105czenie si\u0119?<\/span><!\u2013- [et_pb_br_holder] -\u2013><\/li>\n<p><!-- [et_pb_line_break_holder] -->                 <\/ol>\n<p><!-- [et_pb_line_break_holder] -->                <!-- \n\n<div>Mehr erfahren<\/div>\n\n<!-- [et_pb_line_break_holder] -->                 <\/p>\n<div class=\"primary-color\"><\/div>\n<p><!-- [et_pb_line_break_holder] -->                 <\/p>\n<div class=\"bottom-footer\"><!-- [et_pb_line_break_holder] -->                     <\/p>\n<div class=\"bottom-footer-container\"><!-- [et_pb_line_break_holder] -->                         <\/p>\n<div class=\"_col\"><!-- [et_pb_line_break_holder] -->                             <a href=\"https:\/\/avgs-gutschein.de\/pl\/nasi-trenerzy\/maria-bramer\/\"> <span class=\"button\">Przejd\u017a do profilu<\/span><\/a><!-- [et_pb_line_break_holder] -->                         <\/div>\n<p><!-- [et_pb_line_break_holder] -->                     <\/div>\n<p><!-- [et_pb_line_break_holder] -->                 <\/div>\n<p><!-- [et_pb_line_break_holder] -->             <\/div>\n<p><!-- [et_pb_line_break_holder] -->         <\/div>\n<p><!-- [et_pb_line_break_holder] -->     <\/div>\n<p>&#8211;><!-- [et_pb_line_break_holder] -->     <!-- Brandt--><!-- [et_pb_line_break_holder] -->     <\/p>\n<div class=\"card-list item produkt-gruendungsberatung sprache-deutsch  standort-stade standort-buchholz standort-rotenburg themenschwerpunkte-businessplanerstellung themenschwerpunkte-strategie themenschwerpunkte-finanzplanung themenschwerpunkte-digitales-marketing themenschwerpunkte-rechtsfragen branchenschwerpunkte-beratung branchenschwerpunkte-dienstleistungen branchenschwerpunkte-handel branchenschwerpunkte-handwerk \"><!-- [et_pb_line_break_holder] -->         <\/p>\n<div class=\"card-front\" ><!-- [et_pb_line_break_holder] -->             <\/p>\n<div class=\"cntnt\"><!-- [et_pb_line_break_holder] -->                 <img decoding=\"async\" src=\"\/wp-content\/uploads\/2023\/12\/Reiner-Brandt_01_profile_pic.webp\"><!-- [et_pb_line_break_holder] -->                 <\/p>\n<div class=\"coach-card\"><!-- [et_pb_line_break_holder] -->                     <\/p>\n<h2>Reiner Brandt<\/h2>\n<p><!-- [et_pb_line_break_holder] -->                     <\/p>\n<div class=\"coach-desc\"><!-- [et_pb_line_break_holder] -->                         <\/p>\n<div class=\"standort\"><b>Biuro:<\/b> Obecno\u015b\u0107 w: Stade i Buchholz, Rotenburg<\/div>\n<p><!-- [et_pb_line_break_holder] -->                         <\/p>\n<hr>\n<p><!-- [et_pb_line_break_holder] -->                         <\/p>\n<div class=\"specialty\"><b>Produkt:<\/b> Porady dla start-up\u00f3w<\/div>\n<p><!-- [et_pb_line_break_holder] -->                         <\/p>\n<hr>\n<p><!-- [et_pb_line_break_holder] -->                         <\/p>\n<div class=\"lang\"><b>J\u0119zyk(i) coachingu:<\/b> niemiecki<\/div>\n<p><!-- [et_pb_line_break_holder] -->                         <\/p>\n<hr>\n<p><!-- [et_pb_line_break_holder] -->                     <\/div>\n<p><!-- [et_pb_line_break_holder] -->                     <\/p>\n<div class=\"coach-btn\"><!-- [et_pb_line_break_holder] -->                         <\/p>\n<div class=\"link-btn\">Pozna\u0107<\/div>\n<p><!-- [et_pb_line_break_holder] -->                     <\/div>\n<p><!-- [et_pb_line_break_holder] -->                 <\/div>\n<p><!-- [et_pb_line_break_holder] -->             <\/div>\n<p><!-- [et_pb_line_break_holder] -->         <\/div>\n<p><!-- [et_pb_line_break_holder] -->         <\/p>\n<div class=\"card-back\" onclick=\"location.href='\/pl\/nasi-trenerzy\/reiner-brandt\/'\" ><!-- [et_pb_line_break_holder] -->             <\/p>\n<div class=\"cntnt\" ><!-- [et_pb_line_break_holder] -->                 <\/p>\n<div><!-- [et_pb_line_break_holder] -->                 <\/div>\n<p><!-- [et_pb_line_break_holder] -->                 <\/p>\n<ol><!-- [et_pb_line_break_holder] -->                   <\/p>\n<li><span class=\"ques\">Jakie s\u0105 Twoje kwalifikacje jako trenera\/trenerki?<\/span><!\u2013- [et_pb_br_holder] -\u2013><pee>Moje szkolenie jako urz\u0119dnik bankowy i m\u00f3j dyplom z administracji biznesowej ze szczeg\u00f3lnym uwzgl\u0119dnieniem marketingu i kontrolingu stanowi\u0105 solidny fundament. Moje do\u015bwiadczenie w r\u00f3\u017cnych firmach, tak\u017ce poza \u015bwiatem bankowo\u015bci, opiera si\u0119 na tym. Moje otwarte i uczciwe podej\u015bcie do ludzi dope\u0142nia te kwalifikacje.<!-- [et_pb_line_break_holder] -->                <\/pee> <\/li>\n<p><!-- [et_pb_line_break_holder] -->                   <\/p>\n<li><span class=\"ques\">Co daje Ci najwi\u0119ksz\u0105 satysfakcj\u0119 w Twojej pracy?<\/span><!\u2013- [et_pb_br_holder] -\u2013><\/li>\n<p><!-- [et_pb_line_break_holder] -->                 <\/ol>\n<p><!-- [et_pb_line_break_holder] -->                <!-- \n\n<div>Mehr erfahren<\/div>\n\n--><!-- [et_pb_line_break_holder] -->                 <\/p>\n<div class=\"primary-color\"><\/div>\n<p><!-- [et_pb_line_break_holder] -->                 <\/p>\n<div class=\"bottom-footer\"><!-- [et_pb_line_break_holder] -->                     <\/p>\n<div class=\"bottom-footer-container\"><!-- [et_pb_line_break_holder] -->                         <\/p>\n<div class=\"_col\"><!-- [et_pb_line_break_holder] -->                             <a href=\"https:\/\/avgs-gutschein.de\/pl\/nasi-trenerzy\/reiner-brandt\/\"> <span class=\"button\">Przejd\u017a do profilu<\/span><\/a><!-- [et_pb_line_break_holder] -->                         <\/div>\n<p><!-- [et_pb_line_break_holder] -->                     <\/div>\n<p><!-- [et_pb_line_break_holder] -->                 <\/div>\n<p><!-- [et_pb_line_break_holder] -->             <\/div>\n<p><!-- [et_pb_line_break_holder] -->         <\/div>\n<p><!-- [et_pb_line_break_holder] -->     <\/div>\n<p><!-- [et_pb_line_break_holder] --><!-- [et_pb_line_break_holder] -->      <!-- Brecht--><!-- [et_pb_line_break_holder] -->      <\/p>\n<div class=\"card-list item produkt-jobcoaching sprache-deutsch standort-online standort-lueneburg themenschwerpunkte-bewerbungstraining themenschwerpunkte-stellenrecherche themenschwerpunkte-berufsorientierung themenschwerpunkte-vorstellungsgespraeche themenschwerpunkte-persoenliche-positionierung branchenschwerpunkte-beratung branchenschwerpunkte-dienstleistungen branchenschwerpunkte-event branchenschwerpunkte-pflege branchenschwerpunkte-design branchenschwerpunkte-kultur branchenschwerpunkte-kommunikation branchenschwerpunkte-ngos branchenschwerpunkte-fitness \"><!-- [et_pb_line_break_holder] -->       <\/p>\n<div class=\"card-front\" ><!-- [et_pb_line_break_holder] -->           <\/p>\n<div class=\"cntnt\"><!-- [et_pb_line_break_holder] -->               <img decoding=\"async\" src=\"\/wp-content\/uploads\/2023\/12\/Alexandra_Brecht_profile_img.webp\"><!-- [et_pb_line_break_holder] -->               <\/p>\n<div class=\"coach-card\"><!-- [et_pb_line_break_holder] -->                   <\/p>\n<h2>Alexandra Brecht<\/h2>\n<p><!-- [et_pb_line_break_holder] -->                   <\/p>\n<div class=\"coach-desc\"><!-- [et_pb_line_break_holder] -->                       <\/p>\n<div class=\"standort\"><b>Biuro:<\/b> Obecno\u015b\u0107 w: L\u00fcneburg, online w ca\u0142ych Niemczech<!-- [et_pb_line_break_holder] -->                       <\/div>\n<p><!-- [et_pb_line_break_holder] -->                       <\/p>\n<hr>\n<p><!-- [et_pb_line_break_holder] -->                       <\/p>\n<div class=\"specialty\"><b>Produkt:<\/b> Coaching zawodowy<\/div>\n<p><!-- [et_pb_line_break_holder] -->                       <\/p>\n<hr>\n<p><!-- [et_pb_line_break_holder] -->                       <\/p>\n<div class=\"lang\"><b>J\u0119zyk(i) coachingu:<\/b> niemiecki<\/div>\n<p><!-- [et_pb_line_break_holder] -->                       <\/p>\n<hr>\n<p><!-- [et_pb_line_break_holder] -->                   <\/div>\n<p><!-- [et_pb_line_break_holder] -->                   <\/p>\n<div class=\"coach-btn\"><!-- [et_pb_line_break_holder] -->                       <\/p>\n<div class=\"link-btn\">Pozna\u0107<\/div>\n<p><!-- [et_pb_line_break_holder] -->                   <\/div>\n<p><!-- [et_pb_line_break_holder] -->               <\/div>\n<p><!-- [et_pb_line_break_holder] -->           <\/div>\n<p><!-- [et_pb_line_break_holder] -->       <\/div>\n<p><!-- [et_pb_line_break_holder] -->       <\/p>\n<div class=\"card-back\" onclick=\"location.href='\/pl\/nasi-trenerzy\/alexandra-brecht\/'\" ><!-- [et_pb_line_break_holder] -->           <\/p>\n<div class=\"cntnt\" ><!-- [et_pb_line_break_holder] -->               <\/p>\n<div><!-- [et_pb_line_break_holder] -->               <\/div>\n<p><!-- [et_pb_line_break_holder] -->               <\/p>\n<ol><!-- [et_pb_line_break_holder] -->                 <\/p>\n<li><span class=\"ques\">Jakie s\u0105 Twoje kwalifikacje jako trenera\/trenerki?<\/span><!\u2013- [et_pb_br_holder] -\u2013><pee>Chcia\u0142abym powiedzie\u0107: moje do\u015bwiadczenie zawodowe i \u017cyciowe, moje wielkie zainteresowanie lud\u017ami i moje bardzo dobre wyczucie ich potrzeb i potencja\u0142u. Oczywi\u015bcie mam r\u00f3wnie\u017c solidne szkolenie coachingowe i r\u00f3\u017cne dodatkowe kwalifikacje, kt\u00f3re r\u00f3wnie\u017c okazuj\u0105 si\u0119 przydatne w coachingu zawodowym. Obejmuje to wiedz\u0119 na temat projektowania \u017cycia zawodowego i prywatnego, szkolenia mentalne i dotycz\u0105ce poczucia w\u0142asnej warto\u015bci oraz umiej\u0119tno\u015bci psychoterapeutyczne. Pracuj\u0119 jako coach we w\u0142asnej praktyce od 2014 roku, mam do\u015bwiadczenie w Career Service na Uniwersytecie Leuphana w L\u00fcneburgu i du\u017co pracowa\u0142am z m\u0142odymi lud\u017ami. Niezale\u017cnie od wieku moich klient\u00f3w, potrafi\u0119 szybko wyobrazi\u0107 sobie szeroki wachlarz scenariuszy i rozpozna\u0107, co wyr\u00f3\u017cnia moich klient\u00f3w, co jest potrzebne, gdzie s\u0105 po\u017cary &#8211; a przez to mam na my\u015bli zar\u00f3wno konkretne wyzwania, jak i pasje zawodowe. Jako kulturoznawca i ekonomista jestem w\u0119drowcem mi\u0119dzy \u015bwiatami i w zale\u017cno\u015bci od potrzeb mog\u0119 by\u0107 kreatywnym \u017ar\u00f3d\u0142em pomys\u0142\u00f3w lub kobiet\u0105 z bardzo jasnym okiem do fakt\u00f3w i strategii. Skupiam si\u0119 zawsze na kliencie i jego wyj\u0105tkowo\u015bci.<!-- [et_pb_line_break_holder] -->                <\/pee> <\/li>\n<p><!-- [et_pb_line_break_holder] -->                 <\/p>\n<li><span class=\"ques\">Co m\u00f3wi\u0105 o Tobie Twoi klienci?<\/span><!\u2013- [et_pb_br_holder] -\u2013><\/li>\n<p><!-- [et_pb_line_break_holder] -->               <\/ol>\n<p><!-- [et_pb_line_break_holder] -->              <!-- \n\n<div>Mehr erfahren<\/div>\n\n--><!-- [et_pb_line_break_holder] -->               <\/p>\n<div class=\"primary-color\"><\/div>\n<p><!-- [et_pb_line_break_holder] -->               <\/p>\n<div class=\"bottom-footer\"><!-- [et_pb_line_break_holder] -->                   <\/p>\n<div class=\"bottom-footer-container\"><!-- [et_pb_line_break_holder] -->                       <\/p>\n<div class=\"_col\"><!-- [et_pb_line_break_holder] -->                           <a href=\"https:\/\/avgs-gutschein.de\/pl\/nasi-trenerzy\/alexandra-brecht\/\"> <span class=\"button\">Przejd\u017a do profilu<\/span><\/a><!-- [et_pb_line_break_holder] -->                       <\/div>\n<p><!-- [et_pb_line_break_holder] -->                   <\/div>\n<p><!-- [et_pb_line_break_holder] -->               <\/div>\n<p><!-- [et_pb_line_break_holder] -->           <\/div>\n<p><!-- [et_pb_line_break_holder] -->       <\/div>\n<p><!-- [et_pb_line_break_holder] -->   <\/div>\n<p><!-- [et_pb_line_break_holder] -->    <!-- Brodersen--><!-- [et_pb_line_break_holder] -->    <\/p>\n<div class=\"card-list item produkt-jobcoaching produkt-gruendungsberatung sprache-deutsch standort-online standort-lueneburg standort-badbevensen themenschwerpunkte-bewerbungstraining themenschwerpunkte-berufsorientierung themenschwerpunkte-vorstellungsgespraeche themenschwerpunkte-businessplanerstellung branchenschwerpunkte-beratung branchenschwerpunkte-dienstleistungen branchenschwerpunkte-event branchenschwerpunkte-handel branchenschwerpunkte-ngos branchenschwerpunkte-fitness \"><!-- [et_pb_line_break_holder] -->     <\/p>\n<div class=\"card-front\" ><!-- [et_pb_line_break_holder] -->         <\/p>\n<div class=\"cntnt\"><!-- [et_pb_line_break_holder] -->             <img decoding=\"async\" src=\"\/wp-content\/uploads\/2024\/04\/Joerg_Brodersen_profile_img-1.webp\"><!-- [et_pb_line_break_holder] -->             <\/p>\n<div class=\"coach-card\"><!-- [et_pb_line_break_holder] -->                 <\/p>\n<h2>J\u00f6rg Brodersen<\/h2>\n<p><!-- [et_pb_line_break_holder] -->                 <\/p>\n<div class=\"coach-desc\"><!-- [et_pb_line_break_holder] -->                     <\/p>\n<div class=\"standort\"><b>Biuro:<\/b> Obecno\u015b\u0107 w: Bad Bevensen, L\u00fcneburg, online w ca\u0142ych Niemczech<\/div>\n<p><!-- [et_pb_line_break_holder] -->                     <\/p>\n<hr>\n<p><!-- [et_pb_line_break_holder] -->                     <\/p>\n<div class=\"specialty\"><b>Produkt:<\/b> Coaching zawodowy, Porady dla os\u00f3b rozpoczynaj\u0105cych dzia\u0142alno\u015b\u0107 gospodarcz\u0105<\/div>\n<p><!-- [et_pb_line_break_holder] -->                     <\/p>\n<hr>\n<p><!-- [et_pb_line_break_holder] -->                     <\/p>\n<div class=\"lang\"><b>J\u0119zyk(i) coachingu:<\/b>   niemiecki<\/div>\n<p><!-- [et_pb_line_break_holder] -->                     <\/p>\n<hr>\n<p><!-- [et_pb_line_break_holder] -->                 <\/div>\n<p><!-- [et_pb_line_break_holder] -->                 <\/p>\n<div class=\"coach-btn\"><!-- [et_pb_line_break_holder] -->                     <\/p>\n<div class=\"link-btn\">Pozna\u0107<\/div>\n<p><!-- [et_pb_line_break_holder] -->                 <\/div>\n<p><!-- [et_pb_line_break_holder] -->             <\/div>\n<p><!-- [et_pb_line_break_holder] -->         <\/div>\n<p><!-- [et_pb_line_break_holder] -->     <\/div>\n<p><!-- [et_pb_line_break_holder] -->     <\/p>\n<div class=\"card-back\" onclick=\"location.href='\/pl\/nasi-trenerzy\/joerg-brodersen\/'\" ><!-- [et_pb_line_break_holder] -->         <\/p>\n<div class=\"cntnt\" ><!-- [et_pb_line_break_holder] -->             <\/p>\n<div><!-- [et_pb_line_break_holder] -->             <\/div>\n<p><!-- [et_pb_line_break_holder] -->             <\/p>\n<ol><!-- [et_pb_line_break_holder] -->               <\/p>\n<li><span class=\"ques\">Co Ci\u0119 motywuje i jakie jest Twoje ulubione zadanie jako trenera?<\/span><!\u2013- [et_pb_br_holder] -\u2013><pee>Z jednej strony uwielbiam odkrywa\u0107 cechy osobowo\u015bci, mocne strony i talenty moich uczestnik\u00f3w oraz dowiadywa\u0107 si\u0119, co nimi kieruje i co chc\u0105 robi\u0107 w \u017cyciu. Naprawd\u0119 lubi\u0119 \u201ekr\u0119ci\u0107\u201d wizje, rozwija\u0107 osi\u0105galne cele i szuka\u0107 sposob\u00f3w na ich osi\u0105gni\u0119cie.<\/pee><!-- [et_pb_line_break_holder] -->            <pee>Z drugiej strony uwielbiam temat rozwoju osobistego. Poniewa\u017c posiadanie celu to jedno. Bycie w stanie podj\u0105\u0107 niezb\u0119dne kroki to drugie! Z tego powodu moi uczestnicy ucz\u0105 si\u0119 aktywowa\u0107 umiej\u0119tno\u015bci, kt\u00f3rych potrzebuj\u0105, aby osi\u0105gn\u0105\u0107 swoje cele, r\u00f3wnolegle z coachingiem. Szczeg\u00f3lnie mi\u0142o jest m\u00f3c obserwowa\u0107 rozw\u00f3j nowej \u015bwiadomo\u015bci i obrazu siebie u moich uczestnik\u00f3w.<!-- [et_pb_line_break_holder] -->            <\/pee>  <\/li>\n<p><!-- [et_pb_line_break_holder] -->               <\/p>\n<li><span class=\"ques\">Co daje Ci najwi\u0119ksz\u0105 satysfakcj\u0119 w Twojej pracy?<\/span><!\u2013- [et_pb_br_holder] -\u2013><\/li>\n<p><!-- [et_pb_line_break_holder] -->             <\/ol>\n<p><!-- [et_pb_line_break_holder] -->            <!-- \n\n<div>Mehr erfahren<\/div>\n\n--><!-- [et_pb_line_break_holder] -->             <\/p>\n<div class=\"primary-color\"><\/div>\n<p><!-- [et_pb_line_break_holder] -->             <\/p>\n<div class=\"bottom-footer\"><!-- [et_pb_line_break_holder] -->                 <\/p>\n<div class=\"bottom-footer-container\"><!-- [et_pb_line_break_holder] -->                     <\/p>\n<div class=\"_col\"><!-- [et_pb_line_break_holder] -->                         <a href=\"https:\/\/avgs-gutschein.de\/pl\/nasi-trenerzy\/joerg-brodersen\/\"> <span class=\"button\">Przejd\u017a do profilu<\/span><\/a><!-- [et_pb_line_break_holder] -->                     <\/div>\n<p><!-- [et_pb_line_break_holder] -->                 <\/div>\n<p><!-- [et_pb_line_break_holder] -->             <\/div>\n<p><!-- [et_pb_line_break_holder] -->         <\/div>\n<p><!-- [et_pb_line_break_holder] -->     <\/div>\n<p><!-- [et_pb_line_break_holder] --> <\/div>\n<p><!-- [et_pb_line_break_holder] -->    <!-- Bronnert--><!-- [et_pb_line_break_holder] -->    <\/p>\n<div class=\"card-list item produkt-jobcoaching standort-online standort-hamburg themenschwerpunkte-bewerbungstraining themenschwerpunkte-stellenrecherche themenschwerpunkte-berufsorientierung themenschwerpunkte-vorstellungsgespraeche themenschwerpunkte-persoenliche-positionierung branchenschwerpunkte-beratung branchenschwerpunkte-energie branchenschwerpunkte-pflege branchenschwerpunkte-fitness \"><!-- [et_pb_line_break_holder] -->     <\/p>\n<div class=\"card-front\" ><!-- [et_pb_line_break_holder] -->         <\/p>\n<div class=\"cntnt\"><!-- [et_pb_line_break_holder] -->             <img decoding=\"async\" src=\"\/wp-content\/uploads\/2023\/12\/Dirk_Bronnert_profile_img_flip_card.webp\"><!-- [et_pb_line_break_holder] -->             <\/p>\n<div class=\"coach-card\"><!-- [et_pb_line_break_holder] -->                 <\/p>\n<h2>Dirk Bronnert<\/h2>\n<p><!-- [et_pb_line_break_holder] -->                 <\/p>\n<div class=\"coach-desc\"><!-- [et_pb_line_break_holder] -->                     <\/p>\n<div class=\"standort\"><b>Biuro:<\/b> Obecno\u015b\u0107 w: Hamburgu, online w ca\u0142ych Niemczech<!-- [et_pb_line_break_holder] -->                     <\/div>\n<p><!-- [et_pb_line_break_holder] -->                     <\/p>\n<hr>\n<p><!-- [et_pb_line_break_holder] -->                     <\/p>\n<div class=\"specialty\"><b>Produkt:<\/b> Coaching zawodowy<\/div>\n<p><!-- [et_pb_line_break_holder] -->                     <\/p>\n<hr>\n<p><!-- [et_pb_line_break_holder] -->                     <\/p>\n<div class=\"lang\"><b>J\u0119zyk(i) coachingu:<\/b><\/div>\n<p><!-- [et_pb_line_break_holder] -->                     <\/p>\n<hr>\n<p><!-- [et_pb_line_break_holder] -->                 <\/div>\n<p><!-- [et_pb_line_break_holder] -->                 <\/p>\n<div class=\"coach-btn\"><!-- [et_pb_line_break_holder] -->                     <\/p>\n<div class=\"link-btn\">Pozna\u0107<\/div>\n<p><!-- [et_pb_line_break_holder] -->                 <\/div>\n<p><!-- [et_pb_line_break_holder] -->             <\/div>\n<p><!-- [et_pb_line_break_holder] -->         <\/div>\n<p><!-- [et_pb_line_break_holder] -->     <\/div>\n<p><!-- [et_pb_line_break_holder] -->     <\/p>\n<div class=\"card-back\" onclick=\"location.href='\/pl\/nasi-trenerzy\/dirk-bronnert\/'\" ><!-- [et_pb_line_break_holder] -->         <\/p>\n<div class=\"cntnt\" ><!-- [et_pb_line_break_holder] -->             <\/p>\n<div><!-- [et_pb_line_break_holder] -->             <\/div>\n<p><!-- [et_pb_line_break_holder] -->             <\/p>\n<ol><!-- [et_pb_line_break_holder] -->               <\/p>\n<li><span class=\"ques\">Jakie s\u0105 Twoje kwalifikacje jako trenera\/trenerki?<\/span><!\u2013- [et_pb_br_holder] -\u2013><pee>Dzi\u0119ki zr\u00f3wnowa\u017conemu po\u0142\u0105czeniu wieloletniego do\u015bwiadczenia w zarz\u0105dzaniu zasobami ludzkimi, szkolenia w zakresie psychoterapeuty oraz dog\u0142\u0119bnego szkolenia NLP, potrafi\u0119 identyfikowa\u0107 indywidualne potrzeby zar\u00f3wno na poziomie psychologicznym, jak i praktycznym.<\/pee> <\/li>\n<p><!-- [et_pb_line_break_holder] -->               <\/p>\n<li><span class=\"ques\">Co daje Ci najwi\u0119ksz\u0105 satysfakcj\u0119 w Twojej pracy?<!-- [et_pb_line_break_holder] -->            <\/span><!\u2013- [et_pb_br_holder] -\u2013><\/li>\n<p><!-- [et_pb_line_break_holder] -->             <\/ol>\n<p><!-- [et_pb_line_break_holder] -->            <!-- \n\n<div>Mehr erfahren<\/div>\n\n--><!-- [et_pb_line_break_holder] -->             <\/p>\n<div class=\"primary-color\"><\/div>\n<p><!-- [et_pb_line_break_holder] -->             <\/p>\n<div class=\"bottom-footer\"><!-- [et_pb_line_break_holder] -->                 <\/p>\n<div class=\"bottom-footer-container\"><!-- [et_pb_line_break_holder] -->                     <\/p>\n<div class=\"_col\"><!-- [et_pb_line_break_holder] -->                         <a href=\"https:\/\/avgs-gutschein.de\/pl\/nasi-trenerzy\/dirk-bronnert\/\"> <span class=\"button\">Przejd\u017a do profilu<\/span><\/a><!-- [et_pb_line_break_holder] -->                     <\/div>\n<p><!-- [et_pb_line_break_holder] -->                 <\/div>\n<p><!-- [et_pb_line_break_holder] -->             <\/div>\n<p><!-- [et_pb_line_break_holder] -->         <\/div>\n<p><!-- [et_pb_line_break_holder] -->     <\/div>\n<p><!-- [et_pb_line_break_holder] --> <\/div>\n<p><!-- [et_pb_line_break_holder] -->    <!-- Busch--><!-- [et_pb_line_break_holder] -->    <\/p>\n<div class=\"card-list item produkt-jobcoaching produkt-gruendungsberatung sprache-deutsch standort-online standort-bremen themenschwerpunkte-bewerbungstraining themenschwerpunkte-stellenrecherche themenschwerpunkte-berufsorientierung themenschwerpunkte-vorstellungsgespraeche themenschwerpunkte-persoenliche-positionierung branchenschwerpunkte-beratung branchenschwerpunkte-dienstleistungen \"><!-- [et_pb_line_break_holder] -->     <\/p>\n<div class=\"card-front\" ><!-- [et_pb_line_break_holder] -->         <\/p>\n<div class=\"cntnt\"><!-- [et_pb_line_break_holder] -->             <img decoding=\"async\" src=\"\/wp-content\/uploads\/2023\/12\/Bettina-Busch_profile_pic.webp\"><!-- [et_pb_line_break_holder] -->             <\/p>\n<div class=\"coach-card\"><!-- [et_pb_line_break_holder] -->                 <\/p>\n<h2>Bettina Busch<\/h2>\n<p><!-- [et_pb_line_break_holder] -->                 <\/p>\n<div class=\"coach-desc\"><!-- [et_pb_line_break_holder] -->                     <\/p>\n<div class=\"standort\"><b>Biuro:<\/b> Obecno\u015b\u0107 w: Brema, online w ca\u0142ych Niemczech<!-- [et_pb_line_break_holder] -->                     <\/div>\n<p><!-- [et_pb_line_break_holder] -->                     <\/p>\n<hr>\n<p><!-- [et_pb_line_break_holder] -->                     <\/p>\n<div class=\"specialty\"><b>Produkt:<\/b> Coaching zawodowy<\/div>\n<p><!-- [et_pb_line_break_holder] -->                     <\/p>\n<hr>\n<p><!-- [et_pb_line_break_holder] -->                     <\/p>\n<div class=\"lang\"><b>J\u0119zyk(i) coachingu:<\/b> Niemiecki<\/div>\n<p><!-- [et_pb_line_break_holder] -->                     <\/p>\n<hr>\n<p><!-- [et_pb_line_break_holder] -->                 <\/div>\n<p><!-- [et_pb_line_break_holder] -->                 <\/p>\n<div class=\"coach-btn\"><!-- [et_pb_line_break_holder] -->                     <\/p>\n<div class=\"link-btn\">Pozna\u0107<\/div>\n<p><!-- [et_pb_line_break_holder] -->                 <\/div>\n<p><!-- [et_pb_line_break_holder] -->             <\/div>\n<p><!-- [et_pb_line_break_holder] -->         <\/div>\n<p><!-- [et_pb_line_break_holder] -->     <\/div>\n<p><!-- [et_pb_line_break_holder] -->     <\/p>\n<div class=\"card-back\" onclick=\"location.href='\/pl\/nasi-trenerzy\/bettina-busch\/'\" ><!-- [et_pb_line_break_holder] -->         <\/p>\n<div class=\"cntnt\" ><!-- [et_pb_line_break_holder] -->             <\/p>\n<div><!-- [et_pb_line_break_holder] -->             <\/div>\n<p><!-- [et_pb_line_break_holder] -->             <\/p>\n<ol><!-- [et_pb_line_break_holder] -->               <\/p>\n<li><span class=\"ques\">Co daje Ci najwi\u0119ksz\u0105 satysfakcj\u0119 w Twojej pracy?<!-- [et_pb_line_break_holder] -->            <\/span><!\u2013- [et_pb_br_holder] -\u2013><pee>Jestem podekscytowana, gdy klientka odkrywa w sobie \u015blep\u0105 plamk\u0119, formu\u0142uje now\u0105 refleksj\u0119 lub pr\u00f3buje nowego zachowania. Albo rozwija jasno\u015b\u0107 co do tego, jaki b\u0119dzie jej nast\u0119pny krok zawodowy. Kr\u00f3tko m\u00f3wi\u0105c: zawsze, gdy nast\u0119puje rozw\u00f3j.<!-- [et_pb_line_break_holder] -->            <\/pee>  <\/li>\n<p><!-- [et_pb_line_break_holder] -->               <\/p>\n<li><span class=\"ques\">Co m\u00f3wi\u0105 o Tobie Twoi klienci?<\/span><!\u2013- [et_pb_br_holder] -\u2013><\/li>\n<p><!-- [et_pb_line_break_holder] -->             <\/ol>\n<p><!-- [et_pb_line_break_holder] -->            <!-- \n\n<div>Mehr erfahren<\/div>\n\n--><!-- [et_pb_line_break_holder] -->             <\/p>\n<div class=\"primary-color\"><\/div>\n<p><!-- [et_pb_line_break_holder] -->             <\/p>\n<div class=\"bottom-footer\"><!-- [et_pb_line_break_holder] -->                 <\/p>\n<div class=\"bottom-footer-container\"><!-- [et_pb_line_break_holder] -->                     <\/p>\n<div class=\"_col\"><!-- [et_pb_line_break_holder] -->                         <a href=\"https:\/\/avgs-gutschein.de\/pl\/nasi-trenerzy\/bettina-busch\/\"> <span class=\"button\">Przejd\u017a do profilu<\/span><\/a><!-- [et_pb_line_break_holder] -->                     <\/div>\n<p><!-- [et_pb_line_break_holder] -->                 <\/div>\n<p><!-- [et_pb_line_break_holder] -->             <\/div>\n<p><!-- [et_pb_line_break_holder] -->         <\/div>\n<p><!-- [et_pb_line_break_holder] -->     <\/div>\n<p><!-- [et_pb_line_break_holder] --> <\/div>\n<p><!-- [et_pb_line_break_holder] -->  <!-- Sandra Conrad--><!-- [et_pb_line_break_holder] -->  <\/p>\n<div class=\"card-list item produkt-jobcoaching produkt-gruendungsberatung sprache-deutsch standort-soltau standort-online themenschwerpunkte-bewerbungstraining themenschwerpunkte-stellenrecherche themenschwerpunkte-vorstellungsgespraeche themenschwerpunkte-businessplanerstellung branchenschwerpunkte-beratung branchenschwerpunkte-dienstleistungen branchenschwerpunkte-gastronomie branchenschwerpunkte-pflege \"><!-- [et_pb_line_break_holder] -->   <\/p>\n<div class=\"card-front\" ><!-- [et_pb_line_break_holder] -->       <\/p>\n<div class=\"cntnt\"><!-- [et_pb_line_break_holder] -->           <img decoding=\"async\" src=\"\/wp-content\/uploads\/2025\/10\/Sandra_Conrad_profile_image_updated.webp\"><!-- [et_pb_line_break_holder] -->           <\/p>\n<div class=\"coach-card\"><!-- [et_pb_line_break_holder] -->               <\/p>\n<h2>Sandra Conrad<\/h2>\n<p><!-- [et_pb_line_break_holder] -->               <\/p>\n<div class=\"coach-desc\"><!-- [et_pb_line_break_holder] -->                   <\/p>\n<div class=\"standort\"><b>Biuro:<\/b> Obecno\u015b\u0107 w: Soltau, online w ca\u0142ych Niemczech<\/div>\n<p><!-- [et_pb_line_break_holder] -->                   <\/p>\n<hr>\n<p><!-- [et_pb_line_break_holder] -->                   <\/p>\n<div class=\"specialty\"><b>Produkt:<\/b>   Coaching zawodowy, Porady dla os\u00f3b rozpoczynaj\u0105cych dzia\u0142alno\u015b\u0107 gospodarcz\u0105<\/div>\n<p><!-- [et_pb_line_break_holder] -->                   <\/p>\n<hr>\n<p><!-- [et_pb_line_break_holder] -->                   <\/p>\n<div class=\"lang\"><b>J\u0119zyk(i) coachingu:<\/b> niemiecki<\/div>\n<p><!-- [et_pb_line_break_holder] -->                   <\/p>\n<hr>\n<p><!-- [et_pb_line_break_holder] -->               <\/div>\n<p><!-- [et_pb_line_break_holder] -->               <\/p>\n<div class=\"coach-btn\"><!-- [et_pb_line_break_holder] -->                   <\/p>\n<div class=\"link-btn\">Pozna\u0107<\/div>\n<p><!-- [et_pb_line_break_holder] -->               <\/div>\n<p><!-- [et_pb_line_break_holder] -->           <\/div>\n<p><!-- [et_pb_line_break_holder] -->       <\/div>\n<p><!-- [et_pb_line_break_holder] -->   <\/div>\n<p><!-- [et_pb_line_break_holder] -->   <\/p>\n<div class=\"card-back\" onclick=\"location.href='\/pl\/nasi-trenerzy\/sandra-conrad\/'\" ><!-- [et_pb_line_break_holder] -->       <\/p>\n<div class=\"cntnt\" ><!-- [et_pb_line_break_holder] -->           <\/p>\n<div><!-- [et_pb_line_break_holder] -->           <\/div>\n<p><!-- [et_pb_line_break_holder] -->           <\/p>\n<ol><!-- [et_pb_line_break_holder] -->             <\/p>\n<li><span class=\"ques\">Jakie s\u0105 Twoje kwalifikacje jako trenera\/trenerki?<\/span><!\u2013- [et_pb_br_holder] -\u2013><pee>Posiadam solidne wykszta\u0142cenie trenerskie, do\u015bwiadczenie zawodowe zdobyte na w\u0142asnym rachunku w bran\u017cy gastronomicznej, do\u015bwiadczenie w zasobach ludzkich i, co nie mniej wa\u017cne, do\u015bwiadczenie \u017cyciowe.<\/pee> <\/li>\n<p><!-- [et_pb_line_break_holder] -->             <\/p>\n<li><span class=\"ques\">Co m\u00f3wi\u0105 o Tobie Twoi klienci?<\/span><!\u2013- [et_pb_br_holder] -\u2013><\/li>\n<p><!-- [et_pb_line_break_holder] -->           <\/ol>\n<p><!-- [et_pb_line_break_holder] -->          <!-- \n\n<div>Mehr erfahren<\/div>\n\n--><!-- [et_pb_line_break_holder] -->           <\/p>\n<div class=\"primary-color\"><\/div>\n<p><!-- [et_pb_line_break_holder] -->           <\/p>\n<div class=\"bottom-footer\"><!-- [et_pb_line_break_holder] -->               <\/p>\n<div class=\"bottom-footer-container\"><!-- [et_pb_line_break_holder] -->                   <\/p>\n<div class=\"_col\"><!-- [et_pb_line_break_holder] -->                       <a href=\"https:\/\/avgs-gutschein.de\/pl\/nasi-trenerzy\/sandra-conrad\/\"> <span class=\"button\">Przejd\u017a do profilu<\/span><\/a><!-- [et_pb_line_break_holder] -->                   <\/div>\n<p><!-- [et_pb_line_break_holder] -->               <\/div>\n<p><!-- [et_pb_line_break_holder] -->           <\/div>\n<p><!-- [et_pb_line_break_holder] -->       <\/div>\n<p><!-- [et_pb_line_break_holder] -->   <\/div>\n<p><!-- [et_pb_line_break_holder] --> <\/div>\n<p><!-- [et_pb_line_break_holder] --> <!-- Kathrin Contzen<!-- [et_pb_line_break_holder] --> <\/p>\n<div class=\"card-list item produkt-jobcoaching produkt-gruendungsberatung sprache-deutsch standort-online standort-hamburg \"><!-- [et_pb_line_break_holder] --> <\/p>\n<div class=\"card-front\" ><!-- [et_pb_line_break_holder] -->    <\/p>\n<div class=\"cntnt\"><!-- [et_pb_line_break_holder] -->        <img decoding=\"async\" src=\"\/wp-content\/uploads\/2024\/01\/Kathrin_Contzen_prof_pic.webp\"><!-- [et_pb_line_break_holder] -->        <\/p>\n<div class=\"coach-card\"><!-- [et_pb_line_break_holder] -->            <\/p>\n<h2>Kathrin Contzen<\/h2>\n<p><!-- [et_pb_line_break_holder] -->            <\/p>\n<div class=\"coach-desc\"><!-- [et_pb_line_break_holder] -->                <\/p>\n<div class=\"standort\"><b>Biuro:<\/b> Obecno\u015b\u0107 w Hamburgu, online w ca\u0142ych Niemczech<\/div>\n<p><!-- [et_pb_line_break_holder] -->                <\/p>\n<hr>\n<p><!-- [et_pb_line_break_holder] -->                <\/p>\n<div class=\"specialty\"><b>Produkt:<\/b>   Coaching zawodowy, Porady dla os\u00f3b rozpoczynaj\u0105cych dzia\u0142alno\u015b\u0107 gospodarcz\u0105<\/div>\n<p><!-- [et_pb_line_break_holder] -->                <\/p>\n<hr>\n<p><!-- [et_pb_line_break_holder] -->                <\/p>\n<div class=\"lang\"><b>J\u0119zyk(i) coachingu:<\/b> niemiecki<\/div>\n<p><!-- [et_pb_line_break_holder] -->                <\/p>\n<hr>\n<p><!-- [et_pb_line_break_holder] -->            <\/div>\n<p><!-- [et_pb_line_break_holder] -->            <\/p>\n<div class=\"coach-btn\"><!-- [et_pb_line_break_holder] -->                <\/p>\n<div class=\"link-btn\">Pozna\u0107<\/div>\n<p><!-- [et_pb_line_break_holder] -->            <\/div>\n<p><!-- [et_pb_line_break_holder] -->        <\/div>\n<p><!-- [et_pb_line_break_holder] -->    <\/div>\n<p><!-- [et_pb_line_break_holder] --> <\/div>\n<p><!-- [et_pb_line_break_holder] --> <\/p>\n<div class=\"card-back\" onclick=\"location.href='\/pl\/nasi-trenerzy\/kathrin-contzen\/'\" ><!-- [et_pb_line_break_holder] -->    <\/p>\n<div class=\"cntnt\" ><!-- [et_pb_line_break_holder] -->        <\/p>\n<div><!-- [et_pb_line_break_holder] -->        <\/div>\n<p><!-- [et_pb_line_break_holder] -->        <\/p>\n<ol><!-- [et_pb_line_break_holder] -->          <\/p>\n<li><span class=\"ques\">Jakie s\u0105 Twoje kwalifikacje jako trenera\/trenerki?<\/span><!\u2013- [et_pb_br_holder] -\u2013><pee>Moje empatyczne spojrzenie na potencja\u0142 i zasoby moich klient\u00f3w, zar\u00f3wno poprzez moje studia biznesowe i ponad 10 lat do\u015bwiadczenia zawodowego w sektorze prywatnym, jak i poprzez moje wieloletnie intensywne do\u015bwiadczenie jako systemowy coach, superwizor i mediator. Dzi\u0119ki niezawodnej intuicji i wymaganej profesjonalnej jasno\u015bci towarzysz\u0119 moim klientom empatycznie w ich procesie zmiany.<\/pee> <pee>Moja osobista \u015bcie\u017cka kariery nie zawsze by\u0142a prosta. Cz\u0119sto zadawa\u0142em sobie pytanie, czy mog\u0142em unikn\u0105\u0107 niekt\u00f3rych objazd\u00f3w na drodze!<\/pee><!-- [et_pb_line_break_holder] -->           <pee>Dzisiaj ciesz\u0119 si\u0119 ze swoich \u201ewzlot\u00f3w i upadk\u00f3w\u201d, ze swoich \u201eb\u0142\u0119dnych\u201d decyzji, moich objazd\u00f3w \u2013 ze wszystkiego, czego uda\u0142o mi si\u0119 nauczy\u0107 i do\u015bwiadczy\u0107. Nawet je\u015bli nie zawsze by\u0142o to oczywiste, a nawet bolesne, potrzebowa\u0142am ka\u017cdego kroku na mojej drodze, aby m\u00f3c stan\u0105\u0107 dok\u0142adnie tutaj dzisiaj! Te intensywne do\u015bwiadczenia towarzysz\u0105 mi bardzo pomocnie w mojej odpowiedzialnej pracy osobistej.<\/pee><!-- [et_pb_line_break_holder] -->           <pee>Uwielbiam swoj\u0105 prac\u0119 i bliska jest mi kwestia uwa\u017cnego towarzyszenia ludziom, wzmacniania ich umiej\u0119tno\u015bci bycia sob\u0105 i zach\u0119cania ich do DZIA\u0141ANIA.<\/pee><!-- [et_pb_line_break_holder] -->            <\/li>\n<p><!-- [et_pb_line_break_holder] -->          <\/p>\n<li><span class=\"ques\">Co m\u00f3wi\u0105 o Tobie Twoi klienci?<\/span><!\u2013- [et_pb_br_holder] -\u2013><\/li>\n<p><!-- [et_pb_line_break_holder] -->        <\/ol>\n<p><!-- [et_pb_line_break_holder] -->       <!-- \n\n<div>Mehr erfahren<\/div>\n\n<!-- [et_pb_line_break_holder] -->        <\/p>\n<div class=\"primary-color\"><\/div>\n<p><!-- [et_pb_line_break_holder] -->        <\/p>\n<div class=\"bottom-footer\"><!-- [et_pb_line_break_holder] -->            <\/p>\n<div class=\"bottom-footer-container\"><!-- [et_pb_line_break_holder] -->                <\/p>\n<div class=\"_col\"><!-- [et_pb_line_break_holder] -->                    <a href=\"https:\/\/avgs-gutschein.de\/pl\/nasi-trenerzy\/kathrin-contzen\/\"> <span class=\"button\">Przejd\u017a do profilu<\/span><\/a><!-- [et_pb_line_break_holder] -->                <\/div>\n<p><!-- [et_pb_line_break_holder] -->            <\/div>\n<p><!-- [et_pb_line_break_holder] -->        <\/div>\n<p><!-- [et_pb_line_break_holder] -->    <\/div>\n<p><!-- [et_pb_line_break_holder] --> <\/div>\n<p><!-- [et_pb_line_break_holder] --> <\/div>\n<p>&#8211;><!-- [et_pb_line_break_holder] --> <!-- Czekalska--><!-- [et_pb_line_break_holder] --> <\/p>\n<div class=\"card-list item produkt-jobcoaching sprache-englisch sprache-polnisch standort-online themenschwerpunkte-bewerbungstraining themenschwerpunkte-stellenrecherche themenschwerpunkte-berufsorientierung themenschwerpunkte-vorstellungsgespraeche themenschwerpunkte-businessplanerstellung themenschwerpunkte-strategie branchenschwerpunkte-beratung branchenschwerpunkte-dienstleistungen branchenschwerpunkte-handel branchenschwerpunkte-ngos \"><!-- [et_pb_line_break_holder] --> <\/p>\n<div class=\"card-front\" ><!-- [et_pb_line_break_holder] -->    <\/p>\n<div class=\"cntnt\"><!-- [et_pb_line_break_holder] -->        <img decoding=\"async\" src=\"\/wp-content\/uploads\/2023\/12\/Czekalska_photo.webp\"><!-- [et_pb_line_break_holder] -->        <\/p>\n<div class=\"coach-card\"><!-- [et_pb_line_break_holder] -->            <\/p>\n<h2>Aleksandra Czekalska<\/h2>\n<p><!-- [et_pb_line_break_holder] -->            <\/p>\n<div class=\"coach-desc\"><!-- [et_pb_line_break_holder] -->                <\/p>\n<div class=\"standort\"><b>Biuro:<\/b> online na terenie ca\u0142ych Niemiec<\/div>\n<p><!-- [et_pb_line_break_holder] -->                <\/p>\n<hr>\n<p><!-- [et_pb_line_break_holder] -->                <\/p>\n<div class=\"specialty\"><b>Produkt:<\/b>   Coaching zawodowy<\/div>\n<p><!-- [et_pb_line_break_holder] -->                <\/p>\n<hr>\n<p><!-- [et_pb_line_break_holder] -->                <\/p>\n<div class=\"lang\"><b>J\u0119zyk(i) coachingu:<\/b> angielski i polski<\/div>\n<p><!-- [et_pb_line_break_holder] -->                <\/p>\n<hr>\n<p><!-- [et_pb_line_break_holder] -->            <\/div>\n<p><!-- [et_pb_line_break_holder] -->            <\/p>\n<div class=\"coach-btn\"><!-- [et_pb_line_break_holder] -->                <\/p>\n<div class=\"link-btn\">Pozna\u0107<\/div>\n<p><!-- [et_pb_line_break_holder] -->            <\/div>\n<p><!-- [et_pb_line_break_holder] -->        <\/div>\n<p><!-- [et_pb_line_break_holder] -->    <\/div>\n<p><!-- [et_pb_line_break_holder] --> <\/div>\n<p><!-- [et_pb_line_break_holder] --> <\/p>\n<div class=\"card-back\" onclick=\"location.href='\/pl\/nasi-trenerzy\/aleksandra-czekalska\/'\" ><!-- [et_pb_line_break_holder] -->    <\/p>\n<div class=\"cntnt\" ><!-- [et_pb_line_break_holder] -->        <\/p>\n<div><!-- [et_pb_line_break_holder] -->        <\/div>\n<p><!-- [et_pb_line_break_holder] -->        <\/p>\n<ol><!-- [et_pb_line_break_holder] -->          <\/p>\n<li><span class=\"ques\">Co m\u00f3wi\u0105 o Tobie Twoi klienci?<\/span><!\u2013- [et_pb_br_holder] -\u2013><pee>,,Aleksandra jest powa\u017cna i odpowiedzialna w swojej pracy. Pomog\u0142a mi w procesie ubiegania si\u0119 o prac\u0119, od przygotowania dokument\u00f3w aplikacyjnych po rozmowy kwalifikacyjne. B\u0119d\u0105c sama ekspatriantk\u0105 w Niemczech, potrafi bardzo dobrze zrozumie\u0107 i pom\u00f3c innym ekspatriantom w trudno\u015bciach zwi\u0105zanych z nowymi pocz\u0105tkami na zagranicznym rynku pracy. Zdecydowanie polecam j\u0105 jako doskona\u0142\u0105 doradczyni\u0119 zawodow\u0105\u201d Egra<\/pee><!-- [et_pb_line_break_holder] --><!-- [et_pb_line_break_holder] -->          <pee>,,Nie potrafi\u0119 wyrazi\u0107 wystarczaj\u0105co wdzi\u0119czno\u015bci Aleksandrze za jej eksperckie doradztwo zawodowe. Kiedy si\u0119 do niej zwr\u00f3ci\u0142am, czu\u0142am si\u0119 zagubiona i niepewna swojej \u015bcie\u017cki kariery. Jednak jej wskaz\u00f3wki i spostrze\u017cenia pomog\u0142y mi dostrzec, \u017ce mam do dyspozycji wiele innych opcji, kt\u00f3rych nigdy wcze\u015bniej nie bra\u0142am pod uwag\u0119. Dzi\u0119ki niej czuj\u0119 si\u0119 pewnie i podekscytowana perspektywami mojej przysz\u0142ej kariery. Je\u015bli czujesz si\u0119 zablokowana lub niepewna swojej \u015bcie\u017cki kariery, gor\u0105co polecam skontaktowanie si\u0119 z Aleksandr\u0105 w celu uzyskania wskaz\u00f3wek.\u201d Punith 2.<\/pee><!-- [et_pb_line_break_holder] -->            <\/li>\n<p><!-- [et_pb_line_break_holder] -->          <\/p>\n<li><span class=\"ques\">Co Ci\u0119 motywuje i jakie jest Twoje ulubione zadanie jako trenera\/trenera?<\/span><!\u2013- [et_pb_br_holder] -\u2013><\/li>\n<p><!-- [et_pb_line_break_holder] -->        <\/ol>\n<p><!-- [et_pb_line_break_holder] -->       <!-- \n\n<div>Mehr erfahren<\/div>\n\n--><!-- [et_pb_line_break_holder] -->        <\/p>\n<div class=\"primary-color\"><\/div>\n<p><!-- [et_pb_line_break_holder] -->        <\/p>\n<div class=\"bottom-footer\"><!-- [et_pb_line_break_holder] -->            <\/p>\n<div class=\"bottom-footer-container\"><!-- [et_pb_line_break_holder] -->                <\/p>\n<div class=\"_col\"><!-- [et_pb_line_break_holder] -->                    <a href=\"https:\/\/avgs-gutschein.de\/pl\/nasi-trenerzy\/aleksandra-czekalska\/\"> <span class=\"button\">Przejd\u017a do profilu<\/span><\/a><!-- [et_pb_line_break_holder] -->                <\/div>\n<p><!-- [et_pb_line_break_holder] -->            <\/div>\n<p><!-- [et_pb_line_break_holder] -->        <\/div>\n<p><!-- [et_pb_line_break_holder] -->    <\/div>\n<p><!-- [et_pb_line_break_holder] --> <\/div>\n<p><!-- [et_pb_line_break_holder] --> <\/div>\n<p><!-- [et_pb_line_break_holder] --> <!-- Daniels--><!-- [et_pb_line_break_holder] --> <\/p>\n<div class=\"card-list item produkt-jobcoaching sprache-deutsch standort-lueneburg standort-online themenschwerpunkte-bewerbungstraining themenschwerpunkte-stellenrecherche themenschwerpunkte-berufsorientierung themenschwerpunkte-vorstellungsgespraeche themenschwerpunkte-persoenliche-positionierung themenschwerpunkte-businessplanerstellung themenschwerpunkte-strategie themenschwerpunkte-finanzplanung branchenschwerpunkte-beratung branchenschwerpunkte-dienstleistungen branchenschwerpunkte-pflege branchenschwerpunkte-handel branchenschwerpunkte-design branchenschwerpunkte-kultur branchenschwerpunkte-fitness \"><!-- [et_pb_line_break_holder] --> <\/p>\n<div class=\"card-front\" ><!-- [et_pb_line_break_holder] -->    <\/p>\n<div class=\"cntnt\"><!-- [et_pb_line_break_holder] -->        <img decoding=\"async\" src=\"\/wp-content\/uploads\/2024\/01\/Bettina-Daniels_prof_pic.webp\"><!-- [et_pb_line_break_holder] -->        <\/p>\n<div class=\"coach-card\"><!-- [et_pb_line_break_holder] -->            <\/p>\n<h2>Bettina Daniels<\/h2>\n<p><!-- [et_pb_line_break_holder] -->            <\/p>\n<div class=\"coach-desc\"><!-- [et_pb_line_break_holder] -->                <\/p>\n<div class=\"standort\"><b>Biuro:<\/b> Obecno\u015b\u0107 w: L\u00fcneburg, online w ca\u0142ych Niemczech<\/div>\n<p><!-- [et_pb_line_break_holder] -->                <\/p>\n<hr>\n<p><!-- [et_pb_line_break_holder] -->                <\/p>\n<div class=\"specialty\"><b>Produkt:<\/b>   Coaching zawodowy<\/div>\n<p><!-- [et_pb_line_break_holder] -->                <\/p>\n<hr>\n<p><!-- [et_pb_line_break_holder] -->                <\/p>\n<div class=\"lang\"><b>J\u0119zyk(i) coachingu:<\/b> niemiecki<\/div>\n<p><!-- [et_pb_line_break_holder] -->                <\/p>\n<hr>\n<p><!-- [et_pb_line_break_holder] -->            <\/div>\n<p><!-- [et_pb_line_break_holder] -->            <\/p>\n<div class=\"coach-btn\"><!-- [et_pb_line_break_holder] -->                <\/p>\n<div class=\"link-btn\">Pozna\u0107<\/div>\n<p><!-- [et_pb_line_break_holder] -->            <\/div>\n<p><!-- [et_pb_line_break_holder] -->        <\/div>\n<p><!-- [et_pb_line_break_holder] -->    <\/div>\n<p><!-- [et_pb_line_break_holder] --> <\/div>\n<p><!-- [et_pb_line_break_holder] --> <\/p>\n<div class=\"card-back\" onclick=\"location.href='\/pl\/nasi-trenerzy\/bettina-daniels\/'\" ><!-- [et_pb_line_break_holder] -->    <\/p>\n<div class=\"cntnt\" ><!-- [et_pb_line_break_holder] -->        <\/p>\n<div><!-- [et_pb_line_break_holder] -->        <\/div>\n<p><!-- [et_pb_line_break_holder] -->        <\/p>\n<ol><!-- [et_pb_line_break_holder] -->          <\/p>\n<li><span class=\"ques\">Jakie s\u0105 Twoje kwalifikacje jako trenera\/coacha?<\/span><!\u2013- [et_pb_br_holder] -\u2013><pee>Jako coach mam rozleg\u0142e, intensywne i d\u0142ugotrwa\u0142e do\u015bwiadczenie zawodowe z ponad 5000 godzinami coachingowymi. Dzi\u0119ki licznym szkoleniom i kursom dokszta\u0142caj\u0105cym mog\u0119 korzysta\u0107 z du\u017cego zasobu narz\u0119dzi coachingowych. Moje r\u00f3\u017cnorodne i d\u0142ugotrwa\u0142e do\u015bwiadczenie zawodowe jako trenera planowania \u017cycia\/pracy, agenta zatrudnienia, konsultanta i alternatywnego praktyka r\u00f3wnie\u017c wp\u0142ywa na moj\u0105 prac\u0119 jako coacha.<\/pee> <\/li>\n<p><!-- [et_pb_line_break_holder] -->          <\/p>\n<li><span class=\"ques\">Co Ci\u0119 motywuje i jakie jest Twoje ulubione zadanie jako trenera\/trenera?<\/span><!\u2013- [et_pb_br_holder] -\u2013><\/li>\n<p><!-- [et_pb_line_break_holder] -->        <\/ol>\n<p><!-- [et_pb_line_break_holder] -->       <!-- \n\n<div>Mehr erfahren<\/div>\n\n--><!-- [et_pb_line_break_holder] -->        <\/p>\n<div class=\"primary-color\"><\/div>\n<p><!-- [et_pb_line_break_holder] -->        <\/p>\n<div class=\"bottom-footer\"><!-- [et_pb_line_break_holder] -->            <\/p>\n<div class=\"bottom-footer-container\"><!-- [et_pb_line_break_holder] -->                <\/p>\n<div class=\"_col\"><!-- [et_pb_line_break_holder] -->                    <a href=\"https:\/\/avgs-gutschein.de\/pl\/nasi-trenerzy\/bettina-daniels\/\"> <span class=\"button\">Przejd\u017a do profilu<\/span><\/a><!-- [et_pb_line_break_holder] -->                <\/div>\n<p><!-- [et_pb_line_break_holder] -->            <\/div>\n<p><!-- [et_pb_line_break_holder] -->        <\/div>\n<p><!-- [et_pb_line_break_holder] -->    <\/div>\n<p><!-- [et_pb_line_break_holder] --> <\/div>\n<p><!-- [et_pb_line_break_holder] --> <\/div>\n<p><!-- [et_pb_line_break_holder] --> <!-- Diosegi --><!-- [et_pb_line_break_holder] --> <\/p>\n<div class=\"card-list item produkt-jobcoaching<!-- [et_pb_line_break_holder] --> produkt-gruendungsberatung<!-- [et_pb_line_break_holder] --> sprache-deutsch<!-- [et_pb_line_break_holder] --> standort-online<!-- [et_pb_line_break_holder] --> standort-hamburg<!-- [et_pb_line_break_holder] --> themenschwerpunkte-bewerbungstraining<!-- [et_pb_line_break_holder] --> themenschwerpunkte-stellenrecherche<!-- [et_pb_line_break_holder] --> themenschwerpunkte-berufsorientierung<!-- [et_pb_line_break_holder] --> themenschwerpunkte-vorstellungsgespraeche<!-- [et_pb_line_break_holder] --> themenschwerpunkte-persoenliche-positionierung<!-- [et_pb_line_break_holder] --> themenschwerpunkte-businessplanerstellung<!-- [et_pb_line_break_holder] --> themenschwerpunkte-strategie<!-- [et_pb_line_break_holder] --> themenschwerpunkte-finanzplanung<!-- [et_pb_line_break_holder] --> themenschwerpunkte-lpp<!-- [et_pb_line_break_holder] --> branchenschwerpunkte-beratung<!-- [et_pb_line_break_holder] --> branchenschwerpunkte-dienstleistungen<!-- [et_pb_line_break_holder] --> branchenschwerpunkte-pflege<!-- [et_pb_line_break_holder] --> branchenschwerpunkte-handel<!-- [et_pb_line_break_holder] --> branchenschwerpunkte-handwerk<!-- [et_pb_line_break_holder] --> branchenschwerpunkte-design<!-- [et_pb_line_break_holder] --> branchenschwerpunkte-kultur<!-- [et_pb_line_break_holder] --> branchenschwerpunkte-kommunikation<!-- [et_pb_line_break_holder] --> branchenschwerpunkte-soziales<!-- [et_pb_line_break_holder] --> branchenschwerpunkte-finanzen<!-- [et_pb_line_break_holder] --> branchenschwerpunkte-ecommerce&#8221;><!-- [et_pb_line_break_holder] --> <\/p>\n<div class=\"card-front\" ><!-- [et_pb_line_break_holder] -->    <\/p>\n<div class=\"cntnt\"><!-- [et_pb_line_break_holder] -->        <img decoding=\"async\" src=\"\/wp-content\/uploads\/2023\/12\/Daniela_Diosegi_profile_pic.webp\"><!-- [et_pb_line_break_holder] -->        <\/p>\n<div class=\"coach-card\"><!-- [et_pb_line_break_holder] -->            <\/p>\n<h2>Daniela Diosegi<\/h2>\n<p><!-- [et_pb_line_break_holder] -->            <\/p>\n<div class=\"coach-desc\"><!-- [et_pb_line_break_holder] -->                <\/p>\n<div class=\"standort\"><b>Biuro:<\/b> Hamburgu, online w ca\u0142ych Niemczech<\/div>\n<p><!-- [et_pb_line_break_holder] -->                <\/p>\n<hr>\n<p><!-- [et_pb_line_break_holder] -->                <\/p>\n<div class=\"specialty\"><b>Produkt:<\/b> Coaching zawodowy, Porady dla os\u00f3b rozpoczynaj\u0105cych dzia\u0142alno\u015b\u0107 gospodarcz\u0105<\/div>\n<p><!-- [et_pb_line_break_holder] -->                <\/p>\n<hr>\n<p><!-- [et_pb_line_break_holder] -->                <\/p>\n<div class=\"lang\"><b>J\u0119zyk(i) coachingu:<\/b> niemiecki<\/div>\n<p><!-- [et_pb_line_break_holder] -->                <\/p>\n<hr>\n<p><!-- [et_pb_line_break_holder] -->            <\/div>\n<p><!-- [et_pb_line_break_holder] -->            <\/p>\n<div class=\"coach-btn\"><!-- [et_pb_line_break_holder] -->                <\/p>\n<div class=\"link-btn\">Pozna\u0107<\/div>\n<p><!-- [et_pb_line_break_holder] -->            <\/div>\n<p><!-- [et_pb_line_break_holder] -->        <\/div>\n<p><!-- [et_pb_line_break_holder] -->    <\/div>\n<p><!-- [et_pb_line_break_holder] --> <\/div>\n<p><!-- [et_pb_line_break_holder] --> <\/p>\n<div class=\"card-back\" onclick=\"location.href='\/pl\/nasi-trenerzy\/daniela-diosegi\/'\" ><!-- [et_pb_line_break_holder] -->    <\/p>\n<div class=\"cntnt\" ><!-- [et_pb_line_break_holder] -->        <\/p>\n<div><!-- [et_pb_line_break_holder] -->        <\/div>\n<p><!-- [et_pb_line_break_holder] -->        <\/p>\n<ol><!-- [et_pb_line_break_holder] -->          <\/p>\n<li><span class=\"ques\">Co m\u00f3wi\u0105 o Tobie Twoi klienci?<\/span><!\u2013- [et_pb_br_holder] -\u2013><pee>Moi klienci m\u00f3wi\u0105, \u017ce podoba im si\u0119 moje praktyczne podej\u015bcie, moja pewno\u015b\u0107 siebie i poczucie humoru. Podczas sesji coachingowych pr\u00f3bujemy r\u00f3\u017cnych metod, a je\u015bli utkniemy w jednym podej\u015bciu, pr\u00f3bujemy czego\u015b innego. Nie poddaj\u0119 si\u0119, a moi klienci to doceniaj\u0105, a przynajmniej tak mi m\u00f3wi\u0105. W procesie coachingowym, opr\u00f3cz wzruszaj\u0105cych i czasem smutnych chwil, zawsze zdarzaj\u0105 si\u0119 chwile, kiedy wsp\u00f3lnie si\u0119 \u015bmiejemy. Zawsze skupiam si\u0119 na roz\u0142adowaniu stresu i dodawaniu otuchy drugiej osobie.<\/pee> <\/li>\n<p><!-- [et_pb_line_break_holder] -->          <\/p>\n<li><span class=\"ques\">Co Ci\u0119 motywuje i jakie jest Twoje ulubione zadanie jako trenera\/trenera?<\/span><!\u2013- [et_pb_br_holder] -\u2013><\/li>\n<p><!-- [et_pb_line_break_holder] -->        <\/ol>\n<p><!-- [et_pb_line_break_holder] -->       <!-- \n\n<div>Mehr erfahren<\/div>\n\n--><!-- [et_pb_line_break_holder] -->        <\/p>\n<div class=\"primary-color\"><\/div>\n<p><!-- [et_pb_line_break_holder] -->        <\/p>\n<div class=\"bottom-footer\"><!-- [et_pb_line_break_holder] -->            <\/p>\n<div class=\"bottom-footer-container\"><!-- [et_pb_line_break_holder] -->                <\/p>\n<div class=\"_col\"><!-- [et_pb_line_break_holder] -->                    <a href=\"https:\/\/avgs-gutschein.de\/pl\/nasi-trenerzy\/daniela-diosegi\/\"> <span class=\"button\">Przejd\u017a do profilu<\/span><\/a><!-- [et_pb_line_break_holder] -->                <\/div>\n<p><!-- [et_pb_line_break_holder] -->            <\/div>\n<p><!-- [et_pb_line_break_holder] -->        <\/div>\n<p><!-- [et_pb_line_break_holder] -->    <\/div>\n<p><!-- [et_pb_line_break_holder] --> <\/div>\n<p><!-- [et_pb_line_break_holder] --> <\/div>\n<p><!-- [et_pb_line_break_holder] --><!-- Duensing --><!-- [et_pb_line_break_holder] --> <\/p>\n<div class=\"card-list item produkt-jobcoaching sprache-deutsch standort-online standort-hamburg themenschwerpunkte-bewerbungstraining themenschwerpunkte-berufsorientierung themenschwerpunkte-vorstellungsgespraeche themenschwerpunkte-persoenliche-positionierung themenschwerpunkte-lpp branchenschwerpunkte-beratung branchenschwerpunkte-dienstleistungen branchenschwerpunkte-handwerk branchenschwerpunkte-kommunikation \"><!-- [et_pb_line_break_holder] --> <\/p>\n<div class=\"card-front\" ><!-- [et_pb_line_break_holder] -->    <\/p>\n<div class=\"cntnt\"><!-- [et_pb_line_break_holder] -->        <img decoding=\"async\" src=\"\/wp-content\/uploads\/2025\/04\/tim_duensing_profile_pic.webp\"><!-- [et_pb_line_break_holder] -->        <\/p>\n<div class=\"coach-card\"><!-- [et_pb_line_break_holder] -->            <\/p>\n<h2>Tim Duensing<\/h2>\n<p><!-- [et_pb_line_break_holder] -->            <\/p>\n<div class=\"coach-desc\"><!-- [et_pb_line_break_holder] -->                <\/p>\n<div class=\"standort\"><b>Biuro:<\/b> Obecno\u015b\u0107 w: Hamburgu, online w ca\u0142ych Niemczech<\/div>\n<p><!-- [et_pb_line_break_holder] -->                <\/p>\n<hr>\n<p><!-- [et_pb_line_break_holder] -->                <\/p>\n<div class=\"specialty\"><b>Produkt:<\/b> Coaching zawodowy<\/div>\n<p><!-- [et_pb_line_break_holder] -->                <\/p>\n<hr>\n<p><!-- [et_pb_line_break_holder] -->                <\/p>\n<div class=\"lang\"><b>J\u0119zyk(i) coachingu:<\/b> niemiecki<\/div>\n<p><!-- [et_pb_line_break_holder] -->                <\/p>\n<hr>\n<p><!-- [et_pb_line_break_holder] -->            <\/div>\n<p><!-- [et_pb_line_break_holder] -->            <\/p>\n<div class=\"coach-btn\"><!-- [et_pb_line_break_holder] -->                <\/p>\n<div class=\"link-btn\">Pozna\u0107<\/div>\n<p><!-- [et_pb_line_break_holder] -->            <\/div>\n<p><!-- [et_pb_line_break_holder] -->        <\/div>\n<p><!-- [et_pb_line_break_holder] -->    <\/div>\n<p><!-- [et_pb_line_break_holder] --> <\/div>\n<p><!-- [et_pb_line_break_holder] --> <\/p>\n<div class=\"card-back\" onclick=\"location.href='\/pl\/nasi-trenerzy\/tim-duensing\/'\" ><!-- [et_pb_line_break_holder] -->    <\/p>\n<div class=\"cntnt\" ><!-- [et_pb_line_break_holder] -->        <\/p>\n<div><!-- [et_pb_line_break_holder] -->        <\/div>\n<p><!-- [et_pb_line_break_holder] -->        <\/p>\n<ol><!-- [et_pb_line_break_holder] -->          <\/p>\n<li><span class=\"ques\">Jakie s\u0105 Twoje kwalifikacje jako trenera\/trenerki?<\/span><!\u2013- [et_pb_br_holder] -\u2013><pee>Posiadam ponad 16-letnie do\u015bwiadczenie zawodowe jako coach i konsultant, manager, project management officer, project manager i kierownik dzia\u0142u w r\u00f3\u017cnych bran\u017cach i typach firm. W tym czasie nauczy\u0142em si\u0119, jak istotne i kluczowe dla sukcesu jest wsp\u00f3lne zrozumienie tego, dok\u0105d powinna prowadzi\u0107 podr\u00f3\u017c.<\/pee><!-- [et_pb_line_break_holder] -->            <pee>Podstaw\u0105 mojej pracy s\u0105 dla mnie takie cechy jak uczciwo\u015b\u0107, empatia i rzetelno\u015b\u0107, a tak\u017ce bezwarunkowa ch\u0119\u0107 odpowiedzialnego dzia\u0142ania.<\/pee> <pee>Moi pracownicy, wsp\u00f3\u0142pracownicy i dyrektorzy zarz\u0105dzaj\u0105cy w r\u00f3\u017cnych firmach i bran\u017cach opisuj\u0105 mnie jako osob\u0119 kompetentn\u0105, uczciw\u0105, empatyczn\u0105, wizjonersk\u0105, doceniaj\u0105c\u0105, pe\u0142n\u0105 szacunku, konsekwentn\u0105, autentyczn\u0105 i my\u015bl\u0105c\u0105 systemowo.<!-- [et_pb_line_break_holder] -->            <\/pee> <pee>Dla mnie najwa\u017cniejszy jest zawsze osobisty sukces moich klient\u00f3w.<!-- [et_pb_line_break_holder] -->            <\/pee> <\/li>\n<p><!-- [et_pb_line_break_holder] -->          <\/p>\n<li><span class=\"ques\">Co m\u00f3wi\u0105 o Tobie Twoi klienci?<\/span><!\u2013- [et_pb_br_holder] -\u2013><\/li>\n<p><!-- [et_pb_line_break_holder] -->        <\/ol>\n<p><!-- [et_pb_line_break_holder] -->       <!-- \n\n<div>Mehr erfahren<\/div>\n\n--><!-- [et_pb_line_break_holder] -->        <\/p>\n<div class=\"primary-color\"><\/div>\n<p><!-- [et_pb_line_break_holder] -->        <\/p>\n<div class=\"bottom-footer\"><!-- [et_pb_line_break_holder] -->            <\/p>\n<div class=\"bottom-footer-container\"><!-- [et_pb_line_break_holder] -->                <\/p>\n<div class=\"_col\"><!-- [et_pb_line_break_holder] -->                    <a href=\"https:\/\/avgs-gutschein.de\/pl\/nasi-trenerzy\/tim-duensing\/\"> <span class=\"button\">Przejd\u017a do profilu<\/span><\/a><!-- [et_pb_line_break_holder] -->                <\/div>\n<p><!-- [et_pb_line_break_holder] -->            <\/div>\n<p><!-- [et_pb_line_break_holder] -->        <\/div>\n<p><!-- [et_pb_line_break_holder] -->    <\/div>\n<p><!-- [et_pb_line_break_holder] --> <\/div>\n<p><!-- [et_pb_line_break_holder] --> <\/div>\n<p><!-- [et_pb_line_break_holder] --><!-- Fellinger --><!-- [et_pb_line_break_holder] -->  <\/p>\n<div class=\"card-list item produkt-jobcoaching<!-- [et_pb_line_break_holder] -->  produkt-gruendungsberatung<!-- [et_pb_line_break_holder] -->  sprache-deutsch<!-- [et_pb_line_break_holder] -->  standort-online<!-- [et_pb_line_break_holder] -->  standort-lueneburg<!-- [et_pb_line_break_holder] -->  themenschwerpunkte-bewerbungstraining<!-- [et_pb_line_break_holder] -->  themenschwerpunkte-stellenrecherche<!-- [et_pb_line_break_holder] -->  themenschwerpunkte-berufsorientierung<!-- [et_pb_line_break_holder] -->  themenschwerpunkte-vorstellungsgespraeche<!-- [et_pb_line_break_holder] -->  themenschwerpunkte-persoenliche-positionierung<!-- [et_pb_line_break_holder] -->  themenschwerpunkte-strategie<!-- [et_pb_line_break_holder] -->  themenschwerpunkte-digitales-marketing<!-- [et_pb_line_break_holder] -->  themenschwerpunkte-lpp<!-- [et_pb_line_break_holder] -->  branchenschwerpunkte-beratung<!-- [et_pb_line_break_holder] -->  branchenschwerpunkte-dienstleistungen<!-- [et_pb_line_break_holder] -->  branchenschwerpunkte-kommunikation<!-- [et_pb_line_break_holder] -->  branchenschwerpunkte-event<!-- [et_pb_line_break_holder] -->  branchenschwerpunkte-handel<!-- [et_pb_line_break_holder] -->  branchenschwerpunkte-soziales<!-- [et_pb_line_break_holder] -->  branchenschwerpunkte-industrie&#8221;><!-- [et_pb_line_break_holder] -->  <\/p>\n<div class=\"card-front\"><!-- [et_pb_line_break_holder] -->     <\/p>\n<div class=\"cntnt\"><!-- [et_pb_line_break_holder] -->         <img decoding=\"async\" src=\"\/wp-content\/uploads\/2025\/04\/Martina_Fellinger_profile_pic.webp\"><!-- [et_pb_line_break_holder] -->         <\/p>\n<div class=\"coach-card\"><!-- [et_pb_line_break_holder] -->             <\/p>\n<h2>Martina Fellinger<\/h2>\n<p><!-- [et_pb_line_break_holder] -->             <\/p>\n<div class=\"coach-desc\"><!-- [et_pb_line_break_holder] -->                 <\/p>\n<div class=\"standort\"><b>Biuro:<\/b>Obecno\u015b\u0107 w: L\u00fcneburg, online w ca\u0142ych Niemczech<\/div>\n<p><!-- [et_pb_line_break_holder] -->                 <\/p>\n<hr>\n<p><!-- [et_pb_line_break_holder] -->                 <\/p>\n<div class=\"specialty\"><b>Produkt:<\/b> Coaching pracy, Porady dla start-up\u00f3w<\/div>\n<p><!-- [et_pb_line_break_holder] -->                 <\/p>\n<hr>\n<p><!-- [et_pb_line_break_holder] -->                 <\/p>\n<div class=\"lang\"><b>J\u0119zyk(i) coachingu: <\/b>Niemiecki<\/div>\n<p><!-- [et_pb_line_break_holder] -->                 <\/p>\n<hr>\n<p><!-- [et_pb_line_break_holder] -->             <\/div>\n<p><!-- [et_pb_line_break_holder] -->             <\/p>\n<div class=\"coach-btn\"><!-- [et_pb_line_break_holder] -->                 <\/p>\n<div class=\"link-btn\">Pozna\u0107<\/div>\n<p><!-- [et_pb_line_break_holder] -->             <\/div>\n<p><!-- [et_pb_line_break_holder] -->         <\/div>\n<p><!-- [et_pb_line_break_holder] -->     <\/div>\n<p><!-- [et_pb_line_break_holder] -->  <\/div>\n<p><!-- [et_pb_line_break_holder] -->  <\/p>\n<div class=\"card-back\" onclick=\"location.href='\/pl\/nasi-trenerzy\/martina-fellinger\/'\"><!-- [et_pb_line_break_holder] -->     <\/p>\n<div class=\"cntnt\"><!-- [et_pb_line_break_holder] -->         <\/p>\n<div><!-- [et_pb_line_break_holder] -->         <\/div>\n<p><!-- [et_pb_line_break_holder] -->         <\/p>\n<ol><!-- [et_pb_line_break_holder] -->           <\/p>\n<li><span class=\"ques\">Jakie kwalifikacje czyni\u0105 Ci\u0119 trenerem\/coachem? <\/span><!\u2013- [et_pb_br_holder] -\u2013><pee>Posiadam ponad 50 lat do\u015bwiadczenia \u017cyciowego i zawodowego, dzi\u0119ki czemu rozumiem \u015bwiat pracy z wielu perspektyw. Przez wiele lat pracowa\u0142am jako pracownik etatowy, a od 2017 roku pracuj\u0119 jako samozatrudniony doradca zawodowy i coach, wspieraj\u0105c ludzi w osi\u0105ganiu ich cel\u00f3w zawodowych. Pracuj\u0119 r\u00f3wnie\u017c jako freelancer jako konsultant ds. zasob\u00f3w ludzkich. To r\u00f3\u017cnorodne do\u015bwiadczenie pozwala mi odpowiada\u0107 na potrzeby moich klient\u00f3w w zindywidualizowany i praktyczny spos\u00f3b.<\/pee><!-- [et_pb_line_break_holder] -->             <\/li>\n<p><!-- [et_pb_line_break_holder] -->           <\/p>\n<li><span class=\"ques\">Co daje Ci najwi\u0119ksz\u0105 satysfakcj\u0119 w Twojej pracy?&#8230;<\/span><!\u2013- [et_pb_br_holder] -\u2013><\/li>\n<p><!-- [et_pb_line_break_holder] -->         <\/ol>\n<p><!-- [et_pb_line_break_holder] -->        <!-- \n\n<div>Mehr erfahren<\/div>\n\n--><!-- [et_pb_line_break_holder] -->         <\/p>\n<div class=\"primary-color\"><\/div>\n<p><!-- [et_pb_line_break_holder] -->         <\/p>\n<div class=\"bottom-footer\"><!-- [et_pb_line_break_holder] -->             <\/p>\n<div class=\"bottom-footer-container\"><!-- [et_pb_line_break_holder] -->                 <\/p>\n<div class=\"_col\"><!-- [et_pb_line_break_holder] -->                     <a href=\"https:\/\/avgs-gutschein.de\/pl\/nasi-trenerzy\/martina-fellinger\/\"> <span class=\"button\">Przejd\u017a do profilu<\/span><\/a><!-- [et_pb_line_break_holder] -->                 <\/div>\n<p><!-- [et_pb_line_break_holder] -->             <\/div>\n<p><!-- [et_pb_line_break_holder] -->         <\/div>\n<p><!-- [et_pb_line_break_holder] -->     <\/div>\n<p><!-- [et_pb_line_break_holder] -->  <\/div>\n<p><!-- [et_pb_line_break_holder] -->  <\/div>\n<p><!-- [et_pb_line_break_holder] --> <!-- Figgen --><!-- [et_pb_line_break_holder] --> <\/p>\n<div class=\"card-list item produkt-jobcoaching produkt-gruendungsberatung sprache-deutsch sprache-englisch standort-online standort-duesseldorf themenschwerpunkte-bewerbungstraining themenschwerpunkte-berufsorientierung themenschwerpunkte-vorstellungsgespraeche themenschwerpunkte-persoenliche-positionierung themenschwerpunkte-businessplanerstellung themenschwerpunkte-strategie themenschwerpunkte-digitales-marketing branchenschwerpunkte-beratung branchenschwerpunkte-dienstleistungen branchenschwerpunkte-gastronomie branchenschwerpunkte-handel branchenschwerpunkte-handwerk branchenschwerpunkte-kommunikation branchenschwerpunkte-ngos \"><!-- [et_pb_line_break_holder] --> <\/p>\n<div class=\"card-front\" ><!-- [et_pb_line_break_holder] -->    <\/p>\n<div class=\"cntnt\"><!-- [et_pb_line_break_holder] -->        <img decoding=\"async\" src=\"\/wp-content\/uploads\/2023\/12\/Bernhard_Figgen_profile_pic.webp\"><!-- [et_pb_line_break_holder] -->        <\/p>\n<div class=\"coach-card\"><!-- [et_pb_line_break_holder] -->            <\/p>\n<h2>Bernhard Figgen<\/h2>\n<p><!-- [et_pb_line_break_holder] -->            <\/p>\n<div class=\"coach-desc\"><!-- [et_pb_line_break_holder] -->                <\/p>\n<div class=\"standort\"><b>Biuro:<\/b> Obecno\u015b\u0107 w: D\u00fcsseldorf, online w ca\u0142ych Niemczech<\/div>\n<p><!-- [et_pb_line_break_holder] -->                <\/p>\n<hr>\n<p><!-- [et_pb_line_break_holder] -->                <\/p>\n<div class=\"specialty\"><b>Produkt:<\/b> Coaching zawodowy, Porady dla os\u00f3b rozpoczynaj\u0105cych dzia\u0142alno\u015b\u0107 gospodarcz\u0105<\/div>\n<p><!-- [et_pb_line_break_holder] -->                <\/p>\n<hr>\n<p><!-- [et_pb_line_break_holder] -->                <\/p>\n<div class=\"lang\"><b>J\u0119zyk(i) coachingu:<\/b> niemiecki, angielski<\/div>\n<p><!-- [et_pb_line_break_holder] -->                <\/p>\n<hr>\n<p><!-- [et_pb_line_break_holder] -->            <\/div>\n<p><!-- [et_pb_line_break_holder] -->            <\/p>\n<div class=\"coach-btn\"><!-- [et_pb_line_break_holder] -->                <\/p>\n<div class=\"link-btn\">Pozna\u0107<\/div>\n<p><!-- [et_pb_line_break_holder] -->            <\/div>\n<p><!-- [et_pb_line_break_holder] -->        <\/div>\n<p><!-- [et_pb_line_break_holder] -->    <\/div>\n<p><!-- [et_pb_line_break_holder] --> <\/div>\n<p><!-- [et_pb_line_break_holder] --> <\/p>\n<div class=\"card-back\" onclick=\"location.href='\/pl\/nasi-trenerzy\/bernhard-figgen\/'\" ><!-- [et_pb_line_break_holder] -->    <\/p>\n<div class=\"cntnt\" ><!-- [et_pb_line_break_holder] -->        <\/p>\n<div><!-- [et_pb_line_break_holder] -->        <\/div>\n<p><!-- [et_pb_line_break_holder] -->        <\/p>\n<ol><!-- [et_pb_line_break_holder] -->          <\/p>\n<li><span class=\"ques\">Jakie kwalifikacje kwalifikuj\u0105 mnie jako trenera\/trenera?<\/span><!\u2013- [et_pb_br_holder] -\u2013><pee>Og\u00f3lnie rzecz bior\u0105c: Moje zainteresowanie lud\u017ami i ich indywidualnymi \u015bcie\u017ckami \u017cyciowymi. Moja empatia. Moja umiej\u0119tno\u015b\u0107 dobrego s\u0142uchania i zadawania \u201ew\u0142a\u015bciwych\u201d pyta\u0144.<\/pee><!-- [et_pb_line_break_holder] -->         <pee>Co jeszcze? Umiej\u0119tno\u015b\u0107 budowania relacji coachingowej opartej na zaufaniu: moje nastawienie charakteryzuje si\u0119 docenianiem i otwarto\u015bci\u0105 na ludzi.<!-- [et_pb_line_break_holder] -->        <\/pee><!-- [et_pb_line_break_holder] -->          <pee>Moje wszechstronne kompetencje metodologiczne &#8211; zawsze skoncentrowane na bie\u017c\u0105cej sytuacji klienta oraz kontek\u015bcie jego temat\u00f3w i pyta\u0144.<\/pee><!-- [et_pb_line_break_holder] -->          <pee>Moje wieloletnie do\u015bwiadczenie zawodowe w przemy\u015ble, m.in. w Grupie Bosch.<\/pee><!-- [et_pb_line_break_holder] -->           <pee>Moje dog\u0142\u0119bne szkolenie w zakresie coachingu systemowego oraz specjalne zaawansowane szkolenie w zakresie koncepcji hipnosystemowych z Gunterem Schmidtem w Heidelbergu.<\/pee><!-- [et_pb_line_break_holder] -->            <\/li>\n<p><!-- [et_pb_line_break_holder] -->          <\/p>\n<li><span class=\"ques\">Co daje Ci najwi\u0119ksz\u0105 satysfakcj\u0119 w Twojej pracy?<\/span><!\u2013- [et_pb_br_holder] -\u2013><\/li>\n<p><!-- [et_pb_line_break_holder] -->        <\/ol>\n<p><!-- [et_pb_line_break_holder] -->       <!-- \n\n<div>Mehr erfahren<\/div>\n\n--><!-- [et_pb_line_break_holder] -->        <\/p>\n<div class=\"primary-color\"><\/div>\n<p><!-- [et_pb_line_break_holder] -->        <\/p>\n<div class=\"bottom-footer\"><!-- [et_pb_line_break_holder] -->            <\/p>\n<div class=\"bottom-footer-container\"><!-- [et_pb_line_break_holder] -->                <\/p>\n<div class=\"_col\"><!-- [et_pb_line_break_holder] -->                    <a href=\"https:\/\/avgs-gutschein.de\/pl\/nasi-trenerzy\/bernhard-figgen\/\"> <span class=\"button\">Przejd\u017a do profilu<\/span><\/a><!-- [et_pb_line_break_holder] -->                <\/div>\n<p><!-- [et_pb_line_break_holder] -->            <\/div>\n<p><!-- [et_pb_line_break_holder] -->        <\/div>\n<p><!-- [et_pb_line_break_holder] -->    <\/div>\n<p><!-- [et_pb_line_break_holder] --> <\/div>\n<p><!-- [et_pb_line_break_holder] --> <\/div>\n<p><!-- [et_pb_line_break_holder] --> <!-- F\u00f6ll --><!-- [et_pb_line_break_holder] --> <\/p>\n<div class=\"card-list item produkt-jobcoaching produkt-gruendungsberatung sprache-deutsch sprache-englisch standort-online standort-hamburg themenschwerpunkte-bewerbungstraining themenschwerpunkte-stellenrecherche themenschwerpunkte-berufsorientierung themenschwerpunkte-vorstellungsgespraeche themenschwerpunkte-persoenliche-positionierung themenschwerpunkte-businessplanerstellung themenschwerpunkte-strategie themenschwerpunkte-digitales-marketing branchenschwerpunkte-beratung branchenschwerpunkte-dienstleistungen branchenschwerpunkte-energie branchenschwerpunkte-event branchenschwerpunkte-gastronomie branchenschwerpunkte-handel branchenschwerpunkte-design branchenschwerpunkte-kultur branchenschwerpunkte-kommunikation branchenschwerpunkte-ngos branchenschwerpunkte-fitness \"><!-- [et_pb_line_break_holder] --> <\/p>\n<div class=\"card-front\" ><!-- [et_pb_line_break_holder] -->    <\/p>\n<div class=\"cntnt\"><!-- [et_pb_line_break_holder] -->        <img decoding=\"async\" src=\"\/wp-content\/uploads\/2023\/12\/Kerstin_Foell_Office.webp\"><!-- [et_pb_line_break_holder] -->        <\/p>\n<div class=\"coach-card\"><!-- [et_pb_line_break_holder] -->            <\/p>\n<h2>Dr. Kerstin F\u00f6ll<\/h2>\n<p><!-- [et_pb_line_break_holder] -->            <\/p>\n<div class=\"coach-desc\"><!-- [et_pb_line_break_holder] -->                <\/p>\n<div class=\"standort\"><b>Biuro:<\/b> Obecno\u015b\u0107 w: Hamburgu, online w ca\u0142ych Niemczech<\/div>\n<p><!-- [et_pb_line_break_holder] -->                <\/p>\n<hr>\n<p><!-- [et_pb_line_break_holder] -->                <\/p>\n<div class=\"specialty\"><b>Produkt:<\/b> Coaching zawodowy, Porady dla os\u00f3b rozpoczynaj\u0105cych dzia\u0142alno\u015b\u0107 gospodarcz\u0105<\/div>\n<p><!-- [et_pb_line_break_holder] -->                <\/p>\n<hr>\n<p><!-- [et_pb_line_break_holder] -->                <\/p>\n<div class=\"lang\"><b>J\u0119zyk(i) coachingu:<\/b> niemiecki, angielski<\/div>\n<p><!-- [et_pb_line_break_holder] -->                <\/p>\n<hr>\n<p><!-- [et_pb_line_break_holder] -->            <\/div>\n<p><!-- [et_pb_line_break_holder] -->            <\/p>\n<div class=\"coach-btn\"><!-- [et_pb_line_break_holder] -->                <\/p>\n<div class=\"link-btn\">Pozna\u0107<\/div>\n<p><!-- [et_pb_line_break_holder] -->            <\/div>\n<p><!-- [et_pb_line_break_holder] -->        <\/div>\n<p><!-- [et_pb_line_break_holder] -->    <\/div>\n<p><!-- [et_pb_line_break_holder] --> <\/div>\n<p><!-- [et_pb_line_break_holder] --> <\/p>\n<div class=\"card-back\" onclick=\"location.href='\/pl\/nasi-trenerzy\/kerstin-foell\/'\" ><!-- [et_pb_line_break_holder] -->    <\/p>\n<div class=\"cntnt\" ><!-- [et_pb_line_break_holder] -->        <\/p>\n<div><!-- [et_pb_line_break_holder] -->        <\/div>\n<p><!-- [et_pb_line_break_holder] -->        <\/p>\n<ol><!-- [et_pb_line_break_holder] -->          <\/p>\n<li><span class=\"ques\">Jakie kwalifikacje kwalifikuj\u0105 mnie jako trenera\/trenera?<\/span><!\u2013- [et_pb_br_holder] -\u2013><pee>Z jednej strony moje solidne wykszta\u0142cenie i bogate do\u015bwiadczenie zawodowe, z drugiej za\u015b \u2013 wszechstronne CV prezentuj\u0105ce szeroki wachlarz perspektyw na prac\u0119 i \u017cycie oraz r\u00f3wnowag\u0119 pomi\u0119dzy nimi.<\/pee><!-- [et_pb_line_break_holder] -->         <pee>Po uko\u0144czeniu studi\u00f3w pracowa\u0142em przez 15 lat jako strateg ds. marki i konsultant ds. zarz\u0105dzania, zar\u00f3wno jako mened\u017cer, jak i freelancer dla wielu agencji i firm. W trakcie tego okresu mog\u0142em doradza\u0107 Lidze Mistrz\u00f3w marek, w tym na arenie mi\u0119dzynarodowej. Zdoby\u0142em wiedz\u0119 na temat szerokiej gamy bran\u017c, od A jak samochody do Z jak gazety, w B2C i B2B, du\u017cych korporacji i M\u015aP. W tym czasie by\u0142em coachem przedsi\u0119biorc\u00f3w i mened\u017cer\u00f3w z wielu r\u00f3\u017cnych bran\u017c i typ\u00f3w firm, prowadzi\u0142em liczne warsztaty i intensywnie zajmowa\u0142em si\u0119 jako\u015bciowymi badaniami rynku i spostrze\u017ceniami konsument\u00f3w. Zawsze interesowa\u0142o mnie to, co motywuje ludzi i co wp\u0142ywa na ich zachowanie. Bada\u0142em to r\u00f3wnie\u017c w mojej pracy doktorskiej.<\/pee><!-- [et_pb_line_break_holder] -->         <pee>W 2011 roku m\u00f3j m\u0105\u017c i ja porzucili\u015bmy nasze udane, szybkie \u017cycie i przez pi\u0119\u0107 lat podr\u00f3\u017cowali\u015bmy po \u015bwiecie \u017cagl\u00f3wk\u0105. W tym burzliwym czasie prze\u017cyli\u015bmy wiele przyg\u00f3d, ekstremalnych do\u015bwiadcze\u0144, a tak\u017ce kryzys\u00f3w. Przetworzyli\u015bmy nasze do\u015bwiadczenia w ksi\u0105\u017cce, w kt\u00f3rej opr\u00f3cz naszych do\u015bwiadcze\u0144 dzielimy si\u0119 r\u00f3wnie\u017c dziesi\u0119cioma spostrze\u017ceniami na temat szcz\u0119\u015bliwego, spe\u0142nionego \u017cycia, popartymi najnowszymi badaniami.<!-- [et_pb_line_break_holder] -->        <\/pee><!-- [et_pb_line_break_holder] -->         <pee>Czas wolny doprowadzi\u0142 do fundamentalnej zmiany warto\u015bci i reorientacji zawodowej. Nast\u0119pnie odby\u0142am szkolenie jako coach biznesowy i trener biznesowy, kt\u00f3re dodatkowo zosta\u0142y certyfikowane przez dvct (Niemieckie Stowarzyszenie Coachingu i Szkolenia eV). Uko\u0144czy\u0142am r\u00f3wnie\u017c r\u00f3\u017cne kursy dokszta\u0142caj\u0105ce z zakresu psychologii pozytywnej i motywuj\u0105cego wywiadu.<!-- [et_pb_line_break_holder] -->        <\/pee><!-- [et_pb_line_break_holder] -->         <pee>Moj\u0105 misj\u0105 jest pomaganie ludziom w prowadzeniu szcz\u0119\u015bliwego i spe\u0142nionego \u017cycia, zar\u00f3wno zawodowo, jak i prywatnie. Robi\u0119 to dzi\u015b jako coach, trener, konsultant ds. zarz\u0105dzania i autor.<\/pee><!-- [et_pb_line_break_holder] -->            <\/li>\n<p><!-- [et_pb_line_break_holder] -->          <\/p>\n<li><span class=\"ques\">Jakie kwalifikacje kwalifikuj\u0105 Ci\u0119 jako trenera\/trenera?<\/span><!\u2013- [et_pb_br_holder] -\u2013><\/li>\n<p><!-- [et_pb_line_break_holder] -->        <\/ol>\n<p><!-- [et_pb_line_break_holder] -->       <!-- \n\n<div>Mehr erfahren<\/div>\n\n--><!-- [et_pb_line_break_holder] -->        <\/p>\n<div class=\"primary-color\"><\/div>\n<p><!-- [et_pb_line_break_holder] -->        <\/p>\n<div class=\"bottom-footer\"><!-- [et_pb_line_break_holder] -->            <\/p>\n<div class=\"bottom-footer-container\"><!-- [et_pb_line_break_holder] -->                <\/p>\n<div class=\"_col\"><!-- [et_pb_line_break_holder] -->                    <a href=\"https:\/\/avgs-gutschein.de\/pl\/nasi-trenerzy\/kerstin-foell\/\"> <span class=\"button\">Przejd\u017a do profilu<\/span><\/a><!-- [et_pb_line_break_holder] -->                <\/div>\n<p><!-- [et_pb_line_break_holder] -->            <\/div>\n<p><!-- [et_pb_line_break_holder] -->        <\/div>\n<p><!-- [et_pb_line_break_holder] -->    <\/div>\n<p><!-- [et_pb_line_break_holder] --> <\/div>\n<p><!-- [et_pb_line_break_holder] --> <\/div>\n<p><!-- [et_pb_line_break_holder] --> <!-- Katja Freese --><!-- [et_pb_line_break_holder] --> <\/p>\n<div class=\"card-list item produkt-jobcoaching sprache-deutsch standort-online standort-hamburg themenschwerpunkte-bewerbungstraining themenschwerpunkte-stellenrecherche themenschwerpunkte-berufsorientierung themenschwerpunkte-vorstellungsgespraeche themenschwerpunkte-persoenliche-positionierung themenschwerpunkte-lpp branchenschwerpunkte-beratung branchenschwerpunkte-dienstleistungen branchenschwerpunkte-kommunikation \"><!-- [et_pb_line_break_holder] --> <\/p>\n<div class=\"card-front\" ><!-- [et_pb_line_break_holder] -->    <\/p>\n<div class=\"cntnt\"><!-- [et_pb_line_break_holder] -->        <img decoding=\"async\" src=\"\/wp-content\/uploads\/2024\/01\/Katja_Freese_img_prof.webp\"><!-- [et_pb_line_break_holder] -->        <\/p>\n<div class=\"coach-card\"><!-- [et_pb_line_break_holder] -->            <\/p>\n<h2>Katja Freese<\/h2>\n<p><!-- [et_pb_line_break_holder] -->            <\/p>\n<div class=\"coach-desc\"><!-- [et_pb_line_break_holder] -->                <\/p>\n<div class=\"standort\"><b>Biuro:<\/b> Obecno\u015b\u0107 w: Hamburgu, online w ca\u0142ych Niemczech<\/div>\n<p><!-- [et_pb_line_break_holder] -->                <\/p>\n<hr>\n<p><!-- [et_pb_line_break_holder] -->                <\/p>\n<div class=\"specialty\"><b>Produkt:<\/b> Coaching zawodowy<\/div>\n<p><!-- [et_pb_line_break_holder] -->                <\/p>\n<hr>\n<p><!-- [et_pb_line_break_holder] -->                <\/p>\n<div class=\"lang\"><b>J\u0119zyk(i) coachingu:<\/b> niemiecki<\/div>\n<p><!-- [et_pb_line_break_holder] -->                <\/p>\n<hr>\n<p><!-- [et_pb_line_break_holder] -->            <\/div>\n<p><!-- [et_pb_line_break_holder] -->            <\/p>\n<div class=\"coach-btn\"><!-- [et_pb_line_break_holder] -->                <\/p>\n<div class=\"link-btn\">Pozna\u0107<\/div>\n<p><!-- [et_pb_line_break_holder] -->            <\/div>\n<p><!-- [et_pb_line_break_holder] -->        <\/div>\n<p><!-- [et_pb_line_break_holder] -->    <\/div>\n<p><!-- [et_pb_line_break_holder] --> <\/div>\n<p><!-- [et_pb_line_break_holder] --> <\/p>\n<div class=\"card-back\" onclick=\"location.href='\/pl\/nasi-trenerzy\/katja-freese\/'\" ><!-- [et_pb_line_break_holder] -->    <\/p>\n<div class=\"cntnt\" ><!-- [et_pb_line_break_holder] -->        <\/p>\n<div><!-- [et_pb_line_break_holder] -->        <\/div>\n<p><!-- [et_pb_line_break_holder] -->        <\/p>\n<ol><!-- [et_pb_line_break_holder] -->          <\/p>\n<li><span class=\"ques\">Jakie s\u0105 Twoje kwalifikacje jako trenera\/trenerki?<\/span><!\u2013- [et_pb_br_holder] -\u2013><pee>Moje szczere zainteresowanie lud\u017ami &#8211; indywidualno\u015bci\u0105 ka\u017cdej osoby i przekonanie, \u017ce ka\u017cdy z nas ma w sobie mocne strony, kt\u00f3re cz\u0119sto le\u017c\u0105 &#8222;u\u015bpione&#8221;, nieodkryte i nie s\u0105 nawet znane jednostce. Odkrywanie ich i umo\u017cliwienie klientowi znalezienia &#8222;jego indywidualnej \u015bcie\u017cki&#8221; uwa\u017cam za g\u0142\u00f3wny cel mojego coachingu. Moja empatia, po\u0142\u0105czona z moim szkoleniem w dziedzinie coachingu systemowego, alternatywnego praktyka psychoterapii, a tak\u017ce ponad 20-letnim do\u015bwiadczeniem zawodowym w biznesie marketingowym i medialnym po stronie korporacyjnej, agencyjnej i start-upowej &#8211; zar\u00f3wno jako cz\u0142onek zespo\u0142u, jak i mened\u017cer &#8211; sprawiaj\u0105, \u017ce m\u00f3j format coachingu jest tym, czym jest: holistycznym podej\u015bciem maj\u0105cym na celu promowanie indywidualno\u015bci i w\u0142asnych zasob\u00f3w oraz znalezienie w\u0142asnej \u015bcie\u017cki.<\/pee><!-- [et_pb_line_break_holder] -->            <\/li>\n<p><!-- [et_pb_line_break_holder] -->          <\/p>\n<li><span class=\"ques\">Co Ci\u0119 motywuje i jakie jest Twoje ulubione zadanie jako trenera\/trenera?<\/span><!\u2013- [et_pb_br_holder] -\u2013><\/li>\n<p><!-- [et_pb_line_break_holder] -->        <\/ol>\n<p><!-- [et_pb_line_break_holder] -->       <!-- \n\n<div>Mehr erfahren<\/div>\n\n--><!-- [et_pb_line_break_holder] -->        <\/p>\n<div class=\"primary-color\"><\/div>\n<p><!-- [et_pb_line_break_holder] -->        <\/p>\n<div class=\"bottom-footer\"><!-- [et_pb_line_break_holder] -->            <\/p>\n<div class=\"bottom-footer-container\"><!-- [et_pb_line_break_holder] -->                <\/p>\n<div class=\"_col\"><!-- [et_pb_line_break_holder] -->                    <a href=\"https:\/\/avgs-gutschein.de\/pl\/nasi-trenerzy\/katja-freese\/\"> <span class=\"button\">Przejd\u017a do profilu<\/span><\/a><!-- [et_pb_line_break_holder] -->                <\/div>\n<p><!-- [et_pb_line_break_holder] -->            <\/div>\n<p><!-- [et_pb_line_break_holder] -->        <\/div>\n<p><!-- [et_pb_line_break_holder] -->    <\/div>\n<p><!-- [et_pb_line_break_holder] --> <\/div>\n<p><!-- [et_pb_line_break_holder] --> <\/div>\n<p><!-- [et_pb_line_break_holder] --><!--Gehrke--><!-- [et_pb_line_break_holder] -->  <\/p>\n<div class=\"card-list item <!-- [et_pb_line_break_holder] -->  produkt-gruendungsberatung<!-- [et_pb_line_break_holder] -->  sprache-deutsch<!-- [et_pb_line_break_holder] -->  sprache-russisch<!-- [et_pb_line_break_holder] -->  standort-stade<!-- [et_pb_line_break_holder] -->  standort-online<!-- [et_pb_line_break_holder] -->  themenschwerpunkte-strategie<!-- [et_pb_line_break_holder] -->  themenschwerpunkte-digitales-marketing<!-- [et_pb_line_break_holder] -->  themenschwerpunkte-rechtsfragen<!-- [et_pb_line_break_holder] -->  branchenschwerpunkte-beratung<!-- [et_pb_line_break_holder] -->  branchenschwerpunkte-dienstleistungen<!-- [et_pb_line_break_holder] -->  branchenschwerpunkte-energie<!-- [et_pb_line_break_holder] -->  branchenschwerpunkte-event<!-- [et_pb_line_break_holder] -->  branchenschwerpunkte-pflege<!-- [et_pb_line_break_holder] -->  branchenschwerpunkte-kultur<!-- [et_pb_line_break_holder] -->  branchenschwerpunkte-kommunikation<!-- [et_pb_line_break_holder] -->  branchenschwerpunkte-marketing<!-- [et_pb_line_break_holder] -->  branchenschwerpunkte-soziales<!-- [et_pb_line_break_holder] -->&#8222;><!-- [et_pb_line_break_holder] -->  <\/p>\n<div class=\"card-front\"><!-- [et_pb_line_break_holder] -->     <\/p>\n<div class=\"cntnt\"><!-- [et_pb_line_break_holder] -->         <img decoding=\"async\" src=\"\/wp-content\/uploads\/2025\/12\/Elena_Gehrke_profile_img.webp\"><!-- [et_pb_line_break_holder] -->         <\/p>\n<div class=\"coach-card\"><!-- [et_pb_line_break_holder] -->             <\/p>\n<h2>Elena Gehrke<\/h2>\n<p><!-- [et_pb_line_break_holder] -->             <\/p>\n<div class=\"coach-desc\"><!-- [et_pb_line_break_holder] -->                 <\/p>\n<div class=\"standort\"><b>Biuro:<\/b> Obecno\u015b\u0107 w: Stade, online w ca\u0142ych Niemczech<\/div>\n<p><!-- [et_pb_line_break_holder] -->                 <\/p>\n<hr>\n<p><!-- [et_pb_line_break_holder] -->                 <\/p>\n<div class=\"specialty\"><b>Produkt:<\/b> Porady dla start-up\u00f3w<\/div>\n<p><!-- [et_pb_line_break_holder] -->                 <\/p>\n<hr>\n<p><!-- [et_pb_line_break_holder] -->                 <\/p>\n<div class=\"lang\"><b>J\u0119zyk(i) coachingowe: <\/b>Niemiecki, Rosyjski<\/div>\n<p><!-- [et_pb_line_break_holder] -->                 <\/p>\n<hr>\n<p><!-- [et_pb_line_break_holder] -->             <\/div>\n<p><!-- [et_pb_line_break_holder] -->             <\/p>\n<div class=\"coach-btn\"><!-- [et_pb_line_break_holder] -->                 <\/p>\n<div class=\"link-btn\">Pozna\u0107<\/div>\n<p><!-- [et_pb_line_break_holder] -->             <\/div>\n<p><!-- [et_pb_line_break_holder] -->         <\/div>\n<p><!-- [et_pb_line_break_holder] -->     <\/div>\n<p><!-- [et_pb_line_break_holder] -->  <\/div>\n<p><!-- [et_pb_line_break_holder] -->  <\/p>\n<div class=\"card-back\" onclick=\"location.href='\/pl\/nasi-trenerzy\/elena-gehrke\/'\"><!-- [et_pb_line_break_holder] -->     <\/p>\n<div class=\"cntnt\"><!-- [et_pb_line_break_holder] -->         <\/p>\n<div><!-- [et_pb_line_break_holder] -->         <\/div>\n<p><!-- [et_pb_line_break_holder] -->         <\/p>\n<ol><!-- [et_pb_line_break_holder] -->           <\/p>\n<li><span class=\"ques\">Jakie kwalifikacje czyni\u0105 Ci\u0119 trenerem\/trenerk\u0105? <\/span><!\u2013- [et_pb_br_holder] -\u2013><pee>Moje kwalifikacje wynikaj\u0105 z wieloletniego do\u015bwiadczenia w zarz\u0105dzaniu i doradztwie, silnego podej\u015bcia analitycznego i zorientowanego na rozwi\u0105zania oraz do\u015bwiadczenia w zarz\u0105dzaniu zasobami ludzkimi, kierowaniu mi\u0119dzynarodowymi i interdyscyplinarnymi zespo\u0142ami oraz optymalizacji proces\u00f3w. Od lat wsp\u00f3\u0142tworz\u0119 programy edukacyjne, wspieram zespo\u0142y, buduj\u0119 organizacje i moderuj\u0119 procesy zmian \u2013 kluczowe zadania, kt\u00f3re s\u0105 r\u00f3wnie\u017c niezb\u0119dne w coachingu i doradztwie. <\/pee><\/li>\n<p><!-- [et_pb_line_break_holder] -->           <\/p>\n<li><span class=\"ques\">Co daje Ci najwi\u0119ksz\u0105 satysfakcj\u0119 w Twojej pracy?&#8230;<\/span><!\u2013- [et_pb_br_holder] -\u2013><\/li>\n<p><!-- [et_pb_line_break_holder] -->         <\/ol>\n<p><!-- [et_pb_line_break_holder] -->        <!-- \n\n<div>Mehr erfahren<\/div>\n\n--><!-- [et_pb_line_break_holder] -->         <\/p>\n<div class=\"primary-color\"><\/div>\n<p><!-- [et_pb_line_break_holder] -->         <\/p>\n<div class=\"bottom-footer\"><!-- [et_pb_line_break_holder] -->             <\/p>\n<div class=\"bottom-footer-container\"><!-- [et_pb_line_break_holder] -->                 <\/p>\n<div class=\"_col\"><!-- [et_pb_line_break_holder] -->                     <a href=\"\/pl\/nasi-trenerzy\/elena-gehrke\/\"> <span class=\"button\">Przejd\u017a do profilu<\/span><\/a><!-- [et_pb_line_break_holder] -->                 <\/div>\n<p><!-- [et_pb_line_break_holder] -->             <\/div>\n<p><!-- [et_pb_line_break_holder] -->         <\/div>\n<p><!-- [et_pb_line_break_holder] -->     <\/div>\n<p><!-- [et_pb_line_break_holder] -->  <\/div>\n<p><!-- [et_pb_line_break_holder] -->  <\/div>\n<p><!-- [et_pb_line_break_holder] -->  <!--Geiersbach--><!-- [et_pb_line_break_holder] -->  <\/p>\n<div class=\"card-list item produkt-jobcoaching produkt-gruendungsberatung sprache-deutsch standort-buchholz standort-stade standort-online themenschwerpunkte-bewerbungstraining themenschwerpunkte-berufsorientierung themenschwerpunkte-vorstellungsgespraeche themenschwerpunkte-persoenliche-positionierung themenschwerpunkte-businessplanerstellung themenschwerpunkte-strategie themenschwerpunkte-finanzplanung themenschwerpunkte-rechtsfragen branchenschwerpunkte-beratung branchenschwerpunkte-dienstleistungen \"><!-- [et_pb_line_break_holder] -->  <\/p>\n<div class=\"card-front\" ><!-- [et_pb_line_break_holder] -->     <\/p>\n<div class=\"cntnt\"><!-- [et_pb_line_break_holder] -->         <img decoding=\"async\" src=\"\/wp-content\/uploads\/2024\/01\/Christine_Geiersbach_prof_pic.webp\"><!-- [et_pb_line_break_holder] -->         <\/p>\n<div class=\"coach-card\"><!-- [et_pb_line_break_holder] -->             <\/p>\n<h2>Christine Geiersbach<\/h2>\n<p><!-- [et_pb_line_break_holder] -->             <\/p>\n<div class=\"coach-desc\"><!-- [et_pb_line_break_holder] -->                 <\/p>\n<div class=\"standort\"><b>Biuro:<\/b> Obecno\u015b\u0107 w: Buchholz, Stade, online w ca\u0142ych Niemczech<\/div>\n<p><!-- [et_pb_line_break_holder] -->                 <\/p>\n<hr>\n<p><!-- [et_pb_line_break_holder] -->                 <\/p>\n<div class=\"specialty\"><b>Produkt:<\/b> Coaching zawodowy, Porady dla os\u00f3b rozpoczynaj\u0105cych dzia\u0142alno\u015b\u0107 gospodarcz\u0105<\/div>\n<p><!-- [et_pb_line_break_holder] -->                 <\/p>\n<hr>\n<p><!-- [et_pb_line_break_holder] -->                 <\/p>\n<div class=\"lang\"><b>J\u0119zyk(i) coachingu:<\/b> niemiecki<\/div>\n<p><!-- [et_pb_line_break_holder] -->                 <\/p>\n<hr>\n<p><!-- [et_pb_line_break_holder] -->             <\/div>\n<p><!-- [et_pb_line_break_holder] -->             <\/p>\n<div class=\"coach-btn\"><!-- [et_pb_line_break_holder] -->                 <\/p>\n<div class=\"link-btn\">Pozna\u0107<\/div>\n<p><!-- [et_pb_line_break_holder] -->             <\/div>\n<p><!-- [et_pb_line_break_holder] -->         <\/div>\n<p><!-- [et_pb_line_break_holder] -->     <\/div>\n<p><!-- [et_pb_line_break_holder] -->  <\/div>\n<p><!-- [et_pb_line_break_holder] -->  <\/p>\n<div class=\"card-back\" onclick=\"location.href='\/pl\/nasi-trenerzy\/christine-geiersbach\/'\" ><!-- [et_pb_line_break_holder] -->     <\/p>\n<div class=\"cntnt\" ><!-- [et_pb_line_break_holder] -->         <\/p>\n<div><!-- [et_pb_line_break_holder] -->         <\/div>\n<p><!-- [et_pb_line_break_holder] -->         <\/p>\n<ol><!-- [et_pb_line_break_holder] -->           <\/p>\n<li><span class=\"ques\">Jakie s\u0105 Twoje kwalifikacje jako trenera\/trenerki?<\/span><!\u2013- [et_pb_br_holder] -\u2013><pee>M\u00f3j ciep\u0142y i empatyczny spos\u00f3b obchodzenia si\u0119 z lud\u017ami! Ponadto moje studia w zakresie edukacji spo\u0142ecznej i organizacyjnej, a nast\u0119pnie Master of Business Administration, dalsze szkolenie jako konsultant systemowy i coach, a tak\u017ce moje do\u015bwiadczenie zawodowe jako mened\u017cera, daj\u0105 kompleksow\u0105 podstaw\u0119 do wspierania innych w realizacji ich projekt\u00f3w.<\/pee> <\/li>\n<li><span class=\"ques\">Co daje Ci najwi\u0119ksz\u0105 satysfakcj\u0119 w Twojej pracy?<\/span><!\u2013- [et_pb_br_holder] -\u2013><\/li>\n<p><!-- [et_pb_line_break_holder] -->         <\/ol>\n<p><!-- [et_pb_line_break_holder] -->        <!-- \n\n<div>Mehr erfahren<\/div>\n\n--><!-- [et_pb_line_break_holder] -->         <\/p>\n<div class=\"primary-color\"><\/div>\n<p><!-- [et_pb_line_break_holder] -->         <\/p>\n<div class=\"bottom-footer\"><!-- [et_pb_line_break_holder] -->             <\/p>\n<div class=\"bottom-footer-container\"><!-- [et_pb_line_break_holder] -->                 <\/p>\n<div class=\"_col\"><!-- [et_pb_line_break_holder] -->                     <a href=\"https:\/\/avgs-gutschein.de\/pl\/nasi-trenerzy\/christine-geiersbach\/\"> <span class=\"button\">Przejd\u017a do profilu<\/span><\/a><!-- [et_pb_line_break_holder] -->                 <\/div>\n<p><!-- [et_pb_line_break_holder] -->             <\/div>\n<p><!-- [et_pb_line_break_holder] -->         <\/div>\n<p><!-- [et_pb_line_break_holder] -->     <\/div>\n<p><!-- [et_pb_line_break_holder] -->  <\/div>\n<p><!-- [et_pb_line_break_holder] -->  <\/div>\n<p><!-- [et_pb_line_break_holder] --> <!--Geissler--><!-- [et_pb_line_break_holder] --> <\/p>\n<div class=\"card-list item produkt-jobcoaching produkt-gruendungsberatung sprache-deutsch standort-hamburg standort-online themenschwerpunkte-bewerbungstraining themenschwerpunkte-stellenrecherche themenschwerpunkte-berufsorientierung themenschwerpunkte-vorstellungsgespraeche themenschwerpunkte-persoenliche-positionierung themenschwerpunkte-businessplanerstellung themenschwerpunkte-strategie themenschwerpunkte-finanzplanung branchenschwerpunkte-beratung branchenschwerpunkte-dienstleistungen branchenschwerpunkte-pflege branchenschwerpunkte-handel \"><!-- [et_pb_line_break_holder] --> <\/p>\n<div class=\"card-front\" ><!-- [et_pb_line_break_holder] -->    <\/p>\n<div class=\"cntnt\"><!-- [et_pb_line_break_holder] -->        <img decoding=\"async\" src=\"\/wp-content\/uploads\/2024\/01\/Kathrin_Geissler_profile-img.webp\"><!-- [et_pb_line_break_holder] -->        <\/p>\n<div class=\"coach-card\"><!-- [et_pb_line_break_holder] -->            <\/p>\n<h2>Kathrin Gei\u00dfler<\/h2>\n<p><!-- [et_pb_line_break_holder] -->            <\/p>\n<div class=\"coach-desc\"><!-- [et_pb_line_break_holder] -->                <\/p>\n<div class=\"standort\"><b>Biuro:<\/b> Obecno\u015b\u0107 w: Hamburgu, online w ca\u0142ych Niemczech<\/div>\n<p><!-- [et_pb_line_break_holder] -->                <\/p>\n<hr>\n<p><!-- [et_pb_line_break_holder] -->                <\/p>\n<div class=\"specialty\"><b>Produkt:<\/b> Coaching zawodowy, Porady dla os\u00f3b rozpoczynaj\u0105cych dzia\u0142alno\u015b\u0107 gospodarcz\u0105<\/div>\n<p><!-- [et_pb_line_break_holder] -->                <\/p>\n<hr>\n<p><!-- [et_pb_line_break_holder] -->                <\/p>\n<div class=\"lang\"><b>J\u0119zyk(i) coachingu:<\/b> niemiecki<\/div>\n<p><!-- [et_pb_line_break_holder] -->                <\/p>\n<hr>\n<p><!-- [et_pb_line_break_holder] -->            <\/div>\n<p><!-- [et_pb_line_break_holder] -->            <\/p>\n<div class=\"coach-btn\"><!-- [et_pb_line_break_holder] -->                <\/p>\n<div class=\"link-btn\">Pozna\u0107<\/div>\n<p><!-- [et_pb_line_break_holder] -->            <\/div>\n<p><!-- [et_pb_line_break_holder] -->        <\/div>\n<p><!-- [et_pb_line_break_holder] -->    <\/div>\n<p><!-- [et_pb_line_break_holder] --> <\/div>\n<p><!-- [et_pb_line_break_holder] --> <\/p>\n<div class=\"card-back\" onclick=\"location.href='\/pl\/nasi-trenerzy\/kathrin-geissler\/'\" ><!-- [et_pb_line_break_holder] -->    <\/p>\n<div class=\"cntnt\" ><!-- [et_pb_line_break_holder] -->        <\/p>\n<div><!-- [et_pb_line_break_holder] -->        <\/div>\n<p><!-- [et_pb_line_break_holder] -->        <\/p>\n<ol><!-- [et_pb_line_break_holder] -->          <\/p>\n<li><span class=\"ques\">Jakie s\u0105 Twoje kwalifikacje jako trenera\/trenerki?<\/span><!\u2013- [et_pb_br_holder] -\u2013><pee>Pasja do wspierania proces\u00f3w rozwojowych, specjalistyczna wiedza z zakresu psychologii, zasob\u00f3w ludzkich i rozwoju organizacyjnego, wieloletnie do\u015bwiadczenie jako coach dla os\u00f3b poszukuj\u0105cych pracy i konsultant start-upowy dla os\u00f3b samozatrudnionych, sprawdzony repertuar metod, m.in. radzenia sobie z w\u0105tpliwo\u015bciami i oskar\u017ceniami, a tak\u017ce wysoki poziom empatii i umiej\u0119tno\u015bci sortowania<!-- [et_pb_line_break_holder] -->        <\/pee><!-- [et_pb_line_break_holder] -->            <\/li>\n<p><!-- [et_pb_line_break_holder] -->          <\/p>\n<li><span class=\"ques\">Co Ci\u0119 motywuje i jakie jest Twoje ulubione zadanie jako trenera\/trenera?<\/span><!\u2013- [et_pb_br_holder] -\u2013><\/li>\n<p><!-- [et_pb_line_break_holder] -->        <\/ol>\n<p><!-- [et_pb_line_break_holder] -->       <!-- \n\n<div>Mehr erfahren<\/div>\n\n--><!-- [et_pb_line_break_holder] -->        <\/p>\n<div class=\"primary-color\"><\/div>\n<p><!-- [et_pb_line_break_holder] -->        <\/p>\n<div class=\"bottom-footer\"><!-- [et_pb_line_break_holder] -->            <\/p>\n<div class=\"bottom-footer-container\"><!-- [et_pb_line_break_holder] -->                <\/p>\n<div class=\"_col\"><!-- [et_pb_line_break_holder] -->                    <a href=\"https:\/\/avgs-gutschein.de\/pl\/nasi-trenerzy\/kathrin-geissler\/\"> <span class=\"button\">Przejd\u017a do profilu<\/span><\/a><!-- [et_pb_line_break_holder] -->                <\/div>\n<p><!-- [et_pb_line_break_holder] -->            <\/div>\n<p><!-- [et_pb_line_break_holder] -->        <\/div>\n<p><!-- [et_pb_line_break_holder] -->    <\/div>\n<p><!-- [et_pb_line_break_holder] --> <\/div>\n<p><!-- [et_pb_line_break_holder] --> <\/div>\n<p><!-- [et_pb_line_break_holder] --> <!--Gieland Stefan--><!-- [et_pb_line_break_holder] --> <\/p>\n<div class=\"card-list item produkt-gruendungsberatung sprache-deutsch standort-lueneburg standort-online themenschwerpunkte-businessplanerstellung themenschwerpunkte-strategie themenschwerpunkte-finanzplanung themenschwerpunkte-rechtsfragen branchenschwerpunkte-beratung branchenschwerpunkte-dienstleistungen branchenschwerpunkte-handel branchenschwerpunkte-handwerk \"><!-- [et_pb_line_break_holder] --> <\/p>\n<div class=\"card-front\" ><!-- [et_pb_line_break_holder] -->    <\/p>\n<div class=\"cntnt\"><!-- [et_pb_line_break_holder] -->        <img decoding=\"async\" src=\"\/wp-content\/uploads\/2024\/01\/Stefan-Gieland.webp\"><!-- [et_pb_line_break_holder] -->        <\/p>\n<div class=\"coach-card\"><!-- [et_pb_line_break_holder] -->            <\/p>\n<h2>Stefan Gieland<\/h2>\n<p><!-- [et_pb_line_break_holder] -->            <\/p>\n<div class=\"coach-desc\"><!-- [et_pb_line_break_holder] -->                <\/p>\n<div class=\"standort\"><b>Biuro:<\/b> Obecno\u015b\u0107 w: L\u00fcneburg, online w ca\u0142ych Niemczech<\/div>\n<p><!-- [et_pb_line_break_holder] -->                <\/p>\n<hr>\n<p><!-- [et_pb_line_break_holder] -->                <\/p>\n<div class=\"specialty\"><b>Produkt:<\/b> Porady dla start-up\u00f3w<\/div>\n<p><!-- [et_pb_line_break_holder] -->                <\/p>\n<hr>\n<p><!-- [et_pb_line_break_holder] -->                <\/p>\n<div class=\"lang\"><b>J\u0119zyk(i) coachingu:<\/b> niemiecki<\/div>\n<p><!-- [et_pb_line_break_holder] -->                <\/p>\n<hr>\n<p><!-- [et_pb_line_break_holder] -->            <\/div>\n<p><!-- [et_pb_line_break_holder] -->            <\/p>\n<div class=\"coach-btn\"><!-- [et_pb_line_break_holder] -->                <\/p>\n<div class=\"link-btn\">Pozna\u0107<\/div>\n<p><!-- [et_pb_line_break_holder] -->            <\/div>\n<p><!-- [et_pb_line_break_holder] -->        <\/div>\n<p><!-- [et_pb_line_break_holder] -->    <\/div>\n<p><!-- [et_pb_line_break_holder] --> <\/div>\n<p><!-- [et_pb_line_break_holder] --> <\/p>\n<div class=\"card-back\" onclick=\"location.href='\/pl\/nasi-trenerzy\/gieland-stefan\/'\" ><!-- [et_pb_line_break_holder] -->    <\/p>\n<div class=\"cntnt\" ><!-- [et_pb_line_break_holder] -->        <\/p>\n<div><!-- [et_pb_line_break_holder] -->        <\/div>\n<p><!-- [et_pb_line_break_holder] -->        <\/p>\n<ol><!-- [et_pb_line_break_holder] -->          <\/p>\n<li><span class=\"ques\">Jakie s\u0105 Twoje kwalifikacje jako trenera\/trenerki?<\/span><!\u2013- [et_pb_br_holder] -\u2013><pee>Opr\u00f3cz moich umiej\u0119tno\u015bci zawodowych, kt\u00f3re zdoby\u0142em dzi\u0119ki uko\u0144czonym z sukcesem studiom, dalszym szkoleniom jako certyfikowany administrator biznesowy w Izbie Przemys\u0142owo-Handlowej, wieloletnim odpowiedzialnym stanowiskom w sektorze prywatnym i jako przedsi\u0119biorca od 2006 r., moi klienci ceni\u0105 moje profesjonalne, indywidualne porady. Charakteryzuje je mieszanka empatii, ustrukturyzowanego podej\u015bcia i praktycznego znaczenia. Nigdy nie trac\u0119 z oczu indywidualnych potrzeb i cel\u00f3w moich klient\u00f3w.<\/pee><!-- [et_pb_line_break_holder] -->            <\/li>\n<p><!-- [et_pb_line_break_holder] -->          <\/p>\n<li><span class=\"ques\">Co daje Ci najwi\u0119ksz\u0105 satysfakcj\u0119 w Twojej pracy?<\/span><!\u2013- [et_pb_br_holder] -\u2013><\/li>\n<p><!-- [et_pb_line_break_holder] -->        <\/ol>\n<p><!-- [et_pb_line_break_holder] -->       <!-- \n\n<div>Mehr erfahren<\/div>\n\n--><!-- [et_pb_line_break_holder] -->        <\/p>\n<div class=\"primary-color\"><\/div>\n<p><!-- [et_pb_line_break_holder] -->        <\/p>\n<div class=\"bottom-footer\"><!-- [et_pb_line_break_holder] -->            <\/p>\n<div class=\"bottom-footer-container\"><!-- [et_pb_line_break_holder] -->                <\/p>\n<div class=\"_col\"><!-- [et_pb_line_break_holder] -->                    <a href=\"https:\/\/avgs-gutschein.de\/pl\/nasi-trenerzy\/gieland-stefan\/\"> <span class=\"button\">Przejd\u017a do profilu<\/span><\/a><!-- [et_pb_line_break_holder] -->                <\/div>\n<p><!-- [et_pb_line_break_holder] -->            <\/div>\n<p><!-- [et_pb_line_break_holder] -->        <\/div>\n<p><!-- [et_pb_line_break_holder] -->    <\/div>\n<p><!-- [et_pb_line_break_holder] --> <\/div>\n<p><!-- [et_pb_line_break_holder] --> <\/div>\n<p><!-- [et_pb_line_break_holder] -->  <!-- Gross--><!-- [et_pb_line_break_holder] --> <\/p>\n<div class=\"card-list item produkt-jobcoaching<!-- [et_pb_line_break_holder] --> produkt-gruendungsberatung<!-- [et_pb_line_break_holder] --> sprache-deutsch<!-- [et_pb_line_break_holder] --> sprache-englisch<!-- [et_pb_line_break_holder] --> standort-online<!-- [et_pb_line_break_holder] --> standort-berlin<!-- [et_pb_line_break_holder] --> themenschwerpunkte-bewerbungstraining<!-- [et_pb_line_break_holder] --> themenschwerpunkte-stellenrecherche<!-- [et_pb_line_break_holder] --> themenschwerpunkte-berufsorientierung<!-- [et_pb_line_break_holder] --> themenschwerpunkte-vorstellungsgespraeche<!-- [et_pb_line_break_holder] --> themenschwerpunkte-persoenliche-positionierung<!-- [et_pb_line_break_holder] --> themenschwerpunkte-businessplanerstellung<!-- [et_pb_line_break_holder] --> themenschwerpunkte-strategie<!-- [et_pb_line_break_holder] --> themenschwerpunkte-finanzplanung<!-- [et_pb_line_break_holder] --> themenschwerpunkte-digitales-marketing<!-- [et_pb_line_break_holder] --> branchenschwerpunkte-beratung<!-- [et_pb_line_break_holder] --> branchenschwerpunkte-handel<!-- [et_pb_line_break_holder] --> branchenschwerpunkte-marketing<!-- [et_pb_line_break_holder] --> branchenschwerpunkte-kommunikation<!-- [et_pb_line_break_holder] --> branchenschwerpunkte-ecommerce<!-- [et_pb_line_break_holder] --> branchenschwerpunkte-start-up&#8221;><!-- [et_pb_line_break_holder] --> <\/p>\n<div class=\"card-front\"><!-- [et_pb_line_break_holder] -->    <\/p>\n<div class=\"cntnt\"><!-- [et_pb_line_break_holder] -->        <img decoding=\"async\" src=\"\/wp-content\/uploads\/2025\/12\/Viktoria_Gross_profile_img.webp\"><!-- [et_pb_line_break_holder] -->        <\/p>\n<div class=\"coach-card\"><!-- [et_pb_line_break_holder] -->            <\/p>\n<h2>Viktoria Gro\u00df<\/h2>\n<p><!-- [et_pb_line_break_holder] -->            <\/p>\n<div class=\"coach-desc\"><!-- [et_pb_line_break_holder] -->                <\/p>\n<div class=\"standort\"><b>Biuro:<\/b> Obecno\u015b\u0107 w: Berlinie, online w ca\u0142ych Niemczech<\/div>\n<p><!-- [et_pb_line_break_holder] -->                <\/p>\n<hr>\n<p><!-- [et_pb_line_break_holder] -->                <\/p>\n<div class=\"specialty\"><b>Produkt:<\/b> Coaching zawodowy, doradztwo w zakresie zak\u0142adania dzia\u0142alno\u015bci gospodarczej<\/div>\n<p><!-- [et_pb_line_break_holder] -->                <\/p>\n<hr>\n<p><!-- [et_pb_line_break_holder] -->                <\/p>\n<div class=\"lang\"><b>J\u0119zyk(i) coachingu: <\/b>Niemiecki Angielski<\/div>\n<p><!-- [et_pb_line_break_holder] -->                <\/p>\n<hr>\n<p><!-- [et_pb_line_break_holder] -->            <\/div>\n<p><!-- [et_pb_line_break_holder] -->            <\/p>\n<div class=\"coach-btn\"><!-- [et_pb_line_break_holder] -->                <\/p>\n<div class=\"link-btn\">Pozna\u0107<\/div>\n<p><!-- [et_pb_line_break_holder] -->            <\/div>\n<p><!-- [et_pb_line_break_holder] -->        <\/div>\n<p><!-- [et_pb_line_break_holder] -->    <\/div>\n<p><!-- [et_pb_line_break_holder] --> <\/div>\n<p><!-- [et_pb_line_break_holder] --> <\/p>\n<div class=\"card-back\" onclick=\"location.href='\/pl\/nasi-trenerzy\/viktoria-gross\/'\"><!-- [et_pb_line_break_holder] -->    <\/p>\n<div class=\"cntnt\"><!-- [et_pb_line_break_holder] -->        <\/p>\n<div><!-- [et_pb_line_break_holder] -->        <\/div>\n<p><!-- [et_pb_line_break_holder] -->        <\/p>\n<ol><!-- [et_pb_line_break_holder] -->          <\/p>\n<li><span class=\"ques\">Jakie kwalifikacje kwalifikuj\u0105 Ci\u0119 jako trenera\/trenera?   <\/span><!\u2013- [et_pb_br_holder] -\u2013><pee>Po ponad 15 latach pracy w badaniach rynku i konsument\u00f3w w firmach takich jak Mars, Storck i Oatly, nauczy\u0142em si\u0119 patrze\u0107 poza liczby i rozumie\u0107, co naprawd\u0119 motywuje ludzi. Dzi\u015b \u0142\u0105cz\u0119 t\u0119 analityczn\u0105 ostro\u015b\u0107 z moim szkoleniem z coachingu systemowego i r\u00f3\u017cnymi dodatkowymi kwalifikacjami \u2013 od uwa\u017cno\u015bci i NLP po stosowan\u0105 neuronauk\u0119.<\/pee><pee><!-- [et_pb_line_break_holder] -->To, co czyni mnie szczeg\u00f3lnie wykwalifikowan\u0105, to znajomo\u015b\u0107 obu stron. Sama by\u0142am w momencie, gdy moja praca straci\u0142a sens, by\u0142am wypalona i musia\u0142am odej\u015b\u0107. Wiem, jak to jest utkn\u0105\u0107 w martwym punkcie, ale wiem te\u017c, jak znale\u017a\u0107 odwag\u0119, by wytycza\u0107 nowe \u015bcie\u017cki. Jako Projektor Mentalny (Human Design) posiadam szczeg\u00f3lny dar: rozpoznaj\u0119 wzorce i potencja\u0142y, kt\u00f3re cz\u0119sto pozostaj\u0105 ukryte dla innych. Wykorzystuj\u0119 go, aby pokaza\u0107 moim klientom ich w\u0142asne s\u0142abe punkty \u2013 z empati\u0105, ale i z niezb\u0119dn\u0105 jasno\u015bci\u0105.<\/pee><\/li>\n<p><!-- [et_pb_line_break_holder] -->          <\/p>\n<li><span class=\"ques\">Co daje Ci najwi\u0119ksz\u0105 satysfakcj\u0119 w Twojej pracy?&#8230;<\/span><!\u2013- [et_pb_br_holder] -\u2013><\/li>\n<p><!-- [et_pb_line_break_holder] -->        <\/ol>\n<p><!-- [et_pb_line_break_holder] -->       <!-- \n\n<div>Mehr erfahren<\/div>\n\n--><!-- [et_pb_line_break_holder] -->        <\/p>\n<div class=\"primary-color\"><\/div>\n<p><!-- [et_pb_line_break_holder] -->        <\/p>\n<div class=\"bottom-footer\"><!-- [et_pb_line_break_holder] -->            <\/p>\n<div class=\"bottom-footer-container\"><!-- [et_pb_line_break_holder] -->                <\/p>\n<div class=\"_col\"><!-- [et_pb_line_break_holder] -->                    <a href=\"\/pl\/nasi-trenerzy\/viktoria-gross\/\"> <span class=\"button\">Przejd\u017a do profilu<\/span><\/a><!-- [et_pb_line_break_holder] -->                <\/div>\n<p><!-- [et_pb_line_break_holder] -->            <\/div>\n<p><!-- [et_pb_line_break_holder] -->        <\/div>\n<p><!-- [et_pb_line_break_holder] -->    <\/div>\n<p><!-- [et_pb_line_break_holder] --> <\/div>\n<p><!-- [et_pb_line_break_holder] --> <\/div>\n<p><!-- [et_pb_line_break_holder] --> <!-- Grossmann--><!-- [et_pb_line_break_holder] --> <\/p>\n<div class=\"card-list item produkt-jobcoaching produkt-gruendungsberatung sprache-deutsch sprache-englisch sprache-spanisch standort-online standort-adendorf standort-lueneburg standort-luebeck themenschwerpunkte-bewerbungstraining themenschwerpunkte-stellenrecherche themenschwerpunkte-berufsorientierung themenschwerpunkte-vorstellungsgespraeche themenschwerpunkte-persoenliche-positionierung themenschwerpunkte-businessplanerstellung themenschwerpunkte-strategie themenschwerpunkte-finanzplanung themenschwerpunkte-digitales-marketing themenschwerpunkte-rechtsfragen branchenschwerpunkte-beratung branchenschwerpunkte-dienstleistungen branchenschwerpunkte-event branchenschwerpunkte-gastronomie branchenschwerpunkte-pflege branchenschwerpunkte-handel branchenschwerpunkte-design branchenschwerpunkte-kultur branchenschwerpunkte-kommunikation branchenschwerpunkte-ngos branchenschwerpunkte-fitness \"><!-- [et_pb_line_break_holder] --> <\/p>\n<div class=\"card-front\" ><!-- [et_pb_line_break_holder] -->    <\/p>\n<div class=\"cntnt\"><!-- [et_pb_line_break_holder] -->        <img decoding=\"async\" src=\"\/wp-content\/uploads\/2023\/12\/S.-Grossmann.webp\"><!-- [et_pb_line_break_holder] -->        <\/p>\n<div class=\"coach-card\"><!-- [et_pb_line_break_holder] -->            <\/p>\n<h2>Stefanie Grossmann<\/h2>\n<p><!-- [et_pb_line_break_holder] -->            <\/p>\n<div class=\"coach-desc\"><!-- [et_pb_line_break_holder] -->                <\/p>\n<div class=\"standort\"><b>Biuro:<\/b> Obecno\u015b\u0107 w:  Adendorf, L\u00fcneburg, L\u00fcbeck, online na terenie ca\u0142ych Niemiec<\/div>\n<p><!-- [et_pb_line_break_holder] -->                <\/p>\n<hr>\n<p><!-- [et_pb_line_break_holder] -->                <\/p>\n<div class=\"specialty\"><b>Produkt:<\/b> Coaching zawodowy, Porady dla os\u00f3b rozpoczynaj\u0105cych dzia\u0142alno\u015b\u0107 gospodarcz\u0105<\/div>\n<p><!-- [et_pb_line_break_holder] -->                <\/p>\n<hr>\n<p><!-- [et_pb_line_break_holder] -->                <\/p>\n<div class=\"lang\"><b>J\u0119zyk(i) coachingu:<\/b> niemiecki, angielski, hiszpa\u0144ski, dobre umiej\u0119tno\u015bci komunikacyjne<\/div>\n<p><!-- [et_pb_line_break_holder] -->                <\/p>\n<hr>\n<p><!-- [et_pb_line_break_holder] -->            <\/div>\n<p><!-- [et_pb_line_break_holder] -->            <\/p>\n<div class=\"coach-btn\"><!-- [et_pb_line_break_holder] -->                <\/p>\n<div class=\"link-btn\">Pozna\u0107<\/div>\n<p><!-- [et_pb_line_break_holder] -->            <\/div>\n<p><!-- [et_pb_line_break_holder] -->        <\/div>\n<p><!-- [et_pb_line_break_holder] -->    <\/div>\n<p><!-- [et_pb_line_break_holder] --> <\/div>\n<p><!-- [et_pb_line_break_holder] --> <\/p>\n<div class=\"card-back\" onclick=\"location.href='\/pl\/nasi-trenerzy\/stefanie-grossmann\/'\" ><!-- [et_pb_line_break_holder] -->    <\/p>\n<div class=\"cntnt\" ><!-- [et_pb_line_break_holder] -->        <\/p>\n<div><!-- [et_pb_line_break_holder] -->        <\/div>\n<p><!-- [et_pb_line_break_holder] -->        <\/p>\n<ol><!-- [et_pb_line_break_holder] -->          <\/p>\n<li><span class=\"ques\">Co m\u00f3wi\u0105 o Tobie Twoi klienci?<\/span><!\u2013- [et_pb_br_holder] -\u2013><pee>Ciekawe pytanie! Czasami nie musz\u0105 nawet wiele m\u00f3wi\u0107. Rado\u015b\u0107 i motywacja, kt\u00f3re otrzymuj\u0105 dzi\u0119ki coachingowi, cz\u0119sto odzwierciedlaj\u0105 si\u0119 w b\u0142ysku w ich oczach. Z energi\u0105 i humorem lubi\u0119 wyrywa\u0107 si\u0119 ze stref komfortu i schemat\u00f3w my\u015blowych w g\u0142owie podczas coachingu i dostarcza\u0107 nowych impuls\u00f3w i perspektyw dla ich w\u0142asnego rozwoju zawodowego. Nigdy si\u0119 nie nudzi. Klienci doceniaj\u0105 m\u00f3j wysoki poziom osobistego zaanga\u017cowania i ciesz\u0105 si\u0119 z motywuj\u0105cego zastrzyku energii, z kt\u00f3rym wracaj\u0105 do domu po sesjach coachingowych. Coaching cz\u0119sto ma trwa\u0142y efekt i nadal z powodzeniem stosuj\u0105 opracowane strategie w swoim \u017cyciu.<\/pee> <\/li>\n<p><!-- [et_pb_line_break_holder] -->          <\/p>\n<li><span class=\"ques\">Jak digitalizacja zmieni og\u00f3lny biznes coachingowy? I jak sobie z tym poradzisz?&#8230;<\/span><!\u2013- [et_pb_br_holder] -\u2013><\/li>\n<p><!-- [et_pb_line_break_holder] -->        <\/ol>\n<p><!-- [et_pb_line_break_holder] -->       <!-- \n\n<div>Mehr erfahren<\/div>\n\n--><!-- [et_pb_line_break_holder] -->        <\/p>\n<div class=\"primary-color\"><\/div>\n<p><!-- [et_pb_line_break_holder] -->        <\/p>\n<div class=\"bottom-footer\"><!-- [et_pb_line_break_holder] -->            <\/p>\n<div class=\"bottom-footer-container\"><!-- [et_pb_line_break_holder] -->                <\/p>\n<div class=\"_col\"><!-- [et_pb_line_break_holder] -->                    <a href=\"https:\/\/avgs-gutschein.de\/pl\/nasi-trenerzy\/stefanie-grossmann\/\"> <span class=\"button\">Przejd\u017a do profilu<\/span><\/a><!-- [et_pb_line_break_holder] -->                <\/div>\n<p><!-- [et_pb_line_break_holder] -->            <\/div>\n<p><!-- [et_pb_line_break_holder] -->        <\/div>\n<p><!-- [et_pb_line_break_holder] -->    <\/div>\n<p><!-- [et_pb_line_break_holder] --> <\/div>\n<p><!-- [et_pb_line_break_holder] --> <\/div>\n<p><!-- [et_pb_line_break_holder] --> <!-- Hachmeister<!-- [et_pb_line_break_holder] --> <\/p>\n<div class=\"card-list item produkt-jobcoaching produkt-gruendungsberatung sprache-deutsch standort-online standort-muenchen standort-frankfurt standort-hannover standort-oldenburg themenschwerpunkte-bewerbungstraining themenschwerpunkte-stellenrecherche themenschwerpunkte-berufsorientierung themenschwerpunkte-vorstellungsgespraeche themenschwerpunkte-persoenliche-positionierung themenschwerpunkte-businessplanerstellung themenschwerpunkte-strategie themenschwerpunkte-finanzplanung themenschwerpunkte-digitales-marketing branchenschwerpunkte-beratung branchenschwerpunkte-dienstleistungen branchenschwerpunkte-handel branchenschwerpunkte-handwerk \"><!-- [et_pb_line_break_holder] --> <\/p>\n<div class=\"card-front\" ><!-- [et_pb_line_break_holder] -->    <\/p>\n<div class=\"cntnt\"><!-- [et_pb_line_break_holder] -->        <img decoding=\"async\" src=\"\/wp-content\/uploads\/2024\/03\/Dirk_Hachmeister_profile-pic.webp\"><!-- [et_pb_line_break_holder] -->        <\/p>\n<div class=\"coach-card\"><!-- [et_pb_line_break_holder] -->            <\/p>\n<h2>Dirk Hachmeister<\/h2>\n<p><!-- [et_pb_line_break_holder] -->            <\/p>\n<div class=\"coach-desc\"><!-- [et_pb_line_break_holder] -->                <\/p>\n<div class=\"standort\"><b>Biuro:<\/b> online na terenie ca\u0142ych Niemiec<\/div>\n<p><!-- [et_pb_line_break_holder] -->                <\/p>\n<hr>\n<p><!-- [et_pb_line_break_holder] -->                <\/p>\n<div class=\"specialty\"><b>Produkt:<\/b> Coaching zawodowy, Porady dla os\u00f3b rozpoczynaj\u0105cych dzia\u0142alno\u015b\u0107 gospodarcz\u0105<\/div>\n<p><!-- [et_pb_line_break_holder] -->                <\/p>\n<hr>\n<p><!-- [et_pb_line_break_holder] -->                <\/p>\n<div class=\"lang\"><b>J\u0119zyk(i) coachingu:<\/b> niemiecki<\/div>\n<p><!-- [et_pb_line_break_holder] -->                <\/p>\n<hr>\n<p><!-- [et_pb_line_break_holder] -->            <\/div>\n<p><!-- [et_pb_line_break_holder] -->            <\/p>\n<div class=\"coach-btn\"><!-- [et_pb_line_break_holder] -->                <\/p>\n<div class=\"link-btn\">Pozna\u0107<\/div>\n<p><!-- [et_pb_line_break_holder] -->            <\/div>\n<p><!-- [et_pb_line_break_holder] -->        <\/div>\n<p><!-- [et_pb_line_break_holder] -->    <\/div>\n<p><!-- [et_pb_line_break_holder] --> <\/div>\n<p><!-- [et_pb_line_break_holder] --> <\/p>\n<div class=\"card-back\" onclick=\"location.href='\/pl\/nasi-trenerzy\/dirk-hachmeister\/'\" ><!-- [et_pb_line_break_holder] -->    <\/p>\n<div class=\"cntnt\" ><!-- [et_pb_line_break_holder] -->        <\/p>\n<div><!-- [et_pb_line_break_holder] -->        <\/div>\n<p><!-- [et_pb_line_break_holder] -->        <\/p>\n<ol><!-- [et_pb_line_break_holder] -->          <\/p>\n<li><span class=\"ques\">Jakie s\u0105 Twoje kwalifikacje jako trenera\/trenerki?<\/span><!\u2013- [et_pb_br_holder] -\u2013><pee>Nie mam teoretycznego harmonogramu, poniewa\u017c ka\u017cdy startup i ka\u017cdy za\u0142o\u017cyciel jest inny. Moje bogate do\u015bwiadczenie w obszarze startup\u00f3w i zarz\u0105dzania firm\u0105, a tak\u017ce moja wysoka gotowo\u015b\u0107 do adaptacji, pozwalaj\u0105 mi anga\u017cowa\u0107 si\u0119 w ka\u017cdy projekt indywidualnie. Moje do\u015bwiadczenie z dw\u00f3ch moich w\u0142asnych udanych startup\u00f3w powinno pom\u00f3c klientowi od razu rozpocz\u0105\u0107 udany start.<\/pee> <\/li>\n<p><!-- [et_pb_line_break_holder] -->          <\/p>\n<li><span class=\"ques\">Co daje Ci najwi\u0119ksz\u0105 satysfakcj\u0119 w Twojej pracy?<\/span><!\u2013- [et_pb_br_holder] -\u2013><\/li>\n<p><!-- [et_pb_line_break_holder] -->        <\/ol>\n<p><!-- [et_pb_line_break_holder] -->       <!-- \n\n<div>Mehr erfahren<\/div>\n\n<!-- [et_pb_line_break_holder] -->        <\/p>\n<div class=\"primary-color\"><\/div>\n<p><!-- [et_pb_line_break_holder] -->        <\/p>\n<div class=\"bottom-footer\"><!-- [et_pb_line_break_holder] -->            <\/p>\n<div class=\"bottom-footer-container\"><!-- [et_pb_line_break_holder] -->                <\/p>\n<div class=\"_col\"><!-- [et_pb_line_break_holder] -->                    <a href=\"https:\/\/avgs-gutschein.de\/pl\/nasi-trenerzy\/dirk-hachmeister\/\"> <span class=\"button\">Przejd\u017a do profilu<\/span><\/a><!-- [et_pb_line_break_holder] -->                <\/div>\n<p><!-- [et_pb_line_break_holder] -->            <\/div>\n<p><!-- [et_pb_line_break_holder] -->        <\/div>\n<p><!-- [et_pb_line_break_holder] -->    <\/div>\n<p><!-- [et_pb_line_break_holder] --> <\/div>\n<p><!-- [et_pb_line_break_holder] --> <\/div>\n<p>&#8211;><!-- [et_pb_line_break_holder] --> <!-- Helms--><!-- [et_pb_line_break_holder] --> <\/p>\n<div class=\"card-list item produkt-jobcoaching produkt-gruendungsberatung sprache-deutsch sprache-englisch sprache-niederl\u00e4ndisch standort-online standort-lueneburg themenschwerpunkte-stellenrecherche themenschwerpunkte-berufsorientierung themenschwerpunkte-persoenliche-positionierung themenschwerpunkte-businessplanerstellung themenschwerpunkte-strategie themenschwerpunkte-digitales-marketing themenschwerpunkte-lpp branchenschwerpunkte-beratung branchenschwerpunkte-dienstleistungen branchenschwerpunkte-event branchenschwerpunkte-handwerk branchenschwerpunkte-kommunikation \"><!-- [et_pb_line_break_holder] --> <\/p>\n<div class=\"card-front\" ><!-- [et_pb_line_break_holder] -->    <\/p>\n<div class=\"cntnt\"><!-- [et_pb_line_break_holder] -->        <img decoding=\"async\" src=\"\/wp-content\/uploads\/2023\/12\/Sabrina-Helms.webp\"><!-- [et_pb_line_break_holder] -->        <\/p>\n<div class=\"coach-card\"><!-- [et_pb_line_break_holder] -->            <\/p>\n<h2>Sabrina Helms<\/h2>\n<p><!-- [et_pb_line_break_holder] -->            <\/p>\n<div class=\"coach-desc\"><!-- [et_pb_line_break_holder] -->                <\/p>\n<div class=\"standort\"><b>Biuro:<\/b> Obecno\u015b\u0107 w: L\u00fcneburg, online na terenie ca\u0142ych Niemiec<\/div>\n<p><!-- [et_pb_line_break_holder] -->                <\/p>\n<hr>\n<p><!-- [et_pb_line_break_holder] -->                <\/p>\n<div class=\"specialty\"><b>Produkt:<\/b> Coaching zawodowy, Porady dla os\u00f3b rozpoczynaj\u0105cych dzia\u0142alno\u015b\u0107 gospodarcz\u0105<\/div>\n<p><!-- [et_pb_line_break_holder] -->                <\/p>\n<hr>\n<p><!-- [et_pb_line_break_holder] -->                <\/p>\n<div class=\"lang\"><b>J\u0119zyk(i) coachingu:<\/b> niemiecki, angielski, holenderski<\/div>\n<p><!-- [et_pb_line_break_holder] -->                <\/p>\n<hr>\n<p><!-- [et_pb_line_break_holder] -->            <\/div>\n<p><!-- [et_pb_line_break_holder] -->            <\/p>\n<div class=\"coach-btn\"><!-- [et_pb_line_break_holder] -->                <\/p>\n<div class=\"link-btn\">Pozna\u0107<\/div>\n<p><!-- [et_pb_line_break_holder] -->            <\/div>\n<p><!-- [et_pb_line_break_holder] -->        <\/div>\n<p><!-- [et_pb_line_break_holder] -->    <\/div>\n<p><!-- [et_pb_line_break_holder] --> <\/div>\n<p><!-- [et_pb_line_break_holder] --> <\/p>\n<div class=\"card-back\" onclick=\"location.href='\/pl\/nasi-trenerzy\/sabrina-helms\/'\" ><!-- [et_pb_line_break_holder] -->    <\/p>\n<div class=\"cntnt\" ><!-- [et_pb_line_break_holder] -->        <\/p>\n<div><!-- [et_pb_line_break_holder] -->        <\/div>\n<p><!-- [et_pb_line_break_holder] -->        <\/p>\n<ol><!-- [et_pb_line_break_holder] -->          <\/p>\n<li><span class=\"ques\">Jakie s\u0105 Twoje kwalifikacje jako trenera\/trenerki?<\/span><!\u2013- [et_pb_br_holder] -\u2013><pee>Po moich pierwszych osobistych do\u015bwiadczeniach z coachingiem by\u0142em tak zafascynowany mo\u017cliwo\u015bciami i wynikami, \u017ce w 2012 roku postanowi\u0142em rozpocz\u0105\u0107 szkolenie coachingowe w niepe\u0142nym wymiarze godzin. Podczas dwuletniego szkolenia, aby zosta\u0107 systemowym coachem biznesowym, nauczy\u0142em si\u0119 wiele o sobie, ale oczywi\u015bcie tak\u017ce o zasadach i metodach coachingu. Jedn\u0105 z najwa\u017cniejszych rzeczy, kt\u00f3rych si\u0119 nauczy\u0142em w tym czasie, by\u0142o to, \u017ce stopniowo by\u0142em w stanie lepiej ocenia\u0107 i rozumie\u0107 ludzi oraz ich motywy dzia\u0142a\u0144. Po pomy\u015blnym uko\u0144czeniu szkolenia, w 2015 roku za\u0142o\u017cy\u0142em w\u0142asn\u0105 dzia\u0142alno\u015b\u0107 w niepe\u0142nym wymiarze godzin w zakresie coachingu i doradztwa (www.grenzeimkopf.de).<\/pee> <pee>Od tego czasu pracowa\u0142am z wieloma r\u00f3\u017cnymi klientami i wypracowa\u0142am rozwi\u0105zania dostosowane do ich w\u0142asnych ogranicze\u0144 psychicznych.<\/pee><!-- [et_pb_line_break_holder] -->            <\/li>\n<p><!-- [et_pb_line_break_holder] -->          <\/p>\n<li><span class=\"ques\">Jakie mierzalne wyniki uda\u0142o Ci si\u0119 osi\u0105gn\u0105\u0107 wsp\u00f3lnie z klientami i co Ci\u0119 wyr\u00f3\u017cnia?<\/span><!\u2013- [et_pb_br_holder] -\u2013><\/li>\n<p><!-- [et_pb_line_break_holder] -->        <\/ol>\n<p><!-- [et_pb_line_break_holder] -->       <!-- \n\n<div>Mehr erfahren<\/div>\n\n--><!-- [et_pb_line_break_holder] -->        <\/p>\n<div class=\"primary-color\"><\/div>\n<p><!-- [et_pb_line_break_holder] -->        <\/p>\n<div class=\"bottom-footer\"><!-- [et_pb_line_break_holder] -->            <\/p>\n<div class=\"bottom-footer-container\"><!-- [et_pb_line_break_holder] -->                <\/p>\n<div class=\"_col\"><!-- [et_pb_line_break_holder] -->                    <a href=\"https:\/\/avgs-gutschein.de\/pl\/nasi-trenerzy\/sabrina-helms\/\"> <span class=\"button\">Przejd\u017a do profilu<\/span><\/a><!-- [et_pb_line_break_holder] -->                <\/div>\n<p><!-- [et_pb_line_break_holder] -->            <\/div>\n<p><!-- [et_pb_line_break_holder] -->        <\/div>\n<p><!-- [et_pb_line_break_holder] -->    <\/div>\n<p><!-- [et_pb_line_break_holder] --> <\/div>\n<p><!-- [et_pb_line_break_holder] --> <\/div>\n<p><!-- [et_pb_line_break_holder] --> <!-- H\u00f6lm--><!-- [et_pb_line_break_holder] --> <\/p>\n<div class=\"card-list item produkt-jobcoaching produkt-gruendungsberatung sprache-deutsch standort-online standort-lueneburg standort-soltau themenschwerpunkte-bewerbungstraining themenschwerpunkte-stellenrecherche themenschwerpunkte-berufsorientierung themenschwerpunkte-vorstellungsgespraeche themenschwerpunkte-persoenliche-positionierung themenschwerpunkte-businessplanerstellung themenschwerpunkte-strategie themenschwerpunkte-finanzplanung themenschwerpunkte-digitales-marketing themenschwerpunkte-rechtsfragen branchenschwerpunkte-beratung branchenschwerpunkte-dienstleistungen branchenschwerpunkte-energie branchenschwerpunkte-event branchenschwerpunkte-gastronomie branchenschwerpunkte-pflege branchenschwerpunkte-handel branchenschwerpunkte-handwerk branchenschwerpunkte-design branchenschwerpunkte-kommunikation branchenschwerpunkte-ngos branchenschwerpunkte-fitness \"><!-- [et_pb_line_break_holder] --> <\/p>\n<div class=\"card-front\" ><!-- [et_pb_line_break_holder] -->    <\/p>\n<div class=\"cntnt\"><!-- [et_pb_line_break_holder] -->        <img decoding=\"async\" src=\"\/wp-content\/uploads\/2024\/01\/Bjoern_Holm_profile_pic.webp\"><!-- [et_pb_line_break_holder] -->        <\/p>\n<div class=\"coach-card\"><!-- [et_pb_line_break_holder] -->            <\/p>\n<h2>Bj\u00f6rn Holm<\/h2>\n<p><!-- [et_pb_line_break_holder] -->            <\/p>\n<div class=\"coach-desc\"><!-- [et_pb_line_break_holder] -->                <\/p>\n<div class=\"standort\"><b>Biuro:<\/b> Obecno\u015b\u0107 w: L\u00fcneburg, Soltau, online na terenie ca\u0142ych Niemiec<\/div>\n<p><!-- [et_pb_line_break_holder] -->                <\/p>\n<hr>\n<p><!-- [et_pb_line_break_holder] -->                <\/p>\n<div class=\"specialty\"><b>Produkt:<\/b> Coaching zawodowy, Porady dla os\u00f3b rozpoczynaj\u0105cych dzia\u0142alno\u015b\u0107 gospodarcz\u0105<\/div>\n<p><!-- [et_pb_line_break_holder] -->                <\/p>\n<hr>\n<p><!-- [et_pb_line_break_holder] -->                <\/p>\n<div class=\"lang\"><b>J\u0119zyk(i) coachingu:<\/b> niemiecki<\/div>\n<p><!-- [et_pb_line_break_holder] -->                <\/p>\n<hr>\n<p><!-- [et_pb_line_break_holder] -->            <\/div>\n<p><!-- [et_pb_line_break_holder] -->            <\/p>\n<div class=\"coach-btn\"><!-- [et_pb_line_break_holder] -->                <\/p>\n<div class=\"link-btn\">Pozna\u0107<\/div>\n<p><!-- [et_pb_line_break_holder] -->            <\/div>\n<p><!-- [et_pb_line_break_holder] -->        <\/div>\n<p><!-- [et_pb_line_break_holder] -->    <\/div>\n<p><!-- [et_pb_line_break_holder] --> <\/div>\n<p><!-- [et_pb_line_break_holder] --> <\/p>\n<div class=\"card-back\" onclick=\"location.href='\/pl\/nasi-trenerzy\/bjoern-holm\/'\" ><!-- [et_pb_line_break_holder] -->    <\/p>\n<div class=\"cntnt\" ><!-- [et_pb_line_break_holder] -->        <\/p>\n<div><!-- [et_pb_line_break_holder] -->        <\/div>\n<p><!-- [et_pb_line_break_holder] -->        <\/p>\n<ol><!-- [et_pb_line_break_holder] -->          <\/p>\n<li><span class=\"ques\">Jakie s\u0105 Twoje kwalifikacje jako trenera\/trenerki?<\/span><!\u2013- [et_pb_br_holder] -\u2013><pee>Co mnie kwalifikuje? M\u00f3j entuzjazm dla ludzi! Ten entuzjazm sprawia, \u017ce &#038;ZeroWidthSpace;&#038;ZeroWidthSpace;towarzysz\u0119 i wspieram ludzi w ich rozwoju osobistym i zawodowym. Zawsze jestem ciekawa indywidualnych wyzwa\u0144 i potrzeb ka\u017cdej osoby i pracuj\u0119 z ni\u0105, aby opracowa\u0107 rozwi\u0105zania dostosowane do jej potencja\u0142u i talent\u00f3w, a tak\u017ce jej niedoskona\u0142o\u015bci. Jako profesjonalny coach jestem systemowym coachem i coachem biznesowym, certyfikowanym zgodnie z DVBC, IOBC i FCG. Ponadto zawsze mog\u0119 skorzysta\u0107 z mojego do\u015bwiadczenia jako mened\u017cera i dyrektora w r\u00f3\u017cnych firmach, a tak\u017ce z mojego dyplomu z technicznej administracji biznesowej.<!-- [et_pb_line_break_holder] -->        <\/pee> <\/li>\n<p><!-- [et_pb_line_break_holder] -->          <\/p>\n<li><span class=\"ques\">Co daje Ci najwi\u0119ksz\u0105 satysfakcj\u0119 w Twojej pracy?<\/span><!\u2013- [et_pb_br_holder] -\u2013><\/li>\n<p><!-- [et_pb_line_break_holder] -->        <\/ol>\n<p><!-- [et_pb_line_break_holder] -->       <!-- \n\n<div>Mehr erfahren<\/div>\n\n--><!-- [et_pb_line_break_holder] -->        <\/p>\n<div class=\"primary-color\"><\/div>\n<p><!-- [et_pb_line_break_holder] -->        <\/p>\n<div class=\"bottom-footer\"><!-- [et_pb_line_break_holder] -->            <\/p>\n<div class=\"bottom-footer-container\"><!-- [et_pb_line_break_holder] -->                <\/p>\n<div class=\"_col\"><!-- [et_pb_line_break_holder] -->                    <a href=\"https:\/\/avgs-gutschein.de\/pl\/nasi-trenerzy\/bjoern-holm\/\"> <span class=\"button\">Przejd\u017a do profilu<\/span><\/a><!-- [et_pb_line_break_holder] -->                <\/div>\n<p><!-- [et_pb_line_break_holder] -->            <\/div>\n<p><!-- [et_pb_line_break_holder] -->        <\/div>\n<p><!-- [et_pb_line_break_holder] -->    <\/div>\n<p><!-- [et_pb_line_break_holder] --> <\/div>\n<p><!-- [et_pb_line_break_holder] --> <\/div>\n<p><!-- [et_pb_line_break_holder] --> <!-- H\u00fcbner --><!-- [et_pb_line_break_holder] --> <\/p>\n<div class=\"card-list item produkt-jobcoaching produkt-gruendungsberatung sprache-deutsch sprache-englisch sprache-polnisch standort-online standort-erfurt themenschwerpunkte-bewerbungstraining themenschwerpunkte-stellenrecherche themenschwerpunkte-berufsorientierung themenschwerpunkte-vorstellungsgespraeche themenschwerpunkte-persoenliche-positionierung themenschwerpunkte-businessplanerstellung themenschwerpunkte-finanzplanung themenschwerpunkte-digitales-marketing themenschwerpunkte-rechtsfragen branchenschwerpunkte-beratung branchenschwerpunkte-dienstleistungen branchenschwerpunkte-event branchenschwerpunkte-gastronomie branchenschwerpunkte-pflege branchenschwerpunkte-handel branchenschwerpunkte-design branchenschwerpunkte-kultur branchenschwerpunkte-kommunikation branchenschwerpunkte-ngos branchenschwerpunkte-fitness \"><!-- [et_pb_line_break_holder] --> <\/p>\n<div class=\"card-front\" ><!-- [et_pb_line_break_holder] -->    <\/p>\n<div class=\"cntnt\"><!-- [et_pb_line_break_holder] -->        <img decoding=\"async\" src=\"\/wp-content\/uploads\/2023\/12\/Monika-Huebner.webp\"><!-- [et_pb_line_break_holder] -->        <\/p>\n<div class=\"coach-card\"><!-- [et_pb_line_break_holder] -->            <\/p>\n<h2>Monika H\u00fcbner<\/h2>\n<p><!-- [et_pb_line_break_holder] -->            <\/p>\n<div class=\"coach-desc\"><!-- [et_pb_line_break_holder] -->                <\/p>\n<div class=\"standort\"><b>Biuro:<\/b> Obecno\u015b\u0107 w: Erfurt, online w ca\u0142ych Niemczech<\/div>\n<p><!-- [et_pb_line_break_holder] -->                <\/p>\n<hr>\n<p><!-- [et_pb_line_break_holder] -->                <\/p>\n<div class=\"specialty\"><b>Produkt:<\/b> Coaching zawodowy, Porady dla os\u00f3b rozpoczynaj\u0105cych dzia\u0142alno\u015b\u0107 gospodarcz\u0105<\/div>\n<p><!-- [et_pb_line_break_holder] -->                <\/p>\n<hr>\n<p><!-- [et_pb_line_break_holder] -->                <\/p>\n<div class=\"lang\"><b>J\u0119zyk(i) coachingu:<\/b> niemiecki, angielski, polski<\/div>\n<p><!-- [et_pb_line_break_holder] -->                <\/p>\n<hr>\n<p><!-- [et_pb_line_break_holder] -->            <\/div>\n<p><!-- [et_pb_line_break_holder] -->            <\/p>\n<div class=\"coach-btn\"><!-- [et_pb_line_break_holder] -->                <\/p>\n<div class=\"link-btn\">Pozna\u0107<\/div>\n<p><!-- [et_pb_line_break_holder] -->            <\/div>\n<p><!-- [et_pb_line_break_holder] -->        <\/div>\n<p><!-- [et_pb_line_break_holder] -->    <\/div>\n<p><!-- [et_pb_line_break_holder] --> <\/div>\n<p><!-- [et_pb_line_break_holder] --> <\/p>\n<div class=\"card-back\" onclick=\"location.href='\/pl\/nasi-trenerzy\/monika-huebner\/'\" ><!-- [et_pb_line_break_holder] -->    <\/p>\n<div class=\"cntnt\" ><!-- [et_pb_line_break_holder] -->        <\/p>\n<div><!-- [et_pb_line_break_holder] -->        <\/div>\n<p><!-- [et_pb_line_break_holder] -->        <\/p>\n<ol><!-- [et_pb_line_break_holder] -->          <\/p>\n<li><span class=\"ques\">Jakie s\u0105 Twoje kwalifikacje jako trenera\/trenerki?<\/span><!\u2013- [et_pb_br_holder] -\u2013><pee>Czuj\u0119 si\u0119 powo\u0142any do bycia coachem zawodowym lub coachem start-up\u00f3w, poniewa\u017c sam mog\u0119 wspomina\u0107 wiele moment\u00f3w reorientacji zawodowej. Moje osobiste do\u015bwiadczenie, a tak\u017ce liczne szkolenia i kursy dokszta\u0142caj\u0105ce pozwalaj\u0105 mi projektowa\u0107 z Tob\u0105 now\u0105 przysz\u0142o\u015b\u0107. Porozmawiajmy o tym!<\/pee><!-- [et_pb_line_break_holder] -->           <pee>Moje do\u015bwiadczenie obejmuje bogate do\u015bwiadczenie w gospodarce krajowej i mi\u0119dzynarodowej. Jako mened\u017cer i konsultant, cieszy\u0142em si\u0119 zaufaniem ponad 150 znanych firm, w tym z sektora IT, technologii i produkcji. Przez wiele lat zapewnia\u0142em r\u00f3wnie\u017c wsparcie proces\u00f3w i doradztwo projektowe dla r\u00f3\u017cnych firm w Dolinie Krzemowej. New Work to dla mnie co\u015b wi\u0119cej ni\u017c tylko modne s\u0142owo, poniewa\u017c pozna\u0142em wsp\u00f3\u0142czesny \u015bwiat pracy \u201eod \u015brodka\u201d. Oznacza to, \u017ce wiem, na co pracodawcy b\u0119d\u0105 zwraca\u0107 wi\u0119ksz\u0105 uwag\u0119 w przysz\u0142o\u015bci. Znam r\u00f3\u017cne kultury korporacyjne i mog\u0119 pom\u00f3c Ci indywidualnie si\u0119 w nich rozwija\u0107.<\/pee><!-- [et_pb_line_break_holder] --><!-- [et_pb_line_break_holder] -->           <pee>Przeprowadzki do innych miast, a nawet kraj\u00f3w, a tak\u017ce okoliczno\u015bci osobiste \u201ewyrywa\u0142y\u201d mnie z korzeniami zawodowo kilkakrotnie: na przyk\u0142ad jako rodowity Polak musia\u0142em odnale\u017a\u0107 si\u0119 w Niemczech w 1990 roku, gdzie moje kwalifikacje nie by\u0142y uznawane. Mimo to szybko zosta\u0142em dyrektorem renomowanej szko\u0142y j\u0119zykowej. Kiedy przeprowadzi\u0142em si\u0119 do Kanady, mog\u0142em podpisa\u0107 umow\u0119 o prac\u0119 z bardzo dobrym pracodawc\u0105 po zaledwie dw\u00f3ch miesi\u0105cach w nowym kraju. Kiedy wr\u00f3ci\u0142em do Niemiec, mog\u0142em bezproblemowo podj\u0105\u0107 si\u0119 nowej roli.<\/pee><!-- [et_pb_line_break_holder] --><!-- [et_pb_line_break_holder] -->           <pee>Jako doradca zawodowy chcia\u0142bym przekaza\u0107 swoje osobiste do\u015bwiadczenia i strategie osi\u0105gni\u0119cia sukcesu innym osobom.<\/pee><!-- [et_pb_line_break_holder] --><!-- [et_pb_line_break_holder] -->           <pee>Moj\u0105 specjalno\u015bci\u0105 jest temat pracy. Poniewa\u017c sp\u0119dzamy znaczn\u0105 cz\u0119\u015b\u0107 naszego czasu w pracy, a (nie)zadowolenie stamt\u0105d promieniuje na wszystkie inne obszary \u017cycia! Dla mnie szkolenie Career Navigator\u00ae wed\u0142ug Angeliki Gulder, kt\u00f3re uko\u0144czy\u0142am w 2013 r., jest szczeg\u00f3lnie istotne dla coachingu orientacji zawodowej. Dziesi\u0119\u0107 lat p\u00f3\u017aniej uzupe\u0142ni\u0142am swoj\u0105 kompetencj\u0119 metodologiczn\u0105 w zakresie job coachingu o podej\u015bcia z zakresu design thinking. Jako cz\u0142onkini German Coaching Association i International Coaching Federation nieustannie uczestnicz\u0119 w kursach dokszta\u0142caj\u0105cych.<\/pee><!-- [et_pb_line_break_holder] -->            <\/li>\n<p><!-- [et_pb_line_break_holder] -->          <\/p>\n<li><span class=\"ques\">Jakie mierzalne wyniki uda\u0142o Ci si\u0119 osi\u0105gn\u0105\u0107 wsp\u00f3lnie z klientami i co Ci\u0119 wyr\u00f3\u017cnia?<\/span><!\u2013- [et_pb_br_holder] -\u2013><\/li>\n<p><!-- [et_pb_line_break_holder] -->        <\/ol>\n<p><!-- [et_pb_line_break_holder] -->       <!-- \n\n<div>Mehr erfahren<\/div>\n\n--><!-- [et_pb_line_break_holder] -->        <\/p>\n<div class=\"primary-color\"><\/div>\n<p><!-- [et_pb_line_break_holder] -->        <\/p>\n<div class=\"bottom-footer\"><!-- [et_pb_line_break_holder] -->            <\/p>\n<div class=\"bottom-footer-container\"><!-- [et_pb_line_break_holder] -->                <\/p>\n<div class=\"_col\"><!-- [et_pb_line_break_holder] -->                    <a href=\"https:\/\/avgs-gutschein.de\/pl\/nasi-trenerzy\/monika-huebner\/\"> <span class=\"button\">Przejd\u017a do profilu<\/span><\/a><!-- [et_pb_line_break_holder] -->                <\/div>\n<p><!-- [et_pb_line_break_holder] -->            <\/div>\n<p><!-- [et_pb_line_break_holder] -->        <\/div>\n<p><!-- [et_pb_line_break_holder] -->    <\/div>\n<p><!-- [et_pb_line_break_holder] --> <\/div>\n<p><!-- [et_pb_line_break_holder] --> <\/div>\n<p><!-- [et_pb_line_break_holder] --> <!--Jurgeneit <!-- [et_pb_line_break_holder] --> <\/p>\n<div class=\"card-list item produkt-jobcoaching produkt-gruendungsberatung sprache-deutsch standort-online standort-muenchen standort-frankfurt standort-moenchengladbach standort-essen themenschwerpunkte-bewerbungstraining themenschwerpunkte-berufsorientierung themenschwerpunkte-vorstellungsgespraeche themenschwerpunkte-persoenliche-positionierung themenschwerpunkte-businessplanerstellung themenschwerpunkte-strategie themenschwerpunkte-digitales-marketing branchenschwerpunkte-beratung branchenschwerpunkte-dienstleistungen branchenschwerpunkte-pflege branchenschwerpunkte-kultur branchenschwerpunkte-kommunikation \"><!-- [et_pb_line_break_holder] --> <\/p>\n<div class=\"card-front\" ><!-- [et_pb_line_break_holder] -->    <\/p>\n<div class=\"cntnt\"><!-- [et_pb_line_break_holder] -->        <img decoding=\"async\" src=\"\/wp-content\/uploads\/2024\/01\/Dr_Imke_Jurgeneit_profile_img.webp\"><!-- [et_pb_line_break_holder] -->        <\/p>\n<div class=\"coach-card\"><!-- [et_pb_line_break_holder] -->            <\/p>\n<h2>Dr. Imke Jurgeneit<\/h2>\n<p><!-- [et_pb_line_break_holder] -->            <\/p>\n<div class=\"coach-desc\"><!-- [et_pb_line_break_holder] -->                <\/p>\n<div class=\"standort\"><b>Biuro:<\/b> online na terenie ca\u0142ych Niemiec<\/div>\n<p><!-- [et_pb_line_break_holder] -->                <\/p>\n<hr>\n<p><!-- [et_pb_line_break_holder] -->                <\/p>\n<div class=\"specialty\"><b>Produkt:<\/b> Coaching zawodowy, Porady dla os\u00f3b rozpoczynaj\u0105cych dzia\u0142alno\u015b\u0107 gospodarcz\u0105<\/div>\n<p><!-- [et_pb_line_break_holder] -->                <\/p>\n<hr>\n<p><!-- [et_pb_line_break_holder] -->                <\/p>\n<div class=\"lang\"><b>J\u0119zyk(i) coachingu:<\/b> niemiecki<\/div>\n<p><!-- [et_pb_line_break_holder] -->                <\/p>\n<hr>\n<p><!-- [et_pb_line_break_holder] -->            <\/div>\n<p><!-- [et_pb_line_break_holder] -->            <\/p>\n<div class=\"coach-btn\"><!-- [et_pb_line_break_holder] -->                <\/p>\n<div class=\"link-btn\">Pozna\u0107<\/div>\n<p><!-- [et_pb_line_break_holder] -->            <\/div>\n<p><!-- [et_pb_line_break_holder] -->        <\/div>\n<p><!-- [et_pb_line_break_holder] -->    <\/div>\n<p><!-- [et_pb_line_break_holder] --> <\/div>\n<p><!-- [et_pb_line_break_holder] --> <\/p>\n<div class=\"card-back\" onclick=\"location.href='\/pl\/nasi-trenerzy\/dr-imke-jurgeneit\/'\" ><!-- [et_pb_line_break_holder] -->    <\/p>\n<div class=\"cntnt\" ><!-- [et_pb_line_break_holder] -->        <\/p>\n<div><!-- [et_pb_line_break_holder] -->        <\/div>\n<p><!-- [et_pb_line_break_holder] -->        <\/p>\n<ol><!-- [et_pb_line_break_holder] -->          <\/p>\n<li><span class=\"ques\">Jakie s\u0105 Twoje kwalifikacje jako trenera\/trenerki?<\/span><!\u2013- [et_pb_br_holder] -\u2013><pee>Moje mocne wewn\u0119trzne przekonanie, \u017ce ka\u017cdy ma zasoby, kt\u00f3rych potrzebuje, aby wykona\u0107 zadanie. Moje doceniaj\u0105ce podej\u015bcie w po\u0142\u0105czeniu z moim zestawem metod jako trenera wspiera Ci\u0119 w aktywowaniu tych zasob\u00f3w. Nie znam Twojego osobistego rozwi\u0105zania, ale rozpoznaj\u0119 pomocne drogowskazy w tym procesie. I co najwa\u017cniejsze: nikt nie musi mi si\u0119 udowadnia\u0107. \u201ePrzyjd\u017a taki, jaki jeste\u015b\u201d to moje \u017cyczenie dla Ciebie. Jeste\u015b dobry taki, jaki jeste\u015b! Do tej pory by\u0142em fanem ka\u017cdego z moich klient\u00f3w. I to sprawia, \u017ce &#038;ZeroWidthSpace;&#038;ZeroWidthSpace;moja praca jest tak przyjemna.<\/pee><!-- [et_pb_line_break_holder] -->            <\/li>\n<p><!-- [et_pb_line_break_holder] -->          <\/p>\n<li><span class=\"ques\">Co daje Ci najwi\u0119ksz\u0105 satysfakcj\u0119 w Twojej pracy?<\/span><!\u2013- [et_pb_br_holder] -\u2013><\/li>\n<p><!-- [et_pb_line_break_holder] -->        <\/ol>\n<p><!-- [et_pb_line_break_holder] -->       <!-- \n\n<div>Mehr erfahren<\/div>\n\n<!-- [et_pb_line_break_holder] -->        <\/p>\n<div class=\"primary-color\"><\/div>\n<p><!-- [et_pb_line_break_holder] -->        <\/p>\n<div class=\"bottom-footer\"><!-- [et_pb_line_break_holder] -->            <\/p>\n<div class=\"bottom-footer-container\"><!-- [et_pb_line_break_holder] -->                <\/p>\n<div class=\"_col\"><!-- [et_pb_line_break_holder] -->                    <a href=\"https:\/\/avgs-gutschein.de\/pl\/nasi-trenerzy\/dr-imke-jurgeneit\/\"> <span class=\"button\">Przejd\u017a do profilu<\/span><\/a><!-- [et_pb_line_break_holder] -->                <\/div>\n<p><!-- [et_pb_line_break_holder] -->            <\/div>\n<p><!-- [et_pb_line_break_holder] -->        <\/div>\n<p><!-- [et_pb_line_break_holder] -->    <\/div>\n<p><!-- [et_pb_line_break_holder] --> <\/div>\n<p><!-- [et_pb_line_break_holder] --> <\/div>\n<p>&#8211;><!-- [et_pb_line_break_holder] --> <!--Kl\u00fcmper --><!-- [et_pb_line_break_holder] --> <\/p>\n<div class=\"card-list item produkt-gruendungsberatung sprache-deutsch standort-online standort-duesseldorf standort-essen themenschwerpunkte-businessplanerstellung themenschwerpunkte-strategie themenschwerpunkte-finanzplanung themenschwerpunkte-digitales-marketing themenschwerpunkte-rechtsfragen branchenschwerpunkte-beratung branchenschwerpunkte-dienstleistungen branchenschwerpunkte-event branchenschwerpunkte-gastronomie branchenschwerpunkte-handel branchenschwerpunkte-handwerk branchenschwerpunkte-design branchenschwerpunkte-kommunikation branchenschwerpunkte-soziales branchenschwerpunkte-start-up \"><!-- [et_pb_line_break_holder] --> <\/p>\n<div class=\"card-front\" ><!-- [et_pb_line_break_holder] -->    <\/p>\n<div class=\"cntnt\"><!-- [et_pb_line_break_holder] -->        <img decoding=\"async\" src=\"\/wp-content\/uploads\/2024\/03\/Ralf-Kluemper_img.webp\"><!-- [et_pb_line_break_holder] -->        <\/p>\n<div class=\"coach-card\"><!-- [et_pb_line_break_holder] -->            <\/p>\n<h2>Ralf Kl\u00fcmper<\/h2>\n<p><!-- [et_pb_line_break_holder] -->            <\/p>\n<div class=\"coach-desc\"><!-- [et_pb_line_break_holder] -->                <\/p>\n<div class=\"standort\"><b>Biuro:<\/b> Essen, D\u00fcsseldorf, online na terenie ca\u0142ych Niemiec<\/div>\n<p><!-- [et_pb_line_break_holder] -->                <\/p>\n<hr>\n<p><!-- [et_pb_line_break_holder] -->                <\/p>\n<div class=\"specialty\"><b>Produkt:<\/b> Porady dla start-up\u00f3w<\/div>\n<p><!-- [et_pb_line_break_holder] -->                <\/p>\n<hr>\n<p><!-- [et_pb_line_break_holder] -->                <\/p>\n<div class=\"lang\"><b>J\u0119zyk(i) coachingu:<\/b> niemiecki<\/div>\n<p><!-- [et_pb_line_break_holder] -->                <\/p>\n<hr>\n<p><!-- [et_pb_line_break_holder] -->            <\/div>\n<p><!-- [et_pb_line_break_holder] -->            <\/p>\n<div class=\"coach-btn\"><!-- [et_pb_line_break_holder] -->                <\/p>\n<div class=\"link-btn\">Pozna\u0107<\/div>\n<p><!-- [et_pb_line_break_holder] -->            <\/div>\n<p><!-- [et_pb_line_break_holder] -->        <\/div>\n<p><!-- [et_pb_line_break_holder] -->    <\/div>\n<p><!-- [et_pb_line_break_holder] --> <\/div>\n<p><!-- [et_pb_line_break_holder] --> <\/p>\n<div class=\"card-back\" onclick=\"location.href='\/pl\/nasi-trenerzy\/ralf-kluemper\/'\" ><!-- [et_pb_line_break_holder] -->    <\/p>\n<div class=\"cntnt\" ><!-- [et_pb_line_break_holder] -->        <\/p>\n<div><!-- [et_pb_line_break_holder] -->        <\/div>\n<p><!-- [et_pb_line_break_holder] -->        <\/p>\n<ol><!-- [et_pb_line_break_holder] -->          <\/p>\n<li><span class=\"ques\">Jakie s\u0105 Twoje kwalifikacje jako trenera\/trenerki?  <\/span><!\u2013- [et_pb_br_holder] -\u2013><pee>Mimo \u017ce uko\u0144czy\u0142em dalsze szkolenie jako trener systemowy, to co mnie najbardziej kwalifikuje to moje ogromne bogactwo do\u015bwiadcze\u0144 z r\u00f3\u017cnych stanowisk kierowniczych (mened\u017cer produktu, kierownik sprzeda\u017cy), ale przede wszystkim moje 10 lat jako niezale\u017cny restaurator. Posiadam r\u00f3wnie\u017c bogactwo do\u015bwiadcze\u0144 z ponad 500 sesji wsparcia start-up\u00f3w (zw\u0142aszcza sesji coachingowych AVGS) od 2017 roku.<!-- [et_pb_line_break_holder] -->        <\/pee><!-- [et_pb_line_break_holder] -->            <\/li>\n<p><!-- [et_pb_line_break_holder] -->          <\/p>\n<li><span class=\"ques\">Co m\u00f3wi\u0105 o Tobie Twoi klienci?<\/span><!\u2013- [et_pb_br_holder] -\u2013><\/li>\n<p><!-- [et_pb_line_break_holder] -->        <\/ol>\n<p><!-- [et_pb_line_break_holder] -->       <!-- \n\n<div>Mehr erfahren<\/div>\n\n--><!-- [et_pb_line_break_holder] -->        <\/p>\n<div class=\"primary-color\"><\/div>\n<p><!-- [et_pb_line_break_holder] -->        <\/p>\n<div class=\"bottom-footer\"><!-- [et_pb_line_break_holder] -->            <\/p>\n<div class=\"bottom-footer-container\"><!-- [et_pb_line_break_holder] -->                <\/p>\n<div class=\"_col\"><!-- [et_pb_line_break_holder] -->                    <a href=\"https:\/\/avgs-gutschein.de\/pl\/nasi-trenerzy\/ralf-kluemper\/\"> <span class=\"button\">Przejd\u017a do profilu<\/span><\/a><!-- [et_pb_line_break_holder] -->                <\/div>\n<p><!-- [et_pb_line_break_holder] -->            <\/div>\n<p><!-- [et_pb_line_break_holder] -->        <\/div>\n<p><!-- [et_pb_line_break_holder] -->    <\/div>\n<p><!-- [et_pb_line_break_holder] --> <\/div>\n<p><!-- [et_pb_line_break_holder] --> <\/div>\n<p><!-- [et_pb_line_break_holder] --> <!--L\u00f6wenstein --><!-- [et_pb_line_break_holder] --> <\/p>\n<div class=\"card-list item produkt-jobcoaching sprache-deutsch sprache-englisch standort-online standort-lueneburg standort-adendorf themenschwerpunkte-bewerbungstraining themenschwerpunkte-stellenrecherche themenschwerpunkte-berufsorientierung themenschwerpunkte-vorstellungsgespraeche themenschwerpunkte-persoenliche-positionierung themenschwerpunkte-businessplanerstellung themenschwerpunkte-strategie themenschwerpunkte-finanzplanung themenschwerpunkte-digitales-marketing themenschwerpunkte-rechtsfragen branchenschwerpunkte-beratung branchenschwerpunkte-dienstleistungen branchenschwerpunkte-handel branchenschwerpunkte-kommunikation branchenschwerpunkte-fitness \"><!-- [et_pb_line_break_holder] --> <\/p>\n<div class=\"card-front\" ><!-- [et_pb_line_break_holder] -->    <\/p>\n<div class=\"cntnt\"><!-- [et_pb_line_break_holder] -->        <img decoding=\"async\" src=\"\/wp-content\/uploads\/2025\/04\/Loewenstein_Caren_Profile_pic-1.webp\"><!-- [et_pb_line_break_holder] -->        <\/p>\n<div class=\"coach-card\"><!-- [et_pb_line_break_holder] -->            <\/p>\n<h2>Caren L\u00f6wenstein<\/h2>\n<p><!-- [et_pb_line_break_holder] -->            <\/p>\n<div class=\"coach-desc\"><!-- [et_pb_line_break_holder] -->                <\/p>\n<div class=\"standort\"><b>Biuro:<\/b> Obecno\u015b\u0107 w: Adendorf, L\u00fcneburg, online w ca\u0142ych Niemczech<\/div>\n<p><!-- [et_pb_line_break_holder] -->                <\/p>\n<hr>\n<p><!-- [et_pb_line_break_holder] -->                <\/p>\n<div class=\"specialty\"><b>Produkt:<\/b> Coaching zawodowy<\/div>\n<p><!-- [et_pb_line_break_holder] -->                <\/p>\n<hr>\n<p><!-- [et_pb_line_break_holder] -->                <\/p>\n<div class=\"lang\"><b>J\u0119zyk(i) coachingu:<\/b> niemiecki, angielski<\/div>\n<p><!-- [et_pb_line_break_holder] -->                <\/p>\n<hr>\n<p><!-- [et_pb_line_break_holder] -->            <\/div>\n<p><!-- [et_pb_line_break_holder] -->            <\/p>\n<div class=\"coach-btn\"><!-- [et_pb_line_break_holder] -->                <\/p>\n<div class=\"link-btn\">Pozna\u0107<\/div>\n<p><!-- [et_pb_line_break_holder] -->            <\/div>\n<p><!-- [et_pb_line_break_holder] -->        <\/div>\n<p><!-- [et_pb_line_break_holder] -->    <\/div>\n<p><!-- [et_pb_line_break_holder] --> <\/div>\n<p><!-- [et_pb_line_break_holder] --> <\/p>\n<div class=\"card-back\" onclick=\"location.href='\/pl\/nasi-trenerzy\/caren-loewenstein\/'\" ><!-- [et_pb_line_break_holder] -->    <\/p>\n<div class=\"cntnt\" ><!-- [et_pb_line_break_holder] -->        <\/p>\n<div><!-- [et_pb_line_break_holder] -->        <\/div>\n<p><!-- [et_pb_line_break_holder] -->        <\/p>\n<ol><!-- [et_pb_line_break_holder] -->          <\/p>\n<li><span class=\"ques\">Jakie s\u0105 Twoje kwalifikacje jako trenera\/trenerki?<\/span><!\u2013- [et_pb_br_holder] -\u2013><pee>Dzi\u0119ki mojej karierze zawodowej jako specjalisty ds. handlowych w r\u00f3\u017cnych firmach handlowych w zakresie zakup\u00f3w i sprzeda\u017cy, a tak\u017ce mojej wcze\u015bniejszej dzia\u0142alno\u015bci na w\u0142asny rachunek jako organizatora \u015blub\u00f3w i za\u0142o\u017cyciela dw\u00f3ch firm, wnosz\u0119 ze sob\u0105 barwne i wieloaspektowe bogactwo do\u015bwiadcze\u0144. Wykorzystuj\u0119 po\u0142\u0105czenie systemowego trenera biznesowego i trenera antystresowego z du\u017c\u0105 warto\u015bci\u0105 dodan\u0105 dla moich klient\u00f3w. Dzi\u0119ki du\u017cej dawce empatii po\u0142\u0105czonej z pasj\u0105, oddaniem i moim nieskomplikowanym, humorystycznym sposobem bycia, w kr\u00f3tkim czasie tworz\u0119 bardzo zaufan\u0105 atmosfer\u0119. Ponadto moje wieloletnie do\u015bwiadczenie \u017cyciowe, pragnienie wiedzy i ciekawo\u015b\u0107 ludzi i ich historii wyr\u00f3\u017cniaj\u0105 mnie.<\/pee><!-- [et_pb_line_break_holder] -->            <\/li>\n<p><!-- [et_pb_line_break_holder] -->          <\/p>\n<li><span class=\"ques\">Co daje Ci najwi\u0119ksz\u0105 satysfakcj\u0119 w Twojej pracy?<\/span><!\u2013- [et_pb_br_holder] -\u2013><\/li>\n<p><!-- [et_pb_line_break_holder] -->        <\/ol>\n<p><!-- [et_pb_line_break_holder] -->       <!-- \n\n<div>Mehr erfahren<\/div>\n\n--><!-- [et_pb_line_break_holder] -->        <\/p>\n<div class=\"primary-color\"><\/div>\n<p><!-- [et_pb_line_break_holder] -->        <\/p>\n<div class=\"bottom-footer\"><!-- [et_pb_line_break_holder] -->            <\/p>\n<div class=\"bottom-footer-container\"><!-- [et_pb_line_break_holder] -->                <\/p>\n<div class=\"_col\"><!-- [et_pb_line_break_holder] -->                    <a href=\"https:\/\/avgs-gutschein.de\/pl\/nasi-trenerzy\/caren-loewenstein\/\"> <span class=\"button\">Przejd\u017a do profilu<\/span><\/a><!-- [et_pb_line_break_holder] -->                <\/div>\n<p><!-- [et_pb_line_break_holder] -->            <\/div>\n<p><!-- [et_pb_line_break_holder] -->        <\/div>\n<p><!-- [et_pb_line_break_holder] -->    <\/div>\n<p><!-- [et_pb_line_break_holder] --> <\/div>\n<p><!-- [et_pb_line_break_holder] --> <\/div>\n<p><!-- [et_pb_line_break_holder] --> <!--Makaschutin --><!-- [et_pb_line_break_holder] --> <\/p>\n<div class=\"card-list item<!-- [et_pb_line_break_holder] --> produkt-jobcoaching<!-- [et_pb_line_break_holder] --> sprache-deutsch<!-- [et_pb_line_break_holder] --> sprache-russisch<!-- [et_pb_line_break_holder] --> standort-online<!-- [et_pb_line_break_holder] --> standort-buchholz<!-- [et_pb_line_break_holder] --> standort-lueneburg<!-- [et_pb_line_break_holder] --> themenschwerpunkte-bewerbungstraining<!-- [et_pb_line_break_holder] --> themenschwerpunkte-stellenrecherche<!-- [et_pb_line_break_holder] --> themenschwerpunkte-berufsorientierung<!-- [et_pb_line_break_holder] --> themenschwerpunkte-vorstellungsgespraeche<!-- [et_pb_line_break_holder] --> themenschwerpunkte-persoenliche-positionierung<!-- [et_pb_line_break_holder] --> branchenschwerpunkte-beratung<!-- [et_pb_line_break_holder] --> branchenschwerpunkte-handwerk<!-- [et_pb_line_break_holder] --> branchenschwerpunkte-soziales<!-- [et_pb_line_break_holder] --> &#8222;><!-- [et_pb_line_break_holder] --> <\/p>\n<div class=\"card-front\"><!-- [et_pb_line_break_holder] -->    <\/p>\n<div class=\"cntnt\"><!-- [et_pb_line_break_holder] -->        <img decoding=\"async\" src=\"\/wp-content\/uploads\/2025\/04\/vita_makaschutin_profile_pic.webp\"><!-- [et_pb_line_break_holder] -->        <\/p>\n<div class=\"coach-card\"><!-- [et_pb_line_break_holder] -->            <\/p>\n<h2>Vita Makaschutin<\/h2>\n<p><!-- [et_pb_line_break_holder] -->            <\/p>\n<div class=\"coach-desc\"><!-- [et_pb_line_break_holder] -->                <\/p>\n<div class=\"standort\"><b>Biuro:<\/b> Obecno\u015b\u0107 w: L\u00fcneburgu, Buchholzu, ca\u0142ych Niemczech online<\/div>\n<p><!-- [et_pb_line_break_holder] -->                <\/p>\n<hr>\n<p><!-- [et_pb_line_break_holder] -->                <\/p>\n<div class=\"specialty\"><b>Produkt:<\/b> Coaching zawodowy<\/div>\n<p><!-- [et_pb_line_break_holder] -->                <\/p>\n<hr>\n<p><!-- [et_pb_line_break_holder] -->                <\/p>\n<div class=\"lang\"><b>J\u0119zyk(i) coachingu:<\/b> niemiecki, rosyjski<\/div>\n<p><!-- [et_pb_line_break_holder] -->                <\/p>\n<hr>\n<p><!-- [et_pb_line_break_holder] -->            <\/div>\n<p><!-- [et_pb_line_break_holder] -->            <\/p>\n<div class=\"coach-btn\"><!-- [et_pb_line_break_holder] -->                <\/p>\n<div class=\"link-btn\">Pozna\u0107<\/div>\n<p><!-- [et_pb_line_break_holder] -->            <\/div>\n<p><!-- [et_pb_line_break_holder] -->        <\/div>\n<p><!-- [et_pb_line_break_holder] -->    <\/div>\n<p><!-- [et_pb_line_break_holder] --> <\/div>\n<p><!-- [et_pb_line_break_holder] --> <\/p>\n<div class=\"card-back\" onclick=\"location.href='\/pl\/nasi-trenerzy\/vita-makaschutin\/'\"><!-- [et_pb_line_break_holder] -->    <\/p>\n<div class=\"cntnt\"><!-- [et_pb_line_break_holder] -->        <\/p>\n<div><!-- [et_pb_line_break_holder] -->        <\/div>\n<p><!-- [et_pb_line_break_holder] -->        <\/p>\n<ol><!-- [et_pb_line_break_holder] -->          <\/p>\n<li><span class=\"ques\">Jakie kwalifikacje kwalifikuj\u0105 Ci\u0119 jako trenera\/trenera?<\/span><!\u2013- [et_pb_br_holder] -\u2013><pee>Wieloletnia praca w sektorze edukacji doros\u0142ych i sektorze socjalnym pozwoli\u0142a mi zdoby\u0107 dog\u0142\u0119bn\u0105 wiedz\u0119 na temat wspierania jednostek i grup na r\u00f3\u017cnych etapach \u017cycia i w r\u00f3\u017cnych sytuacjach.<\/pee>  <!-- [et_pb_line_break_holder] -->        <pee>Stosuj\u0105c podej\u015bcie interdyscyplinarne, wspieram ludzi w osi\u0105ganiu cel\u00f3w osobistych i zawodowych, rozwijaniu potencja\u0142u i osi\u0105ganiu trwa\u0142ych zmian. Koncentruj\u0119 si\u0119 na promowaniu autorefleksji, samodzielno\u015bci i praktycznych rozwi\u0105za\u0144. Wykorzystuj\u0119 sprawdzone metody z zakresu doradztwa systemowego, technik coachingowych oraz kreatywnych podej\u015b\u0107 pedagogicznych.<\/pee>   <\/li>\n<p><!-- [et_pb_line_break_holder] -->          <\/p>\n<li><span class=\"ques\">Jakie mierzalne rezultaty uda\u0142o Ci si\u0119 osi\u0105gn\u0105\u0107 wsp\u00f3lnie z klientami i co Ci\u0119 wyr\u00f3\u017cnia?<\/span><!\u2013- [et_pb_br_holder] -\u2013><\/li>\n<p><!-- [et_pb_line_break_holder] -->        <\/ol>\n<p><!-- [et_pb_line_break_holder] -->       <!-- \n\n<div>Mehr erfahren<\/div>\n\n--><!-- [et_pb_line_break_holder] -->        <\/p>\n<div class=\"primary-color\"><\/div>\n<p><!-- [et_pb_line_break_holder] -->        <\/p>\n<div class=\"bottom-footer\"><!-- [et_pb_line_break_holder] -->            <\/p>\n<div class=\"bottom-footer-container\"><!-- [et_pb_line_break_holder] -->                <\/p>\n<div class=\"_col\"><!-- [et_pb_line_break_holder] -->                    <a href=\"https:\/\/avgs-gutschein.de\/pl\/nasi-trenerzy\/vita-makaschutin\/\" data-auto-event-observed=\"true\"> <span class=\"button\">Do profilu<\/span><\/a><!-- [et_pb_line_break_holder] -->                <\/div>\n<p><!-- [et_pb_line_break_holder] -->            <\/div>\n<p><!-- [et_pb_line_break_holder] -->        <\/div>\n<p><!-- [et_pb_line_break_holder] -->    <\/div>\n<p><!-- [et_pb_line_break_holder] --> <\/div>\n<p><!-- [et_pb_line_break_holder] --> <\/div>\n<p><!-- [et_pb_line_break_holder] --> <!--Maschewski --><!-- [et_pb_line_break_holder] --> <\/p>\n<div class=\"card-list item<!-- [et_pb_line_break_holder] --> produkt-gruendungsberatung<!-- [et_pb_line_break_holder] --> sprache-deutsch<!-- [et_pb_line_break_holder] --> standort-online<!-- [et_pb_line_break_holder] --> standort-buchholz<!-- [et_pb_line_break_holder] --> themenschwerpunkte-businessplanerstellung<!-- [et_pb_line_break_holder] --> themenschwerpunkte-strategie<!-- [et_pb_line_break_holder] --> themenschwerpunkte-finanzplanung<!-- [et_pb_line_break_holder] --> themenschwerpunkte-digitales-marketing<!-- [et_pb_line_break_holder] --> themenschwerpunkte-rechtsfragen<!-- [et_pb_line_break_holder] --> branchenschwerpunkte-beratung<!-- [et_pb_line_break_holder] --> branchenschwerpunkte-dienstleistungen<!-- [et_pb_line_break_holder] --> branchenschwerpunkte-event<!-- [et_pb_line_break_holder] --> branchenschwerpunkte-gastronomie<!-- [et_pb_line_break_holder] --> branchenschwerpunkte-pflege<!-- [et_pb_line_break_holder] --> branchenschwerpunkte-handel<!-- [et_pb_line_break_holder] --> branchenschwerpunkte-handwerk<!-- [et_pb_line_break_holder] --> branchenschwerpunkte-kommunikation<!-- [et_pb_line_break_holder] --> branchenschwerpunkte-it<!-- [et_pb_line_break_holder] --> branchenschwerpunkte-soziales<!-- [et_pb_line_break_holder] --> branchenschwerpunkte-industrie<!-- [et_pb_line_break_holder] --> branchenschwerpunkte-finanzen<!-- [et_pb_line_break_holder] --> branchenschwerpunkte-ecommerce<!-- [et_pb_line_break_holder] --> branchenschwerpunkte-onlinemedien<!-- [et_pb_line_break_holder] --> branchenschwerpunkte-start-up<!-- [et_pb_line_break_holder] --> &#8222;><!-- [et_pb_line_break_holder] --> <\/p>\n<div class=\"card-front\"><!-- [et_pb_line_break_holder] -->    <\/p>\n<div class=\"cntnt\"><!-- [et_pb_line_break_holder] -->        <img decoding=\"async\" src=\"\/wp-content\/uploads\/2025\/07\/JoernM_profile_img.webp\"><!-- [et_pb_line_break_holder] -->        <\/p>\n<div class=\"coach-card\"><!-- [et_pb_line_break_holder] -->            <\/p>\n<h2>J\u00f6rn Maschewski<\/h2>\n<p><!-- [et_pb_line_break_holder] -->            <\/p>\n<div class=\"coach-desc\"><!-- [et_pb_line_break_holder] -->                <\/p>\n<div class=\"standort\"><b>Biuro:<\/b> Obecno\u015b\u0107 w: Buchholz, online w ca\u0142ych Niemczech<\/div>\n<p><!-- [et_pb_line_break_holder] -->                <\/p>\n<hr>\n<p><!-- [et_pb_line_break_holder] -->                <\/p>\n<div class=\"specialty\"><b>Produkt:<\/b> Coaching zawodowy<\/div>\n<p><!-- [et_pb_line_break_holder] -->                <\/p>\n<hr>\n<p><!-- [et_pb_line_break_holder] -->                <\/p>\n<div class=\"lang\"><b>J\u0119zyk(i) coachingu:<\/b> niemiecki<\/div>\n<p><!-- [et_pb_line_break_holder] -->                <\/p>\n<hr>\n<p><!-- [et_pb_line_break_holder] -->            <\/div>\n<p><!-- [et_pb_line_break_holder] -->            <\/p>\n<div class=\"coach-btn\"><!-- [et_pb_line_break_holder] -->                <\/p>\n<div class=\"link-btn\">Pozna\u0107<\/div>\n<p><!-- [et_pb_line_break_holder] -->            <\/div>\n<p><!-- [et_pb_line_break_holder] -->        <\/div>\n<p><!-- [et_pb_line_break_holder] -->    <\/div>\n<p><!-- [et_pb_line_break_holder] --> <\/div>\n<p><!-- [et_pb_line_break_holder] --> <\/p>\n<div class=\"card-back\" onclick=\"location.href='\/pl\/nasi-trenerzy\/joern-maschewski\/'\" ><!-- [et_pb_line_break_holder] -->    <\/p>\n<div class=\"cntnt\" ><!-- [et_pb_line_break_holder] -->        <\/p>\n<div><!-- [et_pb_line_break_holder] -->        <\/div>\n<p><!-- [et_pb_line_break_holder] -->        <\/p>\n<ol><!-- [et_pb_line_break_holder] -->          <\/p>\n<li><span class=\"ques\">Jakie kwalifikacje kwalifikuj\u0105 Ci\u0119 jako trenera\/trenera?<\/span><!\u2013- [et_pb_br_holder] -\u2013><pee>Od ponad 10 lat pracuj\u0119 w bran\u017cy konsultingowej, wspieraj\u0105c ludzi w ich reorientacji zawodowej na rynku pracy. Moja praca koncentruje si\u0119 na doradzaniu za\u0142o\u017cycielom firm i startupom. Po uko\u0144czeniu szkolenia bankowego i studi\u00f3w z zakresu administracji biznesowej, przez wiele lat pracowa\u0142em w ma\u0142ych i \u015brednich firmach z r\u00f3\u017cnych bran\u017c. Pozwoli\u0142o mi to zdoby\u0107 do\u015bwiadczenie na stanowiskach kierowniczych i konsultingowych, a tak\u017ce w startupach. Postrzegam siebie jako partnera na r\u00f3wni z za\u0142o\u017cycielami, kt\u00f3rego wsp\u00f3lnym celem jest przekszta\u0142cenie dobrego pomys\u0142u w obiecuj\u0105c\u0105 \u015bcie\u017ck\u0119 kariery z solidnymi fundamentami. Moje zainteresowanie lud\u017ami i ich \u015brodowiskiem zawodowym sk\u0142oni\u0142o mnie do coachingu. Z niecierpliwo\u015bci\u0105 czekam na informacje o Twoich pomys\u0142ach na startup.<\/pee> <!-- [et_pb_line_break_holder] --><\/li>\n<li><span class=\"ques\">Co najbardziej lubisz w swojej pracy?<\/span><!\u2013- [et_pb_br_holder] -\u2013><\/li>\n<p><!-- [et_pb_line_break_holder] -->        <\/ol>\n<p><!-- [et_pb_line_break_holder] -->       <!-- \n\n<div>Mehr erfahren<\/div>\n\n--><!-- [et_pb_line_break_holder] -->        <\/p>\n<div class=\"primary-color\"><\/div>\n<p><!-- [et_pb_line_break_holder] -->        <\/p>\n<div class=\"bottom-footer\"><!-- [et_pb_line_break_holder] -->            <\/p>\n<div class=\"bottom-footer-container\"><!-- [et_pb_line_break_holder] -->                <\/p>\n<div class=\"_col\"><!-- [et_pb_line_break_holder] -->                    <a href=\"https:\/\/avgs-gutschein.de\/pl\/nasi-trenerzy\/joern-maschewski\/\" data-auto-event-observed=\"true\"> <span class=\"button\">Przejd\u017a do profilu<\/span><\/a><!-- [et_pb_line_break_holder] -->                <\/div>\n<p><!-- [et_pb_line_break_holder] -->            <\/div>\n<p><!-- [et_pb_line_break_holder] -->        <\/div>\n<p><!-- [et_pb_line_break_holder] -->    <\/div>\n<p><!-- [et_pb_line_break_holder] --> <\/div>\n<p><!-- [et_pb_line_break_holder] --> <\/div>\n<p><!-- [et_pb_line_break_holder] --> <!--Meier --><!-- [et_pb_line_break_holder] --> <\/p>\n<div class=\"card-list item produkt-jobcoaching produkt-gruendungsberatung sprache-deutsch sprache-englisch standort-online themenschwerpunkte-bewerbungstraining themenschwerpunkte-stellenrecherche themenschwerpunkte-berufsorientierung themenschwerpunkte-vorstellungsgespraeche themenschwerpunkte-persoenliche-positionierung themenschwerpunkte-businessplanerstellung themenschwerpunkte-strategie themenschwerpunkte-finanzplanung themenschwerpunkte-digitales-marketing themenschwerpunkte-rechtsfragen branchenschwerpunkte-beratung branchenschwerpunkte-dienstleistungen branchenschwerpunkte-energie branchenschwerpunkte-event branchenschwerpunkte-gastronomie branchenschwerpunkte-pflege branchenschwerpunkte-handel branchenschwerpunkte-handwerk branchenschwerpunkte-design branchenschwerpunkte-kultur branchenschwerpunkte-kommunikation branchenschwerpunkte-ngos branchenschwerpunkte-fitness \"><!-- [et_pb_line_break_holder] --> <\/p>\n<div class=\"card-front\" ><!-- [et_pb_line_break_holder] -->    <\/p>\n<div class=\"cntnt\"><!-- [et_pb_line_break_holder] -->        <img decoding=\"async\" src=\"\/wp-content\/uploads\/2023\/12\/cecile-meier-profil.webp\"><!-- [et_pb_line_break_holder] -->        <\/p>\n<div class=\"coach-card\"><!-- [et_pb_line_break_holder] -->            <\/p>\n<h2>C\u00e9cile Meier<\/h2>\n<p><!-- [et_pb_line_break_holder] -->            <\/p>\n<div class=\"coach-desc\"><!-- [et_pb_line_break_holder] -->                <\/p>\n<div class=\"standort\"><b>Biuro:<\/b> online na terenie ca\u0142ych Niemiec<\/div>\n<p><!-- [et_pb_line_break_holder] -->                <\/p>\n<hr>\n<p><!-- [et_pb_line_break_holder] -->                <\/p>\n<div class=\"specialty\"><b>Produkt:<\/b> Coaching zawodowy, Porady dla os\u00f3b rozpoczynaj\u0105cych dzia\u0142alno\u015b\u0107 gospodarcz\u0105<\/div>\n<p><!-- [et_pb_line_break_holder] -->                <\/p>\n<hr>\n<p><!-- [et_pb_line_break_holder] -->                <\/p>\n<div class=\"lang\"><b>J\u0119zyk(i) coachingu:<\/b> niemiecki, angielski<\/div>\n<p><!-- [et_pb_line_break_holder] -->                <\/p>\n<hr>\n<p><!-- [et_pb_line_break_holder] -->            <\/div>\n<p><!-- [et_pb_line_break_holder] -->            <\/p>\n<div class=\"coach-btn\"><!-- [et_pb_line_break_holder] -->                <\/p>\n<div class=\"link-btn\">Pozna\u0107<\/div>\n<p><!-- [et_pb_line_break_holder] -->            <\/div>\n<p><!-- [et_pb_line_break_holder] -->        <\/div>\n<p><!-- [et_pb_line_break_holder] -->    <\/div>\n<p><!-- [et_pb_line_break_holder] --> <\/div>\n<p><!-- [et_pb_line_break_holder] --> <\/p>\n<div class=\"card-back\" onclick=\"location.href='\/pl\/nasi-trenerzy\/cecile-meier\/'\" ><!-- [et_pb_line_break_holder] -->    <\/p>\n<div class=\"cntnt\" ><!-- [et_pb_line_break_holder] -->        <\/p>\n<div><!-- [et_pb_line_break_holder] -->        <\/div>\n<p><!-- [et_pb_line_break_holder] -->        <\/p>\n<ol><!-- [et_pb_line_break_holder] -->          <\/p>\n<li><span class=\"ques\">Jakie s\u0105 Twoje kwalifikacje jako trenera\/trenerki?<\/span><!\u2013- [et_pb_br_holder] -\u2013><pee>Moje praktyczne do\u015bwiadczenie w obszarach marketingu, komunikacji i zr\u00f3wnowa\u017conego rozwoju, a tak\u017ce lata nauki na studiach licencjackich, magisterskich i innych zaawansowanych kursach szkoleniowych. Uko\u0144czy\u0142em r\u00f3wnie\u017c roczny zaawansowany kurs szkoleniowy jako konsultant transformacji.<\/pee>  <\/li>\n<p><!-- [et_pb_line_break_holder] -->          <\/p>\n<li><span class=\"ques\">Jakie mierzalne wyniki uda\u0142o Ci si\u0119 osi\u0105gn\u0105\u0107 wsp\u00f3lnie z klientami i co Ci\u0119 wyr\u00f3\u017cnia?<\/span><!\u2013- [et_pb_br_holder] -\u2013><\/li>\n<p><!-- [et_pb_line_break_holder] -->        <\/ol>\n<p><!-- [et_pb_line_break_holder] -->       <!-- \n\n<div>Mehr erfahren<\/div>\n\n--><!-- [et_pb_line_break_holder] -->        <\/p>\n<div class=\"primary-color\"><\/div>\n<p><!-- [et_pb_line_break_holder] -->        <\/p>\n<div class=\"bottom-footer\"><!-- [et_pb_line_break_holder] -->            <\/p>\n<div class=\"bottom-footer-container\"><!-- [et_pb_line_break_holder] -->                <\/p>\n<div class=\"_col\"><!-- [et_pb_line_break_holder] -->                    <a href=\"https:\/\/avgs-gutschein.de\/pl\/nasi-trenerzy\/cecile-meier\/\"> <span class=\"button\">Przejd\u017a do profilu<\/span><\/a><!-- [et_pb_line_break_holder] -->                <\/div>\n<p><!-- [et_pb_line_break_holder] -->            <\/div>\n<p><!-- [et_pb_line_break_holder] -->        <\/div>\n<p><!-- [et_pb_line_break_holder] -->    <\/div>\n<p><!-- [et_pb_line_break_holder] --> <\/div>\n<p><!-- [et_pb_line_break_holder] --> <\/div>\n<p><!-- [et_pb_line_break_holder] --> <!--M\u00fcller --><!-- [et_pb_line_break_holder] --> <\/p>\n<div class=\"card-list item produkt-jobcoaching sprache-deutsch standort-online standort-hamburg themenschwerpunkte-stellenrecherche themenschwerpunkte-berufsorientierung themenschwerpunkte-vorstellungsgespraeche themenschwerpunkte-persoenliche-positionierung branchenschwerpunkte-beratung branchenschwerpunkte-dienstleistungen branchenschwerpunkte-kultur branchenschwerpunkte-kommunikation branchenschwerpunkte-ngos \"><!-- [et_pb_line_break_holder] --> <\/p>\n<div class=\"card-front\" ><!-- [et_pb_line_break_holder] -->    <\/p>\n<div class=\"cntnt\"><!-- [et_pb_line_break_holder] -->        <img decoding=\"async\" src=\"\/wp-content\/uploads\/2025\/10\/Frauke-Mueller-Updated.webp\"><!-- [et_pb_line_break_holder] -->        <\/p>\n<div class=\"coach-card\"><!-- [et_pb_line_break_holder] -->            <\/p>\n<h2>Frauke M\u00fcller<\/h2>\n<p><!-- [et_pb_line_break_holder] -->            <\/p>\n<div class=\"coach-desc\"><!-- [et_pb_line_break_holder] -->                <\/p>\n<div class=\"standort\"><b>Biuro:<\/b> Obecno\u015b\u0107 w: Hamburgu, online w ca\u0142ych Niemczech<\/div>\n<p><!-- [et_pb_line_break_holder] -->                <\/p>\n<hr>\n<p><!-- [et_pb_line_break_holder] -->                <\/p>\n<div class=\"specialty\"><b>Produkt:<\/b> Coaching zawodowy<\/div>\n<p><!-- [et_pb_line_break_holder] -->                <\/p>\n<hr>\n<p><!-- [et_pb_line_break_holder] -->                <\/p>\n<div class=\"lang\"><b>J\u0119zyk(i) coachingu:<\/b> niemiecki<\/div>\n<p><!-- [et_pb_line_break_holder] -->                <\/p>\n<hr>\n<p><!-- [et_pb_line_break_holder] -->            <\/div>\n<p><!-- [et_pb_line_break_holder] -->            <\/p>\n<div class=\"coach-btn\"><!-- [et_pb_line_break_holder] -->                <\/p>\n<div class=\"link-btn\">Pozna\u0107<\/div>\n<p><!-- [et_pb_line_break_holder] -->            <\/div>\n<p><!-- [et_pb_line_break_holder] -->        <\/div>\n<p><!-- [et_pb_line_break_holder] -->    <\/div>\n<p><!-- [et_pb_line_break_holder] --> <\/div>\n<p><!-- [et_pb_line_break_holder] --> <\/p>\n<div class=\"card-back\" onclick=\"location.href='\/pl\/nasi-trenerzy\/frauke-mueller\/'\" ><!-- [et_pb_line_break_holder] -->    <\/p>\n<div class=\"cntnt\" ><!-- [et_pb_line_break_holder] -->        <\/p>\n<div><!-- [et_pb_line_break_holder] -->        <\/div>\n<p><!-- [et_pb_line_break_holder] -->        <\/p>\n<ol><!-- [et_pb_line_break_holder] -->          <\/p>\n<li><span class=\"ques\">Jakie s\u0105 Twoje kwalifikacje jako trenera\/trenerki?<\/span><!\u2013- [et_pb_br_holder] -\u2013><pee>Mia\u0142em okazj\u0119 wypr\u00f3bowa\u0107 wiele r\u00f3l i wszystkie one maj\u0105 to wsp\u00f3lnego, \u017ce potrafi\u0119 sprawi\u0107, by ludzie ruszyli do przodu i&#8230; Dzia\u0142am jako katalizator i pozwalam mojemu partnerowi rozwija\u0107 siebie i swoje obawy, aby zrobi\u0107 kolejny krok. Jestem naprawd\u0119 dobry w my\u015bleniu dialogicznym, dzi\u0119ki czemu mog\u0105 pojawi\u0107 si\u0119 nowe pomys\u0142y, rozwi\u0105zania i perspektywy. Jestem wykwalifikowanym pedagogiem, konsultantem i nauczycielem, kt\u00f3ry przez d\u0142ugi czas pracowa\u0142 jako mened\u017cer oraz tw\u00f3rca projekt\u00f3w i koncepcji w sektorze edukacji i ekonomii spo\u0142ecznej. Jestem r\u00f3wnie\u017c certyfikowanym coachem od 2012 roku. Ponadto mam dalsze i systemowe szkolenie i dalsz\u0105 edukacj\u0119, dzi\u0119ki czemu mog\u0119 wspiera\u0107 moich klient\u00f3w z r\u00f3\u017cnorodnego bogactwa edukacji i do\u015bwiadczenia, a tak\u017ce z aktualnymi metodami i wiedz\u0105. Jestem praktyczny, poniewa\u017c aktywnie wspieram wdra\u017canie. Mog\u0105 by\u0107 wymagane dokumenty, kontakty lub inne strategie. Dzi\u0119ki mojemu g\u0142\u0119bokiemu do\u015bwiadczeniu zawodowemu mog\u0119 zapewni\u0107 konkretne wsparcie.<!-- [et_pb_line_break_holder] -->        <\/pee> <\/li>\n<p><!-- [et_pb_line_break_holder] -->          <\/p>\n<li><span class=\"ques\">Co daje Ci najwi\u0119ksz\u0105 satysfakcj\u0119 w Twojej pracy?<\/span><!\u2013- [et_pb_br_holder] -\u2013><\/li>\n<p><!-- [et_pb_line_break_holder] -->        <\/ol>\n<p><!-- [et_pb_line_break_holder] -->       <!-- \n\n<div>Mehr erfahren<\/div>\n\n--><!-- [et_pb_line_break_holder] -->        <\/p>\n<div class=\"primary-color\"><\/div>\n<p><!-- [et_pb_line_break_holder] -->        <\/p>\n<div class=\"bottom-footer\"><!-- [et_pb_line_break_holder] -->            <\/p>\n<div class=\"bottom-footer-container\"><!-- [et_pb_line_break_holder] -->                <\/p>\n<div class=\"_col\"><!-- [et_pb_line_break_holder] -->                    <a href=\"https:\/\/avgs-gutschein.de\/pl\/nasi-trenerzy\/frauke-mueller\/\"> <span class=\"button\">Przejd\u017a do profilu<\/span><\/a><!-- [et_pb_line_break_holder] -->                <\/div>\n<p><!-- [et_pb_line_break_holder] -->            <\/div>\n<p><!-- [et_pb_line_break_holder] -->        <\/div>\n<p><!-- [et_pb_line_break_holder] -->    <\/div>\n<p><!-- [et_pb_line_break_holder] --> <\/div>\n<p><!-- [et_pb_line_break_holder] --> <\/div>\n<p><!-- [et_pb_line_break_holder] --> <!--Neff Petzke --><!-- [et_pb_line_break_holder] --> <\/p>\n<div class=\"card-list item produkt-jobcoaching produkt-gruendungsberatung sprache-deutsch standort-online standort-essen standort-duesseldorf themenschwerpunkte-stellenrecherche themenschwerpunkte-berufsorientierung themenschwerpunkte-vorstellungsgespraeche themenschwerpunkte-persoenliche-positionierung themenschwerpunkte-businessplanerstellung themenschwerpunkte-strategie themenschwerpunkte-lpp branchenschwerpunkte-beratung branchenschwerpunkte-energie \"><!-- [et_pb_line_break_holder] --> <\/p>\n<div class=\"card-front\" ><!-- [et_pb_line_break_holder] -->    <\/p>\n<div class=\"cntnt\"><!-- [et_pb_line_break_holder] -->        <img decoding=\"async\" src=\"\/wp-content\/uploads\/2024\/01\/Andrea_Neff-Petzke_Profilfoto.webp\"><!-- [et_pb_line_break_holder] -->        <\/p>\n<div class=\"coach-card\"><!-- [et_pb_line_break_holder] -->            <\/p>\n<h2>Andrea Neff-Petzke<\/h2>\n<p><!-- [et_pb_line_break_holder] -->            <\/p>\n<div class=\"coach-desc\"><!-- [et_pb_line_break_holder] -->                <\/p>\n<div class=\"standort\"><b>Biuro:<\/b> Essen, D\u00fcsseldorf, online na terenie ca\u0142ych Niemiec<\/div>\n<p><!-- [et_pb_line_break_holder] -->                <\/p>\n<hr>\n<p><!-- [et_pb_line_break_holder] -->                <\/p>\n<div class=\"specialty\"><b>Produkt:<\/b> Coaching pracy, Doradztwo w zakresie start-upu<\/div>\n<p><!-- [et_pb_line_break_holder] -->                <\/p>\n<hr>\n<p><!-- [et_pb_line_break_holder] -->                <\/p>\n<div class=\"lang\"><b>J\u0119zyk(i) coachingu:<\/b> niemiecki<\/div>\n<p><!-- [et_pb_line_break_holder] -->                <\/p>\n<hr>\n<p><!-- [et_pb_line_break_holder] -->            <\/div>\n<p><!-- [et_pb_line_break_holder] -->            <\/p>\n<div class=\"coach-btn\"><!-- [et_pb_line_break_holder] -->                <\/p>\n<div class=\"link-btn\">Pozna\u0107<\/div>\n<p><!-- [et_pb_line_break_holder] -->            <\/div>\n<p><!-- [et_pb_line_break_holder] -->        <\/div>\n<p><!-- [et_pb_line_break_holder] -->    <\/div>\n<p><!-- [et_pb_line_break_holder] --> <\/div>\n<p><!-- [et_pb_line_break_holder] --> <\/p>\n<div class=\"card-back\" onclick=\"location.href='\/pl\/nasi-trenerzy\/andrea-neff-petzke\/'\" ><!-- [et_pb_line_break_holder] -->    <\/p>\n<div class=\"cntnt\" ><!-- [et_pb_line_break_holder] -->        <\/p>\n<div><!-- [et_pb_line_break_holder] -->        <\/div>\n<p><!-- [et_pb_line_break_holder] -->        <\/p>\n<ol><!-- [et_pb_line_break_holder] -->          <\/p>\n<li><span class=\"ques\">Jakie s\u0105 Twoje kwalifikacje jako trenera\/trenerki?<\/span><!\u2013- [et_pb_br_holder] -\u2013><pee>Skupiona, \u015bwiadoma i skuteczna &#8211; moje wieloletnie do\u015bwiadczenie jako mened\u017cerki w \u201e\u015bwiecie korporacyjnym\u201d po\u0142\u0105czone z moim szkoleniem jako systemowego coacha biznesowego, alternatywnego praktyka psychoterapii, terapeuty czakr i moj\u0105 w\u0142asn\u0105 \u015bcie\u017ck\u0105 duchow\u0105 stanowi\u0105 podstaw\u0119 mojej pracy z moimi klientami. W ten spos\u00f3b \u0142\u0105czymy pozornie przeciwie\u0144stwa w uzdrawiaj\u0105cy spos\u00f3b &#8211; cia\u0142o i umys\u0142, biznes i \u017cycie prywatne, uczucia i rozum. Nasz cel: g\u0142\u0119bokie spojrzenie na ca\u0142o\u015b\u0107, na Twoje \u017cyczenia i cele jako mened\u017cera i jako ca\u0142ej osoby.<\/pee> <\/li>\n<p><!-- [et_pb_line_break_holder] -->          <\/p>\n<li><span class=\"ques\">Co daje Ci najwi\u0119ksz\u0105 satysfakcj\u0119 w Twojej pracy?<\/span><!\u2013- [et_pb_br_holder] -\u2013><\/li>\n<p><!-- [et_pb_line_break_holder] -->        <\/ol>\n<p><!-- [et_pb_line_break_holder] -->       <!-- \n\n<div>Mehr erfahren<\/div>\n\n--><!-- [et_pb_line_break_holder] -->        <\/p>\n<div class=\"primary-color\"><\/div>\n<p><!-- [et_pb_line_break_holder] -->        <\/p>\n<div class=\"bottom-footer\"><!-- [et_pb_line_break_holder] -->            <\/p>\n<div class=\"bottom-footer-container\"><!-- [et_pb_line_break_holder] -->                <\/p>\n<div class=\"_col\"><!-- [et_pb_line_break_holder] -->                    <a href=\"https:\/\/avgs-gutschein.de\/pl\/nasi-trenerzy\/andrea-neff-petzke\/\"> <span class=\"button\">Przejd\u017a do profilu<\/span><\/a><!-- [et_pb_line_break_holder] -->                <\/div>\n<p><!-- [et_pb_line_break_holder] -->            <\/div>\n<p><!-- [et_pb_line_break_holder] -->        <\/div>\n<p><!-- [et_pb_line_break_holder] -->    <\/div>\n<p><!-- [et_pb_line_break_holder] --> <\/div>\n<p><!-- [et_pb_line_break_holder] --> <\/div>\n<p><!-- [et_pb_line_break_holder] --> <!--Niv Nowbakht --><!-- [et_pb_line_break_holder] --> <\/p>\n<div class=\"card-list item produkt-jobcoaching produkt-gruendungsberatung sprache-deutsch sprache-englisch standort-online standort-berlin themenschwerpunkte-bewerbungstraining themenschwerpunkte-stellenrecherche themenschwerpunkte-berufsorientierung themenschwerpunkte-vorstellungsgespraeche themenschwerpunkte-persoenliche-positionierung themenschwerpunkte-strategie themenschwerpunkte-digitales-marketing branchenschwerpunkte-beratung branchenschwerpunkte-dienstleistungen branchenschwerpunkte-event branchenschwerpunkte-handel branchenschwerpunkte-kommunikation branchenschwerpunkte-ngos \"><!-- [et_pb_line_break_holder] --> <\/p>\n<div class=\"card-front\" ><!-- [et_pb_line_break_holder] -->    <\/p>\n<div class=\"cntnt\"><!-- [et_pb_line_break_holder] -->        <img decoding=\"async\" src=\"\/wp-content\/uploads\/2024\/03\/Niv_head_img_profile.webp\"><!-- [et_pb_line_break_holder] -->        <\/p>\n<div class=\"coach-card\"><!-- [et_pb_line_break_holder] -->            <\/p>\n<h2>Niv Nowbakht<\/h2>\n<p><!-- [et_pb_line_break_holder] -->            <\/p>\n<div class=\"coach-desc\"><!-- [et_pb_line_break_holder] -->                <\/p>\n<div class=\"standort\"><b>Biuro:<\/b> Obecno\u015b\u0107 w: Berlinie, online na terenie ca\u0142ych Niemiec<\/div>\n<p><!-- [et_pb_line_break_holder] -->                <\/p>\n<hr>\n<p><!-- [et_pb_line_break_holder] -->                <\/p>\n<div class=\"specialty\"><b>Produkt:<\/b> Coaching zawodowy, Porady dla os\u00f3b rozpoczynaj\u0105cych dzia\u0142alno\u015b\u0107 gospodarcz\u0105<\/div>\n<p><!-- [et_pb_line_break_holder] -->                <\/p>\n<hr>\n<p><!-- [et_pb_line_break_holder] -->                <\/p>\n<div class=\"lang\"><b>J\u0119zyk(i) coachingu:<\/b> niemiecki, angielski<\/div>\n<p><!-- [et_pb_line_break_holder] -->                <\/p>\n<hr>\n<p><!-- [et_pb_line_break_holder] -->            <\/div>\n<p><!-- [et_pb_line_break_holder] -->            <\/p>\n<div class=\"coach-btn\"><!-- [et_pb_line_break_holder] -->                <\/p>\n<div class=\"link-btn\">Pozna\u0107<\/div>\n<p><!-- [et_pb_line_break_holder] -->            <\/div>\n<p><!-- [et_pb_line_break_holder] -->        <\/div>\n<p><!-- [et_pb_line_break_holder] -->    <\/div>\n<p><!-- [et_pb_line_break_holder] --> <\/div>\n<p><!-- [et_pb_line_break_holder] --> <\/p>\n<div class=\"card-back\" onclick=\"location.href='\/pl\/nasi-trenerzy\/niv-nowbakht\/'\" ><!-- [et_pb_line_break_holder] -->    <\/p>\n<div class=\"cntnt\" ><!-- [et_pb_line_break_holder] -->        <\/p>\n<div><!-- [et_pb_line_break_holder] -->        <\/div>\n<p><!-- [et_pb_line_break_holder] -->        <\/p>\n<ol><!-- [et_pb_line_break_holder] -->          <\/p>\n<li><span class=\"ques\">Jakie s\u0105 Twoje kwalifikacje jako trenera\/trenerki?<\/span><!\u2013- [et_pb_br_holder] -\u2013><pee>11 lat do\u015bwiadczenia zawodowego, mi\u0119dzynarodowe do\u015bwiadczenie w nowym \u015bwiecie pracy, start-upach i korporacjach, j\u0119zyk angielski i niemiecki, du\u017ca sie\u0107<\/pee><!-- [et_pb_line_break_holder] -->            <\/li>\n<p><!-- [et_pb_line_break_holder] -->          <\/p>\n<li><span class=\"ques\">Jakie mierzalne wyniki uda\u0142o Ci si\u0119 osi\u0105gn\u0105\u0107 wsp\u00f3lnie z klientami i co Ci\u0119 wyr\u00f3\u017cnia?<\/span><!\u2013- [et_pb_br_holder] -\u2013><\/li>\n<p><!-- [et_pb_line_break_holder] -->        <\/ol>\n<p><!-- [et_pb_line_break_holder] -->       <!-- \n\n<div>Mehr erfahren<\/div>\n\n--><!-- [et_pb_line_break_holder] -->        <\/p>\n<div class=\"primary-color\"><\/div>\n<p><!-- [et_pb_line_break_holder] -->        <\/p>\n<div class=\"bottom-footer\"><!-- [et_pb_line_break_holder] -->            <\/p>\n<div class=\"bottom-footer-container\"><!-- [et_pb_line_break_holder] -->                <\/p>\n<div class=\"_col\"><!-- [et_pb_line_break_holder] -->                    <a href=\"https:\/\/avgs-gutschein.de\/pl\/nasi-trenerzy\/niv-nowbakht\/\"> <span class=\"button\">Przejd\u017a do profilu<\/span><\/a><!-- [et_pb_line_break_holder] -->                <\/div>\n<p><!-- [et_pb_line_break_holder] -->            <\/div>\n<p><!-- [et_pb_line_break_holder] -->        <\/div>\n<p><!-- [et_pb_line_break_holder] -->    <\/div>\n<p><!-- [et_pb_line_break_holder] --> <\/div>\n<p><!-- [et_pb_line_break_holder] --> <\/div>\n<p><!-- [et_pb_line_break_holder] -->  <!--Gabriela Pegel--><!-- [et_pb_line_break_holder] --> <\/p>\n<div class=\"card-list item produkt-jobcoaching<!-- [et_pb_line_break_holder] --> standort-online<!-- [et_pb_line_break_holder] -->standort-lueneburg<!-- [et_pb_line_break_holder] --> sprache-deutsch<!-- [et_pb_line_break_holder] --> sprache-englisch <!-- [et_pb_line_break_holder] -->themenschwerpunkte-bewerbungstraining<!-- [et_pb_line_break_holder] -->themenschwerpunkte-stellenrecherche<!-- [et_pb_line_break_holder] -->themenschwerpunkte-berufsorientierung<!-- [et_pb_line_break_holder] -->themenschwerpunkte-vorstellungsgespraeche<!-- [et_pb_line_break_holder] -->themenschwerpunkte-persoenliche-positionierung<!-- [et_pb_line_break_holder] --> branchenschwerpunkte-beratung<!-- [et_pb_line_break_holder] --> branchenschwerpunkte-dienstleistungen<!-- [et_pb_line_break_holder] --> branchenschwerpunkte-event<!-- [et_pb_line_break_holder] --> branchenschwerpunkte-gastronomie<!-- [et_pb_line_break_holder] --> branchenschwerpunkte-gesundheit<!-- [et_pb_line_break_holder] --> branchenschwerpunkte-handel<!-- [et_pb_line_break_holder] --> branchenschwerpunkte-handwerk<!-- [et_pb_line_break_holder] --> branchenschwerpunkte-kultur<!-- [et_pb_line_break_holder] --> branchenschwerpunkte-marketing<!-- [et_pb_line_break_holder] --> branchenschwerpunkte-NGOs<!-- [et_pb_line_break_holder] --> branchenschwerpunkte-soziales<!-- [et_pb_line_break_holder] --> branchenschwerpunkte-finanzen<!-- [et_pb_line_break_holder] --> branchenschwerpunkte-onlinemedien&#8221;><!-- [et_pb_line_break_holder] --> <\/p>\n<div class=\"card-front\"><!-- [et_pb_line_break_holder] -->    <\/p>\n<div class=\"cntnt\"><!-- [et_pb_line_break_holder] -->        <img decoding=\"async\" src=\"\/wp-content\/uploads\/2025\/10\/Gabriela_Pegel_profile_pic_cropped-e1759897767957.webp\"><!-- [et_pb_line_break_holder] -->        <\/p>\n<div class=\"coach-card\"><!-- [et_pb_line_break_holder] -->            <\/p>\n<h2>Gabriela Pegel<\/h2>\n<p><!-- [et_pb_line_break_holder] -->            <\/p>\n<div class=\"coach-desc\"><!-- [et_pb_line_break_holder] -->                <\/p>\n<div class=\"standort\"><b>Biuro:<\/b>Obecno\u015b\u0107 w: Adendorf &#8211; L\u00fcneburg, online w ca\u0142ych Niemczech<\/div>\n<p><!-- [et_pb_line_break_holder] -->                <\/p>\n<hr>\n<p><!-- [et_pb_line_break_holder] -->                <\/p>\n<div class=\"specialty\"><b>Produkt:<\/b> Coaching zawodowy <\/div>\n<p><!-- [et_pb_line_break_holder] -->                <\/p>\n<hr>\n<p><!-- [et_pb_line_break_holder] -->                <\/p>\n<div class=\"lang\"><b>J\u0119zyk(i) coachingowe:<\/b>Niemiecki, angielski<\/div>\n<p><!-- [et_pb_line_break_holder] -->                <\/p>\n<hr>\n<p><!-- [et_pb_line_break_holder] -->            <\/div>\n<p><!-- [et_pb_line_break_holder] -->            <\/p>\n<div class=\"coach-btn\"><!-- [et_pb_line_break_holder] -->                <\/p>\n<div class=\"link-btn\">Pozna\u0107<\/div>\n<p><!-- [et_pb_line_break_holder] -->            <\/div>\n<p><!-- [et_pb_line_break_holder] -->        <\/div>\n<p><!-- [et_pb_line_break_holder] -->    <\/div>\n<p><!-- [et_pb_line_break_holder] --> <\/div>\n<p><!-- [et_pb_line_break_holder] --> <\/p>\n<div class=\"card-back\" onclick=\"location.href='\/pl\/nasi-trenerzy\/gabriela-pegel\/'\"><!-- [et_pb_line_break_holder] -->    <\/p>\n<div class=\"cntnt\"><!-- [et_pb_line_break_holder] -->        <\/p>\n<div><!-- [et_pb_line_break_holder] -->        <\/div>\n<p><!-- [et_pb_line_break_holder] -->        <\/p>\n<ol><!-- [et_pb_line_break_holder] -->          <\/p>\n<li><span class=\"ques\">Jakie kwalifikacje kwalifikuj\u0105 Ci\u0119 jako trenera\/trenera?  <\/span><!\u2013- [et_pb_br_holder] -\u2013><pee>Podchodzenie do nowych zada\u0144 i wyzwa\u0144 z ciekawo\u015bci\u0105 zawsze by\u0142o moim mottem: robi\u0107 to, co wydaje mi si\u0119 logiczne, ca\u0142ym sercem i oddaniem. Dzi\u0119ki r\u00f3\u017cnym zawodom i bran\u017com zdoby\u0142em ogromne do\u015bwiadczenie i nigdy nie przestaj\u0119 si\u0119 uczy\u0107. Moje wykszta\u0142cenie jako naukowca sportowego i trenera\/trenera mentalnego, 20 lat do\u015bwiadczenia zawodowego w bran\u017cy filmowej i telewizyjnej, a tak\u017ce w nieruchomo\u015bciach i inwestycjach projektowych, a wreszcie, do\u015bwiadczenie \u017cyciowe w kontaktach z tak r\u00f3\u017cnorodnymi lud\u017ami i \u015brodowiskami, daj\u0105 mi pewno\u015b\u0107 siebie i przekonanie, \u017ce jestem na w\u0142a\u015bciwej drodze jako trener i trener mentalny. <\/pee><!-- [et_pb_line_break_holder] -->            <\/li>\n<p><!-- [et_pb_line_break_holder] -->          <\/p>\n<li><span class=\"ques\">Co jest dla Ciebie najbardziej satysfakcjonuj\u0105ce w Twojej pracy?&#8230;<\/span><!\u2013- [et_pb_br_holder] -\u2013><\/li>\n<p><!-- [et_pb_line_break_holder] -->        <\/ol>\n<p><!-- [et_pb_line_break_holder] -->       <!-- \n\n<div>Mehr erfahren<\/div>\n\n--><!-- [et_pb_line_break_holder] -->        <\/p>\n<div class=\"primary-color\"><\/div>\n<p><!-- [et_pb_line_break_holder] -->        <\/p>\n<div class=\"bottom-footer\"><!-- [et_pb_line_break_holder] -->            <\/p>\n<div class=\"bottom-footer-container\"><!-- [et_pb_line_break_holder] -->                <\/p>\n<div class=\"_col\"><!-- [et_pb_line_break_holder] -->                    <a href=\"https:\/\/avgs-gutschein.de\/pl\/nasi-trenerzy\/gabriela-pegel\/\"> <span class=\"button\">Przejd\u017a do profilu<\/span><\/a><!-- [et_pb_line_break_holder] -->                <\/div>\n<p><!-- [et_pb_line_break_holder] -->            <\/div>\n<p><!-- [et_pb_line_break_holder] -->        <\/div>\n<p><!-- [et_pb_line_break_holder] -->    <\/div>\n<p><!-- [et_pb_line_break_holder] --> <\/div>\n<p><!-- [et_pb_line_break_holder] --> <\/div>\n<p><!-- [et_pb_line_break_holder] --> <!--Theresa Oberstra\u00df <!-- [et_pb_line_break_holder] --> <\/p>\n<div class=\"card-list item produkt-gruendungsberatung standort-online standort-muenchen standort-frankfurt standort-moenchengladbach standort-essen sprache-deutsch sprache-englisch themenschwerpunkte-businessplanerstellung themenschwerpunkte-strategie branchenschwerpunkte-beratung branchenschwerpunkte-dienstleistungen branchenschwerpunkte-event branchenschwerpunkte-ngos branchenschwerpunkte-fitness \"><!-- [et_pb_line_break_holder] --> <\/p>\n<div class=\"card-front\" ><!-- [et_pb_line_break_holder] -->    <\/p>\n<div class=\"cntnt\"><!-- [et_pb_line_break_holder] -->        <img decoding=\"async\" src=\"\/wp-content\/uploads\/2023\/12\/Oberstrass.webp\"><!-- [et_pb_line_break_holder] -->        <\/p>\n<div class=\"coach-card\"><!-- [et_pb_line_break_holder] -->            <\/p>\n<h2>Theresa Oberstra\u00df<\/h2>\n<p><!-- [et_pb_line_break_holder] -->            <\/p>\n<div class=\"coach-desc\"><!-- [et_pb_line_break_holder] -->                <\/p>\n<div class=\"standort\"><b>Biuro:<\/b>   online na terenie ca\u0142ych Niemiec<\/div>\n<p><!-- [et_pb_line_break_holder] -->                <\/p>\n<hr>\n<p><!-- [et_pb_line_break_holder] -->                <\/p>\n<div class=\"specialty\"><b>Produkt:<\/b> Porady dla start-up\u00f3w<\/div>\n<p><!-- [et_pb_line_break_holder] -->                <\/p>\n<hr>\n<p><!-- [et_pb_line_break_holder] -->                <\/p>\n<div class=\"lang\"><b>J\u0119zyk(i) coachingu:<\/b> niemiecki, angielski<\/div>\n<p><!-- [et_pb_line_break_holder] -->                <\/p>\n<hr>\n<p><!-- [et_pb_line_break_holder] -->            <\/div>\n<p><!-- [et_pb_line_break_holder] -->            <\/p>\n<div class=\"coach-btn\"><!-- [et_pb_line_break_holder] -->                <\/p>\n<div class=\"link-btn\">Pozna\u0107<\/div>\n<p><!-- [et_pb_line_break_holder] -->            <\/div>\n<p><!-- [et_pb_line_break_holder] -->        <\/div>\n<p><!-- [et_pb_line_break_holder] -->    <\/div>\n<p><!-- [et_pb_line_break_holder] --> <\/div>\n<p><!-- [et_pb_line_break_holder] --> <\/p>\n<div class=\"card-back\" onclick=\"location.href='\/pl\/nasi-trenerzy\/theresa-oberstrass\/'\" ><!-- [et_pb_line_break_holder] -->    <\/p>\n<div class=\"cntnt\" ><!-- [et_pb_line_break_holder] -->        <\/p>\n<div><!-- [et_pb_line_break_holder] -->        <\/div>\n<p><!-- [et_pb_line_break_holder] -->        <\/p>\n<ol><!-- [et_pb_line_break_holder] -->          <\/p>\n<li><span class=\"ques\">Jakie s\u0105 Twoje kwalifikacje jako trenera\/trenerki?<\/span><!\u2013- [et_pb_br_holder] -\u2013><pee>Najlepszym sposobem na nauk\u0119 zak\u0142adania firmy jest w\u0142asne do\u015bwiadczenie. Za\u0142o\u017cy\u0142em firm\u0119 w r\u00f3\u017cnych nieszkodliwych obszarach z zupe\u0142nie r\u00f3\u017cnymi zespo\u0142ami i wiele si\u0119 nauczy\u0142em w tym procesie. Od radykalnej biotechnologii z kilkoma fazami zal\u0105\u017ckowymi po delikatny coaching w sektorze NGO i NPO, pozna\u0142em ju\u017c wiele bran\u017c. Opr\u00f3cz w\u0142asnego do\u015bwiadczenia praktycznego mam r\u00f3wnie\u017c wiele certyfikat\u00f3w i stopni naukowych. Mi\u0119dzy innymi w obszarach design thinking\/UX i agile, ale tak\u017ce w klasycznych przedmiotach, takich jak administracja biznesowa i nauki o zr\u00f3wnowa\u017conym rozwoju.<!-- [et_pb_line_break_holder] -->        <\/pee> <\/li>\n<p><!-- [et_pb_line_break_holder] -->          <\/p>\n<li><span class=\"ques\">Co daje Ci najwi\u0119ksz\u0105 satysfakcj\u0119 w Twojej pracy?<\/span><!\u2013- [et_pb_br_holder] -\u2013><\/li>\n<p><!-- [et_pb_line_break_holder] -->        <\/ol>\n<p><!-- [et_pb_line_break_holder] -->       <!-- \n\n<div>Mehr erfahren<\/div>\n\n<!-- [et_pb_line_break_holder] -->        <\/p>\n<div class=\"primary-color\"><\/div>\n<p><!-- [et_pb_line_break_holder] -->        <\/p>\n<div class=\"bottom-footer\"><!-- [et_pb_line_break_holder] -->            <\/p>\n<div class=\"bottom-footer-container\"><!-- [et_pb_line_break_holder] -->                <\/p>\n<div class=\"_col\"><!-- [et_pb_line_break_holder] -->                    <a href=\"https:\/\/avgs-gutschein.de\/pl\/nasi-trenerzy\/theresa-oberstrass\/\"> <span class=\"button\">Przejd\u017a do profilu<\/span><\/a><!-- [et_pb_line_break_holder] -->                <\/div>\n<p><!-- [et_pb_line_break_holder] -->            <\/div>\n<p><!-- [et_pb_line_break_holder] -->        <\/div>\n<p><!-- [et_pb_line_break_holder] -->    <\/div>\n<p><!-- [et_pb_line_break_holder] --> <\/div>\n<p><!-- [et_pb_line_break_holder] --> <\/div>\n<p>&#8211;><!-- [et_pb_line_break_holder] --> <!--Pursche--><!-- [et_pb_line_break_holder] --> <\/p>\n<div class=\"card-list item produkt-jobcoaching produkt-gruendungsberatung standort-buchholz standort-winsen standort-online sprache-deutsch themenschwerpunkte-bewerbungstraining themenschwerpunkte-lpp themenschwerpunkte-vorstellungsgespraeche themenschwerpunkte-persoenliche-positionierung themenschwerpunkte-strategie themenschwerpunkte-digitales-marketing themenschwerpunkte-lpp branchenschwerpunkte-beratung branchenschwerpunkte-dienstleistungen branchenschwerpunkte-event branchenschwerpunkte-handel branchenschwerpunkte-handwerk branchenschwerpunkte-kommunikation \"><!-- [et_pb_line_break_holder] --> <\/p>\n<div class=\"card-front\" ><!-- [et_pb_line_break_holder] -->    <\/p>\n<div class=\"cntnt\"><!-- [et_pb_line_break_holder] -->        <img decoding=\"async\" src=\"\/wp-content\/uploads\/2024\/01\/Mandy-Pursche_profile_img.webp\"><!-- [et_pb_line_break_holder] -->        <\/p>\n<div class=\"coach-card\"><!-- [et_pb_line_break_holder] -->            <\/p>\n<h2>Mandy Pursche<\/h2>\n<p><!-- [et_pb_line_break_holder] -->            <\/p>\n<div class=\"coach-desc\"><!-- [et_pb_line_break_holder] -->                <\/p>\n<div class=\"standort\"><b>Biuro:<\/b> Obecno\u015b\u0107 w: Winsen (Luhe), Buchholz, online w ca\u0142ych Niemczech<\/div>\n<p><!-- [et_pb_line_break_holder] -->                <\/p>\n<hr>\n<p><!-- [et_pb_line_break_holder] -->                <\/p>\n<div class=\"specialty\"><b>Produkt:<\/b> Coaching zawodowy, Porady dla os\u00f3b rozpoczynaj\u0105cych dzia\u0142alno\u015b\u0107 gospodarcz\u0105<\/div>\n<p><!-- [et_pb_line_break_holder] -->                <\/p>\n<hr>\n<p><!-- [et_pb_line_break_holder] -->                <\/p>\n<div class=\"lang\"><b>J\u0119zyk(i) coachingu:<\/b> niemiecki<\/div>\n<p><!-- [et_pb_line_break_holder] -->                <\/p>\n<hr>\n<p><!-- [et_pb_line_break_holder] -->            <\/div>\n<p><!-- [et_pb_line_break_holder] -->            <\/p>\n<div class=\"coach-btn\"><!-- [et_pb_line_break_holder] -->                <\/p>\n<div class=\"link-btn\">Pozna\u0107<\/div>\n<p><!-- [et_pb_line_break_holder] -->            <\/div>\n<p><!-- [et_pb_line_break_holder] -->        <\/div>\n<p><!-- [et_pb_line_break_holder] -->    <\/div>\n<p><!-- [et_pb_line_break_holder] --> <\/div>\n<p><!-- [et_pb_line_break_holder] --> <\/p>\n<div class=\"card-back\" onclick=\"location.href='\/pl\/nasi-trenerzy\/mandy-pursche\/'\" ><!-- [et_pb_line_break_holder] -->    <\/p>\n<div class=\"cntnt\" ><!-- [et_pb_line_break_holder] -->        <\/p>\n<div><!-- [et_pb_line_break_holder] -->        <\/div>\n<p><!-- [et_pb_line_break_holder] -->        <\/p>\n<ol><!-- [et_pb_line_break_holder] -->          <\/p>\n<li><span class=\"ques\">Co m\u00f3wi\u0105 o Tobie Twoi klienci?<\/span><!\u2013- [et_pb_br_holder] -\u2013><pee>Z Pani\u0105 Pursche jeste\u015bcie w bardzo dobrych r\u0119kach<\/pee><!-- [et_pb_line_break_holder] -->           <pee>Dzi\u0119ki jej niezwykle mi\u0142emu, przyjacielskiemu usposobieniu oraz swobodnej, pi\u0119knej atmosferze, zmartwienia zwi\u0105zane ze znalezieniem pracy, listami motywacyjnymi itp. dos\u0142ownie odesz\u0142y ode mnie.<\/pee><!-- [et_pb_line_break_holder] -->           <pee>Pani Pursche przyj\u0119\u0142a mnie bardzo dobrze dzi\u0119ki swojej wyj\u0105tkowej kompetencji zawodowej i empatii.<\/pee><!-- [et_pb_line_break_holder] -->           <pee>Jej spokojny, obiektywny, wyrozumia\u0142y i niezwykle elastyczny spos\u00f3b pracy rozwia\u0142 moje obawy i w\u0105tpliwo\u015bci podczas pisania list\u00f3w aplikacyjnych \/ rozm\u00f3w kwalifikacyjnych.<\/pee><!-- [et_pb_line_break_holder] -->           <pee>\u0106wiczenia i zadania domowe wyra\u017anie pokaza\u0142y mi moje mocne strony, a wiele blokad znikn\u0119\u0142o.<!-- [et_pb_line_break_holder] -->        <\/pee><!-- [et_pb_line_break_holder] -->           <pee>Zawsze mog\u0119 skontaktowa\u0107 si\u0119 z pani\u0105 Pursche. Dzwoni r\u00f3wnie\u017c p\u00f3\u017anym wieczorem i umo\u017cliwia umawianie wizyt w kr\u00f3tkim terminie.<\/pee><!-- [et_pb_line_break_holder] -->           <pee>Z pani\u0105 Pursche zmierzam w absolutnie dobrym kierunku!<\/pee><!-- [et_pb_line_break_holder] -->            <\/li>\n<p><!-- [et_pb_line_break_holder] -->          <\/p>\n<li><span class=\"ques\">Co Ci\u0119 motywuje i jakie jest Twoje ulubione zadanie jako trenera?<\/span><!\u2013- [et_pb_br_holder] -\u2013><\/li>\n<p><!-- [et_pb_line_break_holder] -->        <\/ol>\n<p><!-- [et_pb_line_break_holder] -->       <!-- \n\n<div>Mehr erfahren<\/div>\n\n--><!-- [et_pb_line_break_holder] -->        <\/p>\n<div class=\"primary-color\"><\/div>\n<p><!-- [et_pb_line_break_holder] -->        <\/p>\n<div class=\"bottom-footer\"><!-- [et_pb_line_break_holder] -->            <\/p>\n<div class=\"bottom-footer-container\"><!-- [et_pb_line_break_holder] -->                <\/p>\n<div class=\"_col\"><!-- [et_pb_line_break_holder] -->                    <a href=\"https:\/\/avgs-gutschein.de\/pl\/nasi-trenerzy\/mandy-pursche\/\"> <span class=\"button\">Przejd\u017a do profilu<\/span><\/a><!-- [et_pb_line_break_holder] -->                <\/div>\n<p><!-- [et_pb_line_break_holder] -->            <\/div>\n<p><!-- [et_pb_line_break_holder] -->        <\/div>\n<p><!-- [et_pb_line_break_holder] -->    <\/div>\n<p><!-- [et_pb_line_break_holder] --> <\/div>\n<p><!-- [et_pb_line_break_holder] --> <\/div>\n<p><!-- [et_pb_line_break_holder] -->   <!--Ritz--><!-- [et_pb_line_break_holder] --> <\/p>\n<div class=\"card-list item produkt-gruendungsberatung standort-online standort-koblenz sprache-deutsch sprache-englisch themenschwerpunkte-persoenliche-positionierung themenschwerpunkte-strategie themenschwerpunkte-digitales-marketing branchenschwerpunkte-beratung branchenschwerpunkte-dienstleistungen branchenschwerpunkte-event branchenschwerpunkte-kultur branchenschwerpunkte-kommunikation branchenschwerpunkte-start-up \"><!-- [et_pb_line_break_holder] --> <\/p>\n<div class=\"card-front\" ><!-- [et_pb_line_break_holder] -->    <\/p>\n<div class=\"cntnt\"><!-- [et_pb_line_break_holder] -->        <img decoding=\"async\" src=\"\/wp-content\/uploads\/2024\/05\/Yvonne_Martina_Ritz_img.webp\"><!-- [et_pb_line_break_holder] -->        <\/p>\n<div class=\"coach-card\"><!-- [et_pb_line_break_holder] -->            <\/p>\n<h2>Yvonn\u00e9 Ritz<\/h2>\n<p><!-- [et_pb_line_break_holder] -->            <\/p>\n<div class=\"coach-desc\"><!-- [et_pb_line_break_holder] -->                <\/p>\n<div class=\"standort\"><b>Biuro:<\/b> Obecno\u015b\u0107 w: Koblencja, online w ca\u0142ych Niemczech<\/div>\n<p><!-- [et_pb_line_break_holder] -->                <\/p>\n<hr>\n<p><!-- [et_pb_line_break_holder] -->                <\/p>\n<div class=\"specialty\"><b>Produkt:<\/b> Porady dla start-up\u00f3w<\/div>\n<p><!-- [et_pb_line_break_holder] -->                <\/p>\n<hr>\n<p><!-- [et_pb_line_break_holder] -->                <\/p>\n<div class=\"lang\"><b>J\u0119zyk(i) coachingu:<\/b> niemiecki, angielski<\/div>\n<p><!-- [et_pb_line_break_holder] -->                <\/p>\n<hr>\n<p><!-- [et_pb_line_break_holder] -->            <\/div>\n<p><!-- [et_pb_line_break_holder] -->            <\/p>\n<div class=\"coach-btn\"><!-- [et_pb_line_break_holder] -->                <\/p>\n<div class=\"link-btn\">Pozna\u0107<\/div>\n<p><!-- [et_pb_line_break_holder] -->            <\/div>\n<p><!-- [et_pb_line_break_holder] -->        <\/div>\n<p><!-- [et_pb_line_break_holder] -->    <\/div>\n<p><!-- [et_pb_line_break_holder] --> <\/div>\n<p><!-- [et_pb_line_break_holder] --> <\/p>\n<div class=\"card-back\" onclick=\"location.href='\/pl\/nasi-trenerzy\/yvonne-ritz\/'\" ><!-- [et_pb_line_break_holder] -->    <\/p>\n<div class=\"cntnt\" ><!-- [et_pb_line_break_holder] -->        <\/p>\n<div><!-- [et_pb_line_break_holder] -->        <\/div>\n<p><!-- [et_pb_line_break_holder] -->        <\/p>\n<ol><!-- [et_pb_line_break_holder] -->          <\/p>\n<li><span class=\"ques\">1. Jakie s\u0105 Twoje kwalifikacje jako trenera\/trenerki?<\/span><!\u2013- [et_pb_br_holder] -\u2013><pee>Moje do\u015bwiadczenie w sektorze korporacyjnym i wielu osobom, kt\u00f3rym mia\u0142em okazj\u0119 pom\u00f3c na ich \u015bcie\u017cce zawodowej w ostatnich latach.<\/pee><!-- [et_pb_line_break_holder] -->            <\/li>\n<p><!-- [et_pb_line_break_holder] -->          <\/p>\n<li><span class=\"ques\">Jakie kwalifikacje kwalifikuj\u0105 Ci\u0119 jako trenera\/trenera?<\/span><!\u2013- [et_pb_br_holder] -\u2013><\/li>\n<p><!-- [et_pb_line_break_holder] -->        <\/ol>\n<p><!-- [et_pb_line_break_holder] -->       <!-- \n\n<div>Mehr erfahren<\/div>\n\n--><!-- [et_pb_line_break_holder] -->        <\/p>\n<div class=\"primary-color\"><\/div>\n<p><!-- [et_pb_line_break_holder] -->        <\/p>\n<div class=\"bottom-footer\"><!-- [et_pb_line_break_holder] -->            <\/p>\n<div class=\"bottom-footer-container\"><!-- [et_pb_line_break_holder] -->                <\/p>\n<div class=\"_col\"><!-- [et_pb_line_break_holder] -->                    <a href=\"https:\/\/avgs-gutschein.de\/pl\/nasi-trenerzy\/yvonne-ritz\/\"> <span class=\"button\">Przejd\u017a do profilu<\/span><\/a><!-- [et_pb_line_break_holder] -->                <\/div>\n<p><!-- [et_pb_line_break_holder] -->            <\/div>\n<p><!-- [et_pb_line_break_holder] -->        <\/div>\n<p><!-- [et_pb_line_break_holder] -->    <\/div>\n<p><!-- [et_pb_line_break_holder] --> <\/div>\n<p><!-- [et_pb_line_break_holder] --> <\/div>\n<p><!-- [et_pb_line_break_holder] --> <!--Rose--><!-- [et_pb_line_break_holder] --> <\/p>\n<div class=\"card-list item produkt-jobcoaching produkt-gruendungsberatung standort-online standort-berlin sprache-deutsch sprache-englisch themenschwerpunkte-bewerbungstraining themenschwerpunkte-stellenrecherche themenschwerpunkte-berufsorientierung themenschwerpunkte-vorstellungsgespraeche themenschwerpunkte-persoenliche-positionierung themenschwerpunkte-businessplanerstellung themenschwerpunkte-strategie themenschwerpunkte-finanzplanung themenschwerpunkte-digitales-marketing themenschwerpunkte-rechtsfragen branchenschwerpunkte-beratung branchenschwerpunkte-dienstleistungen branchenschwerpunkte-kommunikation \"><!-- [et_pb_line_break_holder] --> <\/p>\n<div class=\"card-front\" ><!-- [et_pb_line_break_holder] -->    <\/p>\n<div class=\"cntnt\"><!-- [et_pb_line_break_holder] -->        <img decoding=\"async\" src=\"\/wp-content\/uploads\/2023\/12\/090_Rose_LotteOstermann.webp\"><!-- [et_pb_line_break_holder] -->        <\/p>\n<div class=\"coach-card\"><!-- [et_pb_line_break_holder] -->            <\/p>\n<h2>Jessika Rose<\/h2>\n<p><!-- [et_pb_line_break_holder] -->            <\/p>\n<div class=\"coach-desc\"><!-- [et_pb_line_break_holder] -->                <\/p>\n<div class=\"standort\"><b>Biuro:<\/b> Obecno\u015b\u0107 w: Berlinie, online w ca\u0142ych Niemczech<\/div>\n<p><!-- [et_pb_line_break_holder] -->                <\/p>\n<hr>\n<p><!-- [et_pb_line_break_holder] -->                <\/p>\n<div class=\"specialty\"><b>Produkt:<\/b> Coaching zawodowy, Porady dla os\u00f3b rozpoczynaj\u0105cych dzia\u0142alno\u015b\u0107 gospodarcz\u0105<\/div>\n<p><!-- [et_pb_line_break_holder] -->                <\/p>\n<hr>\n<p><!-- [et_pb_line_break_holder] -->                <\/p>\n<div class=\"lang\"><b>J\u0119zyk(i) coachingu:<\/b> niemiecki, angielski<\/div>\n<p><!-- [et_pb_line_break_holder] -->                <\/p>\n<hr>\n<p><!-- [et_pb_line_break_holder] -->            <\/div>\n<p><!-- [et_pb_line_break_holder] -->            <\/p>\n<div class=\"coach-btn\"><!-- [et_pb_line_break_holder] -->                <\/p>\n<div class=\"link-btn\">Pozna\u0107<\/div>\n<p><!-- [et_pb_line_break_holder] -->            <\/div>\n<p><!-- [et_pb_line_break_holder] -->        <\/div>\n<p><!-- [et_pb_line_break_holder] -->    <\/div>\n<p><!-- [et_pb_line_break_holder] --> <\/div>\n<p><!-- [et_pb_line_break_holder] --> <\/p>\n<div class=\"card-back\" onclick=\"location.href='\/pl\/nasi-trenerzy\/jessika-rose\/'\" ><!-- [et_pb_line_break_holder] -->    <\/p>\n<div class=\"cntnt\" ><!-- [et_pb_line_break_holder] -->        <\/p>\n<div><!-- [et_pb_line_break_holder] -->        <\/div>\n<p><!-- [et_pb_line_break_holder] -->        <\/p>\n<ol><!-- [et_pb_line_break_holder] -->          <\/p>\n<li><span class=\"ques\">Jakie s\u0105 Twoje kwalifikacje jako trenera\/trenerki?<\/span><!\u2013- [et_pb_br_holder] -\u2013><pee>Szeroki wachlarz kwalifikacji, po\u0142\u0105czony z du\u017cym do\u015bwiadczeniem praktycznym i osobistym, podej\u015bciem systemowym i bardzo dobrym wyczuciem problem\u00f3w le\u017c\u0105cych u podstaw problem\u00f3w.<\/pee><!-- [et_pb_line_break_holder] -->            <\/li>\n<p><!-- [et_pb_line_break_holder] -->          <\/p>\n<li><span class=\"ques\">Co daje Ci najwi\u0119ksz\u0105 satysfakcj\u0119 w Twojej pracy?<\/span><!\u2013- [et_pb_br_holder] -\u2013><\/li>\n<p><!-- [et_pb_line_break_holder] -->        <\/ol>\n<p><!-- [et_pb_line_break_holder] -->       <!-- \n\n<div>Mehr erfahren<\/div>\n\n--><!-- [et_pb_line_break_holder] -->        <\/p>\n<div class=\"primary-color\"><\/div>\n<p><!-- [et_pb_line_break_holder] -->        <\/p>\n<div class=\"bottom-footer\"><!-- [et_pb_line_break_holder] -->            <\/p>\n<div class=\"bottom-footer-container\"><!-- [et_pb_line_break_holder] -->                <\/p>\n<div class=\"_col\"><!-- [et_pb_line_break_holder] -->                    <a href=\"https:\/\/avgs-gutschein.de\/pl\/nasi-trenerzy\/jessika-rose\/\"> <span class=\"button\">Przejd\u017a do profilu<\/span><\/a><!-- [et_pb_line_break_holder] -->                <\/div>\n<p><!-- [et_pb_line_break_holder] -->            <\/div>\n<p><!-- [et_pb_line_break_holder] -->        <\/div>\n<p><!-- [et_pb_line_break_holder] -->    <\/div>\n<p><!-- [et_pb_line_break_holder] --> <\/div>\n<p><!-- [et_pb_line_break_holder] --> <\/div>\n<p><!-- [et_pb_line_break_holder] -->  <!--Rosik--><!-- [et_pb_line_break_holder] -->  <\/p>\n<div class=\"card-list item produkt-jobcoaching produkt-gruendungsberatung standort-online standort-bremen sprache-deutsch sprache-englisch themenschwerpunkte-bewerbungstraining themenschwerpunkte-berufsorientierung themenschwerpunkte-vorstellungsgespraeche themenschwerpunkte-persoenliche-positionierung themenschwerpunkte-businessplanerstellung themenschwerpunkte-strategie themenschwerpunkte-finanzplanung themenschwerpunkte-digitales-marketing branchenschwerpunkte-beratung branchenschwerpunkte-dienstleistungen branchenschwerpunkte-kommunikation branchenschwerpunkte-soziales branchenschwerpunkte-industrie branchenschwerpunkte-start-up \"><!-- [et_pb_line_break_holder] -->  <\/p>\n<div class=\"card-front\" ><!-- [et_pb_line_break_holder] -->     <\/p>\n<div class=\"cntnt\"><!-- [et_pb_line_break_holder] -->         <img decoding=\"async\" src=\"\/wp-content\/uploads\/2024\/04\/MarcusRosik_Outdoor.webp\"><!-- [et_pb_line_break_holder] -->         <\/p>\n<div class=\"coach-card\"><!-- [et_pb_line_break_holder] -->             <\/p>\n<h2>Marcus Rosik<\/h2>\n<p><!-- [et_pb_line_break_holder] -->             <\/p>\n<div class=\"coach-desc\"><!-- [et_pb_line_break_holder] -->                 <\/p>\n<div class=\"standort\"><b>Biuro:<\/b> Obecno\u015b\u0107 w: Brema, online w ca\u0142ych Niemczech<\/div>\n<p><!-- [et_pb_line_break_holder] -->                 <\/p>\n<hr>\n<p><!-- [et_pb_line_break_holder] -->                 <\/p>\n<div class=\"specialty\"><b>Produkt:<\/b> Coaching zawodowy, Porady dla os\u00f3b rozpoczynaj\u0105cych dzia\u0142alno\u015b\u0107 gospodarcz\u0105<\/div>\n<p><!-- [et_pb_line_break_holder] -->                 <\/p>\n<hr>\n<p><!-- [et_pb_line_break_holder] -->                 <\/p>\n<div class=\"lang\"><b>J\u0119zyk(i) coachingu:<\/b> niemiecki, angielski<\/div>\n<p><!-- [et_pb_line_break_holder] -->                 <\/p>\n<hr>\n<p><!-- [et_pb_line_break_holder] -->             <\/div>\n<p><!-- [et_pb_line_break_holder] -->             <\/p>\n<div class=\"coach-btn\"><!-- [et_pb_line_break_holder] -->                 <\/p>\n<div class=\"link-btn\">Pozna\u0107<\/div>\n<p><!-- [et_pb_line_break_holder] -->             <\/div>\n<p><!-- [et_pb_line_break_holder] -->         <\/div>\n<p><!-- [et_pb_line_break_holder] -->     <\/div>\n<p><!-- [et_pb_line_break_holder] -->  <\/div>\n<p><!-- [et_pb_line_break_holder] -->  <\/p>\n<div class=\"card-back\" onclick=\"location.href='\/pl\/nasi-trenerzy\/marcus-rosik\/'\" ><!-- [et_pb_line_break_holder] -->     <\/p>\n<div class=\"cntnt\" ><!-- [et_pb_line_break_holder] -->         <\/p>\n<div><!-- [et_pb_line_break_holder] -->         <\/div>\n<p><!-- [et_pb_line_break_holder] -->         <\/p>\n<ol><!-- [et_pb_line_break_holder] -->           <\/p>\n<li><span class=\"ques\">Jakie s\u0105 Twoje kwalifikacje jako trenera\/trenerki?<\/span><!\u2013- [et_pb_br_holder] -\u2013><pee>Jako coach i trener mam szeroki wachlarz r\u00f3\u017cnych kurs\u00f3w szkoleniowych w renomowanych instytutach\/instytucjach szkoleniowych. Wieloletnie do\u015bwiadczenie zawodowe w r\u00f3\u017cnych bran\u017cach cz\u0119sto pozwala mi \u0142atwo wczu\u0107 si\u0119 w sytuacj\u0119 moich klient\u00f3w i tym samym dzia\u0142a\u0107 jako pomocny towarzysz.<\/pee><!-- [et_pb_line_break_holder] -->             <\/li>\n<p><!-- [et_pb_line_break_holder] -->           <\/p>\n<li><span class=\"ques\">Co m\u00f3wi\u0105 o Tobie Twoi klienci?<\/span><!\u2013- [et_pb_br_holder] -\u2013><\/li>\n<p><!-- [et_pb_line_break_holder] -->         <\/ol>\n<p><!-- [et_pb_line_break_holder] -->        <!-- \n\n<div>Mehr erfahren<\/div>\n\n--><!-- [et_pb_line_break_holder] -->         <\/p>\n<div class=\"primary-color\"><\/div>\n<p><!-- [et_pb_line_break_holder] -->         <\/p>\n<div class=\"bottom-footer\"><!-- [et_pb_line_break_holder] -->             <\/p>\n<div class=\"bottom-footer-container\"><!-- [et_pb_line_break_holder] -->                 <\/p>\n<div class=\"_col\"><!-- [et_pb_line_break_holder] -->                     <a href=\"https:\/\/avgs-gutschein.de\/pl\/nasi-trenerzy\/marcus-rosik\/\"> <span class=\"button\">Przejd\u017a do profilu<\/span><\/a><!-- [et_pb_line_break_holder] -->                 <\/div>\n<p><!-- [et_pb_line_break_holder] -->             <\/div>\n<p><!-- [et_pb_line_break_holder] -->         <\/div>\n<p><!-- [et_pb_line_break_holder] -->     <\/div>\n<p><!-- [et_pb_line_break_holder] -->  <\/div>\n<p><!-- [et_pb_line_break_holder] -->  <\/div>\n<p><!-- [et_pb_line_break_holder] --> <!--Christian Schmitt<!-- [et_pb_line_break_holder] --> <\/p>\n<div class=\"card-list item produkt-jobcoaching produkt-gruendungsberatung standort-online standort-koblenz sprache-deutsch themenschwerpunkte-berufsorientierung themenschwerpunkte-persoenliche-positionierung themenschwerpunkte-businessplanerstellung themenschwerpunkte-strategie themenschwerpunkte-finanzplanung themenschwerpunkte-digitales-marketing branchenschwerpunkte-beratung branchenschwerpunkte-dienstleistungen branchenschwerpunkte-event branchenschwerpunkte-gastronomie branchenschwerpunkte-handel branchenschwerpunkte-design branchenschwerpunkte-kultur branchenschwerpunkte-kommunikation branchenschwerpunkte-ngos \"><!-- [et_pb_line_break_holder] --> <\/p>\n<div class=\"card-front\" ><!-- [et_pb_line_break_holder] -->    <\/p>\n<div class=\"cntnt\"><!-- [et_pb_line_break_holder] -->        <img decoding=\"async\" src=\"\/wp-content\/uploads\/2024\/01\/ChristianSchmitt-profle_img.webp\"><!-- [et_pb_line_break_holder] -->        <\/p>\n<div class=\"coach-card\"><!-- [et_pb_line_break_holder] -->            <\/p>\n<h2>Christian Schmitt<\/h2>\n<p><!-- [et_pb_line_break_holder] -->            <\/p>\n<div class=\"coach-desc\"><!-- [et_pb_line_break_holder] -->                <\/p>\n<div class=\"standort\"><b>Biuro:<\/b> Obecno\u015b\u0107 w: Koblencja, online w ca\u0142ych Niemczech<\/div>\n<p><!-- [et_pb_line_break_holder] -->                <\/p>\n<hr>\n<p><!-- [et_pb_line_break_holder] -->                <\/p>\n<div class=\"specialty\"><b>Produkt:<\/b> Coaching zawodowy, Porady dla os\u00f3b rozpoczynaj\u0105cych dzia\u0142alno\u015b\u0107 gospodarcz\u0105<\/div>\n<p><!-- [et_pb_line_break_holder] -->                <\/p>\n<hr>\n<p><!-- [et_pb_line_break_holder] -->                <\/p>\n<div class=\"lang\"><b>J\u0119zyk(i) coachingu:<\/b> niemiecki<\/div>\n<p><!-- [et_pb_line_break_holder] -->                <\/p>\n<hr>\n<p><!-- [et_pb_line_break_holder] -->            <\/div>\n<p><!-- [et_pb_line_break_holder] -->            <\/p>\n<div class=\"coach-btn\"><!-- [et_pb_line_break_holder] -->                <\/p>\n<div class=\"link-btn\">Pozna\u0107<\/div>\n<p><!-- [et_pb_line_break_holder] -->            <\/div>\n<p><!-- [et_pb_line_break_holder] -->        <\/div>\n<p><!-- [et_pb_line_break_holder] -->    <\/div>\n<p><!-- [et_pb_line_break_holder] --> <\/div>\n<p><!-- [et_pb_line_break_holder] --> <\/p>\n<div class=\"card-back\" onclick=\"location.href='\/pl\/nasi-trenerzy\/christian-schmitt\/'\" ><!-- [et_pb_line_break_holder] -->    <\/p>\n<div class=\"cntnt\" ><!-- [et_pb_line_break_holder] -->        <\/p>\n<div><!-- [et_pb_line_break_holder] -->        <\/div>\n<p><!-- [et_pb_line_break_holder] -->        <\/p>\n<ol><!-- [et_pb_line_break_holder] -->          <\/p>\n<li><span class=\"ques\">Jakie s\u0105 Twoje kwalifikacje jako trenera\/trenerki?  <\/span><!\u2013- [et_pb_br_holder] -\u2013><pee>Od czasu, gdy zacz\u0105\u0142em uczy\u0107 na uniwersytetach i w instytucjach edukacyjnych, a w szczeg\u00f3lno\u015bci jako jeden z dyrektor\u00f3w centrum start-up\u00f3w Uniwersytetu Kolo\u0144skiego, zawsze postrzega\u0142em siebie jako \u201epracownika rozwoju\u201d dla wizji i pomys\u0142\u00f3w zespo\u0142\u00f3w i za\u0142o\u017cycieli, kt\u00f3rymi kieruj\u0119. Jako osoba otwarta z silnymi umiej\u0119tno\u015bciami komunikacyjnymi jestem r\u00f3wnie\u017c dobrym s\u0142uchaczem, a dzi\u0119ki moim umiej\u0119tno\u015bciom analitycznym, szybkiemu zrozumieniu i przedsi\u0119biorczemu my\u015bleniu potrafi\u0119 rozpozna\u0107 istniej\u0105cy potencja\u0142 i zaproponowa\u0107 zalecenia zorientowane na rozwi\u0105zania. Od czasu mojego pobytu na Uniwersytecie Kolo\u0144skim uda\u0142o mi si\u0119 z powodzeniem nadzorowa\u0107 wiele spin-off\u00f3w lub wspiera\u0107 je w ich orientacji zawodowej. Moja sie\u0107 partner\u00f3w wsp\u00f3\u0142pracy, kt\u00f3r\u0105 zbudowa\u0142em w tym czasie i kt\u00f3ra stale si\u0119 rozwija od tego czasu, zapewnia niezb\u0119dn\u0105 podstaw\u0119 do w\u0142\u0105czenia odpowiedniego do\u015bwiadczenia praktycznego do odpowiedzi na pojawiaj\u0105ce si\u0119 pytania.<\/pee><!-- [et_pb_line_break_holder] -->            <\/li>\n<p><!-- [et_pb_line_break_holder] -->          <\/p>\n<li><span class=\"ques\">Jak rozpozna\u0107 dobrego trenera?<\/span><!\u2013- [et_pb_br_holder] -\u2013><\/li>\n<p><!-- [et_pb_line_break_holder] -->        <\/ol>\n<p><!-- [et_pb_line_break_holder] -->       <!-- \n\n<div>Mehr erfahren<\/div>\n\n<!-- [et_pb_line_break_holder] -->        <\/p>\n<div class=\"primary-color\"><\/div>\n<p><!-- [et_pb_line_break_holder] -->        <\/p>\n<div class=\"bottom-footer\"><!-- [et_pb_line_break_holder] -->            <\/p>\n<div class=\"bottom-footer-container\"><!-- [et_pb_line_break_holder] -->                <\/p>\n<div class=\"_col\"><!-- [et_pb_line_break_holder] -->                    <a href=\"https:\/\/avgs-gutschein.de\/pl\/nasi-trenerzy\/christian-schmitt\/\"> <span class=\"button\">Przejd\u017a do profilu<\/span><\/a><!-- [et_pb_line_break_holder] -->                <\/div>\n<p><!-- [et_pb_line_break_holder] -->            <\/div>\n<p><!-- [et_pb_line_break_holder] -->        <\/div>\n<p><!-- [et_pb_line_break_holder] -->    <\/div>\n<p><!-- [et_pb_line_break_holder] --> <\/div>\n<p><!-- [et_pb_line_break_holder] --> <\/div>\n<p>&#8211;><!-- [et_pb_line_break_holder] --><!-- [et_pb_line_break_holder] --><!-- [et_pb_line_break_holder] --> <!--Schmitt--><!-- [et_pb_line_break_holder] --> <\/p>\n<div class=\"card-list item produkt-jobcoaching standort-online standort-stade sprache-deutsch themenschwerpunkte-bewerbungstraining themenschwerpunkte-stellenrecherche themenschwerpunkte-berufsorientierung themenschwerpunkte-vorstellungsgespraeche themenschwerpunkte-persoenliche-positionierung branchenschwerpunkte-beratung branchenschwerpunkte-dienstleistungen branchenschwerpunkte-handel \"><!-- [et_pb_line_break_holder] --> <\/p>\n<div class=\"card-front\" ><!-- [et_pb_line_break_holder] -->    <\/p>\n<div class=\"cntnt\"><!-- [et_pb_line_break_holder] -->        <img decoding=\"async\" src=\"\/wp-content\/uploads\/2023\/12\/Foto_Helen_Schmitt.webp\"><!-- [et_pb_line_break_holder] -->        <\/p>\n<div class=\"coach-card\"><!-- [et_pb_line_break_holder] -->            <\/p>\n<h2>Helen Schmitt<\/h2>\n<p><!-- [et_pb_line_break_holder] -->            <\/p>\n<div class=\"coach-desc\"><!-- [et_pb_line_break_holder] -->                <\/p>\n<div class=\"standort\"><b>Biuro:<\/b> Obecno\u015b\u0107 w: Stade, online w ca\u0142ych Niemczech<\/div>\n<p><!-- [et_pb_line_break_holder] -->                <\/p>\n<hr>\n<p><!-- [et_pb_line_break_holder] -->                <\/p>\n<div class=\"specialty\"><b>Produkt:<\/b> Coaching zawodowy<\/div>\n<p><!-- [et_pb_line_break_holder] -->                <\/p>\n<hr>\n<p><!-- [et_pb_line_break_holder] -->                <\/p>\n<div class=\"lang\"><b>J\u0119zyk(i) coachingu:<\/b> niemiecki<\/div>\n<p><!-- [et_pb_line_break_holder] -->                <\/p>\n<hr>\n<p><!-- [et_pb_line_break_holder] -->            <\/div>\n<p><!-- [et_pb_line_break_holder] -->            <\/p>\n<div class=\"coach-btn\"><!-- [et_pb_line_break_holder] -->                <\/p>\n<div class=\"link-btn\">Pozna\u0107<\/div>\n<p><!-- [et_pb_line_break_holder] -->            <\/div>\n<p><!-- [et_pb_line_break_holder] -->        <\/div>\n<p><!-- [et_pb_line_break_holder] -->    <\/div>\n<p><!-- [et_pb_line_break_holder] --> <\/div>\n<p><!-- [et_pb_line_break_holder] --> <\/p>\n<div class=\"card-back\" onclick=\"location.href='\/pl\/nasi-trenerzy\/helen-schmitt\/'\" ><!-- [et_pb_line_break_holder] -->    <\/p>\n<div class=\"cntnt\" ><!-- [et_pb_line_break_holder] -->        <\/p>\n<div><!-- [et_pb_line_break_holder] -->        <\/div>\n<p><!-- [et_pb_line_break_holder] -->        <\/p>\n<ol><!-- [et_pb_line_break_holder] -->          <\/p>\n<li><span class=\"ques\">Jakie s\u0105 Twoje kwalifikacje jako trenera\/trenerki?<\/span><!\u2013- [et_pb_br_holder] -\u2013><pee>Przez ponad 10 lat jako pracownik dzia\u0142u kadr i rekruter w przemy\u015ble, hurcie, logistyce i us\u0142ugach personalnych przeprowadzi\u0142em niezliczone rozmowy kwalifikacyjne w poszukiwaniu specjalist\u00f3w i mened\u017cer\u00f3w. Znam wi\u0119c stron\u0119 decydent\u00f3w HR i mog\u0119 udzieli\u0107 Ci cennych wskaz\u00f3wek na temat tego, co naprawd\u0119 ma znaczenie podczas sk\u0142adania aplikacji i rozmowy kwalifikacyjnej. Jako wykwalifikowany trener biznesowy i personalny mam empati\u0119, poczucie humoru i niezachwiane przekonanie, \u017ce dla ka\u017cdego jest odpowiednia praca. Jako kierownik ds. szkole\u0144 wybiera\u0142em r\u00f3wnie\u017c sta\u017cyst\u00f3w handlowych i przemys\u0142owych, a tak\u017ce student\u00f3w dualnych, dzi\u0119ki czemu mog\u0119 r\u00f3wnie\u017c zapewni\u0107 bardzo dobre wsparcie w zakresie orientacji zawodowej w fazie mi\u0119dzy szko\u0142\u0105 a prac\u0105.<\/pee> <\/li>\n<p><!-- [et_pb_line_break_holder] -->          <\/p>\n<li><span class=\"ques\">Jakie mierzalne wyniki uda\u0142o Ci si\u0119 osi\u0105gn\u0105\u0107 wsp\u00f3lnie z klientami i co Ci\u0119 wyr\u00f3\u017cnia?<\/span><!\u2013- [et_pb_br_holder] -\u2013><\/li>\n<p><!-- [et_pb_line_break_holder] -->        <\/ol>\n<p><!-- [et_pb_line_break_holder] -->       <!-- \n\n<div>Mehr erfahren<\/div>\n\n--><!-- [et_pb_line_break_holder] -->        <\/p>\n<div class=\"primary-color\"><\/div>\n<p><!-- [et_pb_line_break_holder] -->        <\/p>\n<div class=\"bottom-footer\"><!-- [et_pb_line_break_holder] -->            <\/p>\n<div class=\"bottom-footer-container\"><!-- [et_pb_line_break_holder] -->                <\/p>\n<div class=\"_col\"><!-- [et_pb_line_break_holder] -->                    <a href=\"https:\/\/avgs-gutschein.de\/pl\/nasi-trenerzy\/helen-schmitt\/\"> <span class=\"button\">Przejd\u017a do profilu<\/span><\/a><!-- [et_pb_line_break_holder] -->                <\/div>\n<p><!-- [et_pb_line_break_holder] -->            <\/div>\n<p><!-- [et_pb_line_break_holder] -->        <\/div>\n<p><!-- [et_pb_line_break_holder] -->    <\/div>\n<p><!-- [et_pb_line_break_holder] --> <\/div>\n<p><!-- [et_pb_line_break_holder] --> <\/div>\n<p><!-- [et_pb_line_break_holder] --> <!--Schreier--><!-- [et_pb_line_break_holder] --> <\/p>\n<div class=\"card-list item produkt-jobcoaching<!-- [et_pb_line_break_holder] --> produkt-gruendungsberatung<!-- [et_pb_line_break_holder] --> standort-online<!-- [et_pb_line_break_holder] --> standort-weimar<!-- [et_pb_line_break_holder] --> standort-erfurt<!-- [et_pb_line_break_holder] --> sprache-deutsch<!-- [et_pb_line_break_holder] -->themenschwerpunkte-stellenrecherche<!-- [et_pb_line_break_holder] -->themenschwerpunkte-berufsorientierung<!-- [et_pb_line_break_holder] -->themenschwerpunkte-persoenliche-positionierung<!-- [et_pb_line_break_holder] -->themenschwerpunkte-businessplanerstellung<!-- [et_pb_line_break_holder] -->themenschwerpunkte-strategie<!-- [et_pb_line_break_holder] -->branchenschwerpunkte-beratung<!-- [et_pb_line_break_holder] -->branchenschwerpunkte-dienstleistungen<!-- [et_pb_line_break_holder] -->branchenschwerpunkte-event<!-- [et_pb_line_break_holder] -->branchenschwerpunkte-gastronomie<!-- [et_pb_line_break_holder] -->branchenschwerpunkte-handel&#8221;><!-- [et_pb_line_break_holder] --> <\/p>\n<div class=\"card-front\"><!-- [et_pb_line_break_holder] -->    <\/p>\n<div class=\"cntnt\"><!-- [et_pb_line_break_holder] -->        <img decoding=\"async\" src=\"\/wp-content\/uploads\/2025\/05\/theresia-schreier-profile-img.webp\"><!-- [et_pb_line_break_holder] -->        <\/p>\n<div class=\"coach-card\"><!-- [et_pb_line_break_holder] -->            <\/p>\n<h2>Theresia Schreier<\/h2>\n<p><!-- [et_pb_line_break_holder] -->            <\/p>\n<div class=\"coach-desc\"><!-- [et_pb_line_break_holder] -->                <\/p>\n<div class=\"standort\"><b>Biuro:<\/b>  Obecno\u015b\u0107 w: Weimar, Erfurt, online w ca\u0142ych Niemczech<\/div>\n<p><!-- [et_pb_line_break_holder] -->                <\/p>\n<hr>\n<p><!-- [et_pb_line_break_holder] -->                <\/p>\n<div class=\"specialty\"><b>Produkt:<\/b>  Coaching zawodowy, Porady dla os\u00f3b rozpoczynaj\u0105cych dzia\u0142alno\u015b\u0107 gospodarcz\u0105<\/div>\n<p><!-- [et_pb_line_break_holder] -->                <\/p>\n<hr>\n<p><!-- [et_pb_line_break_holder] -->                <\/p>\n<div class=\"lang\"><b>J\u0119zyk(i) coachingu::<\/b>  niemiecki<\/div>\n<p><!-- [et_pb_line_break_holder] -->                <\/p>\n<hr>\n<p><!-- [et_pb_line_break_holder] -->            <\/div>\n<p><!-- [et_pb_line_break_holder] -->            <\/p>\n<div class=\"coach-btn\"><!-- [et_pb_line_break_holder] -->                <\/p>\n<div class=\"link-btn\">Pozna\u0107<\/div>\n<p><!-- [et_pb_line_break_holder] -->            <\/div>\n<p><!-- [et_pb_line_break_holder] -->        <\/div>\n<p><!-- [et_pb_line_break_holder] -->    <\/div>\n<p><!-- [et_pb_line_break_holder] --> <\/div>\n<p><!-- [et_pb_line_break_holder] --> <\/p>\n<div class=\"card-back\" onclick=\"location.href='\/pl\/nasi-trenerzy\/theresia-schreier\/'\"><!-- [et_pb_line_break_holder] -->    <\/p>\n<div class=\"cntnt\"><!-- [et_pb_line_break_holder] -->        <\/p>\n<div><!-- [et_pb_line_break_holder] -->        <\/div>\n<p><!-- [et_pb_line_break_holder] -->        <\/p>\n<ol><!-- [et_pb_line_break_holder] -->          <\/p>\n<li><span class=\"ques\">Jakie s\u0105 Twoje kwalifikacje jako trenera\/trenerki? <\/span><!\u2013- [et_pb_br_holder] -\u2013><pee>Nie jestem trenerem, poniewa\u017c kiedy\u015b wydawa\u0142o mi si\u0119 to przyjemne, ale dlatego, \u017ce moja \u015bcie\u017cka zaprowadzi\u0142a mnie dok\u0142adnie tutaj. M\u00f3j plecak jest wype\u0142niony ponad 15-letnim do\u015bwiadczeniem w bran\u017cy hotelarskiej, sprzeda\u017cy i fitness. Prowadzi\u0142em, motywowa\u0142em i inspirowa\u0142em ludzi, najpierw na parkiecie, a potem w konstelacjach. Dzi\u0119ki dog\u0142\u0119bnemu szkoleniu z pracy systemowej, EMDR, NLP, pracy z energi\u0105 i neurorezonansu nauczy\u0142em si\u0119 patrze\u0107 g\u0142\u0119boko, jednocze\u015bnie utrzymuj\u0105c r\u00f3wnowag\u0119. \u0141\u0105cz\u0119 intuicj\u0119 z wiedz\u0105 specjalistyczn\u0105, serce ze struktur\u0105.<!-- [et_pb_line_break_holder] --><\/pee><\/li>\n<p><!-- [et_pb_line_break_holder] -->          <\/p>\n<li><span class=\"ques\">Jakie mierzalne rezultaty uda\u0142o Ci si\u0119 osi\u0105gn\u0105\u0107 wsp\u00f3lnie z klientami i co Ci\u0119 wyr\u00f3\u017cnia?&#8230;<\/span><!\u2013- [et_pb_br_holder] -\u2013><\/li>\n<p><!-- [et_pb_line_break_holder] -->        <\/ol>\n<p><!-- [et_pb_line_break_holder] -->       <!-- \n\n<div>Mehr erfahren<\/div>\n\n--><!-- [et_pb_line_break_holder] -->        <\/p>\n<div class=\"primary-color\"><\/div>\n<p><!-- [et_pb_line_break_holder] -->        <\/p>\n<div class=\"bottom-footer\"><!-- [et_pb_line_break_holder] -->            <\/p>\n<div class=\"bottom-footer-container\"><!-- [et_pb_line_break_holder] -->                <\/p>\n<div class=\"_col\"><!-- [et_pb_line_break_holder] -->                    <a href=\"https:\/\/avgs-gutschein.de\/pl\/nasi-trenerzy\/theresia-schreier\/\"> <span class=\"button\">Przejd\u017a do profilu<\/span><\/a><!-- [et_pb_line_break_holder] -->                <\/div>\n<p><!-- [et_pb_line_break_holder] -->            <\/div>\n<p><!-- [et_pb_line_break_holder] -->        <\/div>\n<p><!-- [et_pb_line_break_holder] -->    <\/div>\n<p><!-- [et_pb_line_break_holder] --> <\/div>\n<p><!-- [et_pb_line_break_holder] --> <\/div>\n<p><!-- [et_pb_line_break_holder] --> <!--Schr\u00f6ter--><!-- [et_pb_line_break_holder] --> <\/p>\n<div class=\"card-list item produkt-jobcoaching produkt-gruendungsberatung standort-online standort-oldenburg sprache-deutsch themenschwerpunkte-bewerbungstraining themenschwerpunkte-stellenrecherche themenschwerpunkte-berufsorientierung themenschwerpunkte-vorstellungsgespraeche themenschwerpunkte-persoenliche-positionierung themenschwerpunkte-businessplanerstellung themenschwerpunkte-strategie branchenschwerpunkte-beratung branchenschwerpunkte-event \"><!-- [et_pb_line_break_holder] --> <\/p>\n<div class=\"card-front\" ><!-- [et_pb_line_break_holder] -->    <\/p>\n<div class=\"cntnt\"><!-- [et_pb_line_break_holder] -->        <img decoding=\"async\" src=\"\/wp-content\/uploads\/2024\/04\/Denise_Schroeter_prof_pic.webp\"><!-- [et_pb_line_break_holder] -->        <\/p>\n<div class=\"coach-card\"><!-- [et_pb_line_break_holder] -->            <\/p>\n<h2>Denise Schr\u00f6ter<\/h2>\n<p><!-- [et_pb_line_break_holder] -->            <\/p>\n<div class=\"coach-desc\"><!-- [et_pb_line_break_holder] -->                <\/p>\n<div class=\"standort\"><b>Biuro:<\/b> Obecno\u015b\u0107 w: Oldenburg, online w ca\u0142ych Niemczech<\/div>\n<p><!-- [et_pb_line_break_holder] -->                <\/p>\n<hr>\n<p><!-- [et_pb_line_break_holder] -->                <\/p>\n<div class=\"specialty\"><b>Produkt:<\/b> Coaching zawodowy, Porady dla os\u00f3b rozpoczynaj\u0105cych dzia\u0142alno\u015b\u0107 gospodarcz\u0105<\/div>\n<p><!-- [et_pb_line_break_holder] -->                <\/p>\n<hr>\n<p><!-- [et_pb_line_break_holder] -->                <\/p>\n<div class=\"lang\"><b>J\u0119zyk(i) coachingu:<\/b> niemiecki<\/div>\n<p><!-- [et_pb_line_break_holder] -->                <\/p>\n<hr>\n<p><!-- [et_pb_line_break_holder] -->            <\/div>\n<p><!-- [et_pb_line_break_holder] -->            <\/p>\n<div class=\"coach-btn\"><!-- [et_pb_line_break_holder] -->                <\/p>\n<div class=\"link-btn\">Pozna\u0107<\/div>\n<p><!-- [et_pb_line_break_holder] -->            <\/div>\n<p><!-- [et_pb_line_break_holder] -->        <\/div>\n<p><!-- [et_pb_line_break_holder] -->    <\/div>\n<p><!-- [et_pb_line_break_holder] --> <\/div>\n<p><!-- [et_pb_line_break_holder] --> <\/p>\n<div class=\"card-back\" onclick=\"location.href='\/pl\/nasi-trenerzy\/denise-schroeter\/'\" ><!-- [et_pb_line_break_holder] -->    <\/p>\n<div class=\"cntnt\" ><!-- [et_pb_line_break_holder] -->        <\/p>\n<div><!-- [et_pb_line_break_holder] -->        <\/div>\n<p><!-- [et_pb_line_break_holder] -->        <\/p>\n<ol><!-- [et_pb_line_break_holder] -->          <\/p>\n<li><span class=\"ques\">Jakie s\u0105 Twoje kwalifikacje jako trenera\/trenerki?<\/span><!\u2013- [et_pb_br_holder] -\u2013><pee>Studia: licencjat z edukacji i nauk spo\u0142ecznych, <!\u2013- [et_pb_br_holder] -\u2013><!-- [et_pb_line_break_holder] -->            certyfikowany trener ADHD, <!\u2013- [et_pb_br_holder] -\u2013><!-- [et_pb_line_break_holder] -->            certyfikowany trener ADHD<!-- [et_pb_line_break_holder] -->            \u00a0<\/pee> <pee>Po studiach pracowa\u0142am jako pracownik socjalny w obszarach zdrowia i coachingu zawodowego. Zauwa\u017cy\u0142am, \u017ce wiele os\u00f3b ma trudno\u015bci lub nie jest w stanie osi\u0105gn\u0105\u0107 swoich cel\u00f3w osobistych i zawodowych z powodu upo\u015bledze\u0144 w obszarach samoorganizacji, wytrwa\u0142o\u015bci i koncentracji. Zmotywowana uko\u0144czy\u0142am kilka kurs\u00f3w szkoleniowych i jako certyfikowana trenerka ADHD mog\u0119 zapewni\u0107 skuteczne wsparcie w\u0142a\u015bnie w tych obszarach. Mam r\u00f3wnie\u017c ponad 15 lat do\u015bwiadczenia jako samozatrudniona mened\u017cerka wydarze\u0144 i by\u0142am w stanie zainspirowa\u0107 wspania\u0142ych klient\u00f3w w ca\u0142ym kraju.<\/pee><!-- [et_pb_line_break_holder] -->            <\/li>\n<p><!-- [et_pb_line_break_holder] -->          <\/p>\n<li><span class=\"ques\">Jakie mierzalne wyniki uda\u0142o Ci si\u0119 osi\u0105gn\u0105\u0107 wsp\u00f3lnie z klientami i co Ci\u0119 wyr\u00f3\u017cnia?<\/span><!\u2013- [et_pb_br_holder] -\u2013><\/li>\n<p><!-- [et_pb_line_break_holder] -->        <\/ol>\n<p><!-- [et_pb_line_break_holder] -->       <!-- \n\n<div>Mehr erfahren<\/div>\n\n--><!-- [et_pb_line_break_holder] -->        <\/p>\n<div class=\"primary-color\"><\/div>\n<p><!-- [et_pb_line_break_holder] -->        <\/p>\n<div class=\"bottom-footer\"><!-- [et_pb_line_break_holder] -->            <\/p>\n<div class=\"bottom-footer-container\"><!-- [et_pb_line_break_holder] -->                <\/p>\n<div class=\"_col\"><!-- [et_pb_line_break_holder] -->                    <a href=\"https:\/\/avgs-gutschein.de\/pl\/nasi-trenerzy\/denise-schroeter\/\"> <span class=\"button\">Przejd\u017a do profilu<\/span><\/a><!-- [et_pb_line_break_holder] -->                <\/div>\n<p><!-- [et_pb_line_break_holder] -->            <\/div>\n<p><!-- [et_pb_line_break_holder] -->        <\/div>\n<p><!-- [et_pb_line_break_holder] -->    <\/div>\n<p><!-- [et_pb_line_break_holder] --> <\/div>\n<p><!-- [et_pb_line_break_holder] --> <\/div>\n<p><!-- [et_pb_line_break_holder] --> <!--Seyd<!-- [et_pb_line_break_holder] --> <\/p>\n<div class=\"card-list item produkt-jobcoaching standort-online standort-hamburg sprache-deutsch themenschwerpunkte-bewerbungstraining themenschwerpunkte-stellenrecherche themenschwerpunkte-berufsorientierung themenschwerpunkte-vorstellungsgespraeche themenschwerpunkte-persoenliche-positionierung branchenschwerpunkte-beratung branchenschwerpunkte-dienstleistungen branchenschwerpunkte-kultur branchenschwerpunkte-ngos \"><!-- [et_pb_line_break_holder] --> <\/p>\n<div class=\"card-front\" ><!-- [et_pb_line_break_holder] -->    <\/p>\n<div class=\"cntnt\"><!-- [et_pb_line_break_holder] -->        <img decoding=\"async\" src=\"\/wp-content\/uploads\/2023\/12\/seyd.webp\"><!-- [et_pb_line_break_holder] -->        <\/p>\n<div class=\"coach-card\"><!-- [et_pb_line_break_holder] -->            <\/p>\n<h2>Dr. Christina Seyd<\/h2>\n<p><!-- [et_pb_line_break_holder] -->            <\/p>\n<div class=\"coach-desc\"><!-- [et_pb_line_break_holder] -->                <\/p>\n<div class=\"standort\"><b>Biuro:<\/b> Obecno\u015b\u0107 w: Hamburgu, online w ca\u0142ych Niemczech<\/div>\n<p><!-- [et_pb_line_break_holder] -->                <\/p>\n<hr>\n<p><!-- [et_pb_line_break_holder] -->                <\/p>\n<div class=\"specialty\"><b>Produkt:<\/b> Coaching zawodowy<\/div>\n<p><!-- [et_pb_line_break_holder] -->                <\/p>\n<hr>\n<p><!-- [et_pb_line_break_holder] -->                <\/p>\n<div class=\"lang\"><b>J\u0119zyk(i) coachingu:<\/b> niemiecki<\/div>\n<p><!-- [et_pb_line_break_holder] -->                <\/p>\n<hr>\n<p><!-- [et_pb_line_break_holder] -->            <\/div>\n<p><!-- [et_pb_line_break_holder] -->            <\/p>\n<div class=\"coach-btn\"><!-- [et_pb_line_break_holder] -->                <\/p>\n<div class=\"link-btn\">Pozna\u0107<\/div>\n<p><!-- [et_pb_line_break_holder] -->            <\/div>\n<p><!-- [et_pb_line_break_holder] -->        <\/div>\n<p><!-- [et_pb_line_break_holder] -->    <\/div>\n<p><!-- [et_pb_line_break_holder] --> <\/div>\n<p><!-- [et_pb_line_break_holder] --> <\/p>\n<div class=\"card-back\" onclick=\"location.href='\/pl\/nasi-trenerzy\/dr-christina-seyd\/'\" ><!-- [et_pb_line_break_holder] -->    <\/p>\n<div class=\"cntnt\" ><!-- [et_pb_line_break_holder] -->        <\/p>\n<div><!-- [et_pb_line_break_holder] -->        <\/div>\n<p><!-- [et_pb_line_break_holder] -->        <\/p>\n<ol><!-- [et_pb_line_break_holder] -->          <\/p>\n<li><span class=\"ques\">Jakie s\u0105 Twoje kwalifikacje jako trenera\/trenerki?<\/span><!\u2013- [et_pb_br_holder] -\u2013><pee>Od 2016 roku wspieram ludzi swoj\u0105 wiedz\u0105 i entuzjazmem w ich reorientacji zawodowej oraz udzielam im wsparcia na ka\u017cdym etapie procesu aplikacyjnego, co pozwoli\u0142o mi zdoby\u0107 ogromne i cenne do\u015bwiadczenie.<\/pee><!-- [et_pb_line_break_holder] -->         <pee>Ale moja wiedza metodologiczna jest r\u00f3wnie\u017c wa\u017cnym elementem mojej pracy jako konsultanta systemowego: w 2013 r. wzi\u0105\u0142em udzia\u0142 w seminarium na temat doradztwa systemowego. Iskra entuzjazmu przeskoczy\u0142a natychmiast. W tym samym roku rozpocz\u0105\u0142em wi\u0119c dwuletni kurs szkoleniowy, aby zosta\u0107 konsultantem systemowym \u2013 decyzj\u0119, kt\u00f3r\u0105 nadal opisa\u0142bym jako jedn\u0105 z najlepszych w moim \u017cyciu.<\/pee><!-- [et_pb_line_break_holder] -->            <\/li>\n<p><!-- [et_pb_line_break_holder] -->          <\/p>\n<li><span class=\"ques\">Co daje Ci najwi\u0119ksz\u0105 satysfakcj\u0119 w Twojej pracy?<\/span><!\u2013- [et_pb_br_holder] -\u2013><\/li>\n<p><!-- [et_pb_line_break_holder] -->        <\/ol>\n<p><!-- [et_pb_line_break_holder] -->       <!-- \n\n<div>Mehr erfahren<\/div>\n\n<!-- [et_pb_line_break_holder] -->        <\/p>\n<div class=\"primary-color\"><\/div>\n<p><!-- [et_pb_line_break_holder] -->        <\/p>\n<div class=\"bottom-footer\"><!-- [et_pb_line_break_holder] -->            <\/p>\n<div class=\"bottom-footer-container\"><!-- [et_pb_line_break_holder] -->                <\/p>\n<div class=\"_col\"><!-- [et_pb_line_break_holder] -->                    <a href=\"https:\/\/avgs-gutschein.de\/pl\/nasi-trenerzy\/dr-christina-seyd\/\"> <span class=\"button\">Przejd\u017a do profilu<\/span><\/a><!-- [et_pb_line_break_holder] -->                <\/div>\n<p><!-- [et_pb_line_break_holder] -->            <\/div>\n<p><!-- [et_pb_line_break_holder] -->        <\/div>\n<p><!-- [et_pb_line_break_holder] -->    <\/div>\n<p><!-- [et_pb_line_break_holder] --> <\/div>\n<p><!-- [et_pb_line_break_holder] --> <\/div>\n<p> &#8211;><!-- [et_pb_line_break_holder] --> <!--Leonie Charlotte Seige--><!-- [et_pb_line_break_holder] -->  <\/p>\n<div class=\"card-list item produkt-jobcoaching<!-- [et_pb_line_break_holder] -->  standort-online<!-- [et_pb_line_break_holder] -->  standort-hamburg<!-- [et_pb_line_break_holder] -->  sprache-deutsch<!-- [et_pb_line_break_holder] -->  themenschwerpunkte-bewerbungstraining<!-- [et_pb_line_break_holder] -->  themenschwerpunkte-stellenrecherche<!-- [et_pb_line_break_holder] -->  themenschwerpunkte-berufsorientierung<!-- [et_pb_line_break_holder] -->  themenschwerpunkte-vorstellungsgespraeche<!-- [et_pb_line_break_holder] -->  themenschwerpunkte-persoenliche-positionierung<!-- [et_pb_line_break_holder] -->  themenschwerpunkte-lpp<!-- [et_pb_line_break_holder] -->  branchenschwerpunkte-beratung<!-- [et_pb_line_break_holder] -->  branchenschwerpunkte-pflege<!-- [et_pb_line_break_holder] -->  branchenschwerpunkte-kommunikation<!-- [et_pb_line_break_holder] -->  branchenschwerpunkte-ngos<!-- [et_pb_line_break_holder] -->  branchenschwerpunkte-it<!-- [et_pb_line_break_holder] -->  branchenschwerpunkte-start-up&#8221;><!-- [et_pb_line_break_holder] -->  <\/p>\n<div class=\"card-front\"><!-- [et_pb_line_break_holder] -->     <\/p>\n<div class=\"cntnt\"><!-- [et_pb_line_break_holder] -->         <img decoding=\"async\" src=\"\/wp-content\/uploads\/2025\/11\/Leonie-Charlotte-Seige-profile-image.webp\"><!-- [et_pb_line_break_holder] -->         <\/p>\n<div class=\"coach-card\"><!-- [et_pb_line_break_holder] -->             <\/p>\n<h2>Leonie Charlotte Seige<\/h2>\n<p><!-- [et_pb_line_break_holder] -->             <\/p>\n<div class=\"coach-desc\"><!-- [et_pb_line_break_holder] -->                 <\/p>\n<div class=\"standort\"><b>Biuro:<\/b> Obecno\u015b\u0107 w: Hamburg, online w ca\u0142ych Niemczech<\/div>\n<p><!-- [et_pb_line_break_holder] -->                 <\/p>\n<hr>\n<p><!-- [et_pb_line_break_holder] -->                 <\/p>\n<div class=\"specialty\"><b>Produkt:<\/b> Coaching zawodowy <\/div>\n<p><!-- [et_pb_line_break_holder] -->                 <\/p>\n<hr>\n<p><!-- [et_pb_line_break_holder] -->                 <\/p>\n<div class=\"lang\"><b>J\u0119zyk(i) coachingu:<\/b> Niemiecki<\/div>\n<p><!-- [et_pb_line_break_holder] -->                 <\/p>\n<hr>\n<p><!-- [et_pb_line_break_holder] -->             <\/div>\n<p><!-- [et_pb_line_break_holder] -->             <\/p>\n<div class=\"coach-btn\"><!-- [et_pb_line_break_holder] -->                 <\/p>\n<div class=\"link-btn\">Pozna\u0107<\/div>\n<p><!-- [et_pb_line_break_holder] -->             <\/div>\n<p><!-- [et_pb_line_break_holder] -->         <\/div>\n<p><!-- [et_pb_line_break_holder] -->     <\/div>\n<p><!-- [et_pb_line_break_holder] -->  <\/div>\n<p><!-- [et_pb_line_break_holder] -->  <\/p>\n<div class=\"card-back\" onclick=\"location.href='\/pl\/nasi-trenerzy\/leonie-charlotte-seige\/'\"><!-- [et_pb_line_break_holder] -->     <\/p>\n<div class=\"cntnt\"><!-- [et_pb_line_break_holder] -->         <\/p>\n<div><!-- [et_pb_line_break_holder] -->         <\/div>\n<p><!-- [et_pb_line_break_holder] -->         <\/p>\n<ol><!-- [et_pb_line_break_holder] -->           <\/p>\n<li><span class=\"ques\">Co m\u00f3wi\u0105 o Tobie Twoi klienci? <\/span><!\u2013- [et_pb_br_holder] -\u2013><pee>Moi klienci postrzegaj\u0105 mnie jako spokojnego, empatycznego, a jednocze\u015bnie bardzo jasnego przewodnika. S\u0142ucham mi\u0119dzy wierszami, zadaj\u0119 precyzyjne pytania i pomagam uporz\u0105dkowa\u0107 my\u015bli i uczucia \u2013 zw\u0142aszcza gdy kto\u015b przechodzi przez transformacj\u0119 zawodow\u0105 lub osobist\u0105.<\/pee><!-- [et_pb_line_break_holder] -->                <pee>Doceniaj\u0105 to, \u017ce pracuj\u0119 bez oceniania i z szacunkiem, niczego nie narzucaj\u0105c. Zamiast tego tworz\u0119 przestrze\u0144, w kt\u00f3rej ludzie mog\u0105 lepiej zrozumie\u0107 siebie \u2013 ze wszystkimi swoimi mocnymi stronami, w\u0105tpliwo\u015bciami i pragnieniami.<\/pee><!-- [et_pb_line_break_holder] -->                <pee>Po naszych sesjach cz\u0119sto s\u0142ysz\u0119 takie rzeczy jak:<!\u2013- [et_pb_br_holder] -\u2013><!-- [et_pb_line_break_holder] -->                \u201eW ko\u0144cu zn\u00f3w widz\u0119, do czego jestem zdolny\u201d. <!\u2013- [et_pb_br_holder] -\u2013><!-- [et_pb_line_break_holder] -->               \u201eTeraz wszystko nabiera sensu\u201d. <!\u2013- [et_pb_br_holder] -\u2013><!-- [et_pb_line_break_holder] -->                \u201eZnowu wiem, czego naprawd\u0119 chc\u0119\u201d.<\/pee><!-- [et_pb_line_break_holder] -->                <pee>Moja praca jest zawsze zorientowana na zasoby: skupiam si\u0119 na tym, co ju\u017c mamy, i na tym, jak mo\u017cemy wykorzysta\u0107 te mocne strony, aby wykrzesa\u0107 z siebie now\u0105 odwag\u0119, koncentracj\u0119 i pewno\u015b\u0107 siebie.<\/pee><!-- [et_pb_line_break_holder] -->           <\/li>\n<p><!-- [et_pb_line_break_holder] -->           <\/p>\n<li><span class=\"ques\">Co Ci\u0119 motywuje i jakie jest Twoje ulubione zadanie jako trenera?&#8230;<\/span><!\u2013- [et_pb_br_holder] -\u2013><\/li>\n<p><!-- [et_pb_line_break_holder] -->         <\/ol>\n<p><!-- [et_pb_line_break_holder] -->        <!-- \n\n<div>Mehr erfahren<\/div>\n\n--><!-- [et_pb_line_break_holder] -->         <\/p>\n<div class=\"primary-color\"><\/div>\n<p><!-- [et_pb_line_break_holder] -->         <\/p>\n<div class=\"bottom-footer\"><!-- [et_pb_line_break_holder] -->             <\/p>\n<div class=\"bottom-footer-container\"><!-- [et_pb_line_break_holder] -->                 <\/p>\n<div class=\"_col\"><!-- [et_pb_line_break_holder] -->                     <a href=\"https:\/\/avgs-gutschein.de\/pl\/nasi-trenerzy\/leonie-charlotte-seige\/\"> <span class=\"button\">Przejd\u017a do profilu<\/span><\/a><!-- [et_pb_line_break_holder] -->                 <\/div>\n<p><!-- [et_pb_line_break_holder] -->             <\/div>\n<p><!-- [et_pb_line_break_holder] -->         <\/div>\n<p><!-- [et_pb_line_break_holder] -->     <\/div>\n<p><!-- [et_pb_line_break_holder] -->  <\/div>\n<p><!-- [et_pb_line_break_holder] -->  <\/div>\n<p><!-- [et_pb_line_break_holder] --><!--Sharipova--><!-- [et_pb_line_break_holder] -->  <\/p>\n<div class=\"card-list item produkt-jobcoaching<!-- [et_pb_line_break_holder] -->  standort-online<!-- [et_pb_line_break_holder] -->  standort-erfurt<!-- [et_pb_line_break_holder] -->  sprache-deutsch<!-- [et_pb_line_break_holder] -->  sprache-russisch<!-- [et_pb_line_break_holder] -->  themenschwerpunkte-bewerbungstraining<!-- [et_pb_line_break_holder] -->  themenschwerpunkte-stellenrecherche<!-- [et_pb_line_break_holder] -->  themenschwerpunkte-berufsorientierung<!-- [et_pb_line_break_holder] -->  themenschwerpunkte-vorstellungsgespraeche<!-- [et_pb_line_break_holder] -->  themenschwerpunkte-persoenliche-positionierung<!-- [et_pb_line_break_holder] -->  branchenschwerpunkte-beratung<!-- [et_pb_line_break_holder] -->  branchenschwerpunkte-dienstleistungen<!-- [et_pb_line_break_holder] -->  branchenschwerpunkte-handel<!-- [et_pb_line_break_holder] -->  branchenschwerpunkte-kultur<!-- [et_pb_line_break_holder] -->  branchenschwerpunkte-ngos<!-- [et_pb_line_break_holder] -->  branchenschwerpunkte-soziales<!-- [et_pb_line_break_holder] -->  branchenschwerpunkte-finanzen&#8221;><!-- [et_pb_line_break_holder] -->  <\/p>\n<div class=\"card-front\"><!-- [et_pb_line_break_holder] -->     <\/p>\n<div class=\"cntnt\"><!-- [et_pb_line_break_holder] -->         <img decoding=\"async\" src=\"\/wp-content\/uploads\/2025\/07\/zarrina-sharipova-profile-pic.webp\"><!-- [et_pb_line_break_holder] -->         <\/p>\n<div class=\"coach-card\"><!-- [et_pb_line_break_holder] -->             <\/p>\n<h2>Zarrina Sharipova<\/h2>\n<p><!-- [et_pb_line_break_holder] -->             <\/p>\n<div class=\"coach-desc\"><!-- [et_pb_line_break_holder] -->                 <\/p>\n<div class=\"standort\"><b>Biuro:<\/b>  Obecno\u015b\u0107 w:  Erfurt, online w ca\u0142ych Niemczech<\/div>\n<p><!-- [et_pb_line_break_holder] -->                 <\/p>\n<hr>\n<p><!-- [et_pb_line_break_holder] -->                 <\/p>\n<div class=\"specialty\"><b>Produkt:<\/b> Coaching pracy <\/div>\n<p><!-- [et_pb_line_break_holder] -->                 <\/p>\n<hr>\n<p><!-- [et_pb_line_break_holder] -->                 <\/p>\n<div class=\"lang\"><b>J\u0119zyk(i) coachingu:<\/b> Niemiecki, Rosyjski<\/div>\n<p><!-- [et_pb_line_break_holder] -->                 <\/p>\n<hr>\n<p><!-- [et_pb_line_break_holder] -->             <\/div>\n<p><!-- [et_pb_line_break_holder] -->             <\/p>\n<div class=\"coach-btn\"><!-- [et_pb_line_break_holder] -->                 <\/p>\n<div class=\"link-btn\">Pozna\u0107<\/div>\n<p><!-- [et_pb_line_break_holder] -->             <\/div>\n<p><!-- [et_pb_line_break_holder] -->         <\/div>\n<p><!-- [et_pb_line_break_holder] -->     <\/div>\n<p><!-- [et_pb_line_break_holder] -->  <\/div>\n<p><!-- [et_pb_line_break_holder] -->  <\/p>\n<div class=\"card-back\" onclick=\"location.href='\/pl\/nasi-trenerzy\/zarrina-sharipova\/'\"><!-- [et_pb_line_break_holder] -->     <\/p>\n<div class=\"cntnt\"><!-- [et_pb_line_break_holder] -->         <\/p>\n<div><!-- [et_pb_line_break_holder] -->         <\/div>\n<p><!-- [et_pb_line_break_holder] -->         <\/p>\n<ol><!-- [et_pb_line_break_holder] -->           <\/p>\n<li><span class=\"ques\">Jakie kwalifikacje kwalifikuj\u0105 Ci\u0119 jako trenera\/trenera? <\/span><!\u2013- [et_pb_br_holder] -\u2013><pee>Od wielu lat wspieram i doradzam ludziom w kluczowych momentach ich \u017cycia. Posiadam do\u015bwiadczenie zdobyte w sektorze akademickim, spo\u0142ecznym i nieruchomo\u015bci. To do\u015bwiadczenie, w po\u0142\u0105czeniu z moim bogatym wykszta\u0142ceniem, stanowi fundament mojej pracy jako coacha.<!-- [et_pb_line_break_holder] --><!\u2013- [et_pb_br_holder] -\u2013>Moje kwalifikacje:<!-- [et_pb_line_break_holder] -->\n<ul><!-- [et_pb_line_break_holder] -->                <\/p>\n<li>Szkolenie z coachingu systemowego<\/li>\n<p><!-- [et_pb_line_break_holder] --><\/p>\n<li>Szkolenie trenera odporno\u015bci psychicznej<\/li>\n<p><!-- [et_pb_line_break_holder] --><\/p>\n<li>Szkolenie z mediacji<\/li>\n<p><!-- [et_pb_line_break_holder] --><\/p>\n<li>Studia magisterskie z zakresu studi\u00f3w nad pokojem i konfliktami<\/li>\n<\/ul>\n<p><!-- [et_pb_line_break_holder] -->           <\/pee><!-- [et_pb_line_break_holder] -->           <pee>W mojej pracy k\u0142ad\u0119 nacisk na docenianie, empati\u0119 i bezpieczn\u0105 przestrze\u0144. Spotykam si\u0119 z lud\u017ami na r\u00f3wnych zasadach i tworz\u0119 atmosfer\u0119, w kt\u00f3rej mog\u0105 si\u0119 otworzy\u0107, przemy\u015ble\u0107 i rozwija\u0107. Z wielk\u0105 pasj\u0105 towarzysz\u0119 ludziom w odkrywaniu ich cel\u00f3w i wizji, zdobywaniu jasno\u015bci i odwa\u017cnym pod\u0105\u017caniu w\u0142asn\u0105 drog\u0105.<\/pee><!-- [et_pb_line_break_holder] -->             <\/li>\n<p><!-- [et_pb_line_break_holder] -->           <\/p>\n<li><span class=\"ques\">Jaki jest najlepszy spos\u00f3b na relaks?   &#8230;<\/span><!\u2013- [et_pb_br_holder] -\u2013><\/li>\n<p><!-- [et_pb_line_break_holder] -->         <\/ol>\n<p><!-- [et_pb_line_break_holder] -->        <!-- \n\n<div>Mehr erfahren<\/div>\n\n--><!-- [et_pb_line_break_holder] -->         <\/p>\n<div class=\"primary-color\"><\/div>\n<p><!-- [et_pb_line_break_holder] -->         <\/p>\n<div class=\"bottom-footer\"><!-- [et_pb_line_break_holder] -->             <\/p>\n<div class=\"bottom-footer-container\"><!-- [et_pb_line_break_holder] -->                 <\/p>\n<div class=\"_col\"><!-- [et_pb_line_break_holder] -->                     <a href=\"https:\/\/avgs-gutschein.de\/pl\/nasi-trenerzy\/zarrina-sharipova\/\"> <span class=\"button\">Przejd\u017a do profilu<\/span><\/a><!-- [et_pb_line_break_holder] -->                 <\/div>\n<p><!-- [et_pb_line_break_holder] -->             <\/div>\n<p><!-- [et_pb_line_break_holder] -->         <\/div>\n<p><!-- [et_pb_line_break_holder] -->     <\/div>\n<p><!-- [et_pb_line_break_holder] -->  <\/div>\n<p><!-- [et_pb_line_break_holder] -->  <\/div>\n<p><!-- [et_pb_line_break_holder] --> <!--Thomas--><!-- [et_pb_line_break_holder] --> <\/p>\n<div class=\"card-list item produkt-jobcoaching produkt-gruendungsberatung standort-online standort-stade standort-buchholz standort-rotenburg sprache-deutsch themenschwerpunkte-bewerbungstraining themenschwerpunkte-berufsorientierung themenschwerpunkte-vorstellungsgespraeche themenschwerpunkte-persoenliche-positionierung themenschwerpunkte-strategie themenschwerpunkte-finanzplanung themenschwerpunkte-digitales-marketing themenschwerpunkte-rechtsfragen branchenschwerpunkte-beratung branchenschwerpunkte-dienstleistungen branchenschwerpunkte-event branchenschwerpunkte-pflege branchenschwerpunkte-handel branchenschwerpunkte-handwerk branchenschwerpunkte-kommunikation \"><!-- [et_pb_line_break_holder] --> <\/p>\n<div class=\"card-front\" ><!-- [et_pb_line_break_holder] -->    <\/p>\n<div class=\"cntnt\"><!-- [et_pb_line_break_holder] -->        <img decoding=\"async\" src=\"\/wp-content\/uploads\/2024\/02\/Andre-thomas-profile-img.webp\"><!-- [et_pb_line_break_holder] -->        <\/p>\n<div class=\"coach-card\"><!-- [et_pb_line_break_holder] -->            <\/p>\n<h2>Andy Thomas<\/h2>\n<p><!-- [et_pb_line_break_holder] -->            <\/p>\n<div class=\"coach-desc\"><!-- [et_pb_line_break_holder] -->                <\/p>\n<div class=\"standort\"><b>Biuro:<\/b> Obecno\u015b\u0107 w: Buchholz, Stade, Rotenburg, online w ca\u0142ych Niemczech<\/div>\n<p><!-- [et_pb_line_break_holder] -->                <\/p>\n<hr>\n<p><!-- [et_pb_line_break_holder] -->                <\/p>\n<div class=\"specialty\"><b>Produkt:<\/b> Coaching zawodowy, Porady dla os\u00f3b rozpoczynaj\u0105cych dzia\u0142alno\u015b\u0107 gospodarcz\u0105<\/div>\n<p><!-- [et_pb_line_break_holder] -->                <\/p>\n<hr>\n<p><!-- [et_pb_line_break_holder] -->                <\/p>\n<div class=\"lang\"><b>J\u0119zyk(i) coachingu:<\/b> niemiecki<\/div>\n<p><!-- [et_pb_line_break_holder] -->                <\/p>\n<hr>\n<p><!-- [et_pb_line_break_holder] -->            <\/div>\n<p><!-- [et_pb_line_break_holder] -->            <\/p>\n<div class=\"coach-btn\"><!-- [et_pb_line_break_holder] -->                <\/p>\n<div class=\"link-btn\">Pozna\u0107<\/div>\n<p><!-- [et_pb_line_break_holder] -->            <\/div>\n<p><!-- [et_pb_line_break_holder] -->        <\/div>\n<p><!-- [et_pb_line_break_holder] -->    <\/div>\n<p><!-- [et_pb_line_break_holder] --> <\/div>\n<p><!-- [et_pb_line_break_holder] --> <\/p>\n<div class=\"card-back\" onclick=\"location.href='\/pl\/nasi-trenerzy\/andy-thomas\/'\" ><!-- [et_pb_line_break_holder] -->    <\/p>\n<div class=\"cntnt\" ><!-- [et_pb_line_break_holder] -->        <\/p>\n<div><!-- [et_pb_line_break_holder] -->        <\/div>\n<p><!-- [et_pb_line_break_holder] -->        <\/p>\n<ol><!-- [et_pb_line_break_holder] -->          <\/p>\n<li><span class=\"ques\">Jakie s\u0105 Twoje kwalifikacje jako trenera\/trenerki?<\/span><!\u2013- [et_pb_br_holder] -\u2013><pee>Ch\u0119tnie wespr\u0119 Ci\u0119 w szybszym podj\u0119ciu wysokiej jako\u015bci \u015bcie\u017cki do samozatrudnienia, nawet zdalnie. Jako ekonomista biznesu, psycholog biznesu, coach i sparing partner mam \u015brodki, aby towarzyszy\u0107 Ci lub przygotowa\u0107 Ci\u0119 teoretycznie i praktycznie w najkr\u00f3tszym mo\u017cliwym czasie. Uwielbiam bezpo\u015bredni dialog z innymi lud\u017ami i prac\u0119 z m\u0142odymi zespo\u0142ami start-upowymi. Jestem mi\u0119dzy innymi jurorem renomowanej Niemieckiej Nagrody Za\u0142o\u017cycieli dla Student\u00f3w i jestem zaanga\u017cowany jako trener STEP.<\/pee><!-- [et_pb_line_break_holder] --><!-- [et_pb_line_break_holder] -->            <\/li>\n<p><!-- [et_pb_line_break_holder] -->          <\/p>\n<li><span class=\"ques\">Jakie mierzalne wyniki uda\u0142o Ci si\u0119 osi\u0105gn\u0105\u0107 wsp\u00f3lnie z klientami i co Ci\u0119 wyr\u00f3\u017cnia?<\/span><!\u2013- [et_pb_br_holder] -\u2013><\/li>\n<p><!-- [et_pb_line_break_holder] -->        <\/ol>\n<p><!-- [et_pb_line_break_holder] -->       <!-- \n\n<div>Mehr erfahren<\/div>\n\n--><!-- [et_pb_line_break_holder] -->        <\/p>\n<div class=\"primary-color\"><\/div>\n<p><!-- [et_pb_line_break_holder] -->        <\/p>\n<div class=\"bottom-footer\"><!-- [et_pb_line_break_holder] -->            <\/p>\n<div class=\"bottom-footer-container\"><!-- [et_pb_line_break_holder] -->                <\/p>\n<div class=\"_col\"><!-- [et_pb_line_break_holder] -->                    <a href=\"https:\/\/avgs-gutschein.de\/pl\/nasi-trenerzy\/andy-thomas\/\"> <span class=\"button\">Przejd\u017a do profilu<\/span><\/a><!-- [et_pb_line_break_holder] -->                <\/div>\n<p><!-- [et_pb_line_break_holder] -->            <\/div>\n<p><!-- [et_pb_line_break_holder] -->        <\/div>\n<p><!-- [et_pb_line_break_holder] -->    <\/div>\n<p><!-- [et_pb_line_break_holder] --> <\/div>\n<p><!-- [et_pb_line_break_holder] --> <\/div>\n<p><!-- [et_pb_line_break_holder] --> <!--Beckers--><!-- [et_pb_line_break_holder] --> <\/p>\n<div class=\"card-list item produkt-jobcoaching standort-online standort-aachen sprache-deutsch sprache-englisch themenschwerpunkte-bewerbungstraining themenschwerpunkte-stellenrecherche themenschwerpunkte-berufsorientierung themenschwerpunkte-vorstellungsgespraeche themenschwerpunkte-persoenliche-positionierung branchenschwerpunkte-beratung branchenschwerpunkte-dienstleistungen branchenschwerpunkte-handel \"><!-- [et_pb_line_break_holder] --> <\/p>\n<div class=\"card-front\" ><!-- [et_pb_line_break_holder] -->    <\/p>\n<div class=\"cntnt\"><!-- [et_pb_line_break_holder] -->        <img decoding=\"async\" src=\"\/wp-content\/uploads\/2023\/12\/Melanie_Tings_Beckers_-Foto.webp\"><!-- [et_pb_line_break_holder] -->        <\/p>\n<div class=\"coach-card\"><!-- [et_pb_line_break_holder] -->            <\/p>\n<h2>Melanie Tings-Beckers<\/h2>\n<p><!-- [et_pb_line_break_holder] -->            <\/p>\n<div class=\"coach-desc\"><!-- [et_pb_line_break_holder] -->                <\/p>\n<div class=\"standort\"><b>Biuro:<\/b> Obecno\u015b\u0107 w: Akwizgranie, online w ca\u0142ych Niemczech<\/div>\n<p><!-- [et_pb_line_break_holder] -->                <\/p>\n<hr>\n<p><!-- [et_pb_line_break_holder] -->                <\/p>\n<div class=\"specialty\"><b>Produkt:<\/b> Coaching zawodowy<\/div>\n<p><!-- [et_pb_line_break_holder] -->                <\/p>\n<hr>\n<p><!-- [et_pb_line_break_holder] -->                <\/p>\n<div class=\"lang\"><b>J\u0119zyk(i) coachingu:<\/b> niemiecki, angielski<\/div>\n<p><!-- [et_pb_line_break_holder] -->                <\/p>\n<hr>\n<p><!-- [et_pb_line_break_holder] -->            <\/div>\n<p><!-- [et_pb_line_break_holder] -->            <\/p>\n<div class=\"coach-btn\"><!-- [et_pb_line_break_holder] -->                <\/p>\n<div class=\"link-btn\">Pozna\u0107<\/div>\n<p><!-- [et_pb_line_break_holder] -->            <\/div>\n<p><!-- [et_pb_line_break_holder] -->        <\/div>\n<p><!-- [et_pb_line_break_holder] -->    <\/div>\n<p><!-- [et_pb_line_break_holder] --> <\/div>\n<p><!-- [et_pb_line_break_holder] --> <\/p>\n<div class=\"card-back\" onclick=\"location.href='\/pl\/nasi-trenerzy\/melanie-tings-beckers\/'\" ><!-- [et_pb_line_break_holder] -->    <\/p>\n<div class=\"cntnt\" ><!-- [et_pb_line_break_holder] -->        <\/p>\n<div><!-- [et_pb_line_break_holder] -->        <\/div>\n<p><!-- [et_pb_line_break_holder] -->        <\/p>\n<ol><!-- [et_pb_line_break_holder] -->          <\/p>\n<li><span class=\"ques\">Jakie s\u0105 Twoje kwalifikacje jako trenera\/trenerki?<\/span><!\u2013- [et_pb_br_holder] -\u2013><pee>Psycholog (mgr in\u017c.), profesjonalista HR i trener systemowy. Podczas studi\u00f3w skupia\u0142am si\u0119 na psychologii pracy, organizacji i personelu, diagnostyce i rehabilitacji zawodowej. Nast\u0119pnie przez wiele lat pracowa\u0142am w dziale kadr, szczeg\u00f3lnie w doborze i rozwoju personelu w r\u00f3\u017cnych firmach i bran\u017cach, dzi\u0119ki czemu posiadam wiedz\u0119 eksperck\u0105 w zakresie aplikacji\/rozm\u00f3w kwalifikacyjnych\/negocjacji p\u0142acowych itp. Psycholog Mgr in\u017c., dzi\u0119ki czemu posiadam wiedz\u0119 eksperck\u0105 w zakresie psychiki cz\u0142owieka w takich tematach jak stres, wypalenie zawodowe, praca z nastawieniem itp. Solidne szkolenie coachingowe<\/pee><!-- [et_pb_line_break_holder] -->            <\/li>\n<p><!-- [et_pb_line_break_holder] -->          <\/p>\n<li><span class=\"ques\">Jakie mierzalne wyniki uda\u0142o Ci si\u0119 osi\u0105gn\u0105\u0107 wsp\u00f3lnie z klientami i co Ci\u0119 wyr\u00f3\u017cnia?<\/span><!\u2013- [et_pb_br_holder] -\u2013><\/li>\n<p><!-- [et_pb_line_break_holder] -->        <\/ol>\n<p><!-- [et_pb_line_break_holder] -->       <!-- \n\n<div>Mehr erfahren<\/div>\n\n--><!-- [et_pb_line_break_holder] -->        <\/p>\n<div class=\"primary-color\"><\/div>\n<p><!-- [et_pb_line_break_holder] -->        <\/p>\n<div class=\"bottom-footer\"><!-- [et_pb_line_break_holder] -->            <\/p>\n<div class=\"bottom-footer-container\"><!-- [et_pb_line_break_holder] -->                <\/p>\n<div class=\"_col\"><!-- [et_pb_line_break_holder] -->                    <a href=\"https:\/\/avgs-gutschein.de\/pl\/nasi-trenerzy\/melanie-tings-beckers\/\"> <span class=\"button\">Przejd\u017a do profilu<\/span><\/a><!-- [et_pb_line_break_holder] -->                <\/div>\n<p><!-- [et_pb_line_break_holder] -->            <\/div>\n<p><!-- [et_pb_line_break_holder] -->        <\/div>\n<p><!-- [et_pb_line_break_holder] -->    <\/div>\n<p><!-- [et_pb_line_break_holder] --> <\/div>\n<p><!-- [et_pb_line_break_holder] --> <\/div>\n<p><!-- [et_pb_line_break_holder] --> <!--Amilcar Tour\u00e9--><!-- [et_pb_line_break_holder] --> <\/p>\n<div class=\"card-list item produkt-jobcoaching standort-online standort-hamburg sprache-deutsch sprache-englisch themenschwerpunkte-bewerbungstraining themenschwerpunkte-berufsorientierung themenschwerpunkte-vorstellungsgespraeche themenschwerpunkte-persoenliche-positionierung branchenschwerpunkte-beratung \"><!-- [et_pb_line_break_holder] --> <\/p>\n<div class=\"card-front\" ><!-- [et_pb_line_break_holder] -->    <\/p>\n<div class=\"cntnt\"><!-- [et_pb_line_break_holder] -->        <img decoding=\"async\" src=\"\/wp-content\/uploads\/2023\/12\/Amilcar-Toure.webp\"><!-- [et_pb_line_break_holder] -->        <\/p>\n<div class=\"coach-card\"><!-- [et_pb_line_break_holder] -->            <\/p>\n<h2>Amilcar Tour\u00e9<\/h2>\n<p><!-- [et_pb_line_break_holder] -->            <\/p>\n<div class=\"coach-desc\"><!-- [et_pb_line_break_holder] -->                <\/p>\n<div class=\"standort\"><b>Biuro:<\/b> Obecno\u015b\u0107 w: Hamburgu, online w ca\u0142ych Niemczech<\/div>\n<p><!-- [et_pb_line_break_holder] -->                <\/p>\n<hr>\n<p><!-- [et_pb_line_break_holder] -->                <\/p>\n<div class=\"specialty\"><b>Produkt:<\/b> Coaching zawodowy<\/div>\n<p><!-- [et_pb_line_break_holder] -->                <\/p>\n<hr>\n<p><!-- [et_pb_line_break_holder] -->                <\/p>\n<div class=\"lang\"><b>J\u0119zyk(i) coachingu:<\/b> niemiecki, angielski<\/div>\n<p><!-- [et_pb_line_break_holder] -->                <\/p>\n<hr>\n<p><!-- [et_pb_line_break_holder] -->            <\/div>\n<p><!-- [et_pb_line_break_holder] -->            <\/p>\n<div class=\"coach-btn\"><!-- [et_pb_line_break_holder] -->                <\/p>\n<div class=\"link-btn\">Pozna\u0107<\/div>\n<p><!-- [et_pb_line_break_holder] -->            <\/div>\n<p><!-- [et_pb_line_break_holder] -->        <\/div>\n<p><!-- [et_pb_line_break_holder] -->    <\/div>\n<p><!-- [et_pb_line_break_holder] --> <\/div>\n<p><!-- [et_pb_line_break_holder] --> <\/p>\n<div class=\"card-back\" onclick=\"location.href='\/pl\/nasi-trenerzy\/amilcar-toure\/'\" ><!-- [et_pb_line_break_holder] -->    <\/p>\n<div class=\"cntnt\" ><!-- [et_pb_line_break_holder] -->        <\/p>\n<div><!-- [et_pb_line_break_holder] -->        <\/div>\n<p><!-- [et_pb_line_break_holder] -->        <\/p>\n<ol><!-- [et_pb_line_break_holder] -->          <\/p>\n<li><span class=\"ques\">Jakie s\u0105 Twoje kwalifikacje jako trenera\/trenerki?<\/span><!\u2013- [et_pb_br_holder] -\u2013><pee>Wspieram ludzi i organizacje w przecieraniu nowych szlak\u00f3w. Ta \u015bcie\u017cka potrzebuje od czasu do czasu zewn\u0119trznych impuls\u00f3w, nawet w formie pyta\u0144, kt\u00f3re umo\u017cliwiaj\u0105 rozpoznanie i postrzeganie innych perspektyw. Proces ten jest wspierany przez szerokie zrozumienie psychospo\u0142eczne. Jako terapeuta spo\u0142eczny i konsultant systemowo-integracyjny, wnosz\u0119 ze sob\u0105 do\u015bwiadczenie z pracy z szerok\u0105 gam\u0105 os\u00f3b ze wszystkich mo\u017cliwych sektor\u00f3w zawodowych, klas spo\u0142ecznych i \u015brodowisk kulturowych.<\/pee><!-- [et_pb_line_break_holder] -->            <\/li>\n<p><!-- [et_pb_line_break_holder] -->          <\/p>\n<li><span class=\"ques\">Co Ci\u0119 motywuje i jakie jest Twoje ulubione zadanie jako trenera\/trenera?<\/span><!\u2013- [et_pb_br_holder] -\u2013><\/li>\n<p><!-- [et_pb_line_break_holder] -->        <\/ol>\n<p><!-- [et_pb_line_break_holder] -->       <!-- \n\n<div>Mehr erfahren<\/div>\n\n--><!-- [et_pb_line_break_holder] -->        <\/p>\n<div class=\"primary-color\"><\/div>\n<p><!-- [et_pb_line_break_holder] -->        <\/p>\n<div class=\"bottom-footer\"><!-- [et_pb_line_break_holder] -->            <\/p>\n<div class=\"bottom-footer-container\"><!-- [et_pb_line_break_holder] -->                <\/p>\n<div class=\"_col\"><!-- [et_pb_line_break_holder] -->                    <a href=\"https:\/\/avgs-gutschein.de\/pl\/nasi-trenerzy\/amilcar-toure\/\"> <span class=\"button\">Przejd\u017a do profilu<\/span><\/a><!-- [et_pb_line_break_holder] -->                <\/div>\n<p><!-- [et_pb_line_break_holder] -->            <\/div>\n<p><!-- [et_pb_line_break_holder] -->        <\/div>\n<p><!-- [et_pb_line_break_holder] -->    <\/div>\n<p><!-- [et_pb_line_break_holder] --> <\/div>\n<p><!-- [et_pb_line_break_holder] --> <\/div>\n<p><!-- [et_pb_line_break_holder] --> <!-- Traub Annette \u2013 PL PROFILE CARD HIDDEN<!-- [et_pb_line_break_holder] --><!-- [et_pb_line_break_holder] --><\/p>\n<div class=\"card-list item produkt-jobcoaching standort-online standort-stuttgart sprache-deutsch themenschwerpunkte-bewerbungstraining themenschwerpunkte-stellenrecherche themenschwerpunkte-berufsorientierung themenschwerpunkte-vorstellungsgespraeche themenschwerpunkte-persoenliche-positionierung themenschwerpunkte-businessplanerstellung branchenschwerpunkte-pflege 6\"><!-- [et_pb_line_break_holder] --><!-- [et_pb_line_break_holder] --> <\/p>\n<div class=\"card-front\"><!-- [et_pb_line_break_holder] -->    <\/p>\n<div class=\"cntnt\"><!-- [et_pb_line_break_holder] -->        <img decoding=\"async\" src=\"\/wp-content\/uploads\/2024\/01\/Annette-Traub_V2_profile.webp\"><!-- [et_pb_line_break_holder] -->        <\/p>\n<div class=\"coach-card\"><!-- [et_pb_line_break_holder] -->            <\/p>\n<h2>Annette Traub<\/h2>\n<p><!-- [et_pb_line_break_holder] -->            <\/p>\n<div class=\"coach-desc\"><!-- [et_pb_line_break_holder] -->                <\/p>\n<div class=\"standort\"><b>Biuro:<\/b> Obecno\u015b\u0107 w: Stuttgarcie, online w ca\u0142ych Niemczech<\/div>\n<p><!-- [et_pb_line_break_holder] -->                <\/p>\n<hr>\n<p><!-- [et_pb_line_break_holder] -->                <\/p>\n<div class=\"specialty\"><b>Produkt:<\/b> Coaching zawodowy<\/div>\n<p><!-- [et_pb_line_break_holder] -->                <\/p>\n<hr>\n<p><!-- [et_pb_line_break_holder] -->                <\/p>\n<div class=\"lang\"><b>J\u0119zyk(i) coachingu:<\/b> niemiecki<\/div>\n<p><!-- [et_pb_line_break_holder] -->                <\/p>\n<hr>\n<p><!-- [et_pb_line_break_holder] -->            <\/div>\n<p><!-- [et_pb_line_break_holder] -->            <\/p>\n<div class=\"coach-btn\"><!-- [et_pb_line_break_holder] -->                <\/p>\n<div class=\"link-btn\">Pozna\u0107<\/div>\n<p><!-- [et_pb_line_break_holder] -->            <\/div>\n<p><!-- [et_pb_line_break_holder] -->        <\/div>\n<p><!-- [et_pb_line_break_holder] -->    <\/div>\n<p><!-- [et_pb_line_break_holder] --> <\/div>\n<p><!-- [et_pb_line_break_holder] --><!-- [et_pb_line_break_holder] --> <\/p>\n<div class=\"card-back\" onclick=\"location.href='\/pl\/nasi-trenerzy\/annette-traub\/'\"><!-- [et_pb_line_break_holder] -->    <\/p>\n<div class=\"cntnt\"><!-- [et_pb_line_break_holder] -->        <\/p>\n<ol><!-- [et_pb_line_break_holder] -->          <\/p>\n<li><!-- [et_pb_line_break_holder] -->            <span class=\"ques\">Jakie s\u0105 Twoje kwalifikacje jako trenera\/trenerki?<\/span><!\u2013- [et_pb_br_holder] -\u2013><!-- [et_pb_line_break_holder] -->            <pee>Umiej\u0119tno\u015b\u0107 analitycznego wykorzystania wiedzy interdyscyplinarnej w indywidualnym podej\u015bciu do klienta.<\/pee><!-- [et_pb_line_break_holder] -->            <pee>Zdolno\u015b\u0107 do autorefleksji i ch\u0119\u0107 realistycznej i samokrytycznej oceny siebie.<\/pee><!-- [et_pb_line_break_holder] -->            <pee><!-- [et_pb_line_break_holder] -->              W mojej roli jako \u017ar\u00f3d\u0142a inspiracji zaczynamy podchodzi\u0107 do nieszablonowych pomys\u0142\u00f3w<!-- [et_pb_line_break_holder] -->              w bardziej realistyczny, ustrukturyzowany i praktyczny spos\u00f3b.<!-- [et_pb_line_break_holder] -->            <\/pee><!-- [et_pb_line_break_holder] -->          <\/li>\n<p><!-- [et_pb_line_break_holder] -->          <\/p>\n<li><!-- [et_pb_line_break_holder] -->            <span class=\"ques\">Jakie mierzalne wyniki uda\u0142o Ci si\u0119 osi\u0105gn\u0105\u0107 wsp\u00f3lnie z klientami i co Ci\u0119 wyr\u00f3\u017cnia?<\/span><!-- [et_pb_line_break_holder] -->          <\/li>\n<p><!-- [et_pb_line_break_holder] -->        <\/ol>\n<p><!-- [et_pb_line_break_holder] --><!-- [et_pb_line_break_holder] -->        <\/p>\n<div class=\"primary-color\"><\/div>\n<p><!-- [et_pb_line_break_holder] -->        <\/p>\n<div class=\"bottom-footer\"><!-- [et_pb_line_break_holder] -->            <\/p>\n<div class=\"bottom-footer-container\"><!-- [et_pb_line_break_holder] -->                <\/p>\n<div class=\"_col\"><!-- [et_pb_line_break_holder] -->                    <a href=\"https:\/\/avgs-gutschein.de\/pl\/nasi-trenerzy\/annette-traub\/\"><!-- [et_pb_line_break_holder] -->                        <span class=\"button\">Przejd\u017a do profilu<\/span><!-- [et_pb_line_break_holder] -->                    <\/a><!-- [et_pb_line_break_holder] -->                <\/div>\n<p><!-- [et_pb_line_break_holder] -->            <\/div>\n<p><!-- [et_pb_line_break_holder] -->        <\/div>\n<p><!-- [et_pb_line_break_holder] -->    <\/div>\n<p><!-- [et_pb_line_break_holder] --> <\/div>\n<p><!-- [et_pb_line_break_holder] --><!-- [et_pb_line_break_holder] --><\/div>\n<p><!-- [et_pb_line_break_holder] --><!-- [et_pb_line_break_holder] -->&#8211;><!-- [et_pb_line_break_holder] --> <!--Ulbrich Pia--><!-- [et_pb_line_break_holder] --> <\/p>\n<div class=\"card-list item produkt-jobcoaching standort-online standort-stuttgart sprache-deutsch themenschwerpunkte-bewerbungstraining themenschwerpunkte-stellenrecherche themenschwerpunkte-berufsorientierung themenschwerpunkte-vorstellungsgespraeche themenschwerpunkte-persoenliche-positionierung themenschwerpunkte-businessplanerstellung themenschwerpunkte-strategie themenschwerpunkte-digitales-marketing branchenschwerpunkte-beratung branchenschwerpunkte-dienstleistungen branchenschwerpunkte-pflege branchenschwerpunkte-kommunikation branchenschwerpunkte-it branchenschwerpunkte-soziales \"><!-- [et_pb_line_break_holder] --> <\/p>\n<div class=\"card-front\" ><!-- [et_pb_line_break_holder] -->    <\/p>\n<div class=\"cntnt\"><!-- [et_pb_line_break_holder] -->        <img decoding=\"async\" src=\"\/wp-content\/uploads\/2024\/06\/Pia-Ulbrich_seitlich.webp\"><!-- [et_pb_line_break_holder] -->        <\/p>\n<div class=\"coach-card\"><!-- [et_pb_line_break_holder] -->            <\/p>\n<h2>Pia Ulbrich<\/h2>\n<p><!-- [et_pb_line_break_holder] -->            <\/p>\n<div class=\"coach-desc\"><!-- [et_pb_line_break_holder] -->                <\/p>\n<div class=\"standort\"><b>Biuro:<\/b> Obecno\u015b\u0107 w: Stuttgarcie, online w ca\u0142ych Niemczech<\/div>\n<p><!-- [et_pb_line_break_holder] -->                <\/p>\n<hr>\n<p><!-- [et_pb_line_break_holder] -->                <\/p>\n<div class=\"specialty\"><b>Produkt:<\/b> Coaching zawodowy<\/div>\n<p><!-- [et_pb_line_break_holder] -->                <\/p>\n<hr>\n<p><!-- [et_pb_line_break_holder] -->                <\/p>\n<div class=\"lang\"><b>J\u0119zyk(i) coachingu:<\/b> niemiecki<\/div>\n<p><!-- [et_pb_line_break_holder] -->                <\/p>\n<hr>\n<p><!-- [et_pb_line_break_holder] -->            <\/div>\n<p><!-- [et_pb_line_break_holder] -->            <\/p>\n<div class=\"coach-btn\"><!-- [et_pb_line_break_holder] -->                <\/p>\n<div class=\"link-btn\">Pozna\u0107<\/div>\n<p><!-- [et_pb_line_break_holder] -->            <\/div>\n<p><!-- [et_pb_line_break_holder] -->        <\/div>\n<p><!-- [et_pb_line_break_holder] -->    <\/div>\n<p><!-- [et_pb_line_break_holder] --> <\/div>\n<p><!-- [et_pb_line_break_holder] --> <\/p>\n<div class=\"card-back\" onclick=\"location.href='\/pl\/nasi-trenerzy\/pia-ulbrich\/'\" ><!-- [et_pb_line_break_holder] -->    <\/p>\n<div class=\"cntnt\" ><!-- [et_pb_line_break_holder] -->        <\/p>\n<div><!-- [et_pb_line_break_holder] -->        <\/div>\n<p><!-- [et_pb_line_break_holder] -->        <\/p>\n<ol><!-- [et_pb_line_break_holder] -->          <\/p>\n<li><span class=\"ques\">Jakie s\u0105 Twoje kwalifikacje jako trenera\/trenerki?<\/span><!\u2013- [et_pb_br_holder] -\u2013><pee>Przez wiele lat pracowa\u0142am w edukacji doros\u0142ych jako coach pracy, integracji i systemowy oraz wspiera\u0142am ludzi w ich reorientacji zawodowej i powrocie na rynek pracy. Dzi\u0119ki mojemu autentycznemu i empatycznemu podej\u015bciu potrafi\u0119 szybko wczu\u0107 si\u0119 w sytuacj\u0119 innych ludzi, aby rozpozna\u0107 ich indywidualne potrzeby. Pocz\u0105tkowo studiowa\u0142am komunikacj\u0119 naukow\u0105, a tak\u017ce psychologi\u0119 profilaktyki i zdrowia. To do\u015bwiadczenie dope\u0142nia m\u00f3j profil i uczy mnie raz po raz, \u017ce pierwszym krokiem do sukcesu jest \u017cyczliwa komunikacja i aktywne s\u0142uchanie. Udany coaching odbywa si\u0119 w dialogu. Podej\u015bcie zorientowane na zasoby i doceniaj\u0105ca postawa s\u0105 dla mnie szczeg\u00f3lnie wa\u017cne w procesie coachingowym.<\/pee> <\/li>\n<p><!-- [et_pb_line_break_holder] -->          <\/p>\n<li><span class=\"ques\">Jakie mierzalne wyniki uda\u0142o Ci si\u0119 osi\u0105gn\u0105\u0107 wsp\u00f3lnie z klientami i co Ci\u0119 wyr\u00f3\u017cnia?<\/span><!\u2013- [et_pb_br_holder] -\u2013><\/li>\n<p><!-- [et_pb_line_break_holder] -->        <\/ol>\n<p><!-- [et_pb_line_break_holder] -->       <!-- \n\n<div>Mehr erfahren<\/div>\n\n--><!-- [et_pb_line_break_holder] -->        <\/p>\n<div class=\"primary-color\"><\/div>\n<p><!-- [et_pb_line_break_holder] -->        <\/p>\n<div class=\"bottom-footer\"><!-- [et_pb_line_break_holder] -->            <\/p>\n<div class=\"bottom-footer-container\"><!-- [et_pb_line_break_holder] -->                <\/p>\n<div class=\"_col\"><!-- [et_pb_line_break_holder] -->                    <a href=\"https:\/\/avgs-gutschein.de\/pl\/nasi-trenerzy\/pia-ulbrich\/\"> <span class=\"button\">Przejd\u017a do profilu<\/span><\/a><!-- [et_pb_line_break_holder] -->                <\/div>\n<p><!-- [et_pb_line_break_holder] -->            <\/div>\n<p><!-- [et_pb_line_break_holder] -->        <\/div>\n<p><!-- [et_pb_line_break_holder] -->    <\/div>\n<p><!-- [et_pb_line_break_holder] --> <\/div>\n<p><!-- [et_pb_line_break_holder] --> <\/div>\n<p><!-- [et_pb_line_break_holder] --> <!-- von der Linde --><!-- [et_pb_line_break_holder] --> <\/p>\n<div class=\"card-list item produkt-jobcoaching sprache-deutsch sprache-englisch standort-online themenschwerpunkte-stellenrecherche themenschwerpunkte-berufsorientierung themenschwerpunkte-vorstellungsgespraeche themenschwerpunkte-persoenliche-positionierung branchenschwerpunkte-beratung branchenschwerpunkte-dienstleistungen branchenschwerpunkte-event branchenschwerpunkte-gastronomie branchenschwerpunkte-handel branchenschwerpunkte-kultur branchenschwerpunkte-kommunikation branchenschwerpunkte-ngos branchenschwerpunkte-fitness \"><!-- [et_pb_line_break_holder] --> <\/p>\n<div class=\"card-front\" ><!-- [et_pb_line_break_holder] -->    <\/p>\n<div class=\"cntnt\"><!-- [et_pb_line_break_holder] -->        <img decoding=\"async\" src=\"\/wp-content\/uploads\/2024\/01\/Nicole_von_der_Linde_prof_pic.webp\"><!-- [et_pb_line_break_holder] -->        <\/p>\n<div class=\"coach-card\"><!-- [et_pb_line_break_holder] -->            <\/p>\n<h2>Nicole von der Linde<\/h2>\n<p><!-- [et_pb_line_break_holder] -->            <\/p>\n<div class=\"coach-desc\"><!-- [et_pb_line_break_holder] -->                <\/p>\n<div class=\"standort\"><b>Biuro:<\/b> Obecno\u015b\u0107 w: online w ca\u0142ych Niemczech<\/div>\n<p><!-- [et_pb_line_break_holder] -->                <\/p>\n<hr>\n<p><!-- [et_pb_line_break_holder] -->                <\/p>\n<div class=\"specialty\"><b>Produkt:<\/b> Coaching zawodowy<\/div>\n<p><!-- [et_pb_line_break_holder] -->                <\/p>\n<hr>\n<p><!-- [et_pb_line_break_holder] -->                <\/p>\n<div class=\"lang\"><b>J\u0119zyk(i) coachingu:<\/b> niemiecki, angielski<\/div>\n<p><!-- [et_pb_line_break_holder] -->                <\/p>\n<hr>\n<p><!-- [et_pb_line_break_holder] -->            <\/div>\n<p><!-- [et_pb_line_break_holder] -->            <\/p>\n<div class=\"coach-btn\"><!-- [et_pb_line_break_holder] -->                <\/p>\n<div class=\"link-btn\">Pozna\u0107<\/div>\n<p><!-- [et_pb_line_break_holder] -->            <\/div>\n<p><!-- [et_pb_line_break_holder] -->        <\/div>\n<p><!-- [et_pb_line_break_holder] -->    <\/div>\n<p><!-- [et_pb_line_break_holder] --> <\/div>\n<p><!-- [et_pb_line_break_holder] --> <\/p>\n<div class=\"card-back\" onclick=\"location.href='\/pl\/nasi-trenerzy\/nicole-von-der-linde\/'\" ><!-- [et_pb_line_break_holder] -->    <\/p>\n<div class=\"cntnt\" ><!-- [et_pb_line_break_holder] -->        <\/p>\n<div><!-- [et_pb_line_break_holder] -->        <\/div>\n<p><!-- [et_pb_line_break_holder] -->        <\/p>\n<ol><!-- [et_pb_line_break_holder] -->          <\/p>\n<li><span class=\"ques\">Jakie mierzalne wyniki uda\u0142o Ci si\u0119 osi\u0105gn\u0105\u0107 wsp\u00f3lnie z klientami i co Ci\u0119 wyr\u00f3\u017cnia?<\/span><!\u2013- [et_pb_br_holder] -\u2013><pee>Wielu moich klient\u00f3w po zako\u0144czeniu coachingu znalaz\u0142o now\u0105 prac\u0119 lub nowe zadanie dla siebie.<!-- [et_pb_line_break_holder] -->        <\/pee><!-- [et_pb_line_break_holder] -->            <\/li>\n<p><!-- [et_pb_line_break_holder] -->          <\/p>\n<li><span class=\"ques\">Co m\u00f3wi\u0105 o Tobie Twoi klienci?<\/span><!\u2013- [et_pb_br_holder] -\u2013><\/li>\n<p><!-- [et_pb_line_break_holder] -->        <\/ol>\n<p><!-- [et_pb_line_break_holder] -->       <!-- \n\n<div>Mehr erfahren<\/div>\n\n--><!-- [et_pb_line_break_holder] -->        <\/p>\n<div class=\"primary-color\"><\/div>\n<p><!-- [et_pb_line_break_holder] -->        <\/p>\n<div class=\"bottom-footer\"><!-- [et_pb_line_break_holder] -->            <\/p>\n<div class=\"bottom-footer-container\"><!-- [et_pb_line_break_holder] -->                <\/p>\n<div class=\"_col\"><!-- [et_pb_line_break_holder] -->                    <a href=\"https:\/\/avgs-gutschein.de\/pl\/nasi-trenerzy\/nicole-von-der-linde\/\"> <span class=\"button\">Przejd\u017a do profilu<\/span><\/a><!-- [et_pb_line_break_holder] -->                <\/div>\n<p><!-- [et_pb_line_break_holder] -->            <\/div>\n<p><!-- [et_pb_line_break_holder] -->        <\/div>\n<p><!-- [et_pb_line_break_holder] -->    <\/div>\n<p><!-- [et_pb_line_break_holder] --> <\/div>\n<p><!-- [et_pb_line_break_holder] --> <\/div>\n<p><!-- [et_pb_line_break_holder] --> <!-- Werner --><!-- [et_pb_line_break_holder] --> <\/p>\n<div class=\"card-list item produkt-jobcoaching produkt-gruendungsberatung sprache-ukrainisch sprache-russisch sprache-deutsch standort-online standort-stuttgart themenschwerpunkte-bewerbungstraining themenschwerpunkte-stellenrecherche themenschwerpunkte-berufsorientierung themenschwerpunkte-vorstellungsgespraeche themenschwerpunkte-persoenliche-positionierung themenschwerpunkte-businessplanerstellung themenschwerpunkte-strategie themenschwerpunkte-finanzplanung themenschwerpunkte-digitales-marketing themenschwerpunkte-rechtsfragen branchenschwerpunkte-beratung branchenschwerpunkte-dienstleistungen branchenschwerpunkte-energie branchenschwerpunkte-event branchenschwerpunkte-gastronomie branchenschwerpunkte-pflege branchenschwerpunkte-handel branchenschwerpunkte-handwerk branchenschwerpunkte-design branchenschwerpunkte-kultur branchenschwerpunkte-kommunikation branchenschwerpunkte-ngos branchenschwerpunkte-fitness \"><!-- [et_pb_line_break_holder] --> <\/p>\n<div class=\"card-front\" ><!-- [et_pb_line_break_holder] -->    <\/p>\n<div class=\"cntnt\"><!-- [et_pb_line_break_holder] -->        <img decoding=\"async\" src=\"\/wp-content\/uploads\/2024\/01\/KarlWerner_profile_img.webp\"><!-- [et_pb_line_break_holder] -->        <\/p>\n<div class=\"coach-card\"><!-- [et_pb_line_break_holder] -->            <\/p>\n<h2>Karl Werner<\/h2>\n<p><!-- [et_pb_line_break_holder] -->            <\/p>\n<div class=\"coach-desc\"><!-- [et_pb_line_break_holder] -->                <\/p>\n<div class=\"standort\"><b>Biuro:<\/b> Obecno\u015b\u0107 w Stuttgarcie, online w ca\u0142ych Niemczech<\/div>\n<p><!-- [et_pb_line_break_holder] -->                <\/p>\n<hr>\n<p><!-- [et_pb_line_break_holder] -->                <\/p>\n<div class=\"specialty\"><b>Produkt:<\/b> Coaching zawodowy, Porady dla os\u00f3b rozpoczynaj\u0105cych dzia\u0142alno\u015b\u0107 gospodarcz\u0105<\/div>\n<p><!-- [et_pb_line_break_holder] -->                <\/p>\n<hr>\n<p><!-- [et_pb_line_break_holder] -->                <\/p>\n<div class=\"lang\"><b>J\u0119zyk(i) coachingu:<\/b> niemiecki, ukrai\u0144ski, rosyjski<\/div>\n<p><!-- [et_pb_line_break_holder] -->                <\/p>\n<hr>\n<p><!-- [et_pb_line_break_holder] -->            <\/div>\n<p><!-- [et_pb_line_break_holder] -->            <\/p>\n<div class=\"coach-btn\"><!-- [et_pb_line_break_holder] -->                <\/p>\n<div class=\"link-btn\">Pozna\u0107<\/div>\n<p><!-- [et_pb_line_break_holder] -->            <\/div>\n<p><!-- [et_pb_line_break_holder] -->        <\/div>\n<p><!-- [et_pb_line_break_holder] -->    <\/div>\n<p><!-- [et_pb_line_break_holder] --> <\/div>\n<p><!-- [et_pb_line_break_holder] --> <\/p>\n<div class=\"card-back\" onclick=\"location.href='\/pl\/nasi-trenerzy\/karl-werner\/'\" ><!-- [et_pb_line_break_holder] -->    <\/p>\n<div class=\"cntnt\" ><!-- [et_pb_line_break_holder] -->        <\/p>\n<div><!-- [et_pb_line_break_holder] -->        <\/div>\n<p><!-- [et_pb_line_break_holder] -->        <\/p>\n<ol><!-- [et_pb_line_break_holder] -->          <\/p>\n<li><span class=\"ques\">Jakie s\u0105 Twoje kwalifikacje jako trenera\/trenerki?<\/span><!\u2013- [et_pb_br_holder] -\u2013><pee>Posiadaj\u0105c dyplom i wieloletnie do\u015bwiadczenie praktyczne w szerokim zakresie bran\u017c, posiadam wszechstronne kwalifikacje jako konsultant ds. zarz\u0105dzania i trener. Moje wykszta\u0142cenie akademickie stanowi podstaw\u0119 do g\u0142\u0119bokiego zrozumienia kontekst\u00f3w zarz\u0105dzania biznesem. Ponadto specjalizuj\u0119 si\u0119 w obszarze rozwoju organizacyjnego i rozwoju przyw\u00f3dztwa poprzez ukierunkowane szkolenia uzupe\u0142niaj\u0105ce. Te po\u0142\u0105czone umiej\u0119tno\u015bci pozwalaj\u0105 mi opracowywa\u0107 rozwi\u0105zania szyte na miar\u0119 i zapewnia\u0107 firmom ukierunkowane wsparcie w ich indywidualnych wyzwaniach.<!-- [et_pb_line_break_holder] -->        <\/pee> <\/li>\n<p><!-- [et_pb_line_break_holder] -->          <\/p>\n<li><span class=\"ques\">Jakie mierzalne wyniki uda\u0142o Ci si\u0119 osi\u0105gn\u0105\u0107 wsp\u00f3lnie z klientami i co Ci\u0119 wyr\u00f3\u017cnia?<\/span><!\u2013- [et_pb_br_holder] -\u2013><\/li>\n<p><!-- [et_pb_line_break_holder] -->        <\/ol>\n<p><!-- [et_pb_line_break_holder] -->       <!-- \n\n<div>Mehr erfahren<\/div>\n\n--><!-- [et_pb_line_break_holder] -->        <\/p>\n<div class=\"primary-color\"><\/div>\n<p><!-- [et_pb_line_break_holder] -->        <\/p>\n<div class=\"bottom-footer\"><!-- [et_pb_line_break_holder] -->            <\/p>\n<div class=\"bottom-footer-container\"><!-- [et_pb_line_break_holder] -->                <\/p>\n<div class=\"_col\"><!-- [et_pb_line_break_holder] -->                    <a href=\"https:\/\/avgs-gutschein.de\/pl\/nasi-trenerzy\/karl-werner\/\"> <span class=\"button\">Przejd\u017a do profilu<\/span><\/a><!-- [et_pb_line_break_holder] -->                <\/div>\n<p><!-- [et_pb_line_break_holder] -->            <\/div>\n<p><!-- [et_pb_line_break_holder] -->        <\/div>\n<p><!-- [et_pb_line_break_holder] -->    <\/div>\n<p><!-- [et_pb_line_break_holder] --> <\/div>\n<p><!-- [et_pb_line_break_holder] --> <\/div>\n<p><!-- [et_pb_line_break_holder] -->  <!-- Wielsp\u00fctz --><!-- [et_pb_line_break_holder] -->  <\/p>\n<div class=\"card-list item produkt-jobcoaching produkt-gruendungsberatung sprache-deutsch standort-berlin standort-online themenschwerpunkte-bewerbungstraining themenschwerpunkte-berufsorientierung themenschwerpunkte-vorstellungsgespraeche themenschwerpunkte-persoenliche-positionierung themenschwerpunkte-businessplanerstellung themenschwerpunkte-strategie themenschwerpunkte-digitales-marketing branchenschwerpunkte-beratung branchenschwerpunkte-design branchenschwerpunkte-kommunikation branchenschwerpunkte-start-up branchenschwerpunkte-it \"><!-- [et_pb_line_break_holder] -->  <\/p>\n<div class=\"card-front\" ><!-- [et_pb_line_break_holder] -->     <\/p>\n<div class=\"cntnt\"><!-- [et_pb_line_break_holder] -->         <img decoding=\"async\" src=\"\/wp-content\/uploads\/2024\/04\/Lara_Wielspuetz_profile_img.webp\"><!-- [et_pb_line_break_holder] -->         <\/p>\n<div class=\"coach-card\"><!-- [et_pb_line_break_holder] -->             <\/p>\n<h2>Lara Wielsp\u00fctz<\/h2>\n<p><!-- [et_pb_line_break_holder] -->             <\/p>\n<div class=\"coach-desc\"><!-- [et_pb_line_break_holder] -->                 <\/p>\n<div class=\"standort\"><b>Biuro:<\/b> Obecno\u015b\u0107 w: Berlinie, online w ca\u0142ych Niemczech<\/div>\n<p><!-- [et_pb_line_break_holder] -->                 <\/p>\n<hr>\n<p><!-- [et_pb_line_break_holder] -->                 <\/p>\n<div class=\"specialty\"><b>Produkt:<\/b> Coaching zawodowy, Porady dla os\u00f3b rozpoczynaj\u0105cych dzia\u0142alno\u015b\u0107 gospodarcz\u0105<\/div>\n<p><!-- [et_pb_line_break_holder] -->                 <\/p>\n<hr>\n<p><!-- [et_pb_line_break_holder] -->                 <\/p>\n<div class=\"lang\"><b>J\u0119zyk(i) coachingu:<\/b> niemiecki<\/div>\n<p><!-- [et_pb_line_break_holder] -->                 <\/p>\n<hr>\n<p><!-- [et_pb_line_break_holder] -->             <\/div>\n<p><!-- [et_pb_line_break_holder] -->             <\/p>\n<div class=\"coach-btn\"><!-- [et_pb_line_break_holder] -->                 <\/p>\n<div class=\"link-btn\">Pozna\u0107<\/div>\n<p><!-- [et_pb_line_break_holder] -->             <\/div>\n<p><!-- [et_pb_line_break_holder] -->         <\/div>\n<p><!-- [et_pb_line_break_holder] -->     <\/div>\n<p><!-- [et_pb_line_break_holder] -->  <\/div>\n<p><!-- [et_pb_line_break_holder] -->  <\/p>\n<div class=\"card-back\" onclick=\"location.href='\/pl\/nasi-trenerzy\/lara-wielspuetz\/'\" ><!-- [et_pb_line_break_holder] -->     <\/p>\n<div class=\"cntnt\" ><!-- [et_pb_line_break_holder] -->         <\/p>\n<div><!-- [et_pb_line_break_holder] -->         <\/div>\n<p><!-- [et_pb_line_break_holder] -->         <\/p>\n<ol><!-- [et_pb_line_break_holder] -->           <\/p>\n<li><span class=\"ques\">Co daje Ci najwi\u0119ksz\u0105 satysfakcj\u0119 w Twojej pracy?<\/span><!\u2013- [et_pb_br_holder] -\u2013><pee>Szcz\u0119\u015bliwy b\u0142ysk w oczach ludzi, kt\u00f3rzy znale\u017ali w\u0142a\u015bciw\u0105 dla siebie drog\u0119.<!-- [et_pb_line_break_holder] -->        <\/pee><!-- [et_pb_line_break_holder] -->             <\/li>\n<p><!-- [et_pb_line_break_holder] -->           <\/p>\n<li><span class=\"ques\">Co m\u00f3wi\u0105 o Tobie Twoi klienci?<\/span><!\u2013- [et_pb_br_holder] -\u2013><\/li>\n<p><!-- [et_pb_line_break_holder] -->         <\/ol>\n<p><!-- [et_pb_line_break_holder] -->        <!-- \n\n<div>Mehr erfahren<\/div>\n\n--><!-- [et_pb_line_break_holder] -->         <\/p>\n<div class=\"primary-color\"><\/div>\n<p><!-- [et_pb_line_break_holder] -->         <\/p>\n<div class=\"bottom-footer\"><!-- [et_pb_line_break_holder] -->             <\/p>\n<div class=\"bottom-footer-container\"><!-- [et_pb_line_break_holder] -->                 <\/p>\n<div class=\"_col\"><!-- [et_pb_line_break_holder] -->                     <a href=\"https:\/\/avgs-gutschein.de\/pl\/nasi-trenerzy\/lara-wielspuetz\/\"> <span class=\"button\">Przejd\u017a do profilu<\/span><\/a><!-- [et_pb_line_break_holder] -->                 <\/div>\n<p><!-- [et_pb_line_break_holder] -->             <\/div>\n<p><!-- [et_pb_line_break_holder] -->         <\/div>\n<p><!-- [et_pb_line_break_holder] -->     <\/div>\n<p><!-- [et_pb_line_break_holder] -->  <\/div>\n<p><!-- [et_pb_line_break_holder] -->  <\/div>\n<p><!-- [et_pb_line_break_holder] --><!-- [et_pb_line_break_holder] --> <!--Karin Witt--><!-- [et_pb_line_break_holder] --> <\/p>\n<div class=\"card-list item produkt-jobcoaching produkt-gruendungsberatung standort-online standort-lueneburg sprache-deutsch themenschwerpunkte-businessplanerstellung themenschwerpunkte-strategie themenschwerpunkte-finanzplanung themenschwerpunkte-digitales-marketing themenschwerpunkte-rechtsfragen branchenschwerpunkte-beratung branchenschwerpunkte-dienstleistungen branchenschwerpunkte-energie branchenschwerpunkte-event branchenschwerpunkte-gastronomie branchenschwerpunkte-pflege branchenschwerpunkte-handel branchenschwerpunkte-handwerk branchenschwerpunkte-design branchenschwerpunkte-kultur branchenschwerpunkte-kommunikation branchenschwerpunkte-fitness \"><!-- [et_pb_line_break_holder] --> <\/p>\n<div class=\"card-front\" ><!-- [et_pb_line_break_holder] -->    <\/p>\n<div class=\"cntnt\"><!-- [et_pb_line_break_holder] -->        <img decoding=\"async\" src=\"\/wp-content\/uploads\/2025\/10\/Karin_Witt_updated_profile_image.webp\"><!-- [et_pb_line_break_holder] -->        <\/p>\n<div class=\"coach-card\"><!-- [et_pb_line_break_holder] -->            <\/p>\n<h2>Karin Witt<\/h2>\n<p><!-- [et_pb_line_break_holder] -->            <\/p>\n<div class=\"coach-desc\"><!-- [et_pb_line_break_holder] -->                <\/p>\n<div class=\"standort\"><b>Biuro:<\/b> Obecno\u015b\u0107 w: L\u00fcneburg, online w ca\u0142ych Niemczech<\/div>\n<p><!-- [et_pb_line_break_holder] -->                <\/p>\n<hr>\n<p><!-- [et_pb_line_break_holder] -->                <\/p>\n<div class=\"specialty\"><b>Produkt:<\/b> Coaching zawodowy, Porady dla os\u00f3b rozpoczynaj\u0105cych dzia\u0142alno\u015b\u0107 gospodarcz\u0105<\/div>\n<p><!-- [et_pb_line_break_holder] -->                <\/p>\n<hr>\n<p><!-- [et_pb_line_break_holder] -->                <\/p>\n<div class=\"lang\"><b>J\u0119zyk(i) coachingu:<\/b> niemiecki<\/div>\n<p><!-- [et_pb_line_break_holder] -->                <\/p>\n<hr>\n<p><!-- [et_pb_line_break_holder] -->            <\/div>\n<p><!-- [et_pb_line_break_holder] -->            <\/p>\n<div class=\"coach-btn\"><!-- [et_pb_line_break_holder] -->                <\/p>\n<div class=\"link-btn\">Pozna\u0107<\/div>\n<p><!-- [et_pb_line_break_holder] -->            <\/div>\n<p><!-- [et_pb_line_break_holder] -->        <\/div>\n<p><!-- [et_pb_line_break_holder] -->    <\/div>\n<p><!-- [et_pb_line_break_holder] --> <\/div>\n<p><!-- [et_pb_line_break_holder] --> <\/p>\n<div class=\"card-back\" onclick=\"location.href='\/pl\/nasi-trenerzy\/karin-witt\/'\" ><!-- [et_pb_line_break_holder] -->    <\/p>\n<div class=\"cntnt\" ><!-- [et_pb_line_break_holder] -->        <\/p>\n<div><!-- [et_pb_line_break_holder] -->        <\/div>\n<p><!-- [et_pb_line_break_holder] -->        <\/p>\n<ol><!-- [et_pb_line_break_holder] -->          <\/p>\n<li><span class=\"ques\">Jakie s\u0105 Twoje kwalifikacje jako trenera\/trenerki?<\/span><!\u2013- [et_pb_br_holder] -\u2013><pee>Sam poszed\u0142em t\u0105 drog\u0105. Jako prawnik by\u0142em od pocz\u0105tku samozatrudniony. Decyzja, aby nie musie\u0107 zawsze zajmowa\u0107 si\u0119 sporami, doprowadzi\u0142a mnie po kilku latach do szkolenia z mediacji. Po szkoleniu coachingowym, kt\u00f3re nast\u0105pi\u0142o p\u00f3\u017aniej, ponownie zosta\u0142em samozatrudniony po urlopie rodzicielskim, przy wsparciu trenera startup\u00f3w. Od tego czasu jestem oddanym samozatrudnionym i stale rozwijam swoj\u0105 ofert\u0119. W mi\u0119dzyczasie \u017cycie wielokrotnie stawia\u0142o mi bardzo ekstremalne wyzwania, z kt\u00f3rymi zawsze radzi\u0142em sobie we w\u0142asnym tempie jako przedsi\u0119biorca i mened\u017cer rodziny. Nadal staram si\u0119 \u017conglowa\u0107 wszystkim najlepiej, jak potrafi\u0119. Czasami ciesz\u0119 si\u0119 z nowych wyzwa\u0144, poniewa\u017c i tak zawsze pojawia si\u0119 co\u015b innego i nauczy\u0142em si\u0119, \u017ce sprawy zawsze id\u0105 do przodu, je\u015bli nie stoisz w miejscu. Towarzyszy\u0142em ju\u017c ponad 500 za\u0142o\u017cycielom i jestem ekspertem w temacie startup\u00f3w. Z niecierpliwo\u015bci\u0105 czekam na ka\u017cdy nowy projekt startupu.<\/pee>  <\/li>\n<p><!-- [et_pb_line_break_holder] -->          <\/p>\n<li><span class=\"ques\">Jakie mierzalne wyniki uda\u0142o Ci si\u0119 osi\u0105gn\u0105\u0107 wsp\u00f3lnie z klientami i co Ci\u0119 wyr\u00f3\u017cnia?<\/span><!\u2013- [et_pb_br_holder] -\u2013><\/li>\n<p><!-- [et_pb_line_break_holder] -->        <\/ol>\n<p><!-- [et_pb_line_break_holder] -->       <!-- \n\n<div>Mehr erfahren<\/div>\n\n--><!-- [et_pb_line_break_holder] -->        <\/p>\n<div class=\"primary-color\"><\/div>\n<p><!-- [et_pb_line_break_holder] -->        <\/p>\n<div class=\"bottom-footer\"><!-- [et_pb_line_break_holder] -->            <\/p>\n<div class=\"bottom-footer-container\"><!-- [et_pb_line_break_holder] -->                <\/p>\n<div class=\"_col\"><!-- [et_pb_line_break_holder] -->                    <a href=\"https:\/\/avgs-gutschein.de\/pl\/nasi-trenerzy\/karin-witt\/\"> <span class=\"button\">Przejd\u017a do profilu<\/span><\/a><!-- [et_pb_line_break_holder] -->                <\/div>\n<p><!-- [et_pb_line_break_holder] -->            <\/div>\n<p><!-- [et_pb_line_break_holder] -->        <\/div>\n<p><!-- [et_pb_line_break_holder] -->    <\/div>\n<p><!-- [et_pb_line_break_holder] --> <\/div>\n<p><!-- [et_pb_line_break_holder] --> <\/div>\n<p><!-- [et_pb_line_break_holder] --> <!--Sybille Wolf--><!-- [et_pb_line_break_holder] --> <\/p>\n<div class=\"card-list item produkt-jobcoaching<!-- [et_pb_line_break_holder] --> standort-online<!-- [et_pb_line_break_holder] --> standort-berlin<!-- [et_pb_line_break_holder] --> sprache-deutsch<!-- [et_pb_line_break_holder] -->themenschwerpunkte-bewerbungstraining<!-- [et_pb_line_break_holder] -->themenschwerpunkte-stellenrecherche<!-- [et_pb_line_break_holder] -->themenschwerpunkte-berufsorientierung<!-- [et_pb_line_break_holder] -->themenschwerpunkte-vorstellungsgespraeche<!-- [et_pb_line_break_holder] -->themenschwerpunkte-persoenliche-positionierung<!-- [et_pb_line_break_holder] --> branchenschwerpunkte-beratung<!-- [et_pb_line_break_holder] --> branchenschwerpunkte-dienstleistungen<!-- [et_pb_line_break_holder] --> branchenschwerpunkte-event<!-- [et_pb_line_break_holder] --> branchenschwerpunkte-pflege<!-- [et_pb_line_break_holder] --> branchenschwerpunkte-handel<!-- [et_pb_line_break_holder] --> branchenschwerpunkte-kommunikation<!-- [et_pb_line_break_holder] --> branchenschwerpunkte-soziales<!-- [et_pb_line_break_holder] --> branchenschwerpunkte-start-up&#8221;><!-- [et_pb_line_break_holder] --> <\/p>\n<div class=\"card-front\"><!-- [et_pb_line_break_holder] -->    <\/p>\n<div class=\"cntnt\"><!-- [et_pb_line_break_holder] -->        <img decoding=\"async\" src=\"\/wp-content\/uploads\/2025\/04\/Wolf_Sybille_profile_pic.webp\"><!-- [et_pb_line_break_holder] -->        <\/p>\n<div class=\"coach-card\"><!-- [et_pb_line_break_holder] -->            <\/p>\n<h2>Sybille Wolf<\/h2>\n<p><!-- [et_pb_line_break_holder] -->            <\/p>\n<div class=\"coach-desc\"><!-- [et_pb_line_break_holder] -->                <\/p>\n<div class=\"standort\"><b>Biuro:<\/b> Obecno\u015b\u0107 w: Berlinie, online w ca\u0142ych Niemczech<\/div>\n<p><!-- [et_pb_line_break_holder] -->                <\/p>\n<hr>\n<p><!-- [et_pb_line_break_holder] -->                <\/p>\n<div class=\"specialty\"><b>Produkt:<\/b> Coaching zawodowy <\/div>\n<p><!-- [et_pb_line_break_holder] -->                <\/p>\n<hr>\n<p><!-- [et_pb_line_break_holder] -->                <\/p>\n<div class=\"lang\"><b>J\u0119zyk(i) coachingu:<\/b> Niemiecki<\/div>\n<p><!-- [et_pb_line_break_holder] -->                <\/p>\n<hr>\n<p><!-- [et_pb_line_break_holder] -->            <\/div>\n<p><!-- [et_pb_line_break_holder] -->            <\/p>\n<div class=\"coach-btn\"><!-- [et_pb_line_break_holder] -->                <\/p>\n<div class=\"link-btn\">Pozna\u0107<\/div>\n<p><!-- [et_pb_line_break_holder] -->            <\/div>\n<p><!-- [et_pb_line_break_holder] -->        <\/div>\n<p><!-- [et_pb_line_break_holder] -->    <\/div>\n<p><!-- [et_pb_line_break_holder] --> <\/div>\n<p><!-- [et_pb_line_break_holder] --> <\/p>\n<div class=\"card-back\" onclick=\"location.href='\/pl\/nasi-trenerzy\/sybille-wolf\/'\"><!-- [et_pb_line_break_holder] -->    <\/p>\n<div class=\"cntnt\"><!-- [et_pb_line_break_holder] -->        <\/p>\n<div><!-- [et_pb_line_break_holder] -->        <\/div>\n<p><!-- [et_pb_line_break_holder] -->        <\/p>\n<ol><!-- [et_pb_line_break_holder] -->          <\/p>\n<li><span class=\"ques\">Jakie kwalifikacje kwalifikuj\u0105 Ci\u0119 jako trenera\/trenera?  <\/span><!\u2013- [et_pb_br_holder] -\u2013><pee>Ponad 31 lat do\u015bwiadczenia w rozwoju ludzi, w kierownictwie i sprzeda\u017cy w pi\u0119ciu r\u00f3\u017cnych firmach\/korporacjach. Jako trener i specjalista ds. rozwoju zasob\u00f3w ludzkich oraz mened\u017cer, od sta\u017cysty do dyrektora zarz\u0105dzaj\u0105cego. <\/pee><!-- [et_pb_line_break_holder] -->            <\/li>\n<p><!-- [et_pb_line_break_holder] -->          <\/p>\n<li><span class=\"ques\">Jakie mierzalne rezultaty uda\u0142o Ci si\u0119 osi\u0105gn\u0105\u0107 wsp\u00f3lnie z klientami i co Ci\u0119 wyr\u00f3\u017cnia?&#8230;<\/span><!\u2013- [et_pb_br_holder] -\u2013><\/li>\n<p><!-- [et_pb_line_break_holder] -->        <\/ol>\n<p><!-- [et_pb_line_break_holder] -->       <!-- \n\n<div>Mehr erfahren<\/div>\n\n--><!-- [et_pb_line_break_holder] -->        <\/p>\n<div class=\"primary-color\"><\/div>\n<p><!-- [et_pb_line_break_holder] -->        <\/p>\n<div class=\"bottom-footer\"><!-- [et_pb_line_break_holder] -->            <\/p>\n<div class=\"bottom-footer-container\"><!-- [et_pb_line_break_holder] -->                <\/p>\n<div class=\"_col\"><!-- [et_pb_line_break_holder] -->                    <a href=\"https:\/\/avgs-gutschein.de\/pl\/nasi-trenerzy\/sybille-wolf\/\"> <span class=\"button\">Przejd\u017a do profilu<\/span><\/a><!-- [et_pb_line_break_holder] -->                <\/div>\n<p><!-- [et_pb_line_break_holder] -->            <\/div>\n<p><!-- [et_pb_line_break_holder] -->        <\/div>\n<p><!-- [et_pb_line_break_holder] -->    <\/div>\n<p><!-- [et_pb_line_break_holder] --> <\/div>\n<p><!-- [et_pb_line_break_holder] --> <\/div>\n<p> <!-- [et_pb_line_break_holder] --> <!--Felix Zipka--><!-- [et_pb_line_break_holder] --> <\/p>\n<div class=\"card-list item produkt-jobcoaching produkt-gruendungsberatung standort-online standort-rotenburg standort-soltau sprache-deutsch sprache-englisch themenschwerpunkte-bewerbungstraining themenschwerpunkte-stellenrecherche themenschwerpunkte-berufsorientierung themenschwerpunkte-vorstellungsgespraeche themenschwerpunkte-persoenliche-positionierung themenschwerpunkte-businessplanerstellung themenschwerpunkte-strategie themenschwerpunkte-finanzplanung themenschwerpunkte-digitales-marketing themenschwerpunkte-rechtsfragen branchenschwerpunkte-beratung branchenschwerpunkte-dienstleistungen branchenschwerpunkte-energie branchenschwerpunkte-event branchenschwerpunkte-gastronomie branchenschwerpunkte-pflege branchenschwerpunkte-handel branchenschwerpunkte-handwerk branchenschwerpunkte-design branchenschwerpunkte-kultur branchenschwerpunkte-kommunikation branchenschwerpunkte-ngos branchenschwerpunkte-fitness\"><!-- [et_pb_line_break_holder] --><\/p>\n<div class=\"card-front\" ><!-- [et_pb_line_break_holder] -->    <\/p>\n<div class=\"cntnt\"><!-- [et_pb_line_break_holder] -->        <img decoding=\"async\" src=\"\/wp-content\/uploads\/2023\/12\/Felix_Zipka_profile_img.webp\"><!-- [et_pb_line_break_holder] -->        <\/p>\n<div class=\"coach-card\"><!-- [et_pb_line_break_holder] -->            <\/p>\n<h2>Felix Zipka<\/h2>\n<p><!-- [et_pb_line_break_holder] -->            <\/p>\n<div class=\"coach-desc\"><!-- [et_pb_line_break_holder] -->                <\/p>\n<div class=\"standort\"><b>Biuro:<\/b> Obecno\u015b\u0107 w: Rotenburg, Soltau, online na terenie ca\u0142ych Niemiec<\/div>\n<p><!-- [et_pb_line_break_holder] -->                <\/p>\n<hr>\n<p><!-- [et_pb_line_break_holder] -->                <\/p>\n<div class=\"specialty\"><b>Produkt:<\/b> Coaching zawodowy, Porady dla os\u00f3b rozpoczynaj\u0105cych dzia\u0142alno\u015b\u0107 gospodarcz\u0105<\/div>\n<p><!-- [et_pb_line_break_holder] -->                <\/p>\n<hr>\n<p><!-- [et_pb_line_break_holder] -->                <\/p>\n<div class=\"lang\"><b>J\u0119zyk(i) coachingu:<\/b> niemiecki, angielski<\/div>\n<p><!-- [et_pb_line_break_holder] -->                <\/p>\n<hr>\n<p><!-- [et_pb_line_break_holder] -->            <\/div>\n<p><!-- [et_pb_line_break_holder] -->            <\/p>\n<div class=\"coach-btn\"><!-- [et_pb_line_break_holder] -->                <\/p>\n<div class=\"link-btn\">Pozna\u0107<\/div>\n<p><!-- [et_pb_line_break_holder] -->            <\/div>\n<p><!-- [et_pb_line_break_holder] -->        <\/div>\n<p><!-- [et_pb_line_break_holder] -->    <\/div>\n<p><!-- [et_pb_line_break_holder] --> <\/div>\n<p><!-- [et_pb_line_break_holder] --> <\/p>\n<div class=\"card-back\" onclick=\"location.href='\/pl\/nasi-trenerzy\/felix-zipka\/'\" ><!-- [et_pb_line_break_holder] -->    <\/p>\n<div class=\"cntnt\" ><!-- [et_pb_line_break_holder] -->        <\/p>\n<div><!-- [et_pb_line_break_holder] -->        <\/div>\n<p><!-- [et_pb_line_break_holder] -->        <\/p>\n<ol><!-- [et_pb_line_break_holder] -->          <\/p>\n<li><span class=\"ques\">Jakie s\u0105 Twoje kwalifikacje jako trenera\/trenerki?<\/span><!\u2013- [et_pb_br_holder] -\u2013><pee>Realistycznie rzecz bior\u0105c, obecnie mog\u0119 \u201etylko\u201d m\u00f3wi\u0107 o tym, czego chc\u0119 w kontek\u015bcie spe\u0142nienia zawodowego: Moim najwi\u0119kszym d\u0105\u017ceniem i pragnieniem jest wspieranie moich klient\u00f3w wszystkimi moimi umiej\u0119tno\u015bciami i wiedz\u0105 specjalistyczn\u0105, aby osi\u0105gn\u0105\u0107 jak najlepszy wynik w zakresie doradztwa dla nich i z nimi. Uwa\u017cam r\u00f3wnie\u017c za bardzo satysfakcjonuj\u0105c\u0105 prac\u0119 z lud\u017ami, poznawanie nowych pomys\u0142\u00f3w i podej\u015b\u0107, a po zako\u0144czeniu pracy, dobre uczucie, \u017ce towarzyszy\u0142em komu\u015b troch\u0119 w drodze do osi\u0105gni\u0119cia jego osobistych cel\u00f3w.<\/pee> <\/li>\n<p><!-- [et_pb_line_break_holder] -->          <\/p>\n<li><span class=\"ques\">Co Ci\u0119 motywuje i jakie jest Twoje ulubione zadanie jako trenera\/trenera?<\/span><!\u2013- [et_pb_br_holder] -\u2013><\/li>\n<p><!-- [et_pb_line_break_holder] -->        <\/ol>\n<p><!-- [et_pb_line_break_holder] -->       <!-- \n\n<div>Mehr erfahren<\/div>\n\n--><!-- [et_pb_line_break_holder] -->        <\/p>\n<div class=\"primary-color\"><\/div>\n<p><!-- [et_pb_line_break_holder] -->        <\/p>\n<div class=\"bottom-footer\"><!-- [et_pb_line_break_holder] -->            <\/p>\n<div class=\"bottom-footer-container\"><!-- [et_pb_line_break_holder] -->                <\/p>\n<div class=\"_col\"><!-- [et_pb_line_break_holder] -->                    <a href=\"https:\/\/avgs-gutschein.de\/pl\/nasi-trenerzy\/felix-zipka\/\"> <span class=\"button\">Przejd\u017a do profilu<\/span><\/a><!-- [et_pb_line_break_holder] -->                <\/div>\n<p><!-- [et_pb_line_break_holder] -->            <\/div>\n<p><!-- [et_pb_line_break_holder] -->        <\/div>\n<p><!-- [et_pb_line_break_holder] -->    <\/div>\n<p><!-- [et_pb_line_break_holder] --> <\/div>\n<p><!-- [et_pb_line_break_holder] --> <\/div>\n<p><!-- [et_pb_line_break_holder] --><!-- [et_pb_line_break_holder] --> <\/div>\n<p>[\/et_pb_code][\/et_pb_column][\/et_pb_row][et_pb_row disabled_on=&#8221;off|off|off&#8221; module_id=&#8221;nothing-found&#8221; _builder_version=&#8221;4.23.1&#8243; _module_preset=&#8221;default&#8221; global_colors_info=&#8221;{}&#8221;][et_pb_column type=&#8221;4_4&#8243; _builder_version=&#8221;4.23.1&#8243; _module_preset=&#8221;default&#8221; global_colors_info=&#8221;{}&#8221;][et_pb_text _builder_version=&#8221;4.24.0&#8243; _module_preset=&#8221;default&#8221; text_font_size=&#8221;30px&#8221; text_line_height=&#8221;1.8em&#8221; link_text_color=&#8221;#cd222a&#8221; text_orientation=&#8221;center&#8221; global_colors_info=&#8221;{}&#8221;]Nehmen Sie bitte <a href=\"https:\/\/avgs-gutschein.de\/pl\/kontakt\/\">Kontakt<\/a> mit uns auf, damit wir f\u00fcr Sie einen passenden Couch finden k\u00f6nnen![\/et_pb_text][\/et_pb_column][\/et_pb_row][\/et_pb_section][et_pb_section fb_built=&#8221;1&#8243; _builder_version=&#8221;4.25.1&#8243; _module_preset=&#8221;default&#8221; background_color=&#8221;#FFFFFF&#8221; global_colors_info=&#8221;{}&#8221;][et_pb_row _builder_version=&#8221;4.23.1&#8243; _module_preset=&#8221;default&#8221; max_width=&#8221;900px&#8221; custom_padding=&#8221;50px||||false|false&#8221; custom_css_main_element=&#8221;max-width:900px!important;&#8221; global_colors_info=&#8221;{}&#8221;][et_pb_column type=&#8221;4_4&#8243; _builder_version=&#8221;4.23.1&#8243; _module_preset=&#8221;default&#8221; global_colors_info=&#8221;{}&#8221;][et_pb_text module_class=&#8221;red-font avgs-h2&#8243; _builder_version=&#8221;4.27.2&#8243; _module_preset=&#8221;default&#8221; header_2_font=&#8221;|700|||||||&#8221; header_2_text_align=&#8221;center&#8221; header_2_text_color=&#8221;#cd222a&#8221; global_colors_info=&#8221;{}&#8221;]<\/p>\n<h2 class=\"gray-font\">Opinie\/Referencje Google<\/h2>\n<p>[\/et_pb_text][et_pb_code _builder_version=&#8221;4.25.1&#8243; _module_preset=&#8221;default&#8221; global_colors_info=&#8221;{}&#8221;]<script defer async type=\"text\/plain\" data-usercentrics=\"Trustindex\" src='https:\/\/cdn.trustindex.io\/loader.js?729b4fa33bc890809846eb1ef5f'><\/script><!-- [et_pb_line_break_holder] --><!-- [et_pb_line_break_holder] -->[\/et_pb_code][et_pb_slider show_arrows=&#8221;off&#8221; dot_nav_custom_color=&#8221;#cd222a&#8221; disabled_on=&#8221;on|on|on&#8221; module_class=&#8221;testimonials&#8221; _builder_version=&#8221;4.23.1&#8243; _module_preset=&#8221;default&#8221; header_font_size=&#8221;20px&#8221; background_color=&#8221;#e0e0e0&#8243; auto=&#8221;on&#8221; custom_css_slide_image=&#8221;width:130px!important;&#8221; border_radii=&#8221;on|5px|5px|5px|5px&#8221; box_shadow_style=&#8221;preset1&#8243; box_shadow_vertical=&#8221;0px&#8221; box_shadow_blur=&#8221;3px&#8221; box_shadow_color=&#8221;rgba(205,34,42,0.5)&#8221; disabled=&#8221;on&#8221; global_colors_info=&#8221;{}&#8221;][et_pb_slide button_link=&#8221;https:\/\/g.co\/kgs\/fafa6G&#8221; url_new_window=&#8221;on&#8221; image=&#8221;https:\/\/avgs-gutschein.de\/wp-content\/uploads\/2023\/11\/testimonials_prof_pic_SV_1.webp&#8221; _builder_version=&#8221;4.23.1&#8243; _module_preset=&#8221;default&#8221; header_text_color=&#8221;#555555&#8243; body_text_color=&#8221;#555555&#8243; background_color=&#8221;#f5f5f5&#8243; background_enable_color=&#8221;on&#8221; link_option_url=&#8221;https:\/\/g.co\/kgs\/fafa6G&#8221; link_option_url_new_window=&#8221;on&#8221; global_colors_info=&#8221;{}&#8221; sticky_transition=&#8221;on&#8221;]Ich habe in der Gr\u00fcndungsberatung in L\u00fcneburg bei Frau Witt wahnsinnig viel gelernt und es hat sich f\u00fcr mich absolut gelohnt sie wahrzunehmen. Die Beratung hat neben den erwarteten Dingen auch viele kleine Details beinhaltet, auf die ich von alleine nie gekommen w\u00e4re und ganz nebenbei hat sie auch noch richtig Spa\u00df gemacht. Die Atmosph\u00e4re war angenehm entspannt. Durch Frau Witt f\u00fchle ich mich jetzt richtig gut aufgestellt f\u00fcr den Start in meine Selbst\u00e4ndigkeit.<\/p>\n<p class=\"test_name\">Sunny Vivi<\/p>\n<p>[\/et_pb_slide][et_pb_slide button_link=&#8221;https:\/\/g.co\/kgs\/fafa6G&#8221; url_new_window=&#8221;on&#8221; image=&#8221;https:\/\/avgs-gutschein.de\/wp-content\/uploads\/2023\/11\/testimonials_prof_pic_AP_1.webp&#8221; _builder_version=&#8221;4.23.1&#8243; _module_preset=&#8221;default&#8221; header_text_color=&#8221;#555555&#8243; body_text_color=&#8221;#555555&#8243; background_color=&#8221;#f5f5f5&#8243; background_enable_color=&#8221;on&#8221; link_option_url=&#8221;https:\/\/g.co\/kgs\/fafa6G&#8221; link_option_url_new_window=&#8221;on&#8221; custom_css_slide_image=&#8221;width:150px;&#8221; global_colors_info=&#8221;{}&#8221; sticky_transition=&#8221;on&#8221;]Das waren wirklich zielf\u00fchrende mich absolut weiterbringende Gespr\u00e4che, die ich mit Herrn Thomas f\u00fchren durfte. Kompetenz, Einf\u00fchlungsverm\u00f6gen und praxisnahe Ratschl\u00e4ge zeigten mir neue Wege und Perspektiven. Daf\u00fcr Danke, Respekt und uneingeschr\u00e4nkte Weiterempfehlung.<\/p>\n<p class=\"test_name\">achim preissler<\/p>\n<p>[\/et_pb_slide][et_pb_slide button_link=&#8221;https:\/\/g.co\/kgs\/fafa6G&#8221; url_new_window=&#8221;on&#8221; image=&#8221;https:\/\/avgs-gutschein.de\/wp-content\/uploads\/2023\/11\/testimonials_prof_pic_BW_1.webp&#8221; _builder_version=&#8221;4.23.1&#8243; _module_preset=&#8221;default&#8221; header_text_color=&#8221;#555555&#8243; body_text_color=&#8221;#555555&#8243; background_color=&#8221;#f5f5f5&#8243; background_enable_color=&#8221;on&#8221; link_option_url=&#8221;https:\/\/g.co\/kgs\/fafa6G&#8221; link_option_url_new_window=&#8221;on&#8221; custom_css_slide_image=&#8221;width:150px;&#8221; global_colors_info=&#8221;{}&#8221; sticky_transition=&#8221;on&#8221;]Das Gr\u00fcndungsberatung mit Frau Witt hat mich in Bezug auf meine bevorstehende Selbstst\u00e4ndigkeit in vielerlei Hinsicht sehr gut vorbereitet. Ich habe viele gute Hinweise f\u00fcr die Zeit vor, w\u00e4hrend und nach der Gr\u00fcndung erhalten. Kompetent, zielgerichtet und mental unglaublich flexibel &#8211; danke f\u00fcr diese Erfahrung!<\/p>\n<p class=\"test_name\">Britta Wagner<\/p>\n<p>[\/et_pb_slide][et_pb_slide button_link=&#8221;https:\/\/g.co\/kgs\/fafa6G&#8221; url_new_window=&#8221;on&#8221; image=&#8221;https:\/\/avgs-gutschein.de\/wp-content\/uploads\/2023\/11\/testimonials_prof_pic_TS_1.webp&#8221; _builder_version=&#8221;4.23.1&#8243; _module_preset=&#8221;default&#8221; header_text_color=&#8221;#555555&#8243; body_text_color=&#8221;#555555&#8243; background_color=&#8221;#f5f5f5&#8243; background_enable_color=&#8221;on&#8221; link_option_url=&#8221;https:\/\/g.co\/kgs\/fafa6G&#8221; link_option_url_new_window=&#8221;on&#8221; custom_css_slide_image=&#8221;width:150px;&#8221; global_colors_info=&#8221;{}&#8221; sticky_transition=&#8221;on&#8221;]Mit Frau Dr. Julia Harm sitzt genau die richtige Person an einer entscheidenden Stelle. Vielen Dank f\u00fcr die netten, pers\u00f6nlichen und informativen Gespr\u00e4che auf Augenh\u00f6he und dem gemeinsamen Entwickeln einer Idee, sowie einen passenden Fahrplan f\u00fcr dessen Umsetzung. Mit sehr guten fachlichen Ratschl\u00e4gen, n\u00fctzlichen Hinweisen und fundierten Antworten auf entstandene Fragen w\u00e4hrend des Gr\u00fcnder-Coachings, bin ich nun sehr gut f\u00fcr meine Gr\u00fcndung vorbereitet. Sehr empfehlenswert.<\/p>\n<p class=\"test_name\">Tobias Stenzel<\/p>\n<p>[\/et_pb_slide][et_pb_slide button_link=&#8221;https:\/\/g.co\/kgs\/fafa6G&#8221; url_new_window=&#8221;on&#8221; image=&#8221;https:\/\/avgs-gutschein.de\/wp-content\/uploads\/2023\/11\/testimonials_prof_pic_AF_1.webp&#8221; _builder_version=&#8221;4.23.1&#8243; _module_preset=&#8221;default&#8221; header_text_color=&#8221;#555555&#8243; body_text_color=&#8221;#555555&#8243; background_color=&#8221;#f5f5f5&#8243; background_enable_color=&#8221;on&#8221; link_option_url=&#8221;https:\/\/g.co\/kgs\/fafa6G&#8221; link_option_url_new_window=&#8221;on&#8221; custom_css_slide_image=&#8221;width:150px;&#8221; global_colors_info=&#8221;{}&#8221; sticky_transition=&#8221;on&#8221;]Ich befinde mich gerade in einer Zeit mit vielen Ver\u00e4nderungen. Das Coaching mit Frau Daniels hat mir sehr viel Mut und Selbstvertrauen gegeben. Genau das, was ich brauche. Ich durfte viel Neues lernen und f\u00fchle mich bereit, f\u00fcr alles was nun kommt! Ein riesengro\u00dfes Dankesch\u00f6n, Bettina Daniels \ud83d\ude0a<\/p>\n<p class=\"test_name\">Antje Finnern<\/p>\n<p>[\/et_pb_slide][\/et_pb_slider][\/et_pb_column][\/et_pb_row][\/et_pb_section][et_pb_section fb_built=&#8221;1&#8243; _builder_version=&#8221;4.23.4&#8243; _module_preset=&#8221;default&#8221; background_image=&#8221;https:\/\/avgs-gutschein.de\/wp-content\/uploads\/2024\/01\/Footer_Contact.webp&#8221; parallax=&#8221;on&#8221; parallax_method=&#8221;off&#8221; custom_padding=&#8221;100px||150px||false|false&#8221; global_colors_info=&#8221;{}&#8221;][et_pb_row _builder_version=&#8221;4.23.1&#8243; _module_preset=&#8221;default&#8221; background_color=&#8221;rgba(255,255,255,0.83)&#8221; transform_translate_linked=&#8221;off&#8221; z_index=&#8221;9&#8243; max_width=&#8221;800px&#8221; custom_padding=&#8221;||||false|false&#8221; border_radii=&#8221;on|5px|5px|5px|5px&#8221; global_colors_info=&#8221;{}&#8221;][et_pb_column type=&#8221;4_4&#8243; _builder_version=&#8221;4.23.1&#8243; _module_preset=&#8221;default&#8221; global_colors_info=&#8221;{}&#8221;][et_pb_blurb title=&#8221;Przeczytaj nasze recenzje na stronie?&#8221; use_icon=&#8221;on&#8221; font_icon=&#8221;&#x77;||divi||400&#8243; icon_color=&#8221;#cd222a&#8221; content_max_width=&#8221;100%&#8221; module_class=&#8221;avgs-h2 gray-font&#8221; _builder_version=&#8221;4.27.2&#8243; _module_preset=&#8221;default&#8221; header_level=&#8221;h2&#8243; header_font=&#8221;||||||||&#8221; header_text_align=&#8221;center&#8221; global_colors_info=&#8221;{}&#8221;][\/et_pb_blurb][et_pb_button button_url=&#8221;\/pl\/kontakt&#8221; button_text=&#8221;Kontakt&#8221; button_alignment=&#8221;center&#8221; _builder_version=&#8221;4.27.2&#8243; _module_preset=&#8221;default&#8221; custom_button=&#8221;on&#8221; button_text_color=&#8221;#cd222a&#8221; button_border_width=&#8221;1px&#8221; button_use_icon=&#8221;off&#8221; global_colors_info=&#8221;{}&#8221;][\/et_pb_button][\/et_pb_column][\/et_pb_row][\/et_pb_section]<\/p>\n","protected":false},"excerpt":{"rendered":"<p>Nasz\u00a0zesp\u00f3\u0142 coachingowy AVGS \u2013 Znajd\u017a odpowiedniego trenera, kt\u00f3ry pomo\u017ce Ci osi\u0105gn\u0105\u0107 sukcesNasz\u00a0zesp\u00f3\u0142 trenerski AVGS\u00a0sk\u0142ada si\u0119 z do\u015bwiadczonych i certyfikowanych konsultant\u00f3w z szerokim zakresem do\u015bwiadcze\u0144 zawodowych. Niezale\u017cnie od tego, czy\u00a0jeste\u015b coachem systemowym,\u00a0coachem biznesowym\u00a0czy konsultantem ds. start-up\u00f3w \u2013 u nas znajdziesz dok\u0142adnie takie wsparcie, jakiego potrzebujesz. Nasi\u00a0trenerzy\u00a0AVGS posiadaj\u0105 dog\u0142\u0119bne wykszta\u0142cenie i wieloletnie do\u015bwiadczenie w obszarach zarz\u0105dzania, zasob\u00f3w [&hellip;]<\/p>\n","protected":false},"author":1,"featured_media":0,"parent":0,"menu_order":0,"comment_status":"closed","ping_status":"closed","template":"","meta":{"_et_pb_use_builder":"on","_et_pb_old_content":"<!-- wp:divi\/placeholder \/-->","_et_gb_content_width":"","footnotes":""},"class_list":["post-6595","page","type-page","status-publish","hentry"],"yoast_head":"<!-- This site is optimized with the Yoast SEO plugin v26.0 - https:\/\/yoast.com\/wordpress\/plugins\/seo\/ -->\n<title>Wybierz trenera AVGS - AVGS Gutschein<\/title>\n<meta name=\"robots\" content=\"index, follow, max-snippet:-1, max-image-preview:large, max-video-preview:-1\" \/>\n<link rel=\"canonical\" href=\"https:\/\/avgs-gutschein.de\/pl\/nasi-trenerzy\/\" \/>\n<meta property=\"og:locale\" content=\"pl_PL\" \/>\n<meta property=\"og:type\" content=\"article\" \/>\n<meta property=\"og:title\" content=\"Wybierz trenera AVGS - AVGS Gutschein\" \/>\n<meta property=\"og:description\" content=\"Nasz\u00a0zesp\u00f3\u0142 coachingowy AVGS \u2013 Znajd\u017a odpowiedniego trenera, kt\u00f3ry pomo\u017ce Ci osi\u0105gn\u0105\u0107 sukcesNasz\u00a0zesp\u00f3\u0142 trenerski AVGS\u00a0sk\u0142ada si\u0119 z do\u015bwiadczonych i certyfikowanych konsultant\u00f3w z szerokim zakresem do\u015bwiadcze\u0144 zawodowych. Niezale\u017cnie od tego, czy\u00a0jeste\u015b coachem systemowym,\u00a0coachem biznesowym\u00a0czy konsultantem ds. start-up\u00f3w \u2013 u nas znajdziesz dok\u0142adnie takie wsparcie, jakiego potrzebujesz. Nasi\u00a0trenerzy\u00a0AVGS posiadaj\u0105 dog\u0142\u0119bne wykszta\u0142cenie i wieloletnie do\u015bwiadczenie w obszarach zarz\u0105dzania, zasob\u00f3w [&hellip;]\" \/>\n<meta property=\"og:url\" content=\"https:\/\/avgs-gutschein.de\/pl\/nasi-trenerzy\/\" \/>\n<meta property=\"og:site_name\" content=\"AVGS Gutschein\" \/>\n<meta property=\"article:modified_time\" content=\"2026-01-09T02:26:00+00:00\" \/>\n<meta name=\"twitter:card\" content=\"summary_large_image\" \/>\n<meta name=\"twitter:label1\" content=\"Szacowany czas czytania\" \/>\n\t<meta name=\"twitter:data1\" content=\"47 minut\" \/>\n<script type=\"application\/ld+json\" class=\"yoast-schema-graph\">{\"@context\":\"https:\/\/schema.org\",\"@graph\":[{\"@type\":\"WebPage\",\"@id\":\"https:\/\/avgs-gutschein.de\/pl\/nasi-trenerzy\/\",\"url\":\"https:\/\/avgs-gutschein.de\/pl\/nasi-trenerzy\/\",\"name\":\"Wybierz trenera AVGS - AVGS Gutschein\",\"isPartOf\":{\"@id\":\"https:\/\/avgs-gutschein.de\/pl\/#website\"},\"datePublished\":\"2023-11-23T13:04:39+00:00\",\"dateModified\":\"2026-01-09T02:26:00+00:00\",\"breadcrumb\":{\"@id\":\"https:\/\/avgs-gutschein.de\/pl\/nasi-trenerzy\/#breadcrumb\"},\"inLanguage\":\"pl-PL\",\"potentialAction\":[{\"@type\":\"ReadAction\",\"target\":[\"https:\/\/avgs-gutschein.de\/pl\/nasi-trenerzy\/\"]}]},{\"@type\":\"BreadcrumbList\",\"@id\":\"https:\/\/avgs-gutschein.de\/pl\/nasi-trenerzy\/#breadcrumb\",\"itemListElement\":[{\"@type\":\"ListItem\",\"position\":1,\"name\":\"Startseite\",\"item\":\"https:\/\/avgs-gutschein.de\/pl\/\"},{\"@type\":\"ListItem\",\"position\":2,\"name\":\"Wybierz trenera AVGS\"}]},{\"@type\":\"WebSite\",\"@id\":\"https:\/\/avgs-gutschein.de\/pl\/#website\",\"url\":\"https:\/\/avgs-gutschein.de\/pl\/\",\"name\":\"AVGS Gutschein\",\"description\":\"\",\"potentialAction\":[{\"@type\":\"SearchAction\",\"target\":{\"@type\":\"EntryPoint\",\"urlTemplate\":\"https:\/\/avgs-gutschein.de\/pl\/?s={search_term_string}\"},\"query-input\":{\"@type\":\"PropertyValueSpecification\",\"valueRequired\":true,\"valueName\":\"search_term_string\"}}],\"inLanguage\":\"pl-PL\"}]}<\/script>\n<!-- \/ Yoast SEO plugin. -->","yoast_head_json":{"title":"Wybierz trenera AVGS - AVGS Gutschein","robots":{"index":"index","follow":"follow","max-snippet":"max-snippet:-1","max-image-preview":"max-image-preview:large","max-video-preview":"max-video-preview:-1"},"canonical":"https:\/\/avgs-gutschein.de\/pl\/nasi-trenerzy\/","og_locale":"pl_PL","og_type":"article","og_title":"Wybierz trenera AVGS - AVGS Gutschein","og_description":"Nasz\u00a0zesp\u00f3\u0142 coachingowy AVGS \u2013 Znajd\u017a odpowiedniego trenera, kt\u00f3ry pomo\u017ce Ci osi\u0105gn\u0105\u0107 sukcesNasz\u00a0zesp\u00f3\u0142 trenerski AVGS\u00a0sk\u0142ada si\u0119 z do\u015bwiadczonych i certyfikowanych konsultant\u00f3w z szerokim zakresem do\u015bwiadcze\u0144 zawodowych. Niezale\u017cnie od tego, czy\u00a0jeste\u015b coachem systemowym,\u00a0coachem biznesowym\u00a0czy konsultantem ds. start-up\u00f3w \u2013 u nas znajdziesz dok\u0142adnie takie wsparcie, jakiego potrzebujesz. Nasi\u00a0trenerzy\u00a0AVGS posiadaj\u0105 dog\u0142\u0119bne wykszta\u0142cenie i wieloletnie do\u015bwiadczenie w obszarach zarz\u0105dzania, zasob\u00f3w [&hellip;]","og_url":"https:\/\/avgs-gutschein.de\/pl\/nasi-trenerzy\/","og_site_name":"AVGS Gutschein","article_modified_time":"2026-01-09T02:26:00+00:00","twitter_card":"summary_large_image","twitter_misc":{"Szacowany czas czytania":"47 minut"},"schema":{"@context":"https:\/\/schema.org","@graph":[{"@type":"WebPage","@id":"https:\/\/avgs-gutschein.de\/pl\/nasi-trenerzy\/","url":"https:\/\/avgs-gutschein.de\/pl\/nasi-trenerzy\/","name":"Wybierz trenera AVGS - AVGS Gutschein","isPartOf":{"@id":"https:\/\/avgs-gutschein.de\/pl\/#website"},"datePublished":"2023-11-23T13:04:39+00:00","dateModified":"2026-01-09T02:26:00+00:00","breadcrumb":{"@id":"https:\/\/avgs-gutschein.de\/pl\/nasi-trenerzy\/#breadcrumb"},"inLanguage":"pl-PL","potentialAction":[{"@type":"ReadAction","target":["https:\/\/avgs-gutschein.de\/pl\/nasi-trenerzy\/"]}]},{"@type":"BreadcrumbList","@id":"https:\/\/avgs-gutschein.de\/pl\/nasi-trenerzy\/#breadcrumb","itemListElement":[{"@type":"ListItem","position":1,"name":"Startseite","item":"https:\/\/avgs-gutschein.de\/pl\/"},{"@type":"ListItem","position":2,"name":"Wybierz trenera AVGS"}]},{"@type":"WebSite","@id":"https:\/\/avgs-gutschein.de\/pl\/#website","url":"https:\/\/avgs-gutschein.de\/pl\/","name":"AVGS Gutschein","description":"","potentialAction":[{"@type":"SearchAction","target":{"@type":"EntryPoint","urlTemplate":"https:\/\/avgs-gutschein.de\/pl\/?s={search_term_string}"},"query-input":{"@type":"PropertyValueSpecification","valueRequired":true,"valueName":"search_term_string"}}],"inLanguage":"pl-PL"}]}},"_links":{"self":[{"href":"https:\/\/avgs-gutschein.de\/pl\/wp-json\/wp\/v2\/pages\/6595","targetHints":{"allow":["GET"]}}],"collection":[{"href":"https:\/\/avgs-gutschein.de\/pl\/wp-json\/wp\/v2\/pages"}],"about":[{"href":"https:\/\/avgs-gutschein.de\/pl\/wp-json\/wp\/v2\/types\/page"}],"author":[{"embeddable":true,"href":"https:\/\/avgs-gutschein.de\/pl\/wp-json\/wp\/v2\/users\/1"}],"replies":[{"embeddable":true,"href":"https:\/\/avgs-gutschein.de\/pl\/wp-json\/wp\/v2\/comments?post=6595"}],"version-history":[{"count":65,"href":"https:\/\/avgs-gutschein.de\/pl\/wp-json\/wp\/v2\/pages\/6595\/revisions"}],"predecessor-version":[{"id":12749,"href":"https:\/\/avgs-gutschein.de\/pl\/wp-json\/wp\/v2\/pages\/6595\/revisions\/12749"}],"wp:attachment":[{"href":"https:\/\/avgs-gutschein.de\/pl\/wp-json\/wp\/v2\/media?parent=6595"}],"curies":[{"name":"wp","href":"https:\/\/api.w.org\/{rel}","templated":true}]}}