{"id":6525,"date":"2024-01-15T06:21:54","date_gmt":"2024-01-15T05:21:54","guid":{"rendered":"https:\/\/avgs-gutschein.de\/andrea-neff-petzke\/"},"modified":"2025-10-07T09:26:51","modified_gmt":"2025-10-07T07:26:51","slug":"andrea-neff-petzke","status":"publish","type":"page","link":"https:\/\/avgs-gutschein.de\/pl\/nasi-trenerzy\/andrea-neff-petzke\/","title":{"rendered":"Andrea Neff-Petzke"},"content":{"rendered":"<p>[et_pb_section fb_built=&#8221;1&#8243; module_class=&#8221;coaches-img&#8221; _builder_version=&#8221;4.24.0&#8243; _module_preset=&#8221;default&#8221; background_color=&#8221;#e0e0e0&#8243; custom_padding=&#8221;0px||0px||true|false&#8221; global_colors_info=&#8221;{}&#8221;][et_pb_row column_structure=&#8221;2_5,3_5&#8243; use_custom_gutter=&#8221;on&#8221; make_equal=&#8221;on&#8221; _builder_version=&#8221;4.23.4&#8243; _module_preset=&#8221;default&#8221; custom_padding=&#8221;0px||0px||true|false&#8221; global_colors_info=&#8221;{}&#8221;][et_pb_column type=&#8221;2_5&#8243; _builder_version=&#8221;4.23.4&#8243; _module_preset=&#8221;default&#8221; background_image=&#8221;https:\/\/avgs-gutschein.de\/wp-content\/uploads\/2024\/01\/Andrea_Neff-Petzke_Profilfoto.webp&#8221; custom_padding_tablet=&#8221;38vw||38vw||true|false&#8221; custom_padding_phone=&#8221;38vw||38vw||true|false&#8221; custom_padding_last_edited=&#8221;on|tablet&#8221; global_colors_info=&#8221;{}&#8221;][\/et_pb_column][et_pb_column type=&#8221;3_5&#8243; _builder_version=&#8221;4.23.1&#8243; _module_preset=&#8221;default&#8221; custom_padding=&#8221;3vw||3vw||true|false&#8221; custom_padding_tablet=&#8221;3vw||3vw||true|false&#8221; custom_padding_phone=&#8221;8vw||10vw||false|false&#8221; custom_padding_last_edited=&#8221;on|phone&#8221; global_colors_info=&#8221;{}&#8221;][et_pb_text _builder_version=&#8221;4.23.4&#8243; _module_preset=&#8221;default&#8221; header_font=&#8221;|800|||||||&#8221; header_text_color=&#8221;#000000&#8243; global_colors_info=&#8221;{}&#8221;]<\/p>\n<h1>Andrea Neff-Petzke<\/h1>\n<p>[\/et_pb_text][et_pb_text module_class=&#8221;sub-prof&#8221; _builder_version=&#8221;4.27.2&#8243; _module_preset=&#8221;default&#8221; text_text_color=&#8221;#000000&#8243; global_colors_info=&#8221;{}&#8221;]<\/p>\n<div class=\"coach-desc\">\n<p><strong>Produkt:<\/strong> Coaching zawodowy, porady dla pocz\u0105tkuj\u0105cych<\/p>\n<hr \/>\n<p><strong>J\u0119zyki coachingu: <\/strong>niemiecki<\/p>\n<hr \/>\n<p><strong>Szkolenie\/certyfikaty coachingowe: <\/strong><span><\/span>Szkolenie na stanowisko Systemic Business Coach\u00ae, Systemic Team Coach (certyfikat DVCT, Calumis Academy, D\u00fcsseldorf), <span><\/span>egzamin potwierdzaj\u0105cy kwalifikacje praktyka zdrowia naturalnego w psychoterapii (Natural Health Practitioner School Thalamus, Essen), <span><\/span>metodyczna praca z uczestnikami seminari\u00f3w w coachingu (Institut Synergie GmbH, Vlotho), <span><\/span>holistyczna moderacja: Whole Person Process Facilitation \u201eGENUINE CONTACT (GC)\u201c, <span><\/span>terapeuta czakr wed\u0142ug Roswitha Wiwi Raupach Shimoda Institute<\/p>\n<hr \/>\n<p><strong>Ekspertyza bran\u017cowa: <\/strong>Konsultacje\/coaching, energia<\/p>\n<\/div>\n<p>[\/et_pb_text][et_pb_button button_url=&#8221;\/pl\/nasi-trenerzy\/andrea-neff-petzke\/#kontakt-andrea&#8221; button_text=&#8221;Zarezerwuj wst\u0119pn\u0105 konsultacj\u0119&#8221; _builder_version=&#8221;4.27.2&#8243; _module_preset=&#8221;default&#8221; custom_button=&#8221;on&#8221; button_text_size=&#8221;16px&#8221; button_text_color=&#8221;#ffffff&#8221; button_bg_color=&#8221;#cd222a&#8221; button_border_width=&#8221;0px&#8221; button_border_color=&#8221;#FFFFFF&#8221; global_colors_info=&#8221;{}&#8221;][\/et_pb_button][\/et_pb_column][\/et_pb_row][\/et_pb_section][et_pb_section fb_built=&#8221;1&#8243; _builder_version=&#8221;4.23.1&#8243; _module_preset=&#8221;default&#8221; global_colors_info=&#8221;{}&#8221;][et_pb_row column_structure=&#8221;2_3,1_3&#8243; use_custom_gutter=&#8221;on&#8221; make_equal=&#8221;on&#8221; _builder_version=&#8221;4.23.1&#8243; _module_preset=&#8221;default&#8221; global_colors_info=&#8221;{}&#8221;][et_pb_column type=&#8221;2_3&#8243; _builder_version=&#8221;4.23.1&#8243; _module_preset=&#8221;default&#8221; custom_padding=&#8221;|3vw|||false|false&#8221; border_width_right=&#8221;1px&#8221; border_color_right=&#8221;#cd222a&#8221; global_colors_info=&#8221;{}&#8221;][et_pb_text module_class=&#8221;prof-question&#8221; _builder_version=&#8221;4.27.2&#8243; _module_preset=&#8221;default&#8221; text_text_color=&#8221;#cd222a&#8221; text_font_size=&#8221;24px&#8221; global_colors_info=&#8221;{}&#8221;]1. Co kwalifikuje Ci\u0119 jako coacha\/trenera?[\/et_pb_text][et_pb_text module_class=&#8221;prof-answer&#8221; _builder_version=&#8221;4.27.2&#8243; _module_preset=&#8221;default&#8221; text_font=&#8221;|300|||||||&#8221; text_font_size=&#8221;18px&#8221; text_line_height=&#8221;2em&#8221; link_text_color=&#8221;#cd222a&#8221; global_colors_info=&#8221;{}&#8221;]Skupiony, \u015bwiadomy i skuteczny &#8211; moje wieloletnie do\u015bwiadczenie jako mened\u017cerki w \u201e\u015bwiecie korporacyjnym\u201d w po\u0142\u0105czeniu z moim szkoleniem jako systemowego coacha biznesowego, alternatywnego praktyka psychoterapii, terapeuty czakr i moj\u0105 w\u0142asn\u0105 \u015bcie\u017ck\u0105 duchow\u0105 stanowi\u0105 podstaw\u0119 mojej pracy z moimi klientami. W ten spos\u00f3b \u0142\u0105czymy pozornie przeciwie\u0144stwa w uzdrawiaj\u0105cy spos\u00f3b &#8211; cia\u0142o i umys\u0142, biznes i \u017cycie prywatne, uczucia i rozum. Nasz cel: g\u0142\u0119bokie spojrzenie na ca\u0142o\u015b\u0107, na Twoje \u017cyczenia i cele jako mened\u017cera i jako ca\u0142ej osoby.[\/et_pb_text][et_pb_text module_class=&#8221;prof-question&#8221; _builder_version=&#8221;4.27.2&#8243; _module_preset=&#8221;default&#8221; text_text_color=&#8221;#cd222a&#8221; text_font_size=&#8221;24px&#8221; global_colors_info=&#8221;{}&#8221;]2. Co uwa\u017casz za najbardziej satysfakcjonuj\u0105ce w swojej pracy?[\/et_pb_text][et_pb_text module_class=&#8221;prof-answer&#8221; _builder_version=&#8221;4.27.2&#8243; _module_preset=&#8221;default&#8221; text_font=&#8221;|300|||||||&#8221; text_font_size=&#8221;18px&#8221; text_line_height=&#8221;2em&#8221; link_font=&#8221;||||on||||&#8221; link_text_color=&#8221;#cd222a&#8221; global_colors_info=&#8221;{}&#8221;]Cieszy mnie, gdy widz\u0119, jak ludzie w procesie coachingowym, po czasami bardzo d\u0142ugim czasie funkcjonowania, wracaj\u0105 do siebie, traktuj\u0105 powa\u017cnie swoje \u017cyczenia, potrzeby i to, co reprezentuj\u0105, i wykorzystuj\u0105 sw\u00f3j potencja\u0142 z rado\u015bci\u0105, energi\u0105 i odwag\u0105.<\/p>\n<p>To tak, jakby ci ludzie nawi\u0105zywali kontakt ze swoim prawdziwym \u017ar\u00f3d\u0142em i dzi\u0119ki temu odnajdywali SWOJ\u0104 zawodow\u0105 lub prywatn\u0105 \u015bcie\u017ck\u0119, kt\u00f3ra przynosi sukces i rado\u015b\u0107, a tym samym ich W\u0141ASNY \u015blad staje si\u0119 widoczny.<\/p>\n<p>To dla mnie przyjemno\u015b\u0107 i uwa\u017cam za niezwykle ekscytuj\u0105ce towarzyszenie temu czasowi zmian i przygotowywanie ludzi na wymagania nowej ery, w kt\u00f3rej odchodzimy od my\u015blenia hierarchicznego na rzecz zbiorowego dzia\u0142ania na r\u00f3wnych prawach i aktywnego s\u0142uchania, a tak\u017ce spotykania si\u0119 z otwartym umys\u0142em.[\/et_pb_text][et_pb_text module_class=&#8221;prof-question&#8221; _builder_version=&#8221;4.27.2&#8243; _module_preset=&#8221;default&#8221; text_text_color=&#8221;#cd222a&#8221; text_font_size=&#8221;24px&#8221; global_colors_info=&#8221;{}&#8221;]3. Co m\u00f3wi\u0105 o Tobie Twoi klienci?[\/et_pb_text][et_pb_text module_class=&#8221;prof-answer&#8221; _builder_version=&#8221;4.27.2&#8243; _module_preset=&#8221;default&#8221; text_font=&#8221;|300|||||||&#8221; text_font_size=&#8221;18px&#8221; text_line_height=&#8221;2em&#8221; global_colors_info=&#8221;{}&#8221;]\u201ePani Neff-Petzke emanuje ciep\u0142em, jasno\u015bci\u0105 i przyjemnym spokojem. Daje poczucie bycia zrozumianym i zaopiekowanym. Jej niezachwiana wiara we \u201ew\u0142a\u015bciw\u0105\u201d drog\u0119 i rozwi\u0105zanie zawsze daje Ci odwag\u0119, by zaufa\u0107 sobie\u201d.<\/p>\n<p>\u201ePani Neff-Petzke ma szczeg\u00f3lny dar umo\u017cliwiania ludziom refleksji nad sob\u0105 i zdobywania nowych spostrze\u017ce\u0144\u201d.<\/p>\n<p>\u201ePodczas coachingu czu\u0142am si\u0119 zrozumiana i wspierana przez pani\u0105 Neff-Petzke. Stworzy\u0142o to holistyczn\u0105, przyjemn\u0105 i ciep\u0142\u0105 atmosfer\u0119, kt\u00f3ra u\u0142atwi\u0142a mi otwarcie si\u0119\u201d.<\/p>\n<p>\u201eW Andrei Neff-Petzke znajdziesz profesjonaln\u0105 i ciep\u0142\u0105 towarzyszk\u0119, kt\u00f3ra jest i pozostaje tam, podejmuje dzia\u0142ania w kluczowych momentach i potrafi sprawi\u0107, \u017ce to, co niemo\u017cliwe, stanie si\u0119 mo\u017cliwe.\u201d[\/et_pb_text][et_pb_text module_class=&#8221;prof-question&#8221; _builder_version=&#8221;4.27.2&#8243; _module_preset=&#8221;default&#8221; text_text_color=&#8221;#cd222a&#8221; text_font_size=&#8221;24px&#8221; global_colors_info=&#8221;{}&#8221;]4. Jaki jest najlepszy spos\u00f3b na wy\u0142\u0105czenie si\u0119?[\/et_pb_text][et_pb_text module_class=&#8221;prof-answer&#8221; _builder_version=&#8221;4.27.2&#8243; _module_preset=&#8221;default&#8221; text_font=&#8221;|300|||||||&#8221; text_font_size=&#8221;18px&#8221; text_line_height=&#8221;2em&#8221; link_font=&#8221;||||on||||&#8221; link_text_color=&#8221;#cd222a&#8221; global_colors_info=&#8221;{}&#8221;]Codzienna medytacja i d\u0142ugie spacery na \u0142onie natury daj\u0105 mi r\u00f3wnowag\u0119. Lubi\u0119 w\u0119drowa\u0107 po Po\u0142udniowym Tyrolu z m\u0119\u017cem, a tak\u017ce delektowa\u0107 si\u0119 lokaln\u0105 kuchni\u0105.<\/p>\n<p>Co jeszcze mnie inspiruje? Podr\u00f3\u017ce do odleg\u0142ych kraj\u00f3w, ekscytuj\u0105ce i g\u0142\u0119bokie rozmowy, nieznane i niezbadane. Jako osoba ciekawa lubi\u0119 zanurza\u0107 si\u0119 w grubych tomach i traci\u0107 poczucie czasu.[\/et_pb_text][et_pb_text module_class=&#8221;prof-question&#8221; _builder_version=&#8221;4.27.2&#8243; _module_preset=&#8221;default&#8221; text_text_color=&#8221;#cd222a&#8221; text_font_size=&#8221;24px&#8221; global_colors_info=&#8221;{}&#8221;]5. Jak rozpozna\u0107 dobrego coacha?[\/et_pb_text][et_pb_text module_class=&#8221;prof-answer&#8221; _builder_version=&#8221;4.27.2&#8243; _module_preset=&#8221;default&#8221; text_font=&#8221;|300|||||||&#8221; text_font_size=&#8221;18px&#8221; text_line_height=&#8221;2em&#8221; link_font=&#8221;||||on||||&#8221; link_text_color=&#8221;#cd222a&#8221; global_colors_info=&#8221;{}&#8221;]Dobry coach jest empatyczny i zawsze po\u015bwi\u0119ca pe\u0142n\u0105 uwag\u0119 klientowi. Wierzy w swojego klienta i w to, \u017ce klient sam nosi w sobie rozwi\u0105zanie swojego problemu. Sam prowadzi proces coachingowy i wspiera klienta metodologi\u0105, wyczuciem po\u0142\u0105cze\u0144 i sercem, umo\u017cliwiaj\u0105c w ten spos\u00f3b nowe perspektywy i opcje rozwi\u0105za\u0144. Dobry coach akceptuje wewn\u0119trzn\u0105 map\u0119 klienta. Patrzy na klienta i jego obawy systemowo, konstruktywistycznie, holistycznie i dzia\u0142a w spos\u00f3b skoncentrowany na rozwi\u0105zaniach.[\/et_pb_text][et_pb_text module_class=&#8221;prof-question&#8221; _builder_version=&#8221;4.27.2&#8243; _module_preset=&#8221;default&#8221; text_text_color=&#8221;#cd222a&#8221; text_font_size=&#8221;24px&#8221; global_colors_info=&#8221;{}&#8221;]6. Twoimi w\u0142asnymi s\u0142owami: Co robi coach?[\/et_pb_text][et_pb_text module_class=&#8221;prof-answer&#8221; _builder_version=&#8221;4.27.2&#8243; _module_preset=&#8221;default&#8221; text_font=&#8221;|300|||||||&#8221; text_font_size=&#8221;18px&#8221; text_line_height=&#8221;2em&#8221; link_font=&#8221;||||on||||&#8221; link_text_color=&#8221;#cd222a&#8221; global_colors_info=&#8221;{}&#8221;]Coaching systemowy nie widzi obawy, kt\u00f3re klient ze sob\u0105 przynosi (konflikty, radzenie sobie ze sob\u0105, poprawa wynik\u00f3w, przyt\u0142oczenie itp.) jako niedoskona\u0142e cechy osobiste, kt\u00f3re nale\u017cy naprawi\u0107, ale jako zaproszenie do zmiany perspektywy. W przeciwie\u0144stwie do klasycznych podej\u015b\u0107, patrz\u0119 na sytuacj\u0119 z osobistego punktu widzenia klienta i pomagam mu pomy\u015ble\u0107 o alternatywach. Celem podej\u015bcia systemowego jest promowanie autorefleksji i samo\u015bwiadomo\u015bci w celu zapewnienia pomocy w samopomocy.[\/et_pb_text][\/et_pb_column][et_pb_column type=&#8221;1_3&#8243; _builder_version=&#8221;4.23.1&#8243; _module_preset=&#8221;default&#8221; global_colors_info=&#8221;{}&#8221;][et_pb_blurb title=&#8221;Lokalizacja&#8221; use_icon=&#8221;on&#8221; font_icon=&#8221;&#xe01d;||divi||400&#8243; icon_color=&#8221;#cd222a&#8221; image_icon_width=&#8221;40px&#8221; icon_alignment=&#8221;left&#8221; _builder_version=&#8221;4.27.4&#8243; _module_preset=&#8221;default&#8221; header_level=&#8221;h2&#8243; body_font_size=&#8221;18px&#8221; body_line_height=&#8221;1.8em&#8221; hover_enabled=&#8221;0&#8243; global_colors_info=&#8221;{}&#8221; sticky_enabled=&#8221;0&#8243;]online w ca\u0142ych Niemczech<br \/>\nObecno\u015b\u0107 w: Essen, D\u00fcsseldorf[\/et_pb_blurb][et_pb_blurb title=&#8221;Szkolenie zawodowe i do\u015bwiadczenie zawodowe:&#8221; use_icon=&#8221;on&#8221; font_icon=&#8221;&#xf19d;||fa||900&#8243; icon_color=&#8221;#cd222a&#8221; image_icon_width=&#8221;40px&#8221; icon_alignment=&#8221;left&#8221; _builder_version=&#8221;4.27.2&#8243; _module_preset=&#8221;default&#8221; header_level=&#8221;h2&#8243; header_line_height=&#8221;1.2em&#8221; body_font_size=&#8221;18px&#8221; body_line_height=&#8221;1.8em&#8221; global_colors_info=&#8221;{}&#8221;]<strong><b>Szkolenie zawodowe: <\/b><\/strong><\/p>\n<ul>\n<li><span><\/span>Certyfikowany przez pa\u0144stwo asystent techniczny<\/li>\n<li><span><\/span>Niezale\u017cny trener Systemic Business Coach\u00ae i Systemic Team Coach<\/li>\n<li><span><\/span>Trener mentor\u00f3w w Calumis Academy D\u00fcsseldorf<\/li>\n<li><span><\/span>Wieloletnie do\u015bwiadczenie w obszarach sprzeda\u017cy i operacji grupy DAX w bran\u017cy energetycznej<\/li>\n<li><span><\/span>Ponad 15 lat jako mened\u017cer na r\u00f3\u017cnych stanowiskach ze szczeg\u00f3lnym uwzgl\u0119dnieniem zarz\u0105dzania pracownikami, rozwoju pracownik\u00f3w \/ zarz\u0105dzania talentami i budowania zespo\u0142u<\/li>\n<li><span><\/span>Odbudowa zespo\u0142\u00f3w empowerment i dzielenie si\u0119 najlepszymi<\/li>\n<li><span><\/span>Wprowadzenie \u015brodk\u00f3w odporno\u015bci (towarzysz\u0105cych zmianom i d\u0142ugoterminowych)<\/li>\n<\/ul>\n<p>[\/et_pb_blurb][et_pb_blurb title=&#8221;Zainteresowania osobiste&#8221; use_icon=&#8221;on&#8221; font_icon=&#8221;&#xe030;||divi||400&#8243; icon_color=&#8221;#cd222a&#8221; image_icon_width=&#8221;40px&#8221; icon_alignment=&#8221;left&#8221; _builder_version=&#8221;4.27.2&#8243; _module_preset=&#8221;default&#8221; header_level=&#8221;h2&#8243; header_line_height=&#8221;1.2em&#8221; body_font_size=&#8221;18px&#8221; body_line_height=&#8221;1.8em&#8221; global_colors_info=&#8221;{}&#8221;]W\u0119dr\u00f3wki g\u00f3rskie, natura, joga, p\u0142ywanie, podr\u00f3\u017ce, medytacja, gotowanie, nawi\u0105zywanie kontakt\u00f3w towarzyskich i utrzymywanie przyja\u017ani[\/et_pb_blurb][\/et_pb_column][\/et_pb_row][et_pb_row module_id=&#8221;kontakt-andrea&#8221; _builder_version=&#8221;4.23.4&#8243; _module_preset=&#8221;default&#8221; global_colors_info=&#8221;{}&#8221;][et_pb_column type=&#8221;4_4&#8243; _builder_version=&#8221;4.23.1&#8243; _module_preset=&#8221;default&#8221; global_colors_info=&#8221;{}&#8221;][et_pb_text _builder_version=&#8221;4.27.2&#8243; _module_preset=&#8221;default&#8221; header_2_text_color=&#8221;#cd222a&#8221; header_2_font_size=&#8221;30px&#8221; global_colors_info=&#8221;{}&#8221;]<\/p>\n<h2>Pro\u015bba o coaching AVGS dla Andrea Neff-Petzke<\/h2>\n<p>[\/et_pb_text][et_pb_text _builder_version=&#8221;4.27.2&#8243; _module_preset=&#8221;default&#8221; text_font_size=&#8221;18px&#8221; text_line_height=&#8221;2em&#8221; global_colors_info=&#8221;{}&#8221;]Przeka\u017cemy Twoje dane Andrei Neff-Petzke, aby mog\u0142a si\u0119 z Tob\u0105 skontaktowa\u0107 tak szybko, jak to mo\u017cliwe, z sugerowan\u0105 dat\u0105 niezobowi\u0105zuj\u0105cej wst\u0119pnej konsultacji. Jakie masz pro\u015bby dotycz\u0105ce coachingu AVGS?[\/et_pb_text][et_pb_code module_class=&#8221;cf-kntkt-form cf-sub-kntkt-form&#8221; _builder_version=&#8221;4.23.4&#8243; _module_preset=&#8221;default&#8221; global_colors_info=&#8221;{}&#8221;]\n<div class=\"wpcf7 no-js\" id=\"wpcf7-f6825-o1\" lang=\"pl-PL\" dir=\"ltr\" data-wpcf7-id=\"6825\">\n<div class=\"screen-reader-response\"><p role=\"status\" aria-live=\"polite\" aria-atomic=\"true\"><\/p> <ul><\/ul><\/div>\n<form action=\"\/pl\/wp-json\/wp\/v2\/pages\/6525#wpcf7-f6825-o1\" method=\"post\" class=\"wpcf7-form init\" aria-label=\"Formularz kontaktowy\" novalidate=\"novalidate\" data-status=\"init\">\n<fieldset class=\"hidden-fields-container\"><input type=\"hidden\" name=\"_wpcf7\" value=\"6825\" \/><input type=\"hidden\" name=\"_wpcf7_version\" value=\"6.1.2\" \/><input type=\"hidden\" name=\"_wpcf7_locale\" value=\"pl_PL\" \/><input type=\"hidden\" name=\"_wpcf7_unit_tag\" value=\"wpcf7-f6825-o1\" \/><input type=\"hidden\" name=\"_wpcf7_container_post\" value=\"0\" \/><input type=\"hidden\" name=\"_wpcf7_posted_data_hash\" value=\"\" \/>\n<\/fieldset>\n<div class=\"w3-row\">\n\t<div class=\"w3-col\">\n\t\t<p><span class=\"wpcf7-form-control-wrap\" data-name=\"what-can-we-do-for-you-answer\"><span class=\"wpcf7-form-control wpcf7-checkbox checkbox\"><span class=\"wpcf7-list-item first\"><label><input type=\"checkbox\" name=\"what-can-we-do-for-you-answer[]\" value=\"Jobcoaching\" \/><span class=\"wpcf7-list-item-label\">Jobcoaching<\/span><\/label><\/span><span class=\"wpcf7-list-item last\"><label><input type=\"checkbox\" name=\"what-can-we-do-for-you-answer[]\" value=\"Gr\u00fcndungsberatung\" \/><span class=\"wpcf7-list-item-label\">Gr\u00fcndungsberatung<\/span><\/label><\/span><\/span><\/span>\n\t\t<\/p>\n\t<\/div>\n<\/div>\n<div class=\"w3-row\">\n\t<div class=\"w3-col\">\n\t\t<p><label>Vor- und Nachname<\/label><br \/>\n<span class=\"wpcf7-form-control-wrap\" data-name=\"Vor-und-Nachname\"><input size=\"40\" maxlength=\"400\" class=\"wpcf7-form-control wpcf7-text wpcf7-validates-as-required\" autocomplete=\"off\" aria-required=\"true\" aria-invalid=\"false\" value=\"\" type=\"text\" name=\"Vor-und-Nachname\" \/><\/span>\n\t\t<\/p>\n\t<\/div>\n<\/div>\n<div class=\"w3-row\">\n\t<div class=\"w3-col\">\n\t\t<p><label>Telefonnummer<\/label><br \/>\n<span class=\"wpcf7-form-control-wrap\" data-name=\"telefonnummer\"><input size=\"40\" maxlength=\"400\" class=\"wpcf7-form-control wpcf7-tel wpcf7-text wpcf7-validates-as-tel\" autocomplete=\"off\" aria-invalid=\"false\" value=\"\" type=\"tel\" name=\"telefonnummer\" \/><\/span>\n\t\t<\/p>\n\t<\/div>\n\t<div class=\"w3-col\">\n\t\t<p><label>E-Mail-Adresse<\/label><br \/>\n<span class=\"wpcf7-form-control-wrap\" data-name=\"your-email\"><input size=\"40\" maxlength=\"400\" class=\"wpcf7-form-control wpcf7-email wpcf7-validates-as-required wpcf7-text wpcf7-validates-as-email\" autocomplete=\"off\" aria-required=\"true\" aria-invalid=\"false\" value=\"\" type=\"email\" name=\"your-email\" \/><\/span>\n\t\t<\/p>\n\t<\/div>\n<\/div>\n<div class=\"w3-row\">\n\t<div class=\"w3-col\">\n\t\t<p><label>Mitteilung<\/label>\n\t\t<\/p>\n\t<\/div>\n\t<div class=\"w3-col\">\n\t\t<p><span class=\"wpcf7-form-control-wrap\" data-name=\"mitteilung\"><textarea cols=\"40\" rows=\"10\" maxlength=\"2000\" class=\"wpcf7-form-control wpcf7-textarea\" aria-invalid=\"false\" placeholder=\"max 500 Zeichen\" name=\"mitteilung\"><\/textarea><\/span>\n\t\t<\/p>\n\t<\/div>\n<\/div>\n<div class=\"w3-row\">\n\t<div class=\"w3-col\">\n\t\t<p><label>Wie haben Sie uns gefunden?<\/label>\n\t\t<\/p>\n\t<\/div>\n<\/div>\n<div class=\"w3-row\">\n\t<div class=\"w3-col\">\n\t\t<p><span class=\"wpcf7-form-control-wrap\" data-name=\"how-did-you-find-us-answer\"><span class=\"wpcf7-form-control wpcf7-checkbox checkbox\"><span class=\"wpcf7-list-item first\"><label><input type=\"checkbox\" name=\"how-did-you-find-us-answer[]\" value=\"Pers\u00f6nliche Empfehlung\" \/><span class=\"wpcf7-list-item-label\">Pers\u00f6nliche Empfehlung<\/span><\/label><\/span><span class=\"wpcf7-list-item\"><label><input type=\"checkbox\" name=\"how-did-you-find-us-answer[]\" value=\"Internetsuche\" \/><span class=\"wpcf7-list-item-label\">Internetsuche<\/span><\/label><\/span><span class=\"wpcf7-list-item last\"><label><input type=\"checkbox\" name=\"how-did-you-find-us-answer[]\" value=\"Social Media\" \/><span class=\"wpcf7-list-item-label\">Social Media<\/span><\/label><\/span><\/span><\/span>\n\t\t<\/p>\n\t<\/div>\n<\/div>\n<div class=\"w3-row\">\n\t<div class=\"w3-col\">\n\t\t<p><label>Datenschutz<\/label><br \/>\n<span class=\"wpcf7-form-control-wrap\" data-name=\"datenschutz\"><span class=\"wpcf7-form-control wpcf7-checkbox wpcf7-validates-as-required\"><span class=\"wpcf7-list-item first last\"><input type=\"checkbox\" name=\"datenschutz[]\" value=\"Ich willige in die Verarbeitung meiner oben angegebenen personenbezogenen Daten zum Zwecke des Erhalts von Informationen zu Coachings ein. Meine Daten werden ggfls. zur Kontaktaufnahme an die zu vermittelten Coaches weitergegeben. Die weiteren Informationen zur Verarbeitung meiner Daten habe ich zur Kenntnis genommen. Ich bin mir bewusst, dass ich die erteilten Einwilligungen jederzeit telefonisch oder mit einer formlosen Mitteilung per E-Mail an kontakt@beratung-westphal.de widerrufen kann.\" \/><span class=\"wpcf7-list-item-label\">Ich willige in die Verarbeitung meiner oben angegebenen personenbezogenen Daten zum Zwecke des Erhalts von Informationen zu Coachings ein. Meine Daten werden ggfls. zur Kontaktaufnahme an die zu vermittelten Coaches weitergegeben. Die weiteren Informationen zur Verarbeitung meiner Daten habe ich zur Kenntnis genommen. Ich bin mir bewusst, dass ich die erteilten Einwilligungen jederzeit telefonisch oder mit einer formlosen Mitteilung per E-Mail an kontakt@beratung-westphal.de widerrufen kann.<\/span><\/span><\/span><\/span>\n\t\t<\/p>\n\t<\/div>\n<\/div>\n<div class=\"w3-row\">\n\t<div class=\"w3-col\">\n\t\t<p><span class=\"wpcf7-form-control-wrap\" data-name=\"quiz-827\"><label><span class=\"wpcf7-quiz-label\">11 x 2 = ?<\/span> <input size=\"40\" class=\"wpcf7-form-control wpcf7-quiz\" autocomplete=\"off\" aria-required=\"true\" aria-invalid=\"false\" type=\"text\" name=\"quiz-827\" \/><\/label><input type=\"hidden\" name=\"_wpcf7_quiz_answer_quiz-827\" value=\"a165ff3442d955aabdac0dd4e20ac2b0\" \/><\/span>\n\t\t<\/p>\n\t<\/div>\n<\/div>\n<center>\n\t<div class=\"w3-row\">\n\t\t<div class=\"w3-col\">\n\t\t\t<p><input class=\"wpcf7-form-control wpcf7-submit has-spinner pc-button bg-primary-color square-button primary-border-color\" type=\"submit\" value=\"Senden\" \/>\n\t\t\t<\/p>\n\t\t<\/div>\n\t<\/div>\n<\/center><div class=\"frc-captcha \" data-sitekey=\"FCMIVM5H8K1HPA6F\" data-lang=\"pl\" ><\/div>\n\t\t<noscript>You need to enable Javascript for the anti-spam check.<\/noscript><div class=\"wpcf7-response-output\" aria-hidden=\"true\"><\/div>\n<\/form>\n<\/div>\n[\/et_pb_code][\/et_pb_column][\/et_pb_row][\/et_pb_section]<\/p>\n","protected":false},"excerpt":{"rendered":"<p>Andrea Neff-Petzke Produkt: Coaching zawodowy, porady dla pocz\u0105tkuj\u0105cych J\u0119zyki coachingu: niemiecki Szkolenie\/certyfikaty coachingowe: Szkolenie na stanowisko Systemic Business Coach\u00ae, Systemic Team Coach (certyfikat DVCT, Calumis Academy, D\u00fcsseldorf), egzamin potwierdzaj\u0105cy kwalifikacje praktyka zdrowia naturalnego w psychoterapii (Natural Health Practitioner School Thalamus, Essen), metodyczna praca z uczestnikami seminari\u00f3w w coachingu (Institut Synergie GmbH, Vlotho), holistyczna moderacja: Whole [&hellip;]<\/p>\n","protected":false},"author":1,"featured_media":0,"parent":6595,"menu_order":0,"comment_status":"closed","ping_status":"closed","template":"","meta":{"_et_pb_use_builder":"on","_et_pb_old_content":"","_et_gb_content_width":"","footnotes":""},"class_list":["post-6525","page","type-page","status-publish","hentry"],"yoast_head":"<!-- This site is optimized with the Yoast SEO plugin v26.0 - https:\/\/yoast.com\/wordpress\/plugins\/seo\/ -->\n<title>Andrea Neff-Petzke | Doradztwo dla startup\u00f3w i coaching zawodowy online<\/title>\n<meta name=\"description\" content=\"Andrea Neff-Petzke jest certyfikowan\u0105 trenerk\u0105 systemow\u0105 i praktykiem alternatywnym, kt\u00f3ra oferuje dodatkowe szkolenia i wiedz\u0119 w zakresie doradztwa dla start-up\u00f3w oraz coachingu zawodowego\" \/>\n<meta name=\"robots\" content=\"index, follow, max-snippet:-1, max-image-preview:large, max-video-preview:-1\" \/>\n<link rel=\"canonical\" href=\"https:\/\/avgs-gutschein.de\/pl\/nasi-trenerzy\/andrea-neff-petzke\/\" \/>\n<meta property=\"og:locale\" content=\"pl_PL\" \/>\n<meta property=\"og:type\" content=\"article\" \/>\n<meta property=\"og:title\" content=\"Andrea Neff-Petzke | Doradztwo dla startup\u00f3w i coaching zawodowy online\" \/>\n<meta property=\"og:description\" content=\"Andrea Neff-Petzke jest certyfikowan\u0105 trenerk\u0105 systemow\u0105 i praktykiem alternatywnym, kt\u00f3ra oferuje dodatkowe szkolenia i wiedz\u0119 w zakresie doradztwa dla start-up\u00f3w oraz coachingu zawodowego\" \/>\n<meta property=\"og:url\" content=\"https:\/\/avgs-gutschein.de\/pl\/nasi-trenerzy\/andrea-neff-petzke\/\" \/>\n<meta property=\"og:site_name\" content=\"AVGS Gutschein\" \/>\n<meta property=\"article:modified_time\" content=\"2025-10-07T07:26:51+00:00\" \/>\n<meta name=\"twitter:card\" content=\"summary_large_image\" \/>\n<meta name=\"twitter:label1\" content=\"Szacowany czas czytania\" \/>\n\t<meta name=\"twitter:data1\" content=\"5 minut\" \/>\n<script type=\"application\/ld+json\" class=\"yoast-schema-graph\">{\"@context\":\"https:\/\/schema.org\",\"@graph\":[{\"@type\":\"WebPage\",\"@id\":\"https:\/\/avgs-gutschein.de\/pl\/nasi-trenerzy\/andrea-neff-petzke\/\",\"url\":\"https:\/\/avgs-gutschein.de\/pl\/nasi-trenerzy\/andrea-neff-petzke\/\",\"name\":\"Andrea Neff-Petzke | Doradztwo dla startup\u00f3w i coaching zawodowy online\",\"isPartOf\":{\"@id\":\"https:\/\/avgs-gutschein.de\/pl\/#website\"},\"datePublished\":\"2024-01-15T05:21:54+00:00\",\"dateModified\":\"2025-10-07T07:26:51+00:00\",\"description\":\"Andrea Neff-Petzke jest certyfikowan\u0105 trenerk\u0105 systemow\u0105 i praktykiem alternatywnym, kt\u00f3ra oferuje dodatkowe szkolenia i wiedz\u0119 w zakresie doradztwa dla start-up\u00f3w oraz coachingu zawodowego\",\"breadcrumb\":{\"@id\":\"https:\/\/avgs-gutschein.de\/pl\/nasi-trenerzy\/andrea-neff-petzke\/#breadcrumb\"},\"inLanguage\":\"pl-PL\",\"potentialAction\":[{\"@type\":\"ReadAction\",\"target\":[\"https:\/\/avgs-gutschein.de\/pl\/nasi-trenerzy\/andrea-neff-petzke\/\"]}]},{\"@type\":\"BreadcrumbList\",\"@id\":\"https:\/\/avgs-gutschein.de\/pl\/nasi-trenerzy\/andrea-neff-petzke\/#breadcrumb\",\"itemListElement\":[{\"@type\":\"ListItem\",\"position\":1,\"name\":\"Startseite\",\"item\":\"https:\/\/avgs-gutschein.de\/pl\/\"},{\"@type\":\"ListItem\",\"position\":2,\"name\":\"Wybierz trenera AVGS\",\"item\":\"https:\/\/avgs-gutschein.de\/pl\/unsere-coaches\/\"},{\"@type\":\"ListItem\",\"position\":3,\"name\":\"Andrea Neff-Petzke\"}]},{\"@type\":\"WebSite\",\"@id\":\"https:\/\/avgs-gutschein.de\/pl\/#website\",\"url\":\"https:\/\/avgs-gutschein.de\/pl\/\",\"name\":\"AVGS Gutschein\",\"description\":\"\",\"potentialAction\":[{\"@type\":\"SearchAction\",\"target\":{\"@type\":\"EntryPoint\",\"urlTemplate\":\"https:\/\/avgs-gutschein.de\/pl\/?s={search_term_string}\"},\"query-input\":{\"@type\":\"PropertyValueSpecification\",\"valueRequired\":true,\"valueName\":\"search_term_string\"}}],\"inLanguage\":\"pl-PL\"}]}<\/script>\n<!-- \/ Yoast SEO plugin. -->","yoast_head_json":{"title":"Andrea Neff-Petzke | Doradztwo dla startup\u00f3w i coaching zawodowy online","description":"Andrea Neff-Petzke jest certyfikowan\u0105 trenerk\u0105 systemow\u0105 i praktykiem alternatywnym, kt\u00f3ra oferuje dodatkowe szkolenia i wiedz\u0119 w zakresie doradztwa dla start-up\u00f3w oraz coachingu zawodowego","robots":{"index":"index","follow":"follow","max-snippet":"max-snippet:-1","max-image-preview":"max-image-preview:large","max-video-preview":"max-video-preview:-1"},"canonical":"https:\/\/avgs-gutschein.de\/pl\/nasi-trenerzy\/andrea-neff-petzke\/","og_locale":"pl_PL","og_type":"article","og_title":"Andrea Neff-Petzke | Doradztwo dla startup\u00f3w i coaching zawodowy online","og_description":"Andrea Neff-Petzke jest certyfikowan\u0105 trenerk\u0105 systemow\u0105 i praktykiem alternatywnym, kt\u00f3ra oferuje dodatkowe szkolenia i wiedz\u0119 w zakresie doradztwa dla start-up\u00f3w oraz coachingu zawodowego","og_url":"https:\/\/avgs-gutschein.de\/pl\/nasi-trenerzy\/andrea-neff-petzke\/","og_site_name":"AVGS Gutschein","article_modified_time":"2025-10-07T07:26:51+00:00","twitter_card":"summary_large_image","twitter_misc":{"Szacowany czas czytania":"5 minut"},"schema":{"@context":"https:\/\/schema.org","@graph":[{"@type":"WebPage","@id":"https:\/\/avgs-gutschein.de\/pl\/nasi-trenerzy\/andrea-neff-petzke\/","url":"https:\/\/avgs-gutschein.de\/pl\/nasi-trenerzy\/andrea-neff-petzke\/","name":"Andrea Neff-Petzke | Doradztwo dla startup\u00f3w i coaching zawodowy online","isPartOf":{"@id":"https:\/\/avgs-gutschein.de\/pl\/#website"},"datePublished":"2024-01-15T05:21:54+00:00","dateModified":"2025-10-07T07:26:51+00:00","description":"Andrea Neff-Petzke jest certyfikowan\u0105 trenerk\u0105 systemow\u0105 i praktykiem alternatywnym, kt\u00f3ra oferuje dodatkowe szkolenia i wiedz\u0119 w zakresie doradztwa dla start-up\u00f3w oraz coachingu zawodowego","breadcrumb":{"@id":"https:\/\/avgs-gutschein.de\/pl\/nasi-trenerzy\/andrea-neff-petzke\/#breadcrumb"},"inLanguage":"pl-PL","potentialAction":[{"@type":"ReadAction","target":["https:\/\/avgs-gutschein.de\/pl\/nasi-trenerzy\/andrea-neff-petzke\/"]}]},{"@type":"BreadcrumbList","@id":"https:\/\/avgs-gutschein.de\/pl\/nasi-trenerzy\/andrea-neff-petzke\/#breadcrumb","itemListElement":[{"@type":"ListItem","position":1,"name":"Startseite","item":"https:\/\/avgs-gutschein.de\/pl\/"},{"@type":"ListItem","position":2,"name":"Wybierz trenera AVGS","item":"https:\/\/avgs-gutschein.de\/pl\/unsere-coaches\/"},{"@type":"ListItem","position":3,"name":"Andrea Neff-Petzke"}]},{"@type":"WebSite","@id":"https:\/\/avgs-gutschein.de\/pl\/#website","url":"https:\/\/avgs-gutschein.de\/pl\/","name":"AVGS Gutschein","description":"","potentialAction":[{"@type":"SearchAction","target":{"@type":"EntryPoint","urlTemplate":"https:\/\/avgs-gutschein.de\/pl\/?s={search_term_string}"},"query-input":{"@type":"PropertyValueSpecification","valueRequired":true,"valueName":"search_term_string"}}],"inLanguage":"pl-PL"}]}},"_links":{"self":[{"href":"https:\/\/avgs-gutschein.de\/pl\/wp-json\/wp\/v2\/pages\/6525","targetHints":{"allow":["GET"]}}],"collection":[{"href":"https:\/\/avgs-gutschein.de\/pl\/wp-json\/wp\/v2\/pages"}],"about":[{"href":"https:\/\/avgs-gutschein.de\/pl\/wp-json\/wp\/v2\/types\/page"}],"author":[{"embeddable":true,"href":"https:\/\/avgs-gutschein.de\/pl\/wp-json\/wp\/v2\/users\/1"}],"replies":[{"embeddable":true,"href":"https:\/\/avgs-gutschein.de\/pl\/wp-json\/wp\/v2\/comments?post=6525"}],"version-history":[{"count":6,"href":"https:\/\/avgs-gutschein.de\/pl\/wp-json\/wp\/v2\/pages\/6525\/revisions"}],"predecessor-version":[{"id":11617,"href":"https:\/\/avgs-gutschein.de\/pl\/wp-json\/wp\/v2\/pages\/6525\/revisions\/11617"}],"up":[{"embeddable":true,"href":"https:\/\/avgs-gutschein.de\/pl\/wp-json\/wp\/v2\/pages\/6595"}],"wp:attachment":[{"href":"https:\/\/avgs-gutschein.de\/pl\/wp-json\/wp\/v2\/media?parent=6525"}],"curies":[{"name":"wp","href":"https:\/\/api.w.org\/{rel}","templated":true}]}}