{"id":6492,"date":"2023-12-13T07:33:17","date_gmt":"2023-12-13T06:33:17","guid":{"rendered":"https:\/\/avgs-gutschein.de\/monika-huebner\/"},"modified":"2025-05-28T10:01:24","modified_gmt":"2025-05-28T08:01:24","slug":"monika-huebner","status":"publish","type":"page","link":"https:\/\/avgs-gutschein.de\/pl\/nasi-trenerzy\/monika-huebner\/","title":{"rendered":"Monika H\u00fcbner"},"content":{"rendered":"<p>[et_pb_section fb_built=&#8221;1&#8243; module_class=&#8221;coaches-img&#8221; _builder_version=&#8221;4.24.0&#8243; _module_preset=&#8221;default&#8221; background_color=&#8221;#e0e0e0&#8243; custom_padding=&#8221;0px||0px||true|false&#8221; global_colors_info=&#8221;{}&#8221;][et_pb_row column_structure=&#8221;2_5,3_5&#8243; use_custom_gutter=&#8221;on&#8221; make_equal=&#8221;on&#8221; _builder_version=&#8221;4.23.1&#8243; _module_preset=&#8221;default&#8221; custom_padding=&#8221;0px||0px||true|false&#8221; global_colors_info=&#8221;{}&#8221;][et_pb_column type=&#8221;2_5&#8243; _builder_version=&#8221;4.23.1&#8243; _module_preset=&#8221;default&#8221; background_image=&#8221;https:\/\/avgs-gutschein.de\/wp-content\/uploads\/2023\/12\/Monika-Huebner.webp&#8221; custom_padding_tablet=&#8221;38vw||38vw||true|false&#8221; custom_padding_phone=&#8221;38vw||38vw||true|false&#8221; custom_padding_last_edited=&#8221;on|tablet&#8221; global_colors_info=&#8221;{}&#8221;][\/et_pb_column][et_pb_column type=&#8221;3_5&#8243; _builder_version=&#8221;4.23.1&#8243; _module_preset=&#8221;default&#8221; custom_padding=&#8221;3vw||3vw||true|false&#8221; custom_padding_tablet=&#8221;3vw||3vw||true|false&#8221; custom_padding_phone=&#8221;8vw||10vw||false|false&#8221; custom_padding_last_edited=&#8221;on|phone&#8221; global_colors_info=&#8221;{}&#8221;][et_pb_text _builder_version=&#8221;4.23.1&#8243; _module_preset=&#8221;default&#8221; header_font=&#8221;|800|||||||&#8221; header_text_color=&#8221;#000000&#8243; global_colors_info=&#8221;{}&#8221;]<\/p>\n<h1>Monika H\u00fcbner<\/h1>\n<p>[\/et_pb_text][et_pb_text module_class=&#8221;sub-prof&#8221; _builder_version=&#8221;4.27.2&#8243; _module_preset=&#8221;default&#8221; text_text_color=&#8221;#000000&#8243; global_colors_info=&#8221;{}&#8221;]<\/p>\n<div class=\"coach-desc\">\n<p><strong>Produkt:<\/strong> Coaching zawodowy, doradztwo dla start-up\u00f3w<\/p>\n<hr \/>\n<p><strong>J\u0119zyki coachingu: <\/strong>niemiecki, angielski, polski<\/p>\n<hr \/>\n<p><strong>Szkolenie\/certyfikaty coachingowe: <\/strong>Certyfikacja ICF PCC w lipcu 2023 r., ICF Onboarding Program, kwiecie\u0144-czerwiec 2023 r., Solution Academy GmbH, coaching kariery i pracy, marzec 2023 r. Competence on Top GmbH, licencjonowanie Career Navigator\u00ae, czerwiec 2013 r., certyfikowany trener Persolog\u00ae, marzec 2016 r., certyfikowany trener Seminaria dr. Migge wrzesie\u0144 2010 r.-czerwiec 2012 r. (tre\u015b\u0107: szkolenie z coachingu systemowego, coaching schemat\u00f3w, praca konstelacji, hipnoza w coachingu, coaching zorientowany na rozwi\u0105zania)<\/p>\n<hr \/>\n<p><strong>Ekspertyza bran\u017cowa: <\/strong>Doradztwo\/coaching, us\u0142ugi, wydarzenia\/wypoczynek, gastronomia\/hotelarstwo, zdrowie\/opieka, handel\/sprzeda\u017c, sztuka\/design, kultura\/nauki humanistyczne, marketing\/komunikacja, organizacje pozarz\u0105dowe, wellness\/sprawno\u015b\u0107 fizyczna<\/p>\n<\/div>\n<p>[\/et_pb_text][et_pb_button button_url=&#8221;\/pl\/nasi-trenerzy\/monika-huebner\/#kontakt-monika&#8221; button_text=&#8221;Zarezerwuj wst\u0119pn\u0105 konsultacj\u0119&#8221; _builder_version=&#8221;4.27.2&#8243; _module_preset=&#8221;default&#8221; custom_button=&#8221;on&#8221; button_text_size=&#8221;16px&#8221; button_text_color=&#8221;#ffffff&#8221; button_bg_color=&#8221;#cd222a&#8221; button_border_width=&#8221;0px&#8221; button_border_color=&#8221;#FFFFFF&#8221; hover_enabled=&#8221;0&#8243; global_colors_info=&#8221;{}&#8221; sticky_enabled=&#8221;0&#8243;][\/et_pb_button][\/et_pb_column][\/et_pb_row][\/et_pb_section][et_pb_section fb_built=&#8221;1&#8243; _builder_version=&#8221;4.23.1&#8243; _module_preset=&#8221;default&#8221; global_colors_info=&#8221;{}&#8221;][et_pb_row column_structure=&#8221;2_3,1_3&#8243; use_custom_gutter=&#8221;on&#8221; make_equal=&#8221;on&#8221; _builder_version=&#8221;4.23.1&#8243; _module_preset=&#8221;default&#8221; global_colors_info=&#8221;{}&#8221;][et_pb_column type=&#8221;2_3&#8243; _builder_version=&#8221;4.23.1&#8243; _module_preset=&#8221;default&#8221; custom_padding=&#8221;|3vw|||false|false&#8221; border_width_right=&#8221;1px&#8221; border_color_right=&#8221;#cd222a&#8221; global_colors_info=&#8221;{}&#8221;][et_pb_text module_class=&#8221;prof-question&#8221; _builder_version=&#8221;4.27.2&#8243; _module_preset=&#8221;default&#8221; text_text_color=&#8221;#cd222a&#8221; text_font_size=&#8221;24px&#8221; global_colors_info=&#8221;{}&#8221;]1. Co kwalifikuje Ci\u0119 jako coacha\/trenera?[\/et_pb_text][et_pb_text module_class=&#8221;prof-answer&#8221; _builder_version=&#8221;4.27.2&#8243; _module_preset=&#8221;default&#8221; text_font=&#8221;|300|||||||&#8221; text_font_size=&#8221;18px&#8221; text_line_height=&#8221;2em&#8221; link_text_color=&#8221;#cd222a&#8221; global_colors_info=&#8221;{}&#8221;]Czuj\u0119 si\u0119 powo\u0142any do bycia coachem zawodowym lub coachem start-up\u00f3w, poniewa\u017c sam mog\u0119 wspomina\u0107 wiele moment\u00f3w reorientacji zawodowej. Moje osobiste do\u015bwiadczenia, a tak\u017ce liczne szkolenia i kursy dokszta\u0142caj\u0105ce pozwalaj\u0105 mi projektowa\u0107 z Tob\u0105 now\u0105 przysz\u0142o\u015b\u0107. Porozmawiajmy o tym!<\/p>\n<p>Moim do\u015bwiadczeniem jest bogate do\u015bwiadczenie w gospodarce krajowej i mi\u0119dzynarodowej. Jako mened\u017cer i konsultant, cieszy\u0142em si\u0119 zaufaniem ponad 150 znanych firm, w tym z sektora IT, technologii i produkcji. Przez wiele lat zapewnia\u0142em r\u00f3wnie\u017c wsparcie proces\u00f3w i doradztwo projektowe dla r\u00f3\u017cnych firm w Dolinie Krzemowej. Nowa praca to dla mnie co\u015b wi\u0119cej ni\u017c tylko modne s\u0142owo, poniewa\u017c pozna\u0142em wsp\u00f3\u0142czesny \u015bwiat pracy \u201eod \u015brodka\u201d. Oznacza to, \u017ce wiem, na co pracodawcy b\u0119d\u0105 zwraca\u0107 wi\u0119ksz\u0105 uwag\u0119 w przysz\u0142o\u015bci. Znam r\u00f3\u017cne kultury korporacyjne i mog\u0119 pom\u00f3c Ci indywidualnie si\u0119 do nich dostosowa\u0107.<\/p>\n<p>Przeprowadzki do innych miast, a nawet kraj\u00f3w, a tak\u017ce okoliczno\u015bci osobiste \u201ewyrywa\u0142y\u201d mnie z korzeniami kilkakrotnie zawodowo: na przyk\u0142ad jako rodowity Polak musia\u0142em odnale\u017a\u0107 si\u0119 w Niemczech w 1990 roku, gdzie moje kwalifikacje nie by\u0142y uznawane. Mimo to szybko zosta\u0142em dyrektorem renomowanej szko\u0142y j\u0119zykowej. Kiedy przeprowadzi\u0142em si\u0119 do Kanady, mog\u0142em podpisa\u0107 umow\u0119 o prac\u0119 z bardzo dobrym pracodawc\u0105 po zaledwie dw\u00f3ch miesi\u0105cach w nowym kraju. Kiedy wr\u00f3ci\u0142em do Niemiec, mog\u0142em bezproblemowo podj\u0105\u0107 si\u0119 nowej roli.<\/p>\n<p>Jako trener pracy chcia\u0142bym przekaza\u0107 moje osobiste do\u015bwiadczenia i strategie sukcesu innym osobom.<\/p>\n<p>Moj\u0105 specjalno\u015bci\u0105 jest temat pracy. Poniewa\u017c sp\u0119dzamy du\u017c\u0105 cz\u0119\u015b\u0107 naszego czasu w pracy, a (nie)zadowolenie stamt\u0105d promieniuje na wszystkie inne obszary \u017cycia! Dla mnie szkolenie jako Career Navigator\u00ae wed\u0142ug Angeliki Gulder, kt\u00f3re uko\u0144czy\u0142em w 2013 roku, jest szczeg\u00f3lnie istotne dla coachingu orientacji zawodowej. Dziesi\u0119\u0107 lat p\u00f3\u017aniej uzupe\u0142ni\u0142em swoj\u0105 kompetencj\u0119 metodologiczn\u0105 w zakresie coachingu pracy o podej\u015bcia z zakresu my\u015blenia projektowego. Jako cz\u0142onek Niemieckiego Stowarzyszenia Coachingu i Mi\u0119dzynarodowej Federacji Coachingu, nieustannie bior\u0119 udzia\u0142 w kursach dokszta\u0142caj\u0105cych.[\/et_pb_text][et_pb_text module_class=&#8221;prof-question&#8221; _builder_version=&#8221;4.27.2&#8243; _module_preset=&#8221;default&#8221; text_text_color=&#8221;#cd222a&#8221; text_font_size=&#8221;24px&#8221; global_colors_info=&#8221;{}&#8221;]2. Jakie mierzalne rezultaty osi\u0105gn\u0105\u0142e\u015b wsp\u00f3lnie ze swoimi klientami i co ci\u0119 wyr\u00f3\u017cnia?[\/et_pb_text][et_pb_text module_class=&#8221;prof-answer&#8221; _builder_version=&#8221;4.27.2&#8243; _module_preset=&#8221;default&#8221; text_font=&#8221;|300|||||||&#8221; text_font_size=&#8221;18px&#8221; text_line_height=&#8221;2em&#8221; global_colors_info=&#8221;{}&#8221;]Ka\u017cda osoba, z kt\u00f3r\u0105 pracowa\u0142em jako mened\u017cer lub coach, by\u0142a w stanie odkry\u0107 dla siebie odpowiedni\u0105 dziedzin\u0119 zawodow\u0105 i ukszta\u0142towa\u0107 tam swoj\u0105 przysz\u0142\u0105 karier\u0119. W niekt\u00f3rych przypadkach skutkowa\u0142o to awansem zawodowym, w innych zmian\u0105 dziedziny lub firmy. W niekt\u00f3rych przypadkach istniej\u0105ca relacja pracownicza zosta\u0142a wzbogacona o wa\u017cne aspekty. Wszystkie te sytuacje maj\u0105 ze sob\u0105 co\u015b wsp\u00f3lnego: wi\u0119ksza satysfakcja z \u017cycia i pracy, wy\u017csza motywacja i produktywno\u015b\u0107 osobista oraz poprawa samopoczucia i zdrowia.[\/et_pb_text][et_pb_text module_class=&#8221;prof-question&#8221; _builder_version=&#8221;4.27.2&#8243; _module_preset=&#8221;default&#8221; text_text_color=&#8221;#cd222a&#8221; text_font_size=&#8221;24px&#8221; global_colors_info=&#8221;{}&#8221;]3. Jak digitalizacja zmieni og\u00f3lny biznes coachingowy? I jak sobie z tym poradzisz?[\/et_pb_text][et_pb_text module_class=&#8221;prof-answer&#8221; _builder_version=&#8221;4.27.2&#8243; _module_preset=&#8221;default&#8221; text_font=&#8221;|300|||||||&#8221; text_font_size=&#8221;18px&#8221; text_line_height=&#8221;2em&#8221; global_colors_info=&#8221;{}&#8221;]To niezwykle ekscytuj\u0105ca dziedzina. Istnieje ju\u017c tak wiele mi\u0119dzynarodowych platform coachingowych, kt\u00f3re demokratyzuj\u0105 dost\u0119p do coachingu i udost\u0119pniaj\u0105 go grupom docelowym, kt\u00f3re 5 lat temu nie marzy\u0142y o coachingu lub nie mog\u0142y wzi\u0105\u0107 udzia\u0142u w klasycznym formacie face-to-face ze wzgl\u0119du na szczeg\u00f3lne bariery. Sztuczna inteligencja u\u0142atwia wyb\u00f3r najbardziej odpowiednich profili coach\u00f3w, dzi\u0119ki czemu dopasowanie klient\u00f3w do coach\u00f3w jest precyzyjne i skuteczne. Bardzo szybko pojawiaj\u0105 si\u0119 nowe aplikacje, kt\u00f3re rozszerzaj\u0105 mo\u017cliwo\u015bci projektowania dydaktycznego w coachingu online, tak aby wszystko, co jest metodycznie mo\u017cliwe w formacie face-to-face, mog\u0142o by\u0107 teraz reprezentowane r\u00f3wnie\u017c online. Osobi\u015bcie czekam na ten rozw\u00f3j, kt\u00f3ry wzbogaca moj\u0105 prac\u0119 i oferuje moim klientom warto\u015b\u0107 dodan\u0105.[\/et_pb_text][et_pb_text module_class=&#8221;prof-question&#8221; _builder_version=&#8221;4.27.2&#8243; _module_preset=&#8221;default&#8221; text_text_color=&#8221;#cd222a&#8221; text_font_size=&#8221;24px&#8221; global_colors_info=&#8221;{}&#8221;]4. Jaki jest najlepszy spos\u00f3b na wy\u0142\u0105czenie si\u0119?[\/et_pb_text][et_pb_text module_class=&#8221;prof-answer&#8221; _builder_version=&#8221;4.27.2&#8243; _module_preset=&#8221;default&#8221; text_font=&#8221;|300|||||||&#8221; text_font_size=&#8221;18px&#8221; text_line_height=&#8221;2em&#8221; global_colors_info=&#8221;{}&#8221;]Wy\u0142\u0105czam si\u0119 i \u0142aduj\u0119 baterie podczas d\u0142ugich spacer\u00f3w z moim psem, a tak\u017ce podczas gotowania kreatywnych menu dla innych i zabawiania moich go\u015bci. \u0106wiczenia na \u015bwie\u017cym powietrzu pomagaj\u0105 mi przemy\u015ble\u0107 i przeorganizowa\u0107 niekt\u00f3re procesy konsultingowe. Mieszaj\u0105c r\u00f3\u017cne sk\u0142adniki do menu, cz\u0119sto opracowuj\u0119 kreatywne pomys\u0142y, kt\u00f3re mog\u0119 wykorzysta\u0107 dla moich klient\u00f3w. Pozwala mi to by\u0107 obecnym przy moich klientach i towarzyszy\u0107 im kreatywnie, strategicznie i z szczypt\u0105 humoru.[\/et_pb_text][\/et_pb_column][et_pb_column type=&#8221;1_3&#8243; _builder_version=&#8221;4.23.1&#8243; _module_preset=&#8221;default&#8221; global_colors_info=&#8221;{}&#8221;][et_pb_blurb title=&#8221;Lokalizacja&#8221; use_icon=&#8221;on&#8221; font_icon=&#8221;&#xe01d;||divi||400&#8243; icon_color=&#8221;#cd222a&#8221; image_icon_width=&#8221;40px&#8221; icon_alignment=&#8221;left&#8221; _builder_version=&#8221;4.27.2&#8243; _module_preset=&#8221;default&#8221; header_level=&#8221;h2&#8243; body_font_size=&#8221;18px&#8221; body_line_height=&#8221;1.8em&#8221; global_colors_info=&#8221;{}&#8221;]Obecno\u015b\u0107 online w ca\u0142ych Niemczech w Erfurcie[\/et_pb_blurb][et_pb_blurb title=&#8221;Szkolenie zawodowe i do\u015bwiadczenie zawodowe:&#8221; use_icon=&#8221;on&#8221; font_icon=&#8221;&#xf19d;||fa||900&#8243; icon_color=&#8221;#cd222a&#8221; image_icon_width=&#8221;40px&#8221; icon_alignment=&#8221;left&#8221; _builder_version=&#8221;4.27.2&#8243; _module_preset=&#8221;default&#8221; header_level=&#8221;h2&#8243; header_line_height=&#8221;1.2em&#8221; body_font_size=&#8221;18px&#8221; body_line_height=&#8221;1.8em&#8221; global_colors_info=&#8221;{}&#8221;]M.A. Coaching i przyw\u00f3dztwo<br \/>\nB.A. Nauki o zachowaniach spo\u0142ecznych<br \/>\n<strong>od 2014 r.<\/strong> &#8211; samozatrudniony jako trener biznesu ze szczeg\u00f3lnym uwzgl\u0119dnieniem coachingu kariery, zarz\u0105dzania i rozwoju zespo\u0142u, wyk\u0142adowca nauczania coachingu i kompetencji metodycznych w programie magisterskim Coaching i przyw\u00f3dztwo na Uniwersytecie Ernst-Abbe w Jenie<br \/>\n<strong>2008-2023<\/strong> &#8211; 20 lat do\u015bwiadczenia jako mened\u017cer ds. coachingu i global account manager w mi\u0119dzynarodowej firmie z bran\u017cy e-learningowej (j\u0119zyki, komunikacja mi\u0119dzykulturowa i coaching)<br \/>\n<strong>2006-2007<\/strong> &#8211; pracownik w obszarze rozwoju organizacyjnego w Messe Erfurt<br \/>\n<strong>2005-2006<\/strong> &#8211; doradca ds. studi\u00f3w w college&#8217;u dla zawod\u00f3w medialnych w Kanadzie<br \/>\n<strong>2000-2004<\/strong> &#8211; dyrektor szk\u00f3\u0142 j\u0119zykowych Berlitz w Erfurcie i Berlinie<\/p>\n<p><strong>Podsumowuj\u0105c: <\/strong><br \/>\n20 lat do\u015bwiadczenia w zarz\u0105dzaniu, 20 lat doradztwa w zakresie edukacji doros\u0142ych i szkole\u0144 wewn\u0119trznych, 20 lat wsp\u00f3\u0142pracy z dzia\u0142ami rozwoju zasob\u00f3w ludzkich w znanych firmach \u015bredniej wielko\u015bci i korporacje mi\u0119dzynarodowe, wysokie kompetencje mi\u0119dzykulturowe[\/et_pb_blurb][et_pb_blurb title=&#8221;Zainteresowania osobiste&#8221; use_icon=&#8221;on&#8221; font_icon=&#8221;&#xe030;||divi||400&#8243; icon_color=&#8221;#cd222a&#8221; image_icon_width=&#8221;40px&#8221; icon_alignment=&#8221;left&#8221; _builder_version=&#8221;4.27.2&#8243; _module_preset=&#8221;default&#8221; header_level=&#8221;h2&#8243; header_line_height=&#8221;1.2em&#8221; body_font_size=&#8221;18px&#8221; body_line_height=&#8221;1.8em&#8221; global_colors_info=&#8221;{}&#8221;]Aktywne sp\u0119dzanie wolnego czasu na \u0142onie natury (piesze w\u0119dr\u00f3wki, sporty dla ps\u00f3w), kreatywno\u015b\u0107 (fotografia, \u015bpiew, pisanie), gotowanie i inne rozrywki[\/et_pb_blurb][\/et_pb_column][\/et_pb_row][et_pb_row module_id=&#8221;kontakt-monika&#8221; _builder_version=&#8221;4.23.1&#8243; _module_preset=&#8221;default&#8221; global_colors_info=&#8221;{}&#8221;][et_pb_column type=&#8221;4_4&#8243; _builder_version=&#8221;4.23.1&#8243; _module_preset=&#8221;default&#8221; global_colors_info=&#8221;{}&#8221;][et_pb_text _builder_version=&#8221;4.27.2&#8243; _module_preset=&#8221;default&#8221; header_2_text_color=&#8221;#cd222a&#8221; header_2_font_size=&#8221;30px&#8221; global_colors_info=&#8221;{}&#8221;]<\/p>\n<h2>Pro\u015bba o coaching AVGS dla Monika H\u00fcbner<\/h2>\n<p>[\/et_pb_text][et_pb_text _builder_version=&#8221;4.27.2&#8243; _module_preset=&#8221;default&#8221; text_font_size=&#8221;18px&#8221; text_line_height=&#8221;2em&#8221; global_colors_info=&#8221;{}&#8221;]Przeka\u017cemy Twoje dane Monika H\u00fcbner, aby mog\u0142a si\u0119 z Tob\u0105 skontaktowa\u0107 tak szybko, jak to mo\u017cliwe, z sugerowan\u0105 dat\u0105 niezobowi\u0105zuj\u0105cej wst\u0119pnej konsultacji. Jakie masz pro\u015bby dotycz\u0105ce coachingu AVGS?[\/et_pb_text][et_pb_code module_class=&#8221;cf-kntkt-form cf-sub-kntkt-form&#8221; _builder_version=&#8221;4.23.1&#8243; _module_preset=&#8221;default&#8221; global_colors_info=&#8221;{}&#8221;]\n<div class=\"wpcf7 no-js\" id=\"wpcf7-f6811-o1\" lang=\"pl-PL\" dir=\"ltr\" data-wpcf7-id=\"6811\">\n<div class=\"screen-reader-response\"><p role=\"status\" aria-live=\"polite\" aria-atomic=\"true\"><\/p> <ul><\/ul><\/div>\n<form action=\"\/pl\/wp-json\/wp\/v2\/pages\/6492#wpcf7-f6811-o1\" method=\"post\" class=\"wpcf7-form init\" aria-label=\"Formularz kontaktowy\" novalidate=\"novalidate\" data-status=\"init\">\n<fieldset class=\"hidden-fields-container\"><input type=\"hidden\" name=\"_wpcf7\" value=\"6811\" \/><input type=\"hidden\" name=\"_wpcf7_version\" value=\"6.1.2\" \/><input type=\"hidden\" name=\"_wpcf7_locale\" value=\"pl_PL\" \/><input type=\"hidden\" name=\"_wpcf7_unit_tag\" value=\"wpcf7-f6811-o1\" \/><input type=\"hidden\" name=\"_wpcf7_container_post\" value=\"0\" \/><input type=\"hidden\" name=\"_wpcf7_posted_data_hash\" value=\"\" \/>\n<\/fieldset>\n<div class=\"w3-row\">\n\t<div class=\"w3-col\">\n\t\t<p><span class=\"wpcf7-form-control-wrap\" data-name=\"what-can-we-do-for-you-answer\"><span class=\"wpcf7-form-control wpcf7-checkbox checkbox\"><span class=\"wpcf7-list-item first\"><label><input type=\"checkbox\" name=\"what-can-we-do-for-you-answer[]\" value=\"Jobcoaching\" \/><span class=\"wpcf7-list-item-label\">Jobcoaching<\/span><\/label><\/span><span class=\"wpcf7-list-item last\"><label><input type=\"checkbox\" name=\"what-can-we-do-for-you-answer[]\" value=\"Gr\u00fcndungsberatung\" \/><span class=\"wpcf7-list-item-label\">Gr\u00fcndungsberatung<\/span><\/label><\/span><\/span><\/span>\n\t\t<\/p>\n\t<\/div>\n<\/div>\n<div class=\"w3-row\">\n\t<div class=\"w3-col\">\n\t\t<p><label>Vor- und Nachname<\/label><br \/>\n<span class=\"wpcf7-form-control-wrap\" data-name=\"Vor-und-Nachname\"><input size=\"40\" maxlength=\"400\" class=\"wpcf7-form-control wpcf7-text wpcf7-validates-as-required\" autocomplete=\"off\" aria-required=\"true\" aria-invalid=\"false\" value=\"\" type=\"text\" name=\"Vor-und-Nachname\" \/><\/span>\n\t\t<\/p>\n\t<\/div>\n<\/div>\n<div class=\"w3-row\">\n\t<div class=\"w3-col\">\n\t\t<p><label>Telefonnummer<\/label><br \/>\n<span class=\"wpcf7-form-control-wrap\" data-name=\"telefonnummer\"><input size=\"40\" maxlength=\"400\" class=\"wpcf7-form-control wpcf7-tel wpcf7-text wpcf7-validates-as-tel\" autocomplete=\"off\" aria-invalid=\"false\" value=\"\" type=\"tel\" name=\"telefonnummer\" \/><\/span>\n\t\t<\/p>\n\t<\/div>\n\t<div class=\"w3-col\">\n\t\t<p><label>E-Mail-Adresse<\/label><br \/>\n<span class=\"wpcf7-form-control-wrap\" data-name=\"your-email\"><input size=\"40\" maxlength=\"400\" class=\"wpcf7-form-control wpcf7-email wpcf7-validates-as-required wpcf7-text wpcf7-validates-as-email\" autocomplete=\"off\" aria-required=\"true\" aria-invalid=\"false\" value=\"\" type=\"email\" name=\"your-email\" \/><\/span>\n\t\t<\/p>\n\t<\/div>\n<\/div>\n<div class=\"w3-row\">\n\t<div class=\"w3-col\">\n\t\t<p><label>Mitteilung<\/label>\n\t\t<\/p>\n\t<\/div>\n\t<div class=\"w3-col\">\n\t\t<p><span class=\"wpcf7-form-control-wrap\" data-name=\"mitteilung\"><textarea cols=\"40\" rows=\"10\" maxlength=\"2000\" class=\"wpcf7-form-control wpcf7-textarea\" aria-invalid=\"false\" placeholder=\"max 500 Zeichen\" name=\"mitteilung\"><\/textarea><\/span>\n\t\t<\/p>\n\t<\/div>\n<\/div>\n<div class=\"w3-row\">\n\t<div class=\"w3-col\">\n\t\t<p><label>Wie haben Sie uns gefunden?<\/label>\n\t\t<\/p>\n\t<\/div>\n<\/div>\n<div class=\"w3-row\">\n\t<div class=\"w3-col\">\n\t\t<p><span class=\"wpcf7-form-control-wrap\" data-name=\"how-did-you-find-us-answer\"><span class=\"wpcf7-form-control wpcf7-checkbox checkbox\"><span class=\"wpcf7-list-item first\"><label><input type=\"checkbox\" name=\"how-did-you-find-us-answer[]\" value=\"Pers\u00f6nliche Empfehlung\" \/><span class=\"wpcf7-list-item-label\">Pers\u00f6nliche Empfehlung<\/span><\/label><\/span><span class=\"wpcf7-list-item\"><label><input type=\"checkbox\" name=\"how-did-you-find-us-answer[]\" value=\"Internetsuche\" \/><span class=\"wpcf7-list-item-label\">Internetsuche<\/span><\/label><\/span><span class=\"wpcf7-list-item last\"><label><input type=\"checkbox\" name=\"how-did-you-find-us-answer[]\" value=\"Social Media\" \/><span class=\"wpcf7-list-item-label\">Social Media<\/span><\/label><\/span><\/span><\/span>\n\t\t<\/p>\n\t<\/div>\n<\/div>\n<div class=\"w3-row\">\n\t<div class=\"w3-col\">\n\t\t<p><label>Datenschutz<\/label><br \/>\n<span class=\"wpcf7-form-control-wrap\" data-name=\"datenschutz\"><span class=\"wpcf7-form-control wpcf7-checkbox wpcf7-validates-as-required\"><span class=\"wpcf7-list-item first last\"><input type=\"checkbox\" name=\"datenschutz[]\" value=\"Ich willige in die Verarbeitung meiner oben angegebenen personenbezogenen Daten zum Zwecke des Erhalts von Informationen zu Coachings ein. Meine Daten werden ggfls. zur Kontaktaufnahme an die zu vermittelten Coaches weitergegeben. Die weiteren Informationen zur Verarbeitung meiner Daten habe ich zur Kenntnis genommen. Ich bin mir bewusst, dass ich die erteilten Einwilligungen jederzeit telefonisch oder mit einer formlosen Mitteilung per E-Mail an kontakt@beratung-westphal.de widerrufen kann.\" \/><span class=\"wpcf7-list-item-label\">Ich willige in die Verarbeitung meiner oben angegebenen personenbezogenen Daten zum Zwecke des Erhalts von Informationen zu Coachings ein. Meine Daten werden ggfls. zur Kontaktaufnahme an die zu vermittelten Coaches weitergegeben. Die weiteren Informationen zur Verarbeitung meiner Daten habe ich zur Kenntnis genommen. Ich bin mir bewusst, dass ich die erteilten Einwilligungen jederzeit telefonisch oder mit einer formlosen Mitteilung per E-Mail an kontakt@beratung-westphal.de widerrufen kann.<\/span><\/span><\/span><\/span>\n\t\t<\/p>\n\t<\/div>\n<\/div>\n<div class=\"w3-row\">\n\t<div class=\"w3-col\">\n\t\t<p><span class=\"wpcf7-form-control-wrap\" data-name=\"quiz-827\"><label><span class=\"wpcf7-quiz-label\">16 - 6 = ?<\/span> <input size=\"40\" class=\"wpcf7-form-control wpcf7-quiz\" autocomplete=\"off\" aria-required=\"true\" aria-invalid=\"false\" type=\"text\" name=\"quiz-827\" \/><\/label><input type=\"hidden\" name=\"_wpcf7_quiz_answer_quiz-827\" value=\"a5cc132ea93ed1ebdfa0149b9d684efe\" \/><\/span>\n\t\t<\/p>\n\t<\/div>\n<\/div>\n<center>\n\t<div class=\"w3-row\">\n\t\t<div class=\"w3-col\">\n\t\t\t<p><input class=\"wpcf7-form-control wpcf7-submit has-spinner pc-button bg-primary-color square-button primary-border-color\" type=\"submit\" value=\"Senden\" \/>\n\t\t\t<\/p>\n\t\t<\/div>\n\t<\/div>\n<\/center><div class=\"frc-captcha \" data-sitekey=\"FCMIVM5H8K1HPA6F\" data-lang=\"pl\" ><\/div>\n\t\t<noscript>You need to enable Javascript for the anti-spam check.<\/noscript><div class=\"wpcf7-response-output\" aria-hidden=\"true\"><\/div>\n<\/form>\n<\/div>\n[\/et_pb_code][\/et_pb_column][\/et_pb_row][\/et_pb_section]<\/p>\n","protected":false},"excerpt":{"rendered":"<p>Monika H\u00fcbner Produkt: Coaching zawodowy, doradztwo dla start-up\u00f3w J\u0119zyki coachingu: niemiecki, angielski, polski Szkolenie\/certyfikaty coachingowe: Certyfikacja ICF PCC w lipcu 2023 r., ICF Onboarding Program, kwiecie\u0144-czerwiec 2023 r., Solution Academy GmbH, coaching kariery i pracy, marzec 2023 r. Competence on Top GmbH, licencjonowanie Career Navigator\u00ae, czerwiec 2013 r., certyfikowany trener Persolog\u00ae, marzec 2016 r., certyfikowany [&hellip;]<\/p>\n","protected":false},"author":1,"featured_media":0,"parent":6595,"menu_order":0,"comment_status":"closed","ping_status":"closed","template":"","meta":{"_et_pb_use_builder":"on","_et_pb_old_content":"<!-- wp:divi\/placeholder \/-->","_et_gb_content_width":"","footnotes":""},"class_list":["post-6492","page","type-page","status-publish","hentry"],"yoast_head":"<!-- This site is optimized with the Yoast SEO plugin v26.0 - https:\/\/yoast.com\/wordpress\/plugins\/seo\/ -->\n<title>Monika H\u00fcbner | Mo\u017cliwy coaching pracy w Erfurcie i online<\/title>\n<meta name=\"description\" content=\"Sama Monika H\u00fcbner wspomina wiele moment\u00f3w reorientacji zawodowej. Oferuje r\u00f3wnie\u017c porady dla start-up\u00f3w w j\u0119zyku polskim i angielskim.\" \/>\n<meta name=\"robots\" content=\"index, follow, max-snippet:-1, max-image-preview:large, max-video-preview:-1\" \/>\n<link rel=\"canonical\" href=\"https:\/\/avgs-gutschein.de\/pl\/nasi-trenerzy\/monika-huebner\/\" \/>\n<meta property=\"og:locale\" content=\"pl_PL\" \/>\n<meta property=\"og:type\" content=\"article\" \/>\n<meta property=\"og:title\" content=\"Monika H\u00fcbner | Mo\u017cliwy coaching pracy w Erfurcie i online\" \/>\n<meta property=\"og:description\" content=\"Sama Monika H\u00fcbner wspomina wiele moment\u00f3w reorientacji zawodowej. Oferuje r\u00f3wnie\u017c porady dla start-up\u00f3w w j\u0119zyku polskim i angielskim.\" \/>\n<meta property=\"og:url\" content=\"https:\/\/avgs-gutschein.de\/pl\/nasi-trenerzy\/monika-huebner\/\" \/>\n<meta property=\"og:site_name\" content=\"AVGS Gutschein\" \/>\n<meta property=\"article:modified_time\" content=\"2025-05-28T08:01:24+00:00\" \/>\n<meta name=\"twitter:card\" content=\"summary_large_image\" \/>\n<meta name=\"twitter:label1\" content=\"Szacowany czas czytania\" \/>\n\t<meta name=\"twitter:data1\" content=\"6 minut\" \/>\n<script type=\"application\/ld+json\" class=\"yoast-schema-graph\">{\"@context\":\"https:\/\/schema.org\",\"@graph\":[{\"@type\":\"WebPage\",\"@id\":\"https:\/\/avgs-gutschein.de\/pl\/nasi-trenerzy\/monika-huebner\/\",\"url\":\"https:\/\/avgs-gutschein.de\/pl\/nasi-trenerzy\/monika-huebner\/\",\"name\":\"Monika H\u00fcbner | Mo\u017cliwy coaching pracy w Erfurcie i online\",\"isPartOf\":{\"@id\":\"https:\/\/avgs-gutschein.de\/pl\/#website\"},\"datePublished\":\"2023-12-13T06:33:17+00:00\",\"dateModified\":\"2025-05-28T08:01:24+00:00\",\"description\":\"Sama Monika H\u00fcbner wspomina wiele moment\u00f3w reorientacji zawodowej. Oferuje r\u00f3wnie\u017c porady dla start-up\u00f3w w j\u0119zyku polskim i angielskim.\",\"breadcrumb\":{\"@id\":\"https:\/\/avgs-gutschein.de\/pl\/nasi-trenerzy\/monika-huebner\/#breadcrumb\"},\"inLanguage\":\"pl-PL\",\"potentialAction\":[{\"@type\":\"ReadAction\",\"target\":[\"https:\/\/avgs-gutschein.de\/pl\/nasi-trenerzy\/monika-huebner\/\"]}]},{\"@type\":\"BreadcrumbList\",\"@id\":\"https:\/\/avgs-gutschein.de\/pl\/nasi-trenerzy\/monika-huebner\/#breadcrumb\",\"itemListElement\":[{\"@type\":\"ListItem\",\"position\":1,\"name\":\"Startseite\",\"item\":\"https:\/\/avgs-gutschein.de\/pl\/\"},{\"@type\":\"ListItem\",\"position\":2,\"name\":\"Wybierz trenera AVGS\",\"item\":\"https:\/\/avgs-gutschein.de\/pl\/unsere-coaches\/\"},{\"@type\":\"ListItem\",\"position\":3,\"name\":\"Monika H\u00fcbner\"}]},{\"@type\":\"WebSite\",\"@id\":\"https:\/\/avgs-gutschein.de\/pl\/#website\",\"url\":\"https:\/\/avgs-gutschein.de\/pl\/\",\"name\":\"AVGS Gutschein\",\"description\":\"\",\"potentialAction\":[{\"@type\":\"SearchAction\",\"target\":{\"@type\":\"EntryPoint\",\"urlTemplate\":\"https:\/\/avgs-gutschein.de\/pl\/?s={search_term_string}\"},\"query-input\":{\"@type\":\"PropertyValueSpecification\",\"valueRequired\":true,\"valueName\":\"search_term_string\"}}],\"inLanguage\":\"pl-PL\"}]}<\/script>\n<!-- \/ Yoast SEO plugin. -->","yoast_head_json":{"title":"Monika H\u00fcbner | Mo\u017cliwy coaching pracy w Erfurcie i online","description":"Sama Monika H\u00fcbner wspomina wiele moment\u00f3w reorientacji zawodowej. Oferuje r\u00f3wnie\u017c porady dla start-up\u00f3w w j\u0119zyku polskim i angielskim.","robots":{"index":"index","follow":"follow","max-snippet":"max-snippet:-1","max-image-preview":"max-image-preview:large","max-video-preview":"max-video-preview:-1"},"canonical":"https:\/\/avgs-gutschein.de\/pl\/nasi-trenerzy\/monika-huebner\/","og_locale":"pl_PL","og_type":"article","og_title":"Monika H\u00fcbner | Mo\u017cliwy coaching pracy w Erfurcie i online","og_description":"Sama Monika H\u00fcbner wspomina wiele moment\u00f3w reorientacji zawodowej. Oferuje r\u00f3wnie\u017c porady dla start-up\u00f3w w j\u0119zyku polskim i angielskim.","og_url":"https:\/\/avgs-gutschein.de\/pl\/nasi-trenerzy\/monika-huebner\/","og_site_name":"AVGS Gutschein","article_modified_time":"2025-05-28T08:01:24+00:00","twitter_card":"summary_large_image","twitter_misc":{"Szacowany czas czytania":"6 minut"},"schema":{"@context":"https:\/\/schema.org","@graph":[{"@type":"WebPage","@id":"https:\/\/avgs-gutschein.de\/pl\/nasi-trenerzy\/monika-huebner\/","url":"https:\/\/avgs-gutschein.de\/pl\/nasi-trenerzy\/monika-huebner\/","name":"Monika H\u00fcbner | Mo\u017cliwy coaching pracy w Erfurcie i online","isPartOf":{"@id":"https:\/\/avgs-gutschein.de\/pl\/#website"},"datePublished":"2023-12-13T06:33:17+00:00","dateModified":"2025-05-28T08:01:24+00:00","description":"Sama Monika H\u00fcbner wspomina wiele moment\u00f3w reorientacji zawodowej. Oferuje r\u00f3wnie\u017c porady dla start-up\u00f3w w j\u0119zyku polskim i angielskim.","breadcrumb":{"@id":"https:\/\/avgs-gutschein.de\/pl\/nasi-trenerzy\/monika-huebner\/#breadcrumb"},"inLanguage":"pl-PL","potentialAction":[{"@type":"ReadAction","target":["https:\/\/avgs-gutschein.de\/pl\/nasi-trenerzy\/monika-huebner\/"]}]},{"@type":"BreadcrumbList","@id":"https:\/\/avgs-gutschein.de\/pl\/nasi-trenerzy\/monika-huebner\/#breadcrumb","itemListElement":[{"@type":"ListItem","position":1,"name":"Startseite","item":"https:\/\/avgs-gutschein.de\/pl\/"},{"@type":"ListItem","position":2,"name":"Wybierz trenera AVGS","item":"https:\/\/avgs-gutschein.de\/pl\/unsere-coaches\/"},{"@type":"ListItem","position":3,"name":"Monika H\u00fcbner"}]},{"@type":"WebSite","@id":"https:\/\/avgs-gutschein.de\/pl\/#website","url":"https:\/\/avgs-gutschein.de\/pl\/","name":"AVGS Gutschein","description":"","potentialAction":[{"@type":"SearchAction","target":{"@type":"EntryPoint","urlTemplate":"https:\/\/avgs-gutschein.de\/pl\/?s={search_term_string}"},"query-input":{"@type":"PropertyValueSpecification","valueRequired":true,"valueName":"search_term_string"}}],"inLanguage":"pl-PL"}]}},"_links":{"self":[{"href":"https:\/\/avgs-gutschein.de\/pl\/wp-json\/wp\/v2\/pages\/6492","targetHints":{"allow":["GET"]}}],"collection":[{"href":"https:\/\/avgs-gutschein.de\/pl\/wp-json\/wp\/v2\/pages"}],"about":[{"href":"https:\/\/avgs-gutschein.de\/pl\/wp-json\/wp\/v2\/types\/page"}],"author":[{"embeddable":true,"href":"https:\/\/avgs-gutschein.de\/pl\/wp-json\/wp\/v2\/users\/1"}],"replies":[{"embeddable":true,"href":"https:\/\/avgs-gutschein.de\/pl\/wp-json\/wp\/v2\/comments?post=6492"}],"version-history":[{"count":4,"href":"https:\/\/avgs-gutschein.de\/pl\/wp-json\/wp\/v2\/pages\/6492\/revisions"}],"predecessor-version":[{"id":7024,"href":"https:\/\/avgs-gutschein.de\/pl\/wp-json\/wp\/v2\/pages\/6492\/revisions\/7024"}],"up":[{"embeddable":true,"href":"https:\/\/avgs-gutschein.de\/pl\/wp-json\/wp\/v2\/pages\/6595"}],"wp:attachment":[{"href":"https:\/\/avgs-gutschein.de\/pl\/wp-json\/wp\/v2\/media?parent=6492"}],"curies":[{"name":"wp","href":"https:\/\/api.w.org\/{rel}","templated":true}]}}