{"id":6135,"date":"2023-12-12T10:40:09","date_gmt":"2023-12-12T09:40:09","guid":{"rendered":"https:\/\/avgs-gutschein.de\/alexandra-brecht\/"},"modified":"2024-10-17T11:06:46","modified_gmt":"2024-10-17T09:06:46","slug":"alexandra-brecht","status":"publish","type":"page","link":"https:\/\/avgs-gutschein.de\/pl\/nasi-trenerzy\/alexandra-brecht\/","title":{"rendered":"Alexandra Brecht"},"content":{"rendered":"<p>[et_pb_section fb_built=&#8221;1&#8243; module_class=&#8221;coaches-img&#8221; _builder_version=&#8221;4.24.0&#8243; _module_preset=&#8221;default&#8221; background_color=&#8221;#e0e0e0&#8243; custom_padding=&#8221;0px||0px||true|false&#8221; global_colors_info=&#8221;{}&#8221;][et_pb_row column_structure=&#8221;2_5,3_5&#8243; use_custom_gutter=&#8221;on&#8221; make_equal=&#8221;on&#8221; _builder_version=&#8221;4.23.1&#8243; _module_preset=&#8221;default&#8221; custom_padding=&#8221;0px||0px||true|false&#8221; global_colors_info=&#8221;{}&#8221;][et_pb_column type=&#8221;2_5&#8243; _builder_version=&#8221;4.23.1&#8243; _module_preset=&#8221;default&#8221; background_image=&#8221;https:\/\/avgs-gutschein.de\/wp-content\/uploads\/2023\/12\/Alexandra_Brecht_profile_img.webp&#8221; custom_padding_tablet=&#8221;38vw||38vw||true|false&#8221; custom_padding_phone=&#8221;38vw||38vw||true|false&#8221; custom_padding_last_edited=&#8221;on|tablet&#8221; global_colors_info=&#8221;{}&#8221;][\/et_pb_column][et_pb_column type=&#8221;3_5&#8243; _builder_version=&#8221;4.23.1&#8243; _module_preset=&#8221;default&#8221; custom_padding=&#8221;3vw||3vw||true|false&#8221; custom_padding_tablet=&#8221;3vw||3vw||true|false&#8221; custom_padding_phone=&#8221;8vw||10vw||false|false&#8221; custom_padding_last_edited=&#8221;on|phone&#8221; global_colors_info=&#8221;{}&#8221;][et_pb_text _builder_version=&#8221;4.23.1&#8243; _module_preset=&#8221;default&#8221; header_font=&#8221;|800|||||||&#8221; header_text_color=&#8221;#000000&#8243; global_colors_info=&#8221;{}&#8221;]<\/p>\n<h1>Alexandra Brecht<\/h1>\n<p>[\/et_pb_text][et_pb_text module_class=&#8221;sub-prof&#8221; _builder_version=&#8221;4.27.2&#8243; _module_preset=&#8221;default&#8221; text_text_color=&#8221;#000000&#8243; global_colors_info=&#8221;{}&#8221;]<\/p>\n<div class=\"coach-desc\">\n<p><strong>Produkt:<\/strong> Coaching pracy<\/p>\n<hr \/>\n<p><strong>J\u0119zyk(i) coachingu: <\/strong>niemiecki<\/p>\n<hr \/>\n<p><strong>Szkolenia\/certyfikaty coachingowe: <\/strong>Certyfikowany coach systemowy, trener mentalny (PEP \u201epsychologia skupiona na procesie i uciele\u015bnieniu\u201d z dr. Michaelem Bohne), praktykuj\u0105cy NLP (DVNLP), trener Linc Personal Profiler (LLP Linc Institute), specjalista alternatywnej psychoterapii i r\u00f3\u017cne kwalifikacje terapeutyczne<\/p>\n<hr \/>\n<p><strong>Wiedza bran\u017cowa: <\/strong>doradztwo\/coaching, us\u0142ugi, wydarzenia\/wypoczynek, zdrowie\/opieka, sztuka\/projektowanie, kultura\/nauki humanistyczne, marketing\/komunikacja, organizacje pozarz\u0105dowe, wellness\/fitness<\/p>\n<\/div>\n<p>[\/et_pb_text][et_pb_button button_url=&#8221;\/pl\/nasi-trenerzy\/alexandra-brecht\/#kontakt-alexandra-brecht&#8221; button_text=&#8221;Zarezerwuj wst\u0119pn\u0105 konsultacj\u0119&#8221; _builder_version=&#8221;4.27.2&#8243; _module_preset=&#8221;default&#8221; custom_button=&#8221;on&#8221; button_text_size=&#8221;16px&#8221; button_text_color=&#8221;#ffffff&#8221; button_bg_color=&#8221;#cd222a&#8221; button_border_width=&#8221;0px&#8221; button_border_color=&#8221;#FFFFFF&#8221; hover_enabled=&#8221;0&#8243; global_colors_info=&#8221;{}&#8221; sticky_enabled=&#8221;0&#8243;][\/et_pb_button][\/et_pb_column][\/et_pb_row][\/et_pb_section][et_pb_section fb_built=&#8221;1&#8243; _builder_version=&#8221;4.23.1&#8243; _module_preset=&#8221;default&#8221; global_colors_info=&#8221;{}&#8221;][et_pb_row column_structure=&#8221;2_3,1_3&#8243; use_custom_gutter=&#8221;on&#8221; make_equal=&#8221;on&#8221; _builder_version=&#8221;4.23.1&#8243; _module_preset=&#8221;default&#8221; global_colors_info=&#8221;{}&#8221;][et_pb_column type=&#8221;2_3&#8243; _builder_version=&#8221;4.23.1&#8243; _module_preset=&#8221;default&#8221; custom_padding=&#8221;|3vw|||false|false&#8221; border_width_right=&#8221;1px&#8221; border_color_right=&#8221;#cd222a&#8221; global_colors_info=&#8221;{}&#8221;][et_pb_text module_class=&#8221;prof-question&#8221; _builder_version=&#8221;4.27.2&#8243; _module_preset=&#8221;default&#8221; text_text_color=&#8221;#cd222a&#8221; text_font_size=&#8221;24px&#8221; global_colors_info=&#8221;{}&#8221;]1. Co kwalifikuje Ci\u0119 jako coacha\/trenera?[\/et_pb_text][et_pb_text module_class=&#8221;prof-answer&#8221; _builder_version=&#8221;4.27.2&#8243; _module_preset=&#8221;default&#8221; text_font=&#8221;|300|||||||&#8221; text_font_size=&#8221;18px&#8221; text_line_height=&#8221;2em&#8221; global_colors_info=&#8221;{}&#8221;]Chcia\u0142bym powiedzie\u0107: moje do\u015bwiadczenie zawodowe i \u017cyciowe, du\u017ce zainteresowanie lud\u017ami i bardzo dobre wyczucie ich potrzeb i potencja\u0142u. Posiadam oczywi\u015bcie r\u00f3wnie\u017c solidne szkolenie coachingowe oraz szereg dodatkowych kwalifikacji, kt\u00f3re przydadz\u0105 si\u0119 r\u00f3wnie\u017c w coachingu pracy. Obejmuje to wiedz\u0119 na temat projektowania \u017cycia zawodowego i prywatnego, trening mentalny i poczucie w\u0142asnej warto\u015bci, a tak\u017ce umiej\u0119tno\u015bci psychoterapeutyczne. Od 2014 roku pracuj\u0119 jako coach we w\u0142asnej praktyce, mam do\u015bwiadczenie w Biurze Karier Uniwersytetu Leuphana w L\u00fcneburgu, a tak\u017ce du\u017co pracowa\u0142am z m\u0142odymi lud\u017ami. Niezale\u017cnie od wieku moich klient\u00f3w potrafi\u0119 szybko wyobrazi\u0107 sobie r\u00f3\u017cnorodne scenariusze i rozpozna\u0107, co wyr\u00f3\u017cnia moich coach\u00f3w, co jest potrzebne, gdzie s\u0105 ogniska \u2013 mam tu na my\u015bli zar\u00f3wno konkretne wyzwania, jak i pasje zawodowe. Jako kulturoznawca i ekonomista jestem w\u0119drowcem mi\u0119dzy \u015bwiatami i w zale\u017cno\u015bci od wymaga\u0144 mog\u0119 by\u0107 tw\u00f3rczym \u017ar\u00f3d\u0142em pomys\u0142\u00f3w lub kobiet\u0105 o bardzo jasnym spojrzeniu na fakty i strategie. Zawsze skupiamy si\u0119 na kliencie i jego wyj\u0105tkowo\u015bci.[\/et_pb_text][et_pb_text module_class=&#8221;prof-question&#8221; _builder_version=&#8221;4.27.2&#8243; _module_preset=&#8221;default&#8221; text_text_color=&#8221;#cd222a&#8221; text_font_size=&#8221;24px&#8221; global_colors_info=&#8221;{}&#8221;]2. Co m\u00f3wi\u0105 o Tobie Twoi klienci?[\/et_pb_text][et_pb_text module_class=&#8221;prof-answer&#8221; _builder_version=&#8221;4.27.2&#8243; _module_preset=&#8221;default&#8221; text_font=&#8221;|300|||||||&#8221; text_font_size=&#8221;18px&#8221; text_line_height=&#8221;2em&#8221; global_colors_info=&#8221;{}&#8221;]Aby czuli si\u0119 u mnie w dobrych r\u0119kach, zar\u00f3wno osobi\u015bcie, jak i zawodowo. Cz\u0119sto s\u0142ysz\u0119, \u017ce klienci bardzo mi ufaj\u0105 i bardzo mi ul\u017cy\u0142o, \u017ce mog\u0105 mi pokaza\u0107 wszystko, kim s\u0105 \u2013 i czym mog\u0105 nie by\u0107. Razem mo\u017cemy wyci\u0105gn\u0105\u0107 ze wszystkiego to, co najlepsze. Moi coachowani doceniaj\u0105 m\u00f3j pozytywny, otwarty i empatyczny spos\u00f3b bycia, dzi\u0119ki kt\u00f3remu daj\u0119 spok\u00f3j, nawet gdy sprawy staj\u0105 si\u0119 trudne. \u017begnaj\u0105c si\u0119, m\u00f3wi\u0105, \u017ce ju\u017c nie mog\u0105 si\u0119 doczeka\u0107 kolejnego spotkania i s\u0105 ciekawi innych narz\u0119dzi i metod z mojej skarbnicy coachingu.[\/et_pb_text][et_pb_text module_class=&#8221;prof-question&#8221; _builder_version=&#8221;4.27.2&#8243; _module_preset=&#8221;default&#8221; text_text_color=&#8221;#cd222a&#8221; text_font_size=&#8221;24px&#8221; global_colors_info=&#8221;{}&#8221;]3. Z czego jeste\u015b szczeg\u00f3lnie dumny, gdy my\u015blisz o swojej karierze?[\/et_pb_text][et_pb_text module_class=&#8221;prof-answer&#8221; _builder_version=&#8221;4.27.2&#8243; _module_preset=&#8221;default&#8221; text_font=&#8221;|300|||||||&#8221; text_font_size=&#8221;18px&#8221; text_line_height=&#8221;2em&#8221; global_colors_info=&#8221;{}&#8221;]Po ponad 20 latach pomy\u015blnej pracy w zarz\u0105dzaniu kultur\u0105 i muzyk\u0105 oraz na wy\u017cszych stanowiskach w marketingu i PR, po urodzeniu drugiego dziecka w wieku 40 lat na nowo zdefiniowa\u0142am siebie zawodowo i rozpocz\u0119\u0142am dzia\u0142alno\u015b\u0107 na w\u0142asny rachunek jako trener. Jestem dumna ze swojej odwagi, determinacji i wiary w swoje mo\u017cliwo\u015bci, kt\u00f3re pomog\u0142y mi tak dobrze opanowa\u0107 ten krok. Dla mnie kariera oznacza ci\u0105g\u0142y rozw\u00f3j, a pomys\u0142\u00f3w na drug\u0105 po\u0142ow\u0119 \u017cycia mam jeszcze mn\u00f3stwo.[\/et_pb_text][et_pb_text module_class=&#8221;prof-question&#8221; _builder_version=&#8221;4.27.2&#8243; _module_preset=&#8221;default&#8221; text_text_color=&#8221;#cd222a&#8221; text_font_size=&#8221;24px&#8221; global_colors_info=&#8221;{}&#8221;]4. Jaki jest dla Ciebie najlepszy spos\u00f3b na wy\u0142\u0105czenie si\u0119?[\/et_pb_text][et_pb_text module_class=&#8221;prof-answer&#8221; _builder_version=&#8221;4.27.2&#8243; _module_preset=&#8221;default&#8221; text_font=&#8221;|300|||||||&#8221; text_font_size=&#8221;18px&#8221; text_line_height=&#8221;2em&#8221; global_colors_info=&#8221;{}&#8221;]R\u00f3wnowaga mi\u0119dzy \u017cyciem zawodowym a prywatnym to wa\u017cny temat, zar\u00f3wno w coachingu pracy, jak i dla mnie. Bardzo zwracam uwag\u0119 na swoj\u0105 energi\u0119. Mog\u0119 ca\u0142kowicie si\u0119 zrelaksowa\u0107, ta\u0144cz\u0105c Ni\u0119, uprawiaj\u0105c jog\u0119 i medytuj\u0105c, ale tak\u017ce gotuj\u0105c z rodzin\u0105 lub zajmuj\u0105c si\u0119 ogrodem. Uwielbiam coaching, dlatego zazwyczaj nie mam wra\u017cenia, \u017ce \u200b\u200bjest to praca.[\/et_pb_text][et_pb_text module_class=&#8221;prof-question&#8221; _builder_version=&#8221;4.27.2&#8243; _module_preset=&#8221;default&#8221; text_text_color=&#8221;#cd222a&#8221; text_font_size=&#8221;24px&#8221; global_colors_info=&#8221;{}&#8221;]5. W\u0142asnymi s\u0142owami: Czym zajmuje si\u0119 coach?[\/et_pb_text][et_pb_text module_class=&#8221;prof-answer&#8221; _builder_version=&#8221;4.27.2&#8243; _module_preset=&#8221;default&#8221; text_font=&#8221;|300|||||||&#8221; text_font_size=&#8221;18px&#8221; text_line_height=&#8221;2em&#8221; global_colors_info=&#8221;{}&#8221;]Jako coach trzymam w r\u0119ku wyimaginowan\u0105 latark\u0119 i wydobywam na \u015bwiat\u0142o dzienne aspekty i umiej\u0119tno\u015bci, kt\u00f3rych coachowany sam by nie dostrzeg\u0142. W duchu \u201epomocy dla samopomocy\u201d oferuj\u0119 klientom osobisty i zawodowy proces samopoznania, z kt\u00f3rego wychodz\u0105 silni i, w najprawdziwszym tego s\u0142owa znaczeniu, pewni siebie. Jestem wsp\u00f3\u0142my\u015blicielem i motywatorem, wprowadzam w \u017cycie nowe pomys\u0142y i perspektywy oraz tworz\u0119 bezpieczn\u0105 i pe\u0142n\u0105 szacunku przestrze\u0144 do rozwoju. Tam klienci mog\u0105 dokona\u0107 refleksji, uporz\u0105dkowa\u0107 i zdefiniowa\u0107 siebie na nowo w celu zmiany zawodowej. Pod koniec procesu coachingowego mog\u0105 rozpocz\u0105\u0107 kolejny etap swojej kariery w spos\u00f3b zorientowany na cel, mocny i zmotywowany.[\/et_pb_text][\/et_pb_column][et_pb_column type=&#8221;1_3&#8243; _builder_version=&#8221;4.23.1&#8243; _module_preset=&#8221;default&#8221; global_colors_info=&#8221;{}&#8221;][et_pb_blurb title=&#8221;Lokalizacja&#8221; use_icon=&#8221;on&#8221; font_icon=&#8221;&#xe01d;||divi||400&#8243; icon_color=&#8221;#cd222a&#8221; image_icon_width=&#8221;40px&#8221; icon_alignment=&#8221;left&#8221; _builder_version=&#8221;4.27.2&#8243; _module_preset=&#8221;default&#8221; header_level=&#8221;h2&#8243; body_font_size=&#8221;18px&#8221; body_line_height=&#8221;1.8em&#8221; global_colors_info=&#8221;{}&#8221;]Obecno\u015b\u0107 online w ca\u0142ych Niemczech w: L\u00fcneburgu[\/et_pb_blurb][et_pb_blurb title=&#8221;Wykszta\u0142cenie zawodowe i do\u015bwiadczenie zawodowe:&#8221; use_icon=&#8221;on&#8221; font_icon=&#8221;&#xf19d;||fa||900&#8243; icon_color=&#8221;#cd222a&#8221; image_icon_width=&#8221;40px&#8221; icon_alignment=&#8221;left&#8221; _builder_version=&#8221;4.27.2&#8243; _module_preset=&#8221;default&#8221; header_level=&#8221;h2&#8243; header_line_height=&#8221;1.2em&#8221; body_font_size=&#8221;18px&#8221; body_line_height=&#8221;1.8em&#8221; global_colors_info=&#8221;{}&#8221;]Absolwentka zarz\u0105dzania kultur\u0105 (j\u0119zyki, ekonomia i kulturoznawstwo, Uniwersytet w Passau), certyfikowany coach systemowy, alternatywny praktyk psychoterapii, r\u00f3\u017cnorodne do\u015bwiadczenie zawodowe: bran\u017ca eventowa, kultura, zarz\u0105dzanie festiwalami i muzyk\u0105, marketing, PR, prace fundamentowe, rozw\u00f3j m\u0142odzie\u017cy, doradztwo zawodowe (Career Service Leuphana University), a tak\u017ce w obszarze spo\u0142ecznym i psychoterapeutycznym[\/et_pb_blurb][et_pb_blurb title=&#8221;Zainteresowania osobiste&#8221; use_icon=&#8221;on&#8221; font_icon=&#8221;&#xe030;||divi||400&#8243; icon_color=&#8221;#cd222a&#8221; image_icon_width=&#8221;40px&#8221; icon_alignment=&#8221;left&#8221; _builder_version=&#8221;4.27.2&#8243; _module_preset=&#8221;default&#8221; header_level=&#8221;h2&#8243; header_line_height=&#8221;1.2em&#8221; body_font_size=&#8221;18px&#8221; body_line_height=&#8221;1.8em&#8221; global_colors_info=&#8221;{}&#8221;]Rozw\u00f3j osobisty, bycie cz\u0142owiekiem, \u017cycie holistyczne, joga, taniec, \u201eszczera komunikacja\u201d, nowoczesna psychoterapia, zw\u0142aszcza badania nad przywi\u0105zaniem i traum\u0105 rozwojow\u0105 oraz neuronauka, moja rodzina i \u017cycie oraz projektowanie w domu i ogrodzie[\/et_pb_blurb][\/et_pb_column][\/et_pb_row][et_pb_row module_id=&#8221;kontakt-alexandra-brecht&#8221; _builder_version=&#8221;4.23.1&#8243; _module_preset=&#8221;default&#8221; global_colors_info=&#8221;{}&#8221;][et_pb_column type=&#8221;4_4&#8243; _builder_version=&#8221;4.23.1&#8243; _module_preset=&#8221;default&#8221; global_colors_info=&#8221;{}&#8221;][et_pb_text _builder_version=&#8221;4.27.2&#8243; _module_preset=&#8221;default&#8221; header_2_text_color=&#8221;#cd222a&#8221; header_2_font_size=&#8221;30px&#8221; global_colors_info=&#8221;{}&#8221;]<\/p>\n<h2>Pro\u015bba o coaching AVGS dla Alexandra Brecht<\/h2>\n<p>[\/et_pb_text][et_pb_text _builder_version=&#8221;4.27.2&#8243; _module_preset=&#8221;default&#8221; text_font_size=&#8221;18px&#8221; text_line_height=&#8221;2em&#8221; global_colors_info=&#8221;{}&#8221;]Przeka\u017cemy Twoje dane Alexandra Brecht, aby mog\u0142a si\u0119 z Tob\u0105 skontaktowa\u0107 tak szybko, jak to mo\u017cliwe, z sugerowan\u0105 dat\u0105 niezobowi\u0105zuj\u0105cej wst\u0119pnej konsultacji. Jakie masz pro\u015bby dotycz\u0105ce coachingu AVGS?[\/et_pb_text][et_pb_code module_class=&#8221;cf-kntkt-form cf-sub-kntkt-form&#8221; _builder_version=&#8221;4.23.1&#8243; _module_preset=&#8221;default&#8221; global_colors_info=&#8221;{}&#8221;]\n<div class=\"wpcf7 no-js\" id=\"wpcf7-f6774-o1\" lang=\"pl-PL\" dir=\"ltr\" data-wpcf7-id=\"6774\">\n<div class=\"screen-reader-response\"><p role=\"status\" aria-live=\"polite\" aria-atomic=\"true\"><\/p> <ul><\/ul><\/div>\n<form action=\"\/pl\/wp-json\/wp\/v2\/pages\/6135#wpcf7-f6774-o1\" method=\"post\" class=\"wpcf7-form init\" aria-label=\"Formularz kontaktowy\" novalidate=\"novalidate\" data-status=\"init\">\n<fieldset class=\"hidden-fields-container\"><input type=\"hidden\" name=\"_wpcf7\" value=\"6774\" \/><input type=\"hidden\" name=\"_wpcf7_version\" value=\"6.1.2\" \/><input type=\"hidden\" name=\"_wpcf7_locale\" value=\"pl_PL\" \/><input type=\"hidden\" name=\"_wpcf7_unit_tag\" value=\"wpcf7-f6774-o1\" \/><input type=\"hidden\" name=\"_wpcf7_container_post\" value=\"0\" \/><input type=\"hidden\" name=\"_wpcf7_posted_data_hash\" value=\"\" \/>\n<\/fieldset>\n<div class=\"w3-row\">\n\t<div class=\"w3-col\">\n\t\t<p><span class=\"wpcf7-form-control-wrap\" data-name=\"what-can-we-do-for-you-answer\"><span class=\"wpcf7-form-control wpcf7-checkbox checkbox\"><span class=\"wpcf7-list-item first\"><label><input type=\"checkbox\" name=\"what-can-we-do-for-you-answer[]\" value=\"Jobcoaching\" \/><span class=\"wpcf7-list-item-label\">Jobcoaching<\/span><\/label><\/span><span class=\"wpcf7-list-item last\"><label><input type=\"checkbox\" name=\"what-can-we-do-for-you-answer[]\" value=\"Gr\u00fcndungsberatung\" \/><span class=\"wpcf7-list-item-label\">Gr\u00fcndungsberatung<\/span><\/label><\/span><\/span><\/span>\n\t\t<\/p>\n\t<\/div>\n<\/div>\n<div class=\"w3-row\">\n\t<div class=\"w3-col\">\n\t\t<p><label>Vor- und Nachname<\/label><br \/>\n<span class=\"wpcf7-form-control-wrap\" data-name=\"Vor-und-Nachname\"><input size=\"40\" maxlength=\"400\" class=\"wpcf7-form-control wpcf7-text wpcf7-validates-as-required\" autocomplete=\"off\" aria-required=\"true\" aria-invalid=\"false\" value=\"\" type=\"text\" name=\"Vor-und-Nachname\" \/><\/span>\n\t\t<\/p>\n\t<\/div>\n<\/div>\n<div class=\"w3-row\">\n\t<div class=\"w3-col\">\n\t\t<p><label>Telefonnummer<\/label><br \/>\n<span class=\"wpcf7-form-control-wrap\" data-name=\"telefonnummer\"><input size=\"40\" maxlength=\"400\" class=\"wpcf7-form-control wpcf7-tel wpcf7-text wpcf7-validates-as-tel\" autocomplete=\"off\" aria-invalid=\"false\" value=\"\" type=\"tel\" name=\"telefonnummer\" \/><\/span>\n\t\t<\/p>\n\t<\/div>\n\t<div class=\"w3-col\">\n\t\t<p><label>E-Mail-Adresse<\/label><br \/>\n<span class=\"wpcf7-form-control-wrap\" data-name=\"your-email\"><input size=\"40\" maxlength=\"400\" class=\"wpcf7-form-control wpcf7-email wpcf7-validates-as-required wpcf7-text wpcf7-validates-as-email\" autocomplete=\"off\" aria-required=\"true\" aria-invalid=\"false\" value=\"\" type=\"email\" name=\"your-email\" \/><\/span>\n\t\t<\/p>\n\t<\/div>\n<\/div>\n<div class=\"w3-row\">\n\t<div class=\"w3-col\">\n\t\t<p><label>Mitteilung<\/label>\n\t\t<\/p>\n\t<\/div>\n\t<div class=\"w3-col\">\n\t\t<p><span class=\"wpcf7-form-control-wrap\" data-name=\"mitteilung\"><textarea cols=\"40\" rows=\"10\" maxlength=\"2000\" class=\"wpcf7-form-control wpcf7-textarea\" aria-invalid=\"false\" placeholder=\"max 500 Zeichen\" name=\"mitteilung\"><\/textarea><\/span>\n\t\t<\/p>\n\t<\/div>\n<\/div>\n<div class=\"w3-row\">\n\t<div class=\"w3-col\">\n\t\t<p><label>Wie haben Sie uns gefunden?<\/label>\n\t\t<\/p>\n\t<\/div>\n<\/div>\n<div class=\"w3-row\">\n\t<div class=\"w3-col\">\n\t\t<p><span class=\"wpcf7-form-control-wrap\" data-name=\"how-did-you-find-us-answer\"><span class=\"wpcf7-form-control wpcf7-checkbox checkbox\"><span class=\"wpcf7-list-item first\"><label><input type=\"checkbox\" name=\"how-did-you-find-us-answer[]\" value=\"Pers\u00f6nliche Empfehlung\" \/><span class=\"wpcf7-list-item-label\">Pers\u00f6nliche Empfehlung<\/span><\/label><\/span><span class=\"wpcf7-list-item\"><label><input type=\"checkbox\" name=\"how-did-you-find-us-answer[]\" value=\"Internetsuche\" \/><span class=\"wpcf7-list-item-label\">Internetsuche<\/span><\/label><\/span><span class=\"wpcf7-list-item last\"><label><input type=\"checkbox\" name=\"how-did-you-find-us-answer[]\" value=\"Social Media\" \/><span class=\"wpcf7-list-item-label\">Social Media<\/span><\/label><\/span><\/span><\/span>\n\t\t<\/p>\n\t<\/div>\n<\/div>\n<div class=\"w3-row\">\n\t<div class=\"w3-col\">\n\t\t<p><label>Datenschutz<\/label><br \/>\n<span class=\"wpcf7-form-control-wrap\" data-name=\"datenschutz\"><span class=\"wpcf7-form-control wpcf7-checkbox wpcf7-validates-as-required\"><span class=\"wpcf7-list-item first last\"><input type=\"checkbox\" name=\"datenschutz[]\" value=\"Ich willige in die Verarbeitung meiner oben angegebenen personenbezogenen Daten zum Zwecke des Erhalts von Informationen zu Coachings ein. Meine Daten werden ggfls. zur Kontaktaufnahme an die zu vermittelten Coaches weitergegeben. Die weiteren Informationen zur Verarbeitung meiner Daten habe ich zur Kenntnis genommen. Ich bin mir bewusst, dass ich die erteilten Einwilligungen jederzeit telefonisch oder mit einer formlosen Mitteilung per E-Mail an kontakt@beratung-westphal.de widerrufen kann.\" \/><span class=\"wpcf7-list-item-label\">Ich willige in die Verarbeitung meiner oben angegebenen personenbezogenen Daten zum Zwecke des Erhalts von Informationen zu Coachings ein. Meine Daten werden ggfls. zur Kontaktaufnahme an die zu vermittelten Coaches weitergegeben. Die weiteren Informationen zur Verarbeitung meiner Daten habe ich zur Kenntnis genommen. Ich bin mir bewusst, dass ich die erteilten Einwilligungen jederzeit telefonisch oder mit einer formlosen Mitteilung per E-Mail an kontakt@beratung-westphal.de widerrufen kann.<\/span><\/span><\/span><\/span>\n\t\t<\/p>\n\t<\/div>\n<\/div>\n<div class=\"w3-row\">\n\t<div class=\"w3-col\">\n\t\t<p><span class=\"wpcf7-form-control-wrap\" data-name=\"quiz-827\"><label><span class=\"wpcf7-quiz-label\">16 - 6 = ?<\/span> <input size=\"40\" class=\"wpcf7-form-control wpcf7-quiz\" autocomplete=\"off\" aria-required=\"true\" aria-invalid=\"false\" type=\"text\" name=\"quiz-827\" \/><\/label><input type=\"hidden\" name=\"_wpcf7_quiz_answer_quiz-827\" value=\"a5cc132ea93ed1ebdfa0149b9d684efe\" \/><\/span>\n\t\t<\/p>\n\t<\/div>\n<\/div>\n<center>\n\t<div class=\"w3-row\">\n\t\t<div class=\"w3-col\">\n\t\t\t<p><input class=\"wpcf7-form-control wpcf7-submit has-spinner pc-button bg-primary-color square-button primary-border-color\" type=\"submit\" value=\"Senden\" \/>\n\t\t\t<\/p>\n\t\t<\/div>\n\t<\/div>\n<\/center><div class=\"frc-captcha \" data-sitekey=\"FCMIVM5H8K1HPA6F\" data-lang=\"pl\" ><\/div>\n\t\t<noscript>You need to enable Javascript for the anti-spam check.<\/noscript><div class=\"wpcf7-response-output\" aria-hidden=\"true\"><\/div>\n<\/form>\n<\/div>\n[\/et_pb_code][\/et_pb_column][\/et_pb_row][\/et_pb_section]<\/p>\n","protected":false},"excerpt":{"rendered":"<p>Alexandra Brecht Produkt: Coaching pracy J\u0119zyk(i) coachingu: niemiecki Szkolenia\/certyfikaty coachingowe: Certyfikowany coach systemowy, trener mentalny (PEP \u201epsychologia skupiona na procesie i uciele\u015bnieniu\u201d z dr. Michaelem Bohne), praktykuj\u0105cy NLP (DVNLP), trener Linc Personal Profiler (LLP Linc Institute), specjalista alternatywnej psychoterapii i r\u00f3\u017cne kwalifikacje terapeutyczne Wiedza bran\u017cowa: doradztwo\/coaching, us\u0142ugi, wydarzenia\/wypoczynek, zdrowie\/opieka, sztuka\/projektowanie, kultura\/nauki humanistyczne, marketing\/komunikacja, organizacje pozarz\u0105dowe, [&hellip;]<\/p>\n","protected":false},"author":1,"featured_media":0,"parent":6595,"menu_order":0,"comment_status":"closed","ping_status":"closed","template":"","meta":{"_et_pb_use_builder":"on","_et_pb_old_content":"","_et_gb_content_width":"","footnotes":""},"class_list":["post-6135","page","type-page","status-publish","hentry"],"yoast_head":"<!-- This site is optimized with the Yoast SEO plugin v26.0 - https:\/\/yoast.com\/wordpress\/plugins\/seo\/ -->\n<title>Aleksandra Brecht | Coaching AVGS w L\u00fcneburgu i online<\/title>\n<meta name=\"description\" content=\"Alexandra Brecht w swoim doradztwie stawia na rozw\u00f3j osobisty. Koncentruje si\u0119 na byciu cz\u0142owiekiem. Prowadzi coaching pracy w L\u00fcneburgu.\" \/>\n<meta name=\"robots\" content=\"index, follow, max-snippet:-1, max-image-preview:large, max-video-preview:-1\" \/>\n<link rel=\"canonical\" href=\"https:\/\/avgs-gutschein.de\/pl\/nasi-trenerzy\/alexandra-brecht\/\" \/>\n<meta property=\"og:locale\" content=\"pl_PL\" \/>\n<meta property=\"og:type\" content=\"article\" \/>\n<meta property=\"og:title\" content=\"Aleksandra Brecht | Coaching AVGS w L\u00fcneburgu i online\" \/>\n<meta property=\"og:description\" content=\"Alexandra Brecht w swoim doradztwie stawia na rozw\u00f3j osobisty. Koncentruje si\u0119 na byciu cz\u0142owiekiem. Prowadzi coaching pracy w L\u00fcneburgu.\" \/>\n<meta property=\"og:url\" content=\"https:\/\/avgs-gutschein.de\/pl\/nasi-trenerzy\/alexandra-brecht\/\" \/>\n<meta property=\"og:site_name\" content=\"AVGS Gutschein\" \/>\n<meta property=\"article:modified_time\" content=\"2024-10-17T09:06:46+00:00\" \/>\n<meta name=\"twitter:card\" content=\"summary_large_image\" \/>\n<meta name=\"twitter:label1\" content=\"Szacowany czas czytania\" \/>\n\t<meta name=\"twitter:data1\" content=\"5 minut\" \/>\n<script type=\"application\/ld+json\" class=\"yoast-schema-graph\">{\"@context\":\"https:\/\/schema.org\",\"@graph\":[{\"@type\":\"WebPage\",\"@id\":\"https:\/\/avgs-gutschein.de\/pl\/nasi-trenerzy\/alexandra-brecht\/\",\"url\":\"https:\/\/avgs-gutschein.de\/pl\/nasi-trenerzy\/alexandra-brecht\/\",\"name\":\"Aleksandra Brecht | Coaching AVGS w L\u00fcneburgu i online\",\"isPartOf\":{\"@id\":\"https:\/\/avgs-gutschein.de\/pl\/#website\"},\"datePublished\":\"2023-12-12T09:40:09+00:00\",\"dateModified\":\"2024-10-17T09:06:46+00:00\",\"description\":\"Alexandra Brecht w swoim doradztwie stawia na rozw\u00f3j osobisty. Koncentruje si\u0119 na byciu cz\u0142owiekiem. Prowadzi coaching pracy w L\u00fcneburgu.\",\"breadcrumb\":{\"@id\":\"https:\/\/avgs-gutschein.de\/pl\/nasi-trenerzy\/alexandra-brecht\/#breadcrumb\"},\"inLanguage\":\"pl-PL\",\"potentialAction\":[{\"@type\":\"ReadAction\",\"target\":[\"https:\/\/avgs-gutschein.de\/pl\/nasi-trenerzy\/alexandra-brecht\/\"]}]},{\"@type\":\"BreadcrumbList\",\"@id\":\"https:\/\/avgs-gutschein.de\/pl\/nasi-trenerzy\/alexandra-brecht\/#breadcrumb\",\"itemListElement\":[{\"@type\":\"ListItem\",\"position\":1,\"name\":\"Startseite\",\"item\":\"https:\/\/avgs-gutschein.de\/pl\/\"},{\"@type\":\"ListItem\",\"position\":2,\"name\":\"Wybierz trenera AVGS\",\"item\":\"https:\/\/avgs-gutschein.de\/pl\/unsere-coaches\/\"},{\"@type\":\"ListItem\",\"position\":3,\"name\":\"Alexandra Brecht\"}]},{\"@type\":\"WebSite\",\"@id\":\"https:\/\/avgs-gutschein.de\/pl\/#website\",\"url\":\"https:\/\/avgs-gutschein.de\/pl\/\",\"name\":\"AVGS Gutschein\",\"description\":\"\",\"potentialAction\":[{\"@type\":\"SearchAction\",\"target\":{\"@type\":\"EntryPoint\",\"urlTemplate\":\"https:\/\/avgs-gutschein.de\/pl\/?s={search_term_string}\"},\"query-input\":{\"@type\":\"PropertyValueSpecification\",\"valueRequired\":true,\"valueName\":\"search_term_string\"}}],\"inLanguage\":\"pl-PL\"}]}<\/script>\n<!-- \/ Yoast SEO plugin. -->","yoast_head_json":{"title":"Aleksandra Brecht | Coaching AVGS w L\u00fcneburgu i online","description":"Alexandra Brecht w swoim doradztwie stawia na rozw\u00f3j osobisty. Koncentruje si\u0119 na byciu cz\u0142owiekiem. Prowadzi coaching pracy w L\u00fcneburgu.","robots":{"index":"index","follow":"follow","max-snippet":"max-snippet:-1","max-image-preview":"max-image-preview:large","max-video-preview":"max-video-preview:-1"},"canonical":"https:\/\/avgs-gutschein.de\/pl\/nasi-trenerzy\/alexandra-brecht\/","og_locale":"pl_PL","og_type":"article","og_title":"Aleksandra Brecht | Coaching AVGS w L\u00fcneburgu i online","og_description":"Alexandra Brecht w swoim doradztwie stawia na rozw\u00f3j osobisty. Koncentruje si\u0119 na byciu cz\u0142owiekiem. Prowadzi coaching pracy w L\u00fcneburgu.","og_url":"https:\/\/avgs-gutschein.de\/pl\/nasi-trenerzy\/alexandra-brecht\/","og_site_name":"AVGS Gutschein","article_modified_time":"2024-10-17T09:06:46+00:00","twitter_card":"summary_large_image","twitter_misc":{"Szacowany czas czytania":"5 minut"},"schema":{"@context":"https:\/\/schema.org","@graph":[{"@type":"WebPage","@id":"https:\/\/avgs-gutschein.de\/pl\/nasi-trenerzy\/alexandra-brecht\/","url":"https:\/\/avgs-gutschein.de\/pl\/nasi-trenerzy\/alexandra-brecht\/","name":"Aleksandra Brecht | Coaching AVGS w L\u00fcneburgu i online","isPartOf":{"@id":"https:\/\/avgs-gutschein.de\/pl\/#website"},"datePublished":"2023-12-12T09:40:09+00:00","dateModified":"2024-10-17T09:06:46+00:00","description":"Alexandra Brecht w swoim doradztwie stawia na rozw\u00f3j osobisty. Koncentruje si\u0119 na byciu cz\u0142owiekiem. Prowadzi coaching pracy w L\u00fcneburgu.","breadcrumb":{"@id":"https:\/\/avgs-gutschein.de\/pl\/nasi-trenerzy\/alexandra-brecht\/#breadcrumb"},"inLanguage":"pl-PL","potentialAction":[{"@type":"ReadAction","target":["https:\/\/avgs-gutschein.de\/pl\/nasi-trenerzy\/alexandra-brecht\/"]}]},{"@type":"BreadcrumbList","@id":"https:\/\/avgs-gutschein.de\/pl\/nasi-trenerzy\/alexandra-brecht\/#breadcrumb","itemListElement":[{"@type":"ListItem","position":1,"name":"Startseite","item":"https:\/\/avgs-gutschein.de\/pl\/"},{"@type":"ListItem","position":2,"name":"Wybierz trenera AVGS","item":"https:\/\/avgs-gutschein.de\/pl\/unsere-coaches\/"},{"@type":"ListItem","position":3,"name":"Alexandra Brecht"}]},{"@type":"WebSite","@id":"https:\/\/avgs-gutschein.de\/pl\/#website","url":"https:\/\/avgs-gutschein.de\/pl\/","name":"AVGS Gutschein","description":"","potentialAction":[{"@type":"SearchAction","target":{"@type":"EntryPoint","urlTemplate":"https:\/\/avgs-gutschein.de\/pl\/?s={search_term_string}"},"query-input":{"@type":"PropertyValueSpecification","valueRequired":true,"valueName":"search_term_string"}}],"inLanguage":"pl-PL"}]}},"_links":{"self":[{"href":"https:\/\/avgs-gutschein.de\/pl\/wp-json\/wp\/v2\/pages\/6135","targetHints":{"allow":["GET"]}}],"collection":[{"href":"https:\/\/avgs-gutschein.de\/pl\/wp-json\/wp\/v2\/pages"}],"about":[{"href":"https:\/\/avgs-gutschein.de\/pl\/wp-json\/wp\/v2\/types\/page"}],"author":[{"embeddable":true,"href":"https:\/\/avgs-gutschein.de\/pl\/wp-json\/wp\/v2\/users\/1"}],"replies":[{"embeddable":true,"href":"https:\/\/avgs-gutschein.de\/pl\/wp-json\/wp\/v2\/comments?post=6135"}],"version-history":[{"count":6,"href":"https:\/\/avgs-gutschein.de\/pl\/wp-json\/wp\/v2\/pages\/6135\/revisions"}],"predecessor-version":[{"id":7004,"href":"https:\/\/avgs-gutschein.de\/pl\/wp-json\/wp\/v2\/pages\/6135\/revisions\/7004"}],"up":[{"embeddable":true,"href":"https:\/\/avgs-gutschein.de\/pl\/wp-json\/wp\/v2\/pages\/6595"}],"wp:attachment":[{"href":"https:\/\/avgs-gutschein.de\/pl\/wp-json\/wp\/v2\/media?parent=6135"}],"curies":[{"name":"wp","href":"https:\/\/api.w.org\/{rel}","templated":true}]}}