{"id":11350,"date":"2025-04-24T05:59:42","date_gmt":"2025-04-24T03:59:42","guid":{"rendered":"https:\/\/avgs-gutschein.de\/nasi-trenerzy\/martina-fellinger\/"},"modified":"2025-10-07T09:56:41","modified_gmt":"2025-10-07T07:56:41","slug":"martina-fellinger","status":"publish","type":"page","link":"https:\/\/avgs-gutschein.de\/pl\/nasi-trenerzy\/martina-fellinger\/","title":{"rendered":"Martina Fellinger"},"content":{"rendered":"<p>[et_pb_section fb_built=&#8221;1&#8243; module_class=&#8221;coaches-img&#8221; _builder_version=&#8221;4.24.0&#8243; _module_preset=&#8221;default&#8221; background_color=&#8221;#e0e0e0&#8243; custom_padding=&#8221;0px||0px||true|false&#8221; global_colors_info=&#8221;{}&#8221;][et_pb_row column_structure=&#8221;2_5,3_5&#8243; use_custom_gutter=&#8221;on&#8221; make_equal=&#8221;on&#8221; _builder_version=&#8221;4.27.4&#8243; _module_preset=&#8221;default&#8221; custom_padding=&#8221;0px||0px||true|false&#8221; global_colors_info=&#8221;{}&#8221;][et_pb_column type=&#8221;2_5&#8243; _builder_version=&#8221;4.27.4&#8243; _module_preset=&#8221;default&#8221; background_image=&#8221;https:\/\/avgs-gutschein.de\/wp-content\/uploads\/2025\/04\/Martina_Fellinger_profile_pic.webp&#8221; custom_padding_tablet=&#8221;38vw||38vw||true|false&#8221; custom_padding_phone=&#8221;38vw||38vw||true|false&#8221; custom_padding_last_edited=&#8221;on|tablet&#8221; global_colors_info=&#8221;{}&#8221;][\/et_pb_column][et_pb_column type=&#8221;3_5&#8243; _builder_version=&#8221;4.23.1&#8243; _module_preset=&#8221;default&#8221; custom_padding=&#8221;3vw||3vw||true|false&#8221; custom_padding_tablet=&#8221;3vw||3vw||true|false&#8221; custom_padding_phone=&#8221;8vw||10vw||false|false&#8221; custom_padding_last_edited=&#8221;on|phone&#8221; global_colors_info=&#8221;{}&#8221;][et_pb_text _builder_version=&#8221;4.27.4&#8243; _module_preset=&#8221;default&#8221; header_font=&#8221;|800|||||||&#8221; header_text_color=&#8221;#000000&#8243; global_colors_info=&#8221;{}&#8221;]<\/p>\n<h1>Martina Fellinger<\/h1>\n<p>[\/et_pb_text][et_pb_text module_class=&#8221;sub-prof&#8221; _builder_version=&#8221;4.27.4&#8243; _module_preset=&#8221;default&#8221; text_text_color=&#8221;#000000&#8243; hover_enabled=&#8221;0&#8243; global_colors_info=&#8221;{}&#8221; sticky_enabled=&#8221;0&#8243;]<\/p>\n<div class=\"coach-desc\">\n<p><strong>Produkt:<\/strong> Coaching pracy, doradztwo na start<\/p>\n<hr \/>\n<p><strong>J\u0119zyk(i) coachingu: <\/strong>Niemiecki<\/p>\n<hr \/>\n<p><strong>Szkolenia\/certyfikaty coachingowe: <\/strong> Coaching zawodowy: szkolenia z zakresu aplikacji, badania rynku pracy, doradztwo zawodowe, rozmowy kwalifikacyjne, pozycjonowanie osobiste, pozycjonowanie\/strategia, marketing (cyfrowy), coach LPP (certyfikowany)<\/p>\n<hr \/>\n<p><strong>Do\u015bwiadczenie bran\u017cowe: <\/strong>Konsultacje\/coaching, Us\u0142ugi, Wydarzenia\/rozrywka, Handel\/sprzeda\u017c, Marketing\/komunikacja, Spo\u0142eczne\/edukacja\/szkolenia uzupe\u0142niaj\u0105ce, Przemys\u0142<\/p>\n<\/div>\n<p>[\/et_pb_text][et_pb_button button_url=&#8221;\/unsere-coaches\/martina-fellinger\/#kontakt-martina-fellinger&#8221; button_text=&#8221;Zarezerwuj wst\u0119pn\u0105 konsultacj\u0119&#8221; _builder_version=&#8221;4.27.4&#8243; _module_preset=&#8221;default&#8221; custom_button=&#8221;on&#8221; button_text_size=&#8221;16px&#8221; button_text_color=&#8221;#ffffff&#8221; button_bg_color=&#8221;#cd222a&#8221; button_border_width=&#8221;0px&#8221; button_border_color=&#8221;#FFFFFF&#8221; hover_enabled=&#8221;0&#8243; global_colors_info=&#8221;{}&#8221; sticky_enabled=&#8221;0&#8243;][\/et_pb_button][\/et_pb_column][\/et_pb_row][\/et_pb_section][et_pb_section fb_built=&#8221;1&#8243; _builder_version=&#8221;4.23.1&#8243; _module_preset=&#8221;default&#8221; global_colors_info=&#8221;{}&#8221;][et_pb_row column_structure=&#8221;2_3,1_3&#8243; use_custom_gutter=&#8221;on&#8221; make_equal=&#8221;on&#8221; _builder_version=&#8221;4.23.1&#8243; _module_preset=&#8221;default&#8221; global_colors_info=&#8221;{}&#8221;][et_pb_column type=&#8221;2_3&#8243; _builder_version=&#8221;4.23.1&#8243; _module_preset=&#8221;default&#8221; custom_padding=&#8221;|3vw|||false|false&#8221; border_width_right=&#8221;1px&#8221; border_color_right=&#8221;#cd222a&#8221; global_colors_info=&#8221;{}&#8221;][et_pb_text module_class=&#8221;prof-question&#8221; _builder_version=&#8221;4.27.4&#8243; _module_preset=&#8221;default&#8221; text_text_color=&#8221;#cd222a&#8221; text_font_size=&#8221;24px&#8221; hover_enabled=&#8221;0&#8243; global_colors_info=&#8221;{}&#8221; sticky_enabled=&#8221;0&#8243;]1. Jakie kwalifikacje czyni\u0105 Ci\u0119 trenerem\/coachem?[\/et_pb_text][et_pb_text module_class=&#8221;prof-answer&#8221; _builder_version=&#8221;4.27.4&#8243; _module_preset=&#8221;default&#8221; text_font=&#8221;|300|||||||&#8221; text_font_size=&#8221;18px&#8221; text_line_height=&#8221;2em&#8221; hover_enabled=&#8221;0&#8243; global_colors_info=&#8221;{}&#8221; sticky_enabled=&#8221;0&#8243;]Posiadam ponad 50 lat do\u015bwiadczenia \u017cyciowego i zawodowego, dzi\u0119ki czemu rozumiem \u015bwiat pracy z wielu perspektyw. Przez wiele lat pracowa\u0142am jako pracownik najemny, a od 2017 roku dzia\u0142am jako samozatrudniony doradca zawodowy i coach, wspieraj\u0105c ludzi w osi\u0105ganiu ich cel\u00f3w zawodowych. Pracuj\u0119 r\u00f3wnie\u017c jako freelancer jako konsultant ds. zasob\u00f3w ludzkich. To r\u00f3\u017cnorodne do\u015bwiadczenie pozwala mi odpowiada\u0107 na potrzeby moich klient\u00f3w w zindywidualizowany i praktyczny spos\u00f3b.[\/et_pb_text][et_pb_text module_class=&#8221;prof-question&#8221; _builder_version=&#8221;4.27.4&#8243; _module_preset=&#8221;default&#8221; text_text_color=&#8221;#cd222a&#8221; text_font_size=&#8221;24px&#8221; hover_enabled=&#8221;0&#8243; global_colors_info=&#8221;{}&#8221; sticky_enabled=&#8221;0&#8243;]2. Co najbardziej lubisz w swojej pracy?[\/et_pb_text][et_pb_text module_class=&#8221;prof-answer&#8221; _builder_version=&#8221;4.27.4&#8243; _module_preset=&#8221;default&#8221; text_font=&#8221;|300|||||||&#8221; text_font_size=&#8221;18px&#8221; text_line_height=&#8221;2em&#8221; hover_enabled=&#8221;0&#8243; global_colors_info=&#8221;{}&#8221; sticky_enabled=&#8221;0&#8243;]Najwi\u0119ksz\u0105 satysfakcj\u0119 daje mi, gdy moi podopieczni dostrzegaj\u0105 swoje mo\u017cliwo\u015bci i mocne strony. Gdy znajduj\u0105 odwag\u0119, by pod\u0105\u017ca\u0107 w\u0142asn\u0105 drog\u0105. Gdy do\u015bwiadczaj\u0105 spe\u0142nienia i z sukcesem osi\u0105gaj\u0105 swoje cele.[\/et_pb_text][et_pb_text module_class=&#8221;prof-question&#8221; _builder_version=&#8221;4.27.4&#8243; _module_preset=&#8221;default&#8221; text_text_color=&#8221;#cd222a&#8221; text_font_size=&#8221;24px&#8221; hover_enabled=&#8221;0&#8243; global_colors_info=&#8221;{}&#8221; sticky_enabled=&#8221;0&#8243;]3. Co m\u00f3wi\u0105 o Tobie Twoi klienci?[\/et_pb_text][et_pb_text module_class=&#8221;prof-answer&#8221; _builder_version=&#8221;4.27.4&#8243; _module_preset=&#8221;default&#8221; text_font=&#8221;|300|||||||&#8221; text_font_size=&#8221;18px&#8221; text_line_height=&#8221;2em&#8221; hover_enabled=&#8221;0&#8243; global_colors_info=&#8221;{}&#8221; sticky_enabled=&#8221;0&#8243;]Moj\u0105 si\u0142\u0105 jest tworzenie spokojnej, bezstronnej przestrzeni, w kt\u00f3rej moi klienci mog\u0105 si\u0119 otworzy\u0107 i uporz\u0105dkowa\u0107 swoje my\u015bli.<br \/>\nJeden z klient\u00f3w opisa\u0142 mnie kiedy\u015b jako osob\u0119 \u201espokojnie wytrwa\u0142\u0105\u201d \u2013 i dok\u0142adnie to mam na my\u015bli.<\/p>\n<p>Referencje klient\u00f3w:[\/et_pb_text][et_pb_slider use_bg_overlay=&#8221;off&#8221; use_text_overlay=&#8221;off&#8221; arrows_custom_color=&#8221;#E02B20&#8243; dot_nav_custom_color=&#8221;RGBA(255,255,255,0)&#8221; _builder_version=&#8221;4.27.4&#8243; _module_preset=&#8221;default&#8221; background_color=&#8221;#f5f5f5&#8243; button_icon_placement=&#8221;left&#8221; button_alignment=&#8221;center&#8221; custom_margin=&#8221;||||false|false&#8221; custom_padding=&#8221;|40px||40px|true|true&#8221; hover_enabled=&#8221;0&#8243; global_colors_info=&#8221;{}&#8221; sticky_enabled=&#8221;0&#8243;][et_pb_slide heading=&#8221;\u2605\u2605\u2605\u2605\u2605  &#8221; arrows_custom_color=&#8221;#cd222a&#8221; dot_nav_custom_color=&#8221;#E02B20&#8243; _builder_version=&#8221;4.27.4&#8243; _module_preset=&#8221;default&#8221; header_text_align=&#8221;center&#8221; header_text_color=&#8221;#cd222a&#8221; header_font_size=&#8221;30px&#8221; header_letter_spacing=&#8221;0px&#8221; body_text_align=&#8221;justify&#8221; body_text_color=&#8221;#666666&#8243; button_alignment=&#8221;center&#8221; custom_padding=&#8221;30px||70px||false|true&#8221; hover_enabled=&#8221;0&#8243; global_colors_info=&#8221;{}&#8221; sticky_transition=&#8221;on&#8221; sticky_enabled=&#8221;0&#8243;]<span style=\"font-weight: 400;\">Praca z Martin\u0105 da\u0142a mi mn\u00f3stwo wgl\u0105du w siebie, a moja pewno\u015b\u0107 siebie i poczucie w\u0142asnej warto\u015bci wzros\u0142y. Martina pomog\u0142a mi rozwin\u0105\u0107 si\u0119 osobi\u015bcie i zawodowo, za co jestem jej wdzi\u0119czna z ca\u0142ego serca.<\/span>[\/et_pb_slide][et_pb_slide heading=&#8221;\u2605\u2605\u2605\u2605\u2605  &#8221; arrows_custom_color=&#8221;#cd222a&#8221; dot_nav_custom_color=&#8221;#E02B20&#8243; _builder_version=&#8221;4.27.4&#8243; _module_preset=&#8221;default&#8221; header_text_align=&#8221;center&#8221; header_text_color=&#8221;#cd222a&#8221; header_font_size=&#8221;30px&#8221; header_letter_spacing=&#8221;0px&#8221; body_text_align=&#8221;justify&#8221; body_text_color=&#8221;#666666&#8243; button_alignment=&#8221;center&#8221; custom_padding=&#8221;30px||70px||false|true&#8221; hover_enabled=&#8221;0&#8243; global_colors_info=&#8221;{}&#8221; sticky_transition=&#8221;on&#8221; sticky_enabled=&#8221;0&#8243;]Przed nasz\u0105 wsp\u00f3\u0142prac\u0105 czu\u0142am si\u0119 pusta i brakowa\u0142o mi pomys\u0142\u00f3w, rozwi\u0105za\u0144 i mo\u017cliwo\u015bci rozwoju kariery. Zach\u0119ci\u0142e\u015b mnie do dostrze\u017cenia, rozpoznania i wyra\u017cenia swoich umiej\u0119tno\u015bci! Teraz wiem, \u017ce nie musz\u0119 koniecznie kszta\u0142ci\u0107 si\u0119 na piel\u0119gniark\u0119 weterynaryjn\u0105, \u017ceby by\u0107 szcz\u0119\u015bliw\u0105. Jest te\u017c co\u015b pomi\u0119dzy ;o)[\/et_pb_slide][et_pb_slide heading=&#8221;\u2605\u2605\u2605\u2605\u2605  &#8221; arrows_custom_color=&#8221;#cd222a&#8221; dot_nav_custom_color=&#8221;#E02B20&#8243; _builder_version=&#8221;4.27.4&#8243; _module_preset=&#8221;default&#8221; header_text_align=&#8221;center&#8221; header_text_color=&#8221;#cd222a&#8221; header_font_size=&#8221;30px&#8221; header_letter_spacing=&#8221;0px&#8221; body_text_align=&#8221;justify&#8221; body_text_color=&#8221;#666666&#8243; button_alignment=&#8221;center&#8221; custom_padding=&#8221;30px||70px||false|true&#8221; hover_enabled=&#8221;0&#8243; global_colors_info=&#8221;{}&#8221; sticky_transition=&#8221;on&#8221; sticky_enabled=&#8221;0&#8243;]Po ponad 20 latach w \u015bwiecie zawodowym nadszed\u0142 najwy\u017cszy czas, aby Martina co tydzie\u0144 stawia\u0142a przede mn\u0105 lustro i zach\u0119ca\u0142a mnie do refleksji i samodzielnego my\u015blenia. Przewarto\u015bciowa\u0142am tematy takie jak warto\u015bci i rzeczy, kt\u00f3re s\u0105 dla mnie co najmniej tak samo wa\u017cne, jak moja kariera, a to uczyni\u0142o mnie silniejsz\u0105 i bardziej pewn\u0105 siebie na przysz\u0142o\u015b\u0107 \u2013 zar\u00f3wno zawodowo, jak i osobi\u015bcie![\/et_pb_slide][\/et_pb_slider][et_pb_text module_class=&#8221;prof-question&#8221; _builder_version=&#8221;4.27.4&#8243; _module_preset=&#8221;default&#8221; text_text_color=&#8221;#cd222a&#8221; text_font_size=&#8221;24px&#8221; hover_enabled=&#8221;0&#8243; global_colors_info=&#8221;{}&#8221; sticky_enabled=&#8221;0&#8243;]3. Jaki jest najlepszy spos\u00f3b na relaks?[\/et_pb_text][et_pb_text module_class=&#8221;prof-answer&#8221; _builder_version=&#8221;4.27.4&#8243; _module_preset=&#8221;default&#8221; text_font=&#8221;|300|||||||&#8221; text_font_size=&#8221;18px&#8221; text_line_height=&#8221;2em&#8221; hover_enabled=&#8221;0&#8243; global_colors_info=&#8221;{}&#8221; sticky_enabled=&#8221;0&#8243;]Kiedy jestem w kuchni z moim partnerem, gotuj\u0105c pyszne posi\u0142ki i ci\u0105gle wypr\u00f3bowuj\u0105c nowe przepisy i sk\u0142adniki. Albo kiedy je\u017cd\u017c\u0119 na rowerze, na kr\u00f3tkich, codziennych przeja\u017cd\u017ckach lub na d\u0142u\u017cszych, wakacyjnych wyjazdach.[\/et_pb_text][\/et_pb_column][et_pb_column type=&#8221;1_3&#8243; _builder_version=&#8221;4.23.1&#8243; _module_preset=&#8221;default&#8221; global_colors_info=&#8221;{}&#8221;][et_pb_blurb title=&#8221;Lokalizacja&#8221; use_icon=&#8221;on&#8221; font_icon=&#8221;&#xe01d;||divi||400&#8243; icon_color=&#8221;#cd222a&#8221; image_icon_width=&#8221;40px&#8221; icon_alignment=&#8221;left&#8221; _builder_version=&#8221;4.27.4&#8243; _module_preset=&#8221;default&#8221; header_level=&#8221;h2&#8243; body_font_size=&#8221;18px&#8221; body_line_height=&#8221;1.8em&#8221; hover_enabled=&#8221;0&#8243; global_colors_info=&#8221;{}&#8221; sticky_enabled=&#8221;0&#8243;]online w ca\u0142ych Niemczech<br \/>\nObecno\u015b\u0107 w: L\u00fcneburg[\/et_pb_blurb][et_pb_blurb title=&#8221;Szkolenie zawodowe i do\u015bwiadczenie zawodowe:&#8221; use_icon=&#8221;on&#8221; font_icon=&#8221;&#xf19d;||fa||900&#8243; icon_color=&#8221;#cd222a&#8221; image_icon_width=&#8221;40px&#8221; icon_alignment=&#8221;left&#8221; _builder_version=&#8221;4.27.4&#8243; _module_preset=&#8221;default&#8221; header_level=&#8221;h2&#8243; header_line_height=&#8221;1.2em&#8221; body_font_size=&#8221;18px&#8221; body_line_height=&#8221;1.8em&#8221; hover_enabled=&#8221;0&#8243; global_colors_info=&#8221;{}&#8221; sticky_enabled=&#8221;0&#8243;]Systemowy coach biznesowy, coach profilowania osobowo\u015bci, alternatywny terapeuta psychoterapii, licencjat z zarz\u0105dzania biznesem, specjalista ds. zarz\u0105dzania hotelarstwem<\/p>\n<p>Ponad 20 lat do\u015bwiadczenia zawodowego w marketingu, sprzeda\u017cy i doradztwie HR. Jako coach wspieram specjalist\u00f3w i mened\u017cer\u00f3w mi\u0119dzy innymi w reorientacji zawodowej i zmianie pracy.[\/et_pb_blurb][et_pb_blurb title=&#8221;Zainteresowania osobiste&#8221; use_icon=&#8221;on&#8221; font_icon=&#8221;&#xe030;||divi||400&#8243; icon_color=&#8221;#cd222a&#8221; image_icon_width=&#8221;40px&#8221; icon_alignment=&#8221;left&#8221; disabled_on=&#8221;off|off|off&#8221; _builder_version=&#8221;4.27.4&#8243; _module_preset=&#8221;default&#8221; header_level=&#8221;h2&#8243; header_line_height=&#8221;1.2em&#8221; body_font_size=&#8221;18px&#8221; body_line_height=&#8221;1.8em&#8221; hover_enabled=&#8221;0&#8243; global_colors_info=&#8221;{}&#8221; sticky_enabled=&#8221;0&#8243;]Gotowanie, czytanie, jazda na rowerze, podr\u00f3\u017cowanie, biwakowanie[\/et_pb_blurb][\/et_pb_column][\/et_pb_row][et_pb_row module_id=&#8221;kontakt-martina-fellinger&#8221; _builder_version=&#8221;4.27.4&#8243; _module_preset=&#8221;default&#8221; global_colors_info=&#8221;{}&#8221;][et_pb_column type=&#8221;4_4&#8243; _builder_version=&#8221;4.23.1&#8243; _module_preset=&#8221;default&#8221; global_colors_info=&#8221;{}&#8221;][et_pb_text _builder_version=&#8221;4.27.4&#8243; _module_preset=&#8221;default&#8221; header_2_text_color=&#8221;#cd222a&#8221; header_2_font_size=&#8221;30px&#8221; hover_enabled=&#8221;0&#8243; global_colors_info=&#8221;{}&#8221; sticky_enabled=&#8221;0&#8243;]<\/p>\n<h2>Pro\u015bba o coaching AVGS dla Martina Fellinger<\/h2>\n<p>[\/et_pb_text][et_pb_text _builder_version=&#8221;4.27.4&#8243; _module_preset=&#8221;default&#8221; text_font_size=&#8221;18px&#8221; text_line_height=&#8221;2em&#8221; hover_enabled=&#8221;0&#8243; global_colors_info=&#8221;{}&#8221; sticky_enabled=&#8221;0&#8243;]Przeka\u017cemy Twoje dane Martina Fellinger, aby mog\u0142a si\u0119 z Tob\u0105 skontaktowa\u0107 tak szybko, jak to mo\u017cliwe, z sugerowan\u0105 dat\u0105 niezobowi\u0105zuj\u0105cej wst\u0119pnej konsultacji. Jakie masz pro\u015bby dotycz\u0105ce coachingu AVGS?[\/et_pb_text][et_pb_code module_class=&#8221;cf-kntkt-form cf-sub-kntkt-form&#8221; _builder_version=&#8221;4.27.4&#8243; _module_preset=&#8221;default&#8221; global_colors_info=&#8221;{}&#8221;]\n<div class=\"wpcf7 no-js\" id=\"wpcf7-f11368-o1\" lang=\"pl-PL\" dir=\"ltr\" data-wpcf7-id=\"11368\">\n<div class=\"screen-reader-response\"><p role=\"status\" aria-live=\"polite\" aria-atomic=\"true\"><\/p> <ul><\/ul><\/div>\n<form action=\"\/pl\/wp-json\/wp\/v2\/pages\/11350#wpcf7-f11368-o1\" method=\"post\" class=\"wpcf7-form init\" aria-label=\"Formularz kontaktowy\" novalidate=\"novalidate\" data-status=\"init\">\n<fieldset class=\"hidden-fields-container\"><input type=\"hidden\" name=\"_wpcf7\" value=\"11368\" \/><input type=\"hidden\" name=\"_wpcf7_version\" value=\"6.1.2\" \/><input type=\"hidden\" name=\"_wpcf7_locale\" value=\"pl_PL\" \/><input type=\"hidden\" name=\"_wpcf7_unit_tag\" value=\"wpcf7-f11368-o1\" \/><input type=\"hidden\" name=\"_wpcf7_container_post\" value=\"0\" \/><input type=\"hidden\" name=\"_wpcf7_posted_data_hash\" value=\"\" \/>\n<\/fieldset>\n<div class=\"w3-row\">\n\t<div class=\"w3-col\">\n\t\t<p><span class=\"wpcf7-form-control-wrap\" data-name=\"what-can-we-do-for-you-answer\"><span class=\"wpcf7-form-control wpcf7-checkbox checkbox\"><span class=\"wpcf7-list-item first\"><label><input type=\"checkbox\" name=\"what-can-we-do-for-you-answer[]\" value=\"Coaching pracy\" \/><span class=\"wpcf7-list-item-label\">Coaching pracy<\/span><\/label><\/span><span class=\"wpcf7-list-item last\"><label><input type=\"checkbox\" name=\"what-can-we-do-for-you-answer[]\" value=\"Porady dla start-up\u00f3w\" \/><span class=\"wpcf7-list-item-label\">Porady dla start-up\u00f3w<\/span><\/label><\/span><\/span><\/span>\n\t\t<\/p>\n\t<\/div>\n<\/div>\n<div class=\"w3-row\">\n\t<div class=\"w3-col\">\n\t\t<p><label>Imi\u0119 i nazwisko<\/label><br \/>\n<span class=\"wpcf7-form-control-wrap\" data-name=\"Vor-und-Nachname\"><input size=\"40\" maxlength=\"400\" class=\"wpcf7-form-control wpcf7-text wpcf7-validates-as-required\" autocomplete=\"off\" aria-required=\"true\" aria-invalid=\"false\" value=\"\" type=\"text\" name=\"Vor-und-Nachname\" \/><\/span>\n\t\t<\/p>\n\t<\/div>\n<\/div>\n<div class=\"w3-row\">\n\t<div class=\"w3-col\">\n\t\t<p><label>Numer telefonu<\/label><br \/>\n<span class=\"wpcf7-form-control-wrap\" data-name=\"telefonnummer\"><input size=\"40\" maxlength=\"400\" class=\"wpcf7-form-control wpcf7-tel wpcf7-text wpcf7-validates-as-tel\" autocomplete=\"off\" aria-invalid=\"false\" value=\"\" type=\"tel\" name=\"telefonnummer\" \/><\/span>\n\t\t<\/p>\n\t<\/div>\n\t<div class=\"w3-col\">\n\t\t<p><label>Adres e-mail<\/label><br \/>\n<span class=\"wpcf7-form-control-wrap\" data-name=\"your-email\"><input size=\"40\" maxlength=\"400\" class=\"wpcf7-form-control wpcf7-email wpcf7-validates-as-required wpcf7-text wpcf7-validates-as-email\" autocomplete=\"off\" aria-required=\"true\" aria-invalid=\"false\" value=\"\" type=\"email\" name=\"your-email\" \/><\/span>\n\t\t<\/p>\n\t<\/div>\n<\/div>\n<div class=\"w3-row\">\n\t<div class=\"w3-col\">\n\t\t<p><label>Wiadomo\u015b\u0107<\/label>\n\t\t<\/p>\n\t<\/div>\n\t<div class=\"w3-col\">\n\t\t<p><span class=\"wpcf7-form-control-wrap\" data-name=\"mitteilung\"><textarea cols=\"40\" rows=\"10\" maxlength=\"2000\" class=\"wpcf7-form-control wpcf7-textarea\" aria-invalid=\"false\" placeholder=\"maks 500 znak\u00f3w\" name=\"mitteilung\"><\/textarea><\/span>\n\t\t<\/p>\n\t<\/div>\n<\/div>\n<div class=\"w3-row\">\n\t<div class=\"w3-col\">\n\t\t<p><label>Jak nas znalaz\u0142e\u015b?<\/label>\n\t\t<\/p>\n\t<\/div>\n<\/div>\n<div class=\"w3-row\">\n\t<div class=\"w3-col\">\n\t\t<p><span class=\"wpcf7-form-control-wrap\" data-name=\"how-did-you-find-us-answer\"><span class=\"wpcf7-form-control wpcf7-checkbox checkbox\"><span class=\"wpcf7-list-item first\"><label><input type=\"checkbox\" name=\"how-did-you-find-us-answer[]\" value=\"Polecenie osobiste\" \/><span class=\"wpcf7-list-item-label\">Polecenie osobiste<\/span><\/label><\/span><span class=\"wpcf7-list-item\"><label><input type=\"checkbox\" name=\"how-did-you-find-us-answer[]\" value=\"Wyszukiwanie w Internecie\" \/><span class=\"wpcf7-list-item-label\">Wyszukiwanie w Internecie<\/span><\/label><\/span><span class=\"wpcf7-list-item last\"><label><input type=\"checkbox\" name=\"how-did-you-find-us-answer[]\" value=\"Media spo\u0142eczno\u015bciowe\" \/><span class=\"wpcf7-list-item-label\">Media spo\u0142eczno\u015bciowe<\/span><\/label><\/span><\/span><\/span>\n\t\t<\/p>\n\t<\/div>\n<\/div>\n<div class=\"w3-row\">\n\t<div class=\"w3-col\">\n\t\t<p><label>Ochrona danych<\/label><br \/>\n<span class=\"wpcf7-form-control-wrap\" data-name=\"datenschutz\"><span class=\"wpcf7-form-control wpcf7-checkbox wpcf7-validates-as-required\"><span class=\"wpcf7-list-item first last\"><input type=\"checkbox\" name=\"datenschutz[]\" value=\"Wyra\u017cam zgod\u0119 na przetwarzanie moich danych osobowych podanych powy\u017cej w celu otrzymywania informacji o sesjach coachingowych. Moje dane mog\u0105 zosta\u0107 przekazane trenerom, z kt\u00f3rymi nale\u017cy si\u0119 skontaktowa\u0107 w celu nawi\u0105zania kontaktu. Zapozna\u0142em\/am si\u0119 z dodatkowymi informacjami dotycz\u0105cymi przetwarzania moich danych. Jestem \u015bwiadomy\/a, \u017ce  udzielon\u0105 zgod\u0119 mog\u0119 w ka\u017cdej chwili odwo\u0142a\u0107 telefonicznie lub wysy\u0142aj\u0105c nieformaln\u0105 wiadomo\u015b\u0107 e-mail na adres kontakt@beratung-westphal.de.\" \/><span class=\"wpcf7-list-item-label\">Wyra\u017cam zgod\u0119 na przetwarzanie moich danych osobowych podanych powy\u017cej w celu otrzymywania informacji o sesjach coachingowych. Moje dane mog\u0105 zosta\u0107 przekazane trenerom, z kt\u00f3rymi nale\u017cy si\u0119 skontaktowa\u0107 w celu nawi\u0105zania kontaktu. Zapozna\u0142em\/am si\u0119 z dodatkowymi informacjami dotycz\u0105cymi przetwarzania moich danych. Jestem \u015bwiadomy\/a, \u017ce  udzielon\u0105 zgod\u0119 mog\u0119 w ka\u017cdej chwili odwo\u0142a\u0107 telefonicznie lub wysy\u0142aj\u0105c nieformaln\u0105 wiadomo\u015b\u0107 e-mail na adres kontakt@beratung-westphal.de.<\/span><\/span><\/span><\/span>\n\t\t<\/p>\n\t<\/div>\n<\/div>\n<div class=\"w3-row\">\n\t<div class=\"w3-col\">\n\t\t<p><span class=\"wpcf7-form-control-wrap\" data-name=\"quiz-827\"><label><span class=\"wpcf7-quiz-label\">34 + 10 = ?<\/span> <input size=\"40\" class=\"wpcf7-form-control wpcf7-quiz\" autocomplete=\"off\" aria-required=\"true\" aria-invalid=\"false\" type=\"text\" name=\"quiz-827\" \/><\/label><input type=\"hidden\" name=\"_wpcf7_quiz_answer_quiz-827\" value=\"84a28f7c445aa7a7dfb7bed85c1f1358\" \/><\/span>\n\t\t<\/p>\n\t<\/div>\n<\/div>\n<center>\n\t<div class=\"w3-row\">\n\t\t<div class=\"w3-col\">\n\t\t\t<p><input class=\"wpcf7-form-control wpcf7-submit has-spinner pc-button bg-primary-color square-button primary-border-color\" type=\"submit\" value=\"Wys\u0142a\u0107\" \/>\n\t\t\t<\/p>\n\t\t<\/div>\n\t<\/div>\n<\/center><div class=\"frc-captcha \" data-sitekey=\"FCMIVM5H8K1HPA6F\" data-lang=\"pl\" ><\/div>\n\t\t<noscript>You need to enable Javascript for the anti-spam check.<\/noscript><div class=\"wpcf7-response-output\" aria-hidden=\"true\"><\/div>\n<\/form>\n<\/div>\n[\/et_pb_code][\/et_pb_column][\/et_pb_row][\/et_pb_section]<\/p>\n","protected":false},"excerpt":{"rendered":"<p>Martina Fellinger Produkt: Coaching pracy, doradztwo na start J\u0119zyk(i) coachingu: Niemiecki Szkolenia\/certyfikaty coachingowe: Coaching zawodowy: szkolenia z zakresu aplikacji, badania rynku pracy, doradztwo zawodowe, rozmowy kwalifikacyjne, pozycjonowanie osobiste, pozycjonowanie\/strategia, marketing (cyfrowy), coach LPP (certyfikowany) Do\u015bwiadczenie bran\u017cowe: Konsultacje\/coaching, Us\u0142ugi, Wydarzenia\/rozrywka, Handel\/sprzeda\u017c, Marketing\/komunikacja, Spo\u0142eczne\/edukacja\/szkolenia uzupe\u0142niaj\u0105ce, Przemys\u0142 1. Jakie kwalifikacje czyni\u0105 Ci\u0119 trenerem\/coachem?Posiadam ponad 50 lat do\u015bwiadczenia \u017cyciowego [&hellip;]<\/p>\n","protected":false},"author":1,"featured_media":0,"parent":6595,"menu_order":0,"comment_status":"closed","ping_status":"closed","template":"","meta":{"_et_pb_use_builder":"on","_et_pb_old_content":"","_et_gb_content_width":"","footnotes":""},"class_list":["post-11350","page","type-page","status-publish","hentry"],"yoast_head":"<!-- This site is optimized with the Yoast SEO plugin v26.0 - https:\/\/yoast.com\/wordpress\/plugins\/seo\/ -->\n<title>Martina Fellinger - AVGS Gutschein<\/title>\n<meta name=\"robots\" content=\"index, follow, max-snippet:-1, max-image-preview:large, max-video-preview:-1\" \/>\n<link rel=\"canonical\" href=\"https:\/\/avgs-gutschein.de\/pl\/nasi-trenerzy\/martina-fellinger\/\" \/>\n<meta property=\"og:locale\" content=\"pl_PL\" \/>\n<meta property=\"og:type\" content=\"article\" \/>\n<meta property=\"og:title\" content=\"Martina Fellinger - AVGS Gutschein\" \/>\n<meta property=\"og:description\" content=\"Martina Fellinger Produkt: Coaching pracy, doradztwo na start J\u0119zyk(i) coachingu: Niemiecki Szkolenia\/certyfikaty coachingowe: Coaching zawodowy: szkolenia z zakresu aplikacji, badania rynku pracy, doradztwo zawodowe, rozmowy kwalifikacyjne, pozycjonowanie osobiste, pozycjonowanie\/strategia, marketing (cyfrowy), coach LPP (certyfikowany) Do\u015bwiadczenie bran\u017cowe: Konsultacje\/coaching, Us\u0142ugi, Wydarzenia\/rozrywka, Handel\/sprzeda\u017c, Marketing\/komunikacja, Spo\u0142eczne\/edukacja\/szkolenia uzupe\u0142niaj\u0105ce, Przemys\u0142 1. Jakie kwalifikacje czyni\u0105 Ci\u0119 trenerem\/coachem?Posiadam ponad 50 lat do\u015bwiadczenia \u017cyciowego [&hellip;]\" \/>\n<meta property=\"og:url\" content=\"https:\/\/avgs-gutschein.de\/pl\/nasi-trenerzy\/martina-fellinger\/\" \/>\n<meta property=\"og:site_name\" content=\"AVGS Gutschein\" \/>\n<meta property=\"article:modified_time\" content=\"2025-10-07T07:56:41+00:00\" \/>\n<meta name=\"twitter:card\" content=\"summary_large_image\" \/>\n<meta name=\"twitter:label1\" content=\"Szacowany czas czytania\" \/>\n\t<meta name=\"twitter:data1\" content=\"4 minuty\" \/>\n<script type=\"application\/ld+json\" class=\"yoast-schema-graph\">{\"@context\":\"https:\/\/schema.org\",\"@graph\":[{\"@type\":\"WebPage\",\"@id\":\"https:\/\/avgs-gutschein.de\/pl\/nasi-trenerzy\/martina-fellinger\/\",\"url\":\"https:\/\/avgs-gutschein.de\/pl\/nasi-trenerzy\/martina-fellinger\/\",\"name\":\"Martina Fellinger - AVGS Gutschein\",\"isPartOf\":{\"@id\":\"https:\/\/avgs-gutschein.de\/pl\/#website\"},\"datePublished\":\"2025-04-24T03:59:42+00:00\",\"dateModified\":\"2025-10-07T07:56:41+00:00\",\"breadcrumb\":{\"@id\":\"https:\/\/avgs-gutschein.de\/pl\/nasi-trenerzy\/martina-fellinger\/#breadcrumb\"},\"inLanguage\":\"pl-PL\",\"potentialAction\":[{\"@type\":\"ReadAction\",\"target\":[\"https:\/\/avgs-gutschein.de\/pl\/nasi-trenerzy\/martina-fellinger\/\"]}]},{\"@type\":\"BreadcrumbList\",\"@id\":\"https:\/\/avgs-gutschein.de\/pl\/nasi-trenerzy\/martina-fellinger\/#breadcrumb\",\"itemListElement\":[{\"@type\":\"ListItem\",\"position\":1,\"name\":\"Startseite\",\"item\":\"https:\/\/avgs-gutschein.de\/pl\/\"},{\"@type\":\"ListItem\",\"position\":2,\"name\":\"Wybierz trenera AVGS\",\"item\":\"https:\/\/avgs-gutschein.de\/pl\/unsere-coaches\/\"},{\"@type\":\"ListItem\",\"position\":3,\"name\":\"Martina Fellinger\"}]},{\"@type\":\"WebSite\",\"@id\":\"https:\/\/avgs-gutschein.de\/pl\/#website\",\"url\":\"https:\/\/avgs-gutschein.de\/pl\/\",\"name\":\"AVGS Gutschein\",\"description\":\"\",\"potentialAction\":[{\"@type\":\"SearchAction\",\"target\":{\"@type\":\"EntryPoint\",\"urlTemplate\":\"https:\/\/avgs-gutschein.de\/pl\/?s={search_term_string}\"},\"query-input\":{\"@type\":\"PropertyValueSpecification\",\"valueRequired\":true,\"valueName\":\"search_term_string\"}}],\"inLanguage\":\"pl-PL\"}]}<\/script>\n<!-- \/ Yoast SEO plugin. -->","yoast_head_json":{"title":"Martina Fellinger - AVGS Gutschein","robots":{"index":"index","follow":"follow","max-snippet":"max-snippet:-1","max-image-preview":"max-image-preview:large","max-video-preview":"max-video-preview:-1"},"canonical":"https:\/\/avgs-gutschein.de\/pl\/nasi-trenerzy\/martina-fellinger\/","og_locale":"pl_PL","og_type":"article","og_title":"Martina Fellinger - AVGS Gutschein","og_description":"Martina Fellinger Produkt: Coaching pracy, doradztwo na start J\u0119zyk(i) coachingu: Niemiecki Szkolenia\/certyfikaty coachingowe: Coaching zawodowy: szkolenia z zakresu aplikacji, badania rynku pracy, doradztwo zawodowe, rozmowy kwalifikacyjne, pozycjonowanie osobiste, pozycjonowanie\/strategia, marketing (cyfrowy), coach LPP (certyfikowany) Do\u015bwiadczenie bran\u017cowe: Konsultacje\/coaching, Us\u0142ugi, Wydarzenia\/rozrywka, Handel\/sprzeda\u017c, Marketing\/komunikacja, Spo\u0142eczne\/edukacja\/szkolenia uzupe\u0142niaj\u0105ce, Przemys\u0142 1. Jakie kwalifikacje czyni\u0105 Ci\u0119 trenerem\/coachem?Posiadam ponad 50 lat do\u015bwiadczenia \u017cyciowego [&hellip;]","og_url":"https:\/\/avgs-gutschein.de\/pl\/nasi-trenerzy\/martina-fellinger\/","og_site_name":"AVGS Gutschein","article_modified_time":"2025-10-07T07:56:41+00:00","twitter_card":"summary_large_image","twitter_misc":{"Szacowany czas czytania":"4 minuty"},"schema":{"@context":"https:\/\/schema.org","@graph":[{"@type":"WebPage","@id":"https:\/\/avgs-gutschein.de\/pl\/nasi-trenerzy\/martina-fellinger\/","url":"https:\/\/avgs-gutschein.de\/pl\/nasi-trenerzy\/martina-fellinger\/","name":"Martina Fellinger - AVGS Gutschein","isPartOf":{"@id":"https:\/\/avgs-gutschein.de\/pl\/#website"},"datePublished":"2025-04-24T03:59:42+00:00","dateModified":"2025-10-07T07:56:41+00:00","breadcrumb":{"@id":"https:\/\/avgs-gutschein.de\/pl\/nasi-trenerzy\/martina-fellinger\/#breadcrumb"},"inLanguage":"pl-PL","potentialAction":[{"@type":"ReadAction","target":["https:\/\/avgs-gutschein.de\/pl\/nasi-trenerzy\/martina-fellinger\/"]}]},{"@type":"BreadcrumbList","@id":"https:\/\/avgs-gutschein.de\/pl\/nasi-trenerzy\/martina-fellinger\/#breadcrumb","itemListElement":[{"@type":"ListItem","position":1,"name":"Startseite","item":"https:\/\/avgs-gutschein.de\/pl\/"},{"@type":"ListItem","position":2,"name":"Wybierz trenera AVGS","item":"https:\/\/avgs-gutschein.de\/pl\/unsere-coaches\/"},{"@type":"ListItem","position":3,"name":"Martina Fellinger"}]},{"@type":"WebSite","@id":"https:\/\/avgs-gutschein.de\/pl\/#website","url":"https:\/\/avgs-gutschein.de\/pl\/","name":"AVGS Gutschein","description":"","potentialAction":[{"@type":"SearchAction","target":{"@type":"EntryPoint","urlTemplate":"https:\/\/avgs-gutschein.de\/pl\/?s={search_term_string}"},"query-input":{"@type":"PropertyValueSpecification","valueRequired":true,"valueName":"search_term_string"}}],"inLanguage":"pl-PL"}]}},"_links":{"self":[{"href":"https:\/\/avgs-gutschein.de\/pl\/wp-json\/wp\/v2\/pages\/11350","targetHints":{"allow":["GET"]}}],"collection":[{"href":"https:\/\/avgs-gutschein.de\/pl\/wp-json\/wp\/v2\/pages"}],"about":[{"href":"https:\/\/avgs-gutschein.de\/pl\/wp-json\/wp\/v2\/types\/page"}],"author":[{"embeddable":true,"href":"https:\/\/avgs-gutschein.de\/pl\/wp-json\/wp\/v2\/users\/1"}],"replies":[{"embeddable":true,"href":"https:\/\/avgs-gutschein.de\/pl\/wp-json\/wp\/v2\/comments?post=11350"}],"version-history":[{"count":9,"href":"https:\/\/avgs-gutschein.de\/pl\/wp-json\/wp\/v2\/pages\/11350\/revisions"}],"predecessor-version":[{"id":11676,"href":"https:\/\/avgs-gutschein.de\/pl\/wp-json\/wp\/v2\/pages\/11350\/revisions\/11676"}],"up":[{"embeddable":true,"href":"https:\/\/avgs-gutschein.de\/pl\/wp-json\/wp\/v2\/pages\/6595"}],"wp:attachment":[{"href":"https:\/\/avgs-gutschein.de\/pl\/wp-json\/wp\/v2\/media?parent=11350"}],"curies":[{"name":"wp","href":"https:\/\/api.w.org\/{rel}","templated":true}]}}