{"id":11290,"date":"2025-04-24T03:57:02","date_gmt":"2025-04-24T01:57:02","guid":{"rendered":"https:\/\/avgs-gutschein.de\/nasi-trenerzy\/sybille-wolf\/"},"modified":"2025-10-07T09:56:08","modified_gmt":"2025-10-07T07:56:08","slug":"sybille-wolf","status":"publish","type":"page","link":"https:\/\/avgs-gutschein.de\/pl\/nasi-trenerzy\/sybille-wolf\/","title":{"rendered":"Sybille Wolf"},"content":{"rendered":"<p>[et_pb_section fb_built=&#8221;1&#8243; module_class=&#8221;coaches-img&#8221; _builder_version=&#8221;4.24.0&#8243; _module_preset=&#8221;default&#8221; background_color=&#8221;#e0e0e0&#8243; custom_padding=&#8221;0px||0px||true|false&#8221; global_colors_info=&#8221;{}&#8221;][et_pb_row column_structure=&#8221;2_5,3_5&#8243; use_custom_gutter=&#8221;on&#8221; make_equal=&#8221;on&#8221; _builder_version=&#8221;4.27.4&#8243; _module_preset=&#8221;default&#8221; custom_padding=&#8221;0px||0px||true|false&#8221; global_colors_info=&#8221;{}&#8221;][et_pb_column type=&#8221;2_5&#8243; _builder_version=&#8221;4.27.4&#8243; _module_preset=&#8221;default&#8221; background_image=&#8221;https:\/\/avgs-gutschein.de\/wp-content\/uploads\/2025\/04\/Wolf_Sybille_profile_pic.webp&#8221; custom_padding_tablet=&#8221;38vw||38vw||true|false&#8221; custom_padding_phone=&#8221;38vw||38vw||true|false&#8221; custom_padding_last_edited=&#8221;on|tablet&#8221; global_colors_info=&#8221;{}&#8221;][\/et_pb_column][et_pb_column type=&#8221;3_5&#8243; _builder_version=&#8221;4.23.1&#8243; _module_preset=&#8221;default&#8221; custom_padding=&#8221;3vw||3vw||true|false&#8221; custom_padding_tablet=&#8221;3vw||3vw||true|false&#8221; custom_padding_phone=&#8221;8vw||10vw||false|false&#8221; custom_padding_last_edited=&#8221;on|phone&#8221; global_colors_info=&#8221;{}&#8221;][et_pb_text _builder_version=&#8221;4.27.4&#8243; _module_preset=&#8221;default&#8221; header_font=&#8221;|800|||||||&#8221; header_text_color=&#8221;#000000&#8243; global_colors_info=&#8221;{}&#8221;]<\/p>\n<h1>Sybille Wolf<\/h1>\n<p>[\/et_pb_text][et_pb_text module_class=&#8221;sub-prof&#8221; _builder_version=&#8221;4.27.4&#8243; _module_preset=&#8221;default&#8221; text_text_color=&#8221;#000000&#8243; hover_enabled=&#8221;0&#8243; global_colors_info=&#8221;{}&#8221; sticky_enabled=&#8221;0&#8243;]<\/p>\n<div class=\"coach-desc\">\n<p><strong>Produkt:<\/strong> Coaching pracy<\/p>\n<hr \/>\n<p><strong>J\u0119zyk(i) coachingu: <\/strong>Niemiecki<\/p>\n<hr \/>\n<p><strong>Szkolenia\/certyfikaty coachingowe: <\/strong>Przysz\u0142y certyfikowany trener zdrowia holistycznego wed\u0142ug prof. dr. J\u00f6rga Spitz, certyfikowanego przez IHK specjalisty ds. kultury korporacyjnej, certyfikowanego trenera biznesowego w BZTB, certyfikowanego przez IHK specjalisty ds. handlowych<\/p>\n<hr \/>\n<p><strong>Do\u015bwiadczenie bran\u017cowe: <\/strong>Konsultacje\/coaching, us\u0142ugi, wydarzenia\/rozrywka, zdrowie\/opieka, handel\/sprzeda\u017c, marketing\/komunikacja, edukacja\/kszta\u0142cenie ustawiczne, start-upy<\/p>\n<\/div>\n<p>[\/et_pb_text][et_pb_button button_url=&#8221;https:\/\/avgs-gutschein.de\/pl\/nasi-trenerzy\/sybille-wolf\/#kontakt-sybille-wolf&#8221; button_text=&#8221;Zarezerwuj wst\u0119pn\u0105 konsultacj\u0119&#8221; _builder_version=&#8221;4.27.4&#8243; _module_preset=&#8221;default&#8221; custom_button=&#8221;on&#8221; button_text_size=&#8221;16px&#8221; button_text_color=&#8221;#ffffff&#8221; button_bg_color=&#8221;#cd222a&#8221; button_border_width=&#8221;0px&#8221; button_border_color=&#8221;#FFFFFF&#8221; global_colors_info=&#8221;{}&#8221;][\/et_pb_button][\/et_pb_column][\/et_pb_row][\/et_pb_section][et_pb_section fb_built=&#8221;1&#8243; _builder_version=&#8221;4.23.1&#8243; _module_preset=&#8221;default&#8221; global_colors_info=&#8221;{}&#8221;][et_pb_row column_structure=&#8221;2_3,1_3&#8243; use_custom_gutter=&#8221;on&#8221; make_equal=&#8221;on&#8221; _builder_version=&#8221;4.23.1&#8243; _module_preset=&#8221;default&#8221; global_colors_info=&#8221;{}&#8221;][et_pb_column type=&#8221;2_3&#8243; _builder_version=&#8221;4.23.1&#8243; _module_preset=&#8221;default&#8221; custom_padding=&#8221;|3vw|||false|false&#8221; border_width_right=&#8221;1px&#8221; border_color_right=&#8221;#cd222a&#8221; global_colors_info=&#8221;{}&#8221;][et_pb_text module_class=&#8221;prof-question&#8221; _builder_version=&#8221;4.27.4&#8243; _module_preset=&#8221;default&#8221; text_text_color=&#8221;#cd222a&#8221; text_font_size=&#8221;24px&#8221; global_colors_info=&#8221;{}&#8221;]1. Jakie kwalifikacje czyni\u0105 Ci\u0119 trenerem\/coachem?[\/et_pb_text][et_pb_text module_class=&#8221;prof-answer&#8221; _builder_version=&#8221;4.27.4&#8243; _module_preset=&#8221;default&#8221; text_font=&#8221;|300|||||||&#8221; text_font_size=&#8221;18px&#8221; text_line_height=&#8221;2em&#8221; global_colors_info=&#8221;{}&#8221;]Ponad 31 lat do\u015bwiadczenia w rozwoju ludzi, w kierownictwie i sprzeda\u017cy w pi\u0119ciu r\u00f3\u017cnych firmach\/korporacjach. Jako trener i specjalista ds. rozwoju zasob\u00f3w ludzkich oraz mened\u017cer, od sta\u017cysty do dyrektora zarz\u0105dzaj\u0105cego.[\/et_pb_text][et_pb_text module_class=&#8221;prof-question&#8221; _builder_version=&#8221;4.27.4&#8243; _module_preset=&#8221;default&#8221; text_text_color=&#8221;#cd222a&#8221; text_font_size=&#8221;24px&#8221; global_colors_info=&#8221;{}&#8221;]2. Jakie mierzalne rezultaty uda\u0142o Ci si\u0119 osi\u0105gn\u0105\u0107 wsp\u00f3lnie z klientami i co Ci\u0119 wyr\u00f3\u017cnia?[\/et_pb_text][et_pb_text module_class=&#8221;prof-answer&#8221; _builder_version=&#8221;4.27.4&#8243; _module_preset=&#8221;default&#8221; text_font=&#8221;|300|||||||&#8221; text_font_size=&#8221;18px&#8221; text_line_height=&#8221;2em&#8221; global_colors_info=&#8221;{}&#8221;]Moi klienci osi\u0105gn\u0119li to, czego chcieli: prac\u0119 na pe\u0142en etat, dyplom lub w\u0142a\u015bciw\u0105 \u015bcie\u017ck\u0119 \u017cyciow\u0105\/\u015bcie\u017ck\u0119 rozwoju osobistego.[\/et_pb_text][et_pb_text module_class=&#8221;prof-question&#8221; _builder_version=&#8221;4.27.4&#8243; _module_preset=&#8221;default&#8221; text_text_color=&#8221;#cd222a&#8221; text_font_size=&#8221;24px&#8221; global_colors_info=&#8221;{}&#8221;]3. Co m\u00f3wi\u0105 o Tobie Twoi klienci?[\/et_pb_text][et_pb_text module_class=&#8221;prof-answer&#8221; _builder_version=&#8221;4.27.4&#8243; _module_preset=&#8221;default&#8221; text_font=&#8221;|300|||||||&#8221; text_font_size=&#8221;18px&#8221; text_line_height=&#8221;2em&#8221; global_colors_info=&#8221;{}&#8221;]W najlepszym wypadku wpisz w wyszukiwark\u0119 Google \u201eSybille Wolf\u201d i przeczytaj moje pi\u0119ciogwiazdkowe recenzje\u2026 oto trzy fragmenty.[\/et_pb_text][et_pb_slider use_bg_overlay=&#8221;off&#8221; use_text_overlay=&#8221;off&#8221; arrows_custom_color=&#8221;#E02B20&#8243; dot_nav_custom_color=&#8221;RGBA(255,255,255,0)&#8221; _builder_version=&#8221;4.27.4&#8243; _module_preset=&#8221;default&#8221; background_color=&#8221;#f5f5f5&#8243; button_icon_placement=&#8221;left&#8221; button_alignment=&#8221;center&#8221; custom_margin=&#8221;||||false|false&#8221; custom_padding=&#8221;|40px||40px|true|true&#8221; locked=&#8221;off&#8221; global_colors_info=&#8221;{}&#8221;][et_pb_slide heading=&#8221;\u2605\u2605\u2605\u2605\u2605  &#8221; arrows_custom_color=&#8221;#cd222a&#8221; dot_nav_custom_color=&#8221;#E02B20&#8243; _builder_version=&#8221;4.27.4&#8243; _module_preset=&#8221;default&#8221; header_text_align=&#8221;center&#8221; header_text_color=&#8221;#cd222a&#8221; header_font_size=&#8221;30px&#8221; header_letter_spacing=&#8221;0px&#8221; body_text_align=&#8221;justify&#8221; body_text_color=&#8221;#666666&#8243; button_alignment=&#8221;center&#8221; custom_padding=&#8221;30px||70px||false|true&#8221; locked=&#8221;off&#8221; global_colors_info=&#8221;{}&#8221; sticky_transition=&#8221;on&#8221;]Praca z Sybille Wolf to prawdziwy dar! Jest nie tylko niezwykle kompetentn\u0105 i do\u015bwiadczon\u0105 trenerk\u0105 biznesow\u0105 i FeelGOOD, ale tak\u017ce imponuj\u0105co inspiruj\u0105c\u0105 osob\u0105. Ka\u017cda rozmowa z ni\u0105 to istny przyp\u0142yw pomys\u0142\u00f3w i energii \u2013 z ka\u017cdej rozmowy wychodzisz wzmocniony, zmotywowany i pe\u0142en energii.<\/p>\n<p>Pogodna i empatyczna osobowo\u015b\u0107 Sybille jest po prostu zara\u017aliwa. Dzi\u0119ki pozytywnej charyzmie i jasnemu spojrzeniu, udaje jej si\u0119 nie tylko przedstawia\u0107 rozwi\u0105zania, ale tak\u017ce perspektyw\u0119, kt\u00f3ra zach\u0119ca do otwarcia si\u0119 na \u015bwiat.<\/p>\n<p>Jej umiej\u0119tno\u015b\u0107 swobodnego przekazywania skomplikowanych temat\u00f3w i wielkie serce dla ludzi, z kt\u00f3rymi pracuje, czyni\u0105 j\u0105 prawdziwym wzorem do na\u015bladowania. Praca z Sybille by\u0142a dla mnie nie tylko wzbogacaj\u0105ca \u2013 pokaza\u0142a mi, jak wielki potencja\u0142 w sobie drzemie. Mog\u0119 j\u0105 poleci\u0107 ka\u017cdemu, kto szuka rozwoju osobistego, sukcesu zawodowego lub po prostu pozytywnego impulsu do \u017cycia!<\/p>\n<p>Dzi\u0119kuj\u0119, Sybille, za wszystko, co robisz! \ud83c\udf1f[\/et_pb_slide][et_pb_slide heading=&#8221;\u2605\u2605\u2605\u2605\u2605  &#8221; arrows_custom_color=&#8221;#cd222a&#8221; dot_nav_custom_color=&#8221;#E02B20&#8243; _builder_version=&#8221;4.27.4&#8243; _module_preset=&#8221;default&#8221; header_text_align=&#8221;center&#8221; header_text_color=&#8221;#cd222a&#8221; header_font_size=&#8221;30px&#8221; header_letter_spacing=&#8221;0px&#8221; body_text_align=&#8221;justify&#8221; body_text_color=&#8221;#666666&#8243; button_alignment=&#8221;center&#8221; custom_padding=&#8221;30px||70px||false|true&#8221; locked=&#8221;off&#8221; global_colors_info=&#8221;{}&#8221; sticky_transition=&#8221;on&#8221;]Dlaczego tylko 5 gwiazdek, a nie ca\u0142e niebo pe\u0142ne gwiazdek? Gdyby to zale\u017ca\u0142o ode mnie, nie by\u0142oby ogranicze\u0144 co do liczby gwiazdek, kt\u00f3re mog\u0119 przyzna\u0107. Sybille Wolf to fantastyczna ekspertka, mentorka, towarzyszka i silna kobieta. Po prostu trzeba jej do\u015bwiadczy\u0107! Mam teraz ogromne szcz\u0119\u015bcie, \u017ce mog\u0119 by\u0107 z ni\u0105 indywidualnie trenowana. Jestem za to niesko\u0144czenie wdzi\u0119czna. Co za fenomenalna podr\u00f3\u017c w ka\u017cdym kierunku. Je\u015bli kto\u015b wie, jak dawa\u0107 trwa\u0142e impulsy i wzmacnia\u0107 mocne strony, to w\u0142a\u015bnie ona. To absolutna warto\u015b\u0107 dodana i \u017cycz\u0119 ka\u017cdemu, kto chce odkry\u0107 i rozwin\u0105\u0107 sw\u00f3j potencja\u0142 i mocne strony, aby m\u00f3g\u0142 mie\u0107 j\u0105 za mentora. Dlaczego? M\u00f3wi\u0105c wprost, Sybille tworzy przestrze\u0144 do rozwoju i imponuj\u0105cych zmian. Prowadzi coaching z ogromn\u0105 pasj\u0105, empati\u0105, kipi energi\u0105, humorem, autentyczno\u015bci\u0105 i jest na bie\u017c\u0105co z najnowszymi trendami. Zawsze na bie\u017c\u0105co, pe\u0142na szacunku i niesamowicie wdzi\u0119czna. Jest pasjonatk\u0105 rozwoju ludzi, posiada ogromn\u0105 wiedz\u0119 specjalistyczn\u0105, ogromn\u0105 wra\u017cliwo\u015b\u0107 i mn\u00f3stwo serca. Chapeau! Jestem niezmiernie wdzi\u0119czny i dumny, \u017ce masz mnie u boku. Kiedy my\u015bl\u0119 o tym, jak dobrze mogliby sobie radzi\u0107 pracownicy firm, gdyby\u015b o niej wiedzia\u0142\u2026 To by\u0142aby absolutna warto\u015b\u0107 dodana dla wielu firm. Zdrowi, zmotywowani i produktywni pracownicy to fundament zdrowych i odnosz\u0105cych sukcesy firm. #ODWAGA#Wdra\u017canie#Nastawienie#Rozw\u00f3j. Wi\u0119c\u2026 Podziel si\u0119 tym ze \u015bwiatem![\/et_pb_slide][et_pb_slide heading=&#8221;\u2605\u2605\u2605\u2605\u2605  &#8221; arrows_custom_color=&#8221;#cd222a&#8221; dot_nav_custom_color=&#8221;#E02B20&#8243; _builder_version=&#8221;4.27.4&#8243; _module_preset=&#8221;default&#8221; header_text_align=&#8221;center&#8221; header_text_color=&#8221;#cd222a&#8221; header_font_size=&#8221;30px&#8221; header_letter_spacing=&#8221;0px&#8221; body_text_align=&#8221;justify&#8221; body_text_color=&#8221;#666666&#8243; button_alignment=&#8221;center&#8221; custom_padding=&#8221;30px||70px||false|true&#8221; locked=&#8221;off&#8221; global_colors_info=&#8221;{}&#8221; sticky_transition=&#8221;on&#8221;]Sybille jest fenomenalna! Dotar\u0142a do zespo\u0142u w kr\u00f3tkim czasie, podzieli\u0142a si\u0119 swoj\u0105 ogromn\u0105 wiedz\u0105 i jest niezwykle profesjonalna w swojej roli! To prawdziwy atut dla wszystkich! #feelgood4all[\/et_pb_slide][\/et_pb_slider][\/et_pb_column][et_pb_column type=&#8221;1_3&#8243; _builder_version=&#8221;4.23.1&#8243; _module_preset=&#8221;default&#8221; global_colors_info=&#8221;{}&#8221;][et_pb_blurb title=&#8221;Lokalizacja&#8221; use_icon=&#8221;on&#8221; font_icon=&#8221;&#xe01d;||divi||400&#8243; icon_color=&#8221;#cd222a&#8221; image_icon_width=&#8221;40px&#8221; icon_alignment=&#8221;left&#8221; _builder_version=&#8221;4.27.4&#8243; _module_preset=&#8221;default&#8221; header_level=&#8221;h2&#8243; body_font_size=&#8221;18px&#8221; body_line_height=&#8221;1.8em&#8221; global_colors_info=&#8221;{}&#8221;]online w ca\u0142ych Niemczech<br \/>\nObecno\u015b\u0107 w: Berlin[\/et_pb_blurb][et_pb_blurb title=&#8221;Szkolenie zawodowe i do\u015bwiadczenie zawodowe:&#8221; use_icon=&#8221;on&#8221; font_icon=&#8221;&#xf19d;||fa||900&#8243; icon_color=&#8221;#cd222a&#8221; image_icon_width=&#8221;40px&#8221; icon_alignment=&#8221;left&#8221; _builder_version=&#8221;4.27.4&#8243; _module_preset=&#8221;default&#8221; header_level=&#8221;h2&#8243; header_line_height=&#8221;1.2em&#8221; body_font_size=&#8221;18px&#8221; body_line_height=&#8221;1.8em&#8221; custom_margin=&#8221;||0px||false|false&#8221; global_colors_info=&#8221;{}&#8221;][\/et_pb_blurb][et_pb_code _builder_version=&#8221;4.27.4&#8243; _module_preset=&#8221;default&#8221; min_height=&#8221;186px&#8221; custom_margin=&#8221;9px||1px||false|false&#8221; global_colors_info=&#8221;{}&#8221;]<\/p>\n<div class=\"read-more-container-etoile\"><!-- [et_pb_line_break_holder] -->  <\/p>\n<div class=\"short-text-etoile\"><!-- [et_pb_line_break_holder] -->    Mam ju\u017c za sob\u0105 ekscytuj\u0105c\u0105 podr\u00f3\u017c w \u015bwiecie biznesu. Maj\u0105c zaledwie 19 lat, obj\u0105\u0142em swoje pierwsze stanowisko kierownicze i poprowadzi\u0142em zespo\u0142y do \u200b\u200bsukcesu w pi\u0119ciu r\u00f3\u017cnych firmach.<!-- [et_pb_line_break_holder] -->  <\/div>\n<p><!-- [et_pb_line_break_holder] -->  <!-- [et_pb_line_break_holder] -->  <\/p>\n<div class=\"full-text-etoile\" style=\"display:none;\"><!-- [et_pb_line_break_holder] -->    Mam ju\u017c za sob\u0105 ekscytuj\u0105c\u0105 podr\u00f3\u017c w \u015bwiecie biznesu. Maj\u0105c zaledwie 19 lat, obj\u0105\u0142em swoje pierwsze stanowisko kierownicze i poprowadzi\u0142em zespo\u0142y do \u200b\u200bsukcesu w pi\u0119ciu r\u00f3\u017cnych firmach. Dzi\u0119ki temu odkry\u0142em swoj\u0105 pasj\u0119 do motywowania pracownik\u00f3w i wsp\u00f3\u0142pracy z nimi w osi\u0105ganiu ambitnych cel\u00f3w. Lata sp\u0119dzone na stanowisku lidera nauczy\u0142y mnie, jak wa\u017cne jest traktowanie ludzi jak r\u00f3wnych sobie i komunikowanie si\u0119 z szacunkiem. To odkrycie przyczyni\u0142o si\u0119 do tego, \u017ce zosta\u0142em nawet nazwany \u201eTwarz\u0105 Handlu Detalicznego 2022\u201d \u2013 a teraz staj\u0119 si\u0119 g\u0142osem ponad 4,8 miliona pracownik\u00f3w handlu detalicznego.<!-- [et_pb_line_break_holder] --><!\u2013- [et_pb_br_holder] -\u2013><!\u2013- [et_pb_br_holder] -\u2013>   <!-- [et_pb_line_break_holder] -->Po ponad o\u015bmiu latach pracy jako coach biznesowy postanowi\u0142em za\u0142o\u017cy\u0107 w\u0142asn\u0105 firm\u0119. Dzi\u015b wspieram firmy w poprawie dobrostanu pracownik\u00f3w. G\u0142\u0119boko wierz\u0119, \u017ce je\u015bli pracownicy dobrze prosperuj\u0105, firma i jej klienci r\u00f3wnie\u017c. Brzmi logicznie, prawda?<!-- [et_pb_line_break_holder] -->  <\/div>\n<p><!-- [et_pb_line_break_holder] -->  <!-- [et_pb_line_break_holder] -->  <a href=\"#\" class=\"read-more-toggle-etoile\">czytaj wi\u0119cej<\/a><!-- [et_pb_line_break_holder] --><\/div>\n<p><!-- [et_pb_line_break_holder] --><!-- [et_pb_line_break_holder] --><\/p>\n<style><!-- [et_pb_line_break_holder] -->.read-more-container-etoile {<!-- [et_pb_line_break_holder] -->  position: relative;<!-- [et_pb_line_break_holder] -->  padding-bottom: 25px;<!-- [et_pb_line_break_holder] -->  font-family: \"Helvetica Neue\", Helvetica, Arial, sans-serif;<!-- [et_pb_line_break_holder] -->  font-size: 18px;<!-- [et_pb_line_break_holder] -->  line-height: 1.5;<!-- [et_pb_line_break_holder] -->}<!-- [et_pb_line_break_holder] -->.read-more-toggle-etoile {<!-- [et_pb_line_break_holder] -->  color: #cd222a;<!-- [et_pb_line_break_holder] -->  text-decoration: underline;<!-- [et_pb_line_break_holder] -->  cursor: pointer;<!-- [et_pb_line_break_holder] -->  display: inline-block;<!-- [et_pb_line_break_holder] -->  margin-top: 10px;<!-- [et_pb_line_break_holder] -->  font-family: \"Helvetica Neue\", Helvetica, Arial, sans-serif;<!-- [et_pb_line_break_holder] -->  font-size: 18px;<!-- [et_pb_line_break_holder] -->  font-weight: normal;<!-- [et_pb_line_break_holder] -->}<!-- [et_pb_line_break_holder] -->.read-more-toggle-etoile:hover {<!-- [et_pb_line_break_holder] -->  color: #a81b22;<!-- [et_pb_line_break_holder] -->}<!-- [et_pb_line_break_holder] -->.short-text-etoile, .full-text-etoile {<!-- [et_pb_line_break_holder] -->  font-family: \"Helvetica Neue\", Helvetica, Arial, sans-serif;<!-- [et_pb_line_break_holder] -->  font-size: 18px;<!-- [et_pb_line_break_holder] -->  line-height: 1.5;<!-- [et_pb_line_break_holder] -->}<!-- [et_pb_line_break_holder] --><\/style>\n<p><!-- [et_pb_line_break_holder] --><!-- [et_pb_line_break_holder] --><script><!-- [et_pb_line_break_holder] -->jQuery(document).ready(function($) {<!-- [et_pb_line_break_holder] -->  $('.read-more-toggle-etoile').click(function(e) {<!-- [et_pb_line_break_holder] -->    e.preventDefault();<!-- [et_pb_line_break_holder] -->    var container = $(this).closest('.read-more-container-etoile');<!-- [et_pb_line_break_holder] -->    var shortText = container.find('.short-text-etoile');<!-- [et_pb_line_break_holder] -->    var fullText = container.find('.full-text-etoile');<!-- [et_pb_line_break_holder] -->    var toggle = $(this);<!-- [et_pb_line_break_holder] -->    <!-- [et_pb_line_break_holder] -->    if (fullText.is(':visible')) {<!-- [et_pb_line_break_holder] -->      fullText.slideUp();<!-- [et_pb_line_break_holder] -->      shortText.slideDown();<!-- [et_pb_line_break_holder] -->      toggle.text('czytaj wi\u0119cej');<!-- [et_pb_line_break_holder] -->    } else {<!-- [et_pb_line_break_holder] -->      shortText.slideUp();<!-- [et_pb_line_break_holder] -->      fullText.slideDown();<!-- [et_pb_line_break_holder] -->      toggle.text('Przeczytaj mniej');<!-- [et_pb_line_break_holder] -->    }<!-- [et_pb_line_break_holder] -->  });<!-- [et_pb_line_break_holder] -->});<!-- [et_pb_line_break_holder] --><\/script>[\/et_pb_code][et_pb_blurb title=&#8221;Zainteresowania osobiste&#8221; use_icon=&#8221;on&#8221; font_icon=&#8221;&#xe030;||divi||400&#8243; icon_color=&#8221;#cd222a&#8221; image_icon_width=&#8221;40px&#8221; icon_alignment=&#8221;left&#8221; disabled_on=&#8221;off|off|off&#8221; _builder_version=&#8221;4.27.4&#8243; _module_preset=&#8221;default&#8221; header_level=&#8221;h2&#8243; header_line_height=&#8221;1.2em&#8221; body_font_size=&#8221;18px&#8221; body_line_height=&#8221;1.8em&#8221; global_colors_info=&#8221;{}&#8221;][\/et_pb_blurb][et_pb_code disabled_on=&#8221;on|on|off&#8221; _builder_version=&#8221;4.27.4&#8243; _module_preset=&#8221;default&#8221; custom_margin=&#8221;-25px||||false|false&#8221; ab_subject=&#8221;on&#8221; ab_subject_id=&#8221;1&#8243; ab_goal=&#8221;on&#8221; global_colors_info=&#8221;{}&#8221;]<\/p>\n<div class=\"read-more-container-etoile1\"><!-- [et_pb_line_break_holder] -->  <\/p>\n<div class=\"short-text-etoile1\"><!-- [et_pb_line_break_holder] -->    Oto jak b\u0119dziemy wsp\u00f3\u0142pracowa\u0107:<!-- [et_pb_line_break_holder] --> \t\t\t<!\u2013- [et_pb_br_holder] -\u2013><!\u2013- [et_pb_br_holder] -\u2013><!-- [et_pb_line_break_holder] -->Swoje kluczowe kompetencje postrzegam szczeg\u00f3lnie w doradztwie zawodowym, doradztwie orientacyjnym, <!-- [et_pb_line_break_holder] -->  <\/div>\n<p><!-- [et_pb_line_break_holder] -->  <!-- [et_pb_line_break_holder] -->  <\/p>\n<div class=\"full-text-etoile1\" style=\"display:none;\"><!-- [et_pb_line_break_holder] -->    Oto jak b\u0119dziemy wsp\u00f3\u0142pracowa\u0107:<!-- [et_pb_line_break_holder] --> <!\u2013- [et_pb_br_holder] -\u2013><!\u2013- [et_pb_br_holder] -\u2013><!-- [et_pb_line_break_holder] -->Widz\u0119 swoje kluczowe kompetencje szczeg\u00f3lnie w coachingu zawodowym, coachingu orientacyjnym, coachingu przyw\u00f3dztwa, coachingu aplikacyjnym, coachingu dla kobiet i m\u0119\u017cczyzn, a tak\u017ce coachingu on-the-job, coachingu \u017cyciowym i coachingu kariery. W zale\u017cno\u015bci od tego, kt\u00f3rym coachingiem jeste\u015b zainteresowany, om\u00f3wimy z wyprzedzeniem Twoj\u0105 \u015bcie\u017ck\u0119 rozwoju. Mog\u0105 istnie\u0107 konkretne bloki tematyczne, o kt\u00f3rych mo\u017cesz dowiedzie\u0107 si\u0119 wi\u0119cej od moich koleg\u00f3w. Ch\u0119tnie Ci\u0119 w tym pomog\u0119. W ten spos\u00f3b otrzymasz idealny zestaw coachingowy. Wszystko kr\u0119ci si\u0119 wok\u00f3\u0142 Ciebie! Powiniene\u015b czu\u0107 si\u0119 komfortowo! Pozw\u00f3l, \u017ce opisz\u0119 to tak: Wsiadasz do mojego wygodnego \u201epowozu\u201d i odje\u017cd\u017camy! Nasza droga do Twojego celu b\u0119dzie wyboista i wyboista\u2026 mo\u017ce. Rozpocz\u0119cie czego\u015b nowego mo\u017ce by\u0107 wyzwaniem! Potem zrobimy sobie przerw\u0119 i przyjrzymy si\u0119 temu, co oboje ju\u017c opanowali\u015bmy! Z czego mo\u017cemy by\u0107 dumni! By\u0107 mo\u017ce nawet p\u00f3jdziemy nowymi \u015bcie\u017ckami. Za wspania\u0142\u0105 podr\u00f3\u017c do Twojego celu! Czekam na spotkanie z Tob\u0105! Zacznij pakowa\u0107 walizki\u2026 \ud83d\ude0a! Moja rada: Mo\u017ce napiszesz sw\u00f3j w\u0142asny dziennik sukcesu! Wow! B\u0119dzie si\u0119 cudownie czyta\u0107 p\u00f3\u017aniej i prawdopodobnie stanie si\u0119 twoim towarzyszem, przewodnikiem w \u017cyciu codziennym. Jak\u017ce cenne!<!-- [et_pb_line_break_holder] --><!\u2013- [et_pb_br_holder] -\u2013><!\u2013- [et_pb_br_holder] -\u2013><!-- [et_pb_line_break_holder] -->M\u00f3j cel \u2013 Twoja korzy\u015b\u0107:<!-- [et_pb_line_break_holder] --><!\u2013- [et_pb_br_holder] -\u2013><!\u2013- [et_pb_br_holder] -\u2013><!-- [et_pb_line_break_holder] -->Tworzenie i praca z tablic\u0105 wizualizacyjn\u0105\/wizerunkiem przysz\u0142o\u015bci, samokontrola, samoprzyw\u00f3dztwo, radzenie sobie z trudnymi sytuacjami, wzmacnianie odporno\u015bci, promowanie samomotywacji, zarz\u0105dzanie konfliktami, osi\u0105ganie szcz\u0119\u015bcia \u2013 poprawa jako\u015bci \u017cycia, promowanie pewno\u015bci siebie i autorefleksji, rozwijanie zaufania i doceniaj\u0105cej komunikacji, kultura feedbacku i wiele wi\u0119cej.<!-- [et_pb_line_break_holder] --><!-- [et_pb_line_break_holder] -->  <\/div>\n<p><!-- [et_pb_line_break_holder] -->  <!-- [et_pb_line_break_holder] -->  <a href=\"#\" class=\"read-more-toggle-etoile1\">czytaj wi\u0119cej<\/a><!-- [et_pb_line_break_holder] --><\/div>\n<p><!-- [et_pb_line_break_holder] --><!-- [et_pb_line_break_holder] --><\/p>\n<style><!-- [et_pb_line_break_holder] -->.read-more-container-etoile1 {<!-- [et_pb_line_break_holder] -->  position: relative;<!-- [et_pb_line_break_holder] -->  padding-bottom: 25px;<!-- [et_pb_line_break_holder] -->  font-family: \"Helvetica Neue\", Helvetica, Arial, sans-serif;<!-- [et_pb_line_break_holder] -->  font-size: 18px;<!-- [et_pb_line_break_holder] -->  line-height: 1.5;<!-- [et_pb_line_break_holder] -->}<!-- [et_pb_line_break_holder] -->.read-more-toggle-etoile1 {<!-- [et_pb_line_break_holder] -->  color: #cd222a;<!-- [et_pb_line_break_holder] -->  text-decoration: underline;<!-- [et_pb_line_break_holder] -->  cursor: pointer;<!-- [et_pb_line_break_holder] -->  display: inline-block;<!-- [et_pb_line_break_holder] -->  margin-top: 10px;<!-- [et_pb_line_break_holder] -->  font-family: \"Helvetica Neue\", Helvetica, Arial, sans-serif;<!-- [et_pb_line_break_holder] -->  font-size: 18px;<!-- [et_pb_line_break_holder] -->  font-weight: normal;<!-- [et_pb_line_break_holder] -->}<!-- [et_pb_line_break_holder] -->.read-more-toggle-etoile1:hover {<!-- [et_pb_line_break_holder] -->  color: #a81b22;<!-- [et_pb_line_break_holder] -->}<!-- [et_pb_line_break_holder] -->.short-text-etoile1, .full-text-etoile1 {<!-- [et_pb_line_break_holder] -->  font-family: \"Helvetica Neue\", Helvetica, Arial, sans-serif;<!-- [et_pb_line_break_holder] -->  font-size: 18px;<!-- [et_pb_line_break_holder] -->  line-height: 1.5;<!-- [et_pb_line_break_holder] -->}<!-- [et_pb_line_break_holder] --><\/style>\n<p><!-- [et_pb_line_break_holder] --><!-- [et_pb_line_break_holder] --><script><!-- [et_pb_line_break_holder] -->jQuery(document).ready(function($) {<!-- [et_pb_line_break_holder] -->  $('.read-more-toggle-etoile1').click(function(e) {<!-- [et_pb_line_break_holder] -->    e.preventDefault();<!-- [et_pb_line_break_holder] -->    var container = $(this).closest('.read-more-container-etoile1');<!-- [et_pb_line_break_holder] -->    var shortText = container.find('.short-text-etoile1');<!-- [et_pb_line_break_holder] -->    var fullText = container.find('.full-text-etoile1');<!-- [et_pb_line_break_holder] -->    var toggle = $(this);<!-- [et_pb_line_break_holder] -->    <!-- [et_pb_line_break_holder] -->    if (fullText.is(':visible')) {<!-- [et_pb_line_break_holder] -->      fullText.slideUp();<!-- [et_pb_line_break_holder] -->      shortText.slideDown();<!-- [et_pb_line_break_holder] -->      toggle.text('czytaj wi\u0119cej');<!-- [et_pb_line_break_holder] -->    } else {<!-- [et_pb_line_break_holder] -->      shortText.slideUp();<!-- [et_pb_line_break_holder] -->      fullText.slideDown();<!-- [et_pb_line_break_holder] -->      toggle.text('Przeczytaj mniej');<!-- [et_pb_line_break_holder] -->    }<!-- [et_pb_line_break_holder] -->  });<!-- [et_pb_line_break_holder] -->});<!-- [et_pb_line_break_holder] --><\/script>[\/et_pb_code][et_pb_code disabled_on=&#8221;on|on|off&#8221; _builder_version=&#8221;4.27.4&#8243; _module_preset=&#8221;default&#8221; custom_margin=&#8221;-25px||||false|false&#8221; ab_subject=&#8221;on&#8221; ab_subject_id=&#8221;2&#8243; ab_goal=&#8221;on&#8221; global_colors_info=&#8221;{}&#8221;]<\/p>\n<div class=\"read-more-container-etoile\"><!-- [et_pb_line_break_holder] -->  <\/p>\n<div class=\"short-text-etoile\"><!-- [et_pb_line_break_holder] -->    So werden wir zusammenarbeiten:<!-- [et_pb_line_break_holder] --> \t\t\t<!\u2013- [et_pb_br_holder] -\u2013><!\u2013- [et_pb_br_holder] -\u2013><!-- [et_pb_line_break_holder] -->Meine Kernkompetenzen sehe ich besonders im Jobcoaching, Orientierungscoaching, <!-- [et_pb_line_break_holder] -->  <\/div>\n<p><!-- [et_pb_line_break_holder] -->  <!-- [et_pb_line_break_holder] -->  <\/p>\n<div class=\"full-text-etoile\" style=\"display:none;\"><!-- [et_pb_line_break_holder] -->    So werden wir zusammenarbeiten:<!-- [et_pb_line_break_holder] --> <!\u2013- [et_pb_br_holder] -\u2013><!\u2013- [et_pb_br_holder] -\u2013><!-- [et_pb_line_break_holder] -->Meine Kernkompetenzen sehe ich besonders im Jobcoaching, Orientierungscoaching, F\u00fchrungskr\u00e4ftecoaching, Bewerbungscoaching, Frauen \u2013 und M\u00e4nnercoaching, sowie Coaching on the job, Lifecoaching und Karrierecoaching. Je nachdem, f\u00fcr welches Coaching Du Dich interessierst, besprechen wir im Vorfeld konkret Deinen pers\u00f6nlichen Weg. M\u00f6glicherweise gibt es inhaltliche Themenbl\u00f6cke, welche Du von meinen Kolleginnen und Kollegen fachspezifischer erfahren kannst. Dabei unterst\u00fctze ich Dich gerne. So hast Du den perfekten Coachmix. Es geht hier ausschlie\u00dflich um Dich! Du sollst Dich wohlf\u00fchlen! Ich beschreibe es mal so: Du steigst in meine gem\u00fctliche \u201eKutsche\u201c ein und dann fahren wir los! Unser Weg zu Deinem Ziel wird steinig und holprig\u2026vielleicht. Etwas Neues zu beginnen kann herausfordernd sein! Dann machen wir mal eine Pause und schauen auf das, was wir beide schon gemeistert haben! Worauf wir stolz sein k\u00f6nnen! Vielleicht werden wir auch neue Pfade entlang fahren. Auf eine ganz wundervolle Reise zu Deinem Ziel! Ich freue mich auf Dich! Pack schon mal Deine Koffer\u2026\ud83d\ude0a! Mein Tipp: Vielleicht wirst Du Dein Erfolgstagebuch schreiben! Wow! Das liest sich sp\u00e4ter ganz wundervoll und wird wohl dann Dein Begleiter, Dein Ratgeber im Alltag werden. Wie wertvoll!<!-- [et_pb_line_break_holder] --><!\u2013- [et_pb_br_holder] -\u2013><!\u2013- [et_pb_br_holder] -\u2013><!-- [et_pb_line_break_holder] -->Meine Schwerpunkte \u2013 Dein Nutzen:<!-- [et_pb_line_break_holder] --><!\u2013- [et_pb_br_holder] -\u2013><!\u2013- [et_pb_br_holder] -\u2013><!-- [et_pb_line_break_holder] -->Visionboard\/ Zukunftbild erstellen und damit arbeiten, Selbstmanagement, Selbstf\u00fchrung, herausfordernde Situationen meistern, Resilienz st\u00e4rken, Selbstmotivation f\u00f6rdern, Konfliktmanagement, Gl\u00fccklich werden \u2013 Lebensqualit\u00e4t verbessern, F\u00f6rderung von Selbstbewusstsein und Selbstreflexion, Entwicklung von Vertrauen und wertsch\u00e4tzende Kommunikation, Feedbackkultur u.v.m.<!-- [et_pb_line_break_holder] --><!-- [et_pb_line_break_holder] -->  <\/div>\n<p><!-- [et_pb_line_break_holder] -->  <!-- [et_pb_line_break_holder] -->  <a href=\"#\" class=\"read-more-toggle-etoile\">mehr lessen<\/a><!-- [et_pb_line_break_holder] --><\/div>\n<p><!-- [et_pb_line_break_holder] --><!-- [et_pb_line_break_holder] --><\/p>\n<style><!-- [et_pb_line_break_holder] -->.read-more-container-etoile {<!-- [et_pb_line_break_holder] -->  position: relative;<!-- [et_pb_line_break_holder] -->  padding-bottom: 25px;<!-- [et_pb_line_break_holder] -->  font-family: \"Helvetica Neue\", Helvetica, Arial, sans-serif;<!-- [et_pb_line_break_holder] -->  font-size: 18px;<!-- [et_pb_line_break_holder] -->  line-height: 1.5;<!-- [et_pb_line_break_holder] -->}<!-- [et_pb_line_break_holder] -->.read-more-toggle-etoile {<!-- [et_pb_line_break_holder] -->  color: #cd222a;<!-- [et_pb_line_break_holder] -->  text-decoration: underline;<!-- [et_pb_line_break_holder] -->  cursor: pointer;<!-- [et_pb_line_break_holder] -->  display: inline-block;<!-- [et_pb_line_break_holder] -->  margin-top: 10px;<!-- [et_pb_line_break_holder] -->  font-family: \"Helvetica Neue\", Helvetica, Arial, sans-serif;<!-- [et_pb_line_break_holder] -->  font-size: 18px;<!-- [et_pb_line_break_holder] -->  font-weight: normal;<!-- [et_pb_line_break_holder] -->}<!-- [et_pb_line_break_holder] -->.read-more-toggle-etoile:hover {<!-- [et_pb_line_break_holder] -->  color: #a81b22;<!-- [et_pb_line_break_holder] -->}<!-- [et_pb_line_break_holder] -->.short-text-etoile, .full-text-etoile {<!-- [et_pb_line_break_holder] -->  font-family: \"Helvetica Neue\", Helvetica, Arial, sans-serif;<!-- [et_pb_line_break_holder] -->  font-size: 18px;<!-- [et_pb_line_break_holder] -->  line-height: 1.5;<!-- [et_pb_line_break_holder] -->}<!-- [et_pb_line_break_holder] --><\/style>\n<p><!-- [et_pb_line_break_holder] --><!-- [et_pb_line_break_holder] --><script><!-- [et_pb_line_break_holder] -->jQuery(document).ready(function($) {<!-- [et_pb_line_break_holder] -->  $('.read-more-toggle-etoile').click(function(e) {<!-- [et_pb_line_break_holder] -->    e.preventDefault();<!-- [et_pb_line_break_holder] -->    var container = $(this).closest('.read-more-container-etoile');<!-- [et_pb_line_break_holder] -->    var shortText = container.find('.short-text-etoile');<!-- [et_pb_line_break_holder] -->    var fullText = container.find('.full-text-etoile');<!-- [et_pb_line_break_holder] -->    var toggle = $(this);<!-- [et_pb_line_break_holder] -->    <!-- [et_pb_line_break_holder] -->    if (fullText.is(':visible')) {<!-- [et_pb_line_break_holder] -->      fullText.slideUp();<!-- [et_pb_line_break_holder] -->      shortText.slideDown();<!-- [et_pb_line_break_holder] -->      toggle.text('mehr lessen');<!-- [et_pb_line_break_holder] -->    } else {<!-- [et_pb_line_break_holder] -->      shortText.slideUp();<!-- [et_pb_line_break_holder] -->      fullText.slideDown();<!-- [et_pb_line_break_holder] -->      toggle.text('Weniger lesen');<!-- [et_pb_line_break_holder] -->    }<!-- [et_pb_line_break_holder] -->  });<!-- [et_pb_line_break_holder] -->});<!-- [et_pb_line_break_holder] --><\/script>[\/et_pb_code][\/et_pb_column][\/et_pb_row][et_pb_row module_id=&#8221;kontakt-sybille-wolf&#8221; _builder_version=&#8221;4.27.4&#8243; _module_preset=&#8221;default&#8221; global_colors_info=&#8221;{}&#8221;][et_pb_column type=&#8221;4_4&#8243; _builder_version=&#8221;4.23.1&#8243; _module_preset=&#8221;default&#8221; global_colors_info=&#8221;{}&#8221;][et_pb_text _builder_version=&#8221;4.27.4&#8243; _module_preset=&#8221;default&#8221; header_2_text_color=&#8221;#cd222a&#8221; header_2_font_size=&#8221;30px&#8221; global_colors_info=&#8221;{}&#8221;]<\/p>\n<h2>Pro\u015bba o coaching AVGS dla Sybille Wolf<\/h2>\n<p>[\/et_pb_text][et_pb_text _builder_version=&#8221;4.27.4&#8243; _module_preset=&#8221;default&#8221; text_font_size=&#8221;18px&#8221; text_line_height=&#8221;2em&#8221; global_colors_info=&#8221;{}&#8221;]Przeka\u017cemy Twoje dane Sybille Wolf, aby mog\u0142a si\u0119 z Tob\u0105 skontaktowa\u0107 tak szybko, jak to mo\u017cliwe, z sugerowan\u0105 dat\u0105 niezobowi\u0105zuj\u0105cej wst\u0119pnej konsultacji. Jakie masz pro\u015bby dotycz\u0105ce coachingu AVGS?[\/et_pb_text][et_pb_code module_class=&#8221;cf-kntkt-form cf-sub-kntkt-form&#8221; _builder_version=&#8221;4.27.4&#8243; _module_preset=&#8221;default&#8221; global_colors_info=&#8221;{}&#8221;]\n<div class=\"wpcf7 no-js\" id=\"wpcf7-f11308-o1\" lang=\"pl-PL\" dir=\"ltr\" data-wpcf7-id=\"11308\">\n<div class=\"screen-reader-response\"><p role=\"status\" aria-live=\"polite\" aria-atomic=\"true\"><\/p> <ul><\/ul><\/div>\n<form action=\"\/pl\/wp-json\/wp\/v2\/pages\/11290#wpcf7-f11308-o1\" method=\"post\" class=\"wpcf7-form init\" aria-label=\"Formularz kontaktowy\" novalidate=\"novalidate\" data-status=\"init\">\n<fieldset class=\"hidden-fields-container\"><input type=\"hidden\" name=\"_wpcf7\" value=\"11308\" \/><input type=\"hidden\" name=\"_wpcf7_version\" value=\"6.1.2\" \/><input type=\"hidden\" name=\"_wpcf7_locale\" value=\"pl_PL\" \/><input type=\"hidden\" name=\"_wpcf7_unit_tag\" value=\"wpcf7-f11308-o1\" \/><input type=\"hidden\" name=\"_wpcf7_container_post\" value=\"0\" \/><input type=\"hidden\" name=\"_wpcf7_posted_data_hash\" value=\"\" \/>\n<\/fieldset>\n<div class=\"w3-row\">\n\t<div class=\"w3-col\">\n\t\t<p><span class=\"wpcf7-form-control-wrap\" data-name=\"what-can-we-do-for-you-answer\"><span class=\"wpcf7-form-control wpcf7-checkbox checkbox\"><span class=\"wpcf7-list-item first\"><label><input type=\"checkbox\" name=\"what-can-we-do-for-you-answer[]\" value=\"Coaching pracy\" \/><span class=\"wpcf7-list-item-label\">Coaching pracy<\/span><\/label><\/span><span class=\"wpcf7-list-item last\"><label><input type=\"checkbox\" name=\"what-can-we-do-for-you-answer[]\" value=\"Porady dla start-up\u00f3w\" \/><span class=\"wpcf7-list-item-label\">Porady dla start-up\u00f3w<\/span><\/label><\/span><\/span><\/span>\n\t\t<\/p>\n\t<\/div>\n<\/div>\n<div class=\"w3-row\">\n\t<div class=\"w3-col\">\n\t\t<p><label>Imi\u0119 i nazwisko<\/label><br \/>\n<span class=\"wpcf7-form-control-wrap\" data-name=\"Vor-und-Nachname\"><input size=\"40\" maxlength=\"400\" class=\"wpcf7-form-control wpcf7-text wpcf7-validates-as-required\" autocomplete=\"off\" aria-required=\"true\" aria-invalid=\"false\" value=\"\" type=\"text\" name=\"Vor-und-Nachname\" \/><\/span>\n\t\t<\/p>\n\t<\/div>\n<\/div>\n<div class=\"w3-row\">\n\t<div class=\"w3-col\">\n\t\t<p><label>Numer telefonu<\/label><br \/>\n<span class=\"wpcf7-form-control-wrap\" data-name=\"telefonnummer\"><input size=\"40\" maxlength=\"400\" class=\"wpcf7-form-control wpcf7-tel wpcf7-text wpcf7-validates-as-tel\" autocomplete=\"off\" aria-invalid=\"false\" value=\"\" type=\"tel\" name=\"telefonnummer\" \/><\/span>\n\t\t<\/p>\n\t<\/div>\n\t<div class=\"w3-col\">\n\t\t<p><label>Adres e-mail<\/label><br \/>\n<span class=\"wpcf7-form-control-wrap\" data-name=\"your-email\"><input size=\"40\" maxlength=\"400\" class=\"wpcf7-form-control wpcf7-email wpcf7-validates-as-required wpcf7-text wpcf7-validates-as-email\" autocomplete=\"off\" aria-required=\"true\" aria-invalid=\"false\" value=\"\" type=\"email\" name=\"your-email\" \/><\/span>\n\t\t<\/p>\n\t<\/div>\n<\/div>\n<div class=\"w3-row\">\n\t<div class=\"w3-col\">\n\t\t<p><label>Wiadomo\u015b\u0107<\/label>\n\t\t<\/p>\n\t<\/div>\n\t<div class=\"w3-col\">\n\t\t<p><span class=\"wpcf7-form-control-wrap\" data-name=\"mitteilung\"><textarea cols=\"40\" rows=\"10\" maxlength=\"2000\" class=\"wpcf7-form-control wpcf7-textarea\" aria-invalid=\"false\" placeholder=\"maks 500 znak\u00f3w\" name=\"mitteilung\"><\/textarea><\/span>\n\t\t<\/p>\n\t<\/div>\n<\/div>\n<div class=\"w3-row\">\n\t<div class=\"w3-col\">\n\t\t<p><label>Jak nas znalaz\u0142e\u015b?<\/label>\n\t\t<\/p>\n\t<\/div>\n<\/div>\n<div class=\"w3-row\">\n\t<div class=\"w3-col\">\n\t\t<p><span class=\"wpcf7-form-control-wrap\" data-name=\"how-did-you-find-us-answer\"><span class=\"wpcf7-form-control wpcf7-checkbox checkbox\"><span class=\"wpcf7-list-item first\"><label><input type=\"checkbox\" name=\"how-did-you-find-us-answer[]\" value=\"Polecenie osobiste\" \/><span class=\"wpcf7-list-item-label\">Polecenie osobiste<\/span><\/label><\/span><span class=\"wpcf7-list-item\"><label><input type=\"checkbox\" name=\"how-did-you-find-us-answer[]\" value=\"Wyszukiwanie w Internecie\" \/><span class=\"wpcf7-list-item-label\">Wyszukiwanie w Internecie<\/span><\/label><\/span><span class=\"wpcf7-list-item last\"><label><input type=\"checkbox\" name=\"how-did-you-find-us-answer[]\" value=\"Media spo\u0142eczno\u015bciowe\" \/><span class=\"wpcf7-list-item-label\">Media spo\u0142eczno\u015bciowe<\/span><\/label><\/span><\/span><\/span>\n\t\t<\/p>\n\t<\/div>\n<\/div>\n<div class=\"w3-row\">\n\t<div class=\"w3-col\">\n\t\t<p><label>Ochrona danych<\/label><br \/>\n<span class=\"wpcf7-form-control-wrap\" data-name=\"datenschutz\"><span class=\"wpcf7-form-control wpcf7-checkbox wpcf7-validates-as-required\"><span class=\"wpcf7-list-item first last\"><input type=\"checkbox\" name=\"datenschutz[]\" value=\"Wyra\u017cam zgod\u0119 na przetwarzanie moich danych osobowych podanych powy\u017cej w celu otrzymywania informacji o sesjach coachingowych. Moje dane mog\u0105 zosta\u0107 przekazane trenerom, z kt\u00f3rymi nale\u017cy si\u0119 skontaktowa\u0107 w celu nawi\u0105zania kontaktu. Zapozna\u0142em\/am si\u0119 z dodatkowymi informacjami dotycz\u0105cymi przetwarzania moich danych. Jestem \u015bwiadomy\/a, \u017ce  udzielon\u0105 zgod\u0119 mog\u0119 w ka\u017cdej chwili odwo\u0142a\u0107 telefonicznie lub wysy\u0142aj\u0105c nieformaln\u0105 wiadomo\u015b\u0107 e-mail na adres kontakt@beratung-westphal.de.\" \/><span class=\"wpcf7-list-item-label\">Wyra\u017cam zgod\u0119 na przetwarzanie moich danych osobowych podanych powy\u017cej w celu otrzymywania informacji o sesjach coachingowych. Moje dane mog\u0105 zosta\u0107 przekazane trenerom, z kt\u00f3rymi nale\u017cy si\u0119 skontaktowa\u0107 w celu nawi\u0105zania kontaktu. Zapozna\u0142em\/am si\u0119 z dodatkowymi informacjami dotycz\u0105cymi przetwarzania moich danych. Jestem \u015bwiadomy\/a, \u017ce  udzielon\u0105 zgod\u0119 mog\u0119 w ka\u017cdej chwili odwo\u0142a\u0107 telefonicznie lub wysy\u0142aj\u0105c nieformaln\u0105 wiadomo\u015b\u0107 e-mail na adres kontakt@beratung-westphal.de.<\/span><\/span><\/span><\/span>\n\t\t<\/p>\n\t<\/div>\n<\/div>\n<div class=\"w3-row\">\n\t<div class=\"w3-col\">\n\t\t<p><span class=\"wpcf7-form-control-wrap\" data-name=\"quiz-827\"><label><span class=\"wpcf7-quiz-label\">34 + 10 = ?<\/span> <input size=\"40\" class=\"wpcf7-form-control wpcf7-quiz\" autocomplete=\"off\" aria-required=\"true\" aria-invalid=\"false\" type=\"text\" name=\"quiz-827\" \/><\/label><input type=\"hidden\" name=\"_wpcf7_quiz_answer_quiz-827\" value=\"84a28f7c445aa7a7dfb7bed85c1f1358\" \/><\/span>\n\t\t<\/p>\n\t<\/div>\n<\/div>\n<center>\n\t<div class=\"w3-row\">\n\t\t<div class=\"w3-col\">\n\t\t\t<p><input class=\"wpcf7-form-control wpcf7-submit has-spinner pc-button bg-primary-color square-button primary-border-color\" type=\"submit\" value=\"Wys\u0142a\u0107\" \/>\n\t\t\t<\/p>\n\t\t<\/div>\n\t<\/div>\n<\/center><div class=\"frc-captcha \" data-sitekey=\"FCMIVM5H8K1HPA6F\" data-lang=\"pl\" ><\/div>\n\t\t<noscript>You need to enable Javascript for the anti-spam check.<\/noscript><div class=\"wpcf7-response-output\" aria-hidden=\"true\"><\/div>\n<\/form>\n<\/div>\n[\/et_pb_code][\/et_pb_column][\/et_pb_row][\/et_pb_section]<\/p>\n","protected":false},"excerpt":{"rendered":"<p>Sybille Wolf Produkt: Coaching pracy J\u0119zyk(i) coachingu: Niemiecki Szkolenia\/certyfikaty coachingowe: Przysz\u0142y certyfikowany trener zdrowia holistycznego wed\u0142ug prof. dr. J\u00f6rga Spitz, certyfikowanego przez IHK specjalisty ds. kultury korporacyjnej, certyfikowanego trenera biznesowego w BZTB, certyfikowanego przez IHK specjalisty ds. handlowych Do\u015bwiadczenie bran\u017cowe: Konsultacje\/coaching, us\u0142ugi, wydarzenia\/rozrywka, zdrowie\/opieka, handel\/sprzeda\u017c, marketing\/komunikacja, edukacja\/kszta\u0142cenie ustawiczne, start-upy 1. Jakie kwalifikacje czyni\u0105 Ci\u0119 trenerem\/coachem?Ponad [&hellip;]<\/p>\n","protected":false},"author":1,"featured_media":0,"parent":6595,"menu_order":0,"comment_status":"closed","ping_status":"closed","template":"","meta":{"_et_pb_use_builder":"on","_et_pb_old_content":"","_et_gb_content_width":"","footnotes":""},"class_list":["post-11290","page","type-page","status-publish","hentry"],"yoast_head":"<!-- This site is optimized with the Yoast SEO plugin v26.0 - https:\/\/yoast.com\/wordpress\/plugins\/seo\/ -->\n<title>Sybille Wolf - AVGS Gutschein<\/title>\n<meta name=\"robots\" content=\"index, follow, max-snippet:-1, max-image-preview:large, max-video-preview:-1\" \/>\n<link rel=\"canonical\" href=\"https:\/\/avgs-gutschein.de\/pl\/nasi-trenerzy\/sybille-wolf\/\" \/>\n<meta property=\"og:locale\" content=\"pl_PL\" \/>\n<meta property=\"og:type\" content=\"article\" \/>\n<meta property=\"og:title\" content=\"Sybille Wolf - AVGS Gutschein\" \/>\n<meta property=\"og:description\" content=\"Sybille Wolf Produkt: Coaching pracy J\u0119zyk(i) coachingu: Niemiecki Szkolenia\/certyfikaty coachingowe: Przysz\u0142y certyfikowany trener zdrowia holistycznego wed\u0142ug prof. dr. J\u00f6rga Spitz, certyfikowanego przez IHK specjalisty ds. kultury korporacyjnej, certyfikowanego trenera biznesowego w BZTB, certyfikowanego przez IHK specjalisty ds. handlowych Do\u015bwiadczenie bran\u017cowe: Konsultacje\/coaching, us\u0142ugi, wydarzenia\/rozrywka, zdrowie\/opieka, handel\/sprzeda\u017c, marketing\/komunikacja, edukacja\/kszta\u0142cenie ustawiczne, start-upy 1. Jakie kwalifikacje czyni\u0105 Ci\u0119 trenerem\/coachem?Ponad [&hellip;]\" \/>\n<meta property=\"og:url\" content=\"https:\/\/avgs-gutschein.de\/pl\/nasi-trenerzy\/sybille-wolf\/\" \/>\n<meta property=\"og:site_name\" content=\"AVGS Gutschein\" \/>\n<meta property=\"article:modified_time\" content=\"2025-10-07T07:56:08+00:00\" \/>\n<meta name=\"twitter:card\" content=\"summary_large_image\" \/>\n<meta name=\"twitter:label1\" content=\"Szacowany czas czytania\" \/>\n\t<meta name=\"twitter:data1\" content=\"8 minut\" \/>\n<script type=\"application\/ld+json\" class=\"yoast-schema-graph\">{\"@context\":\"https:\/\/schema.org\",\"@graph\":[{\"@type\":\"WebPage\",\"@id\":\"https:\/\/avgs-gutschein.de\/pl\/nasi-trenerzy\/sybille-wolf\/\",\"url\":\"https:\/\/avgs-gutschein.de\/pl\/nasi-trenerzy\/sybille-wolf\/\",\"name\":\"Sybille Wolf - AVGS Gutschein\",\"isPartOf\":{\"@id\":\"https:\/\/avgs-gutschein.de\/pl\/#website\"},\"datePublished\":\"2025-04-24T01:57:02+00:00\",\"dateModified\":\"2025-10-07T07:56:08+00:00\",\"breadcrumb\":{\"@id\":\"https:\/\/avgs-gutschein.de\/pl\/nasi-trenerzy\/sybille-wolf\/#breadcrumb\"},\"inLanguage\":\"pl-PL\",\"potentialAction\":[{\"@type\":\"ReadAction\",\"target\":[\"https:\/\/avgs-gutschein.de\/pl\/nasi-trenerzy\/sybille-wolf\/\"]}]},{\"@type\":\"BreadcrumbList\",\"@id\":\"https:\/\/avgs-gutschein.de\/pl\/nasi-trenerzy\/sybille-wolf\/#breadcrumb\",\"itemListElement\":[{\"@type\":\"ListItem\",\"position\":1,\"name\":\"Startseite\",\"item\":\"https:\/\/avgs-gutschein.de\/pl\/\"},{\"@type\":\"ListItem\",\"position\":2,\"name\":\"Wybierz trenera AVGS\",\"item\":\"https:\/\/avgs-gutschein.de\/pl\/unsere-coaches\/\"},{\"@type\":\"ListItem\",\"position\":3,\"name\":\"Sybille Wolf\"}]},{\"@type\":\"WebSite\",\"@id\":\"https:\/\/avgs-gutschein.de\/pl\/#website\",\"url\":\"https:\/\/avgs-gutschein.de\/pl\/\",\"name\":\"AVGS Gutschein\",\"description\":\"\",\"potentialAction\":[{\"@type\":\"SearchAction\",\"target\":{\"@type\":\"EntryPoint\",\"urlTemplate\":\"https:\/\/avgs-gutschein.de\/pl\/?s={search_term_string}\"},\"query-input\":{\"@type\":\"PropertyValueSpecification\",\"valueRequired\":true,\"valueName\":\"search_term_string\"}}],\"inLanguage\":\"pl-PL\"}]}<\/script>\n<!-- \/ Yoast SEO plugin. -->","yoast_head_json":{"title":"Sybille Wolf - AVGS Gutschein","robots":{"index":"index","follow":"follow","max-snippet":"max-snippet:-1","max-image-preview":"max-image-preview:large","max-video-preview":"max-video-preview:-1"},"canonical":"https:\/\/avgs-gutschein.de\/pl\/nasi-trenerzy\/sybille-wolf\/","og_locale":"pl_PL","og_type":"article","og_title":"Sybille Wolf - AVGS Gutschein","og_description":"Sybille Wolf Produkt: Coaching pracy J\u0119zyk(i) coachingu: Niemiecki Szkolenia\/certyfikaty coachingowe: Przysz\u0142y certyfikowany trener zdrowia holistycznego wed\u0142ug prof. dr. J\u00f6rga Spitz, certyfikowanego przez IHK specjalisty ds. kultury korporacyjnej, certyfikowanego trenera biznesowego w BZTB, certyfikowanego przez IHK specjalisty ds. handlowych Do\u015bwiadczenie bran\u017cowe: Konsultacje\/coaching, us\u0142ugi, wydarzenia\/rozrywka, zdrowie\/opieka, handel\/sprzeda\u017c, marketing\/komunikacja, edukacja\/kszta\u0142cenie ustawiczne, start-upy 1. Jakie kwalifikacje czyni\u0105 Ci\u0119 trenerem\/coachem?Ponad [&hellip;]","og_url":"https:\/\/avgs-gutschein.de\/pl\/nasi-trenerzy\/sybille-wolf\/","og_site_name":"AVGS Gutschein","article_modified_time":"2025-10-07T07:56:08+00:00","twitter_card":"summary_large_image","twitter_misc":{"Szacowany czas czytania":"8 minut"},"schema":{"@context":"https:\/\/schema.org","@graph":[{"@type":"WebPage","@id":"https:\/\/avgs-gutschein.de\/pl\/nasi-trenerzy\/sybille-wolf\/","url":"https:\/\/avgs-gutschein.de\/pl\/nasi-trenerzy\/sybille-wolf\/","name":"Sybille Wolf - AVGS Gutschein","isPartOf":{"@id":"https:\/\/avgs-gutschein.de\/pl\/#website"},"datePublished":"2025-04-24T01:57:02+00:00","dateModified":"2025-10-07T07:56:08+00:00","breadcrumb":{"@id":"https:\/\/avgs-gutschein.de\/pl\/nasi-trenerzy\/sybille-wolf\/#breadcrumb"},"inLanguage":"pl-PL","potentialAction":[{"@type":"ReadAction","target":["https:\/\/avgs-gutschein.de\/pl\/nasi-trenerzy\/sybille-wolf\/"]}]},{"@type":"BreadcrumbList","@id":"https:\/\/avgs-gutschein.de\/pl\/nasi-trenerzy\/sybille-wolf\/#breadcrumb","itemListElement":[{"@type":"ListItem","position":1,"name":"Startseite","item":"https:\/\/avgs-gutschein.de\/pl\/"},{"@type":"ListItem","position":2,"name":"Wybierz trenera AVGS","item":"https:\/\/avgs-gutschein.de\/pl\/unsere-coaches\/"},{"@type":"ListItem","position":3,"name":"Sybille Wolf"}]},{"@type":"WebSite","@id":"https:\/\/avgs-gutschein.de\/pl\/#website","url":"https:\/\/avgs-gutschein.de\/pl\/","name":"AVGS Gutschein","description":"","potentialAction":[{"@type":"SearchAction","target":{"@type":"EntryPoint","urlTemplate":"https:\/\/avgs-gutschein.de\/pl\/?s={search_term_string}"},"query-input":{"@type":"PropertyValueSpecification","valueRequired":true,"valueName":"search_term_string"}}],"inLanguage":"pl-PL"}]}},"_links":{"self":[{"href":"https:\/\/avgs-gutschein.de\/pl\/wp-json\/wp\/v2\/pages\/11290","targetHints":{"allow":["GET"]}}],"collection":[{"href":"https:\/\/avgs-gutschein.de\/pl\/wp-json\/wp\/v2\/pages"}],"about":[{"href":"https:\/\/avgs-gutschein.de\/pl\/wp-json\/wp\/v2\/types\/page"}],"author":[{"embeddable":true,"href":"https:\/\/avgs-gutschein.de\/pl\/wp-json\/wp\/v2\/users\/1"}],"replies":[{"embeddable":true,"href":"https:\/\/avgs-gutschein.de\/pl\/wp-json\/wp\/v2\/comments?post=11290"}],"version-history":[{"count":8,"href":"https:\/\/avgs-gutschein.de\/pl\/wp-json\/wp\/v2\/pages\/11290\/revisions"}],"predecessor-version":[{"id":11673,"href":"https:\/\/avgs-gutschein.de\/pl\/wp-json\/wp\/v2\/pages\/11290\/revisions\/11673"}],"up":[{"embeddable":true,"href":"https:\/\/avgs-gutschein.de\/pl\/wp-json\/wp\/v2\/pages\/6595"}],"wp:attachment":[{"href":"https:\/\/avgs-gutschein.de\/pl\/wp-json\/wp\/v2\/media?parent=11290"}],"curies":[{"name":"wp","href":"https:\/\/api.w.org\/{rel}","templated":true}]}}