{"id":10158,"date":"2025-05-26T11:00:07","date_gmt":"2025-05-26T09:00:07","guid":{"rendered":"https:\/\/avgs-gutschein.de\/nasi-trenerzy\/theresia-schreier\/"},"modified":"2025-10-07T09:35:37","modified_gmt":"2025-10-07T07:35:37","slug":"theresia-schreier","status":"publish","type":"page","link":"https:\/\/avgs-gutschein.de\/pl\/nasi-trenerzy\/theresia-schreier\/","title":{"rendered":"Theresia Schreier"},"content":{"rendered":"<p>[et_pb_section fb_built=&#8221;1&#8243; module_class=&#8221;coaches-img&#8221; _builder_version=&#8221;4.24.0&#8243; _module_preset=&#8221;default&#8221; background_color=&#8221;#e0e0e0&#8243; custom_padding=&#8221;0px||0px||true|false&#8221; global_colors_info=&#8221;{}&#8221;][et_pb_row column_structure=&#8221;2_5,3_5&#8243; use_custom_gutter=&#8221;on&#8221; make_equal=&#8221;on&#8221; _builder_version=&#8221;4.27.4&#8243; _module_preset=&#8221;default&#8221; background_position=&#8221;top_center&#8221; custom_padding=&#8221;0px||0px||true|false&#8221; global_colors_info=&#8221;{}&#8221;][et_pb_column type=&#8221;2_5&#8243; _builder_version=&#8221;4.27.4&#8243; _module_preset=&#8221;default&#8221; background_image=&#8221;https:\/\/avgs-gutschein.de\/wp-content\/uploads\/2025\/05\/theresia-schreier-profile-img.webp&#8221; background_position=&#8221;top_center&#8221; custom_padding_tablet=&#8221;38vw||38vw||true|false&#8221; custom_padding_phone=&#8221;38vw||38vw||true|false&#8221; custom_padding_last_edited=&#8221;on|tablet&#8221; global_colors_info=&#8221;{}&#8221;][\/et_pb_column][et_pb_column type=&#8221;3_5&#8243; _builder_version=&#8221;4.23.1&#8243; _module_preset=&#8221;default&#8221; custom_padding=&#8221;3vw||3vw||true|false&#8221; custom_padding_tablet=&#8221;3vw||3vw||true|false&#8221; custom_padding_phone=&#8221;8vw||10vw||false|false&#8221; custom_padding_last_edited=&#8221;on|phone&#8221; global_colors_info=&#8221;{}&#8221;][et_pb_text _builder_version=&#8221;4.27.4&#8243; _module_preset=&#8221;default&#8221; header_font=&#8221;|800|||||||&#8221; header_text_color=&#8221;#000000&#8243; custom_margin=&#8221;||1em||false|false&#8221; global_colors_info=&#8221;{}&#8221;]<\/p>\n<h1>Theresia Schreier<\/h1>\n<p>[\/et_pb_text][et_pb_text module_class=&#8221;sub-prof&#8221; _builder_version=&#8221;4.27.4&#8243; _module_preset=&#8221;default&#8221; text_text_color=&#8221;#000000&#8243; global_colors_info=&#8221;{}&#8221;]<\/p>\n<div class=\"coach-desc\">\n<p><strong>Produkt:<\/strong>\u00a0\u00a0Coaching zawodowy, doradztwo w zakresie start-up\u00f3w<\/p>\n<hr \/>\n<p><strong>J\u0119zyk(i) coachingu:<\/strong>\u00a0niemiecki<\/p>\n<hr \/>\n<p><strong>Szkolenia\/certyfikacje coachingowe:<\/strong>\u00a0\u00a0Szkolenie w zakresie\u00a0\u00a0<strong>pracy z ustawieniami systemowymi<\/strong>\u00a0\u00a0(rodzina i organizacja) z Maikiem L\u00e4rzem, Erfurt, szkolenie w zakresie\u00a0\u00a0<strong>praktyki neurorezonansu i NLP<\/strong>\u00a0\u00a0\/ z Denysem Scharnweberem,\u00a0\u00a0<strong>metody EMDR<\/strong>\u00a0\u00a0: Wingwave i EmotionSync (EyeSync, MoveSync, ClapSync, TapSync, szkolenie ThetaHealing podstawowe i zaawansowane), Wieloletnie do\u015bwiadczenie w\u00a0\u00a0<strong>ruchu i pracy z cia\u0142em<\/strong>\u00a0\u00a0, ponad 11 lat jako trener Zumby (Podstawowy 1 i 2, Zumba Gold, Zumba Aqua)<\/p>\n<hr \/>\n<p><strong>Ekspertyza bran\u017cowa:<\/strong>\u00a0\u00a0Doradztwo\/Coaching, Us\u0142ugi, Wydarzenia\/Rekreacja, Gastronomia\/Hotelarstwo\/Turystyka, Handel detaliczny\/Sprzeda\u017c<\/p>\n<\/div>\n<p>[\/et_pb_text][et_pb_button button_url=&#8221;\/pl\/nasi-trenerzy\/theresia-schreier\/#kontakt-theresia&#8221; button_text=&#8221;Zarezerwuj wst\u0119pn\u0105 konsultacj\u0119&#8221; _builder_version=&#8221;4.27.4&#8243; _module_preset=&#8221;default&#8221; custom_button=&#8221;on&#8221; button_text_size=&#8221;16px&#8221; button_text_color=&#8221;#ffffff&#8221; button_bg_color=&#8221;#cd222a&#8221; button_border_width=&#8221;0px&#8221; button_border_color=&#8221;#FFFFFF&#8221; global_colors_info=&#8221;{}&#8221;][\/et_pb_button][\/et_pb_column][\/et_pb_row][\/et_pb_section][et_pb_section fb_built=&#8221;1&#8243; _builder_version=&#8221;4.23.1&#8243; _module_preset=&#8221;default&#8221; global_colors_info=&#8221;{}&#8221;][et_pb_row column_structure=&#8221;2_3,1_3&#8243; use_custom_gutter=&#8221;on&#8221; make_equal=&#8221;on&#8221; _builder_version=&#8221;4.27.4&#8243; _module_preset=&#8221;default&#8221; global_colors_info=&#8221;{}&#8221;][et_pb_column type=&#8221;2_3&#8243; _builder_version=&#8221;4.23.1&#8243; _module_preset=&#8221;default&#8221; custom_padding=&#8221;|3vw|||false|false&#8221; border_width_right=&#8221;1px&#8221; border_color_right=&#8221;#cd222a&#8221; global_colors_info=&#8221;{}&#8221;][et_pb_text module_class=&#8221;prof-question&#8221; _builder_version=&#8221;4.27.4&#8243; _module_preset=&#8221;default&#8221; text_text_color=&#8221;#cd222a&#8221; text_font_size=&#8221;24px&#8221; custom_margin=&#8221;||0.5em||false|false&#8221; global_colors_info=&#8221;{}&#8221;]1. Jakie s\u0105 Twoje kwalifikacje jako trenera\/trenerki?[\/et_pb_text][et_pb_text module_class=&#8221;prof-answer&#8221; _builder_version=&#8221;4.27.4&#8243; _module_preset=&#8221;default&#8221; text_font=&#8221;|300|||||||&#8221; text_font_size=&#8221;18px&#8221; text_line_height=&#8221;2em&#8221; global_colors_info=&#8221;{}&#8221;]Nie jestem trenerem, poniewa\u017c kiedy\u015b wydawa\u0142o mi si\u0119 to przyjemne, ale dlatego, \u017ce moja \u015bcie\u017cka zaprowadzi\u0142a mnie dok\u0142adnie tutaj. M\u00f3j plecak jest wype\u0142niony ponad 15-letnim do\u015bwiadczeniem w bran\u017cy hotelarskiej, sprzeda\u017cy i fitness. Prowadzi\u0142em, motywowa\u0142em i inspirowa\u0142em ludzi, najpierw na parkiecie, a potem w konstelacjach. Dzi\u0119ki dog\u0142\u0119bnemu szkoleniu z pracy systemowej, EMDR, NLP, pracy z energi\u0105 i neurorezonansu nauczy\u0142em si\u0119 patrze\u0107 g\u0142\u0119boko, jednocze\u015bnie utrzymuj\u0105c r\u00f3wnowag\u0119. \u0141\u0105cz\u0119 intuicj\u0119 z wiedz\u0105 specjalistyczn\u0105, serce ze struktur\u0105.[\/et_pb_text][et_pb_text module_class=&#8221;prof-question&#8221; _builder_version=&#8221;4.27.4&#8243; _module_preset=&#8221;default&#8221; text_text_color=&#8221;#cd222a&#8221; text_font_size=&#8221;24px&#8221; custom_margin=&#8221;||0.5em||false|false&#8221; global_colors_info=&#8221;{}&#8221;]2. Jakie mierzalne wyniki osi\u0105gn\u0105\u0142e\u015b wsp\u00f3lnie ze swoimi klientami i co Ci\u0119 wyr\u00f3\u017cnia?[\/et_pb_text][et_pb_text module_class=&#8221;prof-answer&#8221; _builder_version=&#8221;4.27.4&#8243; _module_preset=&#8221;default&#8221; text_font=&#8221;|300|||||||&#8221; text_font_size=&#8221;18px&#8221; text_line_height=&#8221;2em&#8221; global_colors_info=&#8221;{}&#8221;]Liczby to nie wszystko, ale tak: ludzie zmienili prac\u0119 po coachingu i teraz s\u0105 szcz\u0119\u015bliwsi. Zespo\u0142y nie tylko pracowa\u0142y wydajniej po \u201eConfetti in the Team\u201d, ale tak\u017ce cieszy\u0142y si\u0119, \u017ce zn\u00f3w mog\u0105 sobie spojrze\u0107 w oczy. Jeden z klient\u00f3w powiedzia\u0142 kiedy\u015b: \u201eOd dnia, kiedy by\u0142em z tob\u0105, zn\u00f3w mog\u0119 spa\u0107. Jestem spokojniejszy i mog\u0119 jasno my\u015ble\u0107 o wszystkim\u201d. A niedawno klient napisa\u0142 do mnie kartk\u0119 po sesji coachingowej AVGS: \u201eDroga Theresio, bardzo dzi\u0119kuj\u0119 za twoje wsparcie w ci\u0105gu ostatnich kilku miesi\u0119cy, wiele kreatywnych metod, wspania\u0142\u0105 po\u017cywk\u0119 do przemy\u015ble\u0144 i twoje pozytywne, od\u015bwie\u017caj\u0105ce podej\u015bcie. Czu\u0142em si\u0119 z tob\u0105 bardzo komfortowo i teraz jestem dok\u0142adnie w punkcie, w kt\u00f3rym chcia\u0142em by\u0107 po coachingu. Wszystkiego najlepszego\u201d.<\/p>\n<p>Co mnie wyr\u00f3\u017cnia? Nie jestem przyjazny dla fa\u0142szywo\u015bci; jestem szczery, autentyczny i obecny. Widz\u0119 ciebie, nie tylko twoj\u0105 rol\u0119.[\/et_pb_text][et_pb_text module_class=&#8221;prof-question&#8221; _builder_version=&#8221;4.27.4&#8243; _module_preset=&#8221;default&#8221; text_text_color=&#8221;#cd222a&#8221; text_font_size=&#8221;24px&#8221; custom_margin=&#8221;||0.5em||false|false&#8221; global_colors_info=&#8221;{}&#8221;]3. Co najbardziej lubisz w swojej pracy?[\/et_pb_text][et_pb_text module_class=&#8221;prof-answer&#8221; _builder_version=&#8221;4.27.4&#8243; _module_preset=&#8221;default&#8221; text_font=&#8221;|300|||||||&#8221; text_font_size=&#8221;18px&#8221; text_line_height=&#8221;2em&#8221; global_colors_info=&#8221;{}&#8221;]Kiedy w pokoju zapada cisza, poniewa\u017c kto\u015b po raz pierwszy w \u017cyciu zrozumia\u0142, dlaczego ci\u0105gle wpada w ten sam \u015blepy zau\u0142ek, to nape\u0142nia mnie rado\u015bci\u0105. Kiedy \u0142zy p\u0142yn\u0105 bez poczucia wstydu. Kiedy kto\u015b m\u00f3wi po ceremonii kakao: \u201eMoje serce tego potrzebowa\u0142o\u201d. Uwielbiam, kiedy co\u015b si\u0119 uwalnia, kiedy ludzie zn\u00f3w czuj\u0105. To czysta magia.[\/et_pb_text][et_pb_text module_class=&#8221;prof-question&#8221; _builder_version=&#8221;4.27.4&#8243; _module_preset=&#8221;default&#8221; text_text_color=&#8221;#cd222a&#8221; text_font_size=&#8221;24px&#8221; custom_margin=&#8221;||0.5em||false|false&#8221; global_colors_info=&#8221;{}&#8221;]4. Co m\u00f3wi\u0105 o Tobie Twoi klienci?[\/et_pb_text][et_pb_text module_class=&#8221;prof-answer&#8221; _builder_version=&#8221;4.27.4&#8243; _module_preset=&#8221;default&#8221; text_font=&#8221;|300|||||||&#8221; text_font_size=&#8221;18px&#8221; text_line_height=&#8221;2em&#8221; global_colors_info=&#8221;{}&#8221;]Po naszym spotkaniu po\u015bwi\u0119conym \u017ca\u0142obie Mariana napisa\u0142a, \u017ce \u200b\u200bdzi\u0119ki<br \/>\nsp\u0119dzonemu wsp\u00f3lnie czasowi w ko\u0144cu poczu\u0142a si\u0119 zn\u00f3w wolna. Tam, gdzie wcze\u015bniej czu\u0142a si\u0119 winna i ci\u0119\u017cko, teraz w jej sercu zago\u015bci\u0142a mi\u0142o\u015b\u0107.<br \/>\nAnna opowiada o podr\u00f3\u017cy do siebie, kt\u00f3ra by\u0142a mo\u017cliwa tylko dzi\u0119ki konfetti w jej sercu. M\u00f3wi: \u201eCoaching z Resi jest tak empatyczny, g\u0142\u0119boki, szczery, bolesny, konfrontacyjny (w najlepszym tego s\u0142owa znaczeniu), wnikliwy i uzdrawiaj\u0105cy\u201d.<\/p>\n<p>Jenny opisuje to w ten spos\u00f3b: \u201eOna nie ocenia, nie pot\u0119pia, po prostu czujesz si\u0119 dobrze, taki, jaki jeste\u015b\u201d.<\/p>\n<p>Sue napisa\u0142a: \u201ePokonali\u015bmy m\u00f3j strach przed strat\u0105 i przekonanie, \u017ce \u201enie jestem wystarczaj\u0105co dobra\u201d, a od tego czasu w moim \u017cyciu wydarzy\u0142o si\u0119 wiele wspania\u0142ych rzeczy\u201d.<\/p>\n<p>Ellen m\u00f3wi: \u201eTheresia w magiczny spos\u00f3b pomog\u0142a mi przej\u015b\u0107 przez trudny okres, a jej pe\u0142ne mi\u0142o\u015bci, ciep\u0142a i autentyczno\u015bci podej\u015bcie od razu do mnie przem\u00f3wi\u0142o\u201d.<\/p>\n<p>To, co m\u00f3wi\u0105 o mnie moi klienci, zawsze mnie g\u0142\u0119boko wzrusza, poniewa\u017c w\u0142a\u015bnie to mnie motywuje: tworzenie przestrzeni, w kt\u00f3rych ludzie czuj\u0105 si\u0119 naprawd\u0119 zauwa\u017ceni, wspierani i wzmocnieni.[\/et_pb_text][et_pb_text module_class=&#8221;prof-question&#8221; _builder_version=&#8221;4.27.4&#8243; _module_preset=&#8221;default&#8221; text_text_color=&#8221;#cd222a&#8221; text_font_size=&#8221;24px&#8221; custom_margin=&#8221;||0.5em||false|false&#8221; global_colors_info=&#8221;{}&#8221;]5. Co Ci\u0119 motywuje i jakie jest Twoje ulubione zadanie jako trenera?[\/et_pb_text][et_pb_text module_class=&#8221;prof-answer&#8221; _builder_version=&#8221;4.27.4&#8243; _module_preset=&#8221;default&#8221; text_font=&#8221;|300|||||||&#8221; text_font_size=&#8221;18px&#8221; text_line_height=&#8221;2em&#8221; custom_padding=&#8221;5px|||||&#8221; global_colors_info=&#8221;{}&#8221;]Co mnie nap\u0119dza, to to, \u017ce tak wiele os\u00f3b funkcjonuje, ale nie czuje. \u017be \u017cyj\u0105 \u017cyciem, kt\u00f3re nie jest naprawd\u0119 ich. Chc\u0119, aby ludzie odkryli na nowo swoje wewn\u0119trzne confetti.<\/p>\n<p>Moje ulubione zadanie? Jasne: po\u0142\u0105czenie g\u0142\u0119bi i lekko\u015bci. Czy to w konstelacjach, jeden na jeden, czy w grupach, uwielbiam, gdy jasno\u015b\u0107 i serce harmonizuj\u0105. A je\u015bli kto\u015b g\u0142o\u015bno si\u0119 \u015bmieje lub cicho si\u0119 dziwi, to jest idealnie.[\/et_pb_text][et_pb_text module_class=&#8221;prof-question&#8221; _builder_version=&#8221;4.27.4&#8243; _module_preset=&#8221;default&#8221; text_text_color=&#8221;#cd222a&#8221; text_font_size=&#8221;24px&#8221; custom_margin=&#8221;||0.5em||false|false&#8221; global_colors_info=&#8221;{}&#8221;]6. Z czego jeste\u015b najbardziej dumny, gdy my\u015blisz o swojej karierze?[\/et_pb_text][et_pb_text module_class=&#8221;prof-answer&#8221; _builder_version=&#8221;4.27.4&#8243; _module_preset=&#8221;default&#8221; text_font=&#8221;|300|||||||&#8221; text_font_size=&#8221;18px&#8221; text_line_height=&#8221;2em&#8221; custom_padding=&#8221;5px|||||&#8221; global_colors_info=&#8221;{}&#8221;]\u017be wzi\u0119\u0142am wszystkie swoje do\u015bwiadczenia, nawet te trudne, i zbudowa\u0142am z nich co\u015b nowego. \u017be mia\u0142am odwag\u0119 wyrwa\u0107 si\u0119 z tradycyjnej \u201epracy\u201d i urzeczywistni\u0107 swoje powo\u0142anie. I \u017ce dzisiaj ludzie przychodz\u0105 do mojej przestrzeni i m\u00f3wi\u0105: \u201eTutaj mog\u0119 po prostu by\u0107 sob\u0105\u201d.<\/p>\n<p>Jestem r\u00f3wnie\u017c szczeg\u00f3lnie dumna z tego, \u017ce przekszta\u0142ci\u0142am moj\u0105 najwi\u0119ksz\u0105 s\u0142abo\u015b\u0107 w moj\u0105 najwi\u0119ksz\u0105 si\u0142\u0119. Strata mojego brata pozostawi\u0142a g\u0142\u0119bok\u0105 ran\u0119, ale jednocze\u015bnie g\u0142\u0119bokie zrozumienie tego, czym naprawd\u0119 jest \u017ca\u0142oba. Wiem, ile uczu\u0107 odpychamy, aby jako\u015b i\u015b\u0107 dalej. W\u0142a\u015bnie dlatego teraz mog\u0119 wspiera\u0107 innych tak celowo, z prawdziw\u0105 g\u0142\u0119bi\u0105, prawdziwym do\u015bwiadczeniem i prawdziwym wsp\u00f3\u0142czuciem.[\/et_pb_text][et_pb_text module_class=&#8221;prof-question&#8221; _builder_version=&#8221;4.27.4&#8243; _module_preset=&#8221;default&#8221; text_text_color=&#8221;#cd222a&#8221; text_font_size=&#8221;24px&#8221; custom_margin=&#8221;||0.5em||false|false&#8221; global_colors_info=&#8221;{}&#8221;]7. Jak digitalizacja zmieni ca\u0142y biznes coachingowy? I jak sobie z tym poradzisz?[\/et_pb_text][et_pb_text module_class=&#8221;prof-answer&#8221; _builder_version=&#8221;4.27.4&#8243; _module_preset=&#8221;default&#8221; text_font=&#8221;|300|||||||&#8221; text_font_size=&#8221;18px&#8221; text_line_height=&#8221;2em&#8221; custom_padding=&#8221;5px|||||&#8221; global_colors_info=&#8221;{}&#8221;]Digitalizacja przynosi wiele mo\u017cliwo\u015bci, wi\u0119kszy zasi\u0119g i wi\u0119ksz\u0105 elastyczno\u015b\u0107. Ale coaching rozwija si\u0119 tak\u017ce na prawdziwych spotkaniach, na energii w przestrzeni.<br \/>\nKorzystam z narz\u0119dzi cyfrowych, gdy maj\u0105 sens, takich jak coaching online, media spo\u0142eczno\u015bciowe i narz\u0119dzia do rezerwacji. Jednocze\u015bnie trzymam si\u0119 tego, co mnie definiuje: uczciwej, namacalnej pracy, na \u017cywo lub cyfrowo, ale zawsze z sercem.[\/et_pb_text][et_pb_text module_class=&#8221;prof-question&#8221; _builder_version=&#8221;4.27.4&#8243; _module_preset=&#8221;default&#8221; text_text_color=&#8221;#cd222a&#8221; text_font_size=&#8221;24px&#8221; custom_margin=&#8221;||0.5em||false|false&#8221; global_colors_info=&#8221;{}&#8221;]8. Jaki jest najlepszy spos\u00f3b na relaks?[\/et_pb_text][et_pb_text module_class=&#8221;prof-answer&#8221; _builder_version=&#8221;4.27.4&#8243; _module_preset=&#8221;default&#8221; text_font=&#8221;|300|||||||&#8221; text_font_size=&#8221;18px&#8221; text_line_height=&#8221;2em&#8221; custom_padding=&#8221;5px|||||&#8221; global_colors_info=&#8221;{}&#8221;]W naturze, podczas \u0107wicze\u0144. Z fili\u017cank\u0105 herbaty w d\u0142oni, boso na trawniku lub ta\u0144cz\u0105c z c\u00f3rk\u0105 w salonie. Albo nawet podczas ceremonii kakao dla siebie. Wierz\u0119 w rytua\u0142y, w ma\u0142e przerwy od czasu do czasu i w to, \u017ce lekko\u015b\u0107 nie jest luksusem, ale wyborem.[\/et_pb_text][et_pb_text module_class=&#8221;prof-question&#8221; _builder_version=&#8221;4.27.4&#8243; _module_preset=&#8221;default&#8221; text_text_color=&#8221;#cd222a&#8221; text_font_size=&#8221;24px&#8221; custom_margin=&#8221;||0.5em||false|false&#8221; global_colors_info=&#8221;{}&#8221;]9. Jakie mo\u017cliwo\u015bci daje coaching indywidualny i gdzie mo\u017cesz napotka\u0107 ograniczenia?[\/et_pb_text][et_pb_text module_class=&#8221;prof-answer&#8221; _builder_version=&#8221;4.27.4&#8243; _module_preset=&#8221;default&#8221; text_font=&#8221;|300|||||||&#8221; text_font_size=&#8221;18px&#8221; text_line_height=&#8221;2em&#8221; custom_padding=&#8221;5px|||||&#8221; global_colors_info=&#8221;{}&#8221;]Rozwi\u0105zywanie blokad, tworzenie jasno\u015bci i zach\u0119canie innych. Granic\u0105 jest miejsce, w kt\u00f3rym ludzie nie s\u0105 (jeszcze) gotowi, by wygl\u0105da\u0107 lub czu\u0107. Albo miejsce, w kt\u00f3rym potrzebne jest wsparcie terapeutyczne. Ale to te\u017c jest w porz\u0105dku, a ja mam dobr\u0105 sie\u0107, by kierowa\u0107 ludzi do innych, a nawet jestem zainteresowany wsp\u00f3\u0142prac\u0105 w ramach partnerstwa.[\/et_pb_text][et_pb_text module_class=&#8221;prof-question&#8221; _builder_version=&#8221;4.27.4&#8243; _module_preset=&#8221;default&#8221; text_text_color=&#8221;#cd222a&#8221; text_font_size=&#8221;24px&#8221; custom_margin=&#8221;||0.5em||false|false&#8221; global_colors_info=&#8221;{}&#8221;]10. Jak rozpozna\u0107 dobrego trenera?[\/et_pb_text][et_pb_text module_class=&#8221;prof-answer&#8221; _builder_version=&#8221;4.27.4&#8243; _module_preset=&#8221;default&#8221; text_font=&#8221;|300|||||||&#8221; text_font_size=&#8221;18px&#8221; text_line_height=&#8221;2em&#8221; custom_padding=&#8221;5px|||||&#8221; global_colors_info=&#8221;{}&#8221;]Chodzi o umiej\u0119tno\u015b\u0107 s\u0142uchania bez os\u0105dzania.<br \/>\nChodzi o postaw\u0119 s\u0142u\u017cenia, a nie bycia wszechwiedz\u0105cym.<br \/>\nI chodzi o to, aby sam trener nadal si\u0119 rozwija\u0142.<\/p>\n<p>Wierz\u0119, \u017ce ktokolwiek, kto \u015bci\u015ble wsp\u00f3\u0142pracuje z dusz\u0105 cz\u0142owieka, nie mo\u017ce unikn\u0105\u0107 wykonywania w\u0142asnej pracy wewn\u0119trznej. W przeciwnym razie brakuje g\u0142\u0119bi. Je\u015bli jeste\u015b mentorem innych, powiniene\u015b regularnie pracowa\u0107 nad swoimi problemami, nie z poczucia obowi\u0105zku, ale z prawdziwej \u015bwiadomo\u015bci.[\/et_pb_text][et_pb_text module_class=&#8221;prof-question&#8221; _builder_version=&#8221;4.27.4&#8243; _module_preset=&#8221;default&#8221; text_text_color=&#8221;#cd222a&#8221; text_font_size=&#8221;24px&#8221; custom_margin=&#8221;||0.5em||false|false&#8221; global_colors_info=&#8221;{}&#8221;]11. Twoimi s\u0142owami: Co robi trener?[\/et_pb_text][et_pb_text module_class=&#8221;prof-answer&#8221; _builder_version=&#8221;4.27.4&#8243; _module_preset=&#8221;default&#8221; text_font=&#8221;|300|||||||&#8221; text_font_size=&#8221;18px&#8221; text_line_height=&#8221;2em&#8221; custom_padding=&#8221;5px|||||&#8221; global_colors_info=&#8221;{}&#8221;]Trener nie jest wszechwiedz\u0105cym guru ani serwisem naprawczym. Trener jest anio\u0142em zasob\u00f3w, kim\u015b, kto przypomina ci o tym, co ju\u017c jest w tobie.<br \/>\nPoniewa\u017c wszystko, czego potrzebujesz, cz\u0119sto ju\u017c tam jest. Po prostu czasami dobrze to ukryli\u015bmy pod codzienno\u015bci\u0105, strachem lub starymi historiami.<\/p>\n<p>Czasami t\u0142umacz\u0119 coaching w ten spos\u00f3b:<br \/>\nWyobra\u017a sobie, \u017ce masz star\u0105, zardzewia\u0142\u0105 por\u0119cz. W niekt\u00f3rych miejscach nadal wida\u0107 troch\u0119 farby, mo\u017ce czerwonej. Teraz po prostu pomalowa\u0107 j\u0105 nowym kolorem? To niewiele da. Aby nowa naprawd\u0119 si\u0119 trzyma\u0142a, najpierw trzeba usun\u0105\u0107 star\u0105. Szlifowanie, czyszczenie, dobry podk\u0142ad. I dopiero wtedy, i tylko wtedy, nak\u0142ada si\u0119 now\u0105 farb\u0119 \u2014 w po\u017c\u0105danym kolorze, takim, kt\u00f3ry do Ciebie pasuje. \ud83d\ude09Podobnie jest w coachingu: najpierw sprz\u0105tamy, zanim przeprojektujemy.<\/p>\n<p>Dobry coach zadaje pytania, kt\u00f3re otwieraj\u0105 drzwi i tworz\u0105 przestrze\u0144, w kt\u00f3rej mo\u017cliwy jest rozw\u00f3j.<\/p>\n<p>I przypomina ci o twoim w\u0142asnym blasku, o twojej sile, o twojej w\u0142asnej \u015bcie\u017cce.<\/p>\n<p>Nie jestem tu, by ci\u0119 ratowa\u0107. Jestem tu, by ci przypomina\u0107, by ci\u0119 wzmacnia\u0107, by ci towarzyszy\u0107, by\u015b m\u00f3g\u0142 pod\u0105\u017ca\u0107 swoj\u0105 drog\u0105. Ze wszystkim, czym jeste\u015b.[\/et_pb_text][\/et_pb_column][et_pb_column type=&#8221;1_3&#8243; _builder_version=&#8221;4.23.1&#8243; _module_preset=&#8221;default&#8221; global_colors_info=&#8221;{}&#8221;][et_pb_blurb title=&#8221;Lokalizacja&#8221; use_icon=&#8221;on&#8221; font_icon=&#8221;&#xe01d;||divi||400&#8243; icon_color=&#8221;#cd222a&#8221; image_icon_width=&#8221;40px&#8221; icon_alignment=&#8221;left&#8221; _builder_version=&#8221;4.27.4&#8243; _module_preset=&#8221;default&#8221; header_level=&#8221;h2&#8243; body_font_size=&#8221;18px&#8221; body_line_height=&#8221;1.8em&#8221; hover_enabled=&#8221;0&#8243; global_colors_info=&#8221;{}&#8221; sticky_enabled=&#8221;0&#8243;]Obecno\u015b\u0107 online w ca\u0142ych Niemczech<br \/>\nw: Weimarze, Erfurcie[\/et_pb_blurb][et_pb_blurb title=&#8221;Szkolenia zawodowe i do\u015bwiadczenie zawodowe:&#8221; use_icon=&#8221;on&#8221; font_icon=&#8221;&#xf19d;||fa||900&#8243; icon_color=&#8221;#cd222a&#8221; image_icon_width=&#8221;40px&#8221; icon_alignment=&#8221;left&#8221; _builder_version=&#8221;4.27.4&#8243; _module_preset=&#8221;default&#8221; header_level=&#8221;h2&#8243; header_line_height=&#8221;1.2em&#8221; body_font_size=&#8221;18px&#8221; body_line_height=&#8221;1.8em&#8221; hover_enabled=&#8221;0&#8243; global_colors_info=&#8221;{}&#8221; sticky_enabled=&#8221;0&#8243;]Jestem mened\u017cerem hotelu z wykszta\u0142ceniem i do\u015bwiadczeniem w zakresie kuchni haute cuisine, marketingu sieciowego i fitnessu. Szczeg\u00f3lnie satysfakcjonuj\u0105cym okresem by\u0142a dla mnie praca sezonowa w restauracji \u00e0 la carte, znajduj\u0105cej si\u0119 tu\u017c nad legendarnym barem apr\u00e8s-ski \u201eKuhstall\u201d w Ischgl. Tam do\u015bwiadczy\u0142em na w\u0142asnej sk\u00f3rze, co to znaczy pracowa\u0107 pod presj\u0105 i jak wa\u017cna jest prawdziwa praca zespo\u0142owa, pozytywne nastawienie i autentyczno\u015b\u0107.<br \/>\nUcz\u0119 zumby od 2013 roku, co da\u0142o mi nie tylko charyzm\u0119 sceniczn\u0105, ale tak\u017ce odwag\u0119 do bycia autentyczn\u0105 i przezwyci\u0119\u017cania wstydu. Wiem, co to znaczy pokaza\u0107 si\u0119 jako prawdziwa, niedoskona\u0142a i \u017cywa osoba.<\/p>\n<p>G\u0142\u0119bokim wydarzeniem w moim \u017cyciu by\u0142a strata brata. Dog\u0142\u0119bne przepracowanie tej tragedii poprzez coaching i systematyczn\u0105 prac\u0119 nie tylko przyspieszy\u0142o m\u00f3j rozw\u00f3j osobisty, ale tak\u017ce wzmocni\u0142o moj\u0105 obecn\u0105 si\u0142\u0119: wspieranie ludzi w etapach po\u017cegnania i przej\u015bcia z godno\u015bci\u0105, szczero\u015bci\u0105 i otwartym sercem.[\/et_pb_blurb][et_pb_blurb title=&#8221;Osobiste zainteresowania&#8221; use_icon=&#8221;on&#8221; font_icon=&#8221;&#xe030;||divi||400&#8243; icon_color=&#8221;#cd222a&#8221; image_icon_width=&#8221;40px&#8221; icon_alignment=&#8221;left&#8221; disabled_on=&#8221;off|off|off&#8221; _builder_version=&#8221;4.27.4&#8243; _module_preset=&#8221;default&#8221; header_level=&#8221;h2&#8243; header_line_height=&#8221;1.2em&#8221; body_font_size=&#8221;18px&#8221; body_line_height=&#8221;1.8em&#8221; hover_enabled=&#8221;0&#8243; global_colors_info=&#8221;{}&#8221; sticky_enabled=&#8221;0&#8243;]<\/p>\n<p>Uwielbiam ruch, czy to sport, taniec, czy po prostu przebywanie na \u015bwie\u017cym powietrzu. Muzyka jest cz\u0119\u015bci\u0105 mojego \u017cycia, podobnie jak potrzeba zanurzenia si\u0119 w ciszy. Lubi\u0119 czyta\u0107 (czasem po\u015bwi\u0119cam ponad rok na ksi\u0105\u017ck\u0119), uwielbiam kreatywne projekty z c\u00f3rk\u0105 i cz\u0119sto spotykam si\u0119 z du\u017c\u0105 grup\u0105 przyjaci\u00f3\u0142. Uwielbiam festiwale w ci\u0105gu dnia z dobr\u0105 muzyk\u0105 house.<\/p>\n<p>Olejki eteryczne (zw\u0142aszcza d\u014dTERRA) s\u0105 integraln\u0105 cz\u0119\u015bci\u0105 mojego codziennego \u017cycia. U\u017cywam ich \u015bwiadomie, aby poprawi\u0107 nastr\u00f3j, doda\u0107 energii, zrelaksowa\u0107 si\u0119 lub po prostu jako naturalne perfumy. Lubi\u0119 karty, rytua\u0142y, duchowo\u015b\u0107 i wszystkie te subtelne, namacalne rzeczy, kt\u00f3rych nie mo\u017cna dotkn\u0105\u0107, ale<br \/>mo\u017cna poczu\u0107.<\/p>\n<p>Dla mnie coaching nie jest metod\u0105, ale powo\u0142aniem i prawdopodobnie moim najwi\u0119kszym osobistym zainteresowaniem: zrozumienie ludzi, towarzyszenie im, poruszanie ich \u2013 to mnie po prostu fascynuje.<img decoding=\"async\" draggable=\"false\" role=\"img\" class=\"emoji\" alt=\"\ud83d\ude42\" src=\"https:\/\/s.w.org\/images\/core\/emoji\/16.0.1\/svg\/1f642.svg\" \/><\/p>\n<p>[\/et_pb_blurb][\/et_pb_column][\/et_pb_row][et_pb_row module_id=&#8221;kontakt-theresia&#8221; _builder_version=&#8221;4.27.4&#8243; _module_preset=&#8221;default&#8221; global_colors_info=&#8221;{}&#8221;][et_pb_column type=&#8221;4_4&#8243; _builder_version=&#8221;4.23.1&#8243; _module_preset=&#8221;default&#8221; global_colors_info=&#8221;{}&#8221;][et_pb_text _builder_version=&#8221;4.27.4&#8243; _module_preset=&#8221;default&#8221; header_2_text_color=&#8221;#cd222a&#8221; header_2_font_size=&#8221;30px&#8221; custom_margin=&#8221;||12px|||&#8221; global_colors_info=&#8221;{}&#8221;]<\/p>\n<h2>Pro\u015bba o coaching AVGS dla Theresii Schreier<\/h2>\n<p>[\/et_pb_text][et_pb_text _builder_version=&#8221;4.27.4&#8243; _module_preset=&#8221;default&#8221; text_font_size=&#8221;18px&#8221; text_line_height=&#8221;2em&#8221; global_colors_info=&#8221;{}&#8221;]Przeka\u017cemy Twoje dane Theresii Schreier, aby mog\u0142a si\u0119 z Tob\u0105 skontaktowa\u0107 tak szybko, jak to mo\u017cliwe, i zaproponowa\u0107 termin niezobowi\u0105zuj\u0105cej wst\u0119pnej konsultacji. Jakie masz potrzeby coachingowe AVGS?[\/et_pb_text][et_pb_code module_class=&#8221;cf-kntkt-form cf-sub-kntkt-form&#8221; _builder_version=&#8221;4.27.4&#8243; _module_preset=&#8221;default&#8221; global_colors_info=&#8221;{}&#8221;]\n<div class=\"wpcf7 no-js\" id=\"wpcf7-f10163-o1\" lang=\"pl-PL\" dir=\"ltr\" data-wpcf7-id=\"10163\">\n<div class=\"screen-reader-response\"><p role=\"status\" aria-live=\"polite\" aria-atomic=\"true\"><\/p> <ul><\/ul><\/div>\n<form action=\"\/pl\/wp-json\/wp\/v2\/pages\/10158#wpcf7-f10163-o1\" method=\"post\" class=\"wpcf7-form init\" aria-label=\"Formularz kontaktowy\" novalidate=\"novalidate\" data-status=\"init\">\n<fieldset class=\"hidden-fields-container\"><input type=\"hidden\" name=\"_wpcf7\" value=\"10163\" \/><input type=\"hidden\" name=\"_wpcf7_version\" value=\"6.1.2\" \/><input type=\"hidden\" name=\"_wpcf7_locale\" value=\"pl_PL\" \/><input type=\"hidden\" name=\"_wpcf7_unit_tag\" value=\"wpcf7-f10163-o1\" \/><input type=\"hidden\" name=\"_wpcf7_container_post\" value=\"0\" \/><input type=\"hidden\" name=\"_wpcf7_posted_data_hash\" value=\"\" \/>\n<\/fieldset>\n<div class=\"w3-row\">\n\t<div class=\"w3-col\">\n\t\t<p><span class=\"wpcf7-form-control-wrap\" data-name=\"what-can-we-do-for-you-answer\"><span class=\"wpcf7-form-control wpcf7-checkbox checkbox\"><span class=\"wpcf7-list-item first\"><label><input type=\"checkbox\" name=\"what-can-we-do-for-you-answer[]\" value=\"Jobcoaching\" \/><span class=\"wpcf7-list-item-label\">Jobcoaching<\/span><\/label><\/span><span class=\"wpcf7-list-item last\"><label><input type=\"checkbox\" name=\"what-can-we-do-for-you-answer[]\" value=\"Gr\u00fcndungsberatung\" \/><span class=\"wpcf7-list-item-label\">Gr\u00fcndungsberatung<\/span><\/label><\/span><\/span><\/span>\n\t\t<\/p>\n\t<\/div>\n<\/div>\n<div class=\"w3-row\">\n\t<div class=\"w3-col\">\n\t\t<p><label>Vor- und Nachname<\/label><br \/>\n<span class=\"wpcf7-form-control-wrap\" data-name=\"Vor-und-Nachname\"><input size=\"40\" maxlength=\"400\" class=\"wpcf7-form-control wpcf7-text wpcf7-validates-as-required\" autocomplete=\"off\" aria-required=\"true\" aria-invalid=\"false\" value=\"\" type=\"text\" name=\"Vor-und-Nachname\" \/><\/span>\n\t\t<\/p>\n\t<\/div>\n<\/div>\n<div class=\"w3-row\">\n\t<div class=\"w3-col\">\n\t\t<p><label>Telefonnummer<\/label><br \/>\n<span class=\"wpcf7-form-control-wrap\" data-name=\"telefonnummer\"><input size=\"40\" maxlength=\"400\" class=\"wpcf7-form-control wpcf7-tel wpcf7-text wpcf7-validates-as-tel\" autocomplete=\"off\" aria-invalid=\"false\" value=\"\" type=\"tel\" name=\"telefonnummer\" \/><\/span>\n\t\t<\/p>\n\t<\/div>\n\t<div class=\"w3-col\">\n\t\t<p><label>E-Mail-Adresse<\/label><br \/>\n<span class=\"wpcf7-form-control-wrap\" data-name=\"your-email\"><input size=\"40\" maxlength=\"400\" class=\"wpcf7-form-control wpcf7-email wpcf7-validates-as-required wpcf7-text wpcf7-validates-as-email\" autocomplete=\"off\" aria-required=\"true\" aria-invalid=\"false\" value=\"\" type=\"email\" name=\"your-email\" \/><\/span>\n\t\t<\/p>\n\t<\/div>\n<\/div>\n<div class=\"w3-row\">\n\t<div class=\"w3-col\">\n\t\t<p><label>Mitteilung<\/label>\n\t\t<\/p>\n\t<\/div>\n\t<div class=\"w3-col\">\n\t\t<p><span class=\"wpcf7-form-control-wrap\" data-name=\"mitteilung\"><textarea cols=\"40\" rows=\"10\" maxlength=\"2000\" class=\"wpcf7-form-control wpcf7-textarea\" aria-invalid=\"false\" placeholder=\"max 500 Zeichen\" name=\"mitteilung\"><\/textarea><\/span>\n\t\t<\/p>\n\t<\/div>\n<\/div>\n<div class=\"w3-row\">\n\t<div class=\"w3-col\">\n\t\t<p><label>Wie haben Sie uns gefunden?<\/label>\n\t\t<\/p>\n\t<\/div>\n<\/div>\n<div class=\"w3-row\">\n\t<div class=\"w3-col\">\n\t\t<p><span class=\"wpcf7-form-control-wrap\" data-name=\"how-did-you-find-us-answer\"><span class=\"wpcf7-form-control wpcf7-checkbox checkbox\"><span class=\"wpcf7-list-item first\"><label><input type=\"checkbox\" name=\"how-did-you-find-us-answer[]\" value=\"Pers\u00f6nliche Empfehlung\" \/><span class=\"wpcf7-list-item-label\">Pers\u00f6nliche Empfehlung<\/span><\/label><\/span><span class=\"wpcf7-list-item\"><label><input type=\"checkbox\" name=\"how-did-you-find-us-answer[]\" value=\"Internetsuche\" \/><span class=\"wpcf7-list-item-label\">Internetsuche<\/span><\/label><\/span><span class=\"wpcf7-list-item last\"><label><input type=\"checkbox\" name=\"how-did-you-find-us-answer[]\" value=\"Social Media\" \/><span class=\"wpcf7-list-item-label\">Social Media<\/span><\/label><\/span><\/span><\/span>\n\t\t<\/p>\n\t<\/div>\n<\/div>\n<div class=\"w3-row\">\n\t<div class=\"w3-col\">\n\t\t<p><label>Datenschutz<\/label><br \/>\n<span class=\"wpcf7-form-control-wrap\" data-name=\"datenschutz\"><span class=\"wpcf7-form-control wpcf7-checkbox wpcf7-validates-as-required\"><span class=\"wpcf7-list-item first last\"><input type=\"checkbox\" name=\"datenschutz[]\" value=\"Ich willige in die Verarbeitung meiner oben angegebenen personenbezogenen Daten zum Zwecke des Erhalts von Informationen zu Coachings ein. Meine Daten werden ggfls. zur Kontaktaufnahme an die zu vermittelten Coaches weitergegeben. Die weiteren Informationen zur Verarbeitung meiner Daten habe ich zur Kenntnis genommen. Ich bin mir bewusst, dass ich die erteilten Einwilligungen jederzeit telefonisch oder mit einer formlosen Mitteilung per E-Mail an kontakt@beratung-westphal.de widerrufen kann.\" \/><span class=\"wpcf7-list-item-label\">Ich willige in die Verarbeitung meiner oben angegebenen personenbezogenen Daten zum Zwecke des Erhalts von Informationen zu Coachings ein. Meine Daten werden ggfls. zur Kontaktaufnahme an die zu vermittelten Coaches weitergegeben. Die weiteren Informationen zur Verarbeitung meiner Daten habe ich zur Kenntnis genommen. Ich bin mir bewusst, dass ich die erteilten Einwilligungen jederzeit telefonisch oder mit einer formlosen Mitteilung per E-Mail an kontakt@beratung-westphal.de widerrufen kann.<\/span><\/span><\/span><\/span>\n\t\t<\/p>\n\t<\/div>\n<\/div>\n<div class=\"w3-row\">\n\t<div class=\"w3-col\">\n\t\t<p><span class=\"wpcf7-form-control-wrap\" data-name=\"quiz-827\"><label><span class=\"wpcf7-quiz-label\">11 x 2 = ?<\/span> <input size=\"40\" class=\"wpcf7-form-control wpcf7-quiz\" autocomplete=\"off\" aria-required=\"true\" aria-invalid=\"false\" type=\"text\" name=\"quiz-827\" \/><\/label><input type=\"hidden\" name=\"_wpcf7_quiz_answer_quiz-827\" value=\"a165ff3442d955aabdac0dd4e20ac2b0\" \/><\/span>\n\t\t<\/p>\n\t<\/div>\n<\/div>\n<center>\n\t<div class=\"w3-row\">\n\t\t<div class=\"w3-col\">\n\t\t\t<p><input class=\"wpcf7-form-control wpcf7-submit has-spinner pc-button bg-primary-color square-button primary-border-color\" type=\"submit\" value=\"Senden\" \/>\n\t\t\t<\/p>\n\t\t<\/div>\n\t<\/div>\n<\/center><div class=\"frc-captcha \" data-sitekey=\"FCMIVM5H8K1HPA6F\" data-lang=\"pl\" ><\/div>\n\t\t<noscript>You need to enable Javascript for the anti-spam check.<\/noscript><div class=\"wpcf7-response-output\" aria-hidden=\"true\"><\/div>\n<\/form>\n<\/div>\n[\/et_pb_code][\/et_pb_column][\/et_pb_row][\/et_pb_section]<\/p>\n","protected":false},"excerpt":{"rendered":"<p>Theresia Schreier Produkt:\u00a0\u00a0Coaching zawodowy, doradztwo w zakresie start-up\u00f3w J\u0119zyk(i) coachingu:\u00a0niemiecki Szkolenia\/certyfikacje coachingowe:\u00a0\u00a0Szkolenie w zakresie\u00a0\u00a0pracy z ustawieniami systemowymi\u00a0\u00a0(rodzina i organizacja) z Maikiem L\u00e4rzem, Erfurt, szkolenie w zakresie\u00a0\u00a0praktyki neurorezonansu i NLP\u00a0\u00a0\/ z Denysem Scharnweberem,\u00a0\u00a0metody EMDR\u00a0\u00a0: Wingwave i EmotionSync (EyeSync, MoveSync, ClapSync, TapSync, szkolenie ThetaHealing podstawowe i zaawansowane), Wieloletnie do\u015bwiadczenie w\u00a0\u00a0ruchu i pracy z cia\u0142em\u00a0\u00a0, ponad 11 lat [&hellip;]<\/p>\n","protected":false},"author":1,"featured_media":0,"parent":6595,"menu_order":0,"comment_status":"closed","ping_status":"closed","template":"","meta":{"_et_pb_use_builder":"on","_et_pb_old_content":"","_et_gb_content_width":"","footnotes":""},"class_list":["post-10158","page","type-page","status-publish","hentry"],"yoast_head":"<!-- This site is optimized with the Yoast SEO plugin v26.0 - https:\/\/yoast.com\/wordpress\/plugins\/seo\/ -->\n<title>Theresia Schreier - AVGS Gutschein<\/title>\n<meta name=\"robots\" content=\"index, follow, max-snippet:-1, max-image-preview:large, max-video-preview:-1\" \/>\n<link rel=\"canonical\" href=\"https:\/\/avgs-gutschein.de\/pl\/nasi-trenerzy\/theresia-schreier\/\" \/>\n<meta property=\"og:locale\" content=\"pl_PL\" \/>\n<meta property=\"og:type\" content=\"article\" \/>\n<meta property=\"og:title\" content=\"Theresia Schreier - AVGS Gutschein\" \/>\n<meta property=\"og:description\" content=\"Theresia Schreier Produkt:\u00a0\u00a0Coaching zawodowy, doradztwo w zakresie start-up\u00f3w J\u0119zyk(i) coachingu:\u00a0niemiecki Szkolenia\/certyfikacje coachingowe:\u00a0\u00a0Szkolenie w zakresie\u00a0\u00a0pracy z ustawieniami systemowymi\u00a0\u00a0(rodzina i organizacja) z Maikiem L\u00e4rzem, Erfurt, szkolenie w zakresie\u00a0\u00a0praktyki neurorezonansu i NLP\u00a0\u00a0\/ z Denysem Scharnweberem,\u00a0\u00a0metody EMDR\u00a0\u00a0: Wingwave i EmotionSync (EyeSync, MoveSync, ClapSync, TapSync, szkolenie ThetaHealing podstawowe i zaawansowane), Wieloletnie do\u015bwiadczenie w\u00a0\u00a0ruchu i pracy z cia\u0142em\u00a0\u00a0, ponad 11 lat [&hellip;]\" \/>\n<meta property=\"og:url\" content=\"https:\/\/avgs-gutschein.de\/pl\/nasi-trenerzy\/theresia-schreier\/\" \/>\n<meta property=\"og:site_name\" content=\"AVGS Gutschein\" \/>\n<meta property=\"article:modified_time\" content=\"2025-10-07T07:35:37+00:00\" \/>\n<meta property=\"og:image\" content=\"https:\/\/s.w.org\/images\/core\/emoji\/16.0.1\/svg\/1f642.svg\" \/>\n<meta name=\"twitter:card\" content=\"summary_large_image\" \/>\n<script type=\"application\/ld+json\" class=\"yoast-schema-graph\">{\"@context\":\"https:\/\/schema.org\",\"@graph\":[{\"@type\":\"WebPage\",\"@id\":\"https:\/\/avgs-gutschein.de\/pl\/nasi-trenerzy\/theresia-schreier\/\",\"url\":\"https:\/\/avgs-gutschein.de\/pl\/nasi-trenerzy\/theresia-schreier\/\",\"name\":\"Theresia Schreier - AVGS Gutschein\",\"isPartOf\":{\"@id\":\"https:\/\/avgs-gutschein.de\/pl\/#website\"},\"primaryImageOfPage\":{\"@id\":\"https:\/\/avgs-gutschein.de\/pl\/nasi-trenerzy\/theresia-schreier\/#primaryimage\"},\"image\":{\"@id\":\"https:\/\/avgs-gutschein.de\/pl\/nasi-trenerzy\/theresia-schreier\/#primaryimage\"},\"thumbnailUrl\":\"https:\/\/s.w.org\/images\/core\/emoji\/16.0.1\/svg\/1f642.svg\",\"datePublished\":\"2025-05-26T09:00:07+00:00\",\"dateModified\":\"2025-10-07T07:35:37+00:00\",\"breadcrumb\":{\"@id\":\"https:\/\/avgs-gutschein.de\/pl\/nasi-trenerzy\/theresia-schreier\/#breadcrumb\"},\"inLanguage\":\"pl-PL\",\"potentialAction\":[{\"@type\":\"ReadAction\",\"target\":[\"https:\/\/avgs-gutschein.de\/pl\/nasi-trenerzy\/theresia-schreier\/\"]}]},{\"@type\":\"ImageObject\",\"inLanguage\":\"pl-PL\",\"@id\":\"https:\/\/avgs-gutschein.de\/pl\/nasi-trenerzy\/theresia-schreier\/#primaryimage\",\"url\":\"https:\/\/s.w.org\/images\/core\/emoji\/16.0.1\/svg\/1f642.svg\",\"contentUrl\":\"https:\/\/s.w.org\/images\/core\/emoji\/16.0.1\/svg\/1f642.svg\"},{\"@type\":\"BreadcrumbList\",\"@id\":\"https:\/\/avgs-gutschein.de\/pl\/nasi-trenerzy\/theresia-schreier\/#breadcrumb\",\"itemListElement\":[{\"@type\":\"ListItem\",\"position\":1,\"name\":\"Startseite\",\"item\":\"https:\/\/avgs-gutschein.de\/pl\/\"},{\"@type\":\"ListItem\",\"position\":2,\"name\":\"Wybierz trenera AVGS\",\"item\":\"https:\/\/avgs-gutschein.de\/pl\/unsere-coaches\/\"},{\"@type\":\"ListItem\",\"position\":3,\"name\":\"Theresia Schreier\"}]},{\"@type\":\"WebSite\",\"@id\":\"https:\/\/avgs-gutschein.de\/pl\/#website\",\"url\":\"https:\/\/avgs-gutschein.de\/pl\/\",\"name\":\"AVGS Gutschein\",\"description\":\"\",\"potentialAction\":[{\"@type\":\"SearchAction\",\"target\":{\"@type\":\"EntryPoint\",\"urlTemplate\":\"https:\/\/avgs-gutschein.de\/pl\/?s={search_term_string}\"},\"query-input\":{\"@type\":\"PropertyValueSpecification\",\"valueRequired\":true,\"valueName\":\"search_term_string\"}}],\"inLanguage\":\"pl-PL\"}]}<\/script>\n<!-- \/ Yoast SEO plugin. -->","yoast_head_json":{"title":"Theresia Schreier - AVGS Gutschein","robots":{"index":"index","follow":"follow","max-snippet":"max-snippet:-1","max-image-preview":"max-image-preview:large","max-video-preview":"max-video-preview:-1"},"canonical":"https:\/\/avgs-gutschein.de\/pl\/nasi-trenerzy\/theresia-schreier\/","og_locale":"pl_PL","og_type":"article","og_title":"Theresia Schreier - AVGS Gutschein","og_description":"Theresia Schreier Produkt:\u00a0\u00a0Coaching zawodowy, doradztwo w zakresie start-up\u00f3w J\u0119zyk(i) coachingu:\u00a0niemiecki Szkolenia\/certyfikacje coachingowe:\u00a0\u00a0Szkolenie w zakresie\u00a0\u00a0pracy z ustawieniami systemowymi\u00a0\u00a0(rodzina i organizacja) z Maikiem L\u00e4rzem, Erfurt, szkolenie w zakresie\u00a0\u00a0praktyki neurorezonansu i NLP\u00a0\u00a0\/ z Denysem Scharnweberem,\u00a0\u00a0metody EMDR\u00a0\u00a0: Wingwave i EmotionSync (EyeSync, MoveSync, ClapSync, TapSync, szkolenie ThetaHealing podstawowe i zaawansowane), Wieloletnie do\u015bwiadczenie w\u00a0\u00a0ruchu i pracy z cia\u0142em\u00a0\u00a0, ponad 11 lat [&hellip;]","og_url":"https:\/\/avgs-gutschein.de\/pl\/nasi-trenerzy\/theresia-schreier\/","og_site_name":"AVGS Gutschein","article_modified_time":"2025-10-07T07:35:37+00:00","og_image":[{"url":"https:\/\/s.w.org\/images\/core\/emoji\/16.0.1\/svg\/1f642.svg","type":"","width":"","height":""}],"twitter_card":"summary_large_image","schema":{"@context":"https:\/\/schema.org","@graph":[{"@type":"WebPage","@id":"https:\/\/avgs-gutschein.de\/pl\/nasi-trenerzy\/theresia-schreier\/","url":"https:\/\/avgs-gutschein.de\/pl\/nasi-trenerzy\/theresia-schreier\/","name":"Theresia Schreier - AVGS Gutschein","isPartOf":{"@id":"https:\/\/avgs-gutschein.de\/pl\/#website"},"primaryImageOfPage":{"@id":"https:\/\/avgs-gutschein.de\/pl\/nasi-trenerzy\/theresia-schreier\/#primaryimage"},"image":{"@id":"https:\/\/avgs-gutschein.de\/pl\/nasi-trenerzy\/theresia-schreier\/#primaryimage"},"thumbnailUrl":"https:\/\/s.w.org\/images\/core\/emoji\/16.0.1\/svg\/1f642.svg","datePublished":"2025-05-26T09:00:07+00:00","dateModified":"2025-10-07T07:35:37+00:00","breadcrumb":{"@id":"https:\/\/avgs-gutschein.de\/pl\/nasi-trenerzy\/theresia-schreier\/#breadcrumb"},"inLanguage":"pl-PL","potentialAction":[{"@type":"ReadAction","target":["https:\/\/avgs-gutschein.de\/pl\/nasi-trenerzy\/theresia-schreier\/"]}]},{"@type":"ImageObject","inLanguage":"pl-PL","@id":"https:\/\/avgs-gutschein.de\/pl\/nasi-trenerzy\/theresia-schreier\/#primaryimage","url":"https:\/\/s.w.org\/images\/core\/emoji\/16.0.1\/svg\/1f642.svg","contentUrl":"https:\/\/s.w.org\/images\/core\/emoji\/16.0.1\/svg\/1f642.svg"},{"@type":"BreadcrumbList","@id":"https:\/\/avgs-gutschein.de\/pl\/nasi-trenerzy\/theresia-schreier\/#breadcrumb","itemListElement":[{"@type":"ListItem","position":1,"name":"Startseite","item":"https:\/\/avgs-gutschein.de\/pl\/"},{"@type":"ListItem","position":2,"name":"Wybierz trenera AVGS","item":"https:\/\/avgs-gutschein.de\/pl\/unsere-coaches\/"},{"@type":"ListItem","position":3,"name":"Theresia Schreier"}]},{"@type":"WebSite","@id":"https:\/\/avgs-gutschein.de\/pl\/#website","url":"https:\/\/avgs-gutschein.de\/pl\/","name":"AVGS Gutschein","description":"","potentialAction":[{"@type":"SearchAction","target":{"@type":"EntryPoint","urlTemplate":"https:\/\/avgs-gutschein.de\/pl\/?s={search_term_string}"},"query-input":{"@type":"PropertyValueSpecification","valueRequired":true,"valueName":"search_term_string"}}],"inLanguage":"pl-PL"}]}},"_links":{"self":[{"href":"https:\/\/avgs-gutschein.de\/pl\/wp-json\/wp\/v2\/pages\/10158","targetHints":{"allow":["GET"]}}],"collection":[{"href":"https:\/\/avgs-gutschein.de\/pl\/wp-json\/wp\/v2\/pages"}],"about":[{"href":"https:\/\/avgs-gutschein.de\/pl\/wp-json\/wp\/v2\/types\/page"}],"author":[{"embeddable":true,"href":"https:\/\/avgs-gutschein.de\/pl\/wp-json\/wp\/v2\/users\/1"}],"replies":[{"embeddable":true,"href":"https:\/\/avgs-gutschein.de\/pl\/wp-json\/wp\/v2\/comments?post=10158"}],"version-history":[{"count":5,"href":"https:\/\/avgs-gutschein.de\/pl\/wp-json\/wp\/v2\/pages\/10158\/revisions"}],"predecessor-version":[{"id":11634,"href":"https:\/\/avgs-gutschein.de\/pl\/wp-json\/wp\/v2\/pages\/10158\/revisions\/11634"}],"up":[{"embeddable":true,"href":"https:\/\/avgs-gutschein.de\/pl\/wp-json\/wp\/v2\/pages\/6595"}],"wp:attachment":[{"href":"https:\/\/avgs-gutschein.de\/pl\/wp-json\/wp\/v2\/media?parent=10158"}],"curies":[{"name":"wp","href":"https:\/\/api.w.org\/{rel}","templated":true}]}}