{"id":6405,"date":"2024-01-17T02:25:42","date_gmt":"2024-01-17T01:25:42","guid":{"rendered":"https:\/\/avgs-gutschein.de\/nuestros-oficinas-avgs\/buchholz\/"},"modified":"2025-10-06T08:02:07","modified_gmt":"2025-10-06T06:02:07","slug":"buchholz","status":"publish","type":"page","link":"https:\/\/avgs-gutschein.de\/es\/nuestros-oficinas-avgs\/buchholz\/","title":{"rendered":"Buchholz"},"content":{"rendered":"<p>[et_pb_section fb_built=\u00bb1&#8243; _builder_version=\u00bb4.23.4&#8243; _module_preset=\u00bbdefault\u00bb use_background_color_gradient=\u00bbon\u00bb background_color_gradient_stops=\u00bbrgba(255,255,255,0) 0%|rgba(255,255,255,0.71) 50%\u00bb background_color_gradient_overlays_image=\u00bbon\u00bb background_image=\u00bbhttps:\/\/avgs-gutschein.de\/wp-content\/uploads\/2024\/01\/Header_Buchholz.webp\u00bb background_position=\u00bbbottom_center\u00bb custom_padding=\u00bb18vw||13.5vw||false|false\u00bb global_colors_info=\u00bb{}\u00bb background__hover_enabled=\u00bboff|desktop\u00bb][et_pb_row _builder_version=\u00bb4.23.1&#8243; _module_preset=\u00bbdefault\u00bb global_colors_info=\u00bb{}\u00bb][et_pb_column type=\u00bb4_4&#8243; _builder_version=\u00bb4.23.1&#8243; _module_preset=\u00bbdefault\u00bb global_colors_info=\u00bb{}\u00bb][et_pb_text module_class=\u00bbavgs-font \u00bb _builder_version=\u00bb4.27.2&#8243; _module_preset=\u00bbdefault\u00bb text_font_size=\u00bb50px\u00bb header_font=\u00bb|800|||||||\u00bb header_text_align=\u00bbcenter\u00bb header_font_size=\u00bb45px\u00bb global_colors_info=\u00bb{}\u00bb]<\/p>\n<h1 class=\"gray-font\">Nuestro Equipo de Coaching de A<span class=\"red-font\">V<\/span>GS en <span class=\"red-font\"> Buchholz<br \/>\n<\/span><\/h1>\n<p>[\/et_pb_text][et_pb_button button_url=\u00bb\/unsere-coaches\u00bb button_text=\u00bb Finden Sie Ihren AVGS-Coach\u00bb button_alignment=\u00bbcenter\u00bb disabled_on=\u00bbon|on|on\u00bb _builder_version=\u00bb4.24.0&#8243; _module_preset=\u00bbdefault\u00bb custom_button=\u00bbon\u00bb button_text_color=\u00bb#FFFFFF\u00bb button_bg_color=\u00bb#cf222a\u00bb button_border_width=\u00bb0px\u00bb disabled=\u00bbon\u00bb global_colors_info=\u00bb{}\u00bb][\/et_pb_button][\/et_pb_column][\/et_pb_row][\/et_pb_section][et_pb_section fb_built=\u00bb1&#8243; _builder_version=\u00bb4.23.1&#8243; _module_preset=\u00bbdefault\u00bb global_colors_info=\u00bb{}\u00bb][et_pb_row _builder_version=\u00bb4.23.1&#8243; _module_preset=\u00bbdefault\u00bb global_colors_info=\u00bb{}\u00bb][et_pb_column type=\u00bb4_4&#8243; _builder_version=\u00bb4.23.1&#8243; _module_preset=\u00bbdefault\u00bb global_colors_info=\u00bb{}\u00bb][et_pb_text _builder_version=\u00bb4.27.2&#8243; _module_preset=\u00bbdefault\u00bb text_font_size=\u00bb30px\u00bb header_2_font=\u00bb|600|||||||\u00bb header_2_text_align=\u00bbcenter\u00bb header_2_text_color=\u00bb#555555&#8243; header_2_font_size=\u00bb30px\u00bb header_2_line_height=\u00bb1.54em\u00bb global_colors_info=\u00bb{}\u00bb]<\/p>\n<h2>El Equipo Calificado para tu Cambio de Carrera o Puesta en Marcha de Negocio<\/h2>\n<p>[\/et_pb_text][et_pb_text module_class=\u00bbnormal-p\u00bb _builder_version=\u00bb4.27.2&#8243; _module_preset=\u00bbdefault\u00bb text_line_height=\u00bb1.8em\u00bb global_colors_info=\u00bb{}\u00bb]<\/p>\n<p><span style=\"font-weight: 400;\">Nuestra oficina en Buchholz\/Nordheide est\u00e1 muy cerca del centro de la ciudad y se encuentra en una ubicaci\u00f3n privilegiada en Parkstrasse 1. Nuestro equipo de Buchholz le espera en un local moderno y luminoso y estar\u00e1 encantado de hablar con usted sobre sus planes profesionales tomando una taza de t\u00e9 o caf\u00e9. En Buchholz ofrecemos tanto el Job Challenge como el asesoramiento para la creaci\u00f3n de empresas en persona, en l\u00ednea o de forma h\u00edbrida. Somos socios desde hace a\u00f1os de la agencia de empleo de Buchholz y del centro de empleo de Buchholz y trabajamos en confianza con las agencias de empleo locales. El coaching es 100 % gratuito para usted con un AVGS. No dude en elegir su coach preferido del equipo de Buchholz y concertar una primera reuni\u00f3n de presentaci\u00f3n para tratar cualquier otra cuesti\u00f3n. \u00a1Esperamos verle!<\/span><\/p>\n<p>[\/et_pb_text][et_pb_code _builder_version=\u00bb4.27.4&#8243; _module_preset=\u00bbdefault\u00bb hover_enabled=\u00bb0&#8243; global_colors_info=\u00bb{}\u00bb sticky_enabled=\u00bb0&#8243;]<\/p>\n<div class=\"card-list-container two-columns-2\"><!-- [et_pb_line_break_holder] -->    <!-- Bodenhausen --><!-- [et_pb_line_break_holder] -->     <\/p>\n<div class=\"card-list item produkt-jobcoaching sprache-deutsch standort-buchholz standort-online standort-muenchen standort-frankfurt standort-hannover themenschwerpunkte-bewerbungstraining themenschwerpunkte-stellenrecherche themenschwerpunkte-berufsorientierung themenschwerpunkte-vorstellungsgespraeche themenschwerpunkte-persoenliche-positionierung branchenschwerpunkte-beratung branchenschwerpunkte-dienstleistungen branchenschwerpunkte-energie branchenschwerpunkte-event branchenschwerpunkte-handel branchenschwerpunkte-kommunikation branchenschwerpunkte-ngos \"><!-- [et_pb_line_break_holder] -->        <\/p>\n<div class=\"card-front\" ><!-- [et_pb_line_break_holder] -->            <\/p>\n<div class=\"cntnt\"><!-- [et_pb_line_break_holder] -->                <img decoding=\"async\" src=\"\/wp-content\/uploads\/2023\/12\/Barbara_Bodenhausen_profile_pic.webp\"><!-- [et_pb_line_break_holder] -->                <\/p>\n<div class=\"coach-card\"><!-- [et_pb_line_break_holder] -->                    <\/p>\n<h2>Barbara Bodenhausen<\/h2>\n<p><!-- [et_pb_line_break_holder] -->                    <\/p>\n<div class=\"coach-desc\"><!-- [et_pb_line_break_holder] -->                        <\/p>\n<div class=\"standort\"><b>Oficina:<\/b> Presencia en: Buchholz, online en toda Alemania<\/div>\n<p><!-- [et_pb_line_break_holder] -->                        <\/p>\n<hr>\n<p><!-- [et_pb_line_break_holder] -->                        <\/p>\n<div class=\"specialty\"><b>Producto:<\/b> Coaching laboral<\/div>\n<p><!-- [et_pb_line_break_holder] -->                        <\/p>\n<hr>\n<p><!-- [et_pb_line_break_holder] -->                        <\/p>\n<div class=\"lang\"><b>Idioma(s) del entrenamiento:<\/b> Alem\u00e1n<\/div>\n<p><!-- [et_pb_line_break_holder] -->                        <\/p>\n<hr>\n<p><!-- [et_pb_line_break_holder] -->                    <\/div>\n<p><!-- [et_pb_line_break_holder] -->                    <\/p>\n<div class=\"coach-btn\"><!-- [et_pb_line_break_holder] -->                        <\/p>\n<div class=\"link-btn\">Llegar a saber<\/div>\n<p><!-- [et_pb_line_break_holder] -->                    <\/div>\n<p><!-- [et_pb_line_break_holder] -->                <\/div>\n<p><!-- [et_pb_line_break_holder] -->            <\/div>\n<p><!-- [et_pb_line_break_holder] -->        <\/div>\n<p><!-- [et_pb_line_break_holder] -->        <\/p>\n<div class=\"card-back\" onclick=\"location.href='\/es\/nuestrxs-entrenadorxs\/barbara-bodenhausen\/'\" ><!-- [et_pb_line_break_holder] -->            <\/p>\n<div class=\"cntnt\" ><!-- [et_pb_line_break_holder] -->                <\/p>\n<div><!-- [et_pb_line_break_holder] -->                <\/div>\n<p><!-- [et_pb_line_break_holder] -->                <\/p>\n<ol><!-- [et_pb_line_break_holder] -->                  <\/p>\n<li><span class=\"ques\">\u00bfQu\u00e9 te califica como entrenador\/formador?<\/span><!\u2013- [et_pb_br_holder] -\u2013><pee>En un contexto profesional, entreno a todas las personas que se enfrentan a cambios y buscan nuevas perspectivas sobre estos desaf\u00edos. A trav\u00e9s de mi trabajo aporto m\u00e1s de 20 a\u00f1os de experiencia profesional en consultor\u00eda de personal. Adem\u00e1s de encontrar una visi\u00f3n, desarrollar potencial, activar recursos, fortalecer la confianza en uno mismo y en uno mismo, el objetivo de mi coaching es, sobre todo, optimizar los documentos de solicitud y la preparaci\u00f3n profesional para entrevistas exitosas.<\/pee> <!-- [et_pb_line_break_holder] -->                    <\/li>\n<p><!-- [et_pb_line_break_holder] -->                  <\/p>\n<li><span class=\"ques\">\u00bfQu\u00e9 te diferencia?&#8230;<\/span><!\u2013- [et_pb_br_holder] -\u2013><\/li>\n<p><!-- [et_pb_line_break_holder] -->                <\/ol>\n<p><!-- [et_pb_line_break_holder] -->               <!-- \n\n<div>Mehr erfahren<\/div>\n\n--><!-- [et_pb_line_break_holder] -->                <\/p>\n<div class=\"primary-color\"><\/div>\n<p><!-- [et_pb_line_break_holder] -->                <\/p>\n<div class=\"bottom-footer\"><!-- [et_pb_line_break_holder] -->                    <\/p>\n<div class=\"bottom-footer-container\"><!-- [et_pb_line_break_holder] -->                        <\/p>\n<div class=\"_col\"><!-- [et_pb_line_break_holder] -->                            <a href=\"\/es\/nuestrxs-entrenadorxs\/barbara-bodenhausen\/\"> <span class=\"button\">al perfil<\/span><\/a><!-- [et_pb_line_break_holder] -->                        <\/div>\n<p><!-- [et_pb_line_break_holder] -->                    <\/div>\n<p><!-- [et_pb_line_break_holder] -->                <\/div>\n<p><!-- [et_pb_line_break_holder] -->            <\/div>\n<p><!-- [et_pb_line_break_holder] -->        <\/div>\n<p><!-- [et_pb_line_break_holder] -->    <\/div>\n<p><!-- [et_pb_line_break_holder] -->   <!-- Brandt--><!-- [et_pb_line_break_holder] -->       <\/p>\n<div class=\"card-list item produkt-gruendungsberatung sprache-deutsch standort-online standort-stade standort-buchholz themenschwerpunkte-businessplanerstellung themenschwerpunkte-strategie themenschwerpunkte-finanzplanung themenschwerpunkte-digitales-marketing themenschwerpunkte-rechtsfragen branchenschwerpunkte-beratung branchenschwerpunkte-dienstleistungen branchenschwerpunkte-handel branchenschwerpunkte-handwerk \"><!-- [et_pb_line_break_holder] -->         <\/p>\n<div class=\"card-front\" ><!-- [et_pb_line_break_holder] -->             <\/p>\n<div class=\"cntnt\"><!-- [et_pb_line_break_holder] -->                 <img decoding=\"async\" src=\"\/wp-content\/uploads\/2023\/12\/Reiner-Brandt_01_profile_pic.webp\"><!-- [et_pb_line_break_holder] -->                 <\/p>\n<div class=\"coach-card\"><!-- [et_pb_line_break_holder] -->                     <\/p>\n<h2>Reiner Brandt<\/h2>\n<p><!-- [et_pb_line_break_holder] -->                     <\/p>\n<div class=\"coach-desc\"><!-- [et_pb_line_break_holder] -->                         <\/p>\n<div class=\"standort\"><b>Oficina:<\/b> Presencia en: Stade y Buchholz, online en toda Alemania<\/div>\n<p><!-- [et_pb_line_break_holder] -->                         <\/p>\n<hr>\n<p><!-- [et_pb_line_break_holder] -->                         <\/p>\n<div class=\"specialty\"><b>Producto:<\/b> Asesoramiento de puesta en marcha<\/div>\n<p><!-- [et_pb_line_break_holder] -->                         <\/p>\n<hr>\n<p><!-- [et_pb_line_break_holder] -->                         <\/p>\n<div class=\"lang\"><b>Idioma(s) del entrenamiento:<\/b> Alem\u00e1n<\/div>\n<p><!-- [et_pb_line_break_holder] -->                         <\/p>\n<hr>\n<p><!-- [et_pb_line_break_holder] -->                     <\/div>\n<p><!-- [et_pb_line_break_holder] -->                     <\/p>\n<div class=\"coach-btn\"><!-- [et_pb_line_break_holder] -->                         <\/p>\n<div class=\"link-btn\">Llegar a saber<\/div>\n<p><!-- [et_pb_line_break_holder] -->                     <\/div>\n<p><!-- [et_pb_line_break_holder] -->                 <\/div>\n<p><!-- [et_pb_line_break_holder] -->             <\/div>\n<p><!-- [et_pb_line_break_holder] -->         <\/div>\n<p><!-- [et_pb_line_break_holder] -->         <\/p>\n<div class=\"card-back\" onclick=\"location.href='\/es\/nuestrxs-entrenadorxs\/reiner-brandt\/'\" ><!-- [et_pb_line_break_holder] -->             <\/p>\n<div class=\"cntnt\" ><!-- [et_pb_line_break_holder] -->                 <\/p>\n<div><!-- [et_pb_line_break_holder] -->                 <\/div>\n<p><!-- [et_pb_line_break_holder] -->                 <\/p>\n<ol><!-- [et_pb_line_break_holder] -->                   <\/p>\n<li><span class=\"ques\">\u00bfQu\u00e9 te califica como entrenador\/formador?<\/span><!\u2013- [et_pb_br_holder] -\u2013><pee>Mi formaci\u00f3n como banquero y mis estudios en administraci\u00f3n de empresas con especializaci\u00f3n en marketing y control forman una base s\u00f3lida. Me baso en mis experiencias en diversas empresas fuera del mundo bancario. Mi trato abierto y honesto con la gente completa estas cualificaciones.<\/pee> <!-- [et_pb_line_break_holder] -->                     <\/li>\n<p><!-- [et_pb_line_break_holder] -->                   <\/p>\n<li><span class=\"ques\">\u00bfQu\u00e9 es lo que m\u00e1s te llena de tu trabajo?&#8230;<\/span><!\u2013- [et_pb_br_holder] -\u2013><\/li>\n<p><!-- [et_pb_line_break_holder] -->                 <\/ol>\n<p><!-- [et_pb_line_break_holder] -->                <!-- \n\n<div>Mehr erfahren<\/div>\n\n--><!-- [et_pb_line_break_holder] -->                 <\/p>\n<div class=\"primary-color\"><\/div>\n<p><!-- [et_pb_line_break_holder] -->                 <\/p>\n<div class=\"bottom-footer\"><!-- [et_pb_line_break_holder] -->                     <\/p>\n<div class=\"bottom-footer-container\"><!-- [et_pb_line_break_holder] -->                         <\/p>\n<div class=\"_col\"><!-- [et_pb_line_break_holder] -->                             <a href=\"\/es\/nuestrxs-entrenadorxs\/reiner-brandt\/\"> <span class=\"button\">al perfil<\/span><\/a><!-- [et_pb_line_break_holder] -->                         <\/div>\n<p><!-- [et_pb_line_break_holder] -->                     <\/div>\n<p><!-- [et_pb_line_break_holder] -->                 <\/div>\n<p><!-- [et_pb_line_break_holder] -->             <\/div>\n<p><!-- [et_pb_line_break_holder] -->         <\/div>\n<p><!-- [et_pb_line_break_holder] -->     <\/div>\n<p><!-- [et_pb_line_break_holder] --> <!--Christine Geiersbach--><!-- [et_pb_line_break_holder] --> <\/p>\n<div class=\"card-list item produkt-jobcoaching produkt-gruendungsberatung sprache-deutsch standort-lueneburg standort-buchholz standort-stade standort-online themenschwerpunkte-bewerbungstraining themenschwerpunkte-berufsorientierung themenschwerpunkte-vorstellungsgespraeche themenschwerpunkte-persoenliche-positionierung themenschwerpunkte-businessplanerstellung themenschwerpunkte-strategie themenschwerpunkte-finanzplanung themenschwerpunkte-rechtsfragen branchenschwerpunkte-beratung branchenschwerpunkte-dienstleistungen 8\"><!-- [et_pb_line_break_holder] -->  <\/p>\n<div class=\"card-front\" ><!-- [et_pb_line_break_holder] -->     <\/p>\n<div class=\"cntnt\"><!-- [et_pb_line_break_holder] -->         <img decoding=\"async\" src=\"\/wp-content\/uploads\/2024\/01\/Christine_Geiersbach_prof_pic.webp\"><!-- [et_pb_line_break_holder] -->         <\/p>\n<div class=\"coach-card\"><!-- [et_pb_line_break_holder] -->             <\/p>\n<h2>Christine Geiersbach<\/h2>\n<p><!-- [et_pb_line_break_holder] -->             <\/p>\n<div class=\"coach-desc\"><!-- [et_pb_line_break_holder] -->                 <\/p>\n<div class=\"standort\"><b>Oficina:<\/b> Presencia en: Buchholz, L\u00fcneburg, Stade, online en toda Alemania<\/div>\n<p><!-- [et_pb_line_break_holder] -->                 <\/p>\n<hr>\n<p><!-- [et_pb_line_break_holder] -->                 <\/p>\n<div class=\"specialty\"><b>Producto:<\/b> Entrenamiento laboral, asesoramiento para la puesta en marcha.<\/div>\n<p>    <!-- [et_pb_line_break_holder] -->                 <\/p>\n<hr>\n<p><!-- [et_pb_line_break_holder] -->                 <\/p>\n<div class=\"lang\"><b>Idioma(s) del entrenamiento:<\/b> Alem\u00e1n<\/div>\n<p><!-- [et_pb_line_break_holder] -->                 <\/p>\n<hr>\n<p><!-- [et_pb_line_break_holder] -->             <\/div>\n<p><!-- [et_pb_line_break_holder] -->             <\/p>\n<div class=\"coach-btn\"><!-- [et_pb_line_break_holder] -->                 <\/p>\n<div class=\"link-btn\">Llegar a saber<\/div>\n<p><!-- [et_pb_line_break_holder] -->             <\/div>\n<p><!-- [et_pb_line_break_holder] -->         <\/div>\n<p><!-- [et_pb_line_break_holder] -->     <\/div>\n<p><!-- [et_pb_line_break_holder] -->  <\/div>\n<p><!-- [et_pb_line_break_holder] -->  <\/p>\n<div class=\"card-back\" onclick=\"location.href='\/es\/nuestrxs-entrenadorxs\/christine-geiersbach\/'\" ><!-- [et_pb_line_break_holder] -->     <\/p>\n<div class=\"cntnt\" ><!-- [et_pb_line_break_holder] -->         <\/p>\n<div><!-- [et_pb_line_break_holder] -->         <\/div>\n<p><!-- [et_pb_line_break_holder] -->         <\/p>\n<ol><!-- [et_pb_line_break_holder] -->           <\/p>\n<li><span class=\"ques\">\u00bfQu\u00e9 te califica como entrenador\/formador?<\/span><!\u2013- [et_pb_br_holder] -\u2013><pee>\u00a1Mi forma c\u00e1lida y emp\u00e1tica de tratar con las personas! Adem\u00e1s, mis estudios en pedagog\u00eda social y organizacional, seguidos de un Master en Administraci\u00f3n de Empresas, mi formaci\u00f3n adicional como consultor y coach sist\u00e9mico, as\u00ed como mi experiencia profesional como gerente, forman una base integral para ayudar a otros a realizar sus proyectos.<\/pee> <\/li>\n<p><!-- [et_pb_line_break_holder] -->           <\/p>\n<li><span class=\"ques\">\u00bfQu\u00e9 es lo que m\u00e1s te llena de tu trabajo?&#8230;<\/span><!\u2013- [et_pb_br_holder] -\u2013><\/li>\n<p>   <!-- [et_pb_line_break_holder] -->         <\/ol>\n<p><!-- [et_pb_line_break_holder] -->        <!-- \n\n<div>Mehr erfahren<\/div>\n\n--><!-- [et_pb_line_break_holder] -->         <\/p>\n<div class=\"primary-color\"><\/div>\n<p><!-- [et_pb_line_break_holder] -->         <\/p>\n<div class=\"bottom-footer\"><!-- [et_pb_line_break_holder] -->             <\/p>\n<div class=\"bottom-footer-container\"><!-- [et_pb_line_break_holder] -->                 <\/p>\n<div class=\"_col\"><!-- [et_pb_line_break_holder] -->                     <a href=\"\/es\/nuestrxs-entrenadorxs\/christine-geiersbach\/\"> <span class=\"button\">al perfil<\/span><\/a><!-- [et_pb_line_break_holder] -->                 <\/div>\n<p><!-- [et_pb_line_break_holder] -->             <\/div>\n<p><!-- [et_pb_line_break_holder] -->         <\/div>\n<p><!-- [et_pb_line_break_holder] -->     <\/div>\n<p><!-- [et_pb_line_break_holder] -->  <\/div>\n<p><!-- [et_pb_line_break_holder] -->  <\/div>\n<p><!-- [et_pb_line_break_holder] -->    <!--Makaschutin --><!-- [et_pb_line_break_holder] --> <\/p>\n<div class=\"card-list item<!-- [et_pb_line_break_holder] --> produkt-jobcoaching<!-- [et_pb_line_break_holder] --> sprache-deutsch<!-- [et_pb_line_break_holder] --> sprache-russisch<!-- [et_pb_line_break_holder] --> standort-online<!-- [et_pb_line_break_holder] --> standort-buchholz<!-- [et_pb_line_break_holder] --> standort-lueneburg<!-- [et_pb_line_break_holder] --> themenschwerpunkte-bewerbungstraining<!-- [et_pb_line_break_holder] --> themenschwerpunkte-stellenrecherche<!-- [et_pb_line_break_holder] --> themenschwerpunkte-berufsorientierung<!-- [et_pb_line_break_holder] --> themenschwerpunkte-vorstellungsgespraeche<!-- [et_pb_line_break_holder] --> themenschwerpunkte-persoenliche-positionierung<!-- [et_pb_line_break_holder] --> branchenschwerpunkte-beratung<!-- [et_pb_line_break_holder] --> branchenschwerpunkte-handwerk<!-- [et_pb_line_break_holder] --> branchenschwerpunkte-soziales<!-- [et_pb_line_break_holder] --> \u00ab><!-- [et_pb_line_break_holder] --> <\/p>\n<div class=\"card-front\"><!-- [et_pb_line_break_holder] -->    <\/p>\n<div class=\"cntnt\"><!-- [et_pb_line_break_holder] -->        <img decoding=\"async\" src=\"\/wp-content\/uploads\/2025\/04\/vita_makaschutin_profile_pic.webp\"><!-- [et_pb_line_break_holder] -->        <\/p>\n<div class=\"coach-card\"><!-- [et_pb_line_break_holder] -->            <\/p>\n<h2>Vita Makaschutin<\/h2>\n<p><!-- [et_pb_line_break_holder] -->            <\/p>\n<div class=\"coach-desc\"><!-- [et_pb_line_break_holder] -->                <\/p>\n<div class=\"standort\"><b>Oficina:<\/b> Presencia en: L\u00fcneburg, Buchholz, en l\u00ednea en toda Alemania<\/div>\n<p><!-- [et_pb_line_break_holder] -->                <\/p>\n<hr>\n<p><!-- [et_pb_line_break_holder] -->                <\/p>\n<div class=\"specialty\"><b>Producto:<\/b> Coaching laboral<\/div>\n<p><!-- [et_pb_line_break_holder] -->                <\/p>\n<hr>\n<p><!-- [et_pb_line_break_holder] -->                <\/p>\n<div class=\"lang\"><b>Idioma(s) del entrenamiento: <\/b>Alem\u00e1n, Ruso<\/div>\n<p><!-- [et_pb_line_break_holder] -->                <\/p>\n<hr>\n<p><!-- [et_pb_line_break_holder] -->            <\/div>\n<p><!-- [et_pb_line_break_holder] -->            <\/p>\n<div class=\"coach-btn\"><!-- [et_pb_line_break_holder] -->                <\/p>\n<div class=\"link-btn\">Llegar a saber<\/div>\n<p><!-- [et_pb_line_break_holder] -->            <\/div>\n<p><!-- [et_pb_line_break_holder] -->        <\/div>\n<p><!-- [et_pb_line_break_holder] -->    <\/div>\n<p><!-- [et_pb_line_break_holder] --> <\/div>\n<p><!-- [et_pb_line_break_holder] --> <\/p>\n<div class=\"card-back\" onclick=\"location.href='\/unsere-coaches\/vita-makaschutin\/'\"><!-- [et_pb_line_break_holder] -->    <\/p>\n<div class=\"cntnt\"><!-- [et_pb_line_break_holder] -->        <\/p>\n<div><!-- [et_pb_line_break_holder] -->        <\/div>\n<p><!-- [et_pb_line_break_holder] -->        <\/p>\n<ol><!-- [et_pb_line_break_holder] -->          <\/p>\n<li><span class=\"ques\">\u00bfQu\u00e9 te califica como entrenador\/formador? <\/span><!\u2013- [et_pb_br_holder] -\u2013><pee>A trav\u00e9s de mis muchos a\u00f1os de trabajo en la educaci\u00f3n de adultos y en el sector social, he adquirido un conocimiento profundo sobre c\u00f3mo apoyar a individuos y grupos en diferentes etapas y situaciones de la vida.<\/pee><!-- [et_pb_line_break_holder] -->        <pee>Con un enfoque interdisciplinario, acompa\u00f1o a las personas a alcanzar sus metas personales y profesionales, desarrollar su potencial y lograr un cambio sostenible. Me centro en promover la autorreflexi\u00f3n, el empoderamiento y las soluciones pr\u00e1cticas. Utilizo m\u00e9todos probados de consultor\u00eda sist\u00e9mica, t\u00e9cnicas de coaching y enfoques pedag\u00f3gicos creativos.<\/pee> <\/li>\n<p><!-- [et_pb_line_break_holder] -->          <\/p>\n<li><span class=\"ques\">\u00bfQu\u00e9 resultados mensurables ha conseguido junto con sus clientes y qu\u00e9 le diferencia?&#8230;<\/span><!\u2013- [et_pb_br_holder] -\u2013><\/li>\n<p><!-- [et_pb_line_break_holder] -->        <\/ol>\n<p><!-- [et_pb_line_break_holder] -->       <!-- \n\n<div>Mehr erfahren<\/div>\n\n--><!-- [et_pb_line_break_holder] -->        <\/p>\n<div class=\"primary-color\"><\/div>\n<p><!-- [et_pb_line_break_holder] -->        <\/p>\n<div class=\"bottom-footer\"><!-- [et_pb_line_break_holder] -->            <\/p>\n<div class=\"bottom-footer-container\"><!-- [et_pb_line_break_holder] -->                <\/p>\n<div class=\"_col\"><!-- [et_pb_line_break_holder] -->                    <a href=\"\/unsere-coaches\/vita-makaschutin\/\"> <span class=\"button\">al perfil<\/span><\/a><!-- [et_pb_line_break_holder] -->                <\/div>\n<p><!-- [et_pb_line_break_holder] -->            <\/div>\n<p><!-- [et_pb_line_break_holder] -->        <\/div>\n<p><!-- [et_pb_line_break_holder] -->    <\/div>\n<p><!-- [et_pb_line_break_holder] --> <\/div>\n<p><!-- [et_pb_line_break_holder] --> <\/div>\n<p><!-- [et_pb_line_break_holder] -->  <!--Maschewski --><!-- [et_pb_line_break_holder] --> <\/p>\n<div class=\"card-list item<!-- [et_pb_line_break_holder] --> produkt-gruendungsberatung<!-- [et_pb_line_break_holder] --> sprache-deutsch<!-- [et_pb_line_break_holder] --> standort-online<!-- [et_pb_line_break_holder] --> standort-buchholz<!-- [et_pb_line_break_holder] --> themenschwerpunkte-businessplanerstellung<!-- [et_pb_line_break_holder] --> themenschwerpunkte-strategie<!-- [et_pb_line_break_holder] --> themenschwerpunkte-finanzplanung<!-- [et_pb_line_break_holder] --> themenschwerpunkte-digitales-marketing<!-- [et_pb_line_break_holder] --> themenschwerpunkte-rechtsfragen<!-- [et_pb_line_break_holder] --> branchenschwerpunkte-beratung<!-- [et_pb_line_break_holder] --> branchenschwerpunkte-dienstleistungen<!-- [et_pb_line_break_holder] --> branchenschwerpunkte-event<!-- [et_pb_line_break_holder] --> branchenschwerpunkte-gastronomie<!-- [et_pb_line_break_holder] --> branchenschwerpunkte-pflege<!-- [et_pb_line_break_holder] --> branchenschwerpunkte-handel<!-- [et_pb_line_break_holder] --> branchenschwerpunkte-handwerk<!-- [et_pb_line_break_holder] --> branchenschwerpunkte-kommunikation<!-- [et_pb_line_break_holder] --> branchenschwerpunkte-it<!-- [et_pb_line_break_holder] --> branchenschwerpunkte-soziales<!-- [et_pb_line_break_holder] --> branchenschwerpunkte-industrie<!-- [et_pb_line_break_holder] --> branchenschwerpunkte-finanzen<!-- [et_pb_line_break_holder] --> branchenschwerpunkte-ecommerce<!-- [et_pb_line_break_holder] --> branchenschwerpunkte-onlinemedien<!-- [et_pb_line_break_holder] --> branchenschwerpunkte-start-up<!-- [et_pb_line_break_holder] --> \u00ab><!-- [et_pb_line_break_holder] --> <\/p>\n<div class=\"card-front\"><!-- [et_pb_line_break_holder] -->    <\/p>\n<div class=\"cntnt\"><!-- [et_pb_line_break_holder] -->        <img decoding=\"async\" src=\"\/wp-content\/uploads\/2025\/07\/JoernM_profile_img.webp\"><!-- [et_pb_line_break_holder] -->        <\/p>\n<div class=\"coach-card\"><!-- [et_pb_line_break_holder] -->            <\/p>\n<h2>J\u00f6rn Maschewski<\/h2>\n<p><!-- [et_pb_line_break_holder] -->            <\/p>\n<div class=\"coach-desc\"><!-- [et_pb_line_break_holder] -->                <\/p>\n<div class=\"standort\"><b>Oficina:<\/b> Presencia en: Buchholz, en l\u00ednea en toda Alemania<\/div>\n<p><!-- [et_pb_line_break_holder] -->                <\/p>\n<hr>\n<p><!-- [et_pb_line_break_holder] -->                <\/p>\n<div class=\"specialty\"><b>Producto:<\/b> Consejos para startups<\/div>\n<p><!-- [et_pb_line_break_holder] -->                <\/p>\n<hr>\n<p><!-- [et_pb_line_break_holder] -->                <\/p>\n<div class=\"lang\"><b>Idioma(s) del entrenamiento: <\/b>Alem\u00e1n<\/div>\n<p><!-- [et_pb_line_break_holder] -->                <\/p>\n<hr>\n<p><!-- [et_pb_line_break_holder] -->            <\/div>\n<p><!-- [et_pb_line_break_holder] -->            <\/p>\n<div class=\"coach-btn\"><!-- [et_pb_line_break_holder] -->                <\/p>\n<div class=\"link-btn\">Llegar a saber<\/div>\n<p><!-- [et_pb_line_break_holder] -->            <\/div>\n<p><!-- [et_pb_line_break_holder] -->        <\/div>\n<p><!-- [et_pb_line_break_holder] -->    <\/div>\n<p><!-- [et_pb_line_break_holder] --> <\/div>\n<p><!-- [et_pb_line_break_holder] --> <\/p>\n<div class=\"card-back\" onclick=\"location.href='\/unsere-coaches\/joern-maschewski\/'\"><!-- [et_pb_line_break_holder] -->    <\/p>\n<div class=\"cntnt\"><!-- [et_pb_line_break_holder] -->        <\/p>\n<div><!-- [et_pb_line_break_holder] -->        <\/div>\n<p><!-- [et_pb_line_break_holder] -->        <\/p>\n<ol><!-- [et_pb_line_break_holder] -->          <\/p>\n<li><span class=\"ques\">\u00bfQu\u00e9 te califica como entrenador\/formador? <\/span><!\u2013- [et_pb_br_holder] -\u2013><pee>Llevo m\u00e1s de 10 a\u00f1os trabajando en consultor\u00eda, apoyando a personas en su reorientaci\u00f3n profesional dentro del mercado laboral. Mi trabajo se centra en asesorar a fundadores y startups. Tras completar mi formaci\u00f3n como empleado bancario y estudiar administraci\u00f3n de empresas, trabaj\u00e9 durante muchos a\u00f1os para peque\u00f1as y medianas empresas en una amplia variedad de sectores. Esto me permiti\u00f3 adquirir experiencia en puestos de gesti\u00f3n y consultor\u00eda, as\u00ed como en startups. Me considero un socio en igualdad de condiciones con los fundadores, con el objetivo com\u00fan de convertir una buena idea en una trayectoria profesional prometedora con una base s\u00f3lida. Mi inter\u00e9s por las personas y su entorno profesional me llev\u00f3 al coaching. Espero con inter\u00e9s conocer tus ideas para startups.<\/pee><!-- [et_pb_line_break_holder] -->\n<li><span class=\"ques\">\u00bfQu\u00e9 es lo que m\u00e1s te satisface de tu trabajo? &#8230;<\/span><!\u2013- [et_pb_br_holder] -\u2013><\/li>\n<p><!-- [et_pb_line_break_holder] -->        <\/ol>\n<p><!-- [et_pb_line_break_holder] -->       <!-- \n\n<div>Mehr erfahren<\/div>\n\n--><!-- [et_pb_line_break_holder] -->        <\/p>\n<div class=\"primary-color\"><\/div>\n<p><!-- [et_pb_line_break_holder] -->        <\/p>\n<div class=\"bottom-footer\"><!-- [et_pb_line_break_holder] -->            <\/p>\n<div class=\"bottom-footer-container\"><!-- [et_pb_line_break_holder] -->                <\/p>\n<div class=\"_col\"><!-- [et_pb_line_break_holder] -->                    <a href=\"\/unsere-coaches\/joern-maschewski\/\"> <span class=\"button\">al perfill<\/span><\/a><!-- [et_pb_line_break_holder] -->                <\/div>\n<p><!-- [et_pb_line_break_holder] -->            <\/div>\n<p><!-- [et_pb_line_break_holder] -->        <\/div>\n<p><!-- [et_pb_line_break_holder] -->    <\/div>\n<p><!-- [et_pb_line_break_holder] --> <\/div>\n<p><!-- [et_pb_line_break_holder] --> <\/div>\n<p><!-- [et_pb_line_break_holder] --> <!--Pursche--><!-- [et_pb_line_break_holder] --> <\/p>\n<div class=\"card-list item produkt-jobcoaching produkt-gruendungsberatung standort-buchholz standort-winsen standort-online sprache-deutsch themenschwerpunkte-bewerbungstraining themenschwerpunkte-vorstellungsgespraeche themenschwerpunkte-persoenliche-positionierung themenschwerpunkte-strategie themenschwerpunkte-digitales-marketing branchenschwerpunkte-beratung branchenschwerpunkte-dienstleistungen branchenschwerpunkte-event branchenschwerpunkte-handel branchenschwerpunkte-handwerk branchenschwerpunkte-kommunikation \"><!-- [et_pb_line_break_holder] --> <\/p>\n<div class=\"card-front\" ><!-- [et_pb_line_break_holder] -->    <\/p>\n<div class=\"cntnt\"><!-- [et_pb_line_break_holder] -->        <img decoding=\"async\" src=\"\/wp-content\/uploads\/2024\/01\/Mandy-Pursche_profile_img.webp\"><!-- [et_pb_line_break_holder] -->        <\/p>\n<div class=\"coach-card\"><!-- [et_pb_line_break_holder] -->            <\/p>\n<h2>Mandy Purche<\/h2>\n<p><!-- [et_pb_line_break_holder] -->            <\/p>\n<div class=\"coach-desc\"><!-- [et_pb_line_break_holder] -->                <\/p>\n<div class=\"standort\"><b>Oficina:<\/b> Presencia en: Winsen (Luhe), Buchholz, online en toda Alemania<\/div>\n<p><!-- [et_pb_line_break_holder] -->                <\/p>\n<hr>\n<p><!-- [et_pb_line_break_holder] -->                <\/p>\n<div class=\"specialty\"><b>Producto:<\/b> Entrenamiento laboral, asesoramiento para la puesta en marcha.<\/div>\n<p><!-- [et_pb_line_break_holder] -->                <\/p>\n<hr>\n<p><!-- [et_pb_line_break_holder] -->                <\/p>\n<div class=\"lang\"><b>Idioma(s) del entrenamiento:<\/b> Alem\u00e1n<\/div>\n<p><!-- [et_pb_line_break_holder] -->                <\/p>\n<hr>\n<p><!-- [et_pb_line_break_holder] -->            <\/div>\n<p><!-- [et_pb_line_break_holder] -->            <\/p>\n<div class=\"coach-btn\"><!-- [et_pb_line_break_holder] -->                <\/p>\n<div class=\"link-btn\">Llegar a saber<\/div>\n<p><!-- [et_pb_line_break_holder] -->            <\/div>\n<p><!-- [et_pb_line_break_holder] -->        <\/div>\n<p><!-- [et_pb_line_break_holder] -->    <\/div>\n<p><!-- [et_pb_line_break_holder] --> <\/div>\n<p><!-- [et_pb_line_break_holder] --> <\/p>\n<div class=\"card-back\" onclick=\"location.href='\/es\/nuestrxs-entrenadorxs\/mandy-pursche\/'\" ><!-- [et_pb_line_break_holder] -->    <\/p>\n<div class=\"cntnt\" ><!-- [et_pb_line_break_holder] -->        <\/p>\n<div><!-- [et_pb_line_break_holder] -->        <\/div>\n<p><!-- [et_pb_line_break_holder] -->        <\/p>\n<ol><!-- [et_pb_line_break_holder] -->          <\/p>\n<li><span class=\"ques\">\u00bfQu\u00e9 dicen tus clientes de ti?<\/span><!\u2013- [et_pb_br_holder] -\u2013><pee>Con la se\u00f1ora Pursche est\u00e1s en muy buenas manos.<\/pee> <!-- [et_pb_line_break_holder] -->           <pee>Con su manera s\u00faper amable y amigable en un ambiente relajado y hermoso, se preocupa por&#8230; La b\u00fasqueda de empleo, las cartas de solicitud, etc. son literalmente mi responsabilidad.<\/pee> <!-- [et_pb_line_break_holder] -->           <pee>La Sra. Pursche me acogi\u00f3 muy bien con su destacada experiencia profesional y empat\u00eda.<\/pee> <!-- [et_pb_line_break_holder] -->           <pee>Su forma de trabajar tranquila, objetiva, comprensiva y maravillosamente flexible disip\u00f3 mis miedos y dudas a la hora de presentar cartas de solicitud y entrevistas.<\/pee> <!-- [et_pb_line_break_holder] -->           <pee>Los ejercicios y tareas me mostraron claramente mis puntos fuertes y desaparecieron varios bloqueos.<\/pee> <!-- [et_pb_line_break_holder] -->           <pee>La se\u00f1ora Pursche siempre est\u00e1 disponible para m\u00ed. Tambi\u00e9n permite realizar llamadas telef\u00f3nicas a altas horas de la noche y concertar citas de corta duraci\u00f3n.<\/pee> <!-- [et_pb_line_break_holder] -->           <pee>\u00a1Con la se\u00f1ora Pursche todo va en la direcci\u00f3n absolutamente correcta!<\/pee> <!-- [et_pb_line_break_holder] -->            <\/li>\n<p><!-- [et_pb_line_break_holder] -->          <\/p>\n<li><span class=\"ques\">\u00bfQu\u00e9 te motiva y cu\u00e1l es tu tarea favorita como entrenador?&#8230;<\/span><!\u2013- [et_pb_br_holder] -\u2013><\/li>\n<p>   <!-- [et_pb_line_break_holder] -->        <\/ol>\n<p><!-- [et_pb_line_break_holder] -->       <!-- \n\n<div>Mehr erfahren<\/div>\n\n-->    <!-- [et_pb_line_break_holder] -->        <\/p>\n<div class=\"primary-color\"><\/div>\n<p><!-- [et_pb_line_break_holder] -->        <\/p>\n<div class=\"bottom-footer\"><!-- [et_pb_line_break_holder] -->            <\/p>\n<div class=\"bottom-footer-container\"><!-- [et_pb_line_break_holder] -->                <\/p>\n<div class=\"_col\"><!-- [et_pb_line_break_holder] -->                    <a href=\"\/es\/nuestrxs-entrenadorxs\/mandy-pursche\/\"> <span class=\"button\">al perfil<\/span><\/a><!-- [et_pb_line_break_holder] -->                <\/div>\n<p><!-- [et_pb_line_break_holder] -->            <\/div>\n<p><!-- [et_pb_line_break_holder] -->        <\/div>\n<p><!-- [et_pb_line_break_holder] -->    <\/div>\n<p><!-- [et_pb_line_break_holder] --> <\/div>\n<p><!-- [et_pb_line_break_holder] --> <\/div>\n<p><!-- [et_pb_line_break_holder] --> <!--Thomas--><!-- [et_pb_line_break_holder] -->  <\/p>\n<div class=\"card-list item produkt-jobcoaching produkt-gruendungsberatung standort-online standort-stade standort-buchholz sprache-deutsch themenschwerpunkte-bewerbungstraining themenschwerpunkte-berufsorientierung themenschwerpunkte-vorstellungsgespraeche themenschwerpunkte-persoenliche-positionierung themenschwerpunkte-strategie themenschwerpunkte-finanzplanung themenschwerpunkte-digitales-marketing themenschwerpunkte-rechtsfragen branchenschwerpunkte-beratung branchenschwerpunkte-dienstleistungen branchenschwerpunkte-event branchenschwerpunkte-pflege branchenschwerpunkte-handel branchenschwerpunkte-handwerk branchenschwerpunkte-kommunikation \"><!-- [et_pb_line_break_holder] --> <\/p>\n<div class=\"card-front\" ><!-- [et_pb_line_break_holder] -->    <\/p>\n<div class=\"cntnt\"><!-- [et_pb_line_break_holder] -->        <img decoding=\"async\" src=\"\/wp-content\/uploads\/2024\/02\/Andre-thomas-profile-img.webp\"><!-- [et_pb_line_break_holder] -->        <\/p>\n<div class=\"coach-card\"><!-- [et_pb_line_break_holder] -->            <\/p>\n<h2>Andy Thomas<\/h2>\n<p><!-- [et_pb_line_break_holder] -->            <\/p>\n<div class=\"coach-desc\"><!-- [et_pb_line_break_holder] -->                <\/p>\n<div class=\"standort\"><b>Oficina:<\/b> Presencia en: Buchholz, Stade, online en toda Alemania<\/div>\n<p><!-- [et_pb_line_break_holder] -->                <\/p>\n<hr>\n<p><!-- [et_pb_line_break_holder] -->                <\/p>\n<div class=\"specialty\"><b>Producto:<\/b> Entrenamiento laboral, asesoramiento para la puesta en marcha.<\/div>\n<p><!-- [et_pb_line_break_holder] -->                <\/p>\n<hr>\n<p><!-- [et_pb_line_break_holder] -->                <\/p>\n<div class=\"lang\"><b>Idioma(s) del entrenamiento:<\/b> Alem\u00e1n<\/div>\n<p><!-- [et_pb_line_break_holder] -->                <\/p>\n<hr>\n<p><!-- [et_pb_line_break_holder] -->            <\/div>\n<p><!-- [et_pb_line_break_holder] -->            <\/p>\n<div class=\"coach-btn\"><!-- [et_pb_line_break_holder] -->                <\/p>\n<div class=\"link-btn\">Llegar a saber<\/div>\n<p><!-- [et_pb_line_break_holder] -->            <\/div>\n<p><!-- [et_pb_line_break_holder] -->        <\/div>\n<p><!-- [et_pb_line_break_holder] -->    <\/div>\n<p><!-- [et_pb_line_break_holder] --> <\/div>\n<p><!-- [et_pb_line_break_holder] --> <\/p>\n<div class=\"card-back\" onclick=\"location.href='\/es\/nuestrxs-entrenadorxs\/andy-thomas\/'\" ><!-- [et_pb_line_break_holder] -->    <\/p>\n<div class=\"cntnt\" ><!-- [et_pb_line_break_holder] -->        <\/p>\n<div><!-- [et_pb_line_break_holder] -->        <\/div>\n<p><!-- [et_pb_line_break_holder] -->        <\/p>\n<ol><!-- [et_pb_line_break_holder] -->          <\/p>\n<li><span class=\"ques\">\u00bfQu\u00e9 te califica como entrenador\/formador?<\/span><!\u2013- [et_pb_br_holder] -\u2013><pee>Estar\u00e9 encantado de ayudarle a emprender un camino de alta calidad hacia el autoempleo m\u00e1s r\u00e1pidamente, incluso de forma remota.<\/pee> <!-- [et_pb_line_break_holder] -->          <pee>Como economista empresarial, psic\u00f3logo empresarial, coach y sparring, tengo los medios para acompa\u00f1arte o prepararte te\u00f3rica y pr\u00e1cticamente en el menor tiempo posible.<\/pee> <!-- [et_pb_line_break_holder] -->           <!-- [et_pb_line_break_holder] -->           <pee>Me encanta el di\u00e1logo directo con otras personas y trabajar con equipos j\u00f3venes de nueva creaci\u00f3n. Entre otras cosas, soy jurado del renombrado Premio Alem\u00e1n de Startups para estudiantes y participo como formador STEP.<\/pee> <!-- [et_pb_line_break_holder] --> <!-- [et_pb_line_break_holder] -->            <\/li>\n<p><!-- [et_pb_line_break_holder] -->          <\/p>\n<li><span class=\"ques\">\u00bfQu\u00e9 resultados medibles has logrado junto con tus clientes y qu\u00e9 te diferencia?&#8230;<\/span><!\u2013- [et_pb_br_holder] -\u2013><\/li>\n<p>   <!-- [et_pb_line_break_holder] -->        <\/ol>\n<p><!-- [et_pb_line_break_holder] -->       <!-- \n\n<div>Mehr erfahren<\/div>\n\n-->    <!-- [et_pb_line_break_holder] -->        <\/p>\n<div class=\"primary-color\"><\/div>\n<p><!-- [et_pb_line_break_holder] -->        <\/p>\n<div class=\"bottom-footer\"><!-- [et_pb_line_break_holder] -->            <\/p>\n<div class=\"bottom-footer-container\"><!-- [et_pb_line_break_holder] -->                <\/p>\n<div class=\"_col\"><!-- [et_pb_line_break_holder] -->                    <a href=\"\/es\/nuestrxs-entrenadorxs\/andy-thomas\/\"> <span class=\"button\">al perfil<\/span><\/a><!-- [et_pb_line_break_holder] -->                <\/div>\n<p><!-- [et_pb_line_break_holder] -->            <\/div>\n<p><!-- [et_pb_line_break_holder] -->        <\/div>\n<p><!-- [et_pb_line_break_holder] -->    <\/div>\n<p><!-- [et_pb_line_break_holder] --> <\/div>\n<p><!-- [et_pb_line_break_holder] --> <\/div>\n<p> <!-- [et_pb_line_break_holder] --> <\/div>\n<p>[\/et_pb_code][et_pb_text _builder_version=\u00bb4.27.2&#8243; _module_preset=\u00bbdefault\u00bb text_font_size=\u00bb30px\u00bb header_2_font=\u00bb|600|||||||\u00bb header_2_text_align=\u00bbcenter\u00bb header_2_text_color=\u00bb#555555&#8243; header_2_font_size=\u00bb30px\u00bb header_2_line_height=\u00bb1.54em\u00bb global_colors_info=\u00bb{}\u00bb]<\/p>\n<h2>Si no ha encontrado un entrenador, puede encontrar una descripci\u00f3n general de nuestros entrenadores en l\u00ednea en toda Alemania aqu\u00ed<\/h2>\n<p>[\/et_pb_text][et_pb_button button_url=\u00bb\/es\/nuestrxs-entrenadorxs\/\u00bb button_text=\u00bbNuestras entrenadoras en l\u00ednea AVGS\u00bb button_alignment=\u00bbcenter\u00bb _builder_version=\u00bb4.27.2&#8243; _module_preset=\u00bbdefault\u00bb custom_button=\u00bbon\u00bb button_text_color=\u00bb#FFFFFF\u00bb button_bg_color=\u00bb#cd222a\u00bb button_border_width=\u00bb0px\u00bb global_colors_info=\u00bb{}\u00bb][\/et_pb_button][\/et_pb_column][\/et_pb_row][\/et_pb_section][et_pb_section fb_built=\u00bb1&#8243; _builder_version=\u00bb4.23.4&#8243; _module_preset=\u00bbdefault\u00bb background_image=\u00bbhttps:\/\/avgs-gutschein.de\/wp-content\/uploads\/2024\/01\/Footer_Contact.webp\u00bb parallax=\u00bbon\u00bb parallax_method=\u00bboff\u00bb custom_padding=\u00bb100px||150px||false|false\u00bb global_colors_info=\u00bb{}\u00bb][et_pb_row _builder_version=\u00bb4.23.1&#8243; _module_preset=\u00bbdefault\u00bb background_color=\u00bbrgba(255,255,255,0.83)\u00bb transform_translate_linked=\u00bboff\u00bb z_index=\u00bb9&#8243; max_width=\u00bb800px\u00bb custom_padding=\u00bb||||false|false\u00bb border_radii=\u00bbon|5px|5px|5px|5px\u00bb global_colors_info=\u00bb{}\u00bb][et_pb_column type=\u00bb4_4&#8243; _builder_version=\u00bb4.23.1&#8243; _module_preset=\u00bbdefault\u00bb global_colors_info=\u00bb{}\u00bb][et_pb_blurb title=\u00bbConcierte una cita hoy para una consulta inicial gratuita\u00bb use_icon=\u00bbon\u00bb font_icon=\u00bb&#x77;||divi||400&#8243; icon_color=\u00bb#cd222a\u00bb content_max_width=\u00bb100%\u00bb module_class=\u00bbavgs-h2 gray-font\u00bb _builder_version=\u00bb4.27.2&#8243; _module_preset=\u00bbdefault\u00bb header_level=\u00bbh2&#8243; header_font=\u00bb||||||||\u00bb header_text_align=\u00bbcenter\u00bb global_colors_info=\u00bb{}\u00bb][\/et_pb_blurb][et_pb_button button_url=\u00bb@ET-DC@eyJkeW5hbWljIjp0cnVlLCJjb250ZW50IjoicG9zdF9saW5rX3VybF9wYWdlIiwic2V0dGluZ3MiOnsicG9zdF9pZCI6IjM1OCJ9fQ==@\u00bb button_text=\u00bbSolo dos clics para nosotras\u00bb button_alignment=\u00bbcenter\u00bb _builder_version=\u00bb4.27.2&#8243; _dynamic_attributes=\u00bbbutton_url\u00bb _module_preset=\u00bbdefault\u00bb custom_button=\u00bbon\u00bb button_text_color=\u00bb#cd222a\u00bb button_border_width=\u00bb1px\u00bb button_use_icon=\u00bboff\u00bb global_colors_info=\u00bb{}\u00bb][\/et_pb_button][\/et_pb_column][\/et_pb_row][\/et_pb_section][et_pb_section fb_built=\u00bb1&#8243; _builder_version=\u00bb4.27.0&#8243; _module_preset=\u00bbdefault\u00bb border_width_bottom=\u00bb1px\u00bb border_color_bottom=\u00bb#cd222a\u00bb global_colors_info=\u00bb{}\u00bb][et_pb_row _builder_version=\u00bb4.23.1&#8243; _module_preset=\u00bbdefault\u00bb global_colors_info=\u00bb{}\u00bb][et_pb_column type=\u00bb4_4&#8243; _builder_version=\u00bb4.23.1&#8243; _module_preset=\u00bbdefault\u00bb global_colors_info=\u00bb{}\u00bb][et_pb_text _builder_version=\u00bb4.27.2&#8243; _module_preset=\u00bbdefault\u00bb text_font_size=\u00bb30px\u00bb header_2_font=\u00bb|600|||||||\u00bb header_2_text_align=\u00bbcenter\u00bb header_2_text_color=\u00bb#555555&#8243; header_2_font_size=\u00bb30px\u00bb header_2_line_height=\u00bb1.54em\u00bb global_colors_info=\u00bb{}\u00bb]<\/p>\n<h2>El Equipo de Cupones de AVGS Como Socio para su Futuro Profesional<\/h2>\n<p>[\/et_pb_text][et_pb_text module_class=\u00bbnormal-p\u00bb _builder_version=\u00bb4.27.2&#8243; _module_preset=\u00bbdefault\u00bb global_colors_info=\u00bb{}\u00bb]<\/p>\n<p>Adem\u00e1s de los servicios de reorientaci\u00f3n profesional y creaci\u00f3n de empresas que ofrece AVGS, tambi\u00e9n ofrecemos otros servicios de coaching, como formaci\u00f3n para la aplicaci\u00f3n de la ley, coaching para el inicio de una carrera profesional o asesoramiento sobre marketing online. Nuestro compromiso es ofrecerle servicios de alta calidad con una relevancia pr\u00e1ctica directa. Puede obtener m\u00e1s informaci\u00f3n sobre nuestra empresa y nuestra cartera de servicios en<span>\u00a0<\/span><a href=\"https:\/\/www.beratungsgesellschaft-willkomm.de\/\" target=\"_blank\" rel=\"noopener\">https:\/\/www.beratungsgesellschaft-willkomm.de\/<\/a><\/p>\n<p>[\/et_pb_text][\/et_pb_column][\/et_pb_row][\/et_pb_section][et_pb_section fb_built=\u00bb1&#8243; _builder_version=\u00bb4.25.1&#8243; _module_preset=\u00bbdefault\u00bb background_color=\u00bb#FFFFFF\u00bb saved_tabs=\u00bball\u00bb global_colors_info=\u00bb{}\u00bb][et_pb_row _builder_version=\u00bb4.23.1&#8243; _module_preset=\u00bbdefault\u00bb max_width=\u00bb900px\u00bb custom_padding=\u00bb50px||||false|false\u00bb custom_css_main_element=\u00bbmax-width:900px!important;\u00bb global_colors_info=\u00bb{}\u00bb][et_pb_column type=\u00bb4_4&#8243; _builder_version=\u00bb4.23.1&#8243; _module_preset=\u00bbdefault\u00bb global_colors_info=\u00bb{}\u00bb][et_pb_text module_class=\u00bbred-font avgs-h2&#8243; _builder_version=\u00bb4.27.2&#8243; _module_preset=\u00bbdefault\u00bb header_2_font=\u00bb|700|||||||\u00bb header_2_text_align=\u00bbcenter\u00bb header_2_text_color=\u00bb#cd222a\u00bb global_colors_info=\u00bb{}\u00bb]<\/p>\n<h2 class=\"gray-font\">Rese\u00f1as y Testimonios de Google<\/h2>\n<p>[\/et_pb_text][et_pb_code _builder_version=\u00bb4.25.1&#8243; _module_preset=\u00bbdefault\u00bb global_colors_info=\u00bb{}\u00bb]<!-- Trustindex Script Placeholder --><!-- [et_pb_line_break_holder] --><script type=\"text\/plain\" data-usercentrics=\"Trustindex\" src=\"https:\/\/cdn.trustindex.io\/loader.js?729b4fa33bc890809846eb1ef5f\"><\/script>[\/et_pb_code][et_pb_text _builder_version=\u00bb4.27.2&#8243; _module_preset=\u00bbdefault\u00bb text_font_size=\u00bb20px\u00bb link_text_color=\u00bb#cd222a\u00bb link_font_size=\u00bb20px\u00bb text_orientation=\u00bbcenter\u00bb global_colors_info=\u00bb{}\u00bb]<\/p>\n<p><span>Lea nuestras rese\u00f1as en <\/span><a target=\"_blank\" class=\"c-link\" data-stringify-link=\"https:\/\/g.co\/kgs\/PTBt4uz\" delay=\"150\" data-sk=\"tooltip_parent\" href=\"https:\/\/g.co\/kgs\/PTBt4uz\" rel=\"noopener noreferrer\">https:\/\/g.co\/kgs\/PTBt4uz<\/a><span>.<\/span><\/p>\n<p>[\/et_pb_text][et_pb_slider show_arrows=\u00bboff\u00bb dot_nav_custom_color=\u00bb#cd222a\u00bb disabled_on=\u00bbon|on|on\u00bb module_class=\u00bbtestimonials\u00bb _builder_version=\u00bb4.23.1&#8243; _module_preset=\u00bbdefault\u00bb header_font_size=\u00bb20px\u00bb background_color=\u00bb#e0e0e0&#8243; auto=\u00bbon\u00bb custom_css_slide_image=\u00bbwidth:130px!important;\u00bb border_radii=\u00bbon|5px|5px|5px|5px\u00bb box_shadow_style=\u00bbpreset1&#8243; box_shadow_vertical=\u00bb0px\u00bb box_shadow_blur=\u00bb3px\u00bb box_shadow_color=\u00bbrgba(205,34,42,0.5)\u00bb disabled=\u00bbon\u00bb global_colors_info=\u00bb{}\u00bb][et_pb_slide button_link=\u00bbhttps:\/\/g.co\/kgs\/fafa6G\u00bb url_new_window=\u00bbon\u00bb image=\u00bbhttps:\/\/avgs-gutschein.de\/wp-content\/uploads\/2023\/11\/testimonials_prof_pic_SV_1.webp\u00bb _builder_version=\u00bb4.23.1&#8243; _module_preset=\u00bbdefault\u00bb header_text_color=\u00bb#555555&#8243; body_text_color=\u00bb#555555&#8243; background_color=\u00bb#f5f5f5&#8243; background_enable_color=\u00bbon\u00bb link_option_url=\u00bbhttps:\/\/g.co\/kgs\/fafa6G\u00bb link_option_url_new_window=\u00bbon\u00bb global_colors_info=\u00bb{}\u00bb sticky_transition=\u00bbon\u00bb]<\/p>\n<p>Ich habe in der Gr\u00fcndungsberatung in L\u00fcneburg bei Frau Witt wahnsinnig viel gelernt und es hat sich f\u00fcr mich absolut gelohnt sie wahrzunehmen. Die Beratung hat neben den erwarteten Dingen auch viele kleine Details beinhaltet, auf die ich von alleine nie gekommen w\u00e4re und ganz nebenbei hat sie auch noch richtig Spa\u00df gemacht. Die Atmosph\u00e4re war angenehm entspannt. Durch Frau Witt f\u00fchle ich mich jetzt richtig gut aufgestellt f\u00fcr den Start in meine Selbst\u00e4ndigkeit.<\/p>\n<p class=\"test_name\">Sunny Vivi<\/p>\n<p>[\/et_pb_slide][et_pb_slide button_link=\u00bbhttps:\/\/g.co\/kgs\/fafa6G\u00bb url_new_window=\u00bbon\u00bb image=\u00bbhttps:\/\/avgs-gutschein.de\/wp-content\/uploads\/2023\/11\/testimonials_prof_pic_AP_1.webp\u00bb _builder_version=\u00bb4.23.1&#8243; _module_preset=\u00bbdefault\u00bb header_text_color=\u00bb#555555&#8243; body_text_color=\u00bb#555555&#8243; background_color=\u00bb#f5f5f5&#8243; background_enable_color=\u00bbon\u00bb link_option_url=\u00bbhttps:\/\/g.co\/kgs\/fafa6G\u00bb link_option_url_new_window=\u00bbon\u00bb custom_css_slide_image=\u00bbwidth:150px;\u00bb global_colors_info=\u00bb{}\u00bb sticky_transition=\u00bbon\u00bb]<\/p>\n<p>Das waren wirklich zielf\u00fchrende mich absolut weiterbringende Gespr\u00e4che, die ich mit Herrn Thomas f\u00fchren durfte. Kompetenz, Einf\u00fchlungsverm\u00f6gen und praxisnahe Ratschl\u00e4ge zeigten mir neue Wege und Perspektiven. Daf\u00fcr Danke, Respekt und uneingeschr\u00e4nkte Weiterempfehlung.<\/p>\n<p class=\"test_name\">achim preissler<\/p>\n<p>[\/et_pb_slide][et_pb_slide button_link=\u00bbhttps:\/\/g.co\/kgs\/fafa6G\u00bb url_new_window=\u00bbon\u00bb image=\u00bbhttps:\/\/avgs-gutschein.de\/wp-content\/uploads\/2023\/11\/testimonials_prof_pic_BW_1.webp\u00bb _builder_version=\u00bb4.23.1&#8243; _module_preset=\u00bbdefault\u00bb header_text_color=\u00bb#555555&#8243; body_text_color=\u00bb#555555&#8243; background_color=\u00bb#f5f5f5&#8243; background_enable_color=\u00bbon\u00bb link_option_url=\u00bbhttps:\/\/g.co\/kgs\/fafa6G\u00bb link_option_url_new_window=\u00bbon\u00bb custom_css_slide_image=\u00bbwidth:150px;\u00bb global_colors_info=\u00bb{}\u00bb sticky_transition=\u00bbon\u00bb]<\/p>\n<p>Das Gr\u00fcndungsberatung mit Frau Witt hat mich in Bezug auf meine bevorstehende Selbstst\u00e4ndigkeit in vielerlei Hinsicht sehr gut vorbereitet. Ich habe viele gute Hinweise f\u00fcr die Zeit vor, w\u00e4hrend und nach der Gr\u00fcndung erhalten. Kompetent, zielgerichtet und mental unglaublich flexibel &#8211; danke f\u00fcr diese Erfahrung!<\/p>\n<p class=\"test_name\">Britta Wagner<\/p>\n<p>[\/et_pb_slide][et_pb_slide button_link=\u00bbhttps:\/\/g.co\/kgs\/fafa6G\u00bb url_new_window=\u00bbon\u00bb image=\u00bbhttps:\/\/avgs-gutschein.de\/wp-content\/uploads\/2023\/11\/testimonials_prof_pic_TS_1.webp\u00bb _builder_version=\u00bb4.23.1&#8243; _module_preset=\u00bbdefault\u00bb header_text_color=\u00bb#555555&#8243; body_text_color=\u00bb#555555&#8243; background_color=\u00bb#f5f5f5&#8243; background_enable_color=\u00bbon\u00bb link_option_url=\u00bbhttps:\/\/g.co\/kgs\/fafa6G\u00bb link_option_url_new_window=\u00bbon\u00bb custom_css_slide_image=\u00bbwidth:150px;\u00bb global_colors_info=\u00bb{}\u00bb sticky_transition=\u00bbon\u00bb]<\/p>\n<p>Mit Frau Dr. Julia Harm sitzt genau die richtige Person an einer entscheidenden Stelle. Vielen Dank f\u00fcr die netten, pers\u00f6nlichen und informativen Gespr\u00e4che auf Augenh\u00f6he und dem gemeinsamen Entwickeln einer Idee, sowie einen passenden Fahrplan f\u00fcr dessen Umsetzung. Mit sehr guten fachlichen Ratschl\u00e4gen, n\u00fctzlichen Hinweisen und fundierten Antworten auf entstandene Fragen w\u00e4hrend des Gr\u00fcnder-Coachings, bin ich nun sehr gut f\u00fcr meine Gr\u00fcndung vorbereitet. Sehr empfehlenswert.<\/p>\n<p class=\"test_name\">Tobias Stenzel<\/p>\n<p>[\/et_pb_slide][et_pb_slide button_link=\u00bbhttps:\/\/g.co\/kgs\/fafa6G\u00bb url_new_window=\u00bbon\u00bb image=\u00bbhttps:\/\/avgs-gutschein.de\/wp-content\/uploads\/2023\/11\/testimonials_prof_pic_AF_1.webp\u00bb _builder_version=\u00bb4.23.1&#8243; _module_preset=\u00bbdefault\u00bb header_text_color=\u00bb#555555&#8243; body_text_color=\u00bb#555555&#8243; background_color=\u00bb#f5f5f5&#8243; background_enable_color=\u00bbon\u00bb link_option_url=\u00bbhttps:\/\/g.co\/kgs\/fafa6G\u00bb link_option_url_new_window=\u00bbon\u00bb custom_css_slide_image=\u00bbwidth:150px;\u00bb global_colors_info=\u00bb{}\u00bb sticky_transition=\u00bbon\u00bb]<\/p>\n<p>Ich befinde mich gerade in einer Zeit mit vielen Ver\u00e4nderungen. Das Coaching mit Frau Daniels hat mir sehr viel Mut und Selbstvertrauen gegeben. Genau das, was ich brauche. Ich durfte viel Neues lernen und f\u00fchle mich bereit, f\u00fcr alles was nun kommt! Ein riesengro\u00dfes Dankesch\u00f6n, Bettina Daniels \ud83d\ude0a<\/p>\n<p class=\"test_name\">Antje Finnern<\/p>\n<p>[\/et_pb_slide][\/et_pb_slider][\/et_pb_column][\/et_pb_row][\/et_pb_section]<\/p>\n","protected":false},"excerpt":{"rendered":"<p>Nuestro Equipo de Coaching de AVGS en Buchholz El Equipo Calificado para tu Cambio de Carrera o Puesta en Marcha de NegocioNuestra oficina en Buchholz\/Nordheide est\u00e1 muy cerca del centro de la ciudad y se encuentra en una ubicaci\u00f3n privilegiada en Parkstrasse 1. Nuestro equipo de Buchholz le espera en un local moderno y luminoso [&hellip;]<\/p>\n","protected":false},"author":1,"featured_media":0,"parent":5908,"menu_order":0,"comment_status":"closed","ping_status":"closed","template":"","meta":{"_et_pb_use_builder":"on","_et_pb_old_content":"<!-- wp:divi\/placeholder \/-->","_et_gb_content_width":"","footnotes":""},"class_list":["post-6405","page","type-page","status-publish","hentry"],"yoast_head":"<!-- This site is optimized with the Yoast SEO plugin v26.0 - https:\/\/yoast.com\/wordpress\/plugins\/seo\/ -->\n<title>Buchholz - AVGS Gutschein<\/title>\n<meta name=\"robots\" content=\"index, follow, max-snippet:-1, max-image-preview:large, max-video-preview:-1\" \/>\n<link rel=\"canonical\" href=\"https:\/\/avgs-gutschein.de\/es\/nuestros-oficinas-avgs\/buchholz\/\" \/>\n<meta property=\"og:locale\" content=\"es_ES\" \/>\n<meta property=\"og:type\" content=\"article\" \/>\n<meta property=\"og:title\" content=\"Buchholz - AVGS Gutschein\" \/>\n<meta property=\"og:description\" content=\"Nuestro Equipo de Coaching de AVGS en Buchholz El Equipo Calificado para tu Cambio de Carrera o Puesta en Marcha de NegocioNuestra oficina en Buchholz\/Nordheide est\u00e1 muy cerca del centro de la ciudad y se encuentra en una ubicaci\u00f3n privilegiada en Parkstrasse 1. Nuestro equipo de Buchholz le espera en un local moderno y luminoso [&hellip;]\" \/>\n<meta property=\"og:url\" content=\"https:\/\/avgs-gutschein.de\/es\/nuestros-oficinas-avgs\/buchholz\/\" \/>\n<meta property=\"og:site_name\" content=\"AVGS Gutschein\" \/>\n<meta property=\"article:modified_time\" content=\"2025-10-06T06:02:07+00:00\" \/>\n<meta name=\"twitter:card\" content=\"summary_large_image\" \/>\n<meta name=\"twitter:label1\" content=\"Tiempo de lectura\" \/>\n\t<meta name=\"twitter:data1\" content=\"7 minutos\" \/>\n<script type=\"application\/ld+json\" class=\"yoast-schema-graph\">{\"@context\":\"https:\/\/schema.org\",\"@graph\":[{\"@type\":\"WebPage\",\"@id\":\"https:\/\/avgs-gutschein.de\/es\/nuestros-oficinas-avgs\/buchholz\/\",\"url\":\"https:\/\/avgs-gutschein.de\/es\/nuestros-oficinas-avgs\/buchholz\/\",\"name\":\"Buchholz - AVGS Gutschein\",\"isPartOf\":{\"@id\":\"https:\/\/avgs-gutschein.de\/es\/#website\"},\"datePublished\":\"2024-01-17T01:25:42+00:00\",\"dateModified\":\"2025-10-06T06:02:07+00:00\",\"breadcrumb\":{\"@id\":\"https:\/\/avgs-gutschein.de\/es\/nuestros-oficinas-avgs\/buchholz\/#breadcrumb\"},\"inLanguage\":\"es\",\"potentialAction\":[{\"@type\":\"ReadAction\",\"target\":[\"https:\/\/avgs-gutschein.de\/es\/nuestros-oficinas-avgs\/buchholz\/\"]}]},{\"@type\":\"BreadcrumbList\",\"@id\":\"https:\/\/avgs-gutschein.de\/es\/nuestros-oficinas-avgs\/buchholz\/#breadcrumb\",\"itemListElement\":[{\"@type\":\"ListItem\",\"position\":1,\"name\":\"Startseite\",\"item\":\"https:\/\/avgs-gutschein.de\/es\/\"},{\"@type\":\"ListItem\",\"position\":2,\"name\":\"Nuestras oficinas AVGS\",\"item\":\"https:\/\/avgs-gutschein.de\/es\/unsere-avgs-bueros\/\"},{\"@type\":\"ListItem\",\"position\":3,\"name\":\"Buchholz\"}]},{\"@type\":\"WebSite\",\"@id\":\"https:\/\/avgs-gutschein.de\/es\/#website\",\"url\":\"https:\/\/avgs-gutschein.de\/es\/\",\"name\":\"AVGS Gutschein\",\"description\":\"\",\"potentialAction\":[{\"@type\":\"SearchAction\",\"target\":{\"@type\":\"EntryPoint\",\"urlTemplate\":\"https:\/\/avgs-gutschein.de\/es\/?s={search_term_string}\"},\"query-input\":{\"@type\":\"PropertyValueSpecification\",\"valueRequired\":true,\"valueName\":\"search_term_string\"}}],\"inLanguage\":\"es\"}]}<\/script>\n<!-- \/ Yoast SEO plugin. -->","yoast_head_json":{"title":"Buchholz - AVGS Gutschein","robots":{"index":"index","follow":"follow","max-snippet":"max-snippet:-1","max-image-preview":"max-image-preview:large","max-video-preview":"max-video-preview:-1"},"canonical":"https:\/\/avgs-gutschein.de\/es\/nuestros-oficinas-avgs\/buchholz\/","og_locale":"es_ES","og_type":"article","og_title":"Buchholz - AVGS Gutschein","og_description":"Nuestro Equipo de Coaching de AVGS en Buchholz El Equipo Calificado para tu Cambio de Carrera o Puesta en Marcha de NegocioNuestra oficina en Buchholz\/Nordheide est\u00e1 muy cerca del centro de la ciudad y se encuentra en una ubicaci\u00f3n privilegiada en Parkstrasse 1. Nuestro equipo de Buchholz le espera en un local moderno y luminoso [&hellip;]","og_url":"https:\/\/avgs-gutschein.de\/es\/nuestros-oficinas-avgs\/buchholz\/","og_site_name":"AVGS Gutschein","article_modified_time":"2025-10-06T06:02:07+00:00","twitter_card":"summary_large_image","twitter_misc":{"Tiempo de lectura":"7 minutos"},"schema":{"@context":"https:\/\/schema.org","@graph":[{"@type":"WebPage","@id":"https:\/\/avgs-gutschein.de\/es\/nuestros-oficinas-avgs\/buchholz\/","url":"https:\/\/avgs-gutschein.de\/es\/nuestros-oficinas-avgs\/buchholz\/","name":"Buchholz - AVGS Gutschein","isPartOf":{"@id":"https:\/\/avgs-gutschein.de\/es\/#website"},"datePublished":"2024-01-17T01:25:42+00:00","dateModified":"2025-10-06T06:02:07+00:00","breadcrumb":{"@id":"https:\/\/avgs-gutschein.de\/es\/nuestros-oficinas-avgs\/buchholz\/#breadcrumb"},"inLanguage":"es","potentialAction":[{"@type":"ReadAction","target":["https:\/\/avgs-gutschein.de\/es\/nuestros-oficinas-avgs\/buchholz\/"]}]},{"@type":"BreadcrumbList","@id":"https:\/\/avgs-gutschein.de\/es\/nuestros-oficinas-avgs\/buchholz\/#breadcrumb","itemListElement":[{"@type":"ListItem","position":1,"name":"Startseite","item":"https:\/\/avgs-gutschein.de\/es\/"},{"@type":"ListItem","position":2,"name":"Nuestras oficinas AVGS","item":"https:\/\/avgs-gutschein.de\/es\/unsere-avgs-bueros\/"},{"@type":"ListItem","position":3,"name":"Buchholz"}]},{"@type":"WebSite","@id":"https:\/\/avgs-gutschein.de\/es\/#website","url":"https:\/\/avgs-gutschein.de\/es\/","name":"AVGS Gutschein","description":"","potentialAction":[{"@type":"SearchAction","target":{"@type":"EntryPoint","urlTemplate":"https:\/\/avgs-gutschein.de\/es\/?s={search_term_string}"},"query-input":{"@type":"PropertyValueSpecification","valueRequired":true,"valueName":"search_term_string"}}],"inLanguage":"es"}]}},"_links":{"self":[{"href":"https:\/\/avgs-gutschein.de\/es\/wp-json\/wp\/v2\/pages\/6405","targetHints":{"allow":["GET"]}}],"collection":[{"href":"https:\/\/avgs-gutschein.de\/es\/wp-json\/wp\/v2\/pages"}],"about":[{"href":"https:\/\/avgs-gutschein.de\/es\/wp-json\/wp\/v2\/types\/page"}],"author":[{"embeddable":true,"href":"https:\/\/avgs-gutschein.de\/es\/wp-json\/wp\/v2\/users\/1"}],"replies":[{"embeddable":true,"href":"https:\/\/avgs-gutschein.de\/es\/wp-json\/wp\/v2\/comments?post=6405"}],"version-history":[{"count":3,"href":"https:\/\/avgs-gutschein.de\/es\/wp-json\/wp\/v2\/pages\/6405\/revisions"}],"predecessor-version":[{"id":11434,"href":"https:\/\/avgs-gutschein.de\/es\/wp-json\/wp\/v2\/pages\/6405\/revisions\/11434"}],"up":[{"embeddable":true,"href":"https:\/\/avgs-gutschein.de\/es\/wp-json\/wp\/v2\/pages\/5908"}],"wp:attachment":[{"href":"https:\/\/avgs-gutschein.de\/es\/wp-json\/wp\/v2\/media?parent=6405"}],"curies":[{"name":"wp","href":"https:\/\/api.w.org\/{rel}","templated":true}]}}