{"id":6323,"date":"2024-01-17T03:44:32","date_gmt":"2024-01-17T02:44:32","guid":{"rendered":"https:\/\/avgs-gutschein.de\/nuestros-oficinas-avgs\/muenchen\/"},"modified":"2025-05-20T07:23:01","modified_gmt":"2025-05-20T05:23:01","slug":"muenchen","status":"publish","type":"page","link":"https:\/\/avgs-gutschein.de\/es\/nuestros-oficinas-avgs\/muenchen\/","title":{"rendered":"M\u00fcnchen"},"content":{"rendered":"<p>[et_pb_section fb_built=\u00bb1&#8243; _builder_version=\u00bb4.23.4&#8243; _module_preset=\u00bbdefault\u00bb use_background_color_gradient=\u00bbon\u00bb background_color_gradient_stops=\u00bbrgba(255,255,255,0) 0%|rgba(255,255,255,0.71) 50%\u00bb background_color_gradient_overlays_image=\u00bbon\u00bb background_image=\u00bbhttps:\/\/avgs-gutschein.de\/wp-content\/uploads\/2024\/01\/Header_Muenchen.webp\u00bb custom_padding=\u00bb18vw||13.5vw||false|false\u00bb global_colors_info=\u00bb{}\u00bb background__hover_enabled=\u00bboff|desktop\u00bb][et_pb_row _builder_version=\u00bb4.23.1&#8243; _module_preset=\u00bbdefault\u00bb global_colors_info=\u00bb{}\u00bb][et_pb_column type=\u00bb4_4&#8243; _builder_version=\u00bb4.23.1&#8243; _module_preset=\u00bbdefault\u00bb global_colors_info=\u00bb{}\u00bb][et_pb_text module_class=\u00bbavgs-font \u00bb _builder_version=\u00bb4.27.2&#8243; _module_preset=\u00bbdefault\u00bb text_font_size=\u00bb50px\u00bb header_font=\u00bb|800|||||||\u00bb header_text_align=\u00bbcenter\u00bb header_font_size=\u00bb45px\u00bb global_colors_info=\u00bb{}\u00bb]<\/p>\n<h1 class=\"gray-font\">Nuestro equipo de coaching A<span class=\"red-font\">V<\/span>GS en <span class=\"red-font\"> Munich<br \/>\n<\/span><\/h1>\n<p>[\/et_pb_text][et_pb_button button_url=\u00bb\/unsere-coaches\u00bb button_text=\u00bb Finden Sie Ihren AVGS-Coach\u00bb button_alignment=\u00bbcenter\u00bb disabled_on=\u00bbon|on|on\u00bb _builder_version=\u00bb4.24.0&#8243; _module_preset=\u00bbdefault\u00bb custom_button=\u00bbon\u00bb button_text_color=\u00bb#FFFFFF\u00bb button_bg_color=\u00bb#cf222a\u00bb button_border_width=\u00bb0px\u00bb disabled=\u00bbon\u00bb global_colors_info=\u00bb{}\u00bb][\/et_pb_button][\/et_pb_column][\/et_pb_row][\/et_pb_section][et_pb_section fb_built=\u00bb1&#8243; _builder_version=\u00bb4.23.1&#8243; _module_preset=\u00bbdefault\u00bb global_colors_info=\u00bb{}\u00bb][et_pb_row _builder_version=\u00bb4.23.1&#8243; _module_preset=\u00bbdefault\u00bb global_colors_info=\u00bb{}\u00bb][et_pb_column type=\u00bb4_4&#8243; _builder_version=\u00bb4.23.1&#8243; _module_preset=\u00bbdefault\u00bb global_colors_info=\u00bb{}\u00bb][et_pb_text _builder_version=\u00bb4.24.0&#8243; _module_preset=\u00bbdefault\u00bb text_font_size=\u00bb30px\u00bb header_2_font=\u00bb|600|||||||\u00bb header_2_text_align=\u00bbcenter\u00bb header_2_text_color=\u00bb#555555&#8243; header_2_font_size=\u00bb30px\u00bb header_2_line_height=\u00bb1.54em\u00bb global_colors_info=\u00bb{}\u00bb]<\/p>\n<h2>Das qualifizierte Team f\u00fcr Ihre berufliche Ver\u00e4nderung oder Firmengr\u00fcndung<\/h2>\n<p>[\/et_pb_text][et_pb_text module_class=\u00bbnormal-p\u00bb _builder_version=\u00bb4.24.0&#8243; _module_preset=\u00bbdefault\u00bb global_colors_info=\u00bb{}\u00bb]<\/p>\n<p>In M\u00fcnchen und Bayern bieten wir unsere AVGS-Coachings zu beruflicher Orientierung und Existenzgr\u00fcndungsberatung aktuell ausschlie\u00dflich im Online-Format an.\u00a0<\/p>\n<p>In unserem Team von mehr als 50 erfahrenen Online-Coaches finden auch Sie sicherlich den passenden Ansprechpartner f\u00fcr Ihr Vorhaben. Vereinbaren Sie gern ein kostenfreies und unverbindliches Erstgespr\u00e4ch mit ihrem Wunsch-Coach um alle weiteren Fragen zu kl\u00e4ren.\u00a0<\/p>\n<p>Mit einem AVGS von der Agentur f\u00fcr Arbeit M\u00fcnchen oder dem Jobcenter M\u00fcnchen ist ein Coaching bei uns f\u00fcr Sie v\u00f6llig kostenfrei.\u00a0<\/p>\n<p>[\/et_pb_text][et_pb_code _builder_version=\u00bb4.27.4&#8243; _module_preset=\u00bbdefault\u00bb hover_enabled=\u00bb0&#8243; global_colors_info=\u00bb{}\u00bb sticky_enabled=\u00bb0&#8243;]<\/p>\n<div class=\"card-list-container two-columns-2\"><!-- [et_pb_line_break_holder] -->  <!-- [et_pb_line_break_holder] --> <!-- Heike Bartsch --><!-- [et_pb_line_break_holder] -->   <\/p>\n<div class=\"card-list item produkt-jobcoaching produkt-gruendungsberatung sprache-deutsch standort-online standort-muenchen standort-frankfurt standort-moenchengladbach standort-essen standort-muenchen standort-frankfurt standort-moenchengladbach themenschwerpunkte-bewerbungstraining themenschwerpunkte-stellenrecherche themenschwerpunkte-berufsorientierung themenschwerpunkte-vorstellungsgespraeche themenschwerpunkte-persoenliche-positionierung themenschwerpunkte-businessplanerstellung themenschwerpunkte-strategie themenschwerpunkte-finanzplanung branchenschwerpunkte-beratung branchenschwerpunkte-dienstleistungen branchenschwerpunkte-energie branchenschwerpunkte-event branchenschwerpunkte-gastronomie branchenschwerpunkte-pflege branchenschwerpunkte-handel branchenschwerpunkte-handwerk branchenschwerpunkte-design branchenschwerpunkte-kultur branchenschwerpunkte-kommunikation branchenschwerpunkte-ngos branchenschwerpunkte-fitness \"><!-- [et_pb_line_break_holder] -->       <\/p>\n<div class=\"card-front\" ><!-- [et_pb_line_break_holder] -->           <\/p>\n<div class=\"cntnt\"><!-- [et_pb_line_break_holder] -->               <img decoding=\"async\" src=\"\/wp-content\/uploads\/2023\/12\/Heike_Bartsch_prof_pic.webp\"><!-- [et_pb_line_break_holder] -->               <\/p>\n<div class=\"coach-card\"><!-- [et_pb_line_break_holder] -->                   <\/p>\n<h2>Heike Bartsch<\/h2>\n<p><!-- [et_pb_line_break_holder] -->                   <\/p>\n<div class=\"coach-desc\"><!-- [et_pb_line_break_holder] -->                       <\/p>\n<div class=\"standort\"><b>Oficina:<\/b> en l\u00ednea en toda Alemania<\/div>\n<p><!-- [et_pb_line_break_holder] -->                       <\/p>\n<hr>\n<p><!-- [et_pb_line_break_holder] -->                       <\/p>\n<div class=\"specialty\"><b>Producto:<\/b> Entrenamiento laboral, asesoramiento para la puesta en marcha.<\/div>\n<p><!-- [et_pb_line_break_holder] -->                       <\/p>\n<hr>\n<p><!-- [et_pb_line_break_holder] -->                       <\/p>\n<div class=\"lang\"><b>Idioma(s) del entrenamiento:<\/b> Alem\u00e1n<\/div>\n<p><!-- [et_pb_line_break_holder] -->                       <\/p>\n<hr>\n<p><!-- [et_pb_line_break_holder] -->                   <\/div>\n<p><!-- [et_pb_line_break_holder] -->                   <\/p>\n<div class=\"coach-btn\"><!-- [et_pb_line_break_holder] -->                       <\/p>\n<div class=\"link-btn\">Llegar a saber<\/div>\n<p><!-- [et_pb_line_break_holder] -->                   <\/div>\n<p><!-- [et_pb_line_break_holder] -->               <\/div>\n<p><!-- [et_pb_line_break_holder] -->           <\/div>\n<p><!-- [et_pb_line_break_holder] -->       <\/div>\n<p><!-- [et_pb_line_break_holder] -->       <\/p>\n<div class=\"card-back\" onclick=\"location.href='\/es\/nuestrxs-entrenadorxs\/heike-bartsch\/'\" ><!-- [et_pb_line_break_holder] -->           <\/p>\n<div class=\"cntnt\" ><!-- [et_pb_line_break_holder] -->               <\/p>\n<div><!-- [et_pb_line_break_holder] -->               <\/div>\n<p><!-- [et_pb_line_break_holder] -->               <\/p>\n<ol><!-- [et_pb_line_break_holder] -->                 <\/p>\n<li><span class=\"ques\"><pee>\u00bfQu\u00e9 resultados medibles ha logrado junto con sus clientes y qu\u00e9 lo diferencia? <!\u2013- [et_pb_br_holder] -\u2013>Adem\u00e1s de una serie de nuevas direcciones profesionales implementadas con alegr\u00eda y basadas en s\u00f3lidos an\u00e1lisis de competencias, tambi\u00e9n est\u00e1n las start-ups realizadas, cuando nuevos empresarios tienen \u00e9xito en el mercado con sus productos o servicios y reciben financiaci\u00f3n para ellos.<!-- [et_pb_line_break_holder] -->                 <\/pee> <!-- [et_pb_line_break_holder] -->                   <pee>Seg\u00fan los comentarios de mis alumnos, lo que me distingue es mi enfoque estructurado, mi risa compartida y mi compromiso, que exijo y aporto al trabajo conjunto.<\/pee> <!-- [et_pb_line_break_holder] -->                   <\/span><\/li>\n<p><!-- [et_pb_line_break_holder] -->                 <\/p>\n<li><span class=\"ques\">\u00bfQu\u00e9 es lo que m\u00e1s te llena de tu trabajo?&#8230;<\/span><!\u2013- [et_pb_br_holder] -\u2013><\/li>\n<p><!-- [et_pb_line_break_holder] --> <!-- [et_pb_line_break_holder] -->               <\/ol>\n<p><!-- [et_pb_line_break_holder] -->              <!-- \n\n<div>Mehr erfahren<\/div>\n\n--><!-- [et_pb_line_break_holder] -->               <\/p>\n<div class=\"primary-color\"><\/div>\n<p><!-- [et_pb_line_break_holder] -->               <\/p>\n<div class=\"bottom-footer\"><!-- [et_pb_line_break_holder] -->                   <\/p>\n<div class=\"bottom-footer-container\"><!-- [et_pb_line_break_holder] -->                       <\/p>\n<div class=\"_col\"><!-- [et_pb_line_break_holder] -->                           <a href=\"\/es\/nuestrxs-entrenadorxs\/heike-bartsch\/\"> <span class=\"button\">al perfil<\/span><\/a><!-- [et_pb_line_break_holder] -->                       <\/div>\n<p><!-- [et_pb_line_break_holder] -->                   <\/div>\n<p><!-- [et_pb_line_break_holder] -->               <\/div>\n<p><!-- [et_pb_line_break_holder] -->           <\/div>\n<p><!-- [et_pb_line_break_holder] -->       <\/div>\n<p><!-- [et_pb_line_break_holder] -->   <\/div>\n<p><!-- [et_pb_line_break_holder] --> <!-- Bodenhausen --><!-- [et_pb_line_break_holder] -->    <\/p>\n<div class=\"card-list item produkt-jobcoaching sprache-deutsch standort-buchholz standort-online standort-muenchen standort-frankfurt standort-hannover themenschwerpunkte-bewerbungstraining themenschwerpunkte-stellenrecherche themenschwerpunkte-berufsorientierung themenschwerpunkte-vorstellungsgespraeche themenschwerpunkte-persoenliche-positionierung branchenschwerpunkte-beratung branchenschwerpunkte-dienstleistungen branchenschwerpunkte-energie branchenschwerpunkte-event branchenschwerpunkte-handel branchenschwerpunkte-kommunikation branchenschwerpunkte-ngos \"><!-- [et_pb_line_break_holder] -->        <\/p>\n<div class=\"card-front\" ><!-- [et_pb_line_break_holder] -->            <\/p>\n<div class=\"cntnt\"><!-- [et_pb_line_break_holder] -->                <img decoding=\"async\" src=\"\/wp-content\/uploads\/2023\/12\/Barbara_Bodenhausen_profile_pic.webp\"><!-- [et_pb_line_break_holder] -->                <\/p>\n<div class=\"coach-card\"><!-- [et_pb_line_break_holder] -->                    <\/p>\n<h2>Barbara Bodenhausen<\/h2>\n<p><!-- [et_pb_line_break_holder] -->                    <\/p>\n<div class=\"coach-desc\"><!-- [et_pb_line_break_holder] -->                        <\/p>\n<div class=\"standort\"><b>Oficina:<\/b> Presencia en: Buchholz, online en toda Alemania<\/div>\n<p><!-- [et_pb_line_break_holder] -->                        <\/p>\n<hr>\n<p><!-- [et_pb_line_break_holder] -->                        <\/p>\n<div class=\"specialty\"><b>Producto:<\/b> Coaching laboral<\/div>\n<p><!-- [et_pb_line_break_holder] -->                        <\/p>\n<hr>\n<p><!-- [et_pb_line_break_holder] -->                        <\/p>\n<div class=\"lang\"><b>Idioma(s) del entrenamiento:<\/b> Alem\u00e1n<\/div>\n<p><!-- [et_pb_line_break_holder] -->                        <\/p>\n<hr>\n<p><!-- [et_pb_line_break_holder] -->                    <\/div>\n<p><!-- [et_pb_line_break_holder] -->                    <\/p>\n<div class=\"coach-btn\"><!-- [et_pb_line_break_holder] -->                        <\/p>\n<div class=\"link-btn\">Llegar a saber<\/div>\n<p><!-- [et_pb_line_break_holder] -->                    <\/div>\n<p><!-- [et_pb_line_break_holder] -->                <\/div>\n<p><!-- [et_pb_line_break_holder] -->            <\/div>\n<p><!-- [et_pb_line_break_holder] -->        <\/div>\n<p><!-- [et_pb_line_break_holder] -->        <\/p>\n<div class=\"card-back\" onclick=\"location.href='\/es\/nuestrxs-entrenadorxs\/barbara-bodenhausen\/'\" ><!-- [et_pb_line_break_holder] -->            <\/p>\n<div class=\"cntnt\" ><!-- [et_pb_line_break_holder] -->                <\/p>\n<div><!-- [et_pb_line_break_holder] -->                <\/div>\n<p><!-- [et_pb_line_break_holder] -->                <\/p>\n<ol><!-- [et_pb_line_break_holder] -->                  <\/p>\n<li><span class=\"ques\">\u00bfQu\u00e9 te califica como entrenador\/formador?<\/span><!\u2013- [et_pb_br_holder] -\u2013><pee>En un contexto profesional, entreno a todas las personas que se enfrentan a cambios y buscan nuevas perspectivas sobre estos desaf\u00edos. A trav\u00e9s de mi trabajo aporto m\u00e1s de 20 a\u00f1os de experiencia profesional en consultor\u00eda de personal. Adem\u00e1s de encontrar una visi\u00f3n, desarrollar potencial, activar recursos, fortalecer la confianza en uno mismo y en uno mismo, el objetivo de mi coaching es, sobre todo, optimizar los documentos de solicitud y la preparaci\u00f3n profesional para entrevistas exitosas.<\/pee> <!-- [et_pb_line_break_holder] -->                    <\/li>\n<p><!-- [et_pb_line_break_holder] -->                  <\/p>\n<li><span class=\"ques\">\u00bfQu\u00e9 te diferencia?&#8230;<\/span><!\u2013- [et_pb_br_holder] -\u2013><\/li>\n<p><!-- [et_pb_line_break_holder] -->                <\/ol>\n<p><!-- [et_pb_line_break_holder] -->               <!-- \n\n<div>Mehr erfahren<\/div>\n\n--><!-- [et_pb_line_break_holder] -->                <\/p>\n<div class=\"primary-color\"><\/div>\n<p><!-- [et_pb_line_break_holder] -->                <\/p>\n<div class=\"bottom-footer\"><!-- [et_pb_line_break_holder] -->                    <\/p>\n<div class=\"bottom-footer-container\"><!-- [et_pb_line_break_holder] -->                        <\/p>\n<div class=\"_col\"><!-- [et_pb_line_break_holder] -->                            <a href=\"\/es\/nuestrxs-entrenadorxs\/barbara-bodenhausen\/\"> <span class=\"button\">al perfil<\/span><\/a><!-- [et_pb_line_break_holder] -->                        <\/div>\n<p><!-- [et_pb_line_break_holder] -->                    <\/div>\n<p><!-- [et_pb_line_break_holder] -->                <\/div>\n<p><!-- [et_pb_line_break_holder] -->            <\/div>\n<p><!-- [et_pb_line_break_holder] -->        <\/div>\n<p><!-- [et_pb_line_break_holder] -->    <\/div>\n<p><!-- [et_pb_line_break_holder] -->   <!-- Bramer --><!-- [et_pb_line_break_holder] -->     <\/p>\n<div class=\"card-list item produkt-jobcoaching sprache-deutsch standort-online standort-muenchen standort-frankfurt standort-moenchengladbach standort-essen standort-berlin themenschwerpunkte-stellenrecherche themenschwerpunkte-berufsorientierung themenschwerpunkte-vorstellungsgespraeche themenschwerpunkte-persoenliche-positionierung branchenschwerpunkte-beratung branchenschwerpunkte-dienstleistungen branchenschwerpunkte-kultur branchenschwerpunkte-kommunikation branchenschwerpunkte-ngos \"><!-- [et_pb_line_break_holder] -->         <\/p>\n<div class=\"card-front\" ><!-- [et_pb_line_break_holder] -->             <\/p>\n<div class=\"cntnt\"><!-- [et_pb_line_break_holder] -->                 <img decoding=\"async\" src=\"\/wp-content\/uploads\/2023\/12\/Bramer_profile.webp\"><!-- [et_pb_line_break_holder] -->                 <\/p>\n<div class=\"coach-card\"><!-- [et_pb_line_break_holder] -->                     <\/p>\n<h2>Mar\u00eda Bramer<\/h2>\n<p><!-- [et_pb_line_break_holder] -->                     <\/p>\n<div class=\"coach-desc\"><!-- [et_pb_line_break_holder] -->                         <\/p>\n<div class=\"standort\"><b>Oficina:<\/b> en l\u00ednea en toda Alemania<\/div>\n<p><!-- [et_pb_line_break_holder] -->                         <\/p>\n<hr>\n<p><!-- [et_pb_line_break_holder] -->                         <\/p>\n<div class=\"specialty\"><b>Producto:<\/b> Coaching laboral<\/div>\n<p><!-- [et_pb_line_break_holder] -->                         <\/p>\n<hr>\n<p><!-- [et_pb_line_break_holder] -->                         <\/p>\n<div class=\"lang\"><b>Idioma(s) del entrenamiento:<\/b> Alem\u00e1n<\/div>\n<p><!-- [et_pb_line_break_holder] -->                         <\/p>\n<hr>\n<p><!-- [et_pb_line_break_holder] -->                     <\/div>\n<p><!-- [et_pb_line_break_holder] -->                     <\/p>\n<div class=\"coach-btn\"><!-- [et_pb_line_break_holder] -->                         <\/p>\n<div class=\"link-btn\">Llegar a saber<\/div>\n<p><!-- [et_pb_line_break_holder] -->                     <\/div>\n<p><!-- [et_pb_line_break_holder] -->                 <\/div>\n<p><!-- [et_pb_line_break_holder] -->             <\/div>\n<p><!-- [et_pb_line_break_holder] -->         <\/div>\n<p><!-- [et_pb_line_break_holder] -->         <\/p>\n<div class=\"card-back\" onclick=\"location.href='\/es\/nuestrxs-entrenadorxs\/maria-bramer\/'\" ><!-- [et_pb_line_break_holder] -->             <\/p>\n<div class=\"cntnt\" ><!-- [et_pb_line_break_holder] -->                 <\/p>\n<div><!-- [et_pb_line_break_holder] -->                 <\/div>\n<p><!-- [et_pb_line_break_holder] -->                 <\/p>\n<ol><!-- [et_pb_line_break_holder] -->                   <\/p>\n<li><span class=\"ques\">\u00bfQu\u00e9 te califica como entrenador\/formador?<\/span><!\u2013- [et_pb_br_holder] -\u2013><pee>Lo que me califica como coach es, por un lado, mi formaci\u00f3n y certificaci\u00f3n como coach sist\u00e9mico y mediador, que me han aportado los m\u00e9todos y conocimientos especializados necesarios.<\/pee> <!-- [et_pb_line_break_holder] -->                      <pee>Por otro lado, adem\u00e1s de mi formaci\u00f3n acad\u00e9mica (licenciatura en administraci\u00f3n de empresas internacionales y m\u00e1ster en estudios europeos), cuento con una amplia experiencia profesional, que abarca diversas industrias y sectores, tanto nacionales como extranjeros. La diversidad de mis experiencias profesionales me permite empatizar bien con diferentes contextos y responder con flexibilidad a las necesidades de mis clientes.<\/pee> <!-- [et_pb_line_break_holder] -->                     <pee>En general, lo que me diferencia no es s\u00f3lo mi educaci\u00f3n formal, sino sobre todo mi pasi\u00f3n por el desarrollo individual de las personas y mi compromiso de ayudarlas a alcanzar sus objetivos. En mi trabajo, valores como la empat\u00eda, la apertura y el no juzgar son particularmente importantes para m\u00ed, pero la diversi\u00f3n y la creatividad durante el proceso de coaching tambi\u00e9n son importantes para m\u00ed. Mi enfoque de coaching est\u00e1 orientado a soluciones y me gusta utilizar ejercicios de mindfulness para acompa\u00f1ar a mis clientes en su proceso.<\/pee> <!-- [et_pb_line_break_holder] -->                     <\/li>\n<p><!-- [et_pb_line_break_holder] -->                   <\/p>\n<li><span class=\"ques\">\u00bfCu\u00e1l es la mejor manera de desconectar?&#8230;<\/span><!\u2013- [et_pb_br_holder] -\u2013><\/li>\n<p><!-- [et_pb_line_break_holder] -->                 <\/ol>\n<p><!-- [et_pb_line_break_holder] -->                <!-- \n\n<div>Mehr erfahren<\/div>\n\n--><!-- [et_pb_line_break_holder] -->                 <\/p>\n<div class=\"primary-color\"><\/div>\n<p><!-- [et_pb_line_break_holder] -->                 <\/p>\n<div class=\"bottom-footer\"><!-- [et_pb_line_break_holder] -->                     <\/p>\n<div class=\"bottom-footer-container\"><!-- [et_pb_line_break_holder] -->                         <\/p>\n<div class=\"_col\"><!-- [et_pb_line_break_holder] -->                             <a href=\"\/es\/nuestrxs-entrenadorxs\/maria-bramer\/\"> <span class=\"button\">al perfil<\/span><\/a><!-- [et_pb_line_break_holder] -->                         <\/div>\n<p><!-- [et_pb_line_break_holder] -->                     <\/div>\n<p><!-- [et_pb_line_break_holder] -->                 <\/div>\n<p><!-- [et_pb_line_break_holder] -->             <\/div>\n<p><!-- [et_pb_line_break_holder] -->         <\/div>\n<p><!-- [et_pb_line_break_holder] -->     <\/div>\n<p><!-- [et_pb_line_break_holder] -->         <!-- Busch--><!-- [et_pb_line_break_holder] -->    <\/p>\n<div class=\"card-list item produkt-jobcoaching produkt-gruendungsberatung sprache-deutsch standort-online standort-bremen standort-frankfurt standort-muenchen standort-hannover themenschwerpunkte-bewerbungstraining themenschwerpunkte-stellenrecherche themenschwerpunkte-berufsorientierung themenschwerpunkte-vorstellungsgespraeche themenschwerpunkte-persoenliche-positionierung branchenschwerpunkte-beratung branchenschwerpunkte-dienstleistungen \"><!-- [et_pb_line_break_holder] -->     <\/p>\n<div class=\"card-front\" ><!-- [et_pb_line_break_holder] -->         <\/p>\n<div class=\"cntnt\"><!-- [et_pb_line_break_holder] -->             <img decoding=\"async\" src=\"\/wp-content\/uploads\/2023\/12\/Bettina-Busch_profile_pic.webp\"><!-- [et_pb_line_break_holder] -->             <\/p>\n<div class=\"coach-card\"><!-- [et_pb_line_break_holder] -->                 <\/p>\n<h2>Bettina Busch<\/h2>\n<p><!-- [et_pb_line_break_holder] -->                 <\/p>\n<div class=\"coach-desc\"><!-- [et_pb_line_break_holder] -->                     <\/p>\n<div class=\"standort\"><b>Oficina:<\/b> Presencia en: Bremen, online en toda Alemania<\/div>\n<p><!-- [et_pb_line_break_holder] -->                     <\/p>\n<hr>\n<p><!-- [et_pb_line_break_holder] -->                     <\/p>\n<div class=\"specialty\"><b>Producto:<\/b> Coaching laboral<\/div>\n<p><!-- [et_pb_line_break_holder] -->                     <\/p>\n<hr>\n<p><!-- [et_pb_line_break_holder] -->                     <\/p>\n<div class=\"lang\"><b>Idioma(s) del entrenamiento:<\/b> Alem\u00e1n<\/div>\n<p><!-- [et_pb_line_break_holder] -->                     <\/p>\n<hr>\n<p><!-- [et_pb_line_break_holder] -->                 <\/div>\n<p><!-- [et_pb_line_break_holder] -->                 <\/p>\n<div class=\"coach-btn\"><!-- [et_pb_line_break_holder] -->                     <\/p>\n<div class=\"link-btn\">Llegar a saber<\/div>\n<p><!-- [et_pb_line_break_holder] -->                 <\/div>\n<p><!-- [et_pb_line_break_holder] -->             <\/div>\n<p><!-- [et_pb_line_break_holder] -->         <\/div>\n<p><!-- [et_pb_line_break_holder] -->     <\/div>\n<p><!-- [et_pb_line_break_holder] -->     <\/p>\n<div class=\"card-back\" onclick=\"location.href='\/es\/nuestrxs-entrenadorxs\/bettina-busch\/'\" ><!-- [et_pb_line_break_holder] -->         <\/p>\n<div class=\"cntnt\" ><!-- [et_pb_line_break_holder] -->             <\/p>\n<div><!-- [et_pb_line_break_holder] -->             <\/div>\n<p><!-- [et_pb_line_break_holder] -->             <\/p>\n<ol><!-- [et_pb_line_break_holder] -->               <\/p>\n<li><span class=\"ques\">\u00bfQu\u00e9 es lo que m\u00e1s te llena de tu trabajo?<\/span><!\u2013- [et_pb_br_holder] -\u2013><pee>Me emociono cuando el cliente descubre un punto ciego, formula una nueva idea o realmente prueba un nuevo comportamiento. O ha desarrollado claridad sobre qu\u00e9 pr\u00f3ximo paso profesional desea dar. En resumen: siempre que se produzca el desarrollo.<\/pee> <!-- [et_pb_line_break_holder] -->                 <\/li>\n<p><!-- [et_pb_line_break_holder] -->               <\/p>\n<li><span class=\"ques\">\u00bfQu\u00e9 dicen tus clientes de ti?&#8230;<\/span><!\u2013- [et_pb_br_holder] -\u2013><\/li>\n<p><!-- [et_pb_line_break_holder] -->             <\/ol>\n<p><!-- [et_pb_line_break_holder] -->            <!-- \n\n<div>Mehr erfahren<\/div>\n\n--><!-- [et_pb_line_break_holder] -->             <\/p>\n<div class=\"primary-color\"><\/div>\n<p><!-- [et_pb_line_break_holder] -->             <\/p>\n<div class=\"bottom-footer\"><!-- [et_pb_line_break_holder] -->                 <\/p>\n<div class=\"bottom-footer-container\"><!-- [et_pb_line_break_holder] -->                     <\/p>\n<div class=\"_col\"><!-- [et_pb_line_break_holder] -->                         <a href=\"\/es\/nuestrxs-entrenadorxs\/bettina-busch\/\"> <span class=\"button\">al perfil<\/span><\/a><!-- [et_pb_line_break_holder] -->                     <\/div>\n<p><!-- [et_pb_line_break_holder] -->                 <\/div>\n<p><!-- [et_pb_line_break_holder] -->             <\/div>\n<p><!-- [et_pb_line_break_holder] -->         <\/div>\n<p><!-- [et_pb_line_break_holder] -->     <\/div>\n<p><!-- [et_pb_line_break_holder] --> <\/div>\n<p><!-- [et_pb_line_break_holder] --> <!-- Czekalska--><!-- [et_pb_line_break_holder] --> <\/p>\n<div class=\"card-list item produkt-jobcoaching sprache-englisch sprache-polnisch standort-online standort-muenchen standort-frankfurt standort-moenchengladbach standort-essen standort-berlin themenschwerpunkte-bewerbungstraining themenschwerpunkte-stellenrecherche themenschwerpunkte-berufsorientierung themenschwerpunkte-vorstellungsgespraeche themenschwerpunkte-businessplanerstellung themenschwerpunkte-strategie branchenschwerpunkte-beratung branchenschwerpunkte-dienstleistungen branchenschwerpunkte-handel branchenschwerpunkte-ngos 1\"><!-- [et_pb_line_break_holder] --> <\/p>\n<div class=\"card-front\" ><!-- [et_pb_line_break_holder] -->    <\/p>\n<div class=\"cntnt\"><!-- [et_pb_line_break_holder] -->        <img decoding=\"async\" src=\"\/wp-content\/uploads\/2023\/12\/Czekalska_photo.webp\"><!-- [et_pb_line_break_holder] -->        <\/p>\n<div class=\"coach-card\"><!-- [et_pb_line_break_holder] -->            <\/p>\n<h2>Aleksandra Czekalska<\/h2>\n<p><!-- [et_pb_line_break_holder] -->            <\/p>\n<div class=\"coach-desc\"><!-- [et_pb_line_break_holder] -->                <\/p>\n<div class=\"standort\"><b>Oficina:<\/b> en l\u00ednea en toda Alemania<\/div>\n<p><!-- [et_pb_line_break_holder] -->                <\/p>\n<hr>\n<p><!-- [et_pb_line_break_holder] -->                <\/p>\n<div class=\"specialty\"><b>Producto:<\/b>   Coaching laboral<\/div>\n<p><!-- [et_pb_line_break_holder] -->                <\/p>\n<hr>\n<p><!-- [et_pb_line_break_holder] -->                <\/p>\n<div class=\"lang\"><b>Idioma(s) del entrenamiento:<\/b> ingl\u00e9s y polaco<\/div>\n<p><!-- [et_pb_line_break_holder] -->                <\/p>\n<hr>\n<p><!-- [et_pb_line_break_holder] -->            <\/div>\n<p><!-- [et_pb_line_break_holder] -->            <\/p>\n<div class=\"coach-btn\"><!-- [et_pb_line_break_holder] -->                <\/p>\n<div class=\"link-btn\">Llegar a saber<\/div>\n<p><!-- [et_pb_line_break_holder] -->            <\/div>\n<p><!-- [et_pb_line_break_holder] -->        <\/div>\n<p><!-- [et_pb_line_break_holder] -->    <\/div>\n<p><!-- [et_pb_line_break_holder] --> <\/div>\n<p><!-- [et_pb_line_break_holder] --> <\/p>\n<div class=\"card-back\" onclick=\"location.href='\/es\/nuestrxs-entrenadorxs\/aleksandra-czekalska\/'\" ><!-- [et_pb_line_break_holder] -->    <\/p>\n<div class=\"cntnt\" ><!-- [et_pb_line_break_holder] -->        <\/p>\n<div><!-- [et_pb_line_break_holder] -->        <\/div>\n<p><!-- [et_pb_line_break_holder] -->        <\/p>\n<ol><!-- [et_pb_line_break_holder] -->          <\/p>\n<li><span class=\"ques\">\u00bfQu\u00e9 dicen tus clientes de ti?<\/span><!\u2013- [et_pb_br_holder] -\u2013><pee>\u201cAleksandra es seria y responsable en su trabajo. Me ayud\u00f3 con el proceso de solicitud de empleo, desde la preparaci\u00f3n de los documentos de solicitud hasta las entrevistas. Como expatriada en Alemania, puede comprender y ayudar muy bien a otros expatriados a superar las dificultades de los nuevos comienzos en un mercado laboral extranjero. La recomiendo absolutamente como una excelente consejera profesional\u201d. Egra<\/pee> <!-- [et_pb_line_break_holder] --> <!-- [et_pb_line_break_holder] -->          <pee>\u201cNo puedo expresar lo suficiente mi gratitud hacia Aleksandra por su experiencia en asesoramiento profesional. Cuando me comuniqu\u00e9 con ella, me sent\u00eda perdida e insegura sobre mi camino profesional. Sin embargo, su orientaci\u00f3n y su conocimiento me ayudaron a ver que hab\u00eda muchas otras opciones disponibles para m\u00ed que nunca antes hab\u00eda considerado. Gracias a ella, me siento segura y entusiasmada con mis futuras perspectivas profesionales. Si te sientes estancada o insegura sobre tu camino profesional, te recomiendo encarecidamente que te comuniques con Aleksandra para recibir orientaci\u00f3n\u201d. Punith<\/pee> <!-- [et_pb_line_break_holder] -->            <\/li>\n<p><!-- [et_pb_line_break_holder] -->          <\/p>\n<li><span class=\"ques\">\u00bfQu\u00e9 te motiva y cu\u00e1l es tu tarea favorita como entrenador\/formador?&#8230;<\/span><!\u2013- [et_pb_br_holder] -\u2013><\/li>\n<p><!-- [et_pb_line_break_holder] -->        <\/ol>\n<p><!-- [et_pb_line_break_holder] -->       <!-- \n\n<div>Mehr erfahren<\/div>\n\n--><!-- [et_pb_line_break_holder] -->        <\/p>\n<div class=\"primary-color\"><\/div>\n<p><!-- [et_pb_line_break_holder] -->        <\/p>\n<div class=\"bottom-footer\"><!-- [et_pb_line_break_holder] -->            <\/p>\n<div class=\"bottom-footer-container\"><!-- [et_pb_line_break_holder] -->                <\/p>\n<div class=\"_col\"><!-- [et_pb_line_break_holder] -->                    <a href=\"\/es\/nuestrxs-entrenadorxs\/aleksandra-czekalska\/\"> <span class=\"button\">al perfil<\/span><\/a><!-- [et_pb_line_break_holder] -->                <\/div>\n<p><!-- [et_pb_line_break_holder] -->            <\/div>\n<p><!-- [et_pb_line_break_holder] -->        <\/div>\n<p><!-- [et_pb_line_break_holder] -->    <\/div>\n<p><!-- [et_pb_line_break_holder] --> <\/div>\n<p><!-- [et_pb_line_break_holder] --> <\/div>\n<p><!-- [et_pb_line_break_holder] --> <!-- Diosegi --><!-- [et_pb_line_break_holder] --> <\/p>\n<div class=\"card-list item produkt-jobcoaching produkt-gruendungsberatung sprache-deutsch sprache-englisch standort-online standort-hamburg standort-muenchen standort-frankfurt standort-moenchengladbach themenschwerpunkte-bewerbungstraining themenschwerpunkte-stellenrecherche themenschwerpunkte-berufsorientierung themenschwerpunkte-vorstellungsgespraeche themenschwerpunkte-persoenliche-positionierung themenschwerpunkte-businessplanerstellung themenschwerpunkte-strategie branchenschwerpunkte-beratung branchenschwerpunkte-dienstleistungen branchenschwerpunkte-handel branchenschwerpunkte-ngos 3\"><!-- [et_pb_line_break_holder] --> <\/p>\n<div class=\"card-front\" ><!-- [et_pb_line_break_holder] -->    <\/p>\n<div class=\"cntnt\"><!-- [et_pb_line_break_holder] -->        <img decoding=\"async\" src=\"\/wp-content\/uploads\/2023\/12\/Daniela_Diosegi_profile_pic.webp\"><!-- [et_pb_line_break_holder] -->        <\/p>\n<div class=\"coach-card\"><!-- [et_pb_line_break_holder] -->            <\/p>\n<h2>Daniela Diosegi<\/h2>\n<p><!-- [et_pb_line_break_holder] -->            <\/p>\n<div class=\"coach-desc\"><!-- [et_pb_line_break_holder] -->                <\/p>\n<div class=\"standort\"><b>Oficina:<\/b> online en toda Alemania, presencia en: Hamburgo<\/div>\n<p><!-- [et_pb_line_break_holder] -->                <\/p>\n<hr>\n<p><!-- [et_pb_line_break_holder] -->                <\/p>\n<div class=\"specialty\"><b>Producto:<\/b> Entrenamiento laboral, asesoramiento para la puesta en marcha.<\/div>\n<p><!-- [et_pb_line_break_holder] -->                <\/p>\n<hr>\n<p><!-- [et_pb_line_break_holder] -->                <\/p>\n<div class=\"lang\"><b>Idioma(s) del entrenamiento:<\/b> Alem\u00e1n<\/div>\n<p><!-- [et_pb_line_break_holder] -->                <\/p>\n<hr>\n<p><!-- [et_pb_line_break_holder] -->            <\/div>\n<p><!-- [et_pb_line_break_holder] -->            <\/p>\n<div class=\"coach-btn\"><!-- [et_pb_line_break_holder] -->                <\/p>\n<div class=\"link-btn\">Llegar a saber<\/div>\n<p><!-- [et_pb_line_break_holder] -->            <\/div>\n<p><!-- [et_pb_line_break_holder] -->        <\/div>\n<p><!-- [et_pb_line_break_holder] -->    <\/div>\n<p><!-- [et_pb_line_break_holder] --> <\/div>\n<p><!-- [et_pb_line_break_holder] --> <\/p>\n<div class=\"card-back\" onclick=\"location.href='\/es\/nuestrxs-entrenadorxs\/daniela-diosegi\/'\" ><!-- [et_pb_line_break_holder] -->    <\/p>\n<div class=\"cntnt\" ><!-- [et_pb_line_break_holder] -->        <\/p>\n<div><!-- [et_pb_line_break_holder] -->        <\/div>\n<p><!-- [et_pb_line_break_holder] -->        <\/p>\n<ol><!-- [et_pb_line_break_holder] -->          <\/p>\n<li><span class=\"ques\">\u00bfQu\u00e9 te califica como entrenador\/formador?<\/span><!\u2013- [et_pb_br_holder] -\u2013><pee>Adem\u00e1s de mi formaci\u00f3n certificada y mi formaci\u00f3n continua (soy un adicto a la educaci\u00f3n continua) como coach y formador sist\u00e9mico, me apoyan mis muchos a\u00f1os de experiencia profesional previa como directivo y formador en el trato con diferentes din\u00e1micas de grupo y mis experiencias personales. como hombre de familia y madre.<\/pee> <!-- [et_pb_line_break_holder] -->            <\/li>\n<p><!-- [et_pb_line_break_holder] -->          <\/p>\n<li><span class=\"ques\">\u00bfQu\u00e9 es lo que m\u00e1s te llena de tu trabajo?&#8230;<\/span><!\u2013- [et_pb_br_holder] -\u2013><\/li>\n<p><!-- [et_pb_line_break_holder] -->        <\/ol>\n<p><!-- [et_pb_line_break_holder] -->       <!-- \n\n<div>Mehr erfahren<\/div>\n\n--><!-- [et_pb_line_break_holder] -->        <\/p>\n<div class=\"primary-color\"><\/div>\n<p><!-- [et_pb_line_break_holder] -->        <\/p>\n<div class=\"bottom-footer\"><!-- [et_pb_line_break_holder] -->            <\/p>\n<div class=\"bottom-footer-container\"><!-- [et_pb_line_break_holder] -->                <\/p>\n<div class=\"_col\"><!-- [et_pb_line_break_holder] -->                    <a href=\"\/es\/nuestrxs-entrenadorxs\/daniela-diosegi\/\"> <span class=\"button\">al perfil<\/span><\/a><!-- [et_pb_line_break_holder] -->                <\/div>\n<p><!-- [et_pb_line_break_holder] -->            <\/div>\n<p><!-- [et_pb_line_break_holder] -->        <\/div>\n<p><!-- [et_pb_line_break_holder] -->    <\/div>\n<p><!-- [et_pb_line_break_holder] --> <\/div>\n<p><!-- [et_pb_line_break_holder] --> <\/div>\n<p><!-- [et_pb_line_break_holder] --> <!-- Duensing --><!-- [et_pb_line_break_holder] --> <\/p>\n<div class=\"card-list item produkt-jobcoaching sprache-deutsch standort-online standort-hamburg standort-muenchen standort-frankfurt themenschwerpunkte-bewerbungstraining themenschwerpunkte-berufsorientierung themenschwerpunkte-vorstellungsgespraeche themenschwerpunkte-persoenliche-positionierung branchenschwerpunkte-beratung branchenschwerpunkte-dienstleistungen branchenschwerpunkte-handwerk branchenschwerpunkte-kommunikation 4\"><!-- [et_pb_line_break_holder] --> <\/p>\n<div class=\"card-front\" ><!-- [et_pb_line_break_holder] -->    <\/p>\n<div class=\"cntnt\"><!-- [et_pb_line_break_holder] -->        <img decoding=\"async\" src=\"\/wp-content\/uploads\/2025\/01\/Duensing_img_profile_optimize.webp\"><!-- [et_pb_line_break_holder] -->        <\/p>\n<div class=\"coach-card\"><!-- [et_pb_line_break_holder] -->            <\/p>\n<h2>Tim Duensing<\/h2>\n<p><!-- [et_pb_line_break_holder] -->            <\/p>\n<div class=\"coach-desc\"><!-- [et_pb_line_break_holder] -->                <\/p>\n<div class=\"standort\"><b>Oficina:<\/b> Presencia en: Hamburgo, online en toda Alemania<\/div>\n<p><!-- [et_pb_line_break_holder] -->                <\/p>\n<hr>\n<p><!-- [et_pb_line_break_holder] -->                <\/p>\n<div class=\"specialty\"><b>Producto:<\/b> Coaching laboral<\/div>\n<p><!-- [et_pb_line_break_holder] -->                <\/p>\n<hr>\n<p><!-- [et_pb_line_break_holder] -->                <\/p>\n<div class=\"lang\"><b>Idioma(s) del entrenamiento:<\/b> Alem\u00e1n<\/div>\n<p><!-- [et_pb_line_break_holder] -->                <\/p>\n<hr>\n<p><!-- [et_pb_line_break_holder] -->            <\/div>\n<p><!-- [et_pb_line_break_holder] -->            <\/p>\n<div class=\"coach-btn\"><!-- [et_pb_line_break_holder] -->                <\/p>\n<div class=\"link-btn\">Llegar a saber<\/div>\n<p><!-- [et_pb_line_break_holder] -->            <\/div>\n<p><!-- [et_pb_line_break_holder] -->        <\/div>\n<p><!-- [et_pb_line_break_holder] -->    <\/div>\n<p><!-- [et_pb_line_break_holder] --> <\/div>\n<p><!-- [et_pb_line_break_holder] --> <\/p>\n<div class=\"card-back\" onclick=\"location.href='\/es\/nuestrxs-entrenadorxs\/tim-duensing\/'\" ><!-- [et_pb_line_break_holder] -->    <\/p>\n<div class=\"cntnt\" ><!-- [et_pb_line_break_holder] -->        <\/p>\n<div><!-- [et_pb_line_break_holder] -->        <\/div>\n<p><!-- [et_pb_line_break_holder] -->        <\/p>\n<ol><!-- [et_pb_line_break_holder] -->          <\/p>\n<li><span class=\"ques\">\u00bfQu\u00e9 te califica como entrenador\/formador?<\/span><!\u2013- [et_pb_br_holder] -\u2013><pee>Tengo m\u00e1s de 16 a\u00f1os de experiencia profesional como coach y consultor, gerente, responsable de gesti\u00f3n de proyectos, director de proyectos y jefe de departamento en diversas industrias y tipos de empresas. Durante este tiempo aprend\u00ed cu\u00e1n esencial y crucial para el \u00e9xito es un entendimiento com\u00fan de hacia d\u00f3nde debe ir el viaje.<\/pee> <!-- [et_pb_line_break_holder] --> <!-- [et_pb_line_break_holder] -->           <pee>Para m\u00ed, la base de mi trabajo son cualidades como la integridad, la empat\u00eda y la confiabilidad, as\u00ed como la voluntad incondicional de actuar con responsabilidad.<\/pee> <!-- [et_pb_line_break_holder] -->           <!-- [et_pb_line_break_holder] -->           <pee>Mis empleados, colegas y directores generales de diferentes empresas e industrias me describen como competente, \u00edntegro, emp\u00e1tico, visionario, agradecido, respetuoso, coherente, aut\u00e9ntico y con pensamiento sist\u00e9mico.<\/pee> <!-- [et_pb_line_break_holder] -->           <!-- [et_pb_line_break_holder] -->           <pee>Para m\u00ed, el \u00e9xito personal de mis clientes es siempre mi objetivo.<\/pee> <!-- [et_pb_line_break_holder] -->            <\/li>\n<p><!-- [et_pb_line_break_holder] -->          <\/p>\n<li><span class=\"ques\">\u00bfQu\u00e9 dicen tus clientes de ti?&#8230;<\/span><!\u2013- [et_pb_br_holder] -\u2013><\/li>\n<p><!-- [et_pb_line_break_holder] -->        <\/ol>\n<p><!-- [et_pb_line_break_holder] -->       <!-- \n\n<div>Mehr erfahren<\/div>\n\n--><!-- [et_pb_line_break_holder] -->        <\/p>\n<div class=\"primary-color\"><\/div>\n<p><!-- [et_pb_line_break_holder] -->        <\/p>\n<div class=\"bottom-footer\"><!-- [et_pb_line_break_holder] -->            <\/p>\n<div class=\"bottom-footer-container\"><!-- [et_pb_line_break_holder] -->                <\/p>\n<div class=\"_col\"><!-- [et_pb_line_break_holder] -->                    <a href=\"\/es\/nuestrxs-entrenadorxs\/tim-duensing\/\"> <span class=\"button\">al perfil<\/span><\/a><!-- [et_pb_line_break_holder] -->                <\/div>\n<p><!-- [et_pb_line_break_holder] -->            <\/div>\n<p><!-- [et_pb_line_break_holder] -->        <\/div>\n<p><!-- [et_pb_line_break_holder] -->    <\/div>\n<p><!-- [et_pb_line_break_holder] --> <\/div>\n<p><!-- [et_pb_line_break_holder] --> <\/div>\n<p><!-- [et_pb_line_break_holder] --><!-- Katja Freese --><!-- [et_pb_line_break_holder] --> <\/p>\n<div class=\"card-list item produkt-jobcoaching sprache-deutsch standort-online standort-hamburg standort-muenchen standort-frankfurt themenschwerpunkte-bewerbungstraining themenschwerpunkte-stellenrecherche themenschwerpunkte-berufsorientierung themenschwerpunkte-vorstellungsgespraeche themenschwerpunkte-persoenliche-positionierung branchenschwerpunkte-beratung branchenschwerpunkte-dienstleistungen branchenschwerpunkte-kommunikation 7\"><!-- [et_pb_line_break_holder] --> <\/p>\n<div class=\"card-front\" ><!-- [et_pb_line_break_holder] -->    <\/p>\n<div class=\"cntnt\"><!-- [et_pb_line_break_holder] -->        <img decoding=\"async\" src=\"\/wp-content\/uploads\/2024\/01\/Katja_Freese_img_prof.webp\"><!-- [et_pb_line_break_holder] -->        <\/p>\n<div class=\"coach-card\"><!-- [et_pb_line_break_holder] -->            <\/p>\n<h2>Katja Freese<\/h2>\n<p><!-- [et_pb_line_break_holder] -->            <\/p>\n<div class=\"coach-desc\"><!-- [et_pb_line_break_holder] -->                <\/p>\n<div class=\"standort\"><b>Oficina:<\/b> Presencia en: Hamburgo, online en toda Alemania<\/div>\n<p><!-- [et_pb_line_break_holder] -->                <\/p>\n<hr>\n<p><!-- [et_pb_line_break_holder] -->                <\/p>\n<div class=\"specialty\"><b>Producto:<\/b> Coaching laboral<\/div>\n<p><!-- [et_pb_line_break_holder] -->                <\/p>\n<hr>\n<p><!-- [et_pb_line_break_holder] -->                <\/p>\n<div class=\"lang\"><b>Idioma(s) del entrenamiento:<\/b> Alem\u00e1n<\/div>\n<p><!-- [et_pb_line_break_holder] -->                <\/p>\n<hr>\n<p><!-- [et_pb_line_break_holder] -->            <\/div>\n<p><!-- [et_pb_line_break_holder] -->            <\/p>\n<div class=\"coach-btn\"><!-- [et_pb_line_break_holder] -->                <\/p>\n<div class=\"link-btn\">Llegar a saber<\/div>\n<p><!-- [et_pb_line_break_holder] -->            <\/div>\n<p><!-- [et_pb_line_break_holder] -->        <\/div>\n<p><!-- [et_pb_line_break_holder] -->    <\/div>\n<p><!-- [et_pb_line_break_holder] --> <\/div>\n<p><!-- [et_pb_line_break_holder] --> <\/p>\n<div class=\"card-back\" onclick=\"location.href='\/es\/nuestrxs-entrenadorxs\/katja-freese\/'\" ><!-- [et_pb_line_break_holder] -->    <\/p>\n<div class=\"cntnt\" ><!-- [et_pb_line_break_holder] -->        <\/p>\n<div><!-- [et_pb_line_break_holder] -->        <\/div>\n<p><!-- [et_pb_line_break_holder] -->        <\/p>\n<ol><!-- [et_pb_line_break_holder] -->          <\/p>\n<li><span class=\"ques\">\u00bfQu\u00e9 te califica como entrenador\/formador?<\/span><!\u2013- [et_pb_br_holder] -\u2013><pee>Mi honesto inter\u00e9s por las personas, por la individualidad del individuo y la creencia de que cada uno de nosotros tiene fortalezas dentro de nosotros que a menudo permanecen latentes sin ser descubiertas y de las que el individuo ni siquiera es consciente. Considero que descubrirlos y permitir as\u00ed al cliente encontrar \u201csu camino individual\u201d es el objetivo final de mi coaching. Mi empat\u00eda, junto con mi formaci\u00f3n en el \u00e1rea del coaching sist\u00e9mico, el practicante alternativo de la psicoterapia, as\u00ed como mis m\u00e1s de 20 a\u00f1os de experiencia profesional en el negocio de marketing y medios en el \u00e1mbito corporativo, de agencia y de nueva creaci\u00f3n, tanto Como miembro del equipo y como gerente, haga de mi formato de coaching lo que es: un enfoque hol\u00edstico con el objetivo de promover la individualidad y sus propios recursos y encontrar su camino personal.<\/pee> <!-- [et_pb_line_break_holder] -->            <\/li>\n<p><!-- [et_pb_line_break_holder] -->          <\/p>\n<li><span class=\"ques\">\u00bfQu\u00e9 te motiva y cu\u00e1l es tu tarea favorita como entrenador\/formador?&#8230;<\/span><!\u2013- [et_pb_br_holder] -\u2013><\/li>\n<p>   <!-- [et_pb_line_break_holder] -->        <\/ol>\n<p><!-- [et_pb_line_break_holder] -->       <!-- \n\n<div>Mehr erfahren<\/div>\n\n--><!-- [et_pb_line_break_holder] -->        <\/p>\n<div class=\"primary-color\"><\/div>\n<p><!-- [et_pb_line_break_holder] -->        <\/p>\n<div class=\"bottom-footer\"><!-- [et_pb_line_break_holder] -->            <\/p>\n<div class=\"bottom-footer-container\"><!-- [et_pb_line_break_holder] -->                <\/p>\n<div class=\"_col\"><!-- [et_pb_line_break_holder] -->                    <a href=\"\/es\/nuestrxs-entrenadorxs\/katja-freese\/\"> <span class=\"button\">al perfil<\/span><\/a><!-- [et_pb_line_break_holder] -->                <\/div>\n<p><!-- [et_pb_line_break_holder] -->            <\/div>\n<p><!-- [et_pb_line_break_holder] -->        <\/div>\n<p><!-- [et_pb_line_break_holder] -->    <\/div>\n<p><!-- [et_pb_line_break_holder] --> <\/div>\n<p><!-- [et_pb_line_break_holder] --> <\/div>\n<p><!-- [et_pb_line_break_holder] -->  <!-- Hachmeister--><!-- [et_pb_line_break_holder] --> <\/p>\n<div class=\"card-list item produkt-jobcoaching produkt-gruendungsberatung sprache-deutsch standort-online standort-muenchen standort-frankfurt standort-hannover standort-oldenburg themenschwerpunkte-bewerbungstraining themenschwerpunkte-stellenrecherche themenschwerpunkte-berufsorientierung themenschwerpunkte-vorstellungsgespraeche themenschwerpunkte-persoenliche-positionierung themenschwerpunkte-businessplanerstellung themenschwerpunkte-strategie themenschwerpunkte-finanzplanung themenschwerpunkte-digitales-marketing branchenschwerpunkte-beratung branchenschwerpunkte-dienstleistungen branchenschwerpunkte-handel branchenschwerpunkte-handwerk 2\"><!-- [et_pb_line_break_holder] --> <\/p>\n<div class=\"card-front\" ><!-- [et_pb_line_break_holder] -->    <\/p>\n<div class=\"cntnt\"><!-- [et_pb_line_break_holder] -->        <img decoding=\"async\" src=\"\/wp-content\/uploads\/2024\/03\/Dirk_Hachmeister_profile-pic.webp\"><!-- [et_pb_line_break_holder] -->        <\/p>\n<div class=\"coach-card\"><!-- [et_pb_line_break_holder] -->            <\/p>\n<h2>Dirk Hachmeister<\/h2>\n<p><!-- [et_pb_line_break_holder] -->            <\/p>\n<div class=\"coach-desc\"><!-- [et_pb_line_break_holder] -->                <\/p>\n<div class=\"standort\"><b>Oficina:<\/b> en l\u00ednea en toda Alemania<\/div>\n<p><!-- [et_pb_line_break_holder] -->                <\/p>\n<hr>\n<p><!-- [et_pb_line_break_holder] -->                <\/p>\n<div class=\"specialty\"><b>Producto:<\/b> Entrenamiento laboral, asesoramiento para la puesta en marcha.<\/div>\n<p><!-- [et_pb_line_break_holder] -->                <\/p>\n<hr>\n<p><!-- [et_pb_line_break_holder] -->                <\/p>\n<div class=\"lang\"><b>Idioma(s) del entrenamiento:<\/b> Alem\u00e1n<\/div>\n<p><!-- [et_pb_line_break_holder] -->                <\/p>\n<hr>\n<p><!-- [et_pb_line_break_holder] -->            <\/div>\n<p><!-- [et_pb_line_break_holder] -->            <\/p>\n<div class=\"coach-btn\"><!-- [et_pb_line_break_holder] -->                <\/p>\n<div class=\"link-btn\">Llegar a saber<\/div>\n<p><!-- [et_pb_line_break_holder] -->            <\/div>\n<p><!-- [et_pb_line_break_holder] -->        <\/div>\n<p><!-- [et_pb_line_break_holder] -->    <\/div>\n<p><!-- [et_pb_line_break_holder] --> <\/div>\n<p><!-- [et_pb_line_break_holder] --> <\/p>\n<div class=\"card-back\" onclick=\"location.href='\/es\/nuestrxs-entrenadorxs\/dirk-hachmeister\/'\" ><!-- [et_pb_line_break_holder] -->    <\/p>\n<div class=\"cntnt\" ><!-- [et_pb_line_break_holder] -->        <\/p>\n<div><!-- [et_pb_line_break_holder] -->        <\/div>\n<p><!-- [et_pb_line_break_holder] -->        <\/p>\n<ol><!-- [et_pb_line_break_holder] -->          <\/p>\n<li><span class=\"ques\">\u00bfQu\u00e9 te califica como entrenador\/formador?<\/span><!\u2013- [et_pb_br_holder] -\u2013><pee>Para m\u00ed no existe un cronograma te\u00f3rico porque cada startup y cada fundador es diferente. Mi amplia experiencia en el \u00e1rea de start-ups y gesti\u00f3n corporativa, as\u00ed como mi voluntad de adaptaci\u00f3n, me permiten adaptarme bien a cada proyecto de forma individual. Mi experiencia en dos de mis propias empresas emergentes exitosas deber\u00eda ayudar al cliente a comenzar con \u00e9xito de inmediato.<\/pee> <!-- [et_pb_line_break_holder] -->            <\/li>\n<p><!-- [et_pb_line_break_holder] -->          <\/p>\n<li><span class=\"ques\">\u00bfQu\u00e9 es lo que m\u00e1s te llena de tu trabajo?&#8230;<\/span><!\u2013- [et_pb_br_holder] -\u2013><\/li>\n<p>   <!-- [et_pb_line_break_holder] -->        <\/ol>\n<p><!-- [et_pb_line_break_holder] -->       <!-- \n\n<div>Mehr erfahren<\/div>\n\n--><!-- [et_pb_line_break_holder] -->        <\/p>\n<div class=\"primary-color\"><\/div>\n<p><!-- [et_pb_line_break_holder] -->        <\/p>\n<div class=\"bottom-footer\"><!-- [et_pb_line_break_holder] -->            <\/p>\n<div class=\"bottom-footer-container\"><!-- [et_pb_line_break_holder] -->                <\/p>\n<div class=\"_col\"><!-- [et_pb_line_break_holder] -->                    <a href=\"\/es\/nuestrxs-entrenadorxs\/dirk-hachmeister\/\"> <span class=\"button\">al perfil<\/span><\/a><!-- [et_pb_line_break_holder] -->                <\/div>\n<p><!-- [et_pb_line_break_holder] -->            <\/div>\n<p><!-- [et_pb_line_break_holder] -->        <\/div>\n<p><!-- [et_pb_line_break_holder] -->    <\/div>\n<p><!-- [et_pb_line_break_holder] --> <\/div>\n<p><!-- [et_pb_line_break_holder] --> <\/div>\n<p><!-- [et_pb_line_break_holder] -->  <!-- Helms--><!-- [et_pb_line_break_holder] --> <\/p>\n<div class=\"card-list item produkt-jobcoaching produkt-gruendungsberatung sprache-deutsch sprache-englisch sprache-niederl\u00e4ndisch standort-online standort-lueneburg standort-soltau standort-winsen standort-muenchen standort-frankfurt standort-hannover themenschwerpunkte-stellenrecherche themenschwerpunkte-berufsorientierung themenschwerpunkte-persoenliche-positionierung themenschwerpunkte-businessplanerstellung themenschwerpunkte-strategie themenschwerpunkte-digitales-marketing branchenschwerpunkte-beratung branchenschwerpunkte-dienstleistungen branchenschwerpunkte-event branchenschwerpunkte-handwerk branchenschwerpunkte-kommunikation 3\"><!-- [et_pb_line_break_holder] --> <\/p>\n<div class=\"card-front\" ><!-- [et_pb_line_break_holder] -->    <\/p>\n<div class=\"cntnt\"><!-- [et_pb_line_break_holder] -->        <img decoding=\"async\" src=\"\/wp-content\/uploads\/2023\/12\/Sabrina-Helms.webp\"><!-- [et_pb_line_break_holder] -->        <\/p>\n<div class=\"coach-card\"><!-- [et_pb_line_break_holder] -->            <\/p>\n<h2>Sabrina Helms<\/h2>\n<p><!-- [et_pb_line_break_holder] -->            <\/p>\n<div class=\"coach-desc\"><!-- [et_pb_line_break_holder] -->                <\/p>\n<div class=\"standort\"><b>Oficina:<\/b> Presencia en: L\u00fcneburg, Winsen\/Luhe, Soltau, online en toda Alemania<\/div>\n<p><!-- [et_pb_line_break_holder] -->                <\/p>\n<hr>\n<p><!-- [et_pb_line_break_holder] -->                <\/p>\n<div class=\"specialty\"><b>Producto:<\/b> Entrenamiento laboral, asesoramiento para la puesta en marcha.<\/div>\n<p><!-- [et_pb_line_break_holder] -->                <\/p>\n<hr>\n<p><!-- [et_pb_line_break_holder] -->                <\/p>\n<div class=\"lang\"><b>Idioma(s) del entrenamiento:<\/b> Alem\u00e1n, Ingl\u00e9s, Holand\u00e9s<\/div>\n<p><!-- [et_pb_line_break_holder] -->                <\/p>\n<hr>\n<p><!-- [et_pb_line_break_holder] -->            <\/div>\n<p><!-- [et_pb_line_break_holder] -->            <\/p>\n<div class=\"coach-btn\"><!-- [et_pb_line_break_holder] -->                <\/p>\n<div class=\"link-btn\">Llegar a saber<\/div>\n<p><!-- [et_pb_line_break_holder] -->            <\/div>\n<p><!-- [et_pb_line_break_holder] -->        <\/div>\n<p><!-- [et_pb_line_break_holder] -->    <\/div>\n<p><!-- [et_pb_line_break_holder] --> <\/div>\n<p><!-- [et_pb_line_break_holder] --> <\/p>\n<div class=\"card-back\" onclick=\"location.href='\/es\/nuestrxs-entrenadorxs\/sabrina-helms\/'\" ><!-- [et_pb_line_break_holder] -->    <\/p>\n<div class=\"cntnt\" ><!-- [et_pb_line_break_holder] -->        <\/p>\n<div><!-- [et_pb_line_break_holder] -->        <\/div>\n<p><!-- [et_pb_line_break_holder] -->        <\/p>\n<ol><!-- [et_pb_line_break_holder] -->          <\/p>\n<li><span class=\"ques\">\u00bfQu\u00e9 te califica como entrenador\/formador?<\/span><!\u2013- [et_pb_br_holder] -\u2013><pee>Despu\u00e9s de mis primeras experiencias con el coaching, qued\u00e9 tan fascinado por las posibilidades y los resultados que decid\u00ed en 2012 comenzar una formaci\u00f3n de coaching a tiempo parcial. Durante los dos a\u00f1os de formaci\u00f3n para convertirme en coach empresarial sist\u00e9mico, aprend\u00ed mucho sobre m\u00ed y, por supuesto, tambi\u00e9n sobre las reglas y m\u00e9todos del coaching. Uno de los aprendizajes m\u00e1s importantes para m\u00ed en este momento fue que gradualmente pude evaluar y comprender mejor a las personas y las motivaciones de sus acciones. Despu\u00e9s de completar con \u00e9xito mi formaci\u00f3n, en 2015 comenc\u00e9 a trabajar por cuenta propia a tiempo parcial en los sectores de coaching y consultor\u00eda (www.borneimkopf.de).<\/pee> <!-- [et_pb_line_break_holder] -->          <pee>Desde entonces, he trabajado con muchos coachees diferentes y he desarrollado soluciones espec\u00edficas para mis propias limitaciones mentales.<\/pee> <!-- [et_pb_line_break_holder] -->            <\/li>\n<p><!-- [et_pb_line_break_holder] -->          <\/p>\n<li><span class=\"ques\">\u00bfQu\u00e9 resultados medibles has logrado junto con tus clientes y qu\u00e9 te diferencia?&#8230;<\/span><!\u2013- [et_pb_br_holder] -\u2013><\/li>\n<p>   <!-- [et_pb_line_break_holder] -->        <\/ol>\n<p><!-- [et_pb_line_break_holder] -->       <!-- \n\n<div>Mehr erfahren<\/div>\n\n--><!-- [et_pb_line_break_holder] -->        <\/p>\n<div class=\"primary-color\"><\/div>\n<p><!-- [et_pb_line_break_holder] -->        <\/p>\n<div class=\"bottom-footer\"><!-- [et_pb_line_break_holder] -->            <\/p>\n<div class=\"bottom-footer-container\"><!-- [et_pb_line_break_holder] -->                <\/p>\n<div class=\"_col\"><!-- [et_pb_line_break_holder] -->                    <a href=\"\/es\/nuestrxs-entrenadorxs\/sabrina-helms\/\"> <span class=\"button\">al perfil<\/span><\/a><!-- [et_pb_line_break_holder] -->                <\/div>\n<p><!-- [et_pb_line_break_holder] -->            <\/div>\n<p><!-- [et_pb_line_break_holder] -->        <\/div>\n<p><!-- [et_pb_line_break_holder] -->    <\/div>\n<p><!-- [et_pb_line_break_holder] --> <\/div>\n<p><!-- [et_pb_line_break_holder] --> <\/div>\n<p><!-- [et_pb_line_break_holder] --><!-- H\u00f6lm--><!-- [et_pb_line_break_holder] --> <\/p>\n<div class=\"card-list item produkt-jobcoaching produkt-gruendungsberatung sprache-deutsch standort-online standort-lueneburg standort-soltau standort-rotenburg standort-buchholz standort-muenchen standort-frankfurt standort-hannover themenschwerpunkte-bewerbungstraining themenschwerpunkte-stellenrecherche themenschwerpunkte-berufsorientierung themenschwerpunkte-vorstellungsgespraeche themenschwerpunkte-persoenliche-positionierung themenschwerpunkte-businessplanerstellung themenschwerpunkte-strategie themenschwerpunkte-finanzplanung themenschwerpunkte-digitales-marketing themenschwerpunkte-rechtsfragen branchenschwerpunkte-beratung branchenschwerpunkte-dienstleistungen branchenschwerpunkte-energie branchenschwerpunkte-event branchenschwerpunkte-gastronomie branchenschwerpunkte-pflege branchenschwerpunkte-handel branchenschwerpunkte-handwerk branchenschwerpunkte-design branchenschwerpunkte-kommunikation branchenschwerpunkte-ngos branchenschwerpunkte-fitness 4\"><!-- [et_pb_line_break_holder] --> <\/p>\n<div class=\"card-front\" ><!-- [et_pb_line_break_holder] -->    <\/p>\n<div class=\"cntnt\"><!-- [et_pb_line_break_holder] -->        <img decoding=\"async\" src=\"\/wp-content\/uploads\/2024\/01\/Bjoern_Holm_profile_pic.webp\"><!-- [et_pb_line_break_holder] -->        <\/p>\n<div class=\"coach-card\"><!-- [et_pb_line_break_holder] -->            <\/p>\n<h2>Bj\u00f6rn Holm<\/h2>\n<p><!-- [et_pb_line_break_holder] -->            <\/p>\n<div class=\"coach-desc\"><!-- [et_pb_line_break_holder] -->                <\/p>\n<div class=\"standort\"><b>Oficina:<\/b> Presencia en: L\u00fcneburg, Rotenburg, Soltau, Buchholz, online en toda Alemania<\/div>\n<p><!-- [et_pb_line_break_holder] -->                <\/p>\n<hr>\n<p><!-- [et_pb_line_break_holder] -->                <\/p>\n<div class=\"specialty\"><b>Producto:<\/b> Entrenamiento laboral, asesoramiento para la puesta en marcha.<\/div>\n<p><!-- [et_pb_line_break_holder] -->                <\/p>\n<hr>\n<p><!-- [et_pb_line_break_holder] -->                <\/p>\n<div class=\"lang\"><b>Idioma(s) del entrenamiento:<\/b> Alem\u00e1n<\/div>\n<p><!-- [et_pb_line_break_holder] -->                <\/p>\n<hr>\n<p><!-- [et_pb_line_break_holder] -->            <\/div>\n<p><!-- [et_pb_line_break_holder] -->            <\/p>\n<div class=\"coach-btn\"><!-- [et_pb_line_break_holder] -->                <\/p>\n<div class=\"link-btn\">Llegar a saber<\/div>\n<p><!-- [et_pb_line_break_holder] -->            <\/div>\n<p><!-- [et_pb_line_break_holder] -->        <\/div>\n<p><!-- [et_pb_line_break_holder] -->    <\/div>\n<p><!-- [et_pb_line_break_holder] --> <\/div>\n<p><!-- [et_pb_line_break_holder] --> <\/p>\n<div class=\"card-back\" onclick=\"location.href='\/es\/nuestrxs-entrenadorxs\/bjoern-holm\/'\" ><!-- [et_pb_line_break_holder] -->    <\/p>\n<div class=\"cntnt\" ><!-- [et_pb_line_break_holder] -->        <\/p>\n<div><!-- [et_pb_line_break_holder] -->        <\/div>\n<p><!-- [et_pb_line_break_holder] -->        <\/p>\n<ol><!-- [et_pb_line_break_holder] -->          <\/p>\n<li><span class=\"ques\">\u00bfQu\u00e9 te califica como entrenador\/formador?<\/span><!\u2013- [et_pb_br_holder] -\u2013><pee>\u00bfQu\u00e9 me califica? \u00a1Mi entusiasmo por la gente! Este entusiasmo me impulsa a acompa\u00f1ar y apoyar a las personas en su desarrollo personal y profesional. Siempre tengo curiosidad por los desaf\u00edos y necesidades individuales de cada persona y trabajo con usted para desarrollar soluciones a medida basadas en su potencial y talentos, as\u00ed como en sus rincones y ventajas.<\/pee> <!-- [et_pb_line_break_holder] -->          <pee>Como coach profesional, soy coach sist\u00e9mico y coach empresarial, certificado seg\u00fan DVBC, IOBC &#038; FCG. Adem\u00e1s, siempre puedo aprovechar mi trayectoria como directivo y ejecutivo en diversas empresas as\u00ed como mis estudios en administraci\u00f3n t\u00e9cnica de empresas.<\/pee> <!-- [et_pb_line_break_holder] -->            <\/li>\n<p><!-- [et_pb_line_break_holder] -->          <\/p>\n<li><span class=\"ques\">\u00bfQu\u00e9 es lo que m\u00e1s te llena de tu trabajo?&#8230;<\/span><!\u2013- [et_pb_br_holder] -\u2013><\/li>\n<p>   <!-- [et_pb_line_break_holder] -->        <\/ol>\n<p><!-- [et_pb_line_break_holder] -->       <!-- \n\n<div>Mehr erfahren<\/div>\n\n--><!-- [et_pb_line_break_holder] -->        <\/p>\n<div class=\"primary-color\"><\/div>\n<p><!-- [et_pb_line_break_holder] -->        <\/p>\n<div class=\"bottom-footer\"><!-- [et_pb_line_break_holder] -->            <\/p>\n<div class=\"bottom-footer-container\"><!-- [et_pb_line_break_holder] -->                <\/p>\n<div class=\"_col\"><!-- [et_pb_line_break_holder] -->                    <a href=\"\/es\/nuestrxs-entrenadorxs\/bjoern-holm\/\"> <span class=\"button\">al perfil<\/span><\/a><!-- [et_pb_line_break_holder] -->                <\/div>\n<p><!-- [et_pb_line_break_holder] -->            <\/div>\n<p><!-- [et_pb_line_break_holder] -->        <\/div>\n<p><!-- [et_pb_line_break_holder] -->    <\/div>\n<p><!-- [et_pb_line_break_holder] --> <\/div>\n<p><!-- [et_pb_line_break_holder] --> <\/div>\n<p><!-- [et_pb_line_break_holder] -->  <!--Jurgeneit --><!-- [et_pb_line_break_holder] --> <\/p>\n<div class=\"card-list item produkt-jobcoaching produkt-gruendungsberatung sprache-deutsch standort-online standort-muenchen standort-frankfurt standort-moenchengladbach standort-essen themenschwerpunkte-bewerbungstraining themenschwerpunkte-berufsorientierung themenschwerpunkte-vorstellungsgespraeche themenschwerpunkte-persoenliche-positionierung themenschwerpunkte-businessplanerstellung themenschwerpunkte-strategie themenschwerpunkte-digitales-marketing branchenschwerpunkte-beratung branchenschwerpunkte-dienstleistungen branchenschwerpunkte-pflege branchenschwerpunkte-kultur branchenschwerpunkte-kommunikation 6\"><!-- [et_pb_line_break_holder] --> <\/p>\n<div class=\"card-front\" ><!-- [et_pb_line_break_holder] -->    <\/p>\n<div class=\"cntnt\"><!-- [et_pb_line_break_holder] -->        <img decoding=\"async\" src=\"\/wp-content\/uploads\/2024\/01\/Dr_Imke_Jurgeneit_profile_img.webp\"><!-- [et_pb_line_break_holder] -->        <\/p>\n<div class=\"coach-card\"><!-- [et_pb_line_break_holder] -->            <\/p>\n<h2>Dr. Imke Jurgenit<\/h2>\n<p><!-- [et_pb_line_break_holder] -->            <\/p>\n<div class=\"coach-desc\"><!-- [et_pb_line_break_holder] -->                <\/p>\n<div class=\"standort\"><b>Oficina:<\/b> en l\u00ednea en toda Alemania<\/div>\n<p><!-- [et_pb_line_break_holder] -->                <\/p>\n<hr>\n<p><!-- [et_pb_line_break_holder] -->                <\/p>\n<div class=\"specialty\"><b>Producto:<\/b> Entrenamiento laboral, asesoramiento para la puesta en marcha.<\/div>\n<p><!-- [et_pb_line_break_holder] -->                <\/p>\n<hr>\n<p><!-- [et_pb_line_break_holder] -->                <\/p>\n<div class=\"lang\"><b>Idioma(s) del entrenamiento:<\/b> Alem\u00e1n<\/div>\n<p><!-- [et_pb_line_break_holder] -->                <\/p>\n<hr>\n<p><!-- [et_pb_line_break_holder] -->            <\/div>\n<p><!-- [et_pb_line_break_holder] -->            <\/p>\n<div class=\"coach-btn\"><!-- [et_pb_line_break_holder] -->                <\/p>\n<div class=\"link-btn\">Llegar a saber<\/div>\n<p><!-- [et_pb_line_break_holder] -->            <\/div>\n<p><!-- [et_pb_line_break_holder] -->        <\/div>\n<p><!-- [et_pb_line_break_holder] -->    <\/div>\n<p><!-- [et_pb_line_break_holder] --> <\/div>\n<p><!-- [et_pb_line_break_holder] --> <\/p>\n<div class=\"card-back\" onclick=\"location.href='\/es\/nuestrxs-entrenadorxs\/dr-imke-jurgeneit\/'\" ><!-- [et_pb_line_break_holder] -->    <\/p>\n<div class=\"cntnt\" ><!-- [et_pb_line_break_holder] -->        <\/p>\n<div><!-- [et_pb_line_break_holder] -->        <\/div>\n<p><!-- [et_pb_line_break_holder] -->        <\/p>\n<ol><!-- [et_pb_line_break_holder] -->          <\/p>\n<li><span class=\"ques\">\u00bfQu\u00e9 te califica como entrenador\/formador?    <\/span><!\u2013- [et_pb_br_holder] -\u2013><pee>Mi firme creencia interna de que todos tienen los recursos que necesitan para realizar una tarea. Mi actitud apreciativa combinada con mi kit metodol\u00f3gico como coach te apoya en la activaci\u00f3n de estos recursos. No conozco su soluci\u00f3n personal, pero reconozco se\u00f1ales \u00fatiles en el proceso. Y lo m\u00e1s importante: nadie tiene que demostrarme su val\u00eda. \u201cVen como eres\u201d es mi deseo para ti. \u00a1Eres bueno tal como eres! Hasta ahora, honestamente, he sido fan\u00e1tico de cada uno de mis clientes. Y eso hace que mi trabajo sea tan agradable.<\/pee> <!-- [et_pb_line_break_holder] -->            <\/li>\n<p><!-- [et_pb_line_break_holder] -->          <\/p>\n<li><span class=\"ques\">\u00bfQu\u00e9 es lo que m\u00e1s te llena de tu trabajo? &#8230;<\/span><!\u2013- [et_pb_br_holder] -\u2013><\/li>\n<p>   <!-- [et_pb_line_break_holder] -->        <\/ol>\n<p><!-- [et_pb_line_break_holder] -->       <!-- \n\n<div>Mehr erfahren<\/div>\n\n--><!-- [et_pb_line_break_holder] -->        <\/p>\n<div class=\"primary-color\"><\/div>\n<p><!-- [et_pb_line_break_holder] -->        <\/p>\n<div class=\"bottom-footer\"><!-- [et_pb_line_break_holder] -->            <\/p>\n<div class=\"bottom-footer-container\"><!-- [et_pb_line_break_holder] -->                <\/p>\n<div class=\"_col\"><!-- [et_pb_line_break_holder] -->                    <a href=\"\/es\/nuestrxs-entrenadorxs\/dr-imke-jurgeneit\/\"> <span class=\"button\">al perfil<\/span><\/a><!-- [et_pb_line_break_holder] -->                <\/div>\n<p><!-- [et_pb_line_break_holder] -->            <\/div>\n<p><!-- [et_pb_line_break_holder] -->        <\/div>\n<p><!-- [et_pb_line_break_holder] -->    <\/div>\n<p><!-- [et_pb_line_break_holder] --> <\/div>\n<p><!-- [et_pb_line_break_holder] --> <\/div>\n<p> <!-- [et_pb_line_break_holder] --><!--L\u00f6wenstein --><!-- [et_pb_line_break_holder] --> <\/p>\n<div class=\"card-list item produkt-jobcoaching sprache-deutsch sprache-englisch standort-online standort-lueneburg standort-muenchen standort-frankfurt standort-hannover themenschwerpunkte-bewerbungstraining themenschwerpunkte-stellenrecherche themenschwerpunkte-berufsorientierung themenschwerpunkte-vorstellungsgespraeche themenschwerpunkte-persoenliche-positionierung themenschwerpunkte-businessplanerstellung themenschwerpunkte-strategie themenschwerpunkte-finanzplanung themenschwerpunkte-digitales-marketing themenschwerpunkte-rechtsfragen branchenschwerpunkte-beratung branchenschwerpunkte-dienstleistungen branchenschwerpunkte-handel branchenschwerpunkte-kommunikation branchenschwerpunkte-fitness \"><!-- [et_pb_line_break_holder] --> <\/p>\n<div class=\"card-front\" ><!-- [et_pb_line_break_holder] -->    <\/p>\n<div class=\"cntnt\"><!-- [et_pb_line_break_holder] -->        <img decoding=\"async\" src=\"\/wp-content\/uploads\/2023\/12\/Profilbild-Loewenstein.webp\"><!-- [et_pb_line_break_holder] -->        <\/p>\n<div class=\"coach-card\"><!-- [et_pb_line_break_holder] -->            <\/p>\n<h2>Caren L\u00f6wenstein<\/h2>\n<p><!-- [et_pb_line_break_holder] -->            <\/p>\n<div class=\"coach-desc\"><!-- [et_pb_line_break_holder] -->                <\/p>\n<div class=\"standort\"><b>Oficina:<\/b> Presencia en: L\u00fcneburg, online en toda Alemania<\/div>\n<p><!-- [et_pb_line_break_holder] -->                <\/p>\n<hr>\n<p><!-- [et_pb_line_break_holder] -->                <\/p>\n<div class=\"specialty\"><b>Producto:<\/b> Coaching laboral<\/div>\n<p><!-- [et_pb_line_break_holder] -->                <\/p>\n<hr>\n<p><!-- [et_pb_line_break_holder] -->                <\/p>\n<div class=\"lang\"><b>Idioma(s) del entrenamiento:<\/b> Alem\u00e1n, Ingl\u00e9s<\/div>\n<p><!-- [et_pb_line_break_holder] -->                <\/p>\n<hr>\n<p><!-- [et_pb_line_break_holder] -->            <\/div>\n<p><!-- [et_pb_line_break_holder] -->            <\/p>\n<div class=\"coach-btn\"><!-- [et_pb_line_break_holder] -->                <\/p>\n<div class=\"link-btn\">Llegar a saber<\/div>\n<p><!-- [et_pb_line_break_holder] -->            <\/div>\n<p><!-- [et_pb_line_break_holder] -->        <\/div>\n<p><!-- [et_pb_line_break_holder] -->    <\/div>\n<p><!-- [et_pb_line_break_holder] --> <\/div>\n<p><!-- [et_pb_line_break_holder] --> <\/p>\n<div class=\"card-back\" onclick=\"location.href='\/es\/nuestrxs-entrenadorxs\/caren-loewenstein\/'\" ><!-- [et_pb_line_break_holder] -->    <\/p>\n<div class=\"cntnt\" ><!-- [et_pb_line_break_holder] -->        <\/p>\n<div><!-- [et_pb_line_break_holder] -->        <\/div>\n<p><!-- [et_pb_line_break_holder] -->        <\/p>\n<ol><!-- [et_pb_line_break_holder] -->          <\/p>\n<li><span class=\"ques\">\u00bfQu\u00e9 te califica como entrenador\/formador?<\/span><!\u2013- [et_pb_br_holder] -\u2013><pee>A trav\u00e9s de mi carrera profesional como especialista comercial en diversas empresas comerciales en el \u00e1mbito de compras y ventas, as\u00ed como de mi antiguo trabajo por cuenta propia como organizador de bodas y como dos veces fundador, traigo conmigo una experiencia colorida y multifac\u00e9tica. Utilizo la combinaci\u00f3n de coach empresarial sist\u00e9mico y entrenador antiestr\u00e9s con gran valor a\u00f1adido para mis clientes.<\/pee> <!-- [et_pb_line_break_holder] -->         <pee>Con una buena dosis de empat\u00eda combinada con pasi\u00f3n, dedicaci\u00f3n y mi car\u00e1cter sencillo y divertido, creo una atm\u00f3sfera de mucha confianza en poco tiempo. Tambi\u00e9n me caracterizan mis muchos a\u00f1os de experiencia de vida, mi sed de conocimiento y mi curiosidad por las personas y su historia.<\/pee> <!-- [et_pb_line_break_holder] -->            <\/li>\n<p><!-- [et_pb_line_break_holder] -->          <\/p>\n<li><span class=\"ques\">\u00bfQu\u00e9 es lo que m\u00e1s te llena de tu trabajo?&#8230;<\/span><!\u2013- [et_pb_br_holder] -\u2013><\/li>\n<p>   <!-- [et_pb_line_break_holder] -->        <\/ol>\n<p><!-- [et_pb_line_break_holder] -->       <!-- \n\n<div>Mehr erfahren<\/div>\n\n-->    <!-- [et_pb_line_break_holder] -->        <\/p>\n<div class=\"primary-color\"><\/div>\n<p><!-- [et_pb_line_break_holder] -->        <\/p>\n<div class=\"bottom-footer\"><!-- [et_pb_line_break_holder] -->            <\/p>\n<div class=\"bottom-footer-container\"><!-- [et_pb_line_break_holder] -->                <\/p>\n<div class=\"_col\"><!-- [et_pb_line_break_holder] -->                    <a href=\"\/es\/nuestrxs-entrenadorxs\/caren-loewenstein\/\"> <span class=\"button\">al perfil<\/span><\/a><!-- [et_pb_line_break_holder] -->                <\/div>\n<p><!-- [et_pb_line_break_holder] -->            <\/div>\n<p><!-- [et_pb_line_break_holder] -->        <\/div>\n<p><!-- [et_pb_line_break_holder] -->    <\/div>\n<p><!-- [et_pb_line_break_holder] --> <\/div>\n<p><!-- [et_pb_line_break_holder] --> <\/div>\n<p> <!-- [et_pb_line_break_holder] -->  <!--Meier --><!-- [et_pb_line_break_holder] --> <\/p>\n<div class=\"card-list item produkt-jobcoaching produkt-gruendungsberatung sprache-deutsch sprache-englisch standort-online standort-berlin standort-muenchen standort-frankfurt standort-moenchengladbach standort-essen themenschwerpunkte-bewerbungstraining themenschwerpunkte-stellenrecherche themenschwerpunkte-berufsorientierung themenschwerpunkte-vorstellungsgespraeche themenschwerpunkte-persoenliche-positionierung themenschwerpunkte-businessplanerstellung themenschwerpunkte-strategie themenschwerpunkte-finanzplanung themenschwerpunkte-digitales-marketing themenschwerpunkte-rechtsfragen branchenschwerpunkte-beratung branchenschwerpunkte-dienstleistungen branchenschwerpunkte-energie branchenschwerpunkte-event branchenschwerpunkte-gastronomie branchenschwerpunkte-pflege branchenschwerpunkte-handel branchenschwerpunkte-handwerk branchenschwerpunkte-design branchenschwerpunkte-kultur branchenschwerpunkte-kommunikation branchenschwerpunkte-ngos branchenschwerpunkte-fitness \"><!-- [et_pb_line_break_holder] --> <\/p>\n<div class=\"card-front\" ><!-- [et_pb_line_break_holder] -->    <\/p>\n<div class=\"cntnt\"><!-- [et_pb_line_break_holder] -->        <img decoding=\"async\" src=\"\/wp-content\/uploads\/2023\/12\/cecile-meier-profil.webp\"><!-- [et_pb_line_break_holder] -->        <\/p>\n<div class=\"coach-card\"><!-- [et_pb_line_break_holder] -->            <\/p>\n<h2>C\u00e9cile Meier<\/h2>\n<p><!-- [et_pb_line_break_holder] -->            <\/p>\n<div class=\"coach-desc\"><!-- [et_pb_line_break_holder] -->                <\/p>\n<div class=\"standort\"><b>Oficina:<\/b> en l\u00ednea en toda Alemania<\/div>\n<p><!-- [et_pb_line_break_holder] -->                <\/p>\n<hr>\n<p><!-- [et_pb_line_break_holder] -->                <\/p>\n<div class=\"specialty\"><b>Producto:<\/b> Entrenamiento laboral, asesoramiento para la puesta en marcha.<\/div>\n<p><!-- [et_pb_line_break_holder] -->                <\/p>\n<hr>\n<p><!-- [et_pb_line_break_holder] -->                <\/p>\n<div class=\"lang\"><b>Idioma(s) del entrenamiento:<\/b> Alem\u00e1n, Ingl\u00e9s<\/div>\n<p><!-- [et_pb_line_break_holder] -->                <\/p>\n<hr>\n<p><!-- [et_pb_line_break_holder] -->            <\/div>\n<p><!-- [et_pb_line_break_holder] -->            <\/p>\n<div class=\"coach-btn\"><!-- [et_pb_line_break_holder] -->                <\/p>\n<div class=\"link-btn\">Llegar a saber<\/div>\n<p><!-- [et_pb_line_break_holder] -->            <\/div>\n<p><!-- [et_pb_line_break_holder] -->        <\/div>\n<p><!-- [et_pb_line_break_holder] -->    <\/div>\n<p><!-- [et_pb_line_break_holder] --> <\/div>\n<p><!-- [et_pb_line_break_holder] --> <\/p>\n<div class=\"card-back\" onclick=\"location.href='\/es\/nuestrxs-entrenadorxs\/cecile-meier\/'\" ><!-- [et_pb_line_break_holder] -->    <\/p>\n<div class=\"cntnt\" ><!-- [et_pb_line_break_holder] -->        <\/p>\n<div><!-- [et_pb_line_break_holder] -->        <\/div>\n<p><!-- [et_pb_line_break_holder] -->        <\/p>\n<ol><!-- [et_pb_line_break_holder] -->          <\/p>\n<li><span class=\"ques\">\u00bfQu\u00e9 te califica como entrenador\/formador?<\/span><!\u2013- [et_pb_br_holder] -\u2013><pee>Mi experiencia pr\u00e1ctica en las \u00e1reas de marketing, comunicaci\u00f3n y sostenibilidad, as\u00ed como a\u00f1os de aprendizaje en grados, m\u00e1steres y otros cursos de formaci\u00f3n continua. Tambi\u00e9n realic\u00e9 un curso de formaci\u00f3n de un a\u00f1o como consultor de transformaci\u00f3n.<\/pee>  <\/li>\n<p><!-- [et_pb_line_break_holder] -->          <\/p>\n<li><span class=\"ques\">\u00bfQu\u00e9 resultados medibles has logrado junto con tus clientes y qu\u00e9 te diferencia?&#8230;<\/span><!\u2013- [et_pb_br_holder] -\u2013><\/li>\n<p>   <!-- [et_pb_line_break_holder] -->        <\/ol>\n<p><!-- [et_pb_line_break_holder] -->       <!-- \n\n<div>Mehr erfahren<\/div>\n\n-->    <!-- [et_pb_line_break_holder] -->        <\/p>\n<div class=\"primary-color\"><\/div>\n<p><!-- [et_pb_line_break_holder] -->        <\/p>\n<div class=\"bottom-footer\"><!-- [et_pb_line_break_holder] -->            <\/p>\n<div class=\"bottom-footer-container\"><!-- [et_pb_line_break_holder] -->                <\/p>\n<div class=\"_col\"><!-- [et_pb_line_break_holder] -->                    <a href=\"\/es\/nuestrxs-entrenadorxs\/cecile-meier\/\"> <span class=\"button\">al perfil<\/span><\/a><!-- [et_pb_line_break_holder] -->                <\/div>\n<p><!-- [et_pb_line_break_holder] -->            <\/div>\n<p><!-- [et_pb_line_break_holder] -->        <\/div>\n<p><!-- [et_pb_line_break_holder] -->    <\/div>\n<p><!-- [et_pb_line_break_holder] --> <\/div>\n<p><!-- [et_pb_line_break_holder] --> <\/div>\n<p> <!-- [et_pb_line_break_holder] --> <!--Neff Petzke --><!-- [et_pb_line_break_holder] --> <\/p>\n<div class=\"card-list item produkt-jobcoaching produkt-gruendungsberatung sprache-deutsch standort-online standort-muenchen standort-frankfurt standort-moenchengladbach standort-essen themenschwerpunkte-stellenrecherche themenschwerpunkte-berufsorientierung themenschwerpunkte-vorstellungsgespraeche themenschwerpunkte-persoenliche-positionierung themenschwerpunkte-businessplanerstellung themenschwerpunkte-strategie branchenschwerpunkte-beratung branchenschwerpunkte-energie \"><!-- [et_pb_line_break_holder] --> <\/p>\n<div class=\"card-front\" ><!-- [et_pb_line_break_holder] -->    <\/p>\n<div class=\"cntnt\"><!-- [et_pb_line_break_holder] -->        <img decoding=\"async\" src=\"\/wp-content\/uploads\/2024\/01\/Andrea_Neff-Petzke_Profilfoto.webp\"><!-- [et_pb_line_break_holder] -->        <\/p>\n<div class=\"coach-card\"><!-- [et_pb_line_break_holder] -->            <\/p>\n<h2>Andrea Neff-Petzke<\/h2>\n<p><!-- [et_pb_line_break_holder] -->            <\/p>\n<div class=\"coach-desc\"><!-- [et_pb_line_break_holder] -->                <\/p>\n<div class=\"standort\"><b>Oficina:<\/b> en l\u00ednea en toda Alemania<\/div>\n<p><!-- [et_pb_line_break_holder] -->                <\/p>\n<hr>\n<p><!-- [et_pb_line_break_holder] -->                <\/p>\n<div class=\"specialty\"><b>Producto:<\/b> Entrenamiento laboral, asesoramiento para la puesta en marcha.<\/div>\n<p><!-- [et_pb_line_break_holder] -->                <\/p>\n<hr>\n<p><!-- [et_pb_line_break_holder] -->                <\/p>\n<div class=\"lang\"><b>Idioma(s) del entrenamiento:<\/b> Alem\u00e1n<\/div>\n<p><!-- [et_pb_line_break_holder] -->                <\/p>\n<hr>\n<p><!-- [et_pb_line_break_holder] -->            <\/div>\n<p><!-- [et_pb_line_break_holder] -->            <\/p>\n<div class=\"coach-btn\"><!-- [et_pb_line_break_holder] -->                <\/p>\n<div class=\"link-btn\">Llegar a saber<\/div>\n<p><!-- [et_pb_line_break_holder] -->            <\/div>\n<p><!-- [et_pb_line_break_holder] -->        <\/div>\n<p><!-- [et_pb_line_break_holder] -->    <\/div>\n<p><!-- [et_pb_line_break_holder] --> <\/div>\n<p><!-- [et_pb_line_break_holder] --> <\/p>\n<div class=\"card-back\" onclick=\"location.href='\/es\/nuestrxs-entrenadorxs\/andrea-neff-petzke\/'\" ><!-- [et_pb_line_break_holder] -->    <\/p>\n<div class=\"cntnt\" ><!-- [et_pb_line_break_holder] -->        <\/p>\n<div><!-- [et_pb_line_break_holder] -->        <\/div>\n<p><!-- [et_pb_line_break_holder] -->        <\/p>\n<ol><!-- [et_pb_line_break_holder] -->          <\/p>\n<li><span class=\"ques\">\u00bfQu\u00e9 te califica como entrenador\/formador?<\/span><!\u2013- [et_pb_br_holder] -\u2013><pee>Centrada, consciente y eficaz: mis muchos a\u00f1os de experiencia como directiva en el \u00abmundo empresarial\u00bb, combinados con mi formaci\u00f3n como coach empresarial sist\u00e9mica, practicante de psicoterapia alternativa, terapeuta de chakras y mi propio camino espiritual, forman la base de mi trabajo con mis clientela. As\u00ed unimos de forma curativa los supuestos opuestos: cuerpo y mente, vida profesional y privada, sentimientos y raz\u00f3n. Nuestro objetivo: analizar en profundidad el panorama general, sus deseos y objetivos como directivo y como personalidad en su conjunto.<\/pee> <!-- [et_pb_line_break_holder] -->            <\/li>\n<p><!-- [et_pb_line_break_holder] -->          <\/p>\n<li><span class=\"ques\">\u00bfQu\u00e9 es lo que m\u00e1s te llena de tu trabajo?&#8230;<\/span><!\u2013- [et_pb_br_holder] -\u2013><\/li>\n<p>   <!-- [et_pb_line_break_holder] -->        <\/ol>\n<p><!-- [et_pb_line_break_holder] -->       <!-- \n\n<div>Mehr erfahren<\/div>\n\n-->    <!-- [et_pb_line_break_holder] -->        <\/p>\n<div class=\"primary-color\"><\/div>\n<p><!-- [et_pb_line_break_holder] -->        <\/p>\n<div class=\"bottom-footer\"><!-- [et_pb_line_break_holder] -->            <\/p>\n<div class=\"bottom-footer-container\"><!-- [et_pb_line_break_holder] -->                <\/p>\n<div class=\"_col\"><!-- [et_pb_line_break_holder] -->                    <a href=\"\/es\/nuestrxs-entrenadorxs\/andrea-neff-petzke\/\"> <span class=\"button\">al perfil<\/span><\/a><!-- [et_pb_line_break_holder] -->                <\/div>\n<p><!-- [et_pb_line_break_holder] -->            <\/div>\n<p><!-- [et_pb_line_break_holder] -->        <\/div>\n<p><!-- [et_pb_line_break_holder] -->    <\/div>\n<p><!-- [et_pb_line_break_holder] --> <\/div>\n<p><!-- [et_pb_line_break_holder] --> <\/div>\n<p> <!-- [et_pb_line_break_holder] --> <!--Niv Nowbakht --><!-- [et_pb_line_break_holder] --> <\/p>\n<div class=\"card-list item produkt-jobcoaching produkt-gruendungsberatung sprache-deutsch sprache-englisch standort-online standort-berlin standort-muenchen standort-frankfurt standort-moenchengladbach standort-essen themenschwerpunkte-bewerbungstraining themenschwerpunkte-stellenrecherche themenschwerpunkte-berufsorientierung themenschwerpunkte-vorstellungsgespraeche themenschwerpunkte-persoenliche-positionierung themenschwerpunkte-strategie themenschwerpunkte-digitales-marketing branchenschwerpunkte-beratung branchenschwerpunkte-dienstleistungen branchenschwerpunkte-event branchenschwerpunkte-handel branchenschwerpunkte-kommunikation branchenschwerpunkte-ngos \"><!-- [et_pb_line_break_holder] --> <\/p>\n<div class=\"card-front\" ><!-- [et_pb_line_break_holder] -->    <\/p>\n<div class=\"cntnt\"><!-- [et_pb_line_break_holder] -->        <img decoding=\"async\" src=\"\/wp-content\/uploads\/2024\/03\/Niv_head_img_profile.webp\"><!-- [et_pb_line_break_holder] -->        <\/p>\n<div class=\"coach-card\"><!-- [et_pb_line_break_holder] -->            <\/p>\n<h2>Niv Nowbakht<\/h2>\n<p><!-- [et_pb_line_break_holder] -->            <\/p>\n<div class=\"coach-desc\"><!-- [et_pb_line_break_holder] -->                <\/p>\n<div class=\"standort\"><b>Oficina:<\/b> en l\u00ednea en toda Alemania<\/div>\n<p><!-- [et_pb_line_break_holder] -->                <\/p>\n<hr>\n<p><!-- [et_pb_line_break_holder] -->                <\/p>\n<div class=\"specialty\"><b>Producto:<\/b> Entrenamiento laboral, asesoramiento para la puesta en marcha.<\/div>\n<p><!-- [et_pb_line_break_holder] -->                <\/p>\n<hr>\n<p><!-- [et_pb_line_break_holder] -->                <\/p>\n<div class=\"lang\"><b>Idioma(s) del entrenamiento:<\/b> Alem\u00e1n, Ingl\u00e9s<\/div>\n<p><!-- [et_pb_line_break_holder] -->                <\/p>\n<hr>\n<p><!-- [et_pb_line_break_holder] -->            <\/div>\n<p><!-- [et_pb_line_break_holder] -->            <\/p>\n<div class=\"coach-btn\"><!-- [et_pb_line_break_holder] -->                <\/p>\n<div class=\"link-btn\">Llegar a saber<\/div>\n<p><!-- [et_pb_line_break_holder] -->            <\/div>\n<p><!-- [et_pb_line_break_holder] -->        <\/div>\n<p><!-- [et_pb_line_break_holder] -->    <\/div>\n<p><!-- [et_pb_line_break_holder] --> <\/div>\n<p><!-- [et_pb_line_break_holder] --> <\/p>\n<div class=\"card-back\" onclick=\"location.href='\/es\/nuestrxs-entrenadorxs\/niv-nowbakht\/'\" ><!-- [et_pb_line_break_holder] -->    <\/p>\n<div class=\"cntnt\" ><!-- [et_pb_line_break_holder] -->        <\/p>\n<div><!-- [et_pb_line_break_holder] -->        <\/div>\n<p><!-- [et_pb_line_break_holder] -->        <\/p>\n<ol><!-- [et_pb_line_break_holder] -->          <\/p>\n<li><span class=\"ques\">\u00bfQu\u00e9 te califica como entrenador\/formador?<\/span><!\u2013- [et_pb_br_holder] -\u2013><pee>11 a\u00f1os de experiencia profesional, experiencia internacional en el nuevo mundo del trabajo, start-ups y corporaciones, ingl\u00e9s y alem\u00e1n, amplia red<\/pee> <!-- [et_pb_line_break_holder] -->            <\/li>\n<p><!-- [et_pb_line_break_holder] -->          <\/p>\n<li><span class=\"ques\">\u00bfQu\u00e9 resultados medibles has logrado junto con tus clientes y qu\u00e9 te diferencia?&#8230;<\/span><!\u2013- [et_pb_br_holder] -\u2013><\/li>\n<p>   <!-- [et_pb_line_break_holder] -->        <\/ol>\n<p><!-- [et_pb_line_break_holder] -->       <!-- \n\n<div>Mehr erfahren<\/div>\n\n-->    <!-- [et_pb_line_break_holder] -->        <\/p>\n<div class=\"primary-color\"><\/div>\n<p><!-- [et_pb_line_break_holder] -->        <\/p>\n<div class=\"bottom-footer\"><!-- [et_pb_line_break_holder] -->            <\/p>\n<div class=\"bottom-footer-container\"><!-- [et_pb_line_break_holder] -->                <\/p>\n<div class=\"_col\"><!-- [et_pb_line_break_holder] -->                    <a href=\"\/es\/nuestrxs-entrenadorxs\/niv-nowbakht\/\"> <span class=\"button\">al perfil<\/span><\/a><!-- [et_pb_line_break_holder] -->                <\/div>\n<p><!-- [et_pb_line_break_holder] -->            <\/div>\n<p><!-- [et_pb_line_break_holder] -->        <\/div>\n<p><!-- [et_pb_line_break_holder] -->    <\/div>\n<p><!-- [et_pb_line_break_holder] --> <\/div>\n<p><!-- [et_pb_line_break_holder] --> <\/div>\n<p> <!-- [et_pb_line_break_holder] --> <!--Theresa Oberstra\u00df --><!-- [et_pb_line_break_holder] --> <\/p>\n<div class=\"card-list item produkt-gruendungsberatung standort-online standort-muenchen standort-frankfurt standort-moenchengladbach standort-essen sprache-deutsch sprache-englisch themenschwerpunkte-businessplanerstellung themenschwerpunkte-strategie branchenschwerpunkte-beratung branchenschwerpunkte-dienstleistungen branchenschwerpunkte-event branchenschwerpunkte-ngos branchenschwerpunkte-fitness \"><!-- [et_pb_line_break_holder] --> <\/p>\n<div class=\"card-front\" ><!-- [et_pb_line_break_holder] -->    <\/p>\n<div class=\"cntnt\"><!-- [et_pb_line_break_holder] -->        <img decoding=\"async\" src=\"\/wp-content\/uploads\/2023\/12\/Oberstrass.webp\"><!-- [et_pb_line_break_holder] -->        <\/p>\n<div class=\"coach-card\"><!-- [et_pb_line_break_holder] -->            <\/p>\n<h2>Theresa Oberstra\u00df<\/h2>\n<p><!-- [et_pb_line_break_holder] -->            <\/p>\n<div class=\"coach-desc\"><!-- [et_pb_line_break_holder] -->                <\/p>\n<div class=\"standort\"><b>Oficina:<\/b>   en l\u00ednea en toda Alemania<\/div>\n<p><!-- [et_pb_line_break_holder] -->                <\/p>\n<hr>\n<p><!-- [et_pb_line_break_holder] -->                <\/p>\n<div class=\"specialty\"><b>Producto:<\/b> Asesoramiento de puesta en marcha<\/div>\n<p><!-- [et_pb_line_break_holder] -->                <\/p>\n<hr>\n<p><!-- [et_pb_line_break_holder] -->                <\/p>\n<div class=\"lang\"><b>Idioma(s) del entrenamiento:<\/b> Alem\u00e1n, Ingl\u00e9s<\/div>\n<p><!-- [et_pb_line_break_holder] -->                <\/p>\n<hr>\n<p><!-- [et_pb_line_break_holder] -->            <\/div>\n<p><!-- [et_pb_line_break_holder] -->            <\/p>\n<div class=\"coach-btn\"><!-- [et_pb_line_break_holder] -->                <\/p>\n<div class=\"link-btn\">Llegar a saber<\/div>\n<p><!-- [et_pb_line_break_holder] -->            <\/div>\n<p><!-- [et_pb_line_break_holder] -->        <\/div>\n<p><!-- [et_pb_line_break_holder] -->    <\/div>\n<p><!-- [et_pb_line_break_holder] --> <\/div>\n<p><!-- [et_pb_line_break_holder] --> <\/p>\n<div class=\"card-back\" onclick=\"location.href='\/es\/nuestrxs-entrenadorxs\/theresa-oberstrass\/'\" ><!-- [et_pb_line_break_holder] -->    <\/p>\n<div class=\"cntnt\" ><!-- [et_pb_line_break_holder] -->        <\/p>\n<div><!-- [et_pb_line_break_holder] -->        <\/div>\n<p><!-- [et_pb_line_break_holder] -->        <\/p>\n<ol><!-- [et_pb_line_break_holder] -->          <\/p>\n<li><span class=\"ques\">\u00bfQu\u00e9 te califica como entrenador\/formador?<\/span><!\u2013- [et_pb_br_holder] -\u2013><pee>La mejor manera de aprender a iniciar un negocio es a trav\u00e9s de su propia experiencia. Fund\u00e9 empresas en \u00e1reas diferentes e inofensivas con equipos completamente diferentes y aprend\u00ed mucho en el proceso. Desde la biotecnolog\u00eda radical con varias fases iniciales hasta el asesoramiento suave en el sector de las ONG y las ONG, ya he conocido varios sectores. Adem\u00e1s de mi propia experiencia pr\u00e1ctica, tambi\u00e9n tengo una variedad de certificados y t\u00edtulos. Entre otras cosas, en las \u00e1reas de Design Thinking\/UX y Agile, pero tambi\u00e9n en materias cl\u00e1sicas como la administraci\u00f3n de empresas y las ciencias de la sostenibilidad.<\/pee> <!-- [et_pb_line_break_holder] -->            <\/li>\n<p><!-- [et_pb_line_break_holder] -->          <\/p>\n<li><span class=\"ques\">\u00bfQu\u00e9 es lo que m\u00e1s te llena de tu trabajo?&#8230;<\/span><!\u2013- [et_pb_br_holder] -\u2013><\/li>\n<p>   <!-- [et_pb_line_break_holder] -->        <\/ol>\n<p><!-- [et_pb_line_break_holder] -->       <!-- \n\n<div>Mehr erfahren<\/div>\n\n-->    <!-- [et_pb_line_break_holder] -->        <\/p>\n<div class=\"primary-color\"><\/div>\n<p><!-- [et_pb_line_break_holder] -->        <\/p>\n<div class=\"bottom-footer\"><!-- [et_pb_line_break_holder] -->            <\/p>\n<div class=\"bottom-footer-container\"><!-- [et_pb_line_break_holder] -->                <\/p>\n<div class=\"_col\"><!-- [et_pb_line_break_holder] -->                    <a href=\"\/es\/nuestrxs-entrenadorxs\/theresa-oberstrass\/\"> <span class=\"button\">al perfil<\/span><\/a><!-- [et_pb_line_break_holder] -->                <\/div>\n<p><!-- [et_pb_line_break_holder] -->            <\/div>\n<p><!-- [et_pb_line_break_holder] -->        <\/div>\n<p><!-- [et_pb_line_break_holder] -->    <\/div>\n<p><!-- [et_pb_line_break_holder] --> <\/div>\n<p><!-- [et_pb_line_break_holder] --> <\/div>\n<p> <!-- [et_pb_line_break_holder] --> <!--Rose--><!-- [et_pb_line_break_holder] --> <\/p>\n<div class=\"card-list item produkt-jobcoaching produkt-gruendungsberatung standort-online standort-berlin standort-muenchen standort-frankfurt sprache-deutsch sprache-englisch themenschwerpunkte-bewerbungstraining themenschwerpunkte-stellenrecherche themenschwerpunkte-berufsorientierung themenschwerpunkte-vorstellungsgespraeche themenschwerpunkte-persoenliche-positionierung themenschwerpunkte-businessplanerstellung themenschwerpunkte-strategie themenschwerpunkte-finanzplanung themenschwerpunkte-digitales-marketing themenschwerpunkte-rechtsfragen branchenschwerpunkte-beratung branchenschwerpunkte-dienstleistungen branchenschwerpunkte-kommunikation \"><!-- [et_pb_line_break_holder] --> <\/p>\n<div class=\"card-front\" ><!-- [et_pb_line_break_holder] -->    <\/p>\n<div class=\"cntnt\"><!-- [et_pb_line_break_holder] -->        <img decoding=\"async\" src=\"\/wp-content\/uploads\/2023\/12\/090_Rose_LotteOstermann.webp\"><!-- [et_pb_line_break_holder] -->        <\/p>\n<div class=\"coach-card\"><!-- [et_pb_line_break_holder] -->            <\/p>\n<h2>Jessika Rose<\/h2>\n<p><!-- [et_pb_line_break_holder] -->            <\/p>\n<div class=\"coach-desc\"><!-- [et_pb_line_break_holder] -->                <\/p>\n<div class=\"standort\"><b>Oficina:<\/b> Presencia en: Berl\u00edn, online en toda Alemania<\/div>\n<p><!-- [et_pb_line_break_holder] -->                <\/p>\n<hr>\n<p><!-- [et_pb_line_break_holder] -->                <\/p>\n<div class=\"specialty\"><b>Producto:<\/b> Entrenamiento laboral, asesoramiento para la puesta en marcha.<\/div>\n<p><!-- [et_pb_line_break_holder] -->                <\/p>\n<hr>\n<p><!-- [et_pb_line_break_holder] -->                <\/p>\n<div class=\"lang\"><b>Idioma(s) del entrenamiento:<\/b> Alem\u00e1n, Ingl\u00e9s<\/div>\n<p><!-- [et_pb_line_break_holder] -->                <\/p>\n<hr>\n<p><!-- [et_pb_line_break_holder] -->            <\/div>\n<p><!-- [et_pb_line_break_holder] -->            <\/p>\n<div class=\"coach-btn\"><!-- [et_pb_line_break_holder] -->                <\/p>\n<div class=\"link-btn\">Llegar a saber<\/div>\n<p><!-- [et_pb_line_break_holder] -->            <\/div>\n<p><!-- [et_pb_line_break_holder] -->        <\/div>\n<p><!-- [et_pb_line_break_holder] -->    <\/div>\n<p><!-- [et_pb_line_break_holder] --> <\/div>\n<p><!-- [et_pb_line_break_holder] --> <\/p>\n<div class=\"card-back\" onclick=\"location.href='\/es\/nuestrxs-entrenadorxs\/jessika-rose\/'\" ><!-- [et_pb_line_break_holder] -->    <\/p>\n<div class=\"cntnt\" ><!-- [et_pb_line_break_holder] -->        <\/p>\n<div><!-- [et_pb_line_break_holder] -->        <\/div>\n<p><!-- [et_pb_line_break_holder] -->        <\/p>\n<ol><!-- [et_pb_line_break_holder] -->          <\/p>\n<li><span class=\"ques\">\u00bfQu\u00e9 te califica como entrenador\/formador?<\/span><!\u2013- [et_pb_br_holder] -\u2013><pee>Una amplia gama de cualificaciones, combinada con mucha experiencia pr\u00e1ctica y personal, una actitud sist\u00e9mica y un muy buen sentido de los temas detr\u00e1s de los temas.<\/pee> <!-- [et_pb_line_break_holder] -->            <\/li>\n<p><!-- [et_pb_line_break_holder] -->          <\/p>\n<li><span class=\"ques\">\u00bfQu\u00e9 es lo que m\u00e1s te llena de tu trabajo?&#8230;<\/span><!\u2013- [et_pb_br_holder] -\u2013><\/li>\n<p>   <!-- [et_pb_line_break_holder] -->        <\/ol>\n<p><!-- [et_pb_line_break_holder] -->       <!-- \n\n<div>Mehr erfahren<\/div>\n\n-->    <!-- [et_pb_line_break_holder] -->        <\/p>\n<div class=\"primary-color\"><\/div>\n<p><!-- [et_pb_line_break_holder] -->        <\/p>\n<div class=\"bottom-footer\"><!-- [et_pb_line_break_holder] -->            <\/p>\n<div class=\"bottom-footer-container\"><!-- [et_pb_line_break_holder] -->                <\/p>\n<div class=\"_col\"><!-- [et_pb_line_break_holder] -->                    <a href=\"\/es\/nuestrxs-entrenadorxs\/jessika-rose\/\"> <span class=\"button\">al perfil<\/span><\/a><!-- [et_pb_line_break_holder] -->                <\/div>\n<p><!-- [et_pb_line_break_holder] -->            <\/div>\n<p><!-- [et_pb_line_break_holder] -->        <\/div>\n<p><!-- [et_pb_line_break_holder] -->    <\/div>\n<p><!-- [et_pb_line_break_holder] --> <\/div>\n<p><!-- [et_pb_line_break_holder] --> <\/div>\n<p> <!-- [et_pb_line_break_holder] -->  <!--Schr\u00f6ter--><!-- [et_pb_line_break_holder] --> <\/p>\n<div class=\"card-list item produkt-jobcoaching produkt-gruendungsberatung standort-online standort-oldenburg standort-muenchen standort-frankfurt sprache-deutsch themenschwerpunkte-bewerbungstraining themenschwerpunkte-stellenrecherche themenschwerpunkte-berufsorientierung themenschwerpunkte-vorstellungsgespraeche themenschwerpunkte-persoenliche-positionierung themenschwerpunkte-businessplanerstellung themenschwerpunkte-strategie branchenschwerpunkte-beratung branchenschwerpunkte-event \"><!-- [et_pb_line_break_holder] --> <\/p>\n<div class=\"card-front\" ><!-- [et_pb_line_break_holder] -->    <\/p>\n<div class=\"cntnt\"><!-- [et_pb_line_break_holder] -->        <img decoding=\"async\" src=\"\/wp-content\/uploads\/2024\/04\/Denise_Schroeter_prof_pic.webp\"><!-- [et_pb_line_break_holder] -->        <\/p>\n<div class=\"coach-card\"><!-- [et_pb_line_break_holder] -->            <\/p>\n<h2>Denise Schr\u00f6ter<\/h2>\n<p><!-- [et_pb_line_break_holder] -->            <\/p>\n<div class=\"coach-desc\"><!-- [et_pb_line_break_holder] -->                <\/p>\n<div class=\"standort\"><b>Oficina:<\/b> Presencia en: Oldenburg, online en toda Alemania<\/div>\n<p><!-- [et_pb_line_break_holder] -->                <\/p>\n<hr>\n<p><!-- [et_pb_line_break_holder] -->                <\/p>\n<div class=\"specialty\"><b>Producto:<\/b> Entrenamiento laboral, asesoramiento para la puesta en marcha.<\/div>\n<p><!-- [et_pb_line_break_holder] -->                <\/p>\n<hr>\n<p><!-- [et_pb_line_break_holder] -->                <\/p>\n<div class=\"lang\"><b>Idioma(s) del entrenamiento:<\/b> Alem\u00e1n<\/div>\n<p><!-- [et_pb_line_break_holder] -->                <\/p>\n<hr>\n<p><!-- [et_pb_line_break_holder] -->            <\/div>\n<p><!-- [et_pb_line_break_holder] -->            <\/p>\n<div class=\"coach-btn\"><!-- [et_pb_line_break_holder] -->                <\/p>\n<div class=\"link-btn\">Llegar a saber<\/div>\n<p><!-- [et_pb_line_break_holder] -->            <\/div>\n<p><!-- [et_pb_line_break_holder] -->        <\/div>\n<p><!-- [et_pb_line_break_holder] -->    <\/div>\n<p><!-- [et_pb_line_break_holder] --> <\/div>\n<p><!-- [et_pb_line_break_holder] --> <\/p>\n<div class=\"card-back\" onclick=\"location.href='\/es\/nuestrxs-entrenadorxs\/denise-schroeter\/'\" ><!-- [et_pb_line_break_holder] -->    <\/p>\n<div class=\"cntnt\" ><!-- [et_pb_line_break_holder] -->        <\/p>\n<div><!-- [et_pb_line_break_holder] -->        <\/div>\n<p><!-- [et_pb_line_break_holder] -->        <\/p>\n<ol><!-- [et_pb_line_break_holder] -->          <\/p>\n<li><span class=\"ques\">\u00bfQu\u00e9 te califica como entrenador\/formador?<\/span><!\u2013- [et_pb_br_holder] -\u2013><pee>Estudios: Licenciatura en Educaci\u00f3n y Ciencias Sociales, <!\u2013- [et_pb_br_holder] -\u2013>coach certificado en TDAH <!\u2013- [et_pb_br_holder] -\u2013>, formador certificado en TDAH\u00a0<\/pee> <pee>Despu\u00e9s de mis estudios, trabaj\u00e9 como trabajadora social en las \u00e1reas de salud y coaching laboral. He observado que a muchas personas les resulta dif\u00edcil o imposible alcanzar sus objetivos privados y profesionales debido a deficiencias en las \u00e1reas de autoorganizaci\u00f3n, resistencia y concentraci\u00f3n. Motivado, he completado varios cursos de formaci\u00f3n adicional y, como entrenador certificado en TDAH, puedo ofrecer un apoyo eficaz exactamente en estas \u00e1reas. Tambi\u00e9n tengo m\u00e1s de 15 a\u00f1os de experiencia como aut\u00f3nomo en el sector de eventos y he podido deleitar a grandes clientes en todo el pa\u00eds.<\/pee> <!-- [et_pb_line_break_holder] -->            <\/li>\n<p><!-- [et_pb_line_break_holder] -->          <\/p>\n<li><span class=\"ques\">\u00bfQu\u00e9 resultados medibles has logrado junto con tus clientes y qu\u00e9 te diferencia?&#8230;<\/span><!\u2013- [et_pb_br_holder] -\u2013><\/li>\n<p>   <!-- [et_pb_line_break_holder] -->        <\/ol>\n<p><!-- [et_pb_line_break_holder] -->       <!-- \n\n<div>Mehr erfahren<\/div>\n\n-->    <!-- [et_pb_line_break_holder] -->        <\/p>\n<div class=\"primary-color\"><\/div>\n<p><!-- [et_pb_line_break_holder] -->        <\/p>\n<div class=\"bottom-footer\"><!-- [et_pb_line_break_holder] -->            <\/p>\n<div class=\"bottom-footer-container\"><!-- [et_pb_line_break_holder] -->                <\/p>\n<div class=\"_col\"><!-- [et_pb_line_break_holder] -->                    <a href=\"\/es\/nuestrxs-entrenadorxs\/denise-schroeter\/\"> <span class=\"button\">al perfil<\/span><\/a><!-- [et_pb_line_break_holder] -->                <\/div>\n<p><!-- [et_pb_line_break_holder] -->            <\/div>\n<p><!-- [et_pb_line_break_holder] -->        <\/div>\n<p><!-- [et_pb_line_break_holder] -->    <\/div>\n<p><!-- [et_pb_line_break_holder] --> <\/div>\n<p><!-- [et_pb_line_break_holder] --> <\/div>\n<p> <!-- [et_pb_line_break_holder] -->   <!-- Wielsp\u00fctz --><!-- [et_pb_line_break_holder] -->   <!-- Wielsp\u00fctz --><!-- [et_pb_line_break_holder] -->  <\/p>\n<div class=\"card-list item produkt-jobcoaching produkt-gruendungsberatung sprache-deutsch standort-berlin standort-online standort-frankfurt standort-muenchen themenschwerpunkte-bewerbungstraining themenschwerpunkte-berufsorientierung themenschwerpunkte-vorstellungsgespraeche themenschwerpunkte-persoenliche-positionierung themenschwerpunkte-businessplanerstellung themenschwerpunkte-strategie themenschwerpunkte-digitales-marketing branchenschwerpunkte-beratung branchenschwerpunkte-design branchenschwerpunkte-kommunikation branchenschwerpunkte-start-up branchenschwerpunkte-it \"><!-- [et_pb_line_break_holder] -->  <\/p>\n<div class=\"card-front\" ><!-- [et_pb_line_break_holder] -->     <\/p>\n<div class=\"cntnt\"><!-- [et_pb_line_break_holder] -->         <img decoding=\"async\" src=\"\/wp-content\/uploads\/2024\/04\/Lara_Wielspuetz_profile_img.webp\"><!-- [et_pb_line_break_holder] -->         <\/p>\n<div class=\"coach-card\"><!-- [et_pb_line_break_holder] -->             <\/p>\n<h2>Lara Wielsp\u00fctz<\/h2>\n<p>    <!-- [et_pb_line_break_holder] -->             <\/p>\n<div class=\"coach-desc\"><!-- [et_pb_line_break_holder] -->                 <\/p>\n<div class=\"standort\"><b>Oficina:<\/b> Presencia en: Berl\u00edn, online en toda Alemania<\/div>\n<p><!-- [et_pb_line_break_holder] -->                 <\/p>\n<hr>\n<p><!-- [et_pb_line_break_holder] -->                 <\/p>\n<div class=\"specialty\"><b>Producto:<\/b> Entrenamiento laboral, asesoramiento para la puesta en marcha.<\/div>\n<p><!-- [et_pb_line_break_holder] -->                 <\/p>\n<hr>\n<p><!-- [et_pb_line_break_holder] -->                 <\/p>\n<div class=\"lang\"><b>Idioma(s) del entrenamiento:<\/b> Alem\u00e1n<\/div>\n<p><!-- [et_pb_line_break_holder] -->                 <\/p>\n<hr>\n<p><!-- [et_pb_line_break_holder] -->             <\/div>\n<p><!-- [et_pb_line_break_holder] -->             <\/p>\n<div class=\"coach-btn\"><!-- [et_pb_line_break_holder] -->                 <\/p>\n<div class=\"link-btn\">Llegar a saber<\/div>\n<p><!-- [et_pb_line_break_holder] -->             <\/div>\n<p><!-- [et_pb_line_break_holder] -->         <\/div>\n<p><!-- [et_pb_line_break_holder] -->     <\/div>\n<p><!-- [et_pb_line_break_holder] -->  <\/div>\n<p><!-- [et_pb_line_break_holder] -->  <\/p>\n<div class=\"card-back\" onclick=\"location.href='\/es\/nuestrxs-entrenadorxs\/lara-wielspuetz\/'\" ><!-- [et_pb_line_break_holder] -->     <\/p>\n<div class=\"cntnt\" ><!-- [et_pb_line_break_holder] -->         <\/p>\n<div><!-- [et_pb_line_break_holder] -->         <\/div>\n<p><!-- [et_pb_line_break_holder] -->         <\/p>\n<ol><!-- [et_pb_line_break_holder] -->           <\/p>\n<li><span class=\"ques\">\u00bfQu\u00e9 es lo que m\u00e1s te llena de tu trabajo?<\/span><!\u2013- [et_pb_br_holder] -\u2013><pee>El brillo feliz en los ojos de las personas que han encontrado el camino correcto.<\/pee> <!-- [et_pb_line_break_holder] -->             <\/li>\n<p><!-- [et_pb_line_break_holder] -->           <\/p>\n<li><span class=\"ques\">\u00bfQu\u00e9 dicen tus clientes de ti?&#8230;<\/span><!\u2013- [et_pb_br_holder] -\u2013><\/li>\n<p>   <!-- [et_pb_line_break_holder] -->         <\/ol>\n<p><!-- [et_pb_line_break_holder] -->        <!-- \n\n<div>Mehr erfahren<\/div>\n\n--><!-- [et_pb_line_break_holder] -->         <\/p>\n<div class=\"primary-color\"><\/div>\n<p><!-- [et_pb_line_break_holder] -->         <\/p>\n<div class=\"bottom-footer\"><!-- [et_pb_line_break_holder] -->             <\/p>\n<div class=\"bottom-footer-container\"><!-- [et_pb_line_break_holder] -->                 <\/p>\n<div class=\"_col\"><!-- [et_pb_line_break_holder] -->                     <a href=\"\/es\/nuestrxs-entrenadorxs\/lara-wielspuetz\/\"> <span class=\"button\">al perfil<\/span><\/a><!-- [et_pb_line_break_holder] -->                 <\/div>\n<p><!-- [et_pb_line_break_holder] -->             <\/div>\n<p><!-- [et_pb_line_break_holder] -->         <\/div>\n<p><!-- [et_pb_line_break_holder] -->     <\/div>\n<p><!-- [et_pb_line_break_holder] -->  <\/div>\n<p><!-- [et_pb_line_break_holder] -->  <\/div>\n<p>    <!-- [et_pb_line_break_holder] --><\/div>\n<p>[\/et_pb_code][et_pb_text _builder_version=\u00bb4.27.2&#8243; _module_preset=\u00bbdefault\u00bb text_font_size=\u00bb30px\u00bb header_2_font=\u00bb|600|||||||\u00bb header_2_text_align=\u00bbcenter\u00bb header_2_text_color=\u00bb#555555&#8243; header_2_font_size=\u00bb30px\u00bb header_2_line_height=\u00bb1.54em\u00bb global_colors_info=\u00bb{}\u00bb]<\/p>\n<h2>Si no ha encontrado un entrenador, puede encontrar una descripci\u00f3n general de nuestros entrenadores en l\u00ednea en toda Alemania aqu\u00ed<\/h2>\n<p>[\/et_pb_text][et_pb_button button_url=\u00bb\/es\/nuestrxs-entrenadorxs\/\u00bb button_text=\u00bbNuestras entrenadoras en l\u00ednea AVGS\u00bb button_alignment=\u00bbcenter\u00bb _builder_version=\u00bb4.27.2&#8243; _module_preset=\u00bbdefault\u00bb custom_button=\u00bbon\u00bb button_text_color=\u00bb#FFFFFF\u00bb button_bg_color=\u00bb#cd222a\u00bb button_border_width=\u00bb0px\u00bb global_colors_info=\u00bb{}\u00bb][\/et_pb_button][\/et_pb_column][\/et_pb_row][\/et_pb_section][et_pb_section fb_built=\u00bb1&#8243; _builder_version=\u00bb4.23.4&#8243; _module_preset=\u00bbdefault\u00bb background_image=\u00bbhttps:\/\/avgs-gutschein.de\/wp-content\/uploads\/2024\/01\/Footer_Contact.webp\u00bb parallax=\u00bbon\u00bb parallax_method=\u00bboff\u00bb custom_padding=\u00bb100px||150px||false|false\u00bb global_colors_info=\u00bb{}\u00bb][et_pb_row _builder_version=\u00bb4.23.1&#8243; _module_preset=\u00bbdefault\u00bb background_color=\u00bbrgba(255,255,255,0.83)\u00bb transform_translate_linked=\u00bboff\u00bb z_index=\u00bb9&#8243; max_width=\u00bb800px\u00bb custom_padding=\u00bb||||false|false\u00bb border_radii=\u00bbon|5px|5px|5px|5px\u00bb global_colors_info=\u00bb{}\u00bb][et_pb_column type=\u00bb4_4&#8243; _builder_version=\u00bb4.23.1&#8243; _module_preset=\u00bbdefault\u00bb global_colors_info=\u00bb{}\u00bb][et_pb_blurb title=\u00bbConcierte una cita hoy para una consulta inicial gratuita\u00bb use_icon=\u00bbon\u00bb font_icon=\u00bb&#x77;||divi||400&#8243; icon_color=\u00bb#cd222a\u00bb content_max_width=\u00bb100%\u00bb module_class=\u00bbavgs-h2 gray-font\u00bb _builder_version=\u00bb4.27.2&#8243; _module_preset=\u00bbdefault\u00bb header_level=\u00bbh2&#8243; header_font=\u00bb||||||||\u00bb header_text_align=\u00bbcenter\u00bb global_colors_info=\u00bb{}\u00bb][\/et_pb_blurb][et_pb_button button_url=\u00bb@ET-DC@eyJkeW5hbWljIjp0cnVlLCJjb250ZW50IjoicG9zdF9saW5rX3VybF9wYWdlIiwic2V0dGluZ3MiOnsicG9zdF9pZCI6IjM1OCJ9fQ==@\u00bb button_text=\u00bbSolo dos clics para nosotras\u00bb button_alignment=\u00bbcenter\u00bb _builder_version=\u00bb4.27.2&#8243; _dynamic_attributes=\u00bbbutton_url\u00bb _module_preset=\u00bbdefault\u00bb custom_button=\u00bbon\u00bb button_text_color=\u00bb#cd222a\u00bb button_border_width=\u00bb1px\u00bb button_use_icon=\u00bboff\u00bb global_colors_info=\u00bb{}\u00bb][\/et_pb_button][\/et_pb_column][\/et_pb_row][\/et_pb_section][et_pb_section fb_built=\u00bb1&#8243; _builder_version=\u00bb4.27.0&#8243; _module_preset=\u00bbdefault\u00bb border_width_bottom=\u00bb1px\u00bb border_color_bottom=\u00bb#cd222a\u00bb global_colors_info=\u00bb{}\u00bb][et_pb_row _builder_version=\u00bb4.23.1&#8243; _module_preset=\u00bbdefault\u00bb global_colors_info=\u00bb{}\u00bb][et_pb_column type=\u00bb4_4&#8243; _builder_version=\u00bb4.23.1&#8243; _module_preset=\u00bbdefault\u00bb global_colors_info=\u00bb{}\u00bb][et_pb_text _builder_version=\u00bb4.27.2&#8243; _module_preset=\u00bbdefault\u00bb text_font_size=\u00bb30px\u00bb header_2_font=\u00bb|600|||||||\u00bb header_2_text_align=\u00bbcenter\u00bb header_2_text_color=\u00bb#555555&#8243; header_2_font_size=\u00bb30px\u00bb header_2_line_height=\u00bb1.54em\u00bb global_colors_info=\u00bb{}\u00bb]<\/p>\n<h2>El equipo de cupones de AVGS como socio para su futuro profesional<\/h2>\n<p>[\/et_pb_text][et_pb_text module_class=\u00bbnormal-p\u00bb _builder_version=\u00bb4.27.2&#8243; _module_preset=\u00bbdefault\u00bb custom_padding=\u00bb||0px|||\u00bb global_colors_info=\u00bb{}\u00bb]Adem\u00e1s de los servicios de reorientaci\u00f3n profesional y creaci\u00f3n de empresas que ofrece AVGS, tambi\u00e9n ofrecemos otros servicios de coaching, como formaci\u00f3n para la aplicaci\u00f3n de la ley, coaching para el inicio de una carrera profesional o asesoramiento sobre marketing online. Nuestro compromiso es ofrecerle servicios de alta calidad con una relevancia pr\u00e1ctica directa. Puede obtener m\u00e1s informaci\u00f3n sobre nuestra empresa y nuestra cartera de servicios en<br \/>\n<a href=\"https:\/\/www.beratungsgesellschaft-willkomm.de\/\" target=\"_blank\" rel=\"noopener\">https:\/\/www.beratungsgesellschaft-willkomm.de\/<\/a>[\/et_pb_text][\/et_pb_column][\/et_pb_row][\/et_pb_section][et_pb_section fb_built=\u00bb1&#8243; _builder_version=\u00bb4.25.1&#8243; _module_preset=\u00bbdefault\u00bb background_color=\u00bb#FFFFFF\u00bb saved_tabs=\u00bball\u00bb global_colors_info=\u00bb{}\u00bb][et_pb_row _builder_version=\u00bb4.23.1&#8243; _module_preset=\u00bbdefault\u00bb max_width=\u00bb900px\u00bb custom_padding=\u00bb50px||||false|false\u00bb custom_css_main_element=\u00bbmax-width:900px!important;\u00bb global_colors_info=\u00bb{}\u00bb][et_pb_column type=\u00bb4_4&#8243; _builder_version=\u00bb4.23.1&#8243; _module_preset=\u00bbdefault\u00bb global_colors_info=\u00bb{}\u00bb][et_pb_text module_class=\u00bbred-font avgs-h2&#8243; _builder_version=\u00bb4.27.2&#8243; _module_preset=\u00bbdefault\u00bb header_2_font=\u00bb|700|||||||\u00bb header_2_text_align=\u00bbcenter\u00bb header_2_text_color=\u00bb#cd222a\u00bb global_colors_info=\u00bb{}\u00bb]<\/p>\n<h2 class=\"gray-font\">Rese\u00f1as y testimonios de Google<\/h2>\n<p>[\/et_pb_text][et_pb_code _builder_version=\u00bb4.25.1&#8243; _module_preset=\u00bbdefault\u00bb global_colors_info=\u00bb{}\u00bb]<!-- Trustindex Script Placeholder --><!-- [et_pb_line_break_holder] --><script type=\"text\/plain\" data-usercentrics=\"Trustindex\" src=\"https:\/\/cdn.trustindex.io\/loader.js?729b4fa33bc890809846eb1ef5f\"><\/script>[\/et_pb_code][et_pb_text _builder_version=\u00bb4.27.2&#8243; _module_preset=\u00bbdefault\u00bb text_font_size=\u00bb20px\u00bb link_text_color=\u00bb#cd222a\u00bb link_font_size=\u00bb20px\u00bb text_orientation=\u00bbcenter\u00bb global_colors_info=\u00bb{}\u00bb]Lea nuestras rese\u00f1as en\u00a0<\/span><a target=\"_blank\" href=\"https:\/\/g.co\/kgs\/PTBt4uz\" rel=\"noopener noreferrer\">https:\/\/g.co\/kgs\/PTBt4uz<\/a><span>.<\/span>[\/et_pb_text][et_pb_slider show_arrows=\u00bboff\u00bb dot_nav_custom_color=\u00bb#cd222a\u00bb disabled_on=\u00bbon|on|on\u00bb module_class=\u00bbtestimonials\u00bb _builder_version=\u00bb4.23.1&#8243; _module_preset=\u00bbdefault\u00bb header_font_size=\u00bb20px\u00bb background_color=\u00bb#e0e0e0&#8243; auto=\u00bbon\u00bb custom_css_slide_image=\u00bbwidth:130px!important;\u00bb border_radii=\u00bbon|5px|5px|5px|5px\u00bb box_shadow_style=\u00bbpreset1&#8243; box_shadow_vertical=\u00bb0px\u00bb box_shadow_blur=\u00bb3px\u00bb box_shadow_color=\u00bbrgba(205,34,42,0.5)\u00bb disabled=\u00bbon\u00bb global_colors_info=\u00bb{}\u00bb][et_pb_slide button_link=\u00bbhttps:\/\/g.co\/kgs\/fafa6G\u00bb url_new_window=\u00bbon\u00bb image=\u00bbhttps:\/\/avgs-gutschein.de\/wp-content\/uploads\/2023\/11\/testimonials_prof_pic_SV_1.webp\u00bb _builder_version=\u00bb4.23.1&#8243; _module_preset=\u00bbdefault\u00bb header_text_color=\u00bb#555555&#8243; body_text_color=\u00bb#555555&#8243; background_color=\u00bb#f5f5f5&#8243; background_enable_color=\u00bbon\u00bb link_option_url=\u00bbhttps:\/\/g.co\/kgs\/fafa6G\u00bb link_option_url_new_window=\u00bbon\u00bb global_colors_info=\u00bb{}\u00bb sticky_transition=\u00bbon\u00bb]<\/p>\n<p>Ich habe in der Gr\u00fcndungsberatung in L\u00fcneburg bei Frau Witt wahnsinnig viel gelernt und es hat sich f\u00fcr mich absolut gelohnt sie wahrzunehmen. Die Beratung hat neben den erwarteten Dingen auch viele kleine Details beinhaltet, auf die ich von alleine nie gekommen w\u00e4re und ganz nebenbei hat sie auch noch richtig Spa\u00df gemacht. Die Atmosph\u00e4re war angenehm entspannt. Durch Frau Witt f\u00fchle ich mich jetzt richtig gut aufgestellt f\u00fcr den Start in meine Selbst\u00e4ndigkeit.<\/p>\n<p class=\"test_name\">Sunny Vivi<\/p>\n<p>[\/et_pb_slide][et_pb_slide button_link=\u00bbhttps:\/\/g.co\/kgs\/fafa6G\u00bb url_new_window=\u00bbon\u00bb image=\u00bbhttps:\/\/avgs-gutschein.de\/wp-content\/uploads\/2023\/11\/testimonials_prof_pic_AP_1.webp\u00bb _builder_version=\u00bb4.23.1&#8243; _module_preset=\u00bbdefault\u00bb header_text_color=\u00bb#555555&#8243; body_text_color=\u00bb#555555&#8243; background_color=\u00bb#f5f5f5&#8243; background_enable_color=\u00bbon\u00bb link_option_url=\u00bbhttps:\/\/g.co\/kgs\/fafa6G\u00bb link_option_url_new_window=\u00bbon\u00bb custom_css_slide_image=\u00bbwidth:150px;\u00bb global_colors_info=\u00bb{}\u00bb sticky_transition=\u00bbon\u00bb]<\/p>\n<p>Das waren wirklich zielf\u00fchrende mich absolut weiterbringende Gespr\u00e4che, die ich mit Herrn Thomas f\u00fchren durfte. Kompetenz, Einf\u00fchlungsverm\u00f6gen und praxisnahe Ratschl\u00e4ge zeigten mir neue Wege und Perspektiven. Daf\u00fcr Danke, Respekt und uneingeschr\u00e4nkte Weiterempfehlung.<\/p>\n<p class=\"test_name\">achim preissler<\/p>\n<p>[\/et_pb_slide][et_pb_slide button_link=\u00bbhttps:\/\/g.co\/kgs\/fafa6G\u00bb url_new_window=\u00bbon\u00bb image=\u00bbhttps:\/\/avgs-gutschein.de\/wp-content\/uploads\/2023\/11\/testimonials_prof_pic_BW_1.webp\u00bb _builder_version=\u00bb4.23.1&#8243; _module_preset=\u00bbdefault\u00bb header_text_color=\u00bb#555555&#8243; body_text_color=\u00bb#555555&#8243; background_color=\u00bb#f5f5f5&#8243; background_enable_color=\u00bbon\u00bb link_option_url=\u00bbhttps:\/\/g.co\/kgs\/fafa6G\u00bb link_option_url_new_window=\u00bbon\u00bb custom_css_slide_image=\u00bbwidth:150px;\u00bb global_colors_info=\u00bb{}\u00bb sticky_transition=\u00bbon\u00bb]<\/p>\n<p>Das Gr\u00fcndungsberatung mit Frau Witt hat mich in Bezug auf meine bevorstehende Selbstst\u00e4ndigkeit in vielerlei Hinsicht sehr gut vorbereitet. Ich habe viele gute Hinweise f\u00fcr die Zeit vor, w\u00e4hrend und nach der Gr\u00fcndung erhalten. Kompetent, zielgerichtet und mental unglaublich flexibel &#8211; danke f\u00fcr diese Erfahrung!<\/p>\n<p class=\"test_name\">Britta Wagner<\/p>\n<p>[\/et_pb_slide][et_pb_slide button_link=\u00bbhttps:\/\/g.co\/kgs\/fafa6G\u00bb url_new_window=\u00bbon\u00bb image=\u00bbhttps:\/\/avgs-gutschein.de\/wp-content\/uploads\/2023\/11\/testimonials_prof_pic_TS_1.webp\u00bb _builder_version=\u00bb4.23.1&#8243; _module_preset=\u00bbdefault\u00bb header_text_color=\u00bb#555555&#8243; body_text_color=\u00bb#555555&#8243; background_color=\u00bb#f5f5f5&#8243; background_enable_color=\u00bbon\u00bb link_option_url=\u00bbhttps:\/\/g.co\/kgs\/fafa6G\u00bb link_option_url_new_window=\u00bbon\u00bb custom_css_slide_image=\u00bbwidth:150px;\u00bb global_colors_info=\u00bb{}\u00bb sticky_transition=\u00bbon\u00bb]<\/p>\n<p>Mit Frau Dr. Julia Harm sitzt genau die richtige Person an einer entscheidenden Stelle. Vielen Dank f\u00fcr die netten, pers\u00f6nlichen und informativen Gespr\u00e4che auf Augenh\u00f6he und dem gemeinsamen Entwickeln einer Idee, sowie einen passenden Fahrplan f\u00fcr dessen Umsetzung. Mit sehr guten fachlichen Ratschl\u00e4gen, n\u00fctzlichen Hinweisen und fundierten Antworten auf entstandene Fragen w\u00e4hrend des Gr\u00fcnder-Coachings, bin ich nun sehr gut f\u00fcr meine Gr\u00fcndung vorbereitet. Sehr empfehlenswert.<\/p>\n<p class=\"test_name\">Tobias Stenzel<\/p>\n<p>[\/et_pb_slide][et_pb_slide button_link=\u00bbhttps:\/\/g.co\/kgs\/fafa6G\u00bb url_new_window=\u00bbon\u00bb image=\u00bbhttps:\/\/avgs-gutschein.de\/wp-content\/uploads\/2023\/11\/testimonials_prof_pic_AF_1.webp\u00bb _builder_version=\u00bb4.23.1&#8243; _module_preset=\u00bbdefault\u00bb header_text_color=\u00bb#555555&#8243; body_text_color=\u00bb#555555&#8243; background_color=\u00bb#f5f5f5&#8243; background_enable_color=\u00bbon\u00bb link_option_url=\u00bbhttps:\/\/g.co\/kgs\/fafa6G\u00bb link_option_url_new_window=\u00bbon\u00bb custom_css_slide_image=\u00bbwidth:150px;\u00bb global_colors_info=\u00bb{}\u00bb sticky_transition=\u00bbon\u00bb]<\/p>\n<p>Ich befinde mich gerade in einer Zeit mit vielen Ver\u00e4nderungen. Das Coaching mit Frau Daniels hat mir sehr viel Mut und Selbstvertrauen gegeben. Genau das, was ich brauche. Ich durfte viel Neues lernen und f\u00fchle mich bereit, f\u00fcr alles was nun kommt! Ein riesengro\u00dfes Dankesch\u00f6n, Bettina Daniels \ud83d\ude0a<\/p>\n<p class=\"test_name\">Antje Finnern<\/p>\n<p>[\/et_pb_slide][\/et_pb_slider][\/et_pb_column][\/et_pb_row][\/et_pb_section]<\/p>\n","protected":false},"excerpt":{"rendered":"<p>Nuestro equipo de coaching AVGS en Munich Das qualifizierte Team f\u00fcr Ihre berufliche Ver\u00e4nderung oder Firmengr\u00fcndungIn M\u00fcnchen und Bayern bieten wir unsere AVGS-Coachings zu beruflicher Orientierung und Existenzgr\u00fcndungsberatung aktuell ausschlie\u00dflich im Online-Format an.\u00a0 In unserem Team von mehr als 50 erfahrenen Online-Coaches finden auch Sie sicherlich den passenden Ansprechpartner f\u00fcr Ihr Vorhaben. Vereinbaren Sie gern [&hellip;]<\/p>\n","protected":false},"author":1,"featured_media":0,"parent":5908,"menu_order":0,"comment_status":"closed","ping_status":"closed","template":"","meta":{"_et_pb_use_builder":"on","_et_pb_old_content":"","_et_gb_content_width":"","footnotes":""},"class_list":["post-6323","page","type-page","status-publish","hentry"],"yoast_head":"<!-- This site is optimized with the Yoast SEO plugin v26.0 - https:\/\/yoast.com\/wordpress\/plugins\/seo\/ -->\n<title>AVGS Coaching M\u00fcnchen: Wagen Sie den berufl. Neustart!<\/title>\n<meta name=\"description\" content=\"Erhalten Sie Klarheit durch ein professionelles AVGS Coaching in M\u00fcnchen! Unsere erfahrenen AVGS Jobcoaches unterst\u00fctzen Sie kompetent, pers\u00f6nlich und werteorientiert.\" \/>\n<meta name=\"robots\" content=\"index, follow, max-snippet:-1, max-image-preview:large, max-video-preview:-1\" \/>\n<link rel=\"canonical\" href=\"https:\/\/avgs-gutschein.de\/es\/nuestros-oficinas-avgs\/muenchen\/\" \/>\n<meta property=\"og:locale\" content=\"es_ES\" \/>\n<meta property=\"og:type\" content=\"article\" \/>\n<meta property=\"og:title\" content=\"AVGS Coaching M\u00fcnchen: Wagen Sie den berufl. Neustart!\" \/>\n<meta property=\"og:description\" content=\"Erhalten Sie Klarheit durch ein professionelles AVGS Coaching in M\u00fcnchen! Unsere erfahrenen AVGS Jobcoaches unterst\u00fctzen Sie kompetent, pers\u00f6nlich und werteorientiert.\" \/>\n<meta property=\"og:url\" content=\"https:\/\/avgs-gutschein.de\/es\/nuestros-oficinas-avgs\/muenchen\/\" \/>\n<meta property=\"og:site_name\" content=\"AVGS Gutschein\" \/>\n<meta property=\"article:modified_time\" content=\"2025-05-20T05:23:01+00:00\" \/>\n<meta name=\"twitter:card\" content=\"summary_large_image\" \/>\n<meta name=\"twitter:label1\" content=\"Tiempo de lectura\" \/>\n\t<meta name=\"twitter:data1\" content=\"11 minutos\" \/>\n<script type=\"application\/ld+json\" class=\"yoast-schema-graph\">{\"@context\":\"https:\/\/schema.org\",\"@graph\":[{\"@type\":\"WebPage\",\"@id\":\"https:\/\/avgs-gutschein.de\/es\/nuestros-oficinas-avgs\/muenchen\/\",\"url\":\"https:\/\/avgs-gutschein.de\/es\/nuestros-oficinas-avgs\/muenchen\/\",\"name\":\"AVGS Coaching M\u00fcnchen: Wagen Sie den berufl. Neustart!\",\"isPartOf\":{\"@id\":\"https:\/\/avgs-gutschein.de\/es\/#website\"},\"datePublished\":\"2024-01-17T02:44:32+00:00\",\"dateModified\":\"2025-05-20T05:23:01+00:00\",\"description\":\"Erhalten Sie Klarheit durch ein professionelles AVGS Coaching in M\u00fcnchen! Unsere erfahrenen AVGS Jobcoaches unterst\u00fctzen Sie kompetent, pers\u00f6nlich und werteorientiert.\",\"breadcrumb\":{\"@id\":\"https:\/\/avgs-gutschein.de\/es\/nuestros-oficinas-avgs\/muenchen\/#breadcrumb\"},\"inLanguage\":\"es\",\"potentialAction\":[{\"@type\":\"ReadAction\",\"target\":[\"https:\/\/avgs-gutschein.de\/es\/nuestros-oficinas-avgs\/muenchen\/\"]}]},{\"@type\":\"BreadcrumbList\",\"@id\":\"https:\/\/avgs-gutschein.de\/es\/nuestros-oficinas-avgs\/muenchen\/#breadcrumb\",\"itemListElement\":[{\"@type\":\"ListItem\",\"position\":1,\"name\":\"Startseite\",\"item\":\"https:\/\/avgs-gutschein.de\/es\/\"},{\"@type\":\"ListItem\",\"position\":2,\"name\":\"Nuestras oficinas AVGS\",\"item\":\"https:\/\/avgs-gutschein.de\/es\/unsere-avgs-bueros\/\"},{\"@type\":\"ListItem\",\"position\":3,\"name\":\"M\u00fcnchen\"}]},{\"@type\":\"WebSite\",\"@id\":\"https:\/\/avgs-gutschein.de\/es\/#website\",\"url\":\"https:\/\/avgs-gutschein.de\/es\/\",\"name\":\"AVGS Gutschein\",\"description\":\"\",\"potentialAction\":[{\"@type\":\"SearchAction\",\"target\":{\"@type\":\"EntryPoint\",\"urlTemplate\":\"https:\/\/avgs-gutschein.de\/es\/?s={search_term_string}\"},\"query-input\":{\"@type\":\"PropertyValueSpecification\",\"valueRequired\":true,\"valueName\":\"search_term_string\"}}],\"inLanguage\":\"es\"}]}<\/script>\n<!-- \/ Yoast SEO plugin. -->","yoast_head_json":{"title":"AVGS Coaching M\u00fcnchen: Wagen Sie den berufl. Neustart!","description":"Erhalten Sie Klarheit durch ein professionelles AVGS Coaching in M\u00fcnchen! Unsere erfahrenen AVGS Jobcoaches unterst\u00fctzen Sie kompetent, pers\u00f6nlich und werteorientiert.","robots":{"index":"index","follow":"follow","max-snippet":"max-snippet:-1","max-image-preview":"max-image-preview:large","max-video-preview":"max-video-preview:-1"},"canonical":"https:\/\/avgs-gutschein.de\/es\/nuestros-oficinas-avgs\/muenchen\/","og_locale":"es_ES","og_type":"article","og_title":"AVGS Coaching M\u00fcnchen: Wagen Sie den berufl. Neustart!","og_description":"Erhalten Sie Klarheit durch ein professionelles AVGS Coaching in M\u00fcnchen! Unsere erfahrenen AVGS Jobcoaches unterst\u00fctzen Sie kompetent, pers\u00f6nlich und werteorientiert.","og_url":"https:\/\/avgs-gutschein.de\/es\/nuestros-oficinas-avgs\/muenchen\/","og_site_name":"AVGS Gutschein","article_modified_time":"2025-05-20T05:23:01+00:00","twitter_card":"summary_large_image","twitter_misc":{"Tiempo de lectura":"11 minutos"},"schema":{"@context":"https:\/\/schema.org","@graph":[{"@type":"WebPage","@id":"https:\/\/avgs-gutschein.de\/es\/nuestros-oficinas-avgs\/muenchen\/","url":"https:\/\/avgs-gutschein.de\/es\/nuestros-oficinas-avgs\/muenchen\/","name":"AVGS Coaching M\u00fcnchen: Wagen Sie den berufl. Neustart!","isPartOf":{"@id":"https:\/\/avgs-gutschein.de\/es\/#website"},"datePublished":"2024-01-17T02:44:32+00:00","dateModified":"2025-05-20T05:23:01+00:00","description":"Erhalten Sie Klarheit durch ein professionelles AVGS Coaching in M\u00fcnchen! Unsere erfahrenen AVGS Jobcoaches unterst\u00fctzen Sie kompetent, pers\u00f6nlich und werteorientiert.","breadcrumb":{"@id":"https:\/\/avgs-gutschein.de\/es\/nuestros-oficinas-avgs\/muenchen\/#breadcrumb"},"inLanguage":"es","potentialAction":[{"@type":"ReadAction","target":["https:\/\/avgs-gutschein.de\/es\/nuestros-oficinas-avgs\/muenchen\/"]}]},{"@type":"BreadcrumbList","@id":"https:\/\/avgs-gutschein.de\/es\/nuestros-oficinas-avgs\/muenchen\/#breadcrumb","itemListElement":[{"@type":"ListItem","position":1,"name":"Startseite","item":"https:\/\/avgs-gutschein.de\/es\/"},{"@type":"ListItem","position":2,"name":"Nuestras oficinas AVGS","item":"https:\/\/avgs-gutschein.de\/es\/unsere-avgs-bueros\/"},{"@type":"ListItem","position":3,"name":"M\u00fcnchen"}]},{"@type":"WebSite","@id":"https:\/\/avgs-gutschein.de\/es\/#website","url":"https:\/\/avgs-gutschein.de\/es\/","name":"AVGS Gutschein","description":"","potentialAction":[{"@type":"SearchAction","target":{"@type":"EntryPoint","urlTemplate":"https:\/\/avgs-gutschein.de\/es\/?s={search_term_string}"},"query-input":{"@type":"PropertyValueSpecification","valueRequired":true,"valueName":"search_term_string"}}],"inLanguage":"es"}]}},"_links":{"self":[{"href":"https:\/\/avgs-gutschein.de\/es\/wp-json\/wp\/v2\/pages\/6323","targetHints":{"allow":["GET"]}}],"collection":[{"href":"https:\/\/avgs-gutschein.de\/es\/wp-json\/wp\/v2\/pages"}],"about":[{"href":"https:\/\/avgs-gutschein.de\/es\/wp-json\/wp\/v2\/types\/page"}],"author":[{"embeddable":true,"href":"https:\/\/avgs-gutschein.de\/es\/wp-json\/wp\/v2\/users\/1"}],"replies":[{"embeddable":true,"href":"https:\/\/avgs-gutschein.de\/es\/wp-json\/wp\/v2\/comments?post=6323"}],"version-history":[{"count":6,"href":"https:\/\/avgs-gutschein.de\/es\/wp-json\/wp\/v2\/pages\/6323\/revisions"}],"predecessor-version":[{"id":7560,"href":"https:\/\/avgs-gutschein.de\/es\/wp-json\/wp\/v2\/pages\/6323\/revisions\/7560"}],"up":[{"embeddable":true,"href":"https:\/\/avgs-gutschein.de\/es\/wp-json\/wp\/v2\/pages\/5908"}],"wp:attachment":[{"href":"https:\/\/avgs-gutschein.de\/es\/wp-json\/wp\/v2\/media?parent=6323"}],"curies":[{"name":"wp","href":"https:\/\/api.w.org\/{rel}","templated":true}]}}