{"id":6218,"date":"2024-01-17T03:14:00","date_gmt":"2024-01-17T02:14:00","guid":{"rendered":"https:\/\/avgs-gutschein.de\/nuestros-oficinas-avgs\/soltau\/"},"modified":"2025-10-16T11:44:39","modified_gmt":"2025-10-16T09:44:39","slug":"soltau","status":"publish","type":"page","link":"https:\/\/avgs-gutschein.de\/es\/nuestros-oficinas-avgs\/soltau\/","title":{"rendered":"Soltau"},"content":{"rendered":"<p>[et_pb_section fb_built=\u00bb1&#8243; _builder_version=\u00bb4.23.4&#8243; _module_preset=\u00bbdefault\u00bb use_background_color_gradient=\u00bbon\u00bb background_color_gradient_stops=\u00bbrgba(255,255,255,0) 0%|rgba(255,255,255,0.71) 50%\u00bb background_color_gradient_overlays_image=\u00bbon\u00bb background_image=\u00bbhttps:\/\/avgs-gutschein.de\/wp-content\/uploads\/2024\/01\/Header_Soltau.webp\u00bb custom_padding=\u00bb18vw||13.5vw||false|false\u00bb global_colors_info=\u00bb{}\u00bb background__hover_enabled=\u00bboff|desktop\u00bb][et_pb_row _builder_version=\u00bb4.23.1&#8243; _module_preset=\u00bbdefault\u00bb global_colors_info=\u00bb{}\u00bb][et_pb_column type=\u00bb4_4&#8243; _builder_version=\u00bb4.23.1&#8243; _module_preset=\u00bbdefault\u00bb global_colors_info=\u00bb{}\u00bb][et_pb_text module_class=\u00bbavgs-font \u00bb _builder_version=\u00bb4.27.2&#8243; _module_preset=\u00bbdefault\u00bb text_font_size=\u00bb50px\u00bb header_font=\u00bb|800|||||||\u00bb header_text_align=\u00bbcenter\u00bb header_font_size=\u00bb45px\u00bb global_colors_info=\u00bb{}\u00bb]<\/p>\n<h1 class=\"gray-font\">Nuestro equipo de coaching A<span class=\"red-font\">V<\/span>GS en <span class=\"red-font\"> Soltau<br \/>\n<\/span><\/h1>\n<p>[\/et_pb_text][et_pb_button button_url=\u00bb\/unsere-coaches\u00bb button_text=\u00bb Finden Sie Ihren AVGS-Coach\u00bb button_alignment=\u00bbcenter\u00bb disabled_on=\u00bbon|on|on\u00bb _builder_version=\u00bb4.24.0&#8243; _module_preset=\u00bbdefault\u00bb custom_button=\u00bbon\u00bb button_text_color=\u00bb#FFFFFF\u00bb button_bg_color=\u00bb#cf222a\u00bb button_border_width=\u00bb0px\u00bb disabled=\u00bbon\u00bb global_colors_info=\u00bb{}\u00bb][\/et_pb_button][\/et_pb_column][\/et_pb_row][\/et_pb_section][et_pb_section fb_built=\u00bb1&#8243; _builder_version=\u00bb4.23.1&#8243; _module_preset=\u00bbdefault\u00bb global_colors_info=\u00bb{}\u00bb][et_pb_row _builder_version=\u00bb4.23.1&#8243; _module_preset=\u00bbdefault\u00bb global_colors_info=\u00bb{}\u00bb][et_pb_column type=\u00bb4_4&#8243; _builder_version=\u00bb4.23.1&#8243; _module_preset=\u00bbdefault\u00bb global_colors_info=\u00bb{}\u00bb][et_pb_text _builder_version=\u00bb4.27.2&#8243; _module_preset=\u00bbdefault\u00bb text_font_size=\u00bb30px\u00bb header_2_font=\u00bb|600|||||||\u00bb header_2_text_align=\u00bbcenter\u00bb header_2_text_color=\u00bb#555555&#8243; header_2_font_size=\u00bb30px\u00bb header_2_line_height=\u00bb1.54em\u00bb global_colors_info=\u00bb{}\u00bb]<\/p>\n<h2>El equipo cualificado para tu cambio de carrera o inicio de negocio<\/h2>\n<p>[\/et_pb_text][et_pb_text module_class=\u00bbnormal-p\u00bb _builder_version=\u00bb4.27.2&#8243; _module_preset=\u00bbdefault\u00bb global_colors_info=\u00bb{}\u00bb]Nuestra oficina en Soltau, al sur de L\u00fcneburger Heide, se encuentra en Scheibenstra\u00dfe 23. Nuestro equipo de asesores laborales y consultores de empresas emergentes de AVGS con experiencia le ofrece asesoramiento para la orientaci\u00f3n profesional y la creaci\u00f3n de empresas, tanto in situ como en l\u00ednea o de forma h\u00edbrida.<\/p>\n<p>Como socio de larga data de la agencia de empleo y de las oficinas de empleo, podemos ofrecer a nuestros clientes de Soltau y de los distritos y municipios circundantes (Bispingen, Schneverdingen, Munster, Verden\/Aller, Wietzendorf, Amelinghausen, Visselh\u00f6vede, etc.) todo el asesoramiento y el asesoramiento de un asesor de AVGS de forma gratuita.<\/p>\n<p>Inf\u00f3rmese sobre los pr\u00f3ximos pasos en una primera consulta gratuita. Nuestro equipo en Soltau est\u00e1 encantado de conocerle.[\/et_pb_text][et_pb_code _builder_version=\u00bb4.27.4&#8243; _module_preset=\u00bbdefault\u00bb hover_enabled=\u00bb0&#8243; global_colors_info=\u00bb{}\u00bb sticky_enabled=\u00bb0&#8243;]<\/p>\n<div class=\"card-list-container two-columns-2\"><!-- [et_pb_line_break_holder] -->  <!-- Sandra Conrad--><!-- [et_pb_line_break_holder] -->  <\/p>\n<div class=\"card-list item produkt-jobcoaching produkt-gruendungsberatung sprache-deutsch standort-soltau themenschwerpunkte-bewerbungstraining themenschwerpunkte-stellenrecherche themenschwerpunkte-vorstellungsgespraeche themenschwerpunkte-businessplanerstellung branchenschwerpunkte-beratung branchenschwerpunkte-dienstleistungen branchenschwerpunkte-gastronomie branchenschwerpunkte-pflege \"><!-- [et_pb_line_break_holder] -->   <\/p>\n<div class=\"card-front\" ><!-- [et_pb_line_break_holder] -->       <\/p>\n<div class=\"cntnt\"><!-- [et_pb_line_break_holder] -->           <img decoding=\"async\" src=\"\/wp-content\/uploads\/2025\/10\/Sandra_Conrad_profile_image_updated.webp\"><!-- [et_pb_line_break_holder] -->           <\/p>\n<div class=\"coach-card\"><!-- [et_pb_line_break_holder] -->               <\/p>\n<h2>Sandra Conrad<\/h2>\n<p><!-- [et_pb_line_break_holder] -->               <\/p>\n<div class=\"coach-desc\"><!-- [et_pb_line_break_holder] -->                   <\/p>\n<div class=\"standort\"><b>Oficina:<\/b> Presencia en: Soltau<\/div>\n<p><!-- [et_pb_line_break_holder] -->                   <\/p>\n<hr>\n<p><!-- [et_pb_line_break_holder] -->                   <\/p>\n<div class=\"specialty\"><b>Producto:<\/b>   Entrenamiento laboral, asesoramiento para la puesta en marcha.<\/div>\n<p><!-- [et_pb_line_break_holder] -->                   <\/p>\n<hr>\n<p><!-- [et_pb_line_break_holder] -->                   <\/p>\n<div class=\"lang\"><b>Idioma(s) del entrenamiento:<\/b> Alem\u00e1n<\/div>\n<p><!-- [et_pb_line_break_holder] -->                   <\/p>\n<hr>\n<p><!-- [et_pb_line_break_holder] -->               <\/div>\n<p><!-- [et_pb_line_break_holder] -->               <\/p>\n<div class=\"coach-btn\"><!-- [et_pb_line_break_holder] -->                   <\/p>\n<div class=\"link-btn\">Llegar a saber<\/div>\n<p><!-- [et_pb_line_break_holder] -->               <\/div>\n<p><!-- [et_pb_line_break_holder] -->           <\/div>\n<p><!-- [et_pb_line_break_holder] -->       <\/div>\n<p><!-- [et_pb_line_break_holder] -->   <\/div>\n<p><!-- [et_pb_line_break_holder] -->   <\/p>\n<div class=\"card-back\" onclick=\"location.href='\/es\/nuestrxs-entrenadorxs\/sandra-conrad\/'\" ><!-- [et_pb_line_break_holder] -->       <\/p>\n<div class=\"cntnt\" ><!-- [et_pb_line_break_holder] -->           <\/p>\n<div><!-- [et_pb_line_break_holder] -->           <\/div>\n<p><!-- [et_pb_line_break_holder] -->           <\/p>\n<ol><!-- [et_pb_line_break_holder] -->             <\/p>\n<li><span class=\"ques\">\u00bfQu\u00e9 es lo que m\u00e1s te llena de tu trabajo?<\/span><!\u2013- [et_pb_br_holder] -\u2013><pee>Me emociono cuando el cliente descubre un punto ciego, formula una nueva idea o realmente prueba un nuevo comportamiento. O ha desarrollado claridad sobre qu\u00e9 pr\u00f3ximo paso profesional desea dar. En resumen: siempre que se produzca el desarrollo.<\/pee> <!-- [et_pb_line_break_holder] -->               <\/li>\n<p><!-- [et_pb_line_break_holder] -->             <\/p>\n<li><span class=\"ques\">\u00bfQu\u00e9 dicen tus clientes de ti?&#8230;<\/span><!\u2013- [et_pb_br_holder] -\u2013><\/li>\n<p><!-- [et_pb_line_break_holder] -->           <\/ol>\n<p><!-- [et_pb_line_break_holder] -->          <!-- \n\n<div>Mehr erfahren<\/div>\n\n--><!-- [et_pb_line_break_holder] -->           <\/p>\n<div class=\"primary-color\"><\/div>\n<p><!-- [et_pb_line_break_holder] -->           <\/p>\n<div class=\"bottom-footer\"><!-- [et_pb_line_break_holder] -->               <\/p>\n<div class=\"bottom-footer-container\"><!-- [et_pb_line_break_holder] -->                   <\/p>\n<div class=\"_col\"><!-- [et_pb_line_break_holder] -->                       <a href=\"\/es\/nuestrxs-entrenadorxs\/sandra-conrad\/\"> <span class=\"button\">al perfil<\/span><\/a><!-- [et_pb_line_break_holder] -->                   <\/div>\n<p><!-- [et_pb_line_break_holder] -->               <\/div>\n<p><!-- [et_pb_line_break_holder] -->           <\/div>\n<p><!-- [et_pb_line_break_holder] -->       <\/div>\n<p><!-- [et_pb_line_break_holder] -->   <\/div>\n<p><!-- [et_pb_line_break_holder] --> <\/div>\n<p><!-- [et_pb_line_break_holder] -->  <!-- H\u00f6lm--><!-- [et_pb_line_break_holder] --> <\/p>\n<div class=\"card-list item produkt-jobcoaching produkt-gruendungsberatung sprache-deutsch standort-online standort-lueneburg standort-soltau standort-rotenburg standort-buchholz standort-muenchen standort-frankfurt standort-hannover themenschwerpunkte-bewerbungstraining themenschwerpunkte-stellenrecherche themenschwerpunkte-berufsorientierung themenschwerpunkte-vorstellungsgespraeche themenschwerpunkte-persoenliche-positionierung themenschwerpunkte-businessplanerstellung themenschwerpunkte-strategie themenschwerpunkte-finanzplanung themenschwerpunkte-digitales-marketing themenschwerpunkte-rechtsfragen branchenschwerpunkte-beratung branchenschwerpunkte-dienstleistungen branchenschwerpunkte-energie branchenschwerpunkte-event branchenschwerpunkte-gastronomie branchenschwerpunkte-pflege branchenschwerpunkte-handel branchenschwerpunkte-handwerk branchenschwerpunkte-design branchenschwerpunkte-kommunikation branchenschwerpunkte-ngos branchenschwerpunkte-fitness 4\"><!-- [et_pb_line_break_holder] --> <\/p>\n<div class=\"card-front\" ><!-- [et_pb_line_break_holder] -->    <\/p>\n<div class=\"cntnt\"><!-- [et_pb_line_break_holder] -->        <img decoding=\"async\" src=\"\/wp-content\/uploads\/2024\/01\/Bjoern_Holm_profile_pic.webp\"><!-- [et_pb_line_break_holder] -->        <\/p>\n<div class=\"coach-card\"><!-- [et_pb_line_break_holder] -->            <\/p>\n<h2>Bjorn Holm<\/h2>\n<p><!-- [et_pb_line_break_holder] -->            <\/p>\n<div class=\"coach-desc\"><!-- [et_pb_line_break_holder] -->                <\/p>\n<div class=\"standort\"><b>Oficina:<\/b> Presencia en: L\u00fcneburg, Rotenburg, Soltau, Buchholz, online en toda Alemania<\/div>\n<p><!-- [et_pb_line_break_holder] -->                <\/p>\n<hr>\n<p><!-- [et_pb_line_break_holder] -->                <\/p>\n<div class=\"specialty\"><b>Producto:<\/b> Entrenamiento laboral, asesoramiento para la puesta en marcha.<\/div>\n<p><!-- [et_pb_line_break_holder] -->                <\/p>\n<hr>\n<p><!-- [et_pb_line_break_holder] -->                <\/p>\n<div class=\"lang\"><b>Idioma(s) del entrenamiento:<\/b> Alem\u00e1n<\/div>\n<p><!-- [et_pb_line_break_holder] -->                <\/p>\n<hr>\n<p><!-- [et_pb_line_break_holder] -->            <\/div>\n<p><!-- [et_pb_line_break_holder] -->            <\/p>\n<div class=\"coach-btn\"><!-- [et_pb_line_break_holder] -->                <\/p>\n<div class=\"link-btn\">Llegar a saber<\/div>\n<p><!-- [et_pb_line_break_holder] -->            <\/div>\n<p><!-- [et_pb_line_break_holder] -->        <\/div>\n<p><!-- [et_pb_line_break_holder] -->    <\/div>\n<p><!-- [et_pb_line_break_holder] --> <\/div>\n<p><!-- [et_pb_line_break_holder] --> <\/p>\n<div class=\"card-back\" onclick=\"location.href='\/es\/nuestrxs-entrenadorxs\/bjoern-holm\/'\" ><!-- [et_pb_line_break_holder] -->    <\/p>\n<div class=\"cntnt\" ><!-- [et_pb_line_break_holder] -->        <\/p>\n<div><!-- [et_pb_line_break_holder] -->        <\/div>\n<p><!-- [et_pb_line_break_holder] -->        <\/p>\n<ol><!-- [et_pb_line_break_holder] -->          <\/p>\n<li><span class=\"ques\">\u00bfQu\u00e9 te califica como entrenador\/formador?<\/span><!\u2013- [et_pb_br_holder] -\u2013><pee>\u00bfQu\u00e9 me califica? \u00a1Mi entusiasmo por la gente! Este entusiasmo me impulsa a acompa\u00f1ar y apoyar a las personas en su desarrollo personal y profesional. Siempre tengo curiosidad por los desaf\u00edos y necesidades individuales de cada persona y trabajo con usted para desarrollar soluciones a medida basadas en su potencial y talentos, as\u00ed como en sus rincones y ventajas.<\/pee> <!-- [et_pb_line_break_holder] -->          <pee>Como coach profesional, soy coach sist\u00e9mico y coach empresarial, certificado seg\u00fan DVBC, IOBC &#038; FCG. Adem\u00e1s, siempre puedo aprovechar mi trayectoria como directivo y ejecutivo en diversas empresas as\u00ed como mis estudios en administraci\u00f3n t\u00e9cnica de empresas.<\/pee> <!-- [et_pb_line_break_holder] -->            <\/li>\n<p><!-- [et_pb_line_break_holder] -->          <\/p>\n<li><span class=\"ques\">\u00bfQu\u00e9 es lo que m\u00e1s te llena de tu trabajo?&#8230;<\/span><!\u2013- [et_pb_br_holder] -\u2013><\/li>\n<p>   <!-- [et_pb_line_break_holder] -->        <\/ol>\n<p><!-- [et_pb_line_break_holder] -->       <!-- \n\n<div>Mehr erfahren<\/div>\n\n--><!-- [et_pb_line_break_holder] -->        <\/p>\n<div class=\"primary-color\"><\/div>\n<p><!-- [et_pb_line_break_holder] -->        <\/p>\n<div class=\"bottom-footer\"><!-- [et_pb_line_break_holder] -->            <\/p>\n<div class=\"bottom-footer-container\"><!-- [et_pb_line_break_holder] -->                <\/p>\n<div class=\"_col\"><!-- [et_pb_line_break_holder] -->                    <a href=\"\/es\/nuestrxs-entrenadorxs\/bjoern-holm\/\"> <span class=\"button\">al perfil<\/span><\/a><!-- [et_pb_line_break_holder] -->                <\/div>\n<p><!-- [et_pb_line_break_holder] -->            <\/div>\n<p><!-- [et_pb_line_break_holder] -->        <\/div>\n<p><!-- [et_pb_line_break_holder] -->    <\/div>\n<p><!-- [et_pb_line_break_holder] --> <\/div>\n<p><!-- [et_pb_line_break_holder] --> <\/div>\n<p><!-- [et_pb_line_break_holder] -->  <!--Felix Zipka--><!-- [et_pb_line_break_holder] --> <\/p>\n<div class=\"card-list item produkt-jobcoaching produkt-gruendungsberatung standort-online standort-rotenburg standort-soltau sprache-deutsch sprache-englisch themenschwerpunkte-bewerbungstraining themenschwerpunkte-stellenrecherche themenschwerpunkte-berufsorientierung themenschwerpunkte-vorstellungsgespraeche themenschwerpunkte-persoenliche-positionierung themenschwerpunkte-businessplanerstellung themenschwerpunkte-strategie themenschwerpunkte-finanzplanung themenschwerpunkte-digitales-marketing themenschwerpunkte-rechtsfragen branchenschwerpunkte-beratung branchenschwerpunkte-dienstleistungen branchenschwerpunkte-energie branchenschwerpunkte-event branchenschwerpunkte-gastronomie branchenschwerpunkte-pflege branchenschwerpunkte-handel branchenschwerpunkte-handwerk branchenschwerpunkte-design branchenschwerpunkte-kultur branchenschwerpunkte-kommunikation branchenschwerpunkte-ngos branchenschwerpunkte-fitness \"><!-- [et_pb_line_break_holder] --> <\/p>\n<div class=\"card-front\" ><!-- [et_pb_line_break_holder] -->    <\/p>\n<div class=\"cntnt\"><!-- [et_pb_line_break_holder] -->        <img decoding=\"async\" src=\"\/wp-content\/uploads\/2023\/12\/Felix_Zipka_profile_img.webp\"><!-- [et_pb_line_break_holder] -->        <\/p>\n<div class=\"coach-card\"><!-- [et_pb_line_break_holder] -->            <\/p>\n<h2>Felix Zipka<\/h2>\n<p><!-- [et_pb_line_break_holder] -->            <\/p>\n<div class=\"coach-desc\"><!-- [et_pb_line_break_holder] -->                <\/p>\n<div class=\"standort\"><b>Oficina:<\/b> Presencia en: Rotenburg, Soltau, online en toda Alemania<\/div>\n<p><!-- [et_pb_line_break_holder] -->                <\/p>\n<hr>\n<p><!-- [et_pb_line_break_holder] -->                <\/p>\n<div class=\"specialty\"><b>Producto:<\/b> Entrenamiento laboral, asesoramiento para la puesta en marcha.<\/div>\n<p><!-- [et_pb_line_break_holder] -->                <\/p>\n<hr>\n<p><!-- [et_pb_line_break_holder] -->                <\/p>\n<div class=\"lang\"><b>Idioma(s) del entrenamiento:<\/b> Alem\u00e1n, Ingl\u00e9s<\/div>\n<p><!-- [et_pb_line_break_holder] -->                <\/p>\n<hr>\n<p><!-- [et_pb_line_break_holder] -->            <\/div>\n<p><!-- [et_pb_line_break_holder] -->            <\/p>\n<div class=\"coach-btn\"><!-- [et_pb_line_break_holder] -->                <\/p>\n<div class=\"link-btn\">Llegar a saber<\/div>\n<p><!-- [et_pb_line_break_holder] -->            <\/div>\n<p><!-- [et_pb_line_break_holder] -->        <\/div>\n<p><!-- [et_pb_line_break_holder] -->    <\/div>\n<p><!-- [et_pb_line_break_holder] --> <\/div>\n<p><!-- [et_pb_line_break_holder] --> <\/p>\n<div class=\"card-back\" onclick=\"location.href='\/es\/nuestrxs-entrenadorxs\/felix-zipka\/'\" ><!-- [et_pb_line_break_holder] -->    <\/p>\n<div class=\"cntnt\" ><!-- [et_pb_line_break_holder] -->        <\/p>\n<div><!-- [et_pb_line_break_holder] -->        <\/div>\n<p><!-- [et_pb_line_break_holder] -->        <\/p>\n<ol><!-- [et_pb_line_break_holder] -->          <\/p>\n<li><span class=\"ques\">\u00bfQu\u00e9 es lo que m\u00e1s te llena de tu trabajo?<\/span><!\u2013- [et_pb_br_holder] -\u2013><pee>Para ser realista, actualmente \u201cs\u00f3lo\u201d puedo hablar de lo que quiero en t\u00e9rminos de realizaci\u00f3n profesional: Mi mayor motivaci\u00f3n y deseo es apoyar a mis clientes con todas mis habilidades y conocimientos especializados para lograr el resultado \u00f3ptimo en t\u00e9rminos de consejos y poder lograr con ellos. Tambi\u00e9n me resulta muy gratificante trabajar con personas, conocer nuevas ideas y enfoques y, una vez finalizado el trabajo, tener la buena sensaci\u00f3n de haber acompa\u00f1ado a alguien en el camino hacia la consecuci\u00f3n de sus objetivos personales.<\/pee><!-- [et_pb_line_break_holder] -->            <\/li>\n<p><!-- [et_pb_line_break_holder] -->          <\/p>\n<li><span class=\"ques\">\u00bfQu\u00e9 te motiva y cu\u00e1l es tu tarea favorita como entrenador\/formador?&#8230;<\/span><!\u2013- [et_pb_br_holder] -\u2013><\/li>\n<p><!-- [et_pb_line_break_holder] -->        <\/ol>\n<p><!-- [et_pb_line_break_holder] -->       <!-- \n\n<div>Mehr erfahren<\/div>\n\n--><!-- [et_pb_line_break_holder] -->        <\/p>\n<div class=\"primary-color\"><\/div>\n<p><!-- [et_pb_line_break_holder] -->        <\/p>\n<div class=\"bottom-footer\"><!-- [et_pb_line_break_holder] -->            <\/p>\n<div class=\"bottom-footer-container\"><!-- [et_pb_line_break_holder] -->                <\/p>\n<div class=\"_col\"><!-- [et_pb_line_break_holder] -->                    <a href=\"https:\/\/avgs-gutschein.de\/es\/nuestrxs-entrenadorxs\/felix-zipka\/\"> <span class=\"button\">al perfil<\/span><\/a><!-- [et_pb_line_break_holder] -->                <\/div>\n<p><!-- [et_pb_line_break_holder] -->            <\/div>\n<p><!-- [et_pb_line_break_holder] -->        <\/div>\n<p><!-- [et_pb_line_break_holder] -->    <\/div>\n<p><!-- [et_pb_line_break_holder] --> <\/div>\n<p><!-- [et_pb_line_break_holder] --> <\/div>\n<p><!-- [et_pb_line_break_holder] --><\/div>\n<p>[\/et_pb_code][et_pb_text _builder_version=\u00bb4.27.2&#8243; _module_preset=\u00bbdefault\u00bb text_font_size=\u00bb30px\u00bb header_2_font=\u00bb|600|||||||\u00bb header_2_text_align=\u00bbcenter\u00bb header_2_text_color=\u00bb#555555&#8243; header_2_font_size=\u00bb30px\u00bb header_2_line_height=\u00bb1.54em\u00bb global_colors_info=\u00bb{}\u00bb]<\/p>\n<h2>Si no ha encontrado un entrenador, puede encontrar una descripci\u00f3n general de nuestros entrenadores en l\u00ednea en toda Alemania aqu\u00ed<\/h2>\n<p>[\/et_pb_text][et_pb_button button_url=\u00bb\/es\/nuestrxs-entrenadorxs\/\u00bb button_text=\u00bbNuestras entrenadoras en l\u00ednea AVGS\u00bb button_alignment=\u00bbcenter\u00bb _builder_version=\u00bb4.27.2&#8243; _module_preset=\u00bbdefault\u00bb custom_button=\u00bbon\u00bb button_text_color=\u00bb#FFFFFF\u00bb button_bg_color=\u00bb#cd222a\u00bb button_border_width=\u00bb0px\u00bb global_colors_info=\u00bb{}\u00bb][\/et_pb_button][\/et_pb_column][\/et_pb_row][\/et_pb_section][et_pb_section fb_built=\u00bb1&#8243; _builder_version=\u00bb4.23.4&#8243; _module_preset=\u00bbdefault\u00bb background_image=\u00bbhttps:\/\/avgs-gutschein.de\/wp-content\/uploads\/2024\/01\/Footer_Contact.webp\u00bb parallax=\u00bbon\u00bb parallax_method=\u00bboff\u00bb custom_padding=\u00bb100px||150px||false|false\u00bb global_colors_info=\u00bb{}\u00bb][et_pb_row _builder_version=\u00bb4.23.1&#8243; _module_preset=\u00bbdefault\u00bb background_color=\u00bbrgba(255,255,255,0.83)\u00bb transform_translate_linked=\u00bboff\u00bb z_index=\u00bb9&#8243; max_width=\u00bb800px\u00bb custom_padding=\u00bb||||false|false\u00bb border_radii=\u00bbon|5px|5px|5px|5px\u00bb global_colors_info=\u00bb{}\u00bb][et_pb_column type=\u00bb4_4&#8243; _builder_version=\u00bb4.23.1&#8243; _module_preset=\u00bbdefault\u00bb global_colors_info=\u00bb{}\u00bb][et_pb_blurb title=\u00bbConcierte una cita hoy para una consulta inicial gratuita\u00bb use_icon=\u00bbon\u00bb font_icon=\u00bb&#x77;||divi||400&#8243; icon_color=\u00bb#cd222a\u00bb content_max_width=\u00bb100%\u00bb module_class=\u00bbavgs-h2 gray-font\u00bb _builder_version=\u00bb4.27.2&#8243; _module_preset=\u00bbdefault\u00bb header_level=\u00bbh2&#8243; header_font=\u00bb||||||||\u00bb header_text_align=\u00bbcenter\u00bb global_colors_info=\u00bb{}\u00bb][\/et_pb_blurb][et_pb_button button_url=\u00bb@ET-DC@eyJkeW5hbWljIjp0cnVlLCJjb250ZW50IjoicG9zdF9saW5rX3VybF9wYWdlIiwic2V0dGluZ3MiOnsicG9zdF9pZCI6IjM1OCJ9fQ==@\u00bb button_text=\u00bbSolo dos clics para nosotras\u00bb button_alignment=\u00bbcenter\u00bb _builder_version=\u00bb4.27.2&#8243; _dynamic_attributes=\u00bbbutton_url\u00bb _module_preset=\u00bbdefault\u00bb custom_button=\u00bbon\u00bb button_text_color=\u00bb#cd222a\u00bb button_border_width=\u00bb1px\u00bb button_use_icon=\u00bboff\u00bb global_colors_info=\u00bb{}\u00bb][\/et_pb_button][\/et_pb_column][\/et_pb_row][\/et_pb_section][et_pb_section fb_built=\u00bb1&#8243; _builder_version=\u00bb4.27.0&#8243; _module_preset=\u00bbdefault\u00bb border_width_bottom=\u00bb1px\u00bb border_color_bottom=\u00bb#cd222a\u00bb global_colors_info=\u00bb{}\u00bb][et_pb_row _builder_version=\u00bb4.23.1&#8243; _module_preset=\u00bbdefault\u00bb global_colors_info=\u00bb{}\u00bb][et_pb_column type=\u00bb4_4&#8243; _builder_version=\u00bb4.23.1&#8243; _module_preset=\u00bbdefault\u00bb global_colors_info=\u00bb{}\u00bb][et_pb_text _builder_version=\u00bb4.27.2&#8243; _module_preset=\u00bbdefault\u00bb text_font_size=\u00bb30px\u00bb header_2_font=\u00bb|600|||||||\u00bb header_2_text_align=\u00bbcenter\u00bb header_2_text_color=\u00bb#555555&#8243; header_2_font_size=\u00bb30px\u00bb header_2_line_height=\u00bb1.54em\u00bb global_colors_info=\u00bb{}\u00bb]<\/p>\n<h2>El equipo de cupones de AVGS como socio para su futuro profesional<\/h2>\n<p>[\/et_pb_text][et_pb_text module_class=\u00bbnormal-p\u00bb _builder_version=\u00bb4.27.2&#8243; _module_preset=\u00bbdefault\u00bb global_colors_info=\u00bb{}\u00bb]Adem\u00e1s de los servicios de reorientaci\u00f3n profesional y creaci\u00f3n de empresas que ofrece AVGS, tambi\u00e9n ofrecemos otros servicios de coaching, como formaci\u00f3n para la aplicaci\u00f3n de la ley, coaching para el inicio de una carrera profesional o asesoramiento sobre marketing online. Nuestro compromiso es ofrecerle servicios de alta calidad con una relevancia pr\u00e1ctica directa. Puede obtener m\u00e1s informaci\u00f3n sobre nuestra empresa y nuestra cartera de servicios en <a href=\"https:\/\/www.beratungsgesellschaft-willkomm.de\/\" target=\"_blank\" rel=\"noopener\" style=\"font-size: 18px;\">https:\/\/www.beratungsgesellschaft-willkomm.de\/<\/a>[\/et_pb_text][\/et_pb_column][\/et_pb_row][\/et_pb_section][et_pb_section fb_built=\u00bb1&#8243; _builder_version=\u00bb4.25.1&#8243; _module_preset=\u00bbdefault\u00bb background_color=\u00bb#FFFFFF\u00bb saved_tabs=\u00bball\u00bb global_colors_info=\u00bb{}\u00bb][et_pb_row _builder_version=\u00bb4.23.1&#8243; _module_preset=\u00bbdefault\u00bb max_width=\u00bb900px\u00bb custom_padding=\u00bb50px||||false|false\u00bb custom_css_main_element=\u00bbmax-width:900px!important;\u00bb global_colors_info=\u00bb{}\u00bb][et_pb_column type=\u00bb4_4&#8243; _builder_version=\u00bb4.23.1&#8243; _module_preset=\u00bbdefault\u00bb global_colors_info=\u00bb{}\u00bb][et_pb_text module_class=\u00bbred-font avgs-h2&#8243; _builder_version=\u00bb4.27.2&#8243; _module_preset=\u00bbdefault\u00bb header_2_font=\u00bb|700|||||||\u00bb header_2_text_align=\u00bbcenter\u00bb header_2_text_color=\u00bb#cd222a\u00bb global_colors_info=\u00bb{}\u00bb]<\/p>\n<h2 class=\"gray-font\">Rese\u00f1as y testimonios de Google<\/h2>\n<p>[\/et_pb_text][et_pb_code _builder_version=\u00bb4.25.1&#8243; _module_preset=\u00bbdefault\u00bb global_colors_info=\u00bb{}\u00bb]<!-- Trustindex Script Placeholder --><!-- [et_pb_line_break_holder] --><script type=\"text\/plain\" data-usercentrics=\"Trustindex\" src=\"https:\/\/cdn.trustindex.io\/loader.js?729b4fa33bc890809846eb1ef5f\"><\/script>[\/et_pb_code][et_pb_text _builder_version=\u00bb4.27.2&#8243; _module_preset=\u00bbdefault\u00bb text_font_size=\u00bb20px\u00bb link_text_color=\u00bb#cd222a\u00bb link_font_size=\u00bb20px\u00bb text_orientation=\u00bbcenter\u00bb global_colors_info=\u00bb{}\u00bb]Lea nuestras rese\u00f1as en\u00a0<\/span><a target=\"_blank\" href=\"https:\/\/g.co\/kgs\/PTBt4uz\" rel=\"noopener noreferrer\">https:\/\/g.co\/kgs\/PTBt4uz<\/a><span>.<\/span>[\/et_pb_text][et_pb_slider show_arrows=\u00bboff\u00bb dot_nav_custom_color=\u00bb#cd222a\u00bb disabled_on=\u00bbon|on|on\u00bb module_class=\u00bbtestimonials\u00bb _builder_version=\u00bb4.23.1&#8243; _module_preset=\u00bbdefault\u00bb header_font_size=\u00bb20px\u00bb background_color=\u00bb#e0e0e0&#8243; auto=\u00bbon\u00bb custom_css_slide_image=\u00bbwidth:130px!important;\u00bb border_radii=\u00bbon|5px|5px|5px|5px\u00bb box_shadow_style=\u00bbpreset1&#8243; box_shadow_vertical=\u00bb0px\u00bb box_shadow_blur=\u00bb3px\u00bb box_shadow_color=\u00bbrgba(205,34,42,0.5)\u00bb disabled=\u00bbon\u00bb global_colors_info=\u00bb{}\u00bb][et_pb_slide button_link=\u00bbhttps:\/\/g.co\/kgs\/fafa6G\u00bb url_new_window=\u00bbon\u00bb image=\u00bbhttps:\/\/avgs-gutschein.de\/wp-content\/uploads\/2023\/11\/testimonials_prof_pic_SV_1.webp\u00bb _builder_version=\u00bb4.23.1&#8243; _module_preset=\u00bbdefault\u00bb header_text_color=\u00bb#555555&#8243; body_text_color=\u00bb#555555&#8243; background_color=\u00bb#f5f5f5&#8243; background_enable_color=\u00bbon\u00bb link_option_url=\u00bbhttps:\/\/g.co\/kgs\/fafa6G\u00bb link_option_url_new_window=\u00bbon\u00bb global_colors_info=\u00bb{}\u00bb sticky_transition=\u00bbon\u00bb]<\/p>\n<p>Ich habe in der Gr\u00fcndungsberatung in L\u00fcneburg bei Frau Witt wahnsinnig viel gelernt und es hat sich f\u00fcr mich absolut gelohnt sie wahrzunehmen. Die Beratung hat neben den erwarteten Dingen auch viele kleine Details beinhaltet, auf die ich von alleine nie gekommen w\u00e4re und ganz nebenbei hat sie auch noch richtig Spa\u00df gemacht. Die Atmosph\u00e4re war angenehm entspannt. Durch Frau Witt f\u00fchle ich mich jetzt richtig gut aufgestellt f\u00fcr den Start in meine Selbst\u00e4ndigkeit.<\/p>\n<p class=\"test_name\">Sunny Vivi<\/p>\n<p>[\/et_pb_slide][et_pb_slide button_link=\u00bbhttps:\/\/g.co\/kgs\/fafa6G\u00bb url_new_window=\u00bbon\u00bb image=\u00bbhttps:\/\/avgs-gutschein.de\/wp-content\/uploads\/2023\/11\/testimonials_prof_pic_AP_1.webp\u00bb _builder_version=\u00bb4.23.1&#8243; _module_preset=\u00bbdefault\u00bb header_text_color=\u00bb#555555&#8243; body_text_color=\u00bb#555555&#8243; background_color=\u00bb#f5f5f5&#8243; background_enable_color=\u00bbon\u00bb link_option_url=\u00bbhttps:\/\/g.co\/kgs\/fafa6G\u00bb link_option_url_new_window=\u00bbon\u00bb custom_css_slide_image=\u00bbwidth:150px;\u00bb global_colors_info=\u00bb{}\u00bb sticky_transition=\u00bbon\u00bb]<\/p>\n<p>Das waren wirklich zielf\u00fchrende mich absolut weiterbringende Gespr\u00e4che, die ich mit Herrn Thomas f\u00fchren durfte. Kompetenz, Einf\u00fchlungsverm\u00f6gen und praxisnahe Ratschl\u00e4ge zeigten mir neue Wege und Perspektiven. Daf\u00fcr Danke, Respekt und uneingeschr\u00e4nkte Weiterempfehlung.<\/p>\n<p class=\"test_name\">achim preissler<\/p>\n<p>[\/et_pb_slide][et_pb_slide button_link=\u00bbhttps:\/\/g.co\/kgs\/fafa6G\u00bb url_new_window=\u00bbon\u00bb image=\u00bbhttps:\/\/avgs-gutschein.de\/wp-content\/uploads\/2023\/11\/testimonials_prof_pic_BW_1.webp\u00bb _builder_version=\u00bb4.23.1&#8243; _module_preset=\u00bbdefault\u00bb header_text_color=\u00bb#555555&#8243; body_text_color=\u00bb#555555&#8243; background_color=\u00bb#f5f5f5&#8243; background_enable_color=\u00bbon\u00bb link_option_url=\u00bbhttps:\/\/g.co\/kgs\/fafa6G\u00bb link_option_url_new_window=\u00bbon\u00bb custom_css_slide_image=\u00bbwidth:150px;\u00bb global_colors_info=\u00bb{}\u00bb sticky_transition=\u00bbon\u00bb]<\/p>\n<p>Das Gr\u00fcndungsberatung mit Frau Witt hat mich in Bezug auf meine bevorstehende Selbstst\u00e4ndigkeit in vielerlei Hinsicht sehr gut vorbereitet. Ich habe viele gute Hinweise f\u00fcr die Zeit vor, w\u00e4hrend und nach der Gr\u00fcndung erhalten. Kompetent, zielgerichtet und mental unglaublich flexibel &#8211; danke f\u00fcr diese Erfahrung!<\/p>\n<p class=\"test_name\">Britta Wagner<\/p>\n<p>[\/et_pb_slide][et_pb_slide button_link=\u00bbhttps:\/\/g.co\/kgs\/fafa6G\u00bb url_new_window=\u00bbon\u00bb image=\u00bbhttps:\/\/avgs-gutschein.de\/wp-content\/uploads\/2023\/11\/testimonials_prof_pic_TS_1.webp\u00bb _builder_version=\u00bb4.23.1&#8243; _module_preset=\u00bbdefault\u00bb header_text_color=\u00bb#555555&#8243; body_text_color=\u00bb#555555&#8243; background_color=\u00bb#f5f5f5&#8243; background_enable_color=\u00bbon\u00bb link_option_url=\u00bbhttps:\/\/g.co\/kgs\/fafa6G\u00bb link_option_url_new_window=\u00bbon\u00bb custom_css_slide_image=\u00bbwidth:150px;\u00bb global_colors_info=\u00bb{}\u00bb sticky_transition=\u00bbon\u00bb]<\/p>\n<p>Mit Frau Dr. Julia Harm sitzt genau die richtige Person an einer entscheidenden Stelle. Vielen Dank f\u00fcr die netten, pers\u00f6nlichen und informativen Gespr\u00e4che auf Augenh\u00f6he und dem gemeinsamen Entwickeln einer Idee, sowie einen passenden Fahrplan f\u00fcr dessen Umsetzung. Mit sehr guten fachlichen Ratschl\u00e4gen, n\u00fctzlichen Hinweisen und fundierten Antworten auf entstandene Fragen w\u00e4hrend des Gr\u00fcnder-Coachings, bin ich nun sehr gut f\u00fcr meine Gr\u00fcndung vorbereitet. Sehr empfehlenswert.<\/p>\n<p class=\"test_name\">Tobias Stenzel<\/p>\n<p>[\/et_pb_slide][et_pb_slide button_link=\u00bbhttps:\/\/g.co\/kgs\/fafa6G\u00bb url_new_window=\u00bbon\u00bb image=\u00bbhttps:\/\/avgs-gutschein.de\/wp-content\/uploads\/2023\/11\/testimonials_prof_pic_AF_1.webp\u00bb _builder_version=\u00bb4.23.1&#8243; _module_preset=\u00bbdefault\u00bb header_text_color=\u00bb#555555&#8243; body_text_color=\u00bb#555555&#8243; background_color=\u00bb#f5f5f5&#8243; background_enable_color=\u00bbon\u00bb link_option_url=\u00bbhttps:\/\/g.co\/kgs\/fafa6G\u00bb link_option_url_new_window=\u00bbon\u00bb custom_css_slide_image=\u00bbwidth:150px;\u00bb global_colors_info=\u00bb{}\u00bb sticky_transition=\u00bbon\u00bb]<\/p>\n<p>Ich befinde mich gerade in einer Zeit mit vielen Ver\u00e4nderungen. Das Coaching mit Frau Daniels hat mir sehr viel Mut und Selbstvertrauen gegeben. Genau das, was ich brauche. Ich durfte viel Neues lernen und f\u00fchle mich bereit, f\u00fcr alles was nun kommt! Ein riesengro\u00dfes Dankesch\u00f6n, Bettina Daniels \ud83d\ude0a<\/p>\n<p class=\"test_name\">Antje Finnern<\/p>\n<p>[\/et_pb_slide][\/et_pb_slider][\/et_pb_column][\/et_pb_row][\/et_pb_section]<\/p>\n","protected":false},"excerpt":{"rendered":"<p>Nuestro equipo de coaching AVGS en Soltau El equipo cualificado para tu cambio de carrera o inicio de negocioNuestra oficina en Soltau, al sur de L\u00fcneburger Heide, se encuentra en Scheibenstra\u00dfe 23. Nuestro equipo de asesores laborales y consultores de empresas emergentes de AVGS con experiencia le ofrece asesoramiento para la orientaci\u00f3n profesional y la [&hellip;]<\/p>\n","protected":false},"author":1,"featured_media":0,"parent":5908,"menu_order":0,"comment_status":"closed","ping_status":"closed","template":"","meta":{"_et_pb_use_builder":"on","_et_pb_old_content":"","_et_gb_content_width":"","footnotes":""},"class_list":["post-6218","page","type-page","status-publish","hentry"],"yoast_head":"<!-- This site is optimized with the Yoast SEO plugin v26.0 - https:\/\/yoast.com\/wordpress\/plugins\/seo\/ -->\n<title>Soltau - AVGS Gutschein<\/title>\n<meta name=\"robots\" content=\"index, follow, max-snippet:-1, max-image-preview:large, max-video-preview:-1\" \/>\n<link rel=\"canonical\" href=\"https:\/\/avgs-gutschein.de\/es\/nuestros-oficinas-avgs\/soltau\/\" \/>\n<meta property=\"og:locale\" content=\"es_ES\" \/>\n<meta property=\"og:type\" content=\"article\" \/>\n<meta property=\"og:title\" content=\"Soltau - AVGS Gutschein\" \/>\n<meta property=\"og:description\" content=\"Nuestro equipo de coaching AVGS en Soltau El equipo cualificado para tu cambio de carrera o inicio de negocioNuestra oficina en Soltau, al sur de L\u00fcneburger Heide, se encuentra en Scheibenstra\u00dfe 23. Nuestro equipo de asesores laborales y consultores de empresas emergentes de AVGS con experiencia le ofrece asesoramiento para la orientaci\u00f3n profesional y la [&hellip;]\" \/>\n<meta property=\"og:url\" content=\"https:\/\/avgs-gutschein.de\/es\/nuestros-oficinas-avgs\/soltau\/\" \/>\n<meta property=\"og:site_name\" content=\"AVGS Gutschein\" \/>\n<meta property=\"article:modified_time\" content=\"2025-10-16T09:44:39+00:00\" \/>\n<meta name=\"twitter:card\" content=\"summary_large_image\" \/>\n<meta name=\"twitter:label1\" content=\"Tiempo de lectura\" \/>\n\t<meta name=\"twitter:data1\" content=\"5 minutos\" \/>\n<script type=\"application\/ld+json\" class=\"yoast-schema-graph\">{\"@context\":\"https:\/\/schema.org\",\"@graph\":[{\"@type\":\"WebPage\",\"@id\":\"https:\/\/avgs-gutschein.de\/es\/nuestros-oficinas-avgs\/soltau\/\",\"url\":\"https:\/\/avgs-gutschein.de\/es\/nuestros-oficinas-avgs\/soltau\/\",\"name\":\"Soltau - AVGS Gutschein\",\"isPartOf\":{\"@id\":\"https:\/\/avgs-gutschein.de\/es\/#website\"},\"datePublished\":\"2024-01-17T02:14:00+00:00\",\"dateModified\":\"2025-10-16T09:44:39+00:00\",\"breadcrumb\":{\"@id\":\"https:\/\/avgs-gutschein.de\/es\/nuestros-oficinas-avgs\/soltau\/#breadcrumb\"},\"inLanguage\":\"es\",\"potentialAction\":[{\"@type\":\"ReadAction\",\"target\":[\"https:\/\/avgs-gutschein.de\/es\/nuestros-oficinas-avgs\/soltau\/\"]}]},{\"@type\":\"BreadcrumbList\",\"@id\":\"https:\/\/avgs-gutschein.de\/es\/nuestros-oficinas-avgs\/soltau\/#breadcrumb\",\"itemListElement\":[{\"@type\":\"ListItem\",\"position\":1,\"name\":\"Startseite\",\"item\":\"https:\/\/avgs-gutschein.de\/es\/\"},{\"@type\":\"ListItem\",\"position\":2,\"name\":\"Nuestras oficinas AVGS\",\"item\":\"https:\/\/avgs-gutschein.de\/es\/unsere-avgs-bueros\/\"},{\"@type\":\"ListItem\",\"position\":3,\"name\":\"Soltau\"}]},{\"@type\":\"WebSite\",\"@id\":\"https:\/\/avgs-gutschein.de\/es\/#website\",\"url\":\"https:\/\/avgs-gutschein.de\/es\/\",\"name\":\"AVGS Gutschein\",\"description\":\"\",\"potentialAction\":[{\"@type\":\"SearchAction\",\"target\":{\"@type\":\"EntryPoint\",\"urlTemplate\":\"https:\/\/avgs-gutschein.de\/es\/?s={search_term_string}\"},\"query-input\":{\"@type\":\"PropertyValueSpecification\",\"valueRequired\":true,\"valueName\":\"search_term_string\"}}],\"inLanguage\":\"es\"}]}<\/script>\n<!-- \/ Yoast SEO plugin. -->","yoast_head_json":{"title":"Soltau - AVGS Gutschein","robots":{"index":"index","follow":"follow","max-snippet":"max-snippet:-1","max-image-preview":"max-image-preview:large","max-video-preview":"max-video-preview:-1"},"canonical":"https:\/\/avgs-gutschein.de\/es\/nuestros-oficinas-avgs\/soltau\/","og_locale":"es_ES","og_type":"article","og_title":"Soltau - AVGS Gutschein","og_description":"Nuestro equipo de coaching AVGS en Soltau El equipo cualificado para tu cambio de carrera o inicio de negocioNuestra oficina en Soltau, al sur de L\u00fcneburger Heide, se encuentra en Scheibenstra\u00dfe 23. Nuestro equipo de asesores laborales y consultores de empresas emergentes de AVGS con experiencia le ofrece asesoramiento para la orientaci\u00f3n profesional y la [&hellip;]","og_url":"https:\/\/avgs-gutschein.de\/es\/nuestros-oficinas-avgs\/soltau\/","og_site_name":"AVGS Gutschein","article_modified_time":"2025-10-16T09:44:39+00:00","twitter_card":"summary_large_image","twitter_misc":{"Tiempo de lectura":"5 minutos"},"schema":{"@context":"https:\/\/schema.org","@graph":[{"@type":"WebPage","@id":"https:\/\/avgs-gutschein.de\/es\/nuestros-oficinas-avgs\/soltau\/","url":"https:\/\/avgs-gutschein.de\/es\/nuestros-oficinas-avgs\/soltau\/","name":"Soltau - AVGS Gutschein","isPartOf":{"@id":"https:\/\/avgs-gutschein.de\/es\/#website"},"datePublished":"2024-01-17T02:14:00+00:00","dateModified":"2025-10-16T09:44:39+00:00","breadcrumb":{"@id":"https:\/\/avgs-gutschein.de\/es\/nuestros-oficinas-avgs\/soltau\/#breadcrumb"},"inLanguage":"es","potentialAction":[{"@type":"ReadAction","target":["https:\/\/avgs-gutschein.de\/es\/nuestros-oficinas-avgs\/soltau\/"]}]},{"@type":"BreadcrumbList","@id":"https:\/\/avgs-gutschein.de\/es\/nuestros-oficinas-avgs\/soltau\/#breadcrumb","itemListElement":[{"@type":"ListItem","position":1,"name":"Startseite","item":"https:\/\/avgs-gutschein.de\/es\/"},{"@type":"ListItem","position":2,"name":"Nuestras oficinas AVGS","item":"https:\/\/avgs-gutschein.de\/es\/unsere-avgs-bueros\/"},{"@type":"ListItem","position":3,"name":"Soltau"}]},{"@type":"WebSite","@id":"https:\/\/avgs-gutschein.de\/es\/#website","url":"https:\/\/avgs-gutschein.de\/es\/","name":"AVGS Gutschein","description":"","potentialAction":[{"@type":"SearchAction","target":{"@type":"EntryPoint","urlTemplate":"https:\/\/avgs-gutschein.de\/es\/?s={search_term_string}"},"query-input":{"@type":"PropertyValueSpecification","valueRequired":true,"valueName":"search_term_string"}}],"inLanguage":"es"}]}},"_links":{"self":[{"href":"https:\/\/avgs-gutschein.de\/es\/wp-json\/wp\/v2\/pages\/6218","targetHints":{"allow":["GET"]}}],"collection":[{"href":"https:\/\/avgs-gutschein.de\/es\/wp-json\/wp\/v2\/pages"}],"about":[{"href":"https:\/\/avgs-gutschein.de\/es\/wp-json\/wp\/v2\/types\/page"}],"author":[{"embeddable":true,"href":"https:\/\/avgs-gutschein.de\/es\/wp-json\/wp\/v2\/users\/1"}],"replies":[{"embeddable":true,"href":"https:\/\/avgs-gutschein.de\/es\/wp-json\/wp\/v2\/comments?post=6218"}],"version-history":[{"count":7,"href":"https:\/\/avgs-gutschein.de\/es\/wp-json\/wp\/v2\/pages\/6218\/revisions"}],"predecessor-version":[{"id":11948,"href":"https:\/\/avgs-gutschein.de\/es\/wp-json\/wp\/v2\/pages\/6218\/revisions\/11948"}],"up":[{"embeddable":true,"href":"https:\/\/avgs-gutschein.de\/es\/wp-json\/wp\/v2\/pages\/5908"}],"wp:attachment":[{"href":"https:\/\/avgs-gutschein.de\/es\/wp-json\/wp\/v2\/media?parent=6218"}],"curies":[{"name":"wp","href":"https:\/\/api.w.org\/{rel}","templated":true}]}}