{"id":5316,"date":"2023-12-12T10:40:09","date_gmt":"2023-12-12T09:40:09","guid":{"rendered":"https:\/\/avgs-gutschein.de\/nuestras-entrenadoras\/alexandra-brecht\/"},"modified":"2024-10-17T11:45:42","modified_gmt":"2024-10-17T09:45:42","slug":"alexandra-brecht","status":"publish","type":"page","link":"https:\/\/avgs-gutschein.de\/es\/nuestrxs-entrenadorxs\/alexandra-brecht\/","title":{"rendered":"Alexandra Brecht"},"content":{"rendered":"<p>[et_pb_section fb_built=\u00bb1&#8243; module_class=\u00bbcoaches-img\u00bb _builder_version=\u00bb4.24.0&#8243; _module_preset=\u00bbdefault\u00bb background_color=\u00bb#e0e0e0&#8243; custom_padding=\u00bb0px||0px||true|false\u00bb global_colors_info=\u00bb{}\u00bb][et_pb_row column_structure=\u00bb2_5,3_5&#8243; use_custom_gutter=\u00bbon\u00bb make_equal=\u00bbon\u00bb _builder_version=\u00bb4.23.1&#8243; _module_preset=\u00bbdefault\u00bb custom_padding=\u00bb0px||0px||true|false\u00bb global_colors_info=\u00bb{}\u00bb][et_pb_column type=\u00bb2_5&#8243; _builder_version=\u00bb4.23.1&#8243; _module_preset=\u00bbdefault\u00bb background_image=\u00bbhttps:\/\/avgs-gutschein.de\/wp-content\/uploads\/2023\/12\/Alexandra_Brecht_profile_img.webp\u00bb custom_padding_tablet=\u00bb38vw||38vw||true|false\u00bb custom_padding_phone=\u00bb38vw||38vw||true|false\u00bb custom_padding_last_edited=\u00bbon|tablet\u00bb global_colors_info=\u00bb{}\u00bb][\/et_pb_column][et_pb_column type=\u00bb3_5&#8243; _builder_version=\u00bb4.23.1&#8243; _module_preset=\u00bbdefault\u00bb custom_padding=\u00bb3vw||3vw||true|false\u00bb custom_padding_tablet=\u00bb3vw||3vw||true|false\u00bb custom_padding_phone=\u00bb8vw||10vw||false|false\u00bb custom_padding_last_edited=\u00bbon|phone\u00bb global_colors_info=\u00bb{}\u00bb][et_pb_text _builder_version=\u00bb4.23.1&#8243; _module_preset=\u00bbdefault\u00bb header_font=\u00bb|800|||||||\u00bb header_text_color=\u00bb#000000&#8243; global_colors_info=\u00bb{}\u00bb]<\/p>\n<h1>Alexandra Brecht<\/h1>\n<p>[\/et_pb_text][et_pb_text module_class=\u00bbsub-prof\u00bb _builder_version=\u00bb4.27.2&#8243; _module_preset=\u00bbdefault\u00bb text_text_color=\u00bb#000000&#8243; global_colors_info=\u00bb{}\u00bb]<\/p>\n<div class=\"coach-desc\">\n<p><strong>Producto:<\/strong> Coaching laboral<\/p>\n<hr \/>\n<p><strong>Idioma(s) del coaching: <\/strong>Alem\u00e1n<\/p>\n<hr \/>\n<p><strong>Formaci\u00f3n\/certificaciones de coaching: <\/strong>Coach sist\u00e9mico certificado, entrenador mental (PEP \u201cpsicolog\u00eda centrada en el proceso y la corporeidad\u201d con el Dr. Michael Bohne), practicante de PNL (DVNLP), formador de Linc Personal Profiler (LLP Linc Institute), practicante alternativo de psicoterapia y varias titulaciones terap\u00e9uticas<\/p>\n<hr \/>\n<p><strong>Experiencia en el sector: <\/strong>Consultor\u00eda\/coaching, servicios, eventos\/ocio, salud\/asistencia, arte\/dise\u00f1o, cultura\/humanidades, marketing\/comunicaci\u00f3n, ONG, bienestar\/fitness<\/p>\n<\/div>\n<p>[\/et_pb_text][et_pb_button button_url=\u00bb\/es\/nuestrxs-entrenadorxs\/alexandra-brecht\/#kontakt-alexandra-brecht\u00bb button_text=\u00bbReserva una consulta inicial\u00bb _builder_version=\u00bb4.27.2&#8243; _module_preset=\u00bbdefault\u00bb custom_button=\u00bbon\u00bb button_text_size=\u00bb16px\u00bb button_text_color=\u00bb#ffffff\u00bb button_bg_color=\u00bb#cd222a\u00bb button_border_width=\u00bb0px\u00bb button_border_color=\u00bb#FFFFFF\u00bb hover_enabled=\u00bb0&#8243; global_colors_info=\u00bb{}\u00bb sticky_enabled=\u00bb0&#8243;][\/et_pb_button][\/et_pb_column][\/et_pb_row][\/et_pb_section][et_pb_section fb_built=\u00bb1&#8243; _builder_version=\u00bb4.23.1&#8243; _module_preset=\u00bbdefault\u00bb global_colors_info=\u00bb{}\u00bb][et_pb_row column_structure=\u00bb2_3,1_3&#8243; use_custom_gutter=\u00bbon\u00bb make_equal=\u00bbon\u00bb _builder_version=\u00bb4.23.1&#8243; _module_preset=\u00bbdefault\u00bb global_colors_info=\u00bb{}\u00bb][et_pb_column type=\u00bb2_3&#8243; _builder_version=\u00bb4.23.1&#8243; _module_preset=\u00bbdefault\u00bb custom_padding=\u00bb|3vw|||false|false\u00bb border_width_right=\u00bb1px\u00bb border_color_right=\u00bb#cd222a\u00bb global_colors_info=\u00bb{}\u00bb][et_pb_text module_class=\u00bbprof-question\u00bb _builder_version=\u00bb4.27.2&#8243; _module_preset=\u00bbdefault\u00bb text_text_color=\u00bb#cd222a\u00bb text_font_size=\u00bb24px\u00bb global_colors_info=\u00bb{}\u00bb]1. \u00bfQu\u00e9 te hace ser coach\/formadora?[\/et_pb_text][et_pb_text module_class=\u00bbprof-answer\u00bb _builder_version=\u00bb4.27.2&#8243; _module_preset=\u00bbdefault\u00bb text_font=\u00bb|300|||||||\u00bb text_font_size=\u00bb18px\u00bb text_line_height=\u00bb2em\u00bb global_colors_info=\u00bb{}\u00bb]Me gustar\u00eda decir: mi experiencia profesional y vital, mi gran inter\u00e9s por las personas y mi gran sensibilidad hacia sus necesidades y potencial. Por supuesto, tambi\u00e9n tengo una s\u00f3lida formaci\u00f3n como coach y varias cualificaciones adicionales que tambi\u00e9n resultan \u00fatiles en el coaching laboral. Esto abarca desde conocimientos sobre el dise\u00f1o de la vida laboral hasta el entrenamiento mental y de autoestima y las habilidades psicoterap\u00e9uticas. Trabajo como coach en mi propia consulta desde 2014, tengo experiencia en el Career Service de la Universidad Leuphana de L\u00fcneburg y tambi\u00e9n he trabajado mucho con j\u00f3venes. Independientemente de la edad de mis clientes, puedo imaginar r\u00e1pidamente una gran variedad de escenarios y reconocer lo que hace que mis coachees sean especiales, lo que se necesita, d\u00f3nde est\u00e1n los puntos fuertes, y con esto me refiero tanto a los desaf\u00edos espec\u00edficos como a las pasiones profesionales. Como cient\u00edfica cultural y econ\u00f3mica, soy una vagabunda entre mundos y, seg\u00fan las necesidades, puedo ser una fuente creativa de ideas o la mujer con un ojo muy claro para los hechos y las estrategias. Espa\u00f1olEl cliente y su singularidad son el centro de atenci\u00f3n.[\/et_pb_text][et_pb_text module_class=\u00bbprof-question\u00bb _builder_version=\u00bb4.27.2&#8243; _module_preset=\u00bbdefault\u00bb text_text_color=\u00bb#cd222a\u00bb text_font_size=\u00bb24px\u00bb global_colors_info=\u00bb{}\u00bb]2. \u00bfQu\u00e9 dicen de ti tus clientes?[\/et_pb_text][et_pb_text module_class=\u00bbprof-answer\u00bb _builder_version=\u00bb4.27.2&#8243; _module_preset=\u00bbdefault\u00bb text_font=\u00bb|300|||||||\u00bb text_font_size=\u00bb18px\u00bb text_line_height=\u00bb2em\u00bb global_colors_info=\u00bb{}\u00bb]Que se sienten en buenas manos conmigo, tanto personal como profesionalmente. A menudo escucho que los clientes conf\u00edan profundamente en m\u00ed y es un gran alivio poder mostrarme todo lo que son y lo que no. Juntos sacamos lo mejor de todo. Mis coachees aprecian mi actitud positiva, abierta y emp\u00e1tica, que les aporto tranquilidad incluso cuando las cosas se ponen dif\u00edciles. Cuando se despiden, dicen que ya est\u00e1n deseando que llegue la pr\u00f3xima cita y que sienten curiosidad por otras herramientas y m\u00e9todos de mi tesoro de coaching.[\/et_pb_text][et_pb_text module_class=\u00bbprof-question\u00bb _builder_version=\u00bb4.27.2&#8243; _module_preset=\u00bbdefault\u00bb text_text_color=\u00bb#cd222a\u00bb text_font_size=\u00bb24px\u00bb global_colors_info=\u00bb{}\u00bb]3. \u00bfDe qu\u00e9 est\u00e1s especialmente orgulloso cuando piensas en tu carrera?[\/et_pb_text][et_pb_text module_class=\u00bbprof-answer\u00bb _builder_version=\u00bb4.27.2&#8243; _module_preset=\u00bbdefault\u00bb text_font=\u00bb|300|||||||\u00bb text_font_size=\u00bb18px\u00bb text_line_height=\u00bb2em\u00bb global_colors_info=\u00bb{}\u00bb]Despu\u00e9s de trabajar con \u00e9xito durante m\u00e1s de 20 a\u00f1os en la gesti\u00f3n cultural y musical y en puestos de responsabilidad en marketing y relaciones p\u00fablicas, me redefin\u00ed profesionalmente tras el nacimiento de mi segundo hijo a los 40 a\u00f1os y me convert\u00ed en coach aut\u00f3nomo. Estoy orgulloso de mi valent\u00eda, determinaci\u00f3n y confianza en mis capacidades, que me ayudaron a dominar tan bien este paso. Para m\u00ed, una carrera significa un desarrollo constante y todav\u00eda tengo muchas ideas para la segunda mitad de mi vida.[\/et_pb_text][et_pb_text module_class=\u00bbprof-question\u00bb _builder_version=\u00bb4.27.2&#8243; _module_preset=\u00bbdefault\u00bb text_text_color=\u00bb#cd222a\u00bb text_font_size=\u00bb24px\u00bb global_colors_info=\u00bb{}\u00bb]4. \u00bfCu\u00e1l es la mejor manera de desconectar?[\/et_pb_text][et_pb_text module_class=\u00bbprof-answer\u00bb _builder_version=\u00bb4.27.2&#8243; _module_preset=\u00bbdefault\u00bb text_font=\u00bb|300|||||||\u00bb text_font_size=\u00bb18px\u00bb text_line_height=\u00bb2em\u00bb global_colors_info=\u00bb{}\u00bb]El equilibrio entre el trabajo y la vida personal es un tema importante, en el coaching laboral, pero tambi\u00e9n para m\u00ed. Presto mucha atenci\u00f3n a mi energ\u00eda. Puedo relajarme por completo cuando hago Nia dance, yoga y meditaci\u00f3n, pero tambi\u00e9n cuando cocino con mi familia o hago jardiner\u00eda. Me encanta el coaching, por lo que normalmente no lo siento como un trabajo en absoluto.[\/et_pb_text][et_pb_text module_class=\u00bbprof-question\u00bb _builder_version=\u00bb4.27.2&#8243; _module_preset=\u00bbdefault\u00bb text_text_color=\u00bb#cd222a\u00bb text_font_size=\u00bb24px\u00bb global_colors_info=\u00bb{}\u00bb]5. En tus propias palabras: \u00bfQu\u00e9 hace un coach?[\/et_pb_text][et_pb_text module_class=\u00bbprof-answer\u00bb _builder_version=\u00bb4.27.2&#8243; _module_preset=\u00bbdefault\u00bb text_font=\u00bb|300|||||||\u00bb text_font_size=\u00bb18px\u00bb text_line_height=\u00bb2em\u00bb global_colors_info=\u00bb{}\u00bb]Como coach, sostengo una linterna imaginaria y saco a la luz aspectos y habilidades que los coachees no ver\u00edan por s\u00ed mismos. En el esp\u00edritu de \u00abayuda para la autoayuda\u00bb, ofrezco a los clientes un proceso de autoexploraci\u00f3n personal y profesional del que emergen fuertes y, en el sentido m\u00e1s estricto de la palabra, seguros de s\u00ed mismos. Soy un co-pensador y motivador, pongo en juego nuevas ideas y perspectivas y creo un espacio seguro y apreciativo para el desarrollo. All\u00ed, los clientes pueden reflexionar, ordenarse y redefinirse para un cambio profesional. Al final del proceso de coaching, pueden comenzar la siguiente fase de su carrera de una manera orientada a objetivos, poderosa y motivada.[\/et_pb_text][\/et_pb_column][et_pb_column type=\u00bb1_3&#8243; _builder_version=\u00bb4.23.1&#8243; _module_preset=\u00bbdefault\u00bb global_colors_info=\u00bb{}\u00bb][et_pb_blurb title=\u00bbUbicaci\u00f3n\u00bb use_icon=\u00bbon\u00bb font_icon=\u00bb&#xe01d;||divi||400&#8243; icon_color=\u00bb#cd222a\u00bb image_icon_width=\u00bb40px\u00bb icon_alignment=\u00bbleft\u00bb _builder_version=\u00bb4.27.2&#8243; _module_preset=\u00bbdefault\u00bb header_level=\u00bbh2&#8243; body_font_size=\u00bb18px\u00bb body_line_height=\u00bb1.8em\u00bb global_colors_info=\u00bb{}\u00bb]Presencia online en toda Alemania en: L\u00fcneburg[\/et_pb_blurb][et_pb_blurb title=\u00bbFormaci\u00f3n profesional y experiencia profesional:\u00bb use_icon=\u00bbon\u00bb font_icon=\u00bb&#xf19d;||fa||900&#8243; icon_color=\u00bb#cd222a\u00bb image_icon_width=\u00bb40px\u00bb icon_alignment=\u00bbleft\u00bb _builder_version=\u00bb4.27.2&#8243; _module_preset=\u00bbdefault\u00bb header_level=\u00bbh2&#8243; header_line_height=\u00bb1.2em\u00bb body_font_size=\u00bb18px\u00bb body_line_height=\u00bb1.8em\u00bb global_colors_info=\u00bb{}\u00bb]Licenciada en gesti\u00f3n cultural (Fachada de idiomas, Econom\u00eda y cultura, Universidad de Passau), coach sist\u00e9mica certificada, psicoterapeuta alternativa, experiencia profesional diversa: industria de eventos, gesti\u00f3n cultural, de festivales y de m\u00fasica, marketing, relaciones p\u00fablicas, trabajo de fundaci\u00f3n, desarrollo de j\u00f3venes, asesoramiento profesional (Career Service Leuphana University), as\u00ed como en el \u00e1mbito social y psicoterap\u00e9utico.[\/et_pb_blurb][et_pb_blurb title=\u00bbIntereses personales\u00bb use_icon=\u00bbon\u00bb font_icon=\u00bb&#xe030;||divi||400&#8243; icon_color=\u00bb#cd222a\u00bb image_icon_width=\u00bb40px\u00bb icon_alignment=\u00bbleft\u00bb _builder_version=\u00bb4.27.2&#8243; _module_preset=\u00bbdefault\u00bb header_level=\u00bbh2&#8243; header_line_height=\u00bb1.2em\u00bb body_font_size=\u00bb18px\u00bb body_line_height=\u00bb1.8em\u00bb global_colors_info=\u00bb{}\u00bb]Desarrollo personal, ser humano, vida hol\u00edstica, yoga, baile, \u201ccomunicaci\u00f3n honesta\u201d, psicoterapia moderna, especialmente investigaci\u00f3n sobre el apego y el trauma del desarrollo y neurociencia, mi familia y la vida y el dise\u00f1o en la casa y el jard\u00edn[\/et_pb_blurb][\/et_pb_column][\/et_pb_row][et_pb_row module_id=\u00bbkontakt-alexandra-brecht\u00bb _builder_version=\u00bb4.23.1&#8243; _module_preset=\u00bbdefault\u00bb global_colors_info=\u00bb{}\u00bb][et_pb_column type=\u00bb4_4&#8243; _builder_version=\u00bb4.23.1&#8243; _module_preset=\u00bbdefault\u00bb global_colors_info=\u00bb{}\u00bb][et_pb_text _builder_version=\u00bb4.27.2&#8243; _module_preset=\u00bbdefault\u00bb header_2_text_color=\u00bb#cd222a\u00bb header_2_font_size=\u00bb30px\u00bb global_colors_info=\u00bb{}\u00bb]<\/p>\n<h2>Solicitud de coaching de AVGS para Alexandra Brecht<\/h2>\n<p>[\/et_pb_text][et_pb_text _builder_version=\u00bb4.27.2&#8243; _module_preset=\u00bbdefault\u00bb text_font_size=\u00bb18px\u00bb text_line_height=\u00bb2em\u00bb global_colors_info=\u00bb{}\u00bb]Le enviaremos sus datos a Alexandra Brecht para que pueda contactarte lo antes posible con una fecha sugerida para una consulta inicial sin compromiso. \u00bfQu\u00e9 solicitud de coaching de AVGS tienes?[\/et_pb_text][et_pb_code module_class=\u00bbcf-kntkt-form cf-sub-kntkt-form\u00bb _builder_version=\u00bb4.23.1&#8243; _module_preset=\u00bbdefault\u00bb global_colors_info=\u00bb{}\u00bb]\n<div class=\"wpcf7 no-js\" id=\"wpcf7-f6775-o1\" lang=\"es-ES\" dir=\"ltr\" data-wpcf7-id=\"6775\">\n<div class=\"screen-reader-response\"><p role=\"status\" aria-live=\"polite\" aria-atomic=\"true\"><\/p> <ul><\/ul><\/div>\n<form action=\"\/es\/wp-json\/wp\/v2\/pages\/5316#wpcf7-f6775-o1\" method=\"post\" class=\"wpcf7-form init\" aria-label=\"Formulario de contacto\" novalidate=\"novalidate\" data-status=\"init\">\n<fieldset class=\"hidden-fields-container\"><input type=\"hidden\" name=\"_wpcf7\" value=\"6775\" \/><input type=\"hidden\" name=\"_wpcf7_version\" value=\"6.1.2\" \/><input type=\"hidden\" name=\"_wpcf7_locale\" value=\"es_ES\" \/><input type=\"hidden\" name=\"_wpcf7_unit_tag\" value=\"wpcf7-f6775-o1\" \/><input type=\"hidden\" name=\"_wpcf7_container_post\" value=\"0\" \/><input type=\"hidden\" name=\"_wpcf7_posted_data_hash\" value=\"\" \/>\n<\/fieldset>\n<div class=\"w3-row\">\n\t<div class=\"w3-col\">\n\t\t<p><span class=\"wpcf7-form-control-wrap\" data-name=\"what-can-we-do-for-you-answer\"><span class=\"wpcf7-form-control wpcf7-checkbox checkbox\"><span class=\"wpcf7-list-item first\"><label><input type=\"checkbox\" name=\"what-can-we-do-for-you-answer[]\" value=\"Coaching Laboral\" \/><span class=\"wpcf7-list-item-label\">Coaching Laboral<\/span><\/label><\/span><span class=\"wpcf7-list-item last\"><label><input type=\"checkbox\" name=\"what-can-we-do-for-you-answer[]\" value=\"Consultor\u00eda de Puesta en Marcha\" \/><span class=\"wpcf7-list-item-label\">Consultor\u00eda de Puesta en Marcha<\/span><\/label><\/span><\/span><\/span>\n\t\t<\/p>\n\t<\/div>\n<\/div>\n<div class=\"w3-row\">\n\t<div class=\"w3-col\">\n\t\t<p><label>Nombre y Apellido<\/label><br \/>\n<span class=\"wpcf7-form-control-wrap\" data-name=\"Vor-und-Nachname\"><input size=\"40\" maxlength=\"400\" class=\"wpcf7-form-control wpcf7-text wpcf7-validates-as-required\" autocomplete=\"off\" aria-required=\"true\" aria-invalid=\"false\" value=\"\" type=\"text\" name=\"Vor-und-Nachname\" \/><\/span>\n\t\t<\/p>\n\t<\/div>\n<\/div>\n<div class=\"w3-row\">\n\t<div class=\"w3-col\">\n\t\t<p><label>N\u00famero de Tel\u00e9fono<\/label><br \/>\n<span class=\"wpcf7-form-control-wrap\" data-name=\"telefonnummer\"><input size=\"40\" maxlength=\"400\" class=\"wpcf7-form-control wpcf7-tel wpcf7-text wpcf7-validates-as-tel\" autocomplete=\"off\" aria-invalid=\"false\" value=\"\" type=\"tel\" name=\"telefonnummer\" \/><\/span>\n\t\t<\/p>\n\t<\/div>\n\t<div class=\"w3-col\">\n\t\t<p><label>Direcci\u00f3n de Correo Electr\u00f3nico<\/label><br \/>\n<span class=\"wpcf7-form-control-wrap\" data-name=\"your-email\"><input size=\"40\" maxlength=\"400\" class=\"wpcf7-form-control wpcf7-email wpcf7-validates-as-required wpcf7-text wpcf7-validates-as-email\" autocomplete=\"off\" aria-required=\"true\" aria-invalid=\"false\" value=\"\" type=\"email\" name=\"your-email\" \/><\/span>\n\t\t<\/p>\n\t<\/div>\n<\/div>\n<div class=\"w3-row\">\n\t<div class=\"w3-col\">\n\t\t<p><label>Mensaje<\/label>\n\t\t<\/p>\n\t<\/div>\n\t<div class=\"w3-col\">\n\t\t<p><span class=\"wpcf7-form-control-wrap\" data-name=\"mitteilung\"><textarea cols=\"40\" rows=\"10\" maxlength=\"2000\" class=\"wpcf7-form-control wpcf7-textarea\" aria-invalid=\"false\" placeholder=\"m\u00e1ximo 500 caracteres\" name=\"mitteilung\"><\/textarea><\/span>\n\t\t<\/p>\n\t<\/div>\n<\/div>\n<div class=\"w3-row\">\n\t<div class=\"w3-col\">\n\t\t<p><label>\u00bfC\u00f3mo nos encontr\u00f3?<\/label>\n\t\t<\/p>\n\t<\/div>\n<\/div>\n<div class=\"w3-row\">\n\t<div class=\"w3-col\">\n\t\t<p><span class=\"wpcf7-form-control-wrap\" data-name=\"how-did-you-find-us-answer\"><span class=\"wpcf7-form-control wpcf7-checkbox checkbox\"><span class=\"wpcf7-list-item first\"><label><input type=\"checkbox\" name=\"how-did-you-find-us-answer[]\" value=\"Recomendaci\u00f3n Personal\" \/><span class=\"wpcf7-list-item-label\">Recomendaci\u00f3n Personal<\/span><\/label><\/span><span class=\"wpcf7-list-item\"><label><input type=\"checkbox\" name=\"how-did-you-find-us-answer[]\" value=\"B\u00fasqueda en Internet\" \/><span class=\"wpcf7-list-item-label\">B\u00fasqueda en Internet<\/span><\/label><\/span><span class=\"wpcf7-list-item last\"><label><input type=\"checkbox\" name=\"how-did-you-find-us-answer[]\" value=\"Redes Sociales\" \/><span class=\"wpcf7-list-item-label\">Redes Sociales<\/span><\/label><\/span><\/span><\/span>\n\t\t<\/p>\n\t<\/div>\n<\/div>\n<div class=\"w3-row\">\n\t<div class=\"w3-col\">\n\t\t<p><label>Protecci\u00f3n de Datos<br \/>\n<\/label><br \/>\n<span class=\"wpcf7-form-control-wrap\" data-name=\"datenschutz\"><span class=\"wpcf7-form-control wpcf7-checkbox wpcf7-validates-as-required\"><span class=\"wpcf7-list-item first last\"><input type=\"checkbox\" name=\"datenschutz[]\" value=\"Doy mi consentimiento para el tratamiento de mis datos personales facilitados anteriormente con el fin de recibir informaci\u00f3n sobre coaching. Mis datos podr\u00e1n ser transmitidos a los coaches a los que se remita para que me pongan en contacto con ellos. He tomado nota de la informaci\u00f3n adicional sobre el tratamiento de mis datos. Soy consciente de que puedo revocar el consentimiento otorgado en cualquier momento por tel\u00e9fono o enviando un correo electr\u00f3nico informal a info@beratungsgesellschaft-willkomm.de\" \/><span class=\"wpcf7-list-item-label\">Doy mi consentimiento para el tratamiento de mis datos personales facilitados anteriormente con el fin de recibir informaci\u00f3n sobre coaching. Mis datos podr\u00e1n ser transmitidos a los coaches a los que se remita para que me pongan en contacto con ellos. He tomado nota de la informaci\u00f3n adicional sobre el tratamiento de mis datos. Soy consciente de que puedo revocar el consentimiento otorgado en cualquier momento por tel\u00e9fono o enviando un correo electr\u00f3nico informal a info@beratungsgesellschaft-willkomm.de<\/span><\/span><\/span><\/span>\n\t\t<\/p>\n\t<\/div>\n<\/div>\n<div class=\"w3-row\">\n\t<div class=\"w3-col\">\n\t\t<p><span class=\"wpcf7-form-control-wrap\" data-name=\"quiz-827\"><label><span class=\"wpcf7-quiz-label\">34 + 10 = ?<\/span> <input size=\"40\" class=\"wpcf7-form-control wpcf7-quiz\" autocomplete=\"off\" aria-required=\"true\" aria-invalid=\"false\" type=\"text\" name=\"quiz-827\" \/><\/label><input type=\"hidden\" name=\"_wpcf7_quiz_answer_quiz-827\" value=\"84a28f7c445aa7a7dfb7bed85c1f1358\" \/><\/span>\n\t\t<\/p>\n\t<\/div>\n<\/div>\n<center>\n\t<div class=\"w3-row\">\n\t\t<div class=\"w3-col\">\n\t\t\t<p><input class=\"wpcf7-form-control wpcf7-submit has-spinner pc-button bg-primary-color square-button primary-border-color\" type=\"submit\" value=\"Enviar\" \/>\n\t\t\t<\/p>\n\t\t<\/div>\n\t<\/div>\n<\/center><div class=\"frc-captcha \" data-sitekey=\"FCMIVM5H8K1HPA6F\" data-lang=\"es\" ><\/div>\n\t\t<noscript>You need to enable Javascript for the anti-spam check.<\/noscript><div class=\"wpcf7-response-output\" aria-hidden=\"true\"><\/div>\n<\/form>\n<\/div>\n[\/et_pb_code][\/et_pb_column][\/et_pb_row][\/et_pb_section]<\/p>\n","protected":false},"excerpt":{"rendered":"<p>Alexandra Brecht Producto: Coaching laboral Idioma(s) del coaching: Alem\u00e1n Formaci\u00f3n\/certificaciones de coaching: Coach sist\u00e9mico certificado, entrenador mental (PEP \u201cpsicolog\u00eda centrada en el proceso y la corporeidad\u201d con el Dr. Michael Bohne), practicante de PNL (DVNLP), formador de Linc Personal Profiler (LLP Linc Institute), practicante alternativo de psicoterapia y varias titulaciones terap\u00e9uticas Experiencia en el sector: [&hellip;]<\/p>\n","protected":false},"author":1,"featured_media":0,"parent":5247,"menu_order":0,"comment_status":"closed","ping_status":"closed","template":"","meta":{"_et_pb_use_builder":"on","_et_pb_old_content":"","_et_gb_content_width":"","footnotes":""},"class_list":["post-5316","page","type-page","status-publish","hentry"],"yoast_head":"<!-- This site is optimized with the Yoast SEO plugin v26.0 - https:\/\/yoast.com\/wordpress\/plugins\/seo\/ -->\n<title>Alexandra Brecht | Entrenamiento AVGS en L\u00fcneburg y en l\u00ednea<\/title>\n<meta name=\"description\" content=\"Alexandra Brecht se centra en el desarrollo personal en su consultor\u00eda. El enfoque se centra en el ser humano. Ofrece coaching laboral en L\u00fcneburg.\" \/>\n<meta name=\"robots\" content=\"index, follow, max-snippet:-1, max-image-preview:large, max-video-preview:-1\" \/>\n<link rel=\"canonical\" href=\"https:\/\/avgs-gutschein.de\/es\/nuestrxs-entrenadorxs\/alexandra-brecht\/\" \/>\n<meta property=\"og:locale\" content=\"es_ES\" \/>\n<meta property=\"og:type\" content=\"article\" \/>\n<meta property=\"og:title\" content=\"Alexandra Brecht | Entrenamiento AVGS en L\u00fcneburg y en l\u00ednea\" \/>\n<meta property=\"og:description\" content=\"Alexandra Brecht se centra en el desarrollo personal en su consultor\u00eda. El enfoque se centra en el ser humano. Ofrece coaching laboral en L\u00fcneburg.\" \/>\n<meta property=\"og:url\" content=\"https:\/\/avgs-gutschein.de\/es\/nuestrxs-entrenadorxs\/alexandra-brecht\/\" \/>\n<meta property=\"og:site_name\" content=\"AVGS Gutschein\" \/>\n<meta property=\"article:modified_time\" content=\"2024-10-17T09:45:42+00:00\" \/>\n<meta name=\"twitter:card\" content=\"summary_large_image\" \/>\n<meta name=\"twitter:label1\" content=\"Tiempo de lectura\" \/>\n\t<meta name=\"twitter:data1\" content=\"5 minutos\" \/>\n<script type=\"application\/ld+json\" class=\"yoast-schema-graph\">{\"@context\":\"https:\/\/schema.org\",\"@graph\":[{\"@type\":\"WebPage\",\"@id\":\"https:\/\/avgs-gutschein.de\/es\/nuestrxs-entrenadorxs\/alexandra-brecht\/\",\"url\":\"https:\/\/avgs-gutschein.de\/es\/nuestrxs-entrenadorxs\/alexandra-brecht\/\",\"name\":\"Alexandra Brecht | Entrenamiento AVGS en L\u00fcneburg y en l\u00ednea\",\"isPartOf\":{\"@id\":\"https:\/\/avgs-gutschein.de\/es\/#website\"},\"datePublished\":\"2023-12-12T09:40:09+00:00\",\"dateModified\":\"2024-10-17T09:45:42+00:00\",\"description\":\"Alexandra Brecht se centra en el desarrollo personal en su consultor\u00eda. El enfoque se centra en el ser humano. Ofrece coaching laboral en L\u00fcneburg.\",\"breadcrumb\":{\"@id\":\"https:\/\/avgs-gutschein.de\/es\/nuestrxs-entrenadorxs\/alexandra-brecht\/#breadcrumb\"},\"inLanguage\":\"es\",\"potentialAction\":[{\"@type\":\"ReadAction\",\"target\":[\"https:\/\/avgs-gutschein.de\/es\/nuestrxs-entrenadorxs\/alexandra-brecht\/\"]}]},{\"@type\":\"BreadcrumbList\",\"@id\":\"https:\/\/avgs-gutschein.de\/es\/nuestrxs-entrenadorxs\/alexandra-brecht\/#breadcrumb\",\"itemListElement\":[{\"@type\":\"ListItem\",\"position\":1,\"name\":\"Startseite\",\"item\":\"https:\/\/avgs-gutschein.de\/es\/\"},{\"@type\":\"ListItem\",\"position\":2,\"name\":\"Nuestrxs entrenadorxs\",\"item\":\"https:\/\/avgs-gutschein.de\/es\/unsere-coaches\/\"},{\"@type\":\"ListItem\",\"position\":3,\"name\":\"Alexandra Brecht\"}]},{\"@type\":\"WebSite\",\"@id\":\"https:\/\/avgs-gutschein.de\/es\/#website\",\"url\":\"https:\/\/avgs-gutschein.de\/es\/\",\"name\":\"AVGS Gutschein\",\"description\":\"\",\"potentialAction\":[{\"@type\":\"SearchAction\",\"target\":{\"@type\":\"EntryPoint\",\"urlTemplate\":\"https:\/\/avgs-gutschein.de\/es\/?s={search_term_string}\"},\"query-input\":{\"@type\":\"PropertyValueSpecification\",\"valueRequired\":true,\"valueName\":\"search_term_string\"}}],\"inLanguage\":\"es\"}]}<\/script>\n<!-- \/ Yoast SEO plugin. -->","yoast_head_json":{"title":"Alexandra Brecht | Entrenamiento AVGS en L\u00fcneburg y en l\u00ednea","description":"Alexandra Brecht se centra en el desarrollo personal en su consultor\u00eda. El enfoque se centra en el ser humano. Ofrece coaching laboral en L\u00fcneburg.","robots":{"index":"index","follow":"follow","max-snippet":"max-snippet:-1","max-image-preview":"max-image-preview:large","max-video-preview":"max-video-preview:-1"},"canonical":"https:\/\/avgs-gutschein.de\/es\/nuestrxs-entrenadorxs\/alexandra-brecht\/","og_locale":"es_ES","og_type":"article","og_title":"Alexandra Brecht | Entrenamiento AVGS en L\u00fcneburg y en l\u00ednea","og_description":"Alexandra Brecht se centra en el desarrollo personal en su consultor\u00eda. El enfoque se centra en el ser humano. Ofrece coaching laboral en L\u00fcneburg.","og_url":"https:\/\/avgs-gutschein.de\/es\/nuestrxs-entrenadorxs\/alexandra-brecht\/","og_site_name":"AVGS Gutschein","article_modified_time":"2024-10-17T09:45:42+00:00","twitter_card":"summary_large_image","twitter_misc":{"Tiempo de lectura":"5 minutos"},"schema":{"@context":"https:\/\/schema.org","@graph":[{"@type":"WebPage","@id":"https:\/\/avgs-gutschein.de\/es\/nuestrxs-entrenadorxs\/alexandra-brecht\/","url":"https:\/\/avgs-gutschein.de\/es\/nuestrxs-entrenadorxs\/alexandra-brecht\/","name":"Alexandra Brecht | Entrenamiento AVGS en L\u00fcneburg y en l\u00ednea","isPartOf":{"@id":"https:\/\/avgs-gutschein.de\/es\/#website"},"datePublished":"2023-12-12T09:40:09+00:00","dateModified":"2024-10-17T09:45:42+00:00","description":"Alexandra Brecht se centra en el desarrollo personal en su consultor\u00eda. El enfoque se centra en el ser humano. Ofrece coaching laboral en L\u00fcneburg.","breadcrumb":{"@id":"https:\/\/avgs-gutschein.de\/es\/nuestrxs-entrenadorxs\/alexandra-brecht\/#breadcrumb"},"inLanguage":"es","potentialAction":[{"@type":"ReadAction","target":["https:\/\/avgs-gutschein.de\/es\/nuestrxs-entrenadorxs\/alexandra-brecht\/"]}]},{"@type":"BreadcrumbList","@id":"https:\/\/avgs-gutschein.de\/es\/nuestrxs-entrenadorxs\/alexandra-brecht\/#breadcrumb","itemListElement":[{"@type":"ListItem","position":1,"name":"Startseite","item":"https:\/\/avgs-gutschein.de\/es\/"},{"@type":"ListItem","position":2,"name":"Nuestrxs entrenadorxs","item":"https:\/\/avgs-gutschein.de\/es\/unsere-coaches\/"},{"@type":"ListItem","position":3,"name":"Alexandra Brecht"}]},{"@type":"WebSite","@id":"https:\/\/avgs-gutschein.de\/es\/#website","url":"https:\/\/avgs-gutschein.de\/es\/","name":"AVGS Gutschein","description":"","potentialAction":[{"@type":"SearchAction","target":{"@type":"EntryPoint","urlTemplate":"https:\/\/avgs-gutschein.de\/es\/?s={search_term_string}"},"query-input":{"@type":"PropertyValueSpecification","valueRequired":true,"valueName":"search_term_string"}}],"inLanguage":"es"}]}},"_links":{"self":[{"href":"https:\/\/avgs-gutschein.de\/es\/wp-json\/wp\/v2\/pages\/5316","targetHints":{"allow":["GET"]}}],"collection":[{"href":"https:\/\/avgs-gutschein.de\/es\/wp-json\/wp\/v2\/pages"}],"about":[{"href":"https:\/\/avgs-gutschein.de\/es\/wp-json\/wp\/v2\/types\/page"}],"author":[{"embeddable":true,"href":"https:\/\/avgs-gutschein.de\/es\/wp-json\/wp\/v2\/users\/1"}],"replies":[{"embeddable":true,"href":"https:\/\/avgs-gutschein.de\/es\/wp-json\/wp\/v2\/comments?post=5316"}],"version-history":[{"count":5,"href":"https:\/\/avgs-gutschein.de\/es\/wp-json\/wp\/v2\/pages\/5316\/revisions"}],"predecessor-version":[{"id":7067,"href":"https:\/\/avgs-gutschein.de\/es\/wp-json\/wp\/v2\/pages\/5316\/revisions\/7067"}],"up":[{"embeddable":true,"href":"https:\/\/avgs-gutschein.de\/es\/wp-json\/wp\/v2\/pages\/5247"}],"wp:attachment":[{"href":"https:\/\/avgs-gutschein.de\/es\/wp-json\/wp\/v2\/media?parent=5316"}],"curies":[{"name":"wp","href":"https:\/\/api.w.org\/{rel}","templated":true}]}}