{"id":5282,"date":"2023-12-12T08:24:21","date_gmt":"2023-12-12T07:24:21","guid":{"rendered":"https:\/\/avgs-gutschein.de\/nuestras-entrenadoras\/heike-bartsch\/"},"modified":"2025-10-07T08:55:43","modified_gmt":"2025-10-07T06:55:43","slug":"heike-bartsch","status":"publish","type":"page","link":"https:\/\/avgs-gutschein.de\/es\/nuestrxs-entrenadorxs\/heike-bartsch\/","title":{"rendered":"Heike Bartsch"},"content":{"rendered":"<p>[et_pb_section fb_built=\u00bb1&#8243; module_class=\u00bbcoaches-img\u00bb _builder_version=\u00bb4.24.0&#8243; _module_preset=\u00bbdefault\u00bb background_color=\u00bb#e0e0e0&#8243; custom_padding=\u00bb0px||0px||true|false\u00bb global_colors_info=\u00bb{}\u00bb][et_pb_row column_structure=\u00bb2_5,3_5&#8243; use_custom_gutter=\u00bbon\u00bb make_equal=\u00bbon\u00bb _builder_version=\u00bb4.27.4&#8243; _module_preset=\u00bbdefault\u00bb custom_padding=\u00bb0px||0px||true|false\u00bb hover_enabled=\u00bb0&#8243; global_colors_info=\u00bb{}\u00bb sticky_enabled=\u00bb0&#8243;][et_pb_column type=\u00bb2_5&#8243; _builder_version=\u00bb4.27.4&#8243; _module_preset=\u00bbdefault\u00bb background_image=\u00bbhttps:\/\/avgs-gutschein.de\/wp-content\/uploads\/2025\/04\/Heike_Bartsch_profile_pic.webp\u00bb custom_padding_tablet=\u00bb38vw||38vw||true|false\u00bb custom_padding_phone=\u00bb38vw||38vw||true|false\u00bb custom_padding_last_edited=\u00bbon|tablet\u00bb hover_enabled=\u00bb0&#8243; global_colors_info=\u00bb{}\u00bb title_text=\u00bbHeike_Bartsch_profile_pic\u00bb sticky_enabled=\u00bb0&#8243;][\/et_pb_column][et_pb_column type=\u00bb3_5&#8243; _builder_version=\u00bb4.23.1&#8243; _module_preset=\u00bbdefault\u00bb custom_padding=\u00bb3vw||3vw||true|false\u00bb custom_padding_tablet=\u00bb3vw||3vw||true|false\u00bb custom_padding_phone=\u00bb8vw||10vw||false|false\u00bb custom_padding_last_edited=\u00bbon|phone\u00bb global_colors_info=\u00bb{}\u00bb][et_pb_text _builder_version=\u00bb4.23.1&#8243; _module_preset=\u00bbdefault\u00bb header_font=\u00bb|800|||||||\u00bb header_text_color=\u00bb#000000&#8243; global_colors_info=\u00bb{}\u00bb]<\/p>\n<h1>Heike Bartsch<\/h1>\n<p>[\/et_pb_text][et_pb_text module_class=\u00bbsub-prof\u00bb _builder_version=\u00bb4.27.2&#8243; _module_preset=\u00bbdefault\u00bb text_text_color=\u00bb#000000&#8243; global_colors_info=\u00bb{}\u00bb]<\/p>\n<div class=\"coach-desc\">\n<p><strong>Producto:<\/strong> Coaching laboral, asesoramiento para la creaci\u00f3n de empresas<\/p>\n<hr \/>\n<p><strong>Idioma(s) del coaching: <\/strong>Alem\u00e1n<\/p>\n<hr \/>\n<p><strong>Formaci\u00f3n\/certificaciones de coaching: <\/strong>Formaci\u00f3n para convertirse en coach empresarial sist\u00e9mico en la Calumis Academy, D\u00fcsseldorf, reconocida por la International Coaching Federation (ICF)<br \/>\nCertificaci\u00f3n como coach empresarial sist\u00e9mico por la DVCT e.V.<\/p>\n<hr \/>\n<p><strong>Sectores de especializaci\u00f3n: <\/strong>Consultor\u00eda\/coaching, servicios, energ\u00eda, eventos\/ocio, gastronom\u00eda\/hoteler\u00eda, salud\/cuidado, comercio\/ventas, artesan\u00eda, arte\/dise\u00f1o, cultura\/humanidades, marketing\/comunicaci\u00f3n, ONG, bienestar\/fitness<\/p>\n<\/div>\n<p>[\/et_pb_text][et_pb_button button_url=\u00bb\/es\/nuestrxs-entrenadorxs\/heike-bartsch\/#kontakt-heike-bartsch\u00bb button_text=\u00bbReserva una consulta inicial\u00bb _builder_version=\u00bb4.27.2&#8243; _module_preset=\u00bbdefault\u00bb custom_button=\u00bbon\u00bb button_text_size=\u00bb16px\u00bb button_text_color=\u00bb#ffffff\u00bb button_bg_color=\u00bb#cd222a\u00bb button_border_width=\u00bb0px\u00bb button_border_color=\u00bb#FFFFFF\u00bb global_colors_info=\u00bb{}\u00bb][\/et_pb_button][\/et_pb_column][\/et_pb_row][\/et_pb_section][et_pb_section fb_built=\u00bb1&#8243; _builder_version=\u00bb4.23.1&#8243; _module_preset=\u00bbdefault\u00bb global_colors_info=\u00bb{}\u00bb][et_pb_row column_structure=\u00bb2_3,1_3&#8243; use_custom_gutter=\u00bbon\u00bb make_equal=\u00bbon\u00bb _builder_version=\u00bb4.23.1&#8243; _module_preset=\u00bbdefault\u00bb global_colors_info=\u00bb{}\u00bb][et_pb_column type=\u00bb2_3&#8243; _builder_version=\u00bb4.23.1&#8243; _module_preset=\u00bbdefault\u00bb custom_padding=\u00bb|3vw|||false|false\u00bb border_width_right=\u00bb1px\u00bb border_color_right=\u00bb#cd222a\u00bb global_colors_info=\u00bb{}\u00bb][et_pb_text module_class=\u00bbprof-question\u00bb _builder_version=\u00bb4.27.2&#8243; _module_preset=\u00bbdefault\u00bb text_text_color=\u00bb#cd222a\u00bb text_font_size=\u00bb24px\u00bb global_colors_info=\u00bb{}\u00bb]1. \u00bfQu\u00e9 resultados mensurables ha logrado junto con sus clientes y qu\u00e9 lo distingue?[\/et_pb_text][et_pb_text module_class=\u00bbprof-answer\u00bb _builder_version=\u00bb4.27.2&#8243; _module_preset=\u00bbdefault\u00bb text_font=\u00bb|300|||||||\u00bb text_font_size=\u00bb18px\u00bb text_line_height=\u00bb2em\u00bb global_colors_info=\u00bb{}\u00bb]<span><\/span>Adem\u00e1s de numerosas reorientaciones profesionales que se han implementado con alegr\u00eda y que se basan en s\u00f3lidos an\u00e1lisis de competencias, existen las nuevas empresas que se han hecho realidad: cuando los nuevos empresarios triunfan en el mercado con sus productos o servicios y reciben financiaci\u00f3n para ellos.<\/p>\n<p>Seg\u00fan los comentarios de mis coachees, lo que me distingue especialmente es mi enfoque estructurado, las risas compartidas y mi compromiso, que exijo en nuestro trabajo conjunto y que yo mismo aporto.[\/et_pb_text][et_pb_text module_class=\u00bbprof-question\u00bb _builder_version=\u00bb4.27.2&#8243; _module_preset=\u00bbdefault\u00bb text_text_color=\u00bb#cd222a\u00bb text_font_size=\u00bb24px\u00bb global_colors_info=\u00bb{}\u00bb]2. \u00bfQu\u00e9 es lo que m\u00e1s le satisface de su trabajo?[\/et_pb_text][et_pb_text module_class=\u00bbprof-answer\u00bb _builder_version=\u00bb4.27.2&#8243; _module_preset=\u00bbdefault\u00bb text_font=\u00bb|300|||||||\u00bb text_font_size=\u00bb18px\u00bb text_line_height=\u00bb2em\u00bb global_colors_info=\u00bb{}\u00bb]Siempre me resulta muy especial cuando<\/p>\n<ul>\n<li>mis alumnos descubren sus puntos fuertes,<\/li>\n<li>superar obst\u00e1culos,<\/li>\n<li>\u00a0encontrar su propio camino y<\/li>\n<li>llegar a la implementaci\u00f3n con una sonrisa en la cara<\/li>\n<\/ul>\n<p>[\/et_pb_text][et_pb_text module_class=\u00bbprof-question\u00bb _builder_version=\u00bb4.27.2&#8243; _module_preset=\u00bbdefault\u00bb text_text_color=\u00bb#cd222a\u00bb text_font_size=\u00bb24px\u00bb global_colors_info=\u00bb{}\u00bb]3. \u00bfQu\u00e9 dicen sus clientes sobre usted?[\/et_pb_text][et_pb_text module_class=\u00bbprof-answer\u00bb _builder_version=\u00bb4.27.2&#8243; _module_preset=\u00bbdefault\u00bb text_font=\u00bb|300|||||||\u00bb text_font_size=\u00bb18px\u00bb text_line_height=\u00bb2em\u00bb global_colors_info=\u00bb{}\u00bb]Mis coachees siempre me dicen que aprecian mi dise\u00f1o de procesos, as\u00ed como el hecho de que me ci\u00f1a a los temas dif\u00edciles y que el humor y la risa juegan un papel importante en esto. Conmigo, experimentar\u00e1 una nueva perspectiva sobre su curr\u00edculum y sus competencias, que constituye la base para nuevas soluciones.<\/p>\n<p>Citas originales:<\/p>\n<ul>\n<li><span><\/span>\u00abHe podido experimentar un coaching muy profesional y emp\u00e1tico y me he sentido muy bien apoyada en el trabajo con Heike gracias a su actitud c\u00e1lida y abierta. Con preguntas espec\u00edficas y el instinto adecuado, me desafi\u00f3 y me acompa\u00f1\u00f3 en este camino. El coaching con Heike tendr\u00e1 un impacto duradero en m\u00ed.\u00bb<\/li>\n<li><span><\/span>\u00abEl estilo amable, abierto y agradecido de la Sra. Bartsch me permiti\u00f3 involucrarme r\u00e1pidamente en el trabajo conjunto. Durante el proceso de coaching, pude reflexionar inicialmente sobre mi carrera profesional anterior y, de este modo, desarrollar una nueva apreciaci\u00f3n de mis logros anteriores. La Sra. Bartsch me ayud\u00f3 a centrarme una y otra vez en mis puntos fuertes y habilidades, lo que tuvo un efecto fortalecedor en mi autoimagen.\u00bb<\/li>\n<li><span><\/span>\u00abMe gustar\u00eda agradecer mucho a Heike Bartsch por el coaching profesional, met\u00f3dico, competente y emp\u00e1tico. Gracias a sus muchos a\u00f1os de experiencia profesional y a sus s\u00f3lidas habilidades de comunicaci\u00f3n, la Sra. Bartsch posee las habilidades cruciales para acompa\u00f1ar a las personas de manera adecuada y emp\u00e1tica en las fases importantes de la vida.\u00bb<\/li>\n<\/ul>\n<p>`&#8230; Afortunadamente, la Sra. Bartsch no tiene miedo de hablar \u00aben lenguaje sencillo\u00bb de vez en cuando, y eso es exactamente lo que necesitaba en mi situaci\u00f3n.\u00b4[\/et_pb_text][et_pb_text module_class=\u00bbprof-question\u00bb _builder_version=\u00bb4.27.2&#8243; _module_preset=\u00bbdefault\u00bb text_text_color=\u00bb#cd222a\u00bb text_font_size=\u00bb24px\u00bb global_colors_info=\u00bb{}\u00bb]4. \u00bfQu\u00e9 es lo que te motiva y cu\u00e1l es tu tarea favorita como coach\/formador?[\/et_pb_text][et_pb_text module_class=\u00bbprof-answer\u00bb _builder_version=\u00bb4.27.2&#8243; _module_preset=\u00bbdefault\u00bb text_font=\u00bb|300|||||||\u00bb text_font_size=\u00bb18px\u00bb text_line_height=\u00bb2em\u00bb global_colors_info=\u00bb{}\u00bb]Lo que me motiva es liberar el potencial de mis clientes:<\/p>\n<p>Por un lado, se trata del descubrimiento conjunto de las fortalezas y peculiaridades de mis coachees, y ver c\u00f3mo desarrollan una nueva conciencia\/confianza en s\u00ed mismos en este sentido. Si a partir de esto se desarrolla una nueva actitud, la experiencia en el entorno habitual cambia o se desarrolla una nueva direcci\u00f3n profesional a partir de esto, me llena de gran alegr\u00eda.<\/p>\n<p>Por otro lado, son las start-ups implementadas. Cuando los fundadores y sus ideas maduran y luego encuentran su lugar en el mercado con sus productos o servicios.[\/et_pb_text][et_pb_text module_class=\u00bbprof-question\u00bb _builder_version=\u00bb4.27.2&#8243; _module_preset=\u00bbdefault\u00bb text_text_color=\u00bb#cd222a\u00bb text_font_size=\u00bb24px\u00bb global_colors_info=\u00bb{}\u00bb]5. \u00bfCu\u00e1l es la mejor manera de desconectar?[\/et_pb_text][et_pb_text module_class=\u00bbprof-answer\u00bb _builder_version=\u00bb4.27.2&#8243; _module_preset=\u00bbdefault\u00bb text_font=\u00bb|300|||||||\u00bb text_font_size=\u00bb18px\u00bb text_line_height=\u00bb2em\u00bb global_colors_info=\u00bb{}\u00bb]Cuando cocino con la familia y\/o amigos y disfrutamos juntos de una comida en una mesa grande; cuando me cautivan los buenos libros; cuando puedo descubrir nuevos lugares[\/et_pb_text][et_pb_text module_class=\u00bbprof-question\u00bb _builder_version=\u00bb4.27.2&#8243; _module_preset=\u00bbdefault\u00bb text_text_color=\u00bb#cd222a\u00bb text_font_size=\u00bb24px\u00bb global_colors_info=\u00bb{}\u00bb]6. En tus propias palabras: \u00bfQu\u00e9 hace un coach?[\/et_pb_text][et_pb_text module_class=\u00bbprof-answer\u00bb _builder_version=\u00bb4.27.2&#8243; _module_preset=\u00bbdefault\u00bb text_font=\u00bb|300|||||||\u00bb text_font_size=\u00bb18px\u00bb text_line_height=\u00bb2em\u00bb global_colors_info=\u00bb{}\u00bb]Como coach, me veo como un compa\u00f1ero de entrenamiento que utiliza m\u00e9todos probados y comprobados de coaching sist\u00e9mico, mi propio enfoque y mucho humor para crear claridad, ver lo mejor de la otra persona y as\u00ed abrirle nuevas perspectivas.[\/et_pb_text][\/et_pb_column][et_pb_column type=\u00bb1_3&#8243; _builder_version=\u00bb4.23.1&#8243; _module_preset=\u00bbdefault\u00bb global_colors_info=\u00bb{}\u00bb][et_pb_blurb title=\u00bbUbicaci\u00f3n\u00bb use_icon=\u00bbon\u00bb font_icon=\u00bb&#xe01d;||divi||400&#8243; icon_color=\u00bb#cd222a\u00bb image_icon_width=\u00bb40px\u00bb icon_alignment=\u00bbleft\u00bb _builder_version=\u00bb4.27.4&#8243; _module_preset=\u00bbdefault\u00bb header_level=\u00bbh2&#8243; body_font_size=\u00bb18px\u00bb body_line_height=\u00bb1.8em\u00bb hover_enabled=\u00bb0&#8243; global_colors_info=\u00bb{}\u00bb sticky_enabled=\u00bb0&#8243;]Presencia online en toda Alemania en: Essen, D\u00fcsseldorf[\/et_pb_blurb][et_pb_blurb title=\u00bbFormaci\u00f3n profesional y experiencia profesional:\u00bb use_icon=\u00bbon\u00bb font_icon=\u00bb&#xf19d;||fa||900&#8243; icon_color=\u00bb#cd222a\u00bb image_icon_width=\u00bb40px\u00bb icon_alignment=\u00bbleft\u00bb _builder_version=\u00bb4.27.2&#8243; _module_preset=\u00bbdefault\u00bb header_level=\u00bbh2&#8243; header_line_height=\u00bb1.2em\u00bb body_font_size=\u00bb18px\u00bb body_line_height=\u00bb1.8em\u00bb global_colors_info=\u00bb{}\u00bb]Educaci\u00f3n: Licenciada en Econom\u00eda y Coach de Negocios Sist\u00e9micos certificada<br \/>\nM\u00e1s de 20 a\u00f1os de experiencia profesional como licenciada en Econom\u00eda en y con grandes empresas en el entorno financiero nacional e internacional, incluyendo resoluci\u00f3n de problemas en proyectos empresariales, experiencia en negociaci\u00f3n, creaci\u00f3n de \u00e1reas y redes empresariales, gesti\u00f3n y desarrollo de empleados, asesoramiento a start-ups y empresarios y empresas medianas; trabajando como coach sist\u00e9mico durante 3 a\u00f1os (&gt; 700h)[\/et_pb_blurb][et_pb_blurb title=\u00bbIntereses personales\u00bb use_icon=\u00bbon\u00bb font_icon=\u00bb&#xe030;||divi||400&#8243; icon_color=\u00bb#cd222a\u00bb image_icon_width=\u00bb40px\u00bb icon_alignment=\u00bbleft\u00bb _builder_version=\u00bb4.27.2&#8243; _module_preset=\u00bbdefault\u00bb header_level=\u00bbh2&#8243; header_line_height=\u00bb1.2em\u00bb body_font_size=\u00bb18px\u00bb body_line_height=\u00bb1.8em\u00bb global_colors_info=\u00bb{}\u00bb]Tiempo, cocina y comida con familiares y amigos, conversaciones inspiradoras, correr y m\u00fasica[\/et_pb_blurb][\/et_pb_column][\/et_pb_row][et_pb_row module_id=\u00bbkontakt-heike-bartsch\u00bb _builder_version=\u00bb4.23.1&#8243; _module_preset=\u00bbdefault\u00bb global_colors_info=\u00bb{}\u00bb][et_pb_column type=\u00bb4_4&#8243; _builder_version=\u00bb4.23.1&#8243; _module_preset=\u00bbdefault\u00bb global_colors_info=\u00bb{}\u00bb][et_pb_text _builder_version=\u00bb4.27.2&#8243; _module_preset=\u00bbdefault\u00bb header_2_text_color=\u00bb#cd222a\u00bb header_2_font_size=\u00bb30px\u00bb global_colors_info=\u00bb{}\u00bb]<\/p>\n<h2>Solicitud de coaching de AVGS para Heike Bartsch<\/h2>\n<p>[\/et_pb_text][et_pb_text _builder_version=\u00bb4.27.2&#8243; _module_preset=\u00bbdefault\u00bb text_font_size=\u00bb18px\u00bb text_line_height=\u00bb2em\u00bb global_colors_info=\u00bb{}\u00bb]Le enviaremos sus datos a Heike Bartsch para que pueda contactarte lo antes posible con una fecha sugerida para una consulta inicial sin compromiso. \u00bfQu\u00e9 solicitud de coaching de AVGS tienes?[\/et_pb_text][et_pb_code module_class=\u00bbcf-kntkt-form cf-sub-kntkt-form\u00bb _builder_version=\u00bb4.24.0&#8243; _module_preset=\u00bbdefault\u00bb global_colors_info=\u00bb{}\u00bb]\n<div class=\"wpcf7 no-js\" id=\"wpcf7-f6761-o1\" lang=\"es-ES\" dir=\"ltr\" data-wpcf7-id=\"6761\">\n<div class=\"screen-reader-response\"><p role=\"status\" aria-live=\"polite\" aria-atomic=\"true\"><\/p> <ul><\/ul><\/div>\n<form action=\"\/es\/wp-json\/wp\/v2\/pages\/5282#wpcf7-f6761-o1\" method=\"post\" class=\"wpcf7-form init\" aria-label=\"Formulario de contacto\" novalidate=\"novalidate\" data-status=\"init\">\n<fieldset class=\"hidden-fields-container\"><input type=\"hidden\" name=\"_wpcf7\" value=\"6761\" \/><input type=\"hidden\" name=\"_wpcf7_version\" value=\"6.1.2\" \/><input type=\"hidden\" name=\"_wpcf7_locale\" value=\"es_ES\" \/><input type=\"hidden\" name=\"_wpcf7_unit_tag\" value=\"wpcf7-f6761-o1\" \/><input type=\"hidden\" name=\"_wpcf7_container_post\" value=\"0\" \/><input type=\"hidden\" name=\"_wpcf7_posted_data_hash\" value=\"\" \/>\n<\/fieldset>\n<div class=\"w3-row\">\n\t<div class=\"w3-col\">\n\t\t<p><span class=\"wpcf7-form-control-wrap\" data-name=\"what-can-we-do-for-you-answer\"><span class=\"wpcf7-form-control wpcf7-checkbox checkbox\"><span class=\"wpcf7-list-item first\"><label><input type=\"checkbox\" name=\"what-can-we-do-for-you-answer[]\" value=\"Jobcoaching\" \/><span class=\"wpcf7-list-item-label\">Jobcoaching<\/span><\/label><\/span><span class=\"wpcf7-list-item last\"><label><input type=\"checkbox\" name=\"what-can-we-do-for-you-answer[]\" value=\"Gr\u00fcndungsberatung\" \/><span class=\"wpcf7-list-item-label\">Gr\u00fcndungsberatung<\/span><\/label><\/span><\/span><\/span>\n\t\t<\/p>\n\t<\/div>\n<\/div>\n<div class=\"w3-row\">\n\t<div class=\"w3-col\">\n\t\t<p><label>Vor- und Nachname<\/label><br \/>\n<span class=\"wpcf7-form-control-wrap\" data-name=\"Vor-und-Nachname\"><input size=\"40\" maxlength=\"400\" class=\"wpcf7-form-control wpcf7-text wpcf7-validates-as-required\" autocomplete=\"off\" aria-required=\"true\" aria-invalid=\"false\" value=\"\" type=\"text\" name=\"Vor-und-Nachname\" \/><\/span>\n\t\t<\/p>\n\t<\/div>\n<\/div>\n<div class=\"w3-row\">\n\t<div class=\"w3-col\">\n\t\t<p><label>Telefonnummer<\/label><br \/>\n<span class=\"wpcf7-form-control-wrap\" data-name=\"telefonnummer\"><input size=\"40\" maxlength=\"400\" class=\"wpcf7-form-control wpcf7-tel wpcf7-text wpcf7-validates-as-tel\" autocomplete=\"off\" aria-invalid=\"false\" value=\"\" type=\"tel\" name=\"telefonnummer\" \/><\/span>\n\t\t<\/p>\n\t<\/div>\n\t<div class=\"w3-col\">\n\t\t<p><label>E-Mail-Adresse<\/label><br \/>\n<span class=\"wpcf7-form-control-wrap\" data-name=\"your-email\"><input size=\"40\" maxlength=\"400\" class=\"wpcf7-form-control wpcf7-email wpcf7-validates-as-required wpcf7-text wpcf7-validates-as-email\" autocomplete=\"off\" aria-required=\"true\" aria-invalid=\"false\" value=\"\" type=\"email\" name=\"your-email\" \/><\/span>\n\t\t<\/p>\n\t<\/div>\n<\/div>\n<div class=\"w3-row\">\n\t<div class=\"w3-col\">\n\t\t<p><label>Mitteilung<\/label>\n\t\t<\/p>\n\t<\/div>\n\t<div class=\"w3-col\">\n\t\t<p><span class=\"wpcf7-form-control-wrap\" data-name=\"mitteilung\"><textarea cols=\"40\" rows=\"10\" maxlength=\"2000\" class=\"wpcf7-form-control wpcf7-textarea\" aria-invalid=\"false\" placeholder=\"max 500 Zeichen\" name=\"mitteilung\"><\/textarea><\/span>\n\t\t<\/p>\n\t<\/div>\n<\/div>\n<div class=\"w3-row\">\n\t<div class=\"w3-col\">\n\t\t<p><label>Wie haben Sie uns gefunden?<\/label>\n\t\t<\/p>\n\t<\/div>\n<\/div>\n<div class=\"w3-row\">\n\t<div class=\"w3-col\">\n\t\t<p><span class=\"wpcf7-form-control-wrap\" data-name=\"how-did-you-find-us-answer\"><span class=\"wpcf7-form-control wpcf7-checkbox checkbox\"><span class=\"wpcf7-list-item first\"><label><input type=\"checkbox\" name=\"how-did-you-find-us-answer[]\" value=\"Pers\u00f6nliche Empfehlung\" \/><span class=\"wpcf7-list-item-label\">Pers\u00f6nliche Empfehlung<\/span><\/label><\/span><span class=\"wpcf7-list-item\"><label><input type=\"checkbox\" name=\"how-did-you-find-us-answer[]\" value=\"Internetsuche\" \/><span class=\"wpcf7-list-item-label\">Internetsuche<\/span><\/label><\/span><span class=\"wpcf7-list-item last\"><label><input type=\"checkbox\" name=\"how-did-you-find-us-answer[]\" value=\"Social Media\" \/><span class=\"wpcf7-list-item-label\">Social Media<\/span><\/label><\/span><\/span><\/span>\n\t\t<\/p>\n\t<\/div>\n<\/div>\n<div class=\"w3-row\">\n\t<div class=\"w3-col\">\n\t\t<p><label>Datenschutz<\/label><br \/>\n<span class=\"wpcf7-form-control-wrap\" data-name=\"datenschutz\"><span class=\"wpcf7-form-control wpcf7-checkbox wpcf7-validates-as-required\"><span class=\"wpcf7-list-item first last\"><input type=\"checkbox\" name=\"datenschutz[]\" value=\"Ich willige in die Verarbeitung meiner oben angegebenen personenbezogenen Daten zum Zwecke des Erhalts von Informationen zu Coachings ein. Meine Daten werden ggfls. zur Kontaktaufnahme an die zu vermittelten Coaches weitergegeben. Die weiteren Informationen zur Verarbeitung meiner Daten habe ich zur Kenntnis genommen. Ich bin mir bewusst, dass ich die erteilten Einwilligungen jederzeit telefonisch oder mit einer formlosen Mitteilung per E-Mail an kontakt@beratung-westphal.de widerrufen kann.\" \/><span class=\"wpcf7-list-item-label\">Ich willige in die Verarbeitung meiner oben angegebenen personenbezogenen Daten zum Zwecke des Erhalts von Informationen zu Coachings ein. Meine Daten werden ggfls. zur Kontaktaufnahme an die zu vermittelten Coaches weitergegeben. Die weiteren Informationen zur Verarbeitung meiner Daten habe ich zur Kenntnis genommen. Ich bin mir bewusst, dass ich die erteilten Einwilligungen jederzeit telefonisch oder mit einer formlosen Mitteilung per E-Mail an kontakt@beratung-westphal.de widerrufen kann.<\/span><\/span><\/span><\/span>\n\t\t<\/p>\n\t<\/div>\n<\/div>\n<div class=\"w3-row\">\n\t<div class=\"w3-col\">\n\t\t<p><span class=\"wpcf7-form-control-wrap\" data-name=\"quiz-827\"><label><span class=\"wpcf7-quiz-label\">34 + 10 = ?<\/span> <input size=\"40\" class=\"wpcf7-form-control wpcf7-quiz\" autocomplete=\"off\" aria-required=\"true\" aria-invalid=\"false\" type=\"text\" name=\"quiz-827\" \/><\/label><input type=\"hidden\" name=\"_wpcf7_quiz_answer_quiz-827\" value=\"84a28f7c445aa7a7dfb7bed85c1f1358\" \/><\/span>\n\t\t<\/p>\n\t<\/div>\n<\/div>\n<center>\n\t<div class=\"w3-row\">\n\t\t<div class=\"w3-col\">\n\t\t\t<p><input class=\"wpcf7-form-control wpcf7-submit has-spinner pc-button bg-primary-color square-button primary-border-color\" type=\"submit\" value=\"Senden\" \/>\n\t\t\t<\/p>\n\t\t<\/div>\n\t<\/div>\n<\/center><div class=\"frc-captcha \" data-sitekey=\"FCMIVM5H8K1HPA6F\" data-lang=\"es\" ><\/div>\n\t\t<noscript>You need to enable Javascript for the anti-spam check.<\/noscript><div class=\"wpcf7-response-output\" aria-hidden=\"true\"><\/div>\n<\/form>\n<\/div>\n[\/et_pb_code][\/et_pb_column][\/et_pb_row][\/et_pb_section]<\/p>\n","protected":false},"excerpt":{"rendered":"<p>Heike Bartsch Producto: Coaching laboral, asesoramiento para la creaci\u00f3n de empresas Idioma(s) del coaching: Alem\u00e1n Formaci\u00f3n\/certificaciones de coaching: Formaci\u00f3n para convertirse en coach empresarial sist\u00e9mico en la Calumis Academy, D\u00fcsseldorf, reconocida por la International Coaching Federation (ICF) Certificaci\u00f3n como coach empresarial sist\u00e9mico por la DVCT e.V. Sectores de especializaci\u00f3n: Consultor\u00eda\/coaching, servicios, energ\u00eda, eventos\/ocio, gastronom\u00eda\/hoteler\u00eda, salud\/cuidado, [&hellip;]<\/p>\n","protected":false},"author":1,"featured_media":0,"parent":5247,"menu_order":0,"comment_status":"closed","ping_status":"closed","template":"","meta":{"_et_pb_use_builder":"on","_et_pb_old_content":"<!-- wp:divi\/placeholder \/-->","_et_gb_content_width":"","footnotes":""},"class_list":["post-5282","page","type-page","status-publish","hentry"],"yoast_head":"<!-- This site is optimized with the Yoast SEO plugin v26.0 - https:\/\/yoast.com\/wordpress\/plugins\/seo\/ -->\n<title>Heike Bartsch | Entrenamiento AVGS online en toda Alemania<\/title>\n<meta name=\"description\" content=\"Heike Bartsch ofrece asesoramiento profesional para la creaci\u00f3n de empresas y el empleo. Su reorientaci\u00f3n profesional se basa en s\u00f3lidos an\u00e1lisis de competencias.\" \/>\n<meta name=\"robots\" content=\"index, follow, max-snippet:-1, max-image-preview:large, max-video-preview:-1\" \/>\n<link rel=\"canonical\" href=\"https:\/\/avgs-gutschein.de\/es\/nuestrxs-entrenadorxs\/heike-bartsch\/\" \/>\n<meta property=\"og:locale\" content=\"es_ES\" \/>\n<meta property=\"og:type\" content=\"article\" \/>\n<meta property=\"og:title\" content=\"Heike Bartsch | Entrenamiento AVGS online en toda Alemania\" \/>\n<meta property=\"og:description\" content=\"Heike Bartsch ofrece asesoramiento profesional para la creaci\u00f3n de empresas y el empleo. Su reorientaci\u00f3n profesional se basa en s\u00f3lidos an\u00e1lisis de competencias.\" \/>\n<meta property=\"og:url\" content=\"https:\/\/avgs-gutschein.de\/es\/nuestrxs-entrenadorxs\/heike-bartsch\/\" \/>\n<meta property=\"og:site_name\" content=\"AVGS Gutschein\" \/>\n<meta property=\"article:modified_time\" content=\"2025-10-07T06:55:43+00:00\" \/>\n<meta name=\"twitter:card\" content=\"summary_large_image\" \/>\n<meta name=\"twitter:label1\" content=\"Tiempo de lectura\" \/>\n\t<meta name=\"twitter:data1\" content=\"5 minutos\" \/>\n<script type=\"application\/ld+json\" class=\"yoast-schema-graph\">{\"@context\":\"https:\/\/schema.org\",\"@graph\":[{\"@type\":\"WebPage\",\"@id\":\"https:\/\/avgs-gutschein.de\/es\/nuestrxs-entrenadorxs\/heike-bartsch\/\",\"url\":\"https:\/\/avgs-gutschein.de\/es\/nuestrxs-entrenadorxs\/heike-bartsch\/\",\"name\":\"Heike Bartsch | Entrenamiento AVGS online en toda Alemania\",\"isPartOf\":{\"@id\":\"https:\/\/avgs-gutschein.de\/es\/#website\"},\"datePublished\":\"2023-12-12T07:24:21+00:00\",\"dateModified\":\"2025-10-07T06:55:43+00:00\",\"description\":\"Heike Bartsch ofrece asesoramiento profesional para la creaci\u00f3n de empresas y el empleo. Su reorientaci\u00f3n profesional se basa en s\u00f3lidos an\u00e1lisis de competencias.\",\"breadcrumb\":{\"@id\":\"https:\/\/avgs-gutschein.de\/es\/nuestrxs-entrenadorxs\/heike-bartsch\/#breadcrumb\"},\"inLanguage\":\"es\",\"potentialAction\":[{\"@type\":\"ReadAction\",\"target\":[\"https:\/\/avgs-gutschein.de\/es\/nuestrxs-entrenadorxs\/heike-bartsch\/\"]}]},{\"@type\":\"BreadcrumbList\",\"@id\":\"https:\/\/avgs-gutschein.de\/es\/nuestrxs-entrenadorxs\/heike-bartsch\/#breadcrumb\",\"itemListElement\":[{\"@type\":\"ListItem\",\"position\":1,\"name\":\"Startseite\",\"item\":\"https:\/\/avgs-gutschein.de\/es\/\"},{\"@type\":\"ListItem\",\"position\":2,\"name\":\"Nuestrxs entrenadorxs\",\"item\":\"https:\/\/avgs-gutschein.de\/es\/unsere-coaches\/\"},{\"@type\":\"ListItem\",\"position\":3,\"name\":\"Heike Bartsch\"}]},{\"@type\":\"WebSite\",\"@id\":\"https:\/\/avgs-gutschein.de\/es\/#website\",\"url\":\"https:\/\/avgs-gutschein.de\/es\/\",\"name\":\"AVGS Gutschein\",\"description\":\"\",\"potentialAction\":[{\"@type\":\"SearchAction\",\"target\":{\"@type\":\"EntryPoint\",\"urlTemplate\":\"https:\/\/avgs-gutschein.de\/es\/?s={search_term_string}\"},\"query-input\":{\"@type\":\"PropertyValueSpecification\",\"valueRequired\":true,\"valueName\":\"search_term_string\"}}],\"inLanguage\":\"es\"}]}<\/script>\n<!-- \/ Yoast SEO plugin. -->","yoast_head_json":{"title":"Heike Bartsch | Entrenamiento AVGS online en toda Alemania","description":"Heike Bartsch ofrece asesoramiento profesional para la creaci\u00f3n de empresas y el empleo. Su reorientaci\u00f3n profesional se basa en s\u00f3lidos an\u00e1lisis de competencias.","robots":{"index":"index","follow":"follow","max-snippet":"max-snippet:-1","max-image-preview":"max-image-preview:large","max-video-preview":"max-video-preview:-1"},"canonical":"https:\/\/avgs-gutschein.de\/es\/nuestrxs-entrenadorxs\/heike-bartsch\/","og_locale":"es_ES","og_type":"article","og_title":"Heike Bartsch | Entrenamiento AVGS online en toda Alemania","og_description":"Heike Bartsch ofrece asesoramiento profesional para la creaci\u00f3n de empresas y el empleo. Su reorientaci\u00f3n profesional se basa en s\u00f3lidos an\u00e1lisis de competencias.","og_url":"https:\/\/avgs-gutschein.de\/es\/nuestrxs-entrenadorxs\/heike-bartsch\/","og_site_name":"AVGS Gutschein","article_modified_time":"2025-10-07T06:55:43+00:00","twitter_card":"summary_large_image","twitter_misc":{"Tiempo de lectura":"5 minutos"},"schema":{"@context":"https:\/\/schema.org","@graph":[{"@type":"WebPage","@id":"https:\/\/avgs-gutschein.de\/es\/nuestrxs-entrenadorxs\/heike-bartsch\/","url":"https:\/\/avgs-gutschein.de\/es\/nuestrxs-entrenadorxs\/heike-bartsch\/","name":"Heike Bartsch | Entrenamiento AVGS online en toda Alemania","isPartOf":{"@id":"https:\/\/avgs-gutschein.de\/es\/#website"},"datePublished":"2023-12-12T07:24:21+00:00","dateModified":"2025-10-07T06:55:43+00:00","description":"Heike Bartsch ofrece asesoramiento profesional para la creaci\u00f3n de empresas y el empleo. Su reorientaci\u00f3n profesional se basa en s\u00f3lidos an\u00e1lisis de competencias.","breadcrumb":{"@id":"https:\/\/avgs-gutschein.de\/es\/nuestrxs-entrenadorxs\/heike-bartsch\/#breadcrumb"},"inLanguage":"es","potentialAction":[{"@type":"ReadAction","target":["https:\/\/avgs-gutschein.de\/es\/nuestrxs-entrenadorxs\/heike-bartsch\/"]}]},{"@type":"BreadcrumbList","@id":"https:\/\/avgs-gutschein.de\/es\/nuestrxs-entrenadorxs\/heike-bartsch\/#breadcrumb","itemListElement":[{"@type":"ListItem","position":1,"name":"Startseite","item":"https:\/\/avgs-gutschein.de\/es\/"},{"@type":"ListItem","position":2,"name":"Nuestrxs entrenadorxs","item":"https:\/\/avgs-gutschein.de\/es\/unsere-coaches\/"},{"@type":"ListItem","position":3,"name":"Heike Bartsch"}]},{"@type":"WebSite","@id":"https:\/\/avgs-gutschein.de\/es\/#website","url":"https:\/\/avgs-gutschein.de\/es\/","name":"AVGS Gutschein","description":"","potentialAction":[{"@type":"SearchAction","target":{"@type":"EntryPoint","urlTemplate":"https:\/\/avgs-gutschein.de\/es\/?s={search_term_string}"},"query-input":{"@type":"PropertyValueSpecification","valueRequired":true,"valueName":"search_term_string"}}],"inLanguage":"es"}]}},"_links":{"self":[{"href":"https:\/\/avgs-gutschein.de\/es\/wp-json\/wp\/v2\/pages\/5282","targetHints":{"allow":["GET"]}}],"collection":[{"href":"https:\/\/avgs-gutschein.de\/es\/wp-json\/wp\/v2\/pages"}],"about":[{"href":"https:\/\/avgs-gutschein.de\/es\/wp-json\/wp\/v2\/types\/page"}],"author":[{"embeddable":true,"href":"https:\/\/avgs-gutschein.de\/es\/wp-json\/wp\/v2\/users\/1"}],"replies":[{"embeddable":true,"href":"https:\/\/avgs-gutschein.de\/es\/wp-json\/wp\/v2\/comments?post=5282"}],"version-history":[{"count":9,"href":"https:\/\/avgs-gutschein.de\/es\/wp-json\/wp\/v2\/pages\/5282\/revisions"}],"predecessor-version":[{"id":11583,"href":"https:\/\/avgs-gutschein.de\/es\/wp-json\/wp\/v2\/pages\/5282\/revisions\/11583"}],"up":[{"embeddable":true,"href":"https:\/\/avgs-gutschein.de\/es\/wp-json\/wp\/v2\/pages\/5247"}],"wp:attachment":[{"href":"https:\/\/avgs-gutschein.de\/es\/wp-json\/wp\/v2\/media?parent=5282"}],"curies":[{"name":"wp","href":"https:\/\/api.w.org\/{rel}","templated":true}]}}