{"id":11351,"date":"2025-04-24T05:59:42","date_gmt":"2025-04-24T03:59:42","guid":{"rendered":"https:\/\/avgs-gutschein.de\/nuestrxs-entrenadorxs\/martina-fellinger\/"},"modified":"2025-10-07T10:00:42","modified_gmt":"2025-10-07T08:00:42","slug":"martina-fellinger","status":"publish","type":"page","link":"https:\/\/avgs-gutschein.de\/es\/nuestrxs-entrenadorxs\/martina-fellinger\/","title":{"rendered":"Martina Fellinger"},"content":{"rendered":"<p>[et_pb_section fb_built=\u00bb1&#8243; module_class=\u00bbcoaches-img\u00bb _builder_version=\u00bb4.24.0&#8243; _module_preset=\u00bbdefault\u00bb background_color=\u00bb#e0e0e0&#8243; custom_padding=\u00bb0px||0px||true|false\u00bb global_colors_info=\u00bb{}\u00bb][et_pb_row column_structure=\u00bb2_5,3_5&#8243; use_custom_gutter=\u00bbon\u00bb make_equal=\u00bbon\u00bb _builder_version=\u00bb4.27.4&#8243; _module_preset=\u00bbdefault\u00bb custom_padding=\u00bb0px||0px||true|false\u00bb global_colors_info=\u00bb{}\u00bb][et_pb_column type=\u00bb2_5&#8243; _builder_version=\u00bb4.27.4&#8243; _module_preset=\u00bbdefault\u00bb background_image=\u00bbhttps:\/\/avgs-gutschein.de\/wp-content\/uploads\/2025\/04\/Martina_Fellinger_profile_pic.webp\u00bb custom_padding_tablet=\u00bb38vw||38vw||true|false\u00bb custom_padding_phone=\u00bb38vw||38vw||true|false\u00bb custom_padding_last_edited=\u00bbon|tablet\u00bb global_colors_info=\u00bb{}\u00bb][\/et_pb_column][et_pb_column type=\u00bb3_5&#8243; _builder_version=\u00bb4.23.1&#8243; _module_preset=\u00bbdefault\u00bb custom_padding=\u00bb3vw||3vw||true|false\u00bb custom_padding_tablet=\u00bb3vw||3vw||true|false\u00bb custom_padding_phone=\u00bb8vw||10vw||false|false\u00bb custom_padding_last_edited=\u00bbon|phone\u00bb global_colors_info=\u00bb{}\u00bb][et_pb_text _builder_version=\u00bb4.27.4&#8243; _module_preset=\u00bbdefault\u00bb header_font=\u00bb|800|||||||\u00bb header_text_color=\u00bb#000000&#8243; global_colors_info=\u00bb{}\u00bb]<\/p>\n<h1>Martina Fellinger<\/h1>\n<p>[\/et_pb_text][et_pb_text module_class=\u00bbsub-prof\u00bb _builder_version=\u00bb4.27.4&#8243; _module_preset=\u00bbdefault\u00bb text_text_color=\u00bb#000000&#8243; hover_enabled=\u00bb0&#8243; global_colors_info=\u00bb{}\u00bb sticky_enabled=\u00bb0&#8243;]<\/p>\n<div class=\"coach-desc\">\n<p><strong>Producto:<\/strong> Coaching laboral, Asesoramiento para la puesta en marcha<\/p>\n<hr \/>\n<p><strong>Idioma(s) del coaching:<\/strong> Alem\u00e1n<\/p>\n<hr \/>\n<p><strong>Formaci\u00f3n\/certificaciones de coaching: <\/strong> Coaching laboral: Formaci\u00f3n en postulaciones, b\u00fasqueda de empleo, orientaci\u00f3n profesional, entrevistas, posicionamiento personal, posicionamiento\/estrategia, marketing (digital), coach LPP (certificado)<\/p>\n<hr \/>\n<p><strong>Sectores de especializaci\u00f3n: <\/strong>Consultor\u00eda\/Coaching, Servicios, Eventos\/Ocio, Comercio\/Ventas, Marketing\/Comunicaci\u00f3n, Social\/Educaci\u00f3n\/Formaci\u00f3n Continua, Industria<\/p>\n<\/div>\n<p>[\/et_pb_text][et_pb_button button_url=\u00bb\/unsere-coaches\/martina-fellinger\/#kontakt-martina-fellinger\u00bb button_text=\u00bbReserva una consulta inicial\u00bb _builder_version=\u00bb4.27.4&#8243; _module_preset=\u00bbdefault\u00bb custom_button=\u00bbon\u00bb button_text_size=\u00bb16px\u00bb button_text_color=\u00bb#ffffff\u00bb button_bg_color=\u00bb#cd222a\u00bb button_border_width=\u00bb0px\u00bb button_border_color=\u00bb#FFFFFF\u00bb global_colors_info=\u00bb{}\u00bb][\/et_pb_button][\/et_pb_column][\/et_pb_row][\/et_pb_section][et_pb_section fb_built=\u00bb1&#8243; _builder_version=\u00bb4.23.1&#8243; _module_preset=\u00bbdefault\u00bb global_colors_info=\u00bb{}\u00bb][et_pb_row column_structure=\u00bb2_3,1_3&#8243; use_custom_gutter=\u00bbon\u00bb make_equal=\u00bbon\u00bb _builder_version=\u00bb4.23.1&#8243; _module_preset=\u00bbdefault\u00bb global_colors_info=\u00bb{}\u00bb][et_pb_column type=\u00bb2_3&#8243; _builder_version=\u00bb4.23.1&#8243; _module_preset=\u00bbdefault\u00bb custom_padding=\u00bb|3vw|||false|false\u00bb border_width_right=\u00bb1px\u00bb border_color_right=\u00bb#cd222a\u00bb global_colors_info=\u00bb{}\u00bb][et_pb_text module_class=\u00bbprof-question\u00bb _builder_version=\u00bb4.27.4&#8243; _module_preset=\u00bbdefault\u00bb text_text_color=\u00bb#cd222a\u00bb text_font_size=\u00bb24px\u00bb global_colors_info=\u00bb{}\u00bb]1. \u00bfQu\u00e9 te califica como entrenador\/coach?[\/et_pb_text][et_pb_text module_class=\u00bbprof-answer\u00bb _builder_version=\u00bb4.27.4&#8243; _module_preset=\u00bbdefault\u00bb text_font=\u00bb|300|||||||\u00bb text_font_size=\u00bb18px\u00bb text_line_height=\u00bb2em\u00bb global_colors_info=\u00bb{}\u00bb]Cuento con m\u00e1s de 50 a\u00f1os de experiencia personal y profesional, y entiendo el mundo laboral desde diversas perspectivas. Trabaj\u00e9 por cuenta ajena durante muchos a\u00f1os y, desde 2017, trabajo como asesor y coach profesional aut\u00f3nomo, apoyando a personas en el logro de sus objetivos profesionales. Tambi\u00e9n trabajo como consultor de recursos humanos freelance. Esta diversa experiencia me permite abordar las necesidades de mis clientes de forma individualizada y pr\u00e1ctica.[\/et_pb_text][et_pb_text module_class=\u00bbprof-question\u00bb _builder_version=\u00bb4.27.4&#8243; _module_preset=\u00bbdefault\u00bb text_text_color=\u00bb#cd222a\u00bb text_font_size=\u00bb24px\u00bb global_colors_info=\u00bb{}\u00bb]2. \u00bfQu\u00e9 es lo que m\u00e1s te gusta de tu trabajo?[\/et_pb_text][et_pb_text module_class=\u00bbprof-answer\u00bb _builder_version=\u00bb4.27.4&#8243; _module_preset=\u00bbdefault\u00bb text_font=\u00bb|300|||||||\u00bb text_font_size=\u00bb18px\u00bb text_line_height=\u00bb2em\u00bb global_colors_info=\u00bb{}\u00bb]Lo que m\u00e1s me satisface es cuando mis coaches reconocen sus habilidades y fortalezas. Cuando encuentran el coraje para seguir su propio camino. Cuando experimentan plenitud y alcanzan sus metas con \u00e9xito.[\/et_pb_text][et_pb_text module_class=\u00bbprof-question\u00bb _builder_version=\u00bb4.27.4&#8243; _module_preset=\u00bbdefault\u00bb text_text_color=\u00bb#cd222a\u00bb text_font_size=\u00bb24px\u00bb global_colors_info=\u00bb{}\u00bb]3. \u00bfQu\u00e9 dicen tus clientes de ti?[\/et_pb_text][et_pb_text module_class=\u00bbprof-answer\u00bb _builder_version=\u00bb4.27.4&#8243; _module_preset=\u00bbdefault\u00bb text_font=\u00bb|300|||||||\u00bb text_font_size=\u00bb18px\u00bb text_line_height=\u00bb2em\u00bb global_colors_info=\u00bb{}\u00bb]Mi fortaleza reside en crear un espacio tranquilo e imparcial donde mis clientes puedan abrirse y organizar sus pensamientos.<br \/>\nUn cliente me describi\u00f3 una vez como \u00abtranquilamente persistente\u00bb, y eso es exactamente lo que digo.<\/p>\n<p>Testimonios de clientes:[\/et_pb_text][et_pb_slider use_bg_overlay=\u00bboff\u00bb use_text_overlay=\u00bboff\u00bb arrows_custom_color=\u00bb#E02B20&#8243; dot_nav_custom_color=\u00bbRGBA(255,255,255,0)\u00bb _builder_version=\u00bb4.27.4&#8243; _module_preset=\u00bbdefault\u00bb background_color=\u00bb#f5f5f5&#8243; button_icon_placement=\u00bbleft\u00bb button_alignment=\u00bbcenter\u00bb custom_margin=\u00bb||||false|false\u00bb custom_padding=\u00bb|40px||40px|true|true\u00bb global_colors_info=\u00bb{}\u00bb][et_pb_slide heading=\u00bb\u2605\u2605\u2605\u2605\u2605  \u00bb arrows_custom_color=\u00bb#cd222a\u00bb dot_nav_custom_color=\u00bb#E02B20&#8243; _builder_version=\u00bb4.27.4&#8243; _module_preset=\u00bbdefault\u00bb header_text_align=\u00bbcenter\u00bb header_text_color=\u00bb#cd222a\u00bb header_font_size=\u00bb30px\u00bb header_letter_spacing=\u00bb0px\u00bb body_text_align=\u00bbjustify\u00bb body_text_color=\u00bb#666666&#8243; button_alignment=\u00bbcenter\u00bb custom_padding=\u00bb30px||70px||false|true\u00bb global_colors_info=\u00bb{}\u00bb sticky_transition=\u00bbon\u00bb]<span style=\"font-weight: 400;\">Trabajar con Martina me ha permitido comprenderme a m\u00ed misma profundamente, y mi confianza en m\u00ed misma y mi autoestima han aumentado. Martina me ha ayudado a crecer personal y profesionalmente, y por eso le agradezco de todo coraz\u00f3n.<\/span>[\/et_pb_slide][et_pb_slide heading=\u00bb\u2605\u2605\u2605\u2605\u2605  \u00bb arrows_custom_color=\u00bb#cd222a\u00bb dot_nav_custom_color=\u00bb#E02B20&#8243; _builder_version=\u00bb4.27.4&#8243; _module_preset=\u00bbdefault\u00bb header_text_align=\u00bbcenter\u00bb header_text_color=\u00bb#cd222a\u00bb header_font_size=\u00bb30px\u00bb header_letter_spacing=\u00bb0px\u00bb body_text_align=\u00bbjustify\u00bb body_text_color=\u00bb#666666&#8243; button_alignment=\u00bbcenter\u00bb custom_padding=\u00bb30px||70px||false|true\u00bb global_colors_info=\u00bb{}\u00bb sticky_transition=\u00bbon\u00bb]Antes de nuestra colaboraci\u00f3n, me sent\u00eda vac\u00eda y sin ideas, soluciones ni oportunidades para seguir mi carrera. \u00a1Me animaste a ver, reconocer y expresar mis habilidades! Ahora s\u00e9 que no necesariamente tengo que formarme como enfermera veterinaria para ser feliz. Tambi\u00e9n hay algo intermedio ;o)[\/et_pb_slide][et_pb_slide heading=\u00bb\u2605\u2605\u2605\u2605\u2605  \u00bb arrows_custom_color=\u00bb#cd222a\u00bb dot_nav_custom_color=\u00bb#E02B20&#8243; _builder_version=\u00bb4.27.4&#8243; _module_preset=\u00bbdefault\u00bb header_text_align=\u00bbcenter\u00bb header_text_color=\u00bb#cd222a\u00bb header_font_size=\u00bb30px\u00bb header_letter_spacing=\u00bb0px\u00bb body_text_align=\u00bbjustify\u00bb body_text_color=\u00bb#666666&#8243; button_alignment=\u00bbcenter\u00bb custom_padding=\u00bb30px||70px||false|true\u00bb global_colors_info=\u00bb{}\u00bb sticky_transition=\u00bbon\u00bb]Despu\u00e9s de m\u00e1s de 20 a\u00f1os en el mundo profesional, ya era hora de que Martina me pusiera delante del espejo semana tras semana y me animara a reflexionar y pensar por m\u00ed mismo. He recalibrado temas como valores y cosas que son al menos tan importantes para m\u00ed como mi carrera, y me han fortalecido y me han dado m\u00e1s confianza para el futuro, tanto profesional como personalmente.[\/et_pb_slide][\/et_pb_slider][et_pb_text module_class=\u00bbprof-question\u00bb _builder_version=\u00bb4.27.4&#8243; _module_preset=\u00bbdefault\u00bb text_text_color=\u00bb#cd222a\u00bb text_font_size=\u00bb24px\u00bb global_colors_info=\u00bb{}\u00bb]3. \u00bfCu\u00e1l es la mejor manera de relajarse?[\/et_pb_text][et_pb_text module_class=\u00bbprof-answer\u00bb _builder_version=\u00bb4.27.4&#8243; _module_preset=\u00bbdefault\u00bb text_font=\u00bb|300|||||||\u00bb text_font_size=\u00bb18px\u00bb text_line_height=\u00bb2em\u00bb global_colors_info=\u00bb{}\u00bb]Cuando estoy en la cocina con mi pareja, preparando comidas deliciosas y probando constantemente nuevas recetas e ingredientes. O cuando voy en bicicleta, en trayectos cortos todos los d\u00edas o en viajes m\u00e1s largos de vacaciones.[\/et_pb_text][\/et_pb_column][et_pb_column type=\u00bb1_3&#8243; _builder_version=\u00bb4.23.1&#8243; _module_preset=\u00bbdefault\u00bb global_colors_info=\u00bb{}\u00bb][et_pb_blurb title=\u00bbUbicaci\u00f3n\u00bb use_icon=\u00bbon\u00bb font_icon=\u00bb&#xe01d;||divi||400&#8243; icon_color=\u00bb#cd222a\u00bb image_icon_width=\u00bb40px\u00bb icon_alignment=\u00bbleft\u00bb _builder_version=\u00bb4.27.4&#8243; _module_preset=\u00bbdefault\u00bb header_level=\u00bbh2&#8243; body_font_size=\u00bb18px\u00bb body_line_height=\u00bb1.8em\u00bb global_colors_info=\u00bb{}\u00bb]en l\u00ednea en toda Alemania<br \/>\nPresencia en: L\u00fcneburg[\/et_pb_blurb][et_pb_blurb title=\u00bbFormaci\u00f3n y experiencia profesional:\u00bb use_icon=\u00bbon\u00bb font_icon=\u00bb&#xf19d;||fa||900&#8243; icon_color=\u00bb#cd222a\u00bb image_icon_width=\u00bb40px\u00bb icon_alignment=\u00bbleft\u00bb _builder_version=\u00bb4.27.4&#8243; _module_preset=\u00bbdefault\u00bb header_level=\u00bbh2&#8243; header_line_height=\u00bb1.2em\u00bb body_font_size=\u00bb18px\u00bb body_line_height=\u00bb1.8em\u00bb global_colors_info=\u00bb{}\u00bb]Coach Empresarial Sist\u00e9mico, Coach de Perfiles de Personalidad, Psicoterapeuta Alternativo, Licenciado en Administraci\u00f3n de Empresas y Direcci\u00f3n Hotelera.<\/p>\n<p>M\u00e1s de 20 a\u00f1os de experiencia profesional en marketing, ventas y consultor\u00eda de RR. HH. Como coach, acompa\u00f1o a profesionales y directivos en la reorientaci\u00f3n profesional y el cambio de puesto, entre otras tareas.[\/et_pb_blurb][et_pb_blurb title=\u00bbIntereses personales\u00bb use_icon=\u00bbon\u00bb font_icon=\u00bb&#xe030;||divi||400&#8243; icon_color=\u00bb#cd222a\u00bb image_icon_width=\u00bb40px\u00bb icon_alignment=\u00bbleft\u00bb disabled_on=\u00bboff|off|off\u00bb _builder_version=\u00bb4.27.4&#8243; _module_preset=\u00bbdefault\u00bb header_level=\u00bbh2&#8243; header_line_height=\u00bb1.2em\u00bb body_font_size=\u00bb18px\u00bb body_line_height=\u00bb1.8em\u00bb global_colors_info=\u00bb{}\u00bb]Cocinar, Leer, Andar en bicicleta, Viajar, Acampar.[\/et_pb_blurb][\/et_pb_column][\/et_pb_row][et_pb_row module_id=\u00bbkontakt-martina-fellinger\u00bb _builder_version=\u00bb4.27.4&#8243; _module_preset=\u00bbdefault\u00bb global_colors_info=\u00bb{}\u00bb][et_pb_column type=\u00bb4_4&#8243; _builder_version=\u00bb4.23.1&#8243; _module_preset=\u00bbdefault\u00bb global_colors_info=\u00bb{}\u00bb][et_pb_text _builder_version=\u00bb4.27.4&#8243; _module_preset=\u00bbdefault\u00bb header_2_text_color=\u00bb#cd222a\u00bb header_2_font_size=\u00bb30px\u00bb global_colors_info=\u00bb{}\u00bb]<\/p>\n<h2>Solicitud de coaching de AVGS para Martina Fellinger<\/h2>\n<p>[\/et_pb_text][et_pb_text _builder_version=\u00bb4.27.4&#8243; _module_preset=\u00bbdefault\u00bb text_font_size=\u00bb18px\u00bb text_line_height=\u00bb2em\u00bb global_colors_info=\u00bb{}\u00bb]Le enviaremos sus datos a Martina Fellinger  para que pueda ponerse en contacto contigo lo antes posible y sugerirte una fecha para una primera consulta sin compromiso. \u00bfQu\u00e9 solicitud de coaching de AVGS tienes?[\/et_pb_text][et_pb_code module_class=\u00bbcf-kntkt-form cf-sub-kntkt-form\u00bb _builder_version=\u00bb4.27.4&#8243; _module_preset=\u00bbdefault\u00bb global_colors_info=\u00bb{}\u00bb]\n<div class=\"wpcf7 no-js\" id=\"wpcf7-f11369-o1\" lang=\"es-ES\" dir=\"ltr\" data-wpcf7-id=\"11369\">\n<div class=\"screen-reader-response\"><p role=\"status\" aria-live=\"polite\" aria-atomic=\"true\"><\/p> <ul><\/ul><\/div>\n<form action=\"\/es\/wp-json\/wp\/v2\/pages\/11351#wpcf7-f11369-o1\" method=\"post\" class=\"wpcf7-form init\" aria-label=\"Formulario de contacto\" novalidate=\"novalidate\" data-status=\"init\">\n<fieldset class=\"hidden-fields-container\"><input type=\"hidden\" name=\"_wpcf7\" value=\"11369\" \/><input type=\"hidden\" name=\"_wpcf7_version\" value=\"6.1.2\" \/><input type=\"hidden\" name=\"_wpcf7_locale\" value=\"es_ES\" \/><input type=\"hidden\" name=\"_wpcf7_unit_tag\" value=\"wpcf7-f11369-o1\" \/><input type=\"hidden\" name=\"_wpcf7_container_post\" value=\"0\" \/><input type=\"hidden\" name=\"_wpcf7_posted_data_hash\" value=\"\" \/>\n<\/fieldset>\n<div class=\"w3-row\">\n\t<div class=\"w3-col\">\n\t\t<p><span class=\"wpcf7-form-control-wrap\" data-name=\"what-can-we-do-for-you-answer\"><span class=\"wpcf7-form-control wpcf7-checkbox checkbox\"><span class=\"wpcf7-list-item first\"><label><input type=\"checkbox\" name=\"what-can-we-do-for-you-answer[]\" value=\"Coaching laboral\" \/><span class=\"wpcf7-list-item-label\">Coaching laboral<\/span><\/label><\/span><span class=\"wpcf7-list-item last\"><label><input type=\"checkbox\" name=\"what-can-we-do-for-you-answer[]\" value=\"Asesoramiento para la puesta en marcha\" \/><span class=\"wpcf7-list-item-label\">Asesoramiento para la puesta en marcha<\/span><\/label><\/span><\/span><\/span>\n\t\t<\/p>\n\t<\/div>\n<\/div>\n<div class=\"w3-row\">\n\t<div class=\"w3-col\">\n\t\t<p><label>Nombre y apellido<\/label><br \/>\n<span class=\"wpcf7-form-control-wrap\" data-name=\"Vor-und-Nachname\"><input size=\"40\" maxlength=\"400\" class=\"wpcf7-form-control wpcf7-text wpcf7-validates-as-required\" autocomplete=\"off\" aria-required=\"true\" aria-invalid=\"false\" value=\"\" type=\"text\" name=\"Vor-und-Nachname\" \/><\/span>\n\t\t<\/p>\n\t<\/div>\n<\/div>\n<div class=\"w3-row\">\n\t<div class=\"w3-col\">\n\t\t<p><label>N\u00famero telef\u00f3nico<\/label><br \/>\n<span class=\"wpcf7-form-control-wrap\" data-name=\"telefonnummer\"><input size=\"40\" maxlength=\"400\" class=\"wpcf7-form-control wpcf7-tel wpcf7-text wpcf7-validates-as-tel\" autocomplete=\"off\" aria-invalid=\"false\" value=\"\" type=\"tel\" name=\"telefonnummer\" \/><\/span>\n\t\t<\/p>\n\t<\/div>\n\t<div class=\"w3-col\">\n\t\t<p><label>Direcci\u00f3n de correo electr\u00f3nico<\/label><br \/>\n<span class=\"wpcf7-form-control-wrap\" data-name=\"your-email\"><input size=\"40\" maxlength=\"400\" class=\"wpcf7-form-control wpcf7-email wpcf7-validates-as-required wpcf7-text wpcf7-validates-as-email\" autocomplete=\"off\" aria-required=\"true\" aria-invalid=\"false\" value=\"\" type=\"email\" name=\"your-email\" \/><\/span>\n\t\t<\/p>\n\t<\/div>\n<\/div>\n<div class=\"w3-row\">\n\t<div class=\"w3-col\">\n\t\t<p><label>Mensaje<\/label>\n\t\t<\/p>\n\t<\/div>\n\t<div class=\"w3-col\">\n\t\t<p><span class=\"wpcf7-form-control-wrap\" data-name=\"mitteilung\"><textarea cols=\"40\" rows=\"10\" maxlength=\"2000\" class=\"wpcf7-form-control wpcf7-textarea\" aria-invalid=\"false\" placeholder=\"m\u00e1x 500 caracteres\" name=\"mitteilung\"><\/textarea><\/span>\n\t\t<\/p>\n\t<\/div>\n<\/div>\n<div class=\"w3-row\">\n\t<div class=\"w3-col\">\n\t\t<p><label>\u00bfC\u00f3mo nos encontraste?<\/label>\n\t\t<\/p>\n\t<\/div>\n<\/div>\n<div class=\"w3-row\">\n\t<div class=\"w3-col\">\n\t\t<p><span class=\"wpcf7-form-control-wrap\" data-name=\"how-did-you-find-us-answer\"><span class=\"wpcf7-form-control wpcf7-checkbox checkbox\"><span class=\"wpcf7-list-item first\"><label><input type=\"checkbox\" name=\"how-did-you-find-us-answer[]\" value=\"Recomendaci\u00f3n personal\" \/><span class=\"wpcf7-list-item-label\">Recomendaci\u00f3n personal<\/span><\/label><\/span><span class=\"wpcf7-list-item\"><label><input type=\"checkbox\" name=\"how-did-you-find-us-answer[]\" value=\"Internetsuche\" \/><span class=\"wpcf7-list-item-label\">Internetsuche<\/span><\/label><\/span><span class=\"wpcf7-list-item last\"><label><input type=\"checkbox\" name=\"how-did-you-find-us-answer[]\" value=\"Redes sociales\" \/><span class=\"wpcf7-list-item-label\">Redes sociales<\/span><\/label><\/span><\/span><\/span>\n\t\t<\/p>\n\t<\/div>\n<\/div>\n<div class=\"w3-row\">\n\t<div class=\"w3-col\">\n\t\t<p><label>Protecci\u00f3n de datos<\/label><br \/>\n<span class=\"wpcf7-form-control-wrap\" data-name=\"datenschutz\"><span class=\"wpcf7-form-control wpcf7-checkbox wpcf7-validates-as-required\"><span class=\"wpcf7-list-item first last\"><input type=\"checkbox\" name=\"datenschutz[]\" value=\"Doy mi consentimiento para el tratamiento de mis datos personales proporcionados anteriormente con el fin de recibir informaci\u00f3n sobre sesiones de coaching. Mis datos podr\u00e1n ser transmitidos a los coaches con los que se contacte para establecer contacto. He le\u00eddo la informaci\u00f3n adicional sobre el tratamiento de mis datos. Soy consciente de que puedo revocar el consentimiento otorgado en cualquier momento por tel\u00e9fono o enviando un correo electr\u00f3nico informal a kontakt@beratung-westphal.de.\" \/><span class=\"wpcf7-list-item-label\">Doy mi consentimiento para el tratamiento de mis datos personales proporcionados anteriormente con el fin de recibir informaci\u00f3n sobre sesiones de coaching. Mis datos podr\u00e1n ser transmitidos a los coaches con los que se contacte para establecer contacto. He le\u00eddo la informaci\u00f3n adicional sobre el tratamiento de mis datos. Soy consciente de que puedo revocar el consentimiento otorgado en cualquier momento por tel\u00e9fono o enviando un correo electr\u00f3nico informal a kontakt@beratung-westphal.de.<\/span><\/span><\/span><\/span>\n\t\t<\/p>\n\t<\/div>\n<\/div>\n<div class=\"w3-row\">\n\t<div class=\"w3-col\">\n\t\t<p><span class=\"wpcf7-form-control-wrap\" data-name=\"quiz-827\"><label><span class=\"wpcf7-quiz-label\">34 + 10 = ?<\/span> <input size=\"40\" class=\"wpcf7-form-control wpcf7-quiz\" autocomplete=\"off\" aria-required=\"true\" aria-invalid=\"false\" type=\"text\" name=\"quiz-827\" \/><\/label><input type=\"hidden\" name=\"_wpcf7_quiz_answer_quiz-827\" value=\"84a28f7c445aa7a7dfb7bed85c1f1358\" \/><\/span>\n\t\t<\/p>\n\t<\/div>\n<\/div>\n<center>\n\t<div class=\"w3-row\">\n\t\t<div class=\"w3-col\">\n\t\t\t<p><input class=\"wpcf7-form-control wpcf7-submit has-spinner pc-button bg-primary-color square-button primary-border-color\" type=\"submit\" value=\"Enviar\" \/>\n\t\t\t<\/p>\n\t\t<\/div>\n\t<\/div>\n<\/center><div class=\"frc-captcha \" data-sitekey=\"FCMIVM5H8K1HPA6F\" data-lang=\"es\" ><\/div>\n\t\t<noscript>You need to enable Javascript for the anti-spam check.<\/noscript><div class=\"wpcf7-response-output\" aria-hidden=\"true\"><\/div>\n<\/form>\n<\/div>\n[\/et_pb_code][\/et_pb_column][\/et_pb_row][\/et_pb_section]<\/p>\n","protected":false},"excerpt":{"rendered":"<p>Martina Fellinger Producto: Coaching laboral, Asesoramiento para la puesta en marcha Idioma(s) del coaching: Alem\u00e1n Formaci\u00f3n\/certificaciones de coaching: Coaching laboral: Formaci\u00f3n en postulaciones, b\u00fasqueda de empleo, orientaci\u00f3n profesional, entrevistas, posicionamiento personal, posicionamiento\/estrategia, marketing (digital), coach LPP (certificado) Sectores de especializaci\u00f3n: Consultor\u00eda\/Coaching, Servicios, Eventos\/Ocio, Comercio\/Ventas, Marketing\/Comunicaci\u00f3n, Social\/Educaci\u00f3n\/Formaci\u00f3n Continua, Industria 1. \u00bfQu\u00e9 te califica como entrenador\/coach?Cuento con [&hellip;]<\/p>\n","protected":false},"author":1,"featured_media":0,"parent":5247,"menu_order":0,"comment_status":"closed","ping_status":"closed","template":"","meta":{"_et_pb_use_builder":"on","_et_pb_old_content":"","_et_gb_content_width":"","footnotes":""},"class_list":["post-11351","page","type-page","status-publish","hentry"],"yoast_head":"<!-- This site is optimized with the Yoast SEO plugin v26.0 - https:\/\/yoast.com\/wordpress\/plugins\/seo\/ -->\n<title>Martina Fellinger - AVGS Gutschein<\/title>\n<meta name=\"robots\" content=\"index, follow, max-snippet:-1, max-image-preview:large, max-video-preview:-1\" \/>\n<link rel=\"canonical\" href=\"https:\/\/avgs-gutschein.de\/es\/nuestrxs-entrenadorxs\/martina-fellinger\/\" \/>\n<meta property=\"og:locale\" content=\"es_ES\" \/>\n<meta property=\"og:type\" content=\"article\" \/>\n<meta property=\"og:title\" content=\"Martina Fellinger - AVGS Gutschein\" \/>\n<meta property=\"og:description\" content=\"Martina Fellinger Producto: Coaching laboral, Asesoramiento para la puesta en marcha Idioma(s) del coaching: Alem\u00e1n Formaci\u00f3n\/certificaciones de coaching: Coaching laboral: Formaci\u00f3n en postulaciones, b\u00fasqueda de empleo, orientaci\u00f3n profesional, entrevistas, posicionamiento personal, posicionamiento\/estrategia, marketing (digital), coach LPP (certificado) Sectores de especializaci\u00f3n: Consultor\u00eda\/Coaching, Servicios, Eventos\/Ocio, Comercio\/Ventas, Marketing\/Comunicaci\u00f3n, Social\/Educaci\u00f3n\/Formaci\u00f3n Continua, Industria 1. \u00bfQu\u00e9 te califica como entrenador\/coach?Cuento con [&hellip;]\" \/>\n<meta property=\"og:url\" content=\"https:\/\/avgs-gutschein.de\/es\/nuestrxs-entrenadorxs\/martina-fellinger\/\" \/>\n<meta property=\"og:site_name\" content=\"AVGS Gutschein\" \/>\n<meta property=\"article:modified_time\" content=\"2025-10-07T08:00:42+00:00\" \/>\n<meta name=\"twitter:card\" content=\"summary_large_image\" \/>\n<meta name=\"twitter:label1\" content=\"Tiempo de lectura\" \/>\n\t<meta name=\"twitter:data1\" content=\"4 minutos\" \/>\n<script type=\"application\/ld+json\" class=\"yoast-schema-graph\">{\"@context\":\"https:\/\/schema.org\",\"@graph\":[{\"@type\":\"WebPage\",\"@id\":\"https:\/\/avgs-gutschein.de\/es\/nuestrxs-entrenadorxs\/martina-fellinger\/\",\"url\":\"https:\/\/avgs-gutschein.de\/es\/nuestrxs-entrenadorxs\/martina-fellinger\/\",\"name\":\"Martina Fellinger - AVGS Gutschein\",\"isPartOf\":{\"@id\":\"https:\/\/avgs-gutschein.de\/es\/#website\"},\"datePublished\":\"2025-04-24T03:59:42+00:00\",\"dateModified\":\"2025-10-07T08:00:42+00:00\",\"breadcrumb\":{\"@id\":\"https:\/\/avgs-gutschein.de\/es\/nuestrxs-entrenadorxs\/martina-fellinger\/#breadcrumb\"},\"inLanguage\":\"es\",\"potentialAction\":[{\"@type\":\"ReadAction\",\"target\":[\"https:\/\/avgs-gutschein.de\/es\/nuestrxs-entrenadorxs\/martina-fellinger\/\"]}]},{\"@type\":\"BreadcrumbList\",\"@id\":\"https:\/\/avgs-gutschein.de\/es\/nuestrxs-entrenadorxs\/martina-fellinger\/#breadcrumb\",\"itemListElement\":[{\"@type\":\"ListItem\",\"position\":1,\"name\":\"Startseite\",\"item\":\"https:\/\/avgs-gutschein.de\/es\/\"},{\"@type\":\"ListItem\",\"position\":2,\"name\":\"Nuestrxs entrenadorxs\",\"item\":\"https:\/\/avgs-gutschein.de\/es\/unsere-coaches\/\"},{\"@type\":\"ListItem\",\"position\":3,\"name\":\"Martina Fellinger\"}]},{\"@type\":\"WebSite\",\"@id\":\"https:\/\/avgs-gutschein.de\/es\/#website\",\"url\":\"https:\/\/avgs-gutschein.de\/es\/\",\"name\":\"AVGS Gutschein\",\"description\":\"\",\"potentialAction\":[{\"@type\":\"SearchAction\",\"target\":{\"@type\":\"EntryPoint\",\"urlTemplate\":\"https:\/\/avgs-gutschein.de\/es\/?s={search_term_string}\"},\"query-input\":{\"@type\":\"PropertyValueSpecification\",\"valueRequired\":true,\"valueName\":\"search_term_string\"}}],\"inLanguage\":\"es\"}]}<\/script>\n<!-- \/ Yoast SEO plugin. -->","yoast_head_json":{"title":"Martina Fellinger - AVGS Gutschein","robots":{"index":"index","follow":"follow","max-snippet":"max-snippet:-1","max-image-preview":"max-image-preview:large","max-video-preview":"max-video-preview:-1"},"canonical":"https:\/\/avgs-gutschein.de\/es\/nuestrxs-entrenadorxs\/martina-fellinger\/","og_locale":"es_ES","og_type":"article","og_title":"Martina Fellinger - AVGS Gutschein","og_description":"Martina Fellinger Producto: Coaching laboral, Asesoramiento para la puesta en marcha Idioma(s) del coaching: Alem\u00e1n Formaci\u00f3n\/certificaciones de coaching: Coaching laboral: Formaci\u00f3n en postulaciones, b\u00fasqueda de empleo, orientaci\u00f3n profesional, entrevistas, posicionamiento personal, posicionamiento\/estrategia, marketing (digital), coach LPP (certificado) Sectores de especializaci\u00f3n: Consultor\u00eda\/Coaching, Servicios, Eventos\/Ocio, Comercio\/Ventas, Marketing\/Comunicaci\u00f3n, Social\/Educaci\u00f3n\/Formaci\u00f3n Continua, Industria 1. \u00bfQu\u00e9 te califica como entrenador\/coach?Cuento con [&hellip;]","og_url":"https:\/\/avgs-gutschein.de\/es\/nuestrxs-entrenadorxs\/martina-fellinger\/","og_site_name":"AVGS Gutschein","article_modified_time":"2025-10-07T08:00:42+00:00","twitter_card":"summary_large_image","twitter_misc":{"Tiempo de lectura":"4 minutos"},"schema":{"@context":"https:\/\/schema.org","@graph":[{"@type":"WebPage","@id":"https:\/\/avgs-gutschein.de\/es\/nuestrxs-entrenadorxs\/martina-fellinger\/","url":"https:\/\/avgs-gutschein.de\/es\/nuestrxs-entrenadorxs\/martina-fellinger\/","name":"Martina Fellinger - AVGS Gutschein","isPartOf":{"@id":"https:\/\/avgs-gutschein.de\/es\/#website"},"datePublished":"2025-04-24T03:59:42+00:00","dateModified":"2025-10-07T08:00:42+00:00","breadcrumb":{"@id":"https:\/\/avgs-gutschein.de\/es\/nuestrxs-entrenadorxs\/martina-fellinger\/#breadcrumb"},"inLanguage":"es","potentialAction":[{"@type":"ReadAction","target":["https:\/\/avgs-gutschein.de\/es\/nuestrxs-entrenadorxs\/martina-fellinger\/"]}]},{"@type":"BreadcrumbList","@id":"https:\/\/avgs-gutschein.de\/es\/nuestrxs-entrenadorxs\/martina-fellinger\/#breadcrumb","itemListElement":[{"@type":"ListItem","position":1,"name":"Startseite","item":"https:\/\/avgs-gutschein.de\/es\/"},{"@type":"ListItem","position":2,"name":"Nuestrxs entrenadorxs","item":"https:\/\/avgs-gutschein.de\/es\/unsere-coaches\/"},{"@type":"ListItem","position":3,"name":"Martina Fellinger"}]},{"@type":"WebSite","@id":"https:\/\/avgs-gutschein.de\/es\/#website","url":"https:\/\/avgs-gutschein.de\/es\/","name":"AVGS Gutschein","description":"","potentialAction":[{"@type":"SearchAction","target":{"@type":"EntryPoint","urlTemplate":"https:\/\/avgs-gutschein.de\/es\/?s={search_term_string}"},"query-input":{"@type":"PropertyValueSpecification","valueRequired":true,"valueName":"search_term_string"}}],"inLanguage":"es"}]}},"_links":{"self":[{"href":"https:\/\/avgs-gutschein.de\/es\/wp-json\/wp\/v2\/pages\/11351","targetHints":{"allow":["GET"]}}],"collection":[{"href":"https:\/\/avgs-gutschein.de\/es\/wp-json\/wp\/v2\/pages"}],"about":[{"href":"https:\/\/avgs-gutschein.de\/es\/wp-json\/wp\/v2\/types\/page"}],"author":[{"embeddable":true,"href":"https:\/\/avgs-gutschein.de\/es\/wp-json\/wp\/v2\/users\/1"}],"replies":[{"embeddable":true,"href":"https:\/\/avgs-gutschein.de\/es\/wp-json\/wp\/v2\/comments?post=11351"}],"version-history":[{"count":10,"href":"https:\/\/avgs-gutschein.de\/es\/wp-json\/wp\/v2\/pages\/11351\/revisions"}],"predecessor-version":[{"id":11678,"href":"https:\/\/avgs-gutschein.de\/es\/wp-json\/wp\/v2\/pages\/11351\/revisions\/11678"}],"up":[{"embeddable":true,"href":"https:\/\/avgs-gutschein.de\/es\/wp-json\/wp\/v2\/pages\/5247"}],"wp:attachment":[{"href":"https:\/\/avgs-gutschein.de\/es\/wp-json\/wp\/v2\/media?parent=11351"}],"curies":[{"name":"wp","href":"https:\/\/api.w.org\/{rel}","templated":true}]}}