{"id":11291,"date":"2025-04-24T03:57:02","date_gmt":"2025-04-24T01:57:02","guid":{"rendered":"https:\/\/avgs-gutschein.de\/nuestrxs-entrenadorxs\/sybille-wolf\/"},"modified":"2025-10-07T09:56:19","modified_gmt":"2025-10-07T07:56:19","slug":"sybille-wolf","status":"publish","type":"page","link":"https:\/\/avgs-gutschein.de\/es\/nuestrxs-entrenadorxs\/sybille-wolf\/","title":{"rendered":"Sybille Wolf"},"content":{"rendered":"<p>[et_pb_section fb_built=\u00bb1&#8243; module_class=\u00bbcoaches-img\u00bb _builder_version=\u00bb4.24.0&#8243; _module_preset=\u00bbdefault\u00bb background_color=\u00bb#e0e0e0&#8243; custom_padding=\u00bb0px||0px||true|false\u00bb global_colors_info=\u00bb{}\u00bb][et_pb_row column_structure=\u00bb2_5,3_5&#8243; use_custom_gutter=\u00bbon\u00bb make_equal=\u00bbon\u00bb _builder_version=\u00bb4.27.4&#8243; _module_preset=\u00bbdefault\u00bb custom_padding=\u00bb0px||0px||true|false\u00bb global_colors_info=\u00bb{}\u00bb][et_pb_column type=\u00bb2_5&#8243; _builder_version=\u00bb4.27.4&#8243; _module_preset=\u00bbdefault\u00bb background_image=\u00bbhttps:\/\/avgs-gutschein.de\/wp-content\/uploads\/2025\/04\/Wolf_Sybille_profile_pic.webp\u00bb custom_padding_tablet=\u00bb38vw||38vw||true|false\u00bb custom_padding_phone=\u00bb38vw||38vw||true|false\u00bb custom_padding_last_edited=\u00bbon|tablet\u00bb global_colors_info=\u00bb{}\u00bb][\/et_pb_column][et_pb_column type=\u00bb3_5&#8243; _builder_version=\u00bb4.23.1&#8243; _module_preset=\u00bbdefault\u00bb custom_padding=\u00bb3vw||3vw||true|false\u00bb custom_padding_tablet=\u00bb3vw||3vw||true|false\u00bb custom_padding_phone=\u00bb8vw||10vw||false|false\u00bb custom_padding_last_edited=\u00bbon|phone\u00bb global_colors_info=\u00bb{}\u00bb][et_pb_text _builder_version=\u00bb4.27.4&#8243; _module_preset=\u00bbdefault\u00bb header_font=\u00bb|800|||||||\u00bb header_text_color=\u00bb#000000&#8243; global_colors_info=\u00bb{}\u00bb]<\/p>\n<h1>Sybille Wolf<\/h1>\n<p>[\/et_pb_text][et_pb_text module_class=\u00bbsub-prof\u00bb _builder_version=\u00bb4.27.4&#8243; _module_preset=\u00bbdefault\u00bb text_text_color=\u00bb#000000&#8243; global_colors_info=\u00bb{}\u00bb]<\/p>\n<div class=\"coach-desc\">\n<p><strong>Producto:<\/strong> Coaching laboral<\/p>\n<hr \/>\n<p><strong>Idioma(s) del coaching: <\/strong>Alem\u00e1n<\/p>\n<hr \/>\n<p><strong>Formaci\u00f3n\/certificaciones de coaching: <\/strong>Futuro coach de salud hol\u00edstica certificado seg\u00fan el Prof. Dr. J\u00f6rg Spitz, especialista certificado en cultura empresarial por la IHK, coach empresarial certificado por BZTB, especialista comercial certificado por la IHK.<\/p>\n<hr \/>\n<p><strong>Experiencia en el sector: <\/strong>Consultor\u00eda\/Coaching, Servicios, Eventos\/Ocio, Salud\/Asistencia, Comercio\/Ventas, Marketing\/Comunicaci\u00f3n, Social\/Educaci\u00f3n\/Formaci\u00f3n Continua, Start-up<\/p>\n<\/div>\n<p>[\/et_pb_text][et_pb_button button_url=\u00bbhttps:\/\/avgs-gutschein.de\/es\/nuestrxs-entrenadorxs\/sybille-wolf\/#kontakt-sybille-wolf\u00bb button_text=\u00bbReserva una consulta inicial\u00bb _builder_version=\u00bb4.27.4&#8243; _module_preset=\u00bbdefault\u00bb custom_button=\u00bbon\u00bb button_text_size=\u00bb16px\u00bb button_text_color=\u00bb#ffffff\u00bb button_bg_color=\u00bb#cd222a\u00bb button_border_width=\u00bb0px\u00bb button_border_color=\u00bb#FFFFFF\u00bb global_colors_info=\u00bb{}\u00bb][\/et_pb_button][\/et_pb_column][\/et_pb_row][\/et_pb_section][et_pb_section fb_built=\u00bb1&#8243; _builder_version=\u00bb4.23.1&#8243; _module_preset=\u00bbdefault\u00bb global_colors_info=\u00bb{}\u00bb][et_pb_row column_structure=\u00bb2_3,1_3&#8243; use_custom_gutter=\u00bbon\u00bb make_equal=\u00bbon\u00bb _builder_version=\u00bb4.23.1&#8243; _module_preset=\u00bbdefault\u00bb global_colors_info=\u00bb{}\u00bb][et_pb_column type=\u00bb2_3&#8243; _builder_version=\u00bb4.23.1&#8243; _module_preset=\u00bbdefault\u00bb custom_padding=\u00bb|3vw|||false|false\u00bb border_width_right=\u00bb1px\u00bb border_color_right=\u00bb#cd222a\u00bb global_colors_info=\u00bb{}\u00bb][et_pb_text module_class=\u00bbprof-question\u00bb _builder_version=\u00bb4.27.4&#8243; _module_preset=\u00bbdefault\u00bb text_text_color=\u00bb#cd222a\u00bb text_font_size=\u00bb24px\u00bb global_colors_info=\u00bb{}\u00bb]1. \u00bfQu\u00e9 te califica como entrenador\/coach?[\/et_pb_text][et_pb_text module_class=\u00bbprof-answer\u00bb _builder_version=\u00bb4.27.4&#8243; _module_preset=\u00bbdefault\u00bb text_font=\u00bb|300|||||||\u00bb text_font_size=\u00bb18px\u00bb text_line_height=\u00bb2em\u00bb global_colors_info=\u00bb{}\u00bb]Mis m\u00e1s de 31 a\u00f1os de experiencia en desarrollo de personal, liderazgo y ventas, en cinco empresas\/corporaciones diferentes. Como formador y desarrollador de recursos humanos, y como gerente, desde becario hasta director general.[\/et_pb_text][et_pb_text module_class=\u00bbprof-question\u00bb _builder_version=\u00bb4.27.4&#8243; _module_preset=\u00bbdefault\u00bb text_text_color=\u00bb#cd222a\u00bb text_font_size=\u00bb24px\u00bb global_colors_info=\u00bb{}\u00bb]2. \u00bfQu\u00e9 resultados mensurables ha logrado junto con sus clientes y qu\u00e9 lo distingue?[\/et_pb_text][et_pb_text module_class=\u00bbprof-answer\u00bb _builder_version=\u00bb4.27.4&#8243; _module_preset=\u00bbdefault\u00bb text_font=\u00bb|300|||||||\u00bb text_font_size=\u00bb18px\u00bb text_line_height=\u00bb2em\u00bb global_colors_info=\u00bb{}\u00bb]Mis clientes han conseguido lo que quer\u00edan: un trabajo a tiempo completo, un t\u00edtulo o la direcci\u00f3n\/camino personal correcto.[\/et_pb_text][et_pb_text module_class=\u00bbprof-question\u00bb _builder_version=\u00bb4.27.4&#8243; _module_preset=\u00bbdefault\u00bb text_text_color=\u00bb#cd222a\u00bb text_font_size=\u00bb24px\u00bb global_colors_info=\u00bb{}\u00bb]3. \u00bfQu\u00e9 dicen tus clientes de ti?[\/et_pb_text][et_pb_text module_class=\u00bbprof-answer\u00bb _builder_version=\u00bb4.27.4&#8243; _module_preset=\u00bbdefault\u00bb text_font=\u00bb|300|||||||\u00bb text_font_size=\u00bb18px\u00bb text_line_height=\u00bb2em\u00bb global_colors_info=\u00bb{}\u00bb]En el mejor de los casos, busque \u201cSybille Wolf\u201d en Google y lea mis rese\u00f1as de 5 estrellas\u2026 aqu\u00ed hay tres extractos.[\/et_pb_text][et_pb_slider use_bg_overlay=\u00bboff\u00bb use_text_overlay=\u00bboff\u00bb arrows_custom_color=\u00bb#E02B20&#8243; dot_nav_custom_color=\u00bbRGBA(255,255,255,0)\u00bb _builder_version=\u00bb4.27.4&#8243; _module_preset=\u00bbdefault\u00bb background_color=\u00bb#f5f5f5&#8243; button_icon_placement=\u00bbleft\u00bb button_alignment=\u00bbcenter\u00bb custom_margin=\u00bb||||false|false\u00bb custom_padding=\u00bb|40px||40px|true|true\u00bb locked=\u00bboff\u00bb global_colors_info=\u00bb{}\u00bb][et_pb_slide heading=\u00bb\u2605\u2605\u2605\u2605\u2605  \u00bb arrows_custom_color=\u00bb#cd222a\u00bb dot_nav_custom_color=\u00bb#E02B20&#8243; _builder_version=\u00bb4.27.4&#8243; _module_preset=\u00bbdefault\u00bb header_text_align=\u00bbcenter\u00bb header_text_color=\u00bb#cd222a\u00bb header_font_size=\u00bb30px\u00bb header_letter_spacing=\u00bb0px\u00bb body_text_align=\u00bbjustify\u00bb body_text_color=\u00bb#666666&#8243; button_alignment=\u00bbcenter\u00bb custom_padding=\u00bb30px||70px||false|true\u00bb locked=\u00bboff\u00bb global_colors_info=\u00bb{}\u00bb sticky_transition=\u00bbon\u00bb]\u00a1Trabajar con Sybille Wolf es un verdadero regalo! No solo es una coach de negocios y FeelGOOD incre\u00edblemente competente y experimentada, sino tambi\u00e9n una personalidad incre\u00edblemente inspiradora. Cada conversaci\u00f3n con ella es como una lluvia de ideas y energ\u00eda: sales de cada intercambio fortalecido, motivado y lleno de energ\u00eda.<\/p>\n<p>La personalidad alegre y emp\u00e1tica de Sybille es simplemente contagiosa. Con su carisma positivo y su perspectiva clara, logra no solo presentar soluciones, sino tambi\u00e9n una perspectiva que te invita a abrazar el mundo.<\/p>\n<p>Su capacidad para abordar temas complejos con facilidad y su gran coraz\u00f3n por las personas con las que trabaja la convierten en un verdadero modelo a seguir. Trabajar con Sybille no solo fue enriquecedor para m\u00ed, sino que me mostr\u00f3 todo el potencial que tengo dentro. \u00a1La recomiendo a cualquiera que busque desarrollo personal, \u00e9xito profesional o simplemente un impulso positivo para la vida!<\/p>\n<p>\u00a1Gracias, Sybille, por todo lo que haces! \ud83c\udf1f[\/et_pb_slide][et_pb_slide heading=\u00bb\u2605\u2605\u2605\u2605\u2605  \u00bb arrows_custom_color=\u00bb#cd222a\u00bb dot_nav_custom_color=\u00bb#E02B20&#8243; _builder_version=\u00bb4.27.4&#8243; _module_preset=\u00bbdefault\u00bb header_text_align=\u00bbcenter\u00bb header_text_color=\u00bb#cd222a\u00bb header_font_size=\u00bb30px\u00bb header_letter_spacing=\u00bb0px\u00bb body_text_align=\u00bbjustify\u00bb body_text_color=\u00bb#666666&#8243; button_alignment=\u00bbcenter\u00bb custom_padding=\u00bb30px||70px||false|true\u00bb locked=\u00bboff\u00bb global_colors_info=\u00bb{}\u00bb sticky_transition=\u00bbon\u00bb]\u00bfPor qu\u00e9 solo 5 estrellas y no un cielo estrellado? Si fuera por m\u00ed, no habr\u00eda l\u00edmite en la cantidad de estrellas que podr\u00eda otorgar. Sybille Wolf es una fant\u00e1stica experta, mentora, compa\u00f1era y una mujer poderosa. \u00a1Simplemente tienes que experimentarla! Actualmente tengo la gran suerte de poder recibir coaching personalizado de ella. Por eso, le estoy infinitamente agradecida. \u00a1Qu\u00e9 viaje fenomenal en todos los sentidos! Si alguien sabe c\u00f3mo generar impulsos duraderos y fortalecer las fortalezas, es ella. Es un valor a\u00f1adido absoluto, y desear\u00eda que todos los que quieran descubrir y desarrollar su potencial y sus fortalezas pudieran tenerla como mentora. \u00bfPor qu\u00e9? Sencillamente, Sybille crea espacio para el desarrollo y cambios impresionantes. Coachea con mucha pasi\u00f3n, empat\u00eda, energ\u00eda rebosante, humor, autenticidad y est\u00e1 siempre al d\u00eda. Siempre actualizada, respetuosa e incre\u00edblemente agradecida. Es una apasionada del desarrollo de personas con una enorme experiencia especializada, mucha sensibilidad y un gran coraz\u00f3n. \u00a1Un sombrero! Estoy incre\u00edblemente agradecida y orgullosa de tenerte a mi lado. Cuando pienso en lo bien que les ir\u00eda a los empleados de las empresas si supieras de ella&#8230; Eso ser\u00eda un valor a\u00f1adido incalculable para muchas. Los empleados sanos, motivados y productivos son la base de empresas sanas y exitosas. #VALENT\u00cdA#Implementaci\u00f3n#Mentalidad#Crecimiento. As\u00ed que&#8230; \u00a1Comp\u00e1rtelo con todo el mundo![\/et_pb_slide][et_pb_slide heading=\u00bb\u2605\u2605\u2605\u2605\u2605  \u00bb arrows_custom_color=\u00bb#cd222a\u00bb dot_nav_custom_color=\u00bb#E02B20&#8243; _builder_version=\u00bb4.27.4&#8243; _module_preset=\u00bbdefault\u00bb header_text_align=\u00bbcenter\u00bb header_text_color=\u00bb#cd222a\u00bb header_font_size=\u00bb30px\u00bb header_letter_spacing=\u00bb0px\u00bb body_text_align=\u00bbjustify\u00bb body_text_color=\u00bb#666666&#8243; button_alignment=\u00bbcenter\u00bb custom_padding=\u00bb30px||70px||false|true\u00bb locked=\u00bboff\u00bb global_colors_info=\u00bb{}\u00bb sticky_transition=\u00bbon\u00bb]\u00a1Sybille es fenomenal! Se incorpor\u00f3 al equipo enseguida, comparti\u00f3 su enorme experiencia y es muy profesional en su puesto. \u00a1Un activo para todos! #feelgood4all[\/et_pb_slide][\/et_pb_slider][\/et_pb_column][et_pb_column type=\u00bb1_3&#8243; _builder_version=\u00bb4.23.1&#8243; _module_preset=\u00bbdefault\u00bb global_colors_info=\u00bb{}\u00bb][et_pb_blurb title=\u00bbUbicaci\u00f3n\u00bb use_icon=\u00bbon\u00bb font_icon=\u00bb&#xe01d;||divi||400&#8243; icon_color=\u00bb#cd222a\u00bb image_icon_width=\u00bb40px\u00bb icon_alignment=\u00bbleft\u00bb _builder_version=\u00bb4.27.4&#8243; _module_preset=\u00bbdefault\u00bb header_level=\u00bbh2&#8243; body_font_size=\u00bb18px\u00bb body_line_height=\u00bb1.8em\u00bb global_colors_info=\u00bb{}\u00bb]en l\u00ednea en toda Alemania<br \/>\nPresencia en: Berlin[\/et_pb_blurb][et_pb_blurb title=\u00bbFormaci\u00f3n profesional y experiencia profesional:\u00bb use_icon=\u00bbon\u00bb font_icon=\u00bb&#xf19d;||fa||900&#8243; icon_color=\u00bb#cd222a\u00bb image_icon_width=\u00bb40px\u00bb icon_alignment=\u00bbleft\u00bb _builder_version=\u00bb4.27.4&#8243; _module_preset=\u00bbdefault\u00bb header_level=\u00bbh2&#8243; header_line_height=\u00bb1.2em\u00bb body_font_size=\u00bb18px\u00bb body_line_height=\u00bb1.8em\u00bb custom_margin=\u00bb||0px||false|false\u00bb global_colors_info=\u00bb{}\u00bb][\/et_pb_blurb][et_pb_code _builder_version=\u00bb4.27.4&#8243; _module_preset=\u00bbdefault\u00bb min_height=\u00bb186px\u00bb custom_margin=\u00bb9px||1px||false|false\u00bb hover_enabled=\u00bb0&#8243; global_colors_info=\u00bb{}\u00bb sticky_enabled=\u00bb0&#8243;]<\/p>\n<div class=\"read-more-container-etoile\"><!-- [et_pb_line_break_holder] -->  <\/p>\n<div class=\"short-text-etoile\"><!-- [et_pb_line_break_holder] -->    He tenido una trayectoria emocionante en el mundo empresarial. Con tan solo 19 a\u00f1os, asum\u00ed mi primer puesto directivo y lider\u00e9 equipos hacia el \u00e9xito en cinco empresas diferentes.<!-- [et_pb_line_break_holder] -->  <\/div>\n<p><!-- [et_pb_line_break_holder] -->  <!-- [et_pb_line_break_holder] -->  <\/p>\n<div class=\"full-text-etoile\" style=\"display:none;\"><!-- [et_pb_line_break_holder] -->    He tenido una trayectoria emocionante en el mundo empresarial. Con tan solo 19 a\u00f1os, asum\u00ed mi primer puesto directivo y lider\u00e9 equipos hacia el \u00e9xito en cinco empresas diferentes. Al hacerlo, descubr\u00ed mi pasi\u00f3n por motivar a los empleados y trabajar con ellos para alcanzar metas ambiciosas. Durante mis a\u00f1os como l\u00edder, aprend\u00ed la importancia de tratar a las personas como iguales y comunicarme con respeto. Esta constataci\u00f3n me llev\u00f3 incluso a ser nombrado el \u00abRostro del Retail 2022\u00bb y a convertirme en la voz de m\u00e1s de 4,8 millones de empleados del sector minorista.<!-- [et_pb_line_break_holder] --><!\u2013- [et_pb_br_holder] -\u2013><!\u2013- [et_pb_br_holder] -\u2013>   <!-- [et_pb_line_break_holder] -->Tras m\u00e1s de ocho a\u00f1os como coach empresarial, decid\u00ed emprender. Hoy, apoyo a empresas para mejorar el bienestar de sus empleados. Porque creo firmemente que si a los empleados les va bien, a la empresa y a sus clientes tambi\u00e9n. \u00bfSuena l\u00f3gico, verdad?<!-- [et_pb_line_break_holder] -->  <\/div>\n<p><!-- [et_pb_line_break_holder] -->  <!-- [et_pb_line_break_holder] -->  <a href=\"#\" class=\"read-more-toggle-etoile\">leer m\u00e1s<\/a><!-- [et_pb_line_break_holder] --><\/div>\n<p><!-- [et_pb_line_break_holder] --><!-- [et_pb_line_break_holder] --><\/p>\n<style><!-- [et_pb_line_break_holder] -->.read-more-container-etoile {<!-- [et_pb_line_break_holder] -->  position: relative;<!-- [et_pb_line_break_holder] -->  padding-bottom: 25px;<!-- [et_pb_line_break_holder] -->  font-family: \"Helvetica Neue\", Helvetica, Arial, sans-serif;<!-- [et_pb_line_break_holder] -->  font-size: 18px;<!-- [et_pb_line_break_holder] -->  line-height: 1.5;<!-- [et_pb_line_break_holder] -->}<!-- [et_pb_line_break_holder] -->.read-more-toggle-etoile {<!-- [et_pb_line_break_holder] -->  color: #cd222a;<!-- [et_pb_line_break_holder] -->  text-decoration: underline;<!-- [et_pb_line_break_holder] -->  cursor: pointer;<!-- [et_pb_line_break_holder] -->  display: inline-block;<!-- [et_pb_line_break_holder] -->  margin-top: 10px;<!-- [et_pb_line_break_holder] -->  font-family: \"Helvetica Neue\", Helvetica, Arial, sans-serif;<!-- [et_pb_line_break_holder] -->  font-size: 18px;<!-- [et_pb_line_break_holder] -->  font-weight: normal;<!-- [et_pb_line_break_holder] -->}<!-- [et_pb_line_break_holder] -->.read-more-toggle-etoile:hover {<!-- [et_pb_line_break_holder] -->  color: #a81b22;<!-- [et_pb_line_break_holder] -->}<!-- [et_pb_line_break_holder] -->.short-text-etoile, .full-text-etoile {<!-- [et_pb_line_break_holder] -->  font-family: \"Helvetica Neue\", Helvetica, Arial, sans-serif;<!-- [et_pb_line_break_holder] -->  font-size: 18px;<!-- [et_pb_line_break_holder] -->  line-height: 1.5;<!-- [et_pb_line_break_holder] -->}<!-- [et_pb_line_break_holder] --><\/style>\n<p><!-- [et_pb_line_break_holder] --><!-- [et_pb_line_break_holder] --><script><!-- [et_pb_line_break_holder] -->jQuery(document).ready(function($) {<!-- [et_pb_line_break_holder] -->  $('.read-more-toggle-etoile').click(function(e) {<!-- [et_pb_line_break_holder] -->    e.preventDefault();<!-- [et_pb_line_break_holder] -->    var container = $(this).closest('.read-more-container-etoile');<!-- [et_pb_line_break_holder] -->    var shortText = container.find('.short-text-etoile');<!-- [et_pb_line_break_holder] -->    var fullText = container.find('.full-text-etoile');<!-- [et_pb_line_break_holder] -->    var toggle = $(this);<!-- [et_pb_line_break_holder] -->    <!-- [et_pb_line_break_holder] -->    if (fullText.is(':visible')) {<!-- [et_pb_line_break_holder] -->      fullText.slideUp();<!-- [et_pb_line_break_holder] -->      shortText.slideDown();<!-- [et_pb_line_break_holder] -->      toggle.text('leer m\u00e1s');<!-- [et_pb_line_break_holder] -->    } else {<!-- [et_pb_line_break_holder] -->      shortText.slideUp();<!-- [et_pb_line_break_holder] -->      fullText.slideDown();<!-- [et_pb_line_break_holder] -->      toggle.text('leer menos');<!-- [et_pb_line_break_holder] -->    }<!-- [et_pb_line_break_holder] -->  });<!-- [et_pb_line_break_holder] -->});<!-- [et_pb_line_break_holder] --><\/script>[\/et_pb_code][et_pb_blurb title=\u00bbIntereses personales\u00bb use_icon=\u00bbon\u00bb font_icon=\u00bb&#xe030;||divi||400&#8243; icon_color=\u00bb#cd222a\u00bb image_icon_width=\u00bb40px\u00bb icon_alignment=\u00bbleft\u00bb disabled_on=\u00bboff|off|off\u00bb _builder_version=\u00bb4.27.4&#8243; _module_preset=\u00bbdefault\u00bb header_level=\u00bbh2&#8243; header_line_height=\u00bb1.2em\u00bb body_font_size=\u00bb18px\u00bb body_line_height=\u00bb1.8em\u00bb global_colors_info=\u00bb{}\u00bb][\/et_pb_blurb][et_pb_code disabled_on=\u00bbon|on|off\u00bb _builder_version=\u00bb4.27.4&#8243; _module_preset=\u00bbdefault\u00bb custom_margin=\u00bb-25px||||false|false\u00bb hover_enabled=\u00bb0&#8243; ab_subject=\u00bbon\u00bb ab_subject_id=\u00bb1&#8243; ab_goal=\u00bbon\u00bb global_colors_info=\u00bb{}\u00bb sticky_enabled=\u00bb0&#8243;]<\/p>\n<div class=\"read-more-container-etoile1\"><!-- [et_pb_line_break_holder] -->  <\/p>\n<div class=\"short-text-etoile1\"><!-- [et_pb_line_break_holder] -->   As\u00ed es como trabajaremos juntos:<!-- [et_pb_line_break_holder] --> \t\t\t<!\u2013- [et_pb_br_holder] -\u2013><!\u2013- [et_pb_br_holder] -\u2013><!-- [et_pb_line_break_holder] -->Veo mis competencias principales particularmente en el coaching laboral, coaching de orientaci\u00f3n, <!-- [et_pb_line_break_holder] -->  <\/div>\n<p><!-- [et_pb_line_break_holder] -->  <!-- [et_pb_line_break_holder] -->  <\/p>\n<div class=\"full-text-etoile1\" style=\"display:none;\"><!-- [et_pb_line_break_holder] -->    As\u00ed trabajaremos juntos:<!-- [et_pb_line_break_holder] --> <!\u2013- [et_pb_br_holder] -\u2013><!\u2013- [et_pb_br_holder] -\u2013><!-- [et_pb_line_break_holder] -->Considero que mis competencias principales se centran especialmente en el coaching laboral, el coaching de orientaci\u00f3n, el coaching de liderazgo, el coaching de solicitud, el coaching para mujeres y hombres, as\u00ed como el coaching en el trabajo, el coaching de vida y el coaching de carrera. Dependiendo del coaching que te interese, hablaremos de tu trayectoria personal con antelaci\u00f3n. Puede que haya bloques tem\u00e1ticos espec\u00edficos sobre los que puedas aprender m\u00e1s con mis compa\u00f1eros. Estar\u00e9 encantado de ayudarte con esto. As\u00ed, tendr\u00e1s la combinaci\u00f3n perfecta de coaching. \u00a1Todo gira en torno a ti! \u00a1Deber\u00edas sentirte c\u00f3modo! Perm\u00edteme describirlo as\u00ed: Te subes a mi c\u00f3modo \u00abcarruaje\u00bb y \u00a1nos vamos! Nuestro camino hacia tu objetivo ser\u00e1 rocoso y accidentado&#8230; quiz\u00e1s. \u00a1Empezar algo nuevo puede ser un reto! Luego, haremos una pausa y analizaremos lo que ambos ya hemos dominado. \u00a1De lo que podemos estar orgullosos! Quiz\u00e1s incluso emprendamos nuevos caminos. \u00a1Brindemos por un maravilloso viaje hacia tu objetivo! \u00a1Espero verte! \u00a1Empieza a hacer las maletas&#8230;! Mi consejo: \u00a1Quiz\u00e1s escribas tu propio diario de \u00e9xito! \u00a1Guau! Ser\u00e1 maravilloso leerlo m\u00e1s adelante y probablemente se convertir\u00e1 en tu compa\u00f1ero, tu gu\u00eda en la vida diaria. \u00a1Qu\u00e9 valioso!<!-- [et_pb_line_break_holder] --><!\u2013- [et_pb_br_holder] -\u2013><!\u2013- [et_pb_br_holder] -\u2013><!-- [et_pb_line_break_holder] -->Mi enfoque \u2013 tu beneficio:<!-- [et_pb_line_break_holder] --><!\u2013- [et_pb_br_holder] -\u2013><!\u2013- [et_pb_br_holder] -\u2013><!-- [et_pb_line_break_holder] -->Crear y trabajar con un tablero de visi\u00f3n\/imagen del futuro, autogesti\u00f3n, autoliderazgo, dominar situaciones desafiantes, fortalecer la resiliencia, promover la automotivaci\u00f3n, manejo de conflictos, ser feliz &#8211; mejorar la calidad de vida, promover la autoconfianza y la autorreflexi\u00f3n, desarrollar la confianza y la comunicaci\u00f3n apreciativa, cultura de retroalimentaci\u00f3n y mucho m\u00e1s.<!-- [et_pb_line_break_holder] --><!-- [et_pb_line_break_holder] -->  <\/div>\n<p><!-- [et_pb_line_break_holder] -->  <!-- [et_pb_line_break_holder] -->  <a href=\"#\" class=\"read-more-toggle-etoile1\">leer m\u00e1s<\/a><!-- [et_pb_line_break_holder] --><\/div>\n<p><!-- [et_pb_line_break_holder] --><!-- [et_pb_line_break_holder] --><\/p>\n<style><!-- [et_pb_line_break_holder] -->.read-more-container-etoile1 {<!-- [et_pb_line_break_holder] -->  position: relative;<!-- [et_pb_line_break_holder] -->  padding-bottom: 25px;<!-- [et_pb_line_break_holder] -->  font-family: \"Helvetica Neue\", Helvetica, Arial, sans-serif;<!-- [et_pb_line_break_holder] -->  font-size: 18px;<!-- [et_pb_line_break_holder] -->  line-height: 1.5;<!-- [et_pb_line_break_holder] -->}<!-- [et_pb_line_break_holder] -->.read-more-toggle-etoile1 {<!-- [et_pb_line_break_holder] -->  color: #cd222a;<!-- [et_pb_line_break_holder] -->  text-decoration: underline;<!-- [et_pb_line_break_holder] -->  cursor: pointer;<!-- [et_pb_line_break_holder] -->  display: inline-block;<!-- [et_pb_line_break_holder] -->  margin-top: 10px;<!-- [et_pb_line_break_holder] -->  font-family: \"Helvetica Neue\", Helvetica, Arial, sans-serif;<!-- [et_pb_line_break_holder] -->  font-size: 18px;<!-- [et_pb_line_break_holder] -->  font-weight: normal;<!-- [et_pb_line_break_holder] -->}<!-- [et_pb_line_break_holder] -->.read-more-toggle-etoile1:hover {<!-- [et_pb_line_break_holder] -->  color: #a81b22;<!-- [et_pb_line_break_holder] -->}<!-- [et_pb_line_break_holder] -->.short-text-etoile1, .full-text-etoile1 {<!-- [et_pb_line_break_holder] -->  font-family: \"Helvetica Neue\", Helvetica, Arial, sans-serif;<!-- [et_pb_line_break_holder] -->  font-size: 18px;<!-- [et_pb_line_break_holder] -->  line-height: 1.5;<!-- [et_pb_line_break_holder] -->}<!-- [et_pb_line_break_holder] --><\/style>\n<p><!-- [et_pb_line_break_holder] --><!-- [et_pb_line_break_holder] --><script><!-- [et_pb_line_break_holder] -->jQuery(document).ready(function($) {<!-- [et_pb_line_break_holder] -->  $('.read-more-toggle-etoile1').click(function(e) {<!-- [et_pb_line_break_holder] -->    e.preventDefault();<!-- [et_pb_line_break_holder] -->    var container = $(this).closest('.read-more-container-etoile1');<!-- [et_pb_line_break_holder] -->    var shortText = container.find('.short-text-etoile1');<!-- [et_pb_line_break_holder] -->    var fullText = container.find('.full-text-etoile1');<!-- [et_pb_line_break_holder] -->    var toggle = $(this);<!-- [et_pb_line_break_holder] -->    <!-- [et_pb_line_break_holder] -->    if (fullText.is(':visible')) {<!-- [et_pb_line_break_holder] -->      fullText.slideUp();<!-- [et_pb_line_break_holder] -->      shortText.slideDown();<!-- [et_pb_line_break_holder] -->      toggle.text('leer m\u00e1s');<!-- [et_pb_line_break_holder] -->    } else {<!-- [et_pb_line_break_holder] -->      shortText.slideUp();<!-- [et_pb_line_break_holder] -->      fullText.slideDown();<!-- [et_pb_line_break_holder] -->      toggle.text('leer menos');<!-- [et_pb_line_break_holder] -->    }<!-- [et_pb_line_break_holder] -->  });<!-- [et_pb_line_break_holder] -->});<!-- [et_pb_line_break_holder] --><\/script>[\/et_pb_code][et_pb_code disabled_on=\u00bbon|on|off\u00bb _builder_version=\u00bb4.27.4&#8243; _module_preset=\u00bbdefault\u00bb custom_margin=\u00bb-25px||||false|false\u00bb ab_subject=\u00bbon\u00bb ab_subject_id=\u00bb2&#8243; ab_goal=\u00bbon\u00bb global_colors_info=\u00bb{}\u00bb]<\/p>\n<div class=\"read-more-container-etoile\"><!-- [et_pb_line_break_holder] -->  <\/p>\n<div class=\"short-text-etoile\"><!-- [et_pb_line_break_holder] -->    So werden wir zusammenarbeiten:<!-- [et_pb_line_break_holder] --> \t\t\t<!\u2013- [et_pb_br_holder] -\u2013><!\u2013- [et_pb_br_holder] -\u2013><!-- [et_pb_line_break_holder] -->Meine Kernkompetenzen sehe ich besonders im Jobcoaching, Orientierungscoaching, <!-- [et_pb_line_break_holder] -->  <\/div>\n<p><!-- [et_pb_line_break_holder] -->  <!-- [et_pb_line_break_holder] -->  <\/p>\n<div class=\"full-text-etoile\" style=\"display:none;\"><!-- [et_pb_line_break_holder] -->    So werden wir zusammenarbeiten:<!-- [et_pb_line_break_holder] --> <!\u2013- [et_pb_br_holder] -\u2013><!\u2013- [et_pb_br_holder] -\u2013><!-- [et_pb_line_break_holder] -->Meine Kernkompetenzen sehe ich besonders im Jobcoaching, Orientierungscoaching, F\u00fchrungskr\u00e4ftecoaching, Bewerbungscoaching, Frauen \u2013 und M\u00e4nnercoaching, sowie Coaching on the job, Lifecoaching und Karrierecoaching. Je nachdem, f\u00fcr welches Coaching Du Dich interessierst, besprechen wir im Vorfeld konkret Deinen pers\u00f6nlichen Weg. M\u00f6glicherweise gibt es inhaltliche Themenbl\u00f6cke, welche Du von meinen Kolleginnen und Kollegen fachspezifischer erfahren kannst. Dabei unterst\u00fctze ich Dich gerne. So hast Du den perfekten Coachmix. Es geht hier ausschlie\u00dflich um Dich! Du sollst Dich wohlf\u00fchlen! Ich beschreibe es mal so: Du steigst in meine gem\u00fctliche \u201eKutsche\u201c ein und dann fahren wir los! Unser Weg zu Deinem Ziel wird steinig und holprig\u2026vielleicht. Etwas Neues zu beginnen kann herausfordernd sein! Dann machen wir mal eine Pause und schauen auf das, was wir beide schon gemeistert haben! Worauf wir stolz sein k\u00f6nnen! Vielleicht werden wir auch neue Pfade entlang fahren. Auf eine ganz wundervolle Reise zu Deinem Ziel! Ich freue mich auf Dich! Pack schon mal Deine Koffer\u2026\ud83d\ude0a! Mein Tipp: Vielleicht wirst Du Dein Erfolgstagebuch schreiben! Wow! Das liest sich sp\u00e4ter ganz wundervoll und wird wohl dann Dein Begleiter, Dein Ratgeber im Alltag werden. Wie wertvoll!<!-- [et_pb_line_break_holder] --><!\u2013- [et_pb_br_holder] -\u2013><!\u2013- [et_pb_br_holder] -\u2013><!-- [et_pb_line_break_holder] -->Meine Schwerpunkte \u2013 Dein Nutzen:<!-- [et_pb_line_break_holder] --><!\u2013- [et_pb_br_holder] -\u2013><!\u2013- [et_pb_br_holder] -\u2013><!-- [et_pb_line_break_holder] -->Visionboard\/ Zukunftbild erstellen und damit arbeiten, Selbstmanagement, Selbstf\u00fchrung, herausfordernde Situationen meistern, Resilienz st\u00e4rken, Selbstmotivation f\u00f6rdern, Konfliktmanagement, Gl\u00fccklich werden \u2013 Lebensqualit\u00e4t verbessern, F\u00f6rderung von Selbstbewusstsein und Selbstreflexion, Entwicklung von Vertrauen und wertsch\u00e4tzende Kommunikation, Feedbackkultur u.v.m.<!-- [et_pb_line_break_holder] --><!-- [et_pb_line_break_holder] -->  <\/div>\n<p><!-- [et_pb_line_break_holder] -->  <!-- [et_pb_line_break_holder] -->  <a href=\"#\" class=\"read-more-toggle-etoile\">mehr lessen<\/a><!-- [et_pb_line_break_holder] --><\/div>\n<p><!-- [et_pb_line_break_holder] --><!-- [et_pb_line_break_holder] --><\/p>\n<style><!-- [et_pb_line_break_holder] -->.read-more-container-etoile {<!-- [et_pb_line_break_holder] -->  position: relative;<!-- [et_pb_line_break_holder] -->  padding-bottom: 25px;<!-- [et_pb_line_break_holder] -->  font-family: \"Helvetica Neue\", Helvetica, Arial, sans-serif;<!-- [et_pb_line_break_holder] -->  font-size: 18px;<!-- [et_pb_line_break_holder] -->  line-height: 1.5;<!-- [et_pb_line_break_holder] -->}<!-- [et_pb_line_break_holder] -->.read-more-toggle-etoile {<!-- [et_pb_line_break_holder] -->  color: #cd222a;<!-- [et_pb_line_break_holder] -->  text-decoration: underline;<!-- [et_pb_line_break_holder] -->  cursor: pointer;<!-- [et_pb_line_break_holder] -->  display: inline-block;<!-- [et_pb_line_break_holder] -->  margin-top: 10px;<!-- [et_pb_line_break_holder] -->  font-family: \"Helvetica Neue\", Helvetica, Arial, sans-serif;<!-- [et_pb_line_break_holder] -->  font-size: 18px;<!-- [et_pb_line_break_holder] -->  font-weight: normal;<!-- [et_pb_line_break_holder] -->}<!-- [et_pb_line_break_holder] -->.read-more-toggle-etoile:hover {<!-- [et_pb_line_break_holder] -->  color: #a81b22;<!-- [et_pb_line_break_holder] -->}<!-- [et_pb_line_break_holder] -->.short-text-etoile, .full-text-etoile {<!-- [et_pb_line_break_holder] -->  font-family: \"Helvetica Neue\", Helvetica, Arial, sans-serif;<!-- [et_pb_line_break_holder] -->  font-size: 18px;<!-- [et_pb_line_break_holder] -->  line-height: 1.5;<!-- [et_pb_line_break_holder] -->}<!-- [et_pb_line_break_holder] --><\/style>\n<p><!-- [et_pb_line_break_holder] --><!-- [et_pb_line_break_holder] --><script><!-- [et_pb_line_break_holder] -->jQuery(document).ready(function($) {<!-- [et_pb_line_break_holder] -->  $('.read-more-toggle-etoile').click(function(e) {<!-- [et_pb_line_break_holder] -->    e.preventDefault();<!-- [et_pb_line_break_holder] -->    var container = $(this).closest('.read-more-container-etoile');<!-- [et_pb_line_break_holder] -->    var shortText = container.find('.short-text-etoile');<!-- [et_pb_line_break_holder] -->    var fullText = container.find('.full-text-etoile');<!-- [et_pb_line_break_holder] -->    var toggle = $(this);<!-- [et_pb_line_break_holder] -->    <!-- [et_pb_line_break_holder] -->    if (fullText.is(':visible')) {<!-- [et_pb_line_break_holder] -->      fullText.slideUp();<!-- [et_pb_line_break_holder] -->      shortText.slideDown();<!-- [et_pb_line_break_holder] -->      toggle.text('mehr lessen');<!-- [et_pb_line_break_holder] -->    } else {<!-- [et_pb_line_break_holder] -->      shortText.slideUp();<!-- [et_pb_line_break_holder] -->      fullText.slideDown();<!-- [et_pb_line_break_holder] -->      toggle.text('Weniger lesen');<!-- [et_pb_line_break_holder] -->    }<!-- [et_pb_line_break_holder] -->  });<!-- [et_pb_line_break_holder] -->});<!-- [et_pb_line_break_holder] --><\/script>[\/et_pb_code][\/et_pb_column][\/et_pb_row][et_pb_row module_id=\u00bbkontakt-sybille-wolf\u00bb _builder_version=\u00bb4.27.4&#8243; _module_preset=\u00bbdefault\u00bb global_colors_info=\u00bb{}\u00bb][et_pb_column type=\u00bb4_4&#8243; _builder_version=\u00bb4.23.1&#8243; _module_preset=\u00bbdefault\u00bb global_colors_info=\u00bb{}\u00bb][et_pb_text _builder_version=\u00bb4.27.4&#8243; _module_preset=\u00bbdefault\u00bb header_2_text_color=\u00bb#cd222a\u00bb header_2_font_size=\u00bb30px\u00bb global_colors_info=\u00bb{}\u00bb]<\/p>\n<h2>Solicitud de coaching de AVGS para Sybille Wolf<\/h2>\n<p>[\/et_pb_text][et_pb_text _builder_version=\u00bb4.27.4&#8243; _module_preset=\u00bbdefault\u00bb text_font_size=\u00bb18px\u00bb text_line_height=\u00bb2em\u00bb global_colors_info=\u00bb{}\u00bb]Le enviaremos sus datos a Sybille Wolf para que pueda ponerse en contacto contigo lo antes posible y sugerirte una fecha para una primera consulta sin compromiso. \u00bfQu\u00e9 solicitud de coaching de AVGS tienes?[\/et_pb_text][et_pb_code module_class=\u00bbcf-kntkt-form cf-sub-kntkt-form\u00bb _builder_version=\u00bb4.27.4&#8243; _module_preset=\u00bbdefault\u00bb global_colors_info=\u00bb{}\u00bb]\n<div class=\"wpcf7 no-js\" id=\"wpcf7-f11309-o1\" lang=\"es-ES\" dir=\"ltr\" data-wpcf7-id=\"11309\">\n<div class=\"screen-reader-response\"><p role=\"status\" aria-live=\"polite\" aria-atomic=\"true\"><\/p> <ul><\/ul><\/div>\n<form action=\"\/es\/wp-json\/wp\/v2\/pages\/11291#wpcf7-f11309-o1\" method=\"post\" class=\"wpcf7-form init\" aria-label=\"Formulario de contacto\" novalidate=\"novalidate\" data-status=\"init\">\n<fieldset class=\"hidden-fields-container\"><input type=\"hidden\" name=\"_wpcf7\" value=\"11309\" \/><input type=\"hidden\" name=\"_wpcf7_version\" value=\"6.1.2\" \/><input type=\"hidden\" name=\"_wpcf7_locale\" value=\"es_ES\" \/><input type=\"hidden\" name=\"_wpcf7_unit_tag\" value=\"wpcf7-f11309-o1\" \/><input type=\"hidden\" name=\"_wpcf7_container_post\" value=\"0\" \/><input type=\"hidden\" name=\"_wpcf7_posted_data_hash\" value=\"\" \/>\n<\/fieldset>\n<div class=\"w3-row\">\n\t<div class=\"w3-col\">\n\t\t<p><span class=\"wpcf7-form-control-wrap\" data-name=\"what-can-we-do-for-you-answer\"><span class=\"wpcf7-form-control wpcf7-checkbox checkbox\"><span class=\"wpcf7-list-item first\"><label><input type=\"checkbox\" name=\"what-can-we-do-for-you-answer[]\" value=\"Coaching laboral\" \/><span class=\"wpcf7-list-item-label\">Coaching laboral<\/span><\/label><\/span><span class=\"wpcf7-list-item last\"><label><input type=\"checkbox\" name=\"what-can-we-do-for-you-answer[]\" value=\"Asesoramiento para la puesta en marcha\" \/><span class=\"wpcf7-list-item-label\">Asesoramiento para la puesta en marcha<\/span><\/label><\/span><\/span><\/span>\n\t\t<\/p>\n\t<\/div>\n<\/div>\n<div class=\"w3-row\">\n\t<div class=\"w3-col\">\n\t\t<p><label>Nombre y apellido<\/label><br \/>\n<span class=\"wpcf7-form-control-wrap\" data-name=\"Vor-und-Nachname\"><input size=\"40\" maxlength=\"400\" class=\"wpcf7-form-control wpcf7-text wpcf7-validates-as-required\" autocomplete=\"off\" aria-required=\"true\" aria-invalid=\"false\" value=\"\" type=\"text\" name=\"Vor-und-Nachname\" \/><\/span>\n\t\t<\/p>\n\t<\/div>\n<\/div>\n<div class=\"w3-row\">\n\t<div class=\"w3-col\">\n\t\t<p><label>N\u00famero telef\u00f3nico<\/label><br \/>\n<span class=\"wpcf7-form-control-wrap\" data-name=\"telefonnummer\"><input size=\"40\" maxlength=\"400\" class=\"wpcf7-form-control wpcf7-tel wpcf7-text wpcf7-validates-as-tel\" autocomplete=\"off\" aria-invalid=\"false\" value=\"\" type=\"tel\" name=\"telefonnummer\" \/><\/span>\n\t\t<\/p>\n\t<\/div>\n\t<div class=\"w3-col\">\n\t\t<p><label>Direcci\u00f3n de correo electr\u00f3nico<\/label><br \/>\n<span class=\"wpcf7-form-control-wrap\" data-name=\"your-email\"><input size=\"40\" maxlength=\"400\" class=\"wpcf7-form-control wpcf7-email wpcf7-validates-as-required wpcf7-text wpcf7-validates-as-email\" autocomplete=\"off\" aria-required=\"true\" aria-invalid=\"false\" value=\"\" type=\"email\" name=\"your-email\" \/><\/span>\n\t\t<\/p>\n\t<\/div>\n<\/div>\n<div class=\"w3-row\">\n\t<div class=\"w3-col\">\n\t\t<p><label>Mensaje<\/label>\n\t\t<\/p>\n\t<\/div>\n\t<div class=\"w3-col\">\n\t\t<p><span class=\"wpcf7-form-control-wrap\" data-name=\"mitteilung\"><textarea cols=\"40\" rows=\"10\" maxlength=\"2000\" class=\"wpcf7-form-control wpcf7-textarea\" aria-invalid=\"false\" placeholder=\"m\u00e1x 500 caracteres\" name=\"mitteilung\"><\/textarea><\/span>\n\t\t<\/p>\n\t<\/div>\n<\/div>\n<div class=\"w3-row\">\n\t<div class=\"w3-col\">\n\t\t<p><label>\u00bfC\u00f3mo nos encontraste?<\/label>\n\t\t<\/p>\n\t<\/div>\n<\/div>\n<div class=\"w3-row\">\n\t<div class=\"w3-col\">\n\t\t<p><span class=\"wpcf7-form-control-wrap\" data-name=\"how-did-you-find-us-answer\"><span class=\"wpcf7-form-control wpcf7-checkbox checkbox\"><span class=\"wpcf7-list-item first\"><label><input type=\"checkbox\" name=\"how-did-you-find-us-answer[]\" value=\"Recomendaci\u00f3n personal\" \/><span class=\"wpcf7-list-item-label\">Recomendaci\u00f3n personal<\/span><\/label><\/span><span class=\"wpcf7-list-item\"><label><input type=\"checkbox\" name=\"how-did-you-find-us-answer[]\" value=\"Internetsuche\" \/><span class=\"wpcf7-list-item-label\">Internetsuche<\/span><\/label><\/span><span class=\"wpcf7-list-item last\"><label><input type=\"checkbox\" name=\"how-did-you-find-us-answer[]\" value=\"Redes sociales\" \/><span class=\"wpcf7-list-item-label\">Redes sociales<\/span><\/label><\/span><\/span><\/span>\n\t\t<\/p>\n\t<\/div>\n<\/div>\n<div class=\"w3-row\">\n\t<div class=\"w3-col\">\n\t\t<p><label>Protecci\u00f3n de datos<\/label><br \/>\n<span class=\"wpcf7-form-control-wrap\" data-name=\"datenschutz\"><span class=\"wpcf7-form-control wpcf7-checkbox wpcf7-validates-as-required\"><span class=\"wpcf7-list-item first last\"><input type=\"checkbox\" name=\"datenschutz[]\" value=\"Doy mi consentimiento para el tratamiento de mis datos personales proporcionados anteriormente con el fin de recibir informaci\u00f3n sobre sesiones de coaching. Mis datos podr\u00e1n ser transmitidos a los coaches con los que se contacte para establecer contacto. He le\u00eddo la informaci\u00f3n adicional sobre el tratamiento de mis datos. Soy consciente de que puedo revocar el consentimiento otorgado en cualquier momento por tel\u00e9fono o enviando un correo electr\u00f3nico informal a kontakt@beratung-westphal.de.\" \/><span class=\"wpcf7-list-item-label\">Doy mi consentimiento para el tratamiento de mis datos personales proporcionados anteriormente con el fin de recibir informaci\u00f3n sobre sesiones de coaching. Mis datos podr\u00e1n ser transmitidos a los coaches con los que se contacte para establecer contacto. He le\u00eddo la informaci\u00f3n adicional sobre el tratamiento de mis datos. Soy consciente de que puedo revocar el consentimiento otorgado en cualquier momento por tel\u00e9fono o enviando un correo electr\u00f3nico informal a kontakt@beratung-westphal.de.<\/span><\/span><\/span><\/span>\n\t\t<\/p>\n\t<\/div>\n<\/div>\n<div class=\"w3-row\">\n\t<div class=\"w3-col\">\n\t\t<p><span class=\"wpcf7-form-control-wrap\" data-name=\"quiz-827\"><label><span class=\"wpcf7-quiz-label\">16 - 6 = ?<\/span> <input size=\"40\" class=\"wpcf7-form-control wpcf7-quiz\" autocomplete=\"off\" aria-required=\"true\" aria-invalid=\"false\" type=\"text\" name=\"quiz-827\" \/><\/label><input type=\"hidden\" name=\"_wpcf7_quiz_answer_quiz-827\" value=\"a5cc132ea93ed1ebdfa0149b9d684efe\" \/><\/span>\n\t\t<\/p>\n\t<\/div>\n<\/div>\n<center>\n\t<div class=\"w3-row\">\n\t\t<div class=\"w3-col\">\n\t\t\t<p><input class=\"wpcf7-form-control wpcf7-submit has-spinner pc-button bg-primary-color square-button primary-border-color\" type=\"submit\" value=\"Enviar\" \/>\n\t\t\t<\/p>\n\t\t<\/div>\n\t<\/div>\n<\/center><div class=\"frc-captcha \" data-sitekey=\"FCMIVM5H8K1HPA6F\" data-lang=\"es\" ><\/div>\n\t\t<noscript>You need to enable Javascript for the anti-spam check.<\/noscript><div class=\"wpcf7-response-output\" aria-hidden=\"true\"><\/div>\n<\/form>\n<\/div>\n[\/et_pb_code][\/et_pb_column][\/et_pb_row][\/et_pb_section]<\/p>\n","protected":false},"excerpt":{"rendered":"<p>Sybille Wolf Producto: Coaching laboral Idioma(s) del coaching: Alem\u00e1n Formaci\u00f3n\/certificaciones de coaching: Futuro coach de salud hol\u00edstica certificado seg\u00fan el Prof. Dr. J\u00f6rg Spitz, especialista certificado en cultura empresarial por la IHK, coach empresarial certificado por BZTB, especialista comercial certificado por la IHK. Experiencia en el sector: Consultor\u00eda\/Coaching, Servicios, Eventos\/Ocio, Salud\/Asistencia, Comercio\/Ventas, Marketing\/Comunicaci\u00f3n, Social\/Educaci\u00f3n\/Formaci\u00f3n Continua, [&hellip;]<\/p>\n","protected":false},"author":1,"featured_media":0,"parent":5247,"menu_order":0,"comment_status":"closed","ping_status":"closed","template":"","meta":{"_et_pb_use_builder":"on","_et_pb_old_content":"","_et_gb_content_width":"","footnotes":""},"class_list":["post-11291","page","type-page","status-publish","hentry"],"yoast_head":"<!-- This site is optimized with the Yoast SEO plugin v26.0 - https:\/\/yoast.com\/wordpress\/plugins\/seo\/ -->\n<title>Sybille Wolf - AVGS Gutschein<\/title>\n<meta name=\"robots\" content=\"index, follow, max-snippet:-1, max-image-preview:large, max-video-preview:-1\" \/>\n<link rel=\"canonical\" href=\"https:\/\/avgs-gutschein.de\/es\/nuestrxs-entrenadorxs\/sybille-wolf\/\" \/>\n<meta property=\"og:locale\" content=\"es_ES\" \/>\n<meta property=\"og:type\" content=\"article\" \/>\n<meta property=\"og:title\" content=\"Sybille Wolf - AVGS Gutschein\" \/>\n<meta property=\"og:description\" content=\"Sybille Wolf Producto: Coaching laboral Idioma(s) del coaching: Alem\u00e1n Formaci\u00f3n\/certificaciones de coaching: Futuro coach de salud hol\u00edstica certificado seg\u00fan el Prof. Dr. J\u00f6rg Spitz, especialista certificado en cultura empresarial por la IHK, coach empresarial certificado por BZTB, especialista comercial certificado por la IHK. Experiencia en el sector: Consultor\u00eda\/Coaching, Servicios, Eventos\/Ocio, Salud\/Asistencia, Comercio\/Ventas, Marketing\/Comunicaci\u00f3n, Social\/Educaci\u00f3n\/Formaci\u00f3n Continua, [&hellip;]\" \/>\n<meta property=\"og:url\" content=\"https:\/\/avgs-gutschein.de\/es\/nuestrxs-entrenadorxs\/sybille-wolf\/\" \/>\n<meta property=\"og:site_name\" content=\"AVGS Gutschein\" \/>\n<meta property=\"article:modified_time\" content=\"2025-10-07T07:56:19+00:00\" \/>\n<meta name=\"twitter:card\" content=\"summary_large_image\" \/>\n<meta name=\"twitter:label1\" content=\"Tiempo de lectura\" \/>\n\t<meta name=\"twitter:data1\" content=\"8 minutos\" \/>\n<script type=\"application\/ld+json\" class=\"yoast-schema-graph\">{\"@context\":\"https:\/\/schema.org\",\"@graph\":[{\"@type\":\"WebPage\",\"@id\":\"https:\/\/avgs-gutschein.de\/es\/nuestrxs-entrenadorxs\/sybille-wolf\/\",\"url\":\"https:\/\/avgs-gutschein.de\/es\/nuestrxs-entrenadorxs\/sybille-wolf\/\",\"name\":\"Sybille Wolf - AVGS Gutschein\",\"isPartOf\":{\"@id\":\"https:\/\/avgs-gutschein.de\/es\/#website\"},\"datePublished\":\"2025-04-24T01:57:02+00:00\",\"dateModified\":\"2025-10-07T07:56:19+00:00\",\"breadcrumb\":{\"@id\":\"https:\/\/avgs-gutschein.de\/es\/nuestrxs-entrenadorxs\/sybille-wolf\/#breadcrumb\"},\"inLanguage\":\"es\",\"potentialAction\":[{\"@type\":\"ReadAction\",\"target\":[\"https:\/\/avgs-gutschein.de\/es\/nuestrxs-entrenadorxs\/sybille-wolf\/\"]}]},{\"@type\":\"BreadcrumbList\",\"@id\":\"https:\/\/avgs-gutschein.de\/es\/nuestrxs-entrenadorxs\/sybille-wolf\/#breadcrumb\",\"itemListElement\":[{\"@type\":\"ListItem\",\"position\":1,\"name\":\"Startseite\",\"item\":\"https:\/\/avgs-gutschein.de\/es\/\"},{\"@type\":\"ListItem\",\"position\":2,\"name\":\"Nuestrxs entrenadorxs\",\"item\":\"https:\/\/avgs-gutschein.de\/es\/unsere-coaches\/\"},{\"@type\":\"ListItem\",\"position\":3,\"name\":\"Sybille Wolf\"}]},{\"@type\":\"WebSite\",\"@id\":\"https:\/\/avgs-gutschein.de\/es\/#website\",\"url\":\"https:\/\/avgs-gutschein.de\/es\/\",\"name\":\"AVGS Gutschein\",\"description\":\"\",\"potentialAction\":[{\"@type\":\"SearchAction\",\"target\":{\"@type\":\"EntryPoint\",\"urlTemplate\":\"https:\/\/avgs-gutschein.de\/es\/?s={search_term_string}\"},\"query-input\":{\"@type\":\"PropertyValueSpecification\",\"valueRequired\":true,\"valueName\":\"search_term_string\"}}],\"inLanguage\":\"es\"}]}<\/script>\n<!-- \/ Yoast SEO plugin. -->","yoast_head_json":{"title":"Sybille Wolf - AVGS Gutschein","robots":{"index":"index","follow":"follow","max-snippet":"max-snippet:-1","max-image-preview":"max-image-preview:large","max-video-preview":"max-video-preview:-1"},"canonical":"https:\/\/avgs-gutschein.de\/es\/nuestrxs-entrenadorxs\/sybille-wolf\/","og_locale":"es_ES","og_type":"article","og_title":"Sybille Wolf - AVGS Gutschein","og_description":"Sybille Wolf Producto: Coaching laboral Idioma(s) del coaching: Alem\u00e1n Formaci\u00f3n\/certificaciones de coaching: Futuro coach de salud hol\u00edstica certificado seg\u00fan el Prof. Dr. J\u00f6rg Spitz, especialista certificado en cultura empresarial por la IHK, coach empresarial certificado por BZTB, especialista comercial certificado por la IHK. Experiencia en el sector: Consultor\u00eda\/Coaching, Servicios, Eventos\/Ocio, Salud\/Asistencia, Comercio\/Ventas, Marketing\/Comunicaci\u00f3n, Social\/Educaci\u00f3n\/Formaci\u00f3n Continua, [&hellip;]","og_url":"https:\/\/avgs-gutschein.de\/es\/nuestrxs-entrenadorxs\/sybille-wolf\/","og_site_name":"AVGS Gutschein","article_modified_time":"2025-10-07T07:56:19+00:00","twitter_card":"summary_large_image","twitter_misc":{"Tiempo de lectura":"8 minutos"},"schema":{"@context":"https:\/\/schema.org","@graph":[{"@type":"WebPage","@id":"https:\/\/avgs-gutschein.de\/es\/nuestrxs-entrenadorxs\/sybille-wolf\/","url":"https:\/\/avgs-gutschein.de\/es\/nuestrxs-entrenadorxs\/sybille-wolf\/","name":"Sybille Wolf - AVGS Gutschein","isPartOf":{"@id":"https:\/\/avgs-gutschein.de\/es\/#website"},"datePublished":"2025-04-24T01:57:02+00:00","dateModified":"2025-10-07T07:56:19+00:00","breadcrumb":{"@id":"https:\/\/avgs-gutschein.de\/es\/nuestrxs-entrenadorxs\/sybille-wolf\/#breadcrumb"},"inLanguage":"es","potentialAction":[{"@type":"ReadAction","target":["https:\/\/avgs-gutschein.de\/es\/nuestrxs-entrenadorxs\/sybille-wolf\/"]}]},{"@type":"BreadcrumbList","@id":"https:\/\/avgs-gutschein.de\/es\/nuestrxs-entrenadorxs\/sybille-wolf\/#breadcrumb","itemListElement":[{"@type":"ListItem","position":1,"name":"Startseite","item":"https:\/\/avgs-gutschein.de\/es\/"},{"@type":"ListItem","position":2,"name":"Nuestrxs entrenadorxs","item":"https:\/\/avgs-gutschein.de\/es\/unsere-coaches\/"},{"@type":"ListItem","position":3,"name":"Sybille Wolf"}]},{"@type":"WebSite","@id":"https:\/\/avgs-gutschein.de\/es\/#website","url":"https:\/\/avgs-gutschein.de\/es\/","name":"AVGS Gutschein","description":"","potentialAction":[{"@type":"SearchAction","target":{"@type":"EntryPoint","urlTemplate":"https:\/\/avgs-gutschein.de\/es\/?s={search_term_string}"},"query-input":{"@type":"PropertyValueSpecification","valueRequired":true,"valueName":"search_term_string"}}],"inLanguage":"es"}]}},"_links":{"self":[{"href":"https:\/\/avgs-gutschein.de\/es\/wp-json\/wp\/v2\/pages\/11291","targetHints":{"allow":["GET"]}}],"collection":[{"href":"https:\/\/avgs-gutschein.de\/es\/wp-json\/wp\/v2\/pages"}],"about":[{"href":"https:\/\/avgs-gutschein.de\/es\/wp-json\/wp\/v2\/types\/page"}],"author":[{"embeddable":true,"href":"https:\/\/avgs-gutschein.de\/es\/wp-json\/wp\/v2\/users\/1"}],"replies":[{"embeddable":true,"href":"https:\/\/avgs-gutschein.de\/es\/wp-json\/wp\/v2\/comments?post=11291"}],"version-history":[{"count":6,"href":"https:\/\/avgs-gutschein.de\/es\/wp-json\/wp\/v2\/pages\/11291\/revisions"}],"predecessor-version":[{"id":11675,"href":"https:\/\/avgs-gutschein.de\/es\/wp-json\/wp\/v2\/pages\/11291\/revisions\/11675"}],"up":[{"embeddable":true,"href":"https:\/\/avgs-gutschein.de\/es\/wp-json\/wp\/v2\/pages\/5247"}],"wp:attachment":[{"href":"https:\/\/avgs-gutschein.de\/es\/wp-json\/wp\/v2\/media?parent=11291"}],"curies":[{"name":"wp","href":"https:\/\/api.w.org\/{rel}","templated":true}]}}