{"id":10159,"date":"2025-05-26T11:00:07","date_gmt":"2025-05-26T09:00:07","guid":{"rendered":"https:\/\/avgs-gutschein.de\/nuestrxs-entrenadorxs\/theresia-schreier\/"},"modified":"2025-10-07T09:33:41","modified_gmt":"2025-10-07T07:33:41","slug":"theresia-schreier","status":"publish","type":"page","link":"https:\/\/avgs-gutschein.de\/es\/nuestrxs-entrenadorxs\/theresia-schreier\/","title":{"rendered":"Theresia Schreier"},"content":{"rendered":"<p>[et_pb_section fb_built=\u00bb1&#8243; module_class=\u00bbcoaches-img\u00bb _builder_version=\u00bb4.24.0&#8243; _module_preset=\u00bbdefault\u00bb background_color=\u00bb#e0e0e0&#8243; custom_padding=\u00bb0px||0px||true|false\u00bb global_colors_info=\u00bb{}\u00bb][et_pb_row column_structure=\u00bb2_5,3_5&#8243; use_custom_gutter=\u00bbon\u00bb make_equal=\u00bbon\u00bb _builder_version=\u00bb4.27.4&#8243; _module_preset=\u00bbdefault\u00bb background_position=\u00bbtop_center\u00bb custom_padding=\u00bb0px||0px||true|false\u00bb global_colors_info=\u00bb{}\u00bb][et_pb_column type=\u00bb2_5&#8243; _builder_version=\u00bb4.27.4&#8243; _module_preset=\u00bbdefault\u00bb background_image=\u00bbhttps:\/\/avgs-gutschein.de\/wp-content\/uploads\/2025\/05\/theresia-schreier-profile-img.webp\u00bb background_position=\u00bbtop_center\u00bb custom_padding_tablet=\u00bb38vw||38vw||true|false\u00bb custom_padding_phone=\u00bb38vw||38vw||true|false\u00bb custom_padding_last_edited=\u00bbon|tablet\u00bb global_colors_info=\u00bb{}\u00bb][\/et_pb_column][et_pb_column type=\u00bb3_5&#8243; _builder_version=\u00bb4.23.1&#8243; _module_preset=\u00bbdefault\u00bb custom_padding=\u00bb3vw||3vw||true|false\u00bb custom_padding_tablet=\u00bb3vw||3vw||true|false\u00bb custom_padding_phone=\u00bb8vw||10vw||false|false\u00bb custom_padding_last_edited=\u00bbon|phone\u00bb global_colors_info=\u00bb{}\u00bb][et_pb_text _builder_version=\u00bb4.27.4&#8243; _module_preset=\u00bbdefault\u00bb header_font=\u00bb|800|||||||\u00bb header_text_color=\u00bb#000000&#8243; custom_margin=\u00bb||1em||false|false\u00bb global_colors_info=\u00bb{}\u00bb]<\/p>\n<h1>Theresia Schreier<\/h1>\n<p>[\/et_pb_text][et_pb_text module_class=\u00bbsub-prof\u00bb _builder_version=\u00bb4.27.4&#8243; _module_preset=\u00bbdefault\u00bb text_text_color=\u00bb#000000&#8243; global_colors_info=\u00bb{}\u00bb]<\/p>\n<div class=\"coach-desc\">\n<p><strong>Producto:<\/strong>\u00a0\u00a0Coaching laboral, consultor\u00eda para startups<\/p>\n<hr \/>\n<p><strong>Idioma(s) del coaching:<\/strong>\u00a0alem\u00e1n<\/p>\n<hr \/>\n<p><strong>Formaci\u00f3n\/certificaciones de coaching:<\/strong>\u00a0\u00a0Formaci\u00f3n en\u00a0\u00a0<strong>trabajo de constelaciones sist\u00e9micas<\/strong>\u00a0\u00a0(familia y organizaci\u00f3n) con Maik L\u00e4rz, Erfurt, formaci\u00f3n como\u00a0\u00a0<strong>practicante de neuroresonancia y PNL<\/strong>\u00a0\u00a0\/ con Denys Scharnweber,\u00a0\u00a0<strong>m\u00e9todos EMDR<\/strong>\u00a0\u00a0: Wingwave y EmotionSync (EyeSync, MoveSync, ClapSync, TapSync), formaci\u00f3n b\u00e1sica y avanzada en ThetaHealing, muchos a\u00f1os de experiencia en\u00a0\u00a0<strong>movimiento y trabajo corporal<\/strong>\u00a0\u00a0a trav\u00e9s de m\u00e1s de 11 a\u00f1os como entrenador de Zumba (B\u00e1sico 1 y 2, Zumba Gold, Zumba Aqua)<\/p>\n<hr \/>\n<p><strong>Experiencia en el sector:<\/strong>\u00a0\u00a0Consultor\u00eda\/Coaching, Servicios, Eventos\/Ocio, Gastronom\u00eda\/Hoteler\u00eda\/Turismo, Comercio minorista\/Ventas<\/p>\n<\/div>\n<p>[\/et_pb_text][et_pb_button button_url=\u00bb\/es\/nuestrxs-entrenadorxs\/theresia-schreier\/#kontakt-theresia\u00bb button_text=\u00bbReserva una consulta inicial\u00bb _builder_version=\u00bb4.27.4&#8243; _module_preset=\u00bbdefault\u00bb custom_button=\u00bbon\u00bb button_text_size=\u00bb16px\u00bb button_text_color=\u00bb#ffffff\u00bb button_bg_color=\u00bb#cd222a\u00bb button_border_width=\u00bb0px\u00bb button_border_color=\u00bb#FFFFFF\u00bb global_colors_info=\u00bb{}\u00bb][\/et_pb_button][\/et_pb_column][\/et_pb_row][\/et_pb_section][et_pb_section fb_built=\u00bb1&#8243; _builder_version=\u00bb4.23.1&#8243; _module_preset=\u00bbdefault\u00bb global_colors_info=\u00bb{}\u00bb][et_pb_row column_structure=\u00bb2_3,1_3&#8243; use_custom_gutter=\u00bbon\u00bb make_equal=\u00bbon\u00bb _builder_version=\u00bb4.27.4&#8243; _module_preset=\u00bbdefault\u00bb global_colors_info=\u00bb{}\u00bb][et_pb_column type=\u00bb2_3&#8243; _builder_version=\u00bb4.23.1&#8243; _module_preset=\u00bbdefault\u00bb custom_padding=\u00bb|3vw|||false|false\u00bb border_width_right=\u00bb1px\u00bb border_color_right=\u00bb#cd222a\u00bb global_colors_info=\u00bb{}\u00bb][et_pb_text module_class=\u00bbprof-question\u00bb _builder_version=\u00bb4.27.4&#8243; _module_preset=\u00bbdefault\u00bb text_text_color=\u00bb#cd222a\u00bb text_font_size=\u00bb24px\u00bb custom_margin=\u00bb||0.5em||false|false\u00bb global_colors_info=\u00bb{}\u00bb]1. \u00bfQu\u00e9 te califica como entrenador\/formador?[\/et_pb_text][et_pb_text module_class=\u00bbprof-answer\u00bb _builder_version=\u00bb4.27.4&#8243; _module_preset=\u00bbdefault\u00bb text_font=\u00bb|300|||||||\u00bb text_font_size=\u00bb18px\u00bb text_line_height=\u00bb2em\u00bb global_colors_info=\u00bb{}\u00bb]No soy coach porque alguna vez me pareciera bien, sino porque mi camino me ha tra\u00eddo exactamente hasta aqu\u00ed. Mi experiencia en el sector hotelero, las ventas y el fitness est\u00e1 llena. He guiado, motivado e inspirado a personas, primero en la pista de baile y luego en constelaciones. Gracias a una formaci\u00f3n exhaustiva en trabajo sist\u00e9mico, EMDR, PNL, trabajo energ\u00e9tico y neurorresonancia, he aprendido a ver con profundidad sin perder el equilibrio. Combino intuici\u00f3n con experiencia, coraz\u00f3n con estructura.[\/et_pb_text][et_pb_text module_class=\u00bbprof-question\u00bb _builder_version=\u00bb4.27.4&#8243; _module_preset=\u00bbdefault\u00bb text_text_color=\u00bb#cd222a\u00bb text_font_size=\u00bb24px\u00bb custom_margin=\u00bb||0.5em||false|false\u00bb global_colors_info=\u00bb{}\u00bb]2. \u00bfQu\u00e9 resultados mensurables ha logrado junto con sus clientes y qu\u00e9 lo distingue?[\/et_pb_text][et_pb_text module_class=\u00bbprof-answer\u00bb _builder_version=\u00bb4.27.4&#8243; _module_preset=\u00bbdefault\u00bb text_font=\u00bb|300|||||||\u00bb text_font_size=\u00bb18px\u00bb text_line_height=\u00bb2em\u00bb global_colors_info=\u00bb{}\u00bb]Los n\u00fameros no lo son todo, pero s\u00ed: la gente ha cambiado de trabajo despu\u00e9s del coaching y ahora est\u00e1 m\u00e1s contenta. Los equipos no solo trabajaron con mayor eficiencia despu\u00e9s de \u00abConfetti in the Team\u00bb, sino que tambi\u00e9n disfrutaron de volver a verse a los ojos. Un cliente coment\u00f3: \u00abDesde el d\u00eda que estuve contigo, he vuelto a dormir bien. Estoy m\u00e1s tranquilo y puedo pensar con claridad en todo\u00bb. Y recientemente, un cliente me escribi\u00f3 una tarjeta despu\u00e9s de una sesi\u00f3n de coaching de AVGS: \u00abQuerida Theresia, much\u00edsimas gracias por tu apoyo durante los \u00faltimos meses, por los numerosos m\u00e9todos creativos, por tus ideas tan interesantes y por tu actitud positiva y renovadora. Me sent\u00ed muy a gusto contigo y ahora estoy justo donde quer\u00eda estar despu\u00e9s del coaching. Te deseo lo mejor\u00bb.<\/p>\n<p>\u00bfQu\u00e9 me distingue? No soy una persona fingida; soy honesta, genuina y presente. Te veo a ti, no solo a tu rol.[\/et_pb_text][et_pb_text module_class=\u00bbprof-question\u00bb _builder_version=\u00bb4.27.4&#8243; _module_preset=\u00bbdefault\u00bb text_text_color=\u00bb#cd222a\u00bb text_font_size=\u00bb24px\u00bb custom_margin=\u00bb||0.5em||false|false\u00bb global_colors_info=\u00bb{}\u00bb]3. \u00bfQu\u00e9 es lo que m\u00e1s te gusta de tu trabajo?[\/et_pb_text][et_pb_text module_class=\u00bbprof-answer\u00bb _builder_version=\u00bb4.27.4&#8243; _module_preset=\u00bbdefault\u00bb text_font=\u00bb|300|||||||\u00bb text_font_size=\u00bb18px\u00bb text_line_height=\u00bb2em\u00bb global_colors_info=\u00bb{}\u00bb]Cuando la sala se queda en silencio porque alguien acaba de comprender por primera vez en su vida por qu\u00e9 sigue cayendo en el mismo callej\u00f3n sin salida, eso me llena de alegr\u00eda. Cuando las l\u00e1grimas fluyen sin verg\u00fcenza. Cuando alguien dice despu\u00e9s de una ceremonia de cacao: \u00abMi coraz\u00f3n necesitaba eso\u00bb. Me encanta cuando algo se libera, cuando la gente vuelve a sentir. Es pura magia.[\/et_pb_text][et_pb_text module_class=\u00bbprof-question\u00bb _builder_version=\u00bb4.27.4&#8243; _module_preset=\u00bbdefault\u00bb text_text_color=\u00bb#cd222a\u00bb text_font_size=\u00bb24px\u00bb custom_margin=\u00bb||0.5em||false|false\u00bb global_colors_info=\u00bb{}\u00bb]4. \u00bfQu\u00e9 dicen tus clientes de ti?[\/et_pb_text][et_pb_text module_class=\u00bbprof-answer\u00bb _builder_version=\u00bb4.27.4&#8243; _module_preset=\u00bbdefault\u00bb text_font=\u00bb|300|||||||\u00bb text_font_size=\u00bb18px\u00bb text_line_height=\u00bb2em\u00bb global_colors_info=\u00bb{}\u00bb]Despu\u00e9s de nuestro coaching de duelo, Mariana escribi\u00f3 que gracias al<br \/>\ntiempo que pasamos juntas, finalmente se siente libre de nuevo; donde antes hab\u00eda sentimientos de culpa y pesadez, ahora hay amor en su coraz\u00f3n.<br \/>\nAnna relata un viaje hacia s\u00ed misma que solo fue posible gracias al confeti en su coraz\u00f3n. Dice: \u00abEl coaching con Resi es tan emp\u00e1tico, profundo, honesto, doloroso, confrontativo (en el mejor sentido), perspicaz y sanador\u00bb.<\/p>\n<p>Jenny lo describe as\u00ed: \u201cElla no juzga, no condena, y t\u00fa simplemente te sientes bien, tal como eres\u201d.<\/p>\n<p>Sue escribi\u00f3: \u201cResolvimos mi miedo a la p\u00e9rdida y la creencia de \u2018no soy lo suficientemente buena\u2019, y desde entonces, han sucedido cosas maravillosas en mi vida\u201d.<\/p>\n<p>Y Ellen dice: \u201cTheresia me ayud\u00f3 m\u00e1gicamente a superar un momento dif\u00edcil, con una manera amorosa, c\u00e1lida y aut\u00e9ntica que inmediatamente reson\u00f3 conmigo\u201d.<\/p>\n<p>Lo que mis clientes dicen de m\u00ed siempre me conmueve profundamente porque eso es exactamente lo que me impulsa: crear espacios donde las personas se sientan realmente vistas, contenidas y empoderadas.[\/et_pb_text][et_pb_text module_class=\u00bbprof-question\u00bb _builder_version=\u00bb4.27.4&#8243; _module_preset=\u00bbdefault\u00bb text_text_color=\u00bb#cd222a\u00bb text_font_size=\u00bb24px\u00bb custom_margin=\u00bb||0.5em||false|false\u00bb global_colors_info=\u00bb{}\u00bb]5. \u00bfQu\u00e9 te motiva y cu\u00e1l es tu tarea favorita como entrenador?[\/et_pb_text][et_pb_text module_class=\u00bbprof-answer\u00bb _builder_version=\u00bb4.27.4&#8243; _module_preset=\u00bbdefault\u00bb text_font=\u00bb|300|||||||\u00bb text_font_size=\u00bb18px\u00bb text_line_height=\u00bb2em\u00bb custom_padding=\u00bb5px|||||\u00bb global_colors_info=\u00bb{}\u00bb]Lo que me motiva es que muchas personas funcionan, pero no sienten. Que viven una vida que realmente no les corresponde. Quiero que redescubran su confeti interior.<\/p>\n<p>\u00bfMi tarea favorita? Sin duda: la combinaci\u00f3n de profundidad y ligereza. Ya sea en constelaciones, individualmente o en grupo, me encanta cuando la claridad y el coraz\u00f3n se armonizan. Y si alguien se r\u00ede a carcajadas o se maravilla en silencio, es perfecto.[\/et_pb_text][et_pb_text module_class=\u00bbprof-question\u00bb _builder_version=\u00bb4.27.4&#8243; _module_preset=\u00bbdefault\u00bb text_text_color=\u00bb#cd222a\u00bb text_font_size=\u00bb24px\u00bb custom_margin=\u00bb||0.5em||false|false\u00bb global_colors_info=\u00bb{}\u00bb]6. \u00bfDe qu\u00e9 te sientes m\u00e1s orgulloso cuando piensas en tu carrera?[\/et_pb_text][et_pb_text module_class=\u00bbprof-answer\u00bb _builder_version=\u00bb4.27.4&#8243; _module_preset=\u00bbdefault\u00bb text_font=\u00bb|300|||||||\u00bb text_font_size=\u00bb18px\u00bb text_line_height=\u00bb2em\u00bb custom_padding=\u00bb5px|||||\u00bb global_colors_info=\u00bb{}\u00bb]Que tom\u00e9 todas mis experiencias, incluso las m\u00e1s desafiantes, y constru\u00ed algo nuevo a partir de ellas. Que tuve el coraje de romper con el \u00abtrabajo\u00bb tradicional y hacer realidad mi vocaci\u00f3n. Y que hoy la gente viene a mi espacio y dice: \u00abAqu\u00ed puedo ser yo mismo\u00bb.<\/p>\n<p>Tambi\u00e9n estoy especialmente orgullosa de haber convertido mi mayor debilidad en mi mayor fortaleza. La p\u00e9rdida de mi hermano me dej\u00f3 una profunda herida, pero a la vez, una profunda comprensi\u00f3n de lo que realmente se siente el duelo. S\u00e9 cu\u00e1ntos sentimientos reprimimos para poder seguir adelante. Precisamente por eso ahora puedo apoyar a otros con tanta determinaci\u00f3n, con aut\u00e9ntica profundidad, aut\u00e9ntica experiencia y aut\u00e9ntica compasi\u00f3n.[\/et_pb_text][et_pb_text module_class=\u00bbprof-question\u00bb _builder_version=\u00bb4.27.4&#8243; _module_preset=\u00bbdefault\u00bb text_text_color=\u00bb#cd222a\u00bb text_font_size=\u00bb24px\u00bb custom_margin=\u00bb||0.5em||false|false\u00bb global_colors_info=\u00bb{}\u00bb]7. \u00bfC\u00f3mo cambiar\u00e1 la digitalizaci\u00f3n el sector del coaching en su conjunto? \u00bfY c\u00f3mo se enfrentar\u00e1 a ella?[\/et_pb_text][et_pb_text module_class=\u00bbprof-answer\u00bb _builder_version=\u00bb4.27.4&#8243; _module_preset=\u00bbdefault\u00bb text_font=\u00bb|300|||||||\u00bb text_font_size=\u00bb18px\u00bb text_line_height=\u00bb2em\u00bb custom_padding=\u00bb5px|||||\u00bb global_colors_info=\u00bb{}\u00bb]La digitalizaci\u00f3n ofrece muchas oportunidades, mayor alcance y mayor flexibilidad. Pero el coaching tambi\u00e9n se nutre de encuentros reales, de la energ\u00eda del espacio.<\/p>\n<p>Utilizo herramientas digitales cuando tienen sentido, como coaching online, redes sociales y herramientas de reservas. Al mismo tiempo, me apego a lo que me define: trabajo honesto y tangible, presencial o digital, pero siempre con el coraz\u00f3n.[\/et_pb_text][et_pb_text module_class=\u00bbprof-question\u00bb _builder_version=\u00bb4.27.4&#8243; _module_preset=\u00bbdefault\u00bb text_text_color=\u00bb#cd222a\u00bb text_font_size=\u00bb24px\u00bb custom_margin=\u00bb||0.5em||false|false\u00bb global_colors_info=\u00bb{}\u00bb]8. \u00bfCu\u00e1l es la mejor manera de relajarse?[\/et_pb_text][et_pb_text module_class=\u00bbprof-answer\u00bb _builder_version=\u00bb4.27.4&#8243; _module_preset=\u00bbdefault\u00bb text_font=\u00bb|300|||||||\u00bb text_font_size=\u00bb18px\u00bb text_line_height=\u00bb2em\u00bb custom_padding=\u00bb5px|||||\u00bb global_colors_info=\u00bb{}\u00bb]En la naturaleza, haciendo ejercicio. Con una taza de t\u00e9 en la mano, descalza en el c\u00e9sped, o bailando con mi hija por la sala. O incluso durante una ceremonia de cacao. Creo en los rituales, en los peque\u00f1os descansos de vez en cuando, y en que la ligereza no es un lujo, sino una elecci\u00f3n.[\/et_pb_text][et_pb_text module_class=\u00bbprof-question\u00bb _builder_version=\u00bb4.27.4&#8243; _module_preset=\u00bbdefault\u00bb text_text_color=\u00bb#cd222a\u00bb text_font_size=\u00bb24px\u00bb custom_margin=\u00bb||0.5em||false|false\u00bb global_colors_info=\u00bb{}\u00bb]9. \u00bfQu\u00e9 posibilidades ofrece el coaching individual y d\u00f3nde podr\u00edas encontrar limitaciones?[\/et_pb_text][et_pb_text module_class=\u00bbprof-answer\u00bb _builder_version=\u00bb4.27.4&#8243; _module_preset=\u00bbdefault\u00bb text_font=\u00bb|300|||||||\u00bb text_font_size=\u00bb18px\u00bb text_line_height=\u00bb2em\u00bb custom_padding=\u00bb5px|||||\u00bb global_colors_info=\u00bb{}\u00bb]Resolviendo bloqueos, generando claridad y animando a otros. El l\u00edmite est\u00e1 donde las personas (a\u00fan) no est\u00e1n listas para verse o sentirse. O donde se necesita apoyo terap\u00e9utico. Pero eso tambi\u00e9n est\u00e1 bien, y cuento con una buena red para recomendar a otras personas, e incluso me interesa colaborar.[\/et_pb_text][et_pb_text module_class=\u00bbprof-question\u00bb _builder_version=\u00bb4.27.4&#8243; _module_preset=\u00bbdefault\u00bb text_text_color=\u00bb#cd222a\u00bb text_font_size=\u00bb24px\u00bb custom_margin=\u00bb||0.5em||false|false\u00bb global_colors_info=\u00bb{}\u00bb]10. \u00bfC\u00f3mo reconocer a un buen entrenador?[\/et_pb_text][et_pb_text module_class=\u00bbprof-answer\u00bb _builder_version=\u00bb4.27.4&#8243; _module_preset=\u00bbdefault\u00bb text_font=\u00bb|300|||||||\u00bb text_font_size=\u00bb18px\u00bb text_line_height=\u00bb2em\u00bb custom_padding=\u00bb5px|||||\u00bb global_colors_info=\u00bb{}\u00bb]Se trata de la capacidad de escuchar sin juzgar.<br \/>\nSe trata de la actitud de servicio, no de un sabelotodo.<br \/>\nY se trata de que el propio entrenador siga desarroll\u00e1ndose.<\/p>\n<p>Creo que quien trabaja de cerca con el alma de una persona no puede evitar su propio trabajo interior. De lo contrario, le falta profundidad. Si mentorizas a otros, deber\u00edas trabajar regularmente en tus propios problemas, no por obligaci\u00f3n, sino por genuina consciencia.[\/et_pb_text][et_pb_text module_class=\u00bbprof-question\u00bb _builder_version=\u00bb4.27.4&#8243; _module_preset=\u00bbdefault\u00bb text_text_color=\u00bb#cd222a\u00bb text_font_size=\u00bb24px\u00bb custom_margin=\u00bb||0.5em||false|false\u00bb global_colors_info=\u00bb{}\u00bb]11. En tus propias palabras: \u00bfQu\u00e9 hace un entrenador?[\/et_pb_text][et_pb_text module_class=\u00bbprof-answer\u00bb _builder_version=\u00bb4.27.4&#8243; _module_preset=\u00bbdefault\u00bb text_font=\u00bb|300|||||||\u00bb text_font_size=\u00bb18px\u00bb text_line_height=\u00bb2em\u00bb custom_padding=\u00bb5px|||||\u00bb global_colors_info=\u00bb{}\u00bb]Un coach no es un sabelotodo, un gur\u00fa ni un servicio de reparaciones. Un coach es un \u00e1ngel de la ayuda, alguien que te recuerda lo que ya llevas dentro.<br \/>\nPorque todo lo que necesitas suele estar ah\u00ed. Solo que a veces lo hemos ocultado bajo la vida cotidiana, el miedo o las viejas historias.<\/p>\n<p>A veces explico el coaching as\u00ed:<br \/>\nimagina que tienes una barandilla vieja y oxidada. Todav\u00eda se ve un poco de pintura en algunos puntos, quiz\u00e1 roja. \u00bfY ahora, pintarla con un color nuevo? No servir\u00e1 de mucho. Para que el nuevo se fije bien, primero hay que quitar el viejo. Lijar, limpiar, aplicar una buena imprimaci\u00f3n. Y solo entonces, y solo entonces, se aplica la pintura nueva, del color que desees, uno que te quede bien. \ud83d\ude09En coaching es parecido: primero limpiamos antes de redise\u00f1ar.<\/p>\n<p>Un buen coach hace preguntas que abren puertas y crean espacios donde el desarrollo es posible.<\/p>\n<p>Y te recuerda tu propio resplandor, tu fuerza, tu propio camino.<\/p>\n<p>No estoy aqu\u00ed para salvarte. Estoy aqu\u00ed para recordarte, para fortalecerte, para acompa\u00f1arte, para que puedas seguir tu camino. Con todo lo que eres.[\/et_pb_text][\/et_pb_column][et_pb_column type=\u00bb1_3&#8243; _builder_version=\u00bb4.23.1&#8243; _module_preset=\u00bbdefault\u00bb global_colors_info=\u00bb{}\u00bb][et_pb_blurb title=\u00bbUbicaci\u00f3n\u00bb use_icon=\u00bbon\u00bb font_icon=\u00bb&#xe01d;||divi||400&#8243; icon_color=\u00bb#cd222a\u00bb image_icon_width=\u00bb40px\u00bb icon_alignment=\u00bbleft\u00bb _builder_version=\u00bb4.27.4&#8243; _module_preset=\u00bbdefault\u00bb header_level=\u00bbh2&#8243; body_font_size=\u00bb18px\u00bb body_line_height=\u00bb1.8em\u00bb hover_enabled=\u00bb0&#8243; global_colors_info=\u00bb{}\u00bb sticky_enabled=\u00bb0&#8243;]Presencia online en toda Alemania<br \/>\nen: Weimar, Erfurt[\/et_pb_blurb][et_pb_blurb title=\u00bbFormaci\u00f3n profesional y experiencia profesional:\u00bb use_icon=\u00bbon\u00bb font_icon=\u00bb&#xf19d;||fa||900&#8243; icon_color=\u00bb#cd222a\u00bb image_icon_width=\u00bb40px\u00bb icon_alignment=\u00bbleft\u00bb _builder_version=\u00bb4.27.4&#8243; _module_preset=\u00bbdefault\u00bb header_level=\u00bbh2&#8243; header_line_height=\u00bb1.2em\u00bb body_font_size=\u00bb18px\u00bb body_line_height=\u00bb1.8em\u00bb global_colors_info=\u00bb{}\u00bb]Soy gerente de hotel con formaci\u00f3n y experiencia en alta cocina, marketing multinivel y el mundo del fitness. Un periodo especialmente enriquecedor fue mi trabajo de temporada en el restaurante a la carta, justo encima del legendario bar apr\u00e8s-ski \u00abKuhstall\u00bb en Ischgl. All\u00ed experiment\u00e9 de primera mano lo que significa trabajar bajo alta presi\u00f3n y la importancia del verdadero trabajo en equipo, la actitud y la autenticidad.<\/p>\n<p>Llevo ense\u00f1ando Zumba desde 2013, lo que me ha dado no solo presencia esc\u00e9nica, sino tambi\u00e9n la valent\u00eda de ser aut\u00e9ntica y trabajar con la verg\u00fcenza. S\u00e9 lo que significa mostrarme real, imperfecta y viva.<\/p>\n<p>Un acontecimiento profundo en mi vida fue la p\u00e9rdida de mi hermano. Procesar esta tragedia a fondo mediante coaching y trabajo sist\u00e9mico no solo impuls\u00f3 mi desarrollo personal, sino que tambi\u00e9n fortaleci\u00f3 mi fortaleza actual: apoyar a las personas en las etapas de despedida y transici\u00f3n, con dignidad, honestidad y un coraz\u00f3n abierto.[\/et_pb_blurb][et_pb_blurb title=\u00bbInter\u00e9s personal\u00bb use_icon=\u00bbon\u00bb font_icon=\u00bb&#xe030;||divi||400&#8243; icon_color=\u00bb#cd222a\u00bb image_icon_width=\u00bb40px\u00bb icon_alignment=\u00bbleft\u00bb disabled_on=\u00bboff|off|off\u00bb _builder_version=\u00bb4.27.4&#8243; _module_preset=\u00bbdefault\u00bb header_level=\u00bbh2&#8243; header_line_height=\u00bb1.2em\u00bb body_font_size=\u00bb18px\u00bb body_line_height=\u00bb1.8em\u00bb global_colors_info=\u00bb{}\u00bb]Me encanta el movimiento, ya sea deporte, baile o simplemente estar al aire libre. La m\u00fasica ha formado parte de mi vida, al igual que la necesidad de sumergirme en el silencio. Disfruto leyendo (a veces le dedico m\u00e1s de un a\u00f1o a un libro), me encantan los proyectos creativos con mi hija y suelo salir con mi gran grupo de amigos. Me encantan los festivales diurnos con buena m\u00fasica house.<br \/>\nLos aceites esenciales (especialmente los de d\u014dTERRA) son parte integral de mi vida diaria. Los uso conscientemente para mejorar el estado de \u00e1nimo, la energ\u00eda, la relajaci\u00f3n o simplemente como perfume natural. Me gustan las cartas, los rituales, la espiritualidad y todas esas cosas sutiles y tangibles que no se pueden tocar, pero<br \/>\ns\u00ed sentir.<\/p>\n<p>Para m\u00ed el coaching no es un m\u00e9todo, sino una vocaci\u00f3n y probablemente mi mayor inter\u00e9s personal: comprender a las personas, acompa\u00f1arlas, conmoverlas, eso simplemente me fascina.\ud83d\ude42[\/et_pb_blurb][\/et_pb_column][\/et_pb_row][et_pb_row module_id=\u00bbkontakt-theresia\u00bb _builder_version=\u00bb4.27.4&#8243; _module_preset=\u00bbdefault\u00bb global_colors_info=\u00bb{}\u00bb][et_pb_column type=\u00bb4_4&#8243; _builder_version=\u00bb4.23.1&#8243; _module_preset=\u00bbdefault\u00bb global_colors_info=\u00bb{}\u00bb][et_pb_text _builder_version=\u00bb4.27.4&#8243; _module_preset=\u00bbdefault\u00bb header_2_text_color=\u00bb#cd222a\u00bb header_2_font_size=\u00bb30px\u00bb custom_margin=\u00bb||12px|||\u00bb global_colors_info=\u00bb{}\u00bb]<\/p>\n<h2>Solicitud de coaching de AVGS para Theresia Schreier<\/h2>\n<p>[\/et_pb_text][et_pb_text _builder_version=\u00bb4.27.4&#8243; _module_preset=\u00bbdefault\u00bb text_font_size=\u00bb18px\u00bb text_line_height=\u00bb2em\u00bb global_colors_info=\u00bb{}\u00bb]Le enviaremos su informaci\u00f3n a Theresia Schreier para que se ponga en contacto con usted lo antes posible y le sugiera una hora para una consulta inicial sin compromiso. \u00bfQu\u00e9 necesidades de coaching tiene con AVGS?[\/et_pb_text][et_pb_code module_class=\u00bbcf-kntkt-form cf-sub-kntkt-form\u00bb _builder_version=\u00bb4.27.4&#8243; _module_preset=\u00bbdefault\u00bb global_colors_info=\u00bb{}\u00bb]\n<div class=\"wpcf7 no-js\" id=\"wpcf7-f10164-o1\" lang=\"es-ES\" dir=\"ltr\" data-wpcf7-id=\"10164\">\n<div class=\"screen-reader-response\"><p role=\"status\" aria-live=\"polite\" aria-atomic=\"true\"><\/p> <ul><\/ul><\/div>\n<form action=\"\/es\/wp-json\/wp\/v2\/pages\/10159#wpcf7-f10164-o1\" method=\"post\" class=\"wpcf7-form init\" aria-label=\"Formulario de contacto\" novalidate=\"novalidate\" data-status=\"init\">\n<fieldset class=\"hidden-fields-container\"><input type=\"hidden\" name=\"_wpcf7\" value=\"10164\" \/><input type=\"hidden\" name=\"_wpcf7_version\" value=\"6.1.2\" \/><input type=\"hidden\" name=\"_wpcf7_locale\" value=\"es_ES\" \/><input type=\"hidden\" name=\"_wpcf7_unit_tag\" value=\"wpcf7-f10164-o1\" \/><input type=\"hidden\" name=\"_wpcf7_container_post\" value=\"0\" \/><input type=\"hidden\" name=\"_wpcf7_posted_data_hash\" value=\"\" \/>\n<\/fieldset>\n<div class=\"w3-row\">\n\t<div class=\"w3-col\">\n\t\t<p><span class=\"wpcf7-form-control-wrap\" data-name=\"what-can-we-do-for-you-answer\"><span class=\"wpcf7-form-control wpcf7-checkbox checkbox\"><span class=\"wpcf7-list-item first\"><label><input type=\"checkbox\" name=\"what-can-we-do-for-you-answer[]\" value=\"Coaching Laboral\" \/><span class=\"wpcf7-list-item-label\">Coaching Laboral<\/span><\/label><\/span><span class=\"wpcf7-list-item last\"><label><input type=\"checkbox\" name=\"what-can-we-do-for-you-answer[]\" value=\"Consultor\u00eda de Puesta en Marcha\" \/><span class=\"wpcf7-list-item-label\">Consultor\u00eda de Puesta en Marcha<\/span><\/label><\/span><\/span><\/span>\n\t\t<\/p>\n\t<\/div>\n<\/div>\n<div class=\"w3-row\">\n\t<div class=\"w3-col\">\n\t\t<p><label>Nombre y Apellido<\/label><br \/>\n<span class=\"wpcf7-form-control-wrap\" data-name=\"Vor-und-Nachname\"><input size=\"40\" maxlength=\"400\" class=\"wpcf7-form-control wpcf7-text wpcf7-validates-as-required\" autocomplete=\"off\" aria-required=\"true\" aria-invalid=\"false\" value=\"\" type=\"text\" name=\"Vor-und-Nachname\" \/><\/span>\n\t\t<\/p>\n\t<\/div>\n<\/div>\n<div class=\"w3-row\">\n\t<div class=\"w3-col\">\n\t\t<p><label>N\u00famero de Tel\u00e9fono<\/label><br \/>\n<span class=\"wpcf7-form-control-wrap\" data-name=\"telefonnummer\"><input size=\"40\" maxlength=\"400\" class=\"wpcf7-form-control wpcf7-tel wpcf7-text wpcf7-validates-as-tel\" autocomplete=\"off\" aria-invalid=\"false\" value=\"\" type=\"tel\" name=\"telefonnummer\" \/><\/span>\n\t\t<\/p>\n\t<\/div>\n\t<div class=\"w3-col\">\n\t\t<p><label>Direcci\u00f3n de Correo Electr\u00f3nico<\/label><br \/>\n<span class=\"wpcf7-form-control-wrap\" data-name=\"your-email\"><input size=\"40\" maxlength=\"400\" class=\"wpcf7-form-control wpcf7-email wpcf7-validates-as-required wpcf7-text wpcf7-validates-as-email\" autocomplete=\"off\" aria-required=\"true\" aria-invalid=\"false\" value=\"\" type=\"email\" name=\"your-email\" \/><\/span>\n\t\t<\/p>\n\t<\/div>\n<\/div>\n<div class=\"w3-row\">\n\t<div class=\"w3-col\">\n\t\t<p><label>Mensaje<\/label>\n\t\t<\/p>\n\t<\/div>\n\t<div class=\"w3-col\">\n\t\t<p><span class=\"wpcf7-form-control-wrap\" data-name=\"mitteilung\"><textarea cols=\"40\" rows=\"10\" maxlength=\"2000\" class=\"wpcf7-form-control wpcf7-textarea\" aria-invalid=\"false\" placeholder=\"m\u00e1ximo 500 caracteres\" name=\"mitteilung\"><\/textarea><\/span>\n\t\t<\/p>\n\t<\/div>\n<\/div>\n<div class=\"w3-row\">\n\t<div class=\"w3-col\">\n\t\t<p><label>\u00bfC\u00f3mo nos encontr\u00f3?<\/label>\n\t\t<\/p>\n\t<\/div>\n<\/div>\n<div class=\"w3-row\">\n\t<div class=\"w3-col\">\n\t\t<p><span class=\"wpcf7-form-control-wrap\" data-name=\"how-did-you-find-us-answer\"><span class=\"wpcf7-form-control wpcf7-checkbox checkbox\"><span class=\"wpcf7-list-item first\"><label><input type=\"checkbox\" name=\"how-did-you-find-us-answer[]\" value=\"Recomendaci\u00f3n Personal\" \/><span class=\"wpcf7-list-item-label\">Recomendaci\u00f3n Personal<\/span><\/label><\/span><span class=\"wpcf7-list-item\"><label><input type=\"checkbox\" name=\"how-did-you-find-us-answer[]\" value=\"B\u00fasqueda en Internet\" \/><span class=\"wpcf7-list-item-label\">B\u00fasqueda en Internet<\/span><\/label><\/span><span class=\"wpcf7-list-item last\"><label><input type=\"checkbox\" name=\"how-did-you-find-us-answer[]\" value=\"Redes Sociales\" \/><span class=\"wpcf7-list-item-label\">Redes Sociales<\/span><\/label><\/span><\/span><\/span>\n\t\t<\/p>\n\t<\/div>\n<\/div>\n<div class=\"w3-row\">\n\t<div class=\"w3-col\">\n\t\t<p><label>Protecci\u00f3n de Datos<br \/>\n<\/label><br \/>\n<span class=\"wpcf7-form-control-wrap\" data-name=\"datenschutz\"><span class=\"wpcf7-form-control wpcf7-checkbox wpcf7-validates-as-required\"><span class=\"wpcf7-list-item first last\"><input type=\"checkbox\" name=\"datenschutz[]\" value=\"Doy mi consentimiento para el tratamiento de mis datos personales facilitados anteriormente con el fin de recibir informaci\u00f3n sobre coaching. Mis datos podr\u00e1n ser transmitidos a los coaches a los que se remita para que me pongan en contacto con ellos. He tomado nota de la informaci\u00f3n adicional sobre el tratamiento de mis datos. Soy consciente de que puedo revocar el consentimiento otorgado en cualquier momento por tel\u00e9fono o enviando un correo electr\u00f3nico informal a info@beratungsgesellschaft-willkomm.de\" \/><span class=\"wpcf7-list-item-label\">Doy mi consentimiento para el tratamiento de mis datos personales facilitados anteriormente con el fin de recibir informaci\u00f3n sobre coaching. Mis datos podr\u00e1n ser transmitidos a los coaches a los que se remita para que me pongan en contacto con ellos. He tomado nota de la informaci\u00f3n adicional sobre el tratamiento de mis datos. Soy consciente de que puedo revocar el consentimiento otorgado en cualquier momento por tel\u00e9fono o enviando un correo electr\u00f3nico informal a info@beratungsgesellschaft-willkomm.de<\/span><\/span><\/span><\/span>\n\t\t<\/p>\n\t<\/div>\n<\/div>\n<div class=\"w3-row\">\n\t<div class=\"w3-col\">\n\t\t<p><span class=\"wpcf7-form-control-wrap\" data-name=\"quiz-827\"><label><span class=\"wpcf7-quiz-label\">34 + 10 = ?<\/span> <input size=\"40\" class=\"wpcf7-form-control wpcf7-quiz\" autocomplete=\"off\" aria-required=\"true\" aria-invalid=\"false\" type=\"text\" name=\"quiz-827\" \/><\/label><input type=\"hidden\" name=\"_wpcf7_quiz_answer_quiz-827\" value=\"84a28f7c445aa7a7dfb7bed85c1f1358\" \/><\/span>\n\t\t<\/p>\n\t<\/div>\n<\/div>\n<center>\n\t<div class=\"w3-row\">\n\t\t<div class=\"w3-col\">\n\t\t\t<p><input class=\"wpcf7-form-control wpcf7-submit has-spinner pc-button bg-primary-color square-button primary-border-color\" type=\"submit\" value=\"Enviar\" \/>\n\t\t\t<\/p>\n\t\t<\/div>\n\t<\/div>\n<\/center><div class=\"frc-captcha \" data-sitekey=\"FCMIVM5H8K1HPA6F\" data-lang=\"es\" ><\/div>\n\t\t<noscript>You need to enable Javascript for the anti-spam check.<\/noscript><div class=\"wpcf7-response-output\" aria-hidden=\"true\"><\/div>\n<\/form>\n<\/div>\n[\/et_pb_code][\/et_pb_column][\/et_pb_row][\/et_pb_section]<\/p>\n","protected":false},"excerpt":{"rendered":"<p>Theresia Schreier Producto:\u00a0\u00a0Coaching laboral, consultor\u00eda para startups Idioma(s) del coaching:\u00a0alem\u00e1n Formaci\u00f3n\/certificaciones de coaching:\u00a0\u00a0Formaci\u00f3n en\u00a0\u00a0trabajo de constelaciones sist\u00e9micas\u00a0\u00a0(familia y organizaci\u00f3n) con Maik L\u00e4rz, Erfurt, formaci\u00f3n como\u00a0\u00a0practicante de neuroresonancia y PNL\u00a0\u00a0\/ con Denys Scharnweber,\u00a0\u00a0m\u00e9todos EMDR\u00a0\u00a0: Wingwave y EmotionSync (EyeSync, MoveSync, ClapSync, TapSync), formaci\u00f3n b\u00e1sica y avanzada en ThetaHealing, muchos a\u00f1os de experiencia en\u00a0\u00a0movimiento y trabajo corporal\u00a0\u00a0a trav\u00e9s [&hellip;]<\/p>\n","protected":false},"author":1,"featured_media":0,"parent":5247,"menu_order":0,"comment_status":"closed","ping_status":"closed","template":"","meta":{"_et_pb_use_builder":"on","_et_pb_old_content":"","_et_gb_content_width":"","footnotes":""},"class_list":["post-10159","page","type-page","status-publish","hentry"],"yoast_head":"<!-- This site is optimized with the Yoast SEO plugin v26.0 - https:\/\/yoast.com\/wordpress\/plugins\/seo\/ -->\n<title>Theresia Schreier - AVGS Gutschein<\/title>\n<meta name=\"robots\" content=\"index, follow, max-snippet:-1, max-image-preview:large, max-video-preview:-1\" \/>\n<link rel=\"canonical\" href=\"https:\/\/avgs-gutschein.de\/es\/nuestrxs-entrenadorxs\/theresia-schreier\/\" \/>\n<meta property=\"og:locale\" content=\"es_ES\" \/>\n<meta property=\"og:type\" content=\"article\" \/>\n<meta property=\"og:title\" content=\"Theresia Schreier - AVGS Gutschein\" \/>\n<meta property=\"og:description\" content=\"Theresia Schreier Producto:\u00a0\u00a0Coaching laboral, consultor\u00eda para startups Idioma(s) del coaching:\u00a0alem\u00e1n Formaci\u00f3n\/certificaciones de coaching:\u00a0\u00a0Formaci\u00f3n en\u00a0\u00a0trabajo de constelaciones sist\u00e9micas\u00a0\u00a0(familia y organizaci\u00f3n) con Maik L\u00e4rz, Erfurt, formaci\u00f3n como\u00a0\u00a0practicante de neuroresonancia y PNL\u00a0\u00a0\/ con Denys Scharnweber,\u00a0\u00a0m\u00e9todos EMDR\u00a0\u00a0: Wingwave y EmotionSync (EyeSync, MoveSync, ClapSync, TapSync), formaci\u00f3n b\u00e1sica y avanzada en ThetaHealing, muchos a\u00f1os de experiencia en\u00a0\u00a0movimiento y trabajo corporal\u00a0\u00a0a trav\u00e9s [&hellip;]\" \/>\n<meta property=\"og:url\" content=\"https:\/\/avgs-gutschein.de\/es\/nuestrxs-entrenadorxs\/theresia-schreier\/\" \/>\n<meta property=\"og:site_name\" content=\"AVGS Gutschein\" \/>\n<meta property=\"article:modified_time\" content=\"2025-10-07T07:33:41+00:00\" \/>\n<meta name=\"twitter:card\" content=\"summary_large_image\" \/>\n<script type=\"application\/ld+json\" class=\"yoast-schema-graph\">{\"@context\":\"https:\/\/schema.org\",\"@graph\":[{\"@type\":\"WebPage\",\"@id\":\"https:\/\/avgs-gutschein.de\/es\/nuestrxs-entrenadorxs\/theresia-schreier\/\",\"url\":\"https:\/\/avgs-gutschein.de\/es\/nuestrxs-entrenadorxs\/theresia-schreier\/\",\"name\":\"Theresia Schreier - AVGS Gutschein\",\"isPartOf\":{\"@id\":\"https:\/\/avgs-gutschein.de\/es\/#website\"},\"datePublished\":\"2025-05-26T09:00:07+00:00\",\"dateModified\":\"2025-10-07T07:33:41+00:00\",\"breadcrumb\":{\"@id\":\"https:\/\/avgs-gutschein.de\/es\/nuestrxs-entrenadorxs\/theresia-schreier\/#breadcrumb\"},\"inLanguage\":\"es\",\"potentialAction\":[{\"@type\":\"ReadAction\",\"target\":[\"https:\/\/avgs-gutschein.de\/es\/nuestrxs-entrenadorxs\/theresia-schreier\/\"]}]},{\"@type\":\"BreadcrumbList\",\"@id\":\"https:\/\/avgs-gutschein.de\/es\/nuestrxs-entrenadorxs\/theresia-schreier\/#breadcrumb\",\"itemListElement\":[{\"@type\":\"ListItem\",\"position\":1,\"name\":\"Startseite\",\"item\":\"https:\/\/avgs-gutschein.de\/es\/\"},{\"@type\":\"ListItem\",\"position\":2,\"name\":\"Nuestrxs entrenadorxs\",\"item\":\"https:\/\/avgs-gutschein.de\/es\/unsere-coaches\/\"},{\"@type\":\"ListItem\",\"position\":3,\"name\":\"Theresia Schreier\"}]},{\"@type\":\"WebSite\",\"@id\":\"https:\/\/avgs-gutschein.de\/es\/#website\",\"url\":\"https:\/\/avgs-gutschein.de\/es\/\",\"name\":\"AVGS Gutschein\",\"description\":\"\",\"potentialAction\":[{\"@type\":\"SearchAction\",\"target\":{\"@type\":\"EntryPoint\",\"urlTemplate\":\"https:\/\/avgs-gutschein.de\/es\/?s={search_term_string}\"},\"query-input\":{\"@type\":\"PropertyValueSpecification\",\"valueRequired\":true,\"valueName\":\"search_term_string\"}}],\"inLanguage\":\"es\"}]}<\/script>\n<!-- \/ Yoast SEO plugin. -->","yoast_head_json":{"title":"Theresia Schreier - AVGS Gutschein","robots":{"index":"index","follow":"follow","max-snippet":"max-snippet:-1","max-image-preview":"max-image-preview:large","max-video-preview":"max-video-preview:-1"},"canonical":"https:\/\/avgs-gutschein.de\/es\/nuestrxs-entrenadorxs\/theresia-schreier\/","og_locale":"es_ES","og_type":"article","og_title":"Theresia Schreier - AVGS Gutschein","og_description":"Theresia Schreier Producto:\u00a0\u00a0Coaching laboral, consultor\u00eda para startups Idioma(s) del coaching:\u00a0alem\u00e1n Formaci\u00f3n\/certificaciones de coaching:\u00a0\u00a0Formaci\u00f3n en\u00a0\u00a0trabajo de constelaciones sist\u00e9micas\u00a0\u00a0(familia y organizaci\u00f3n) con Maik L\u00e4rz, Erfurt, formaci\u00f3n como\u00a0\u00a0practicante de neuroresonancia y PNL\u00a0\u00a0\/ con Denys Scharnweber,\u00a0\u00a0m\u00e9todos EMDR\u00a0\u00a0: Wingwave y EmotionSync (EyeSync, MoveSync, ClapSync, TapSync), formaci\u00f3n b\u00e1sica y avanzada en ThetaHealing, muchos a\u00f1os de experiencia en\u00a0\u00a0movimiento y trabajo corporal\u00a0\u00a0a trav\u00e9s [&hellip;]","og_url":"https:\/\/avgs-gutschein.de\/es\/nuestrxs-entrenadorxs\/theresia-schreier\/","og_site_name":"AVGS Gutschein","article_modified_time":"2025-10-07T07:33:41+00:00","twitter_card":"summary_large_image","schema":{"@context":"https:\/\/schema.org","@graph":[{"@type":"WebPage","@id":"https:\/\/avgs-gutschein.de\/es\/nuestrxs-entrenadorxs\/theresia-schreier\/","url":"https:\/\/avgs-gutschein.de\/es\/nuestrxs-entrenadorxs\/theresia-schreier\/","name":"Theresia Schreier - AVGS Gutschein","isPartOf":{"@id":"https:\/\/avgs-gutschein.de\/es\/#website"},"datePublished":"2025-05-26T09:00:07+00:00","dateModified":"2025-10-07T07:33:41+00:00","breadcrumb":{"@id":"https:\/\/avgs-gutschein.de\/es\/nuestrxs-entrenadorxs\/theresia-schreier\/#breadcrumb"},"inLanguage":"es","potentialAction":[{"@type":"ReadAction","target":["https:\/\/avgs-gutschein.de\/es\/nuestrxs-entrenadorxs\/theresia-schreier\/"]}]},{"@type":"BreadcrumbList","@id":"https:\/\/avgs-gutschein.de\/es\/nuestrxs-entrenadorxs\/theresia-schreier\/#breadcrumb","itemListElement":[{"@type":"ListItem","position":1,"name":"Startseite","item":"https:\/\/avgs-gutschein.de\/es\/"},{"@type":"ListItem","position":2,"name":"Nuestrxs entrenadorxs","item":"https:\/\/avgs-gutschein.de\/es\/unsere-coaches\/"},{"@type":"ListItem","position":3,"name":"Theresia Schreier"}]},{"@type":"WebSite","@id":"https:\/\/avgs-gutschein.de\/es\/#website","url":"https:\/\/avgs-gutschein.de\/es\/","name":"AVGS Gutschein","description":"","potentialAction":[{"@type":"SearchAction","target":{"@type":"EntryPoint","urlTemplate":"https:\/\/avgs-gutschein.de\/es\/?s={search_term_string}"},"query-input":{"@type":"PropertyValueSpecification","valueRequired":true,"valueName":"search_term_string"}}],"inLanguage":"es"}]}},"_links":{"self":[{"href":"https:\/\/avgs-gutschein.de\/es\/wp-json\/wp\/v2\/pages\/10159","targetHints":{"allow":["GET"]}}],"collection":[{"href":"https:\/\/avgs-gutschein.de\/es\/wp-json\/wp\/v2\/pages"}],"about":[{"href":"https:\/\/avgs-gutschein.de\/es\/wp-json\/wp\/v2\/types\/page"}],"author":[{"embeddable":true,"href":"https:\/\/avgs-gutschein.de\/es\/wp-json\/wp\/v2\/users\/1"}],"replies":[{"embeddable":true,"href":"https:\/\/avgs-gutschein.de\/es\/wp-json\/wp\/v2\/comments?post=10159"}],"version-history":[{"count":2,"href":"https:\/\/avgs-gutschein.de\/es\/wp-json\/wp\/v2\/pages\/10159\/revisions"}],"predecessor-version":[{"id":11631,"href":"https:\/\/avgs-gutschein.de\/es\/wp-json\/wp\/v2\/pages\/10159\/revisions\/11631"}],"up":[{"embeddable":true,"href":"https:\/\/avgs-gutschein.de\/es\/wp-json\/wp\/v2\/pages\/5247"}],"wp:attachment":[{"href":"https:\/\/avgs-gutschein.de\/es\/wp-json\/wp\/v2\/media?parent=10159"}],"curies":[{"name":"wp","href":"https:\/\/api.w.org\/{rel}","templated":true}]}}